{"id":47,"date":"2022-01-17T22:15:27","date_gmt":"2022-01-18T02:15:27","guid":{"rendered":"https:\/\/site.ac-martinique.fr\/acm972\/?page_id=47"},"modified":"2026-03-11T12:02:18","modified_gmt":"2026-03-11T16:02:18","slug":"creer-un-acm","status":"publish","type":"page","link":"https:\/\/site.ac-martinique.fr\/acm972\/creer-un-acm\/","title":{"rendered":"Cr\u00e9er un ACM"},"content":{"rendered":"<p><strong>Vous souhaitez cr\u00e9er un accueil de loisirs p\u00e9riscolaire ou organiser un s\u00e9jour avec des mineurs pendant les vacances ? Vous ne savez pas comment vous y prendre ?<\/strong><\/p>\n<p><strong>On vous explique tout !<\/strong><\/p>\n<p>Cette rubrique vous accompagne dans le processus de cr\u00e9ation d&#8217;un accueil collectif de mineurs. vous trouverez la liste des pi\u00e8ces \u00e0 fournir ainsi que les formulaires de d\u00e9claration.<strong><br \/>\n<\/strong><\/p>\n<p>&nbsp;<\/p>\n<h1><span style=\"font-family: arial black, sans-serif;\">D\u00e9finition<\/span><\/h1>\n<p>\u2013 Un <strong>accueil collectif de mineurs<\/strong> \u00e0 caract\u00e8re \u00e9ducatif est la d\u00e9nomination r\u00e8glementaire g\u00e9n\u00e9rale qui remplace celles qui ont longtemps eu cours de \u00ab centres a\u00e9r\u00e9s \u00bb et de \u00ab\u00a0 colonies de vacances \u00bb ou, plus r\u00e9cemment, de \u00ab centres de loisirs \u00bb et de \u00ab centres de vacances \u00bb.<br \/>\n\u2013 Il s&#8217;agit d&#8217;un<strong> mode d&#8217;accueil collectif<\/strong> \u00e0 <strong>caract\u00e8re \u00e9ducatif<\/strong> recevant des mineurs, organis\u00e9 <strong>hors du domicile parental<\/strong>, \u00e0 l&#8217;occasion des<strong> vacances scolaires, des cong\u00e9s professionnels ou des loisirs<\/strong> (article L. 227-4 du code de l&#8217;action sociale et des familles). Les ACM concernent les enfants, d\u00e8s lors qu&#8217;ils sont inscrits dans un \u00e9tablissement scolaire.<br \/>\n\u2013 Cet accueil peut \u00eatre organis\u00e9 par une personne morale, un groupement de fait ou une<br \/>\npersonne physique r\u00e9tribu\u00e9e. Un \u00e9tablissement scolaire ne peut pas organiser un ACM.<br \/>\n\u2013 Les mineurs doivent \u00eatre au<strong> nombre de 7 au minimum<\/strong>, sauf lorsqu&#8217;il s&#8217;agit d&#8217;un s\u00e9jour de vacances dans une famille ou d&#8217;une activit\u00e9 accessoire \u00e0 un accueil sans h\u00e9bergement (parfois encore appel\u00e9e &#8220;mini-camp&#8221;).<\/p>\n<ul>\n<li><strong>Les diff\u00e9rentes cat\u00e9gories d\u2019accueil:<\/strong><\/li>\n<\/ul>\n<p>Trois grandes cat\u00e9gories d\u2019accueil sont d\u00e9finies \u00e0 l\u2019article R.227-1 du code de l\u2019action sociale et des familles (CASF) :<br \/>\n\u2013 accueils sans h\u00e9bergement<br \/>\n\u2013 accueils avec h\u00e9bergement<br \/>\n\u2013 accueils de scoutisme (avec et sans h\u00e9bergement)<\/p>\n<h1><\/h1>\n<h1><span style=\"font-family: arial black, sans-serif;\">La d\u00e9marche<\/span><\/h1>\n<p>Pour commencer, prenez le temps de consulter les informations g\u00e9n\u00e9rales sur le site du minist\u00e8re : <a href=\"https:\/\/jeunes.gouv.fr\/Accueils-collectifs-de-mineurs-ACM\">c&#8217;est ici<\/a><\/p>\n<p>Ensuite, nous pouvons entrer dans les d\u00e9tails de la proc\u00e9dure&#8230;<\/p>\n<p>&nbsp;<\/p>\n<h2><strong>1 &#8211; Ce que vous devez vous demander<u><\/u><em><u><br \/>\n<\/u><\/em><\/strong><\/h2>\n<p>Pour savoir si votre accueil est soumis \u00e0 d\u00e9claration aupr\u00e8s de la DRAJES, assurez-vous que votre projet coche toutes ces propositions :<\/p>\n<ul style=\"list-style-type: square;\">\n<li>L&#8217;accueil est ouvert en dehors du temps scolaire et en dehors du cadre familial<\/li>\n<li>Les mineurs fr\u00e9quentent l&#8217;accueil de mani\u00e8re r\u00e9guli\u00e8re<\/li>\n<li>Des activit\u00e9s diversifi\u00e9es sont propos\u00e9es<\/li>\n<li>Il existe un projet \u00e9ducatif<\/li>\n<li>S&#8217;il s&#8217;agit d&#8217;un accueil sans h\u00e9bergement, il est ouvert au moins 14 jours par an et au moins 2 heures par jour<\/li>\n<li>Qu&#8217;il s&#8217;agisse d&#8217;un accueil avec ou sans h\u00e9bergement, le nombre de mineurs inscrits est d&#8217;au moins 7<\/li>\n<\/ul>\n<p>&nbsp;<\/p>\n<p>Existe-t-il un Projet Educatif de Territoire (PEDT) sur la commune d&#8217;implantation de l&#8217;accueil et la commune est-elle labellis\u00e9e &#8220;Plan Mercredi&#8221; ?<\/p>\n<ul>\n<li style=\"list-style-type: none;\">\n<ul>\n<li>Si c&#8217;est le cas, vous pouvez b\u00e9n\u00e9ficier d&#8217;assouplissements r\u00e9glementaires et d&#8217;avantages financiers.<\/li>\n<li>Pour le savoir, renseignez-vous aupr\u00e8s du service \u00c9ducation de votre commune, ou visitez la <a href=\"https:\/\/site.ac-martinique.fr\/acm972\/?page_id=54\">page #politiques \u00e9ducatives<\/a><\/li>\n<\/ul>\n<\/li>\n<\/ul>\n<p>&nbsp;<\/p>\n<h2><strong>2 &#8211; Ce que vous devez savoir<\/strong><\/h2>\n<p><strong><strong><u>D\u00e9clarer un Accueil Collectif de Mineurs est une obligation<\/u><\/strong><\/strong><\/p>\n<p>\u00ab Toute personne organisant l\u2019accueil en France de mineurs mentionn\u00e9 \u00e0 l\u2019article R. 227-1 doit en faire pr\u00e9alablement la d\u00e9claration au repr\u00e9sentant de l\u2019\u00c9tat dans le d\u00e9partement. Ces d\u00e9clarations comprennent, notamment, des informations relatives aux organisateurs, aux modalit\u00e9s d\u2019accueil, au public accueilli, aux personnes concourant \u00e0 l\u2019accueil, aux obligations relatives au projet \u00e9ducatif, au contrat d\u2019assurance et aux locaux. \u00bb Article R227-2 du Code de l\u2019Action Sociale et des Familles.<\/p>\n<p>L\u2019arr\u00eat\u00e9 du 3 novembre 2014: <a class=\"fr-download__link\" href=\"https:\/\/www.ain.gouv.fr\/contenu\/telechargement\/19889\/141346\/file\/Journal_officiel_de_la_Republique_francaise_-_No_256_du_5_novembre_2014.pdf\" target=\"_blank\" rel=\"noopener\" data-xiti-site=\"999999\" data-xiti-name=\"lien_telechargement::La_reglementation_generale_des_Accueils_Collectifs_de_Mineurs__ACM_::::Journal_officiel_de_la_Republique_francaise_-_No_256_du_5_novembre_2014.pdf\" data-xiti-type=\"download\" data-xiti-niv2=\"\" data-fr-js-download-actionee=\"true\">Arr\u00eat\u00e9 du 03\/11\/14 <\/a><\/p>\n<p><strong><u>D\u00e9clarer un Accueil Collectif de Mineurs : une t\u00e9l\u00e9proc\u00e9dure<\/u><\/strong><\/p>\n<p>Une t\u00e9l\u00e9proc\u00e9dure (TAM) des d\u00e9clarations d\u2019Accueils Collectifs de Mineurs (ACM) a \u00e9t\u00e9 mise en place au niveau national depuis 2007. Toutes les d\u00e9clarations d\u2019ACM doivent \u00eatre remplies par voie \u00e9lectronique \u00e0 partir de l\u2019adresse : <a href=\"https:\/\/tam.extranet.jeunesse-sports.gouv.fr\/#\/\">http:\/\/extranet.jeunesse-sports.gouv.fr\/tam<\/a><\/p>\n<p><img loading=\"lazy\" decoding=\"async\" class=\"alignnone size-large wp-image-1421\" src=\"https:\/\/site.ac-martinique.fr\/acm972\/wp-content\/uploads\/sites\/113\/2024\/08\/TAM-1-1024x447.png\" alt=\"\" width=\"640\" height=\"279\" srcset=\"https:\/\/site.ac-martinique.fr\/acm972\/wp-content\/uploads\/sites\/113\/2024\/08\/TAM-1-1024x447.png 1024w, https:\/\/site.ac-martinique.fr\/acm972\/wp-content\/uploads\/sites\/113\/2024\/08\/TAM-1-300x131.png 300w, https:\/\/site.ac-martinique.fr\/acm972\/wp-content\/uploads\/sites\/113\/2024\/08\/TAM-1-768x335.png 768w, https:\/\/site.ac-martinique.fr\/acm972\/wp-content\/uploads\/sites\/113\/2024\/08\/TAM-1.png 1153w\" sizes=\"auto, (max-width: 640px) 100vw, 640px\" \/>TAM permet aux organisateurs d\u2019effectuer la saisie et le suivi des actes de gestion li\u00e9s \u00e0 leurs d\u00e9clarations d\u2019accueils.<\/p>\n<p><u>Plusieurs outils sont \u00e0 votre disposition pour vous aider dans cette d\u00e9marche<\/u> :<br \/>\n&#8211; le guide utilisateur de TAM : <a class=\"moz-txt-link-freetext\" href=\"https:\/\/www.jeunes.gouv.fr\/IMG\/pdf\/Aide-TAM.pdf\" target=\"_blank\" rel=\"noopener\">https:\/\/www.jeunes.gouv.fr\/IMG\/pdf\/Aide-TAM.pdf<\/a><br \/>\n&#8211; et pour les moins lecteurs, des tutoriels vid\u00e9os : <a class=\"moz-txt-link-freetext\" href=\"https:\/\/vimeo.com\/channels\/1254066\" target=\"_blank\" rel=\"noopener\">https:\/\/vimeo.com\/channels\/1254066<\/a><\/p>\n<p>L\u2019organisateur doit se faire conna\u00eetre et d\u00e9clarer son intention de r\u00e9aliser un accueil collectif de mineurs <span style=\"color: #ff0000;\"><strong>au moins 2 mois avant le d\u00e9but de l\u2019accueil<\/strong><\/span> en renseignant une fiche de d\u00e9claration initiale\u00a0 puis, une fiche compl\u00e9mentaire au plus tard 8 jours avant le d\u00e9but de l\u2019accueil par t\u00e9l\u00e9proc\u00e9dure\u00a0 (TAM).<\/p>\n<p>SEULS LES ORGANISATEURS REFERENC\u00c9S A LA DRAJES PEUVENT ACC\u00c9DER A LA T\u00c9L\u00c9PROC\u00c9DURE, POUR CE FAIRE UN NUM\u00c9RO D\u2019ORGANISATEUR LEUR EST ATTRIBU\u00c9.<\/p>\n<ul>\n<li><strong><u>D\u00e9clarer un Accueil collectif de Mineurs\u00a0: un engagement<\/u><\/strong><\/li>\n<\/ul>\n<p>Par sa d\u00e9claration, l\u2019organisateur de l\u2019ACM s\u2019engage \u00e0 ce que :<\/p>\n<ul style=\"list-style-type: circle;\">\n<li>le taux d\u2019encadrement et les normes d\u2019encadrement soient respect\u00e9s ;<\/li>\n<li>le nombre d\u2019enfants accueillis soit au maximum \u00e9gal \u00e0 300 ;<\/li>\n<li>les locaux d\u2019accueil des enfants soient d\u00e9clar\u00e9s et que la capacit\u00e9 d\u2019accueil soit respect\u00e9e ;<\/li>\n<li>les temps d\u2019accueil extrascolaire et p\u00e9riscolaire fassent l&#8217;objet de deux d\u00e9clarations distinctes.<\/li>\n<\/ul>\n<ul>\n<li><strong><u>Accueillir des enfants de moins de 6 ans\u00a0: un avis PMI obligatoire<\/u><\/strong><\/li>\n<\/ul>\n<p>Un avis du m\u00e9decin chef de la Protection Maternelle et Infantile (PMI) \u00e9tant obligatoire pour l\u2019accueil des enfants de moins de 6 ans, vous \u00a0devriez constituer un dossier promoteur accompagn\u00e9 de pi\u00e8ces justificatives \u00e0 transmettre \u00e0 la DRAJES 3 mois avant l&#8217;ouverture de l&#8217;accueil. Le Chef-m\u00e9decin de la PMI s\u2019assure que l\u2019organisation, le fonctionnement et l\u2019am\u00e9nagement des locaux sont adapt\u00e9s aux besoins et aux rythmes de vie des mineurs de moins de 6 ans.<\/p>\n<p>consultez la page suivant epour plus de d\u00e9tails : <a href=\"https:\/\/site.ac-martinique.fr\/acm972\/le-coin-des-petits\/\">le-coin-des-petits<\/a><\/p>\n<p>&nbsp;<\/p>\n<h2><strong>3 &#8211; Ce que vous devez faire<\/strong><\/h2>\n<p>Dans un premier temps,\u00a0 vous devez prendre rendez-vous avec le bureau des accueils collectifs de mineurs, \u00e0 la DRAJES,\u00a0 (<a href=\"https:\/\/site.ac-martinique.fr\/acm972\/contacts\/\">rubrique #contacts<\/a>) et, transmettre les informations et documents suivants :<\/p>\n<ul>\n<li><strong><u>Pour l&#8217;ouverture du compte organisateur<\/u><\/strong><\/li>\n<\/ul>\n<ol>\n<li>le formulaire organisateur compl\u00e9t\u00e9<\/li>\n<li>le projet \u00e9ducatif de la structure<\/li>\n<li>les statuts de votre association<\/li>\n<li>l\u2019assurance couvrant l\u2019activit\u00e9 ACM<\/li>\n<li>le budget pr\u00e9visionnel<\/li>\n<\/ol>\n<p>formulaire \u00e0 t\u00e9l\u00e9charger :<\/p>\n<iframe src=\"\/\/docs.google.com\/viewer?url=https%3A%2F%2Fsite.ac-martinique.fr%2Facm972%2Fwp-content%2Fuploads%2Fsites%2F113%2F2022%2F10%2Fdeclaration-nouvel-organisateur.docx&hl=fr&embedded=true\" class=\"gde-frame\" style=\"width:100%; height:200px; border: none;\" scrolling=\"no\"><\/iframe>\n<p class=\"gde-text\"><a href=\"https:\/\/site.ac-martinique.fr\/acm972\/wp-content\/uploads\/sites\/113\/2022\/10\/declaration-nouvel-organisateur.docx\" class=\"gde-link\" onClick=\"_gaq.push(['_trackEvent', 'Google Doc Embedder', 'T\u00e9l\u00e9charger', this.href]);\">T\u00e9l\u00e9charger (DOCX, 27KB)<\/a><\/p>\n<ul>\n<li><strong><u>Pour la d\u00e9claration des locaux<\/u><\/strong><\/li>\n<\/ul>\n<ol>\n<li>le formulaire compl\u00e9t\u00e9<\/li>\n<li>la copie du contrat d\u2019assurance en responsabilit\u00e9 civile<\/li>\n<li>la copie du proc\u00e8s-verbal de la derni\u00e8re visite de la commission de s\u00e9curit\u00e9 (avis favorable obligatoire)<\/li>\n<li>le plan des locaux<\/li>\n<li>le plan d\u2019acc\u00e8s aux locaux<\/li>\n<\/ol>\n<iframe src=\"\/\/docs.google.com\/viewer?url=https%3A%2F%2Fsite.ac-martinique.fr%2Facm972%2Fwp-content%2Fuploads%2Fsites%2F113%2F2022%2F10%2Fdeclaration-nouveau-local.docx&hl=fr&embedded=true\" class=\"gde-frame\" style=\"width:100%; height:200px; border: none;\" scrolling=\"no\"><\/iframe>\n<p class=\"gde-text\"><a href=\"https:\/\/site.ac-martinique.fr\/acm972\/wp-content\/uploads\/sites\/113\/2022\/10\/declaration-nouveau-local.docx\" class=\"gde-link\" onClick=\"_gaq.push(['_trackEvent', 'Google Doc Embedder', 'T\u00e9l\u00e9charger', this.href]);\">T\u00e9l\u00e9charger (DOCX, 30KB)<\/a><\/p>\n<p>Tous les accueils doivent se faire dans des locaux r\u00e9pondant aux normes en vigueur en mati\u00e8re de s\u00e9curit\u00e9 incendie et conforment au r\u00e8glement sanitaire d\u00e9partemental, c&#8217;est-\u00e0-dire class\u00e9s comme \u00e9tablissement recevant du public (ERP) et ayant re\u00e7u un avis favorable de la Commission de s\u00e9curit\u00e9.<\/p>\n<p>Le\/les locaux principaux d&#8217;accueil doivent \u00eatre enregistr\u00e9s dans la t\u00e9l\u00e9-proc\u00e9dure des accueils de mineurs (TAM) &#8211;<em> Article R227-5 et R227-6 du code l&#8217;action sociale et des familles<\/em><\/p>\n<p><span style=\"text-decoration: underline;\">L&#8217;am\u00e9nagement des locaux doit respecter certaines conditions<\/span> :<\/p>\n<ul>\n<li>N\u00e9cessit\u00e9 d\u2019un espace de repos et d\u2019un v\u00e9ritable dortoir<\/li>\n<li>N\u00e9cessit\u00e9 de sanitaires adapt\u00e9s<\/li>\n<li>N\u00e9cessit\u00e9 de l\u2019adaptation de l\u2019espace de restauration<\/li>\n<li>Espaces de jeux am\u00e9nag\u00e9s en fonction de l\u2019\u00e2ge des enfants<\/li>\n<li>Jeux ext\u00e9rieurs r\u00e9pondant aux exigences des normes de s\u00e9curit\u00e9<\/li>\n<li>Fen\u00eatres : s\u00e9curisation si danger<\/li>\n<li>Produits d\u2019entretien hors de port\u00e9e des enfants<\/li>\n<li>Anti pince doigts<\/li>\n<li>Protection des prises \u00e9lectriques<\/li>\n<li>Pharmacie d\u2019urgence sous cl\u00e9<\/li>\n<li>S\u00e9curisation des espaces ext\u00e9rieurs<\/li>\n<li>T\u00e9l\u00e9phone accessible<\/li>\n<li>Liste des num\u00e9ros d\u2019urgence affich\u00e9e<\/li>\n<\/ul>\n<p><strong>Pour en savoir plus sur l&#8217;am\u00e9nagement des locaux, consultez ce documen<\/strong>t :<\/p>\n<iframe src=\"\/\/docs.google.com\/viewer?url=https%3A%2F%2Fsite.ac-martinique.fr%2Facm972%2Fwp-content%2Fuploads%2Fsites%2F113%2F2026%2F03%2Famenagement_locaux-2.pdf&hl=fr&embedded=true\" class=\"gde-frame\" style=\"width:100%; height:200px; border: none;\" scrolling=\"no\"><\/iframe>\n<p class=\"gde-text\"><a href=\"https:\/\/site.ac-martinique.fr\/acm972\/wp-content\/uploads\/sites\/113\/2026\/03\/amenagement_locaux-2.pdf\" class=\"gde-link\" onClick=\"_gaq.push(['_trackEvent', 'Google Doc Embedder', 'T\u00e9l\u00e9charger', this.href]);\">T\u00e9l\u00e9charger (PDF, Inconnu)<\/a><\/p>\n<p style=\"text-align: center;\">****************<\/p>\n<p><strong>En cas d&#8217;acc\u00e8s impossible \u00e0 la t\u00e9l\u00e9proc\u00e9dure : t\u00e9l\u00e9chargez les fiches de d\u00e9claration en version papier, et transmettez-les \u00e0 la DRAJES :<\/strong><\/p>\n<p><b>D\u00e9claration d\u2019un accueil<\/b> <strong>p\u00e9riscolaire\u00a0\u00a0<\/strong> : <a class=\"fr-download__link\" href=\"https:\/\/www.ain.gouv.fr\/contenu\/telechargement\/19890\/141351\/file\/Fiche_unique_de_declaration_ALP_cle6a4a51.pdf\" target=\"_blank\" rel=\"noopener\" data-xiti-site=\"999999\" data-xiti-name=\"lien_telechargement::La_reglementation_generale_des_Accueils_Collectifs_de_Mineurs__ACM_::::Fiche_unique_de_declaration_ALP_cle6a4a51.pdf\" data-xiti-type=\"download\" data-xiti-niv2=\"\" data-fr-js-download-actionee=\"true\">Fiche unique de declaration <\/a><\/p>\n<p><b>D\u00e9claration d\u2019un accueil avec h\u00e9bergement : <\/b><a class=\"fr-download__link\" href=\"https:\/\/www.ain.gouv.fr\/contenu\/telechargement\/19907\/141436\/file\/cerfa_no_12757_01_declaration_accueil_avec_hebergement.pdf\" target=\"_blank\" rel=\"noopener\" data-xiti-site=\"999999\" data-xiti-name=\"lien_telechargement::La_reglementation_generale_des_Accueils_Collectifs_de_Mineurs__ACM_::::cerfa_no_12757_01_declaration_accueil_avec_hebergement.pdf\" data-xiti-type=\"download\" data-xiti-niv2=\"\" data-fr-js-download-actionee=\"true\">accueil avec hebergement\u00a0 <\/a><\/p>\n<p><b>D\u00e9claration d\u2019un accueil sans h\u00e9bergement:\u00a0<\/b><a class=\"fr-download__link\" href=\"https:\/\/www.ain.gouv.fr\/contenu\/telechargement\/19908\/141441\/file\/cerfa_no_12764_01_declaration_centre_de_loisirs.pdf\" target=\"_blank\" rel=\"noopener\" data-xiti-site=\"999999\" data-xiti-name=\"lien_telechargement::La_reglementation_generale_des_Accueils_Collectifs_de_Mineurs__ACM_::::cerfa_no_12764_01_declaration_centre_de_loisirs.pdf\" data-xiti-type=\"download\" data-xiti-niv2=\"\" data-fr-js-download-actionee=\"true\"> accueil sans h\u00e9bergement (accueil de loisirs) <\/a><\/p>\n<p><b>D\u00e9claration d\u2019un accueil de scoutisme FICHE CERFA : <\/b><a class=\"fr-download__link\" href=\"https:\/\/www.ain.gouv.fr\/contenu\/telechargement\/19909\/141446\/file\/cerfa_no_12767_01_declaration_scoutisme.pdf\" target=\"_blank\" rel=\"noopener\" data-xiti-site=\"999999\" data-xiti-name=\"lien_telechargement::La_reglementation_generale_des_Accueils_Collectifs_de_Mineurs__ACM_::::cerfa_no_12767_01_declaration_scoutisme.pdf\" data-xiti-type=\"download\" data-xiti-niv2=\"\" data-fr-js-download-actionee=\"true\">accueil de scoutisme\u00a0<\/a><\/p>\n","protected":false},"excerpt":{"rendered":"<p>Vous souhaitez cr\u00e9er un accueil de loisirs p\u00e9riscolaire ou organiser un s\u00e9jour avec des mineurs pendant les vacances ? Vous ne savez pas comment vous y prendre ? On vous explique tout ! Cette rubrique vous accompagne dans le processus &hellip; <a href=\"https:\/\/site.ac-martinique.fr\/acm972\/creer-un-acm\/\">Continuer la lecture <span class=\"meta-nav\">&rarr;<\/span><\/a><\/p>\n","protected":false},"author":328,"featured_media":0,"parent":0,"menu_order":0,"comment_status":"closed","ping_status":"closed","template":"","meta":{"footnotes":"","_links_to":"","_links_to_target":""},"class_list":["post-47","page","type-page","status-publish","hentry"],"_links":{"self":[{"href":"https:\/\/site.ac-martinique.fr\/acm972\/wp-json\/wp\/v2\/pages\/47","targetHints":{"allow":["GET"]}}],"collection":[{"href":"https:\/\/site.ac-martinique.fr\/acm972\/wp-json\/wp\/v2\/pages"}],"about":[{"href":"https:\/\/site.ac-martinique.fr\/acm972\/wp-json\/wp\/v2\/types\/page"}],"author":[{"embeddable":true,"href":"https:\/\/site.ac-martinique.fr\/acm972\/wp-json\/wp\/v2\/users\/328"}],"replies":[{"embeddable":true,"href":"https:\/\/site.ac-martinique.fr\/acm972\/wp-json\/wp\/v2\/comments?post=47"}],"version-history":[{"count":35,"href":"https:\/\/site.ac-martinique.fr\/acm972\/wp-json\/wp\/v2\/pages\/47\/revisions"}],"predecessor-version":[{"id":1717,"href":"https:\/\/site.ac-martinique.fr\/acm972\/wp-json\/wp\/v2\/pages\/47\/revisions\/1717"}],"wp:attachment":[{"href":"https:\/\/site.ac-martinique.fr\/acm972\/wp-json\/wp\/v2\/media?parent=47"}],"curies":[{"name":"wp","href":"https:\/\/api.w.org\/{rel}","templated":true}]}}