{"id":360,"date":"2021-04-28T18:56:20","date_gmt":"2021-04-28T23:56:20","guid":{"rendered":"https:\/\/site.ac-martinique.fr\/anglais\/?page_id=360"},"modified":"2024-06-24T17:17:31","modified_gmt":"2024-06-24T22:17:31","slug":"se-former","status":"publish","type":"page","link":"https:\/\/site.ac-martinique.fr\/anglais\/?page_id=360","title":{"rendered":"Se former"},"content":{"rendered":"\n<div class=\"wp-block-group alignfull\"><div class=\"wp-block-group__inner-container is-layout-flow wp-block-group-is-layout-flow\">\n<div style=\"height:37px\" aria-hidden=\"true\" class=\"wp-block-spacer\"><\/div>\n<\/div><\/div>\n\n\n\n<div class=\"wp-block-group alignfull\"><div class=\"wp-block-group__inner-container is-layout-flow wp-block-group-is-layout-flow\">\n<div class=\"wp-block-group alignfull\"><div class=\"wp-block-group__inner-container is-layout-flow wp-block-group-is-layout-flow\"><ul class=\"wp-block-latest-posts__list has-dates tw-heading-size-medium is-style-tw-posts-border tw-stretched-link tw-hide-more-link wp-block-latest-posts\"><li><div class=\"wp-block-latest-posts__featured-image alignleft\"><a href=\"https:\/\/site.ac-martinique.fr\/anglais\/?p=3971\" aria-label=\"PAF 2025-2026: campagne d&rsquo;inscription aux formations \u00e0 candidature individuelle\"><img loading=\"lazy\" decoding=\"async\" width=\"150\" height=\"150\" src=\"https:\/\/site.ac-martinique.fr\/anglais\/wp-content\/uploads\/sites\/92\/2021\/06\/paflogo-150x150.jpg\" class=\"attachment-thumbnail size-thumbnail wp-post-image\" alt=\"\" style=\"max-width:75px;max-height:75px;\" \/><\/a><\/div><a class=\"wp-block-latest-posts__post-title\" href=\"https:\/\/site.ac-martinique.fr\/anglais\/?p=3971\">PAF 2025-2026: campagne d&rsquo;inscription aux formations \u00e0 candidature individuelle<\/a><time datetime=\"2025-07-01T07:26:51-05:00\" class=\"wp-block-latest-posts__post-date\">1 juillet 2025<\/time><div class=\"wp-block-latest-posts__post-excerpt\">La campagne d&rsquo;inscription individuelle aux formations inscrites au plan acad\u00e9mique de formation (PAF) 2025-2026 est ouverte. Pour s&rsquo;inscrire : A\u2026 <a class=\"wp-block-latest-posts__read-more\" href=\"https:\/\/site.ac-martinique.fr\/anglais\/?p=3971\" rel=\"noopener noreferrer\">Lire la suite<span class=\"screen-reader-text\">\u00a0: PAF 2025-2026: campagne d&rsquo;inscription aux formations \u00e0 candidature individuelle<\/span><\/a><\/div><\/li>\n<li><div class=\"wp-block-latest-posts__featured-image alignleft\"><a href=\"https:\/\/site.ac-martinique.fr\/anglais\/?p=3673\" aria-label=\"Actes du s\u00e9minaire AROMEPHE 2024\"><img loading=\"lazy\" decoding=\"async\" width=\"150\" height=\"150\" src=\"https:\/\/site.ac-martinique.fr\/anglais\/wp-content\/uploads\/sites\/92\/2024\/09\/Affiche-seminaire-aromephe_small-2-150x150.jpg\" class=\"attachment-thumbnail size-thumbnail wp-post-image\" alt=\"\" style=\"max-width:75px;max-height:75px;\" \/><\/a><\/div><a class=\"wp-block-latest-posts__post-title\" href=\"https:\/\/site.ac-martinique.fr\/anglais\/?p=3673\">Actes du s\u00e9minaire AROMEPHE 2024<\/a><time datetime=\"2024-11-16T12:22:40-05:00\" class=\"wp-block-latest-posts__post-date\">16 novembre 2024<\/time><div class=\"wp-block-latest-posts__post-excerpt\">Le s\u00e9minaire AROMEPHE s\u2019est tenu le 14 novembre 2024 de 8h \u00e0 12h \u00e0 l&rsquo;Universit\u00e9 des Antilles \u00e0 Schoelcher, puis\u2026 <a class=\"wp-block-latest-posts__read-more\" href=\"https:\/\/site.ac-martinique.fr\/anglais\/?p=3673\" rel=\"noopener noreferrer\">Lire la suite<span class=\"screen-reader-text\">\u00a0: Actes du s\u00e9minaire AROMEPHE 2024<\/span><\/a><\/div><\/li>\n<li><div class=\"wp-block-latest-posts__featured-image alignleft\"><a href=\"https:\/\/site.ac-martinique.fr\/anglais\/?p=3590\" aria-label=\"Programme du s\u00e9minaire AROMEPHE 2024\"><img loading=\"lazy\" decoding=\"async\" width=\"150\" height=\"150\" src=\"https:\/\/site.ac-martinique.fr\/anglais\/wp-content\/uploads\/sites\/92\/2024\/09\/Affiche-seminaire-aromephe_small-2-150x150.jpg\" class=\"attachment-thumbnail size-thumbnail wp-post-image\" alt=\"\" style=\"max-width:75px;max-height:75px;\" \/><\/a><\/div><a class=\"wp-block-latest-posts__post-title\" href=\"https:\/\/site.ac-martinique.fr\/anglais\/?p=3590\">Programme du s\u00e9minaire AROMEPHE 2024<\/a><time datetime=\"2024-09-28T13:33:37-05:00\" class=\"wp-block-latest-posts__post-date\">28 septembre 2024<\/time><div class=\"wp-block-latest-posts__post-excerpt\">La 2\u00e8me \u00e9dition du s\u00e9minaire AROMEPHE sur l\u2019&nbsp;Enseignement de la phonologie anglaises se tiendra le jeudi 14 novembre 2024, de\u2026 <a class=\"wp-block-latest-posts__read-more\" href=\"https:\/\/site.ac-martinique.fr\/anglais\/?p=3590\" rel=\"noopener noreferrer\">Lire la suite<span class=\"screen-reader-text\">\u00a0: Programme du s\u00e9minaire AROMEPHE 2024<\/span><\/a><\/div><\/li>\n<li><div class=\"wp-block-latest-posts__featured-image alignleft\"><a href=\"https:\/\/site.ac-martinique.fr\/anglais\/?p=3568\" aria-label=\"Phonologie: S\u00e9minaire AROMEPHE 2024; Inscriptions jusqu&rsquo;au 27-09-2024\"><img loading=\"lazy\" decoding=\"async\" width=\"150\" height=\"150\" src=\"https:\/\/site.ac-martinique.fr\/anglais\/wp-content\/uploads\/sites\/92\/2022\/10\/AROMEPHE-LOGO-V10-150x150.jpg\" class=\"attachment-thumbnail size-thumbnail wp-post-image\" alt=\"\" style=\"max-width:75px;max-height:75px;\" \/><\/a><\/div><a class=\"wp-block-latest-posts__post-title\" href=\"https:\/\/site.ac-martinique.fr\/anglais\/?p=3568\">Phonologie: S\u00e9minaire AROMEPHE 2024; Inscriptions jusqu&rsquo;au 27-09-2024<\/a><time datetime=\"2024-09-18T18:19:10-05:00\" class=\"wp-block-latest-posts__post-date\">18 septembre 2024<\/time><div class=\"wp-block-latest-posts__post-excerpt\">La 2\u00e8me \u00e9dition du s\u00e9minaire AROMEPHE se tiendra le jeudi 14 novembre 2024, de 8h \u00e0 17h, avec une matin\u00e9e\u2026 <a class=\"wp-block-latest-posts__read-more\" href=\"https:\/\/site.ac-martinique.fr\/anglais\/?p=3568\" rel=\"noopener noreferrer\">Lire la suite<span class=\"screen-reader-text\">\u00a0: Phonologie: S\u00e9minaire AROMEPHE 2024; Inscriptions jusqu&rsquo;au 27-09-2024<\/span><\/a><\/div><\/li>\n<li><div class=\"wp-block-latest-posts__featured-image alignleft\"><a href=\"https:\/\/site.ac-martinique.fr\/anglais\/?p=3501\" aria-label=\"Dispositifs de formation au PAF Anglais 2024-2025\"><img loading=\"lazy\" decoding=\"async\" width=\"150\" height=\"150\" src=\"https:\/\/site.ac-martinique.fr\/anglais\/wp-content\/uploads\/sites\/92\/2021\/06\/paflogo-150x150.jpg\" class=\"attachment-thumbnail size-thumbnail wp-post-image\" alt=\"\" style=\"max-width:75px;max-height:75px;\" \/><\/a><\/div><a class=\"wp-block-latest-posts__post-title\" href=\"https:\/\/site.ac-martinique.fr\/anglais\/?p=3501\">Dispositifs de formation au PAF Anglais 2024-2025<\/a><time datetime=\"2024-06-24T17:00:24-05:00\" class=\"wp-block-latest-posts__post-date\">24 juin 2024<\/time><div class=\"wp-block-latest-posts__post-excerpt\">La campagne d&rsquo;inscription au plan acad\u00e9mique de formation 2024-2025 est ouverte du 24 juin au 27 septembre 2024. Le(s) PAF\u2026 <a class=\"wp-block-latest-posts__read-more\" href=\"https:\/\/site.ac-martinique.fr\/anglais\/?p=3501\" rel=\"noopener noreferrer\">Lire la suite<span class=\"screen-reader-text\">\u00a0: Dispositifs de formation au PAF Anglais 2024-2025<\/span><\/a><\/div><\/li>\n<li><div class=\"wp-block-latest-posts__featured-image alignleft\"><a href=\"https:\/\/site.ac-martinique.fr\/anglais\/?p=3498\" aria-label=\"Inscriptions au PAF 2024-2025\"><img loading=\"lazy\" decoding=\"async\" width=\"150\" height=\"150\" src=\"https:\/\/site.ac-martinique.fr\/anglais\/wp-content\/uploads\/sites\/92\/2021\/06\/paflogo-150x150.jpg\" class=\"attachment-thumbnail size-thumbnail wp-post-image\" alt=\"\" style=\"max-width:75px;max-height:75px;\" \/><\/a><\/div><a class=\"wp-block-latest-posts__post-title\" href=\"https:\/\/site.ac-martinique.fr\/anglais\/?p=3498\">Inscriptions au PAF 2024-2025<\/a><time datetime=\"2024-06-24T16:38:14-05:00\" class=\"wp-block-latest-posts__post-date\">24 juin 2024<\/time><div class=\"wp-block-latest-posts__post-excerpt\">Monsieur le DRAFPEN informe la communaut\u00e9 \u00e9ducative de l&rsquo;acad\u00e9mie de Martinique que la p\u00e9riode d&rsquo;inscription au PAF (plan acad\u00e9mique de\u2026 <a class=\"wp-block-latest-posts__read-more\" href=\"https:\/\/site.ac-martinique.fr\/anglais\/?p=3498\" rel=\"noopener noreferrer\">Lire la suite<span class=\"screen-reader-text\">\u00a0: Inscriptions au PAF 2024-2025<\/span><\/a><\/div><\/li>\n<li><div class=\"wp-block-latest-posts__featured-image alignleft\"><a href=\"https:\/\/site.ac-martinique.fr\/anglais\/?p=3075\" aria-label=\"Erasmus+ 2024-2025 : cadre strat\u00e9gique et priorit\u00e9s\"><img loading=\"lazy\" decoding=\"async\" width=\"98\" height=\"96\" src=\"https:\/\/site.ac-martinique.fr\/anglais\/wp-content\/uploads\/sites\/92\/2021\/04\/bo.png\" class=\"attachment-thumbnail size-thumbnail wp-post-image\" alt=\"\" style=\"max-width:75px;max-height:75px;\" \/><\/a><\/div><a class=\"wp-block-latest-posts__post-title\" href=\"https:\/\/site.ac-martinique.fr\/anglais\/?p=3075\">Erasmus+ 2024-2025 : cadre strat\u00e9gique et priorit\u00e9s<\/a><time datetime=\"2024-01-04T19:18:04-05:00\" class=\"wp-block-latest-posts__post-date\">4 janvier 2024<\/time><div class=\"wp-block-latest-posts__post-excerpt\">La note de service pr\u00e9cisant le cadre strat\u00e9gique et les priorit\u00e9s pour Erasmus+ pour 2024-25 est parue au BO n\u00b0\u2026 <a class=\"wp-block-latest-posts__read-more\" href=\"https:\/\/site.ac-martinique.fr\/anglais\/?p=3075\" rel=\"noopener noreferrer\">Lire la suite<span class=\"screen-reader-text\">\u00a0: Erasmus+ 2024-2025 : cadre strat\u00e9gique et priorit\u00e9s<\/span><\/a><\/div><\/li>\n<li><div class=\"wp-block-latest-posts__featured-image alignleft\"><a href=\"https:\/\/site.ac-martinique.fr\/anglais\/?p=2912\" aria-label=\"Enseignement de la phonologie et prononciation anglaises: Retour sur les conf\u00e9rences et ateliers du s\u00e9minaire Aromephe 2023\"><img loading=\"lazy\" decoding=\"async\" width=\"150\" height=\"150\" src=\"https:\/\/site.ac-martinique.fr\/anglais\/wp-content\/uploads\/sites\/92\/2023\/11\/Seminaire-du-14-11-2023-Bardol-150x150.jpg\" class=\"attachment-thumbnail size-thumbnail wp-post-image\" alt=\"\" style=\"max-width:75px;max-height:75px;\" \/><\/a><\/div><a class=\"wp-block-latest-posts__post-title\" href=\"https:\/\/site.ac-martinique.fr\/anglais\/?p=2912\">Enseignement de la phonologie et prononciation anglaises: Retour sur les conf\u00e9rences et ateliers du s\u00e9minaire Aromephe 2023<\/a><time datetime=\"2023-11-16T18:28:41-05:00\" class=\"wp-block-latest-posts__post-date\">16 novembre 2023<\/time><div class=\"wp-block-latest-posts__post-excerpt\">Le s\u00e9minaire AROMEPHE s&rsquo;est tenu le 14 novembre 2023 de 9h \u00e0 18h \u00e0 l&rsquo;INSPE de Fort-de-France, acad\u00e9mie de Martinique.\u2026 <a class=\"wp-block-latest-posts__read-more\" href=\"https:\/\/site.ac-martinique.fr\/anglais\/?p=2912\" rel=\"noopener noreferrer\">Lire la suite<span class=\"screen-reader-text\">\u00a0: Enseignement de la phonologie et prononciation anglaises: Retour sur les conf\u00e9rences et ateliers du s\u00e9minaire Aromephe 2023<\/span><\/a><\/div><\/li>\n<li><div class=\"wp-block-latest-posts__featured-image alignleft\"><a href=\"https:\/\/site.ac-martinique.fr\/anglais\/?p=2897\" aria-label=\"Pix+Edu: testez votre culture et vos comp\u00e9tences num\u00e9riques\"><img loading=\"lazy\" decoding=\"async\" width=\"150\" height=\"150\" src=\"https:\/\/site.ac-martinique.fr\/anglais\/wp-content\/uploads\/sites\/92\/2023\/11\/Capture-decran-2023-11-03-162431-150x150.png\" class=\"attachment-thumbnail size-thumbnail wp-post-image\" alt=\"\" style=\"max-width:75px;max-height:75px;\" \/><\/a><\/div><a class=\"wp-block-latest-posts__post-title\" href=\"https:\/\/site.ac-martinique.fr\/anglais\/?p=2897\">Pix+Edu: testez votre culture et vos comp\u00e9tences num\u00e9riques<\/a><time datetime=\"2023-10-27T15:29:46-05:00\" class=\"wp-block-latest-posts__post-date\">27 octobre 2023<\/time><div class=\"wp-block-latest-posts__post-excerpt\">Le 10 octobre 2023, les enseignants et les personnels d&rsquo;\u00e9ducation ont re\u00e7u sur leur messagerie acad\u00e9mique un message du minist\u00e8re\u2026 <a class=\"wp-block-latest-posts__read-more\" href=\"https:\/\/site.ac-martinique.fr\/anglais\/?p=2897\" rel=\"noopener noreferrer\">Lire la suite<span class=\"screen-reader-text\">\u00a0: Pix+Edu: testez votre culture et vos comp\u00e9tences num\u00e9riques<\/span><\/a><\/div><\/li>\n<li><div class=\"wp-block-latest-posts__featured-image alignleft\"><a href=\"https:\/\/site.ac-martinique.fr\/anglais\/?p=2856\" aria-label=\"S\u00e9minaire sur l&rsquo;enseignement de la phon\u00e9tique et de la phonologie anglaises le 14-11-2023\"><img loading=\"lazy\" decoding=\"async\" width=\"150\" height=\"150\" src=\"https:\/\/site.ac-martinique.fr\/anglais\/wp-content\/uploads\/sites\/92\/2023\/10\/seminaire-aromephe-2023-affiche-150x150.jpg\" class=\"attachment-thumbnail size-thumbnail wp-post-image\" alt=\"\" style=\"max-width:75px;max-height:75px;\" \/><\/a><\/div><a class=\"wp-block-latest-posts__post-title\" href=\"https:\/\/site.ac-martinique.fr\/anglais\/?p=2856\">S\u00e9minaire sur l&rsquo;enseignement de la phon\u00e9tique et de la phonologie anglaises le 14-11-2023<\/a><time datetime=\"2023-10-11T19:07:41-05:00\" class=\"wp-block-latest-posts__post-date\">11 octobre 2023<\/time><div class=\"wp-block-latest-posts__post-excerpt\">M. BARDOL Frank, Ma\u00eetre de conf\u00e9rences en linguistique appliqu\u00e9e : phonologie et didactique de l&rsquo;anglais \u00e0 l&rsquo; Universit\u00e9 des Antilles,\u2026 <a class=\"wp-block-latest-posts__read-more\" href=\"https:\/\/site.ac-martinique.fr\/anglais\/?p=2856\" rel=\"noopener noreferrer\">Lire la suite<span class=\"screen-reader-text\">\u00a0: S\u00e9minaire sur l&rsquo;enseignement de la phon\u00e9tique et de la phonologie anglaises le 14-11-2023<\/span><\/a><\/div><\/li>\n<li><div class=\"wp-block-latest-posts__featured-image alignleft\"><a href=\"https:\/\/site.ac-martinique.fr\/anglais\/?p=2778\" aria-label=\"\u00c9changes et actions de formation \u00e0 l\u2019\u00e9tranger pour les enseignants : calendrier de d\u00e9p\u00f4t et de traitement des candidatures pour l&rsquo;ann\u00e9e 2024-2025\"><img loading=\"lazy\" decoding=\"async\" width=\"98\" height=\"96\" src=\"https:\/\/site.ac-martinique.fr\/anglais\/wp-content\/uploads\/sites\/92\/2021\/04\/bo.png\" class=\"attachment-thumbnail size-thumbnail wp-post-image\" alt=\"\" style=\"max-width:75px;max-height:75px;\" \/><\/a><\/div><a class=\"wp-block-latest-posts__post-title\" href=\"https:\/\/site.ac-martinique.fr\/anglais\/?p=2778\">\u00c9changes et actions de formation \u00e0 l\u2019\u00e9tranger pour les enseignants : calendrier de d\u00e9p\u00f4t et de traitement des candidatures pour l&rsquo;ann\u00e9e 2024-2025<\/a><time datetime=\"2023-08-02T03:06:57-05:00\" class=\"wp-block-latest-posts__post-date\">2 ao\u00fbt 2023<\/time><div class=\"wp-block-latest-posts__post-excerpt\">Le BO n\u00b0 30 du 27 juillet 2023 publie la note de service du 23-6-2023 (NOR : MENC2315129N) : \u00c9changes\u2026 <a class=\"wp-block-latest-posts__read-more\" href=\"https:\/\/site.ac-martinique.fr\/anglais\/?p=2778\" rel=\"noopener noreferrer\">Lire la suite<span class=\"screen-reader-text\">\u00a0: \u00c9changes et actions de formation \u00e0 l\u2019\u00e9tranger pour les enseignants : calendrier de d\u00e9p\u00f4t et de traitement des candidatures pour l&rsquo;ann\u00e9e 2024-2025<\/span><\/a><\/div><\/li>\n<li><div class=\"wp-block-latest-posts__featured-image alignleft\"><a href=\"https:\/\/site.ac-martinique.fr\/anglais\/?p=2773\" aria-label=\"S\u00e9jours professionnels \u00e0 l&rsquo;\u00e9tranger: programme de mobilit\u00e9 internationale Jules Verne 2024-2025\"><img loading=\"lazy\" decoding=\"async\" width=\"98\" height=\"96\" src=\"https:\/\/site.ac-martinique.fr\/anglais\/wp-content\/uploads\/sites\/92\/2021\/04\/bo.png\" class=\"attachment-thumbnail size-thumbnail wp-post-image\" alt=\"\" style=\"max-width:75px;max-height:75px;\" \/><\/a><\/div><a class=\"wp-block-latest-posts__post-title\" href=\"https:\/\/site.ac-martinique.fr\/anglais\/?p=2773\">S\u00e9jours professionnels \u00e0 l&rsquo;\u00e9tranger: programme de mobilit\u00e9 internationale Jules Verne 2024-2025<\/a><time datetime=\"2023-07-27T14:57:00-05:00\" class=\"wp-block-latest-posts__post-date\">27 juillet 2023<\/time><div class=\"wp-block-latest-posts__post-excerpt\">Le BO n\u00b0 30 du 27 juillet 2023 publie la note de service du 23-6-2023 (NOR : MENC2916003N) : \u00ab\u00a0Programme\u2026 <a class=\"wp-block-latest-posts__read-more\" href=\"https:\/\/site.ac-martinique.fr\/anglais\/?p=2773\" rel=\"noopener noreferrer\">Lire la suite<span class=\"screen-reader-text\">\u00a0: S\u00e9jours professionnels \u00e0 l&rsquo;\u00e9tranger: programme de mobilit\u00e9 internationale Jules Verne 2024-2025<\/span><\/a><\/div><\/li>\n<li><div class=\"wp-block-latest-posts__featured-image alignleft\"><a href=\"https:\/\/site.ac-martinique.fr\/anglais\/?p=2137\" aria-label=\"Accompagnement \u00e0 la Recherche d\u2019Outils et de M\u00e9thodes pour Enseigner la phon\u00e9tique et la PHonologie de l\u2019anglais (AROMEPHE).\u00a0\"><img loading=\"lazy\" decoding=\"async\" width=\"150\" height=\"150\" src=\"https:\/\/site.ac-martinique.fr\/anglais\/wp-content\/uploads\/sites\/92\/2022\/10\/AROMEPHE-LOGO-V10-1-150x150.jpg\" class=\"attachment-thumbnail size-thumbnail wp-post-image\" alt=\"\" style=\"max-width:75px;max-height:75px;\" \/><\/a><\/div><a class=\"wp-block-latest-posts__post-title\" href=\"https:\/\/site.ac-martinique.fr\/anglais\/?p=2137\">Accompagnement \u00e0 la Recherche d\u2019Outils et de M\u00e9thodes pour Enseigner la phon\u00e9tique et la PHonologie de l\u2019anglais (AROMEPHE).\u00a0<\/a><time datetime=\"2022-10-05T18:20:00-05:00\" class=\"wp-block-latest-posts__post-date\">5 octobre 2022<\/time><div class=\"wp-block-latest-posts__post-excerpt\">Quels outils et m\u00e9thodes pour enseigner la prononciation&nbsp;anglaise au coll\u00e8ge, au lyc\u00e9e et en post-bac&nbsp;? Cette ann\u00e9e, 5 enseignants d\u2019anglais\u2026 <a class=\"wp-block-latest-posts__read-more\" href=\"https:\/\/site.ac-martinique.fr\/anglais\/?p=2137\" rel=\"noopener noreferrer\">Lire la suite<span class=\"screen-reader-text\">\u00a0: Accompagnement \u00e0 la Recherche d\u2019Outils et de M\u00e9thodes pour Enseigner la phon\u00e9tique et la PHonologie de l\u2019anglais (AROMEPHE).\u00a0<\/span><\/a><\/div><\/li>\n<li><div class=\"wp-block-latest-posts__featured-image alignleft\"><a href=\"https:\/\/site.ac-martinique.fr\/anglais\/?p=2063\" aria-label=\"Se pr\u00e9parer aux fonctions d\u2019assistant de langue en France, parcours de formation\"><img loading=\"lazy\" decoding=\"async\" width=\"150\" height=\"100\" src=\"https:\/\/site.ac-martinique.fr\/anglais\/wp-content\/uploads\/sites\/92\/2022\/08\/FEI-150x100.jpg\" class=\"attachment-thumbnail size-thumbnail wp-post-image\" alt=\"\" style=\"max-width:75px;max-height:75px;\" \/><\/a><\/div><a class=\"wp-block-latest-posts__post-title\" href=\"https:\/\/site.ac-martinique.fr\/anglais\/?p=2063\">Se pr\u00e9parer aux fonctions d\u2019assistant de langue en France, parcours de formation<\/a><time datetime=\"2022-08-31T16:13:32-05:00\" class=\"wp-block-latest-posts__post-date\">31 ao\u00fbt 2022<\/time><div class=\"wp-block-latest-posts__post-excerpt\">\u00ab Se pr\u00e9parer aux fonctions d\u2019assistant de langue en France \u00bb : Le site France Education International (FEI) propose un\u2026 <a class=\"wp-block-latest-posts__read-more\" href=\"https:\/\/site.ac-martinique.fr\/anglais\/?p=2063\" rel=\"noopener noreferrer\">Lire la suite<span class=\"screen-reader-text\">\u00a0: Se pr\u00e9parer aux fonctions d\u2019assistant de langue en France, parcours de formation<\/span><\/a><\/div><\/li>\n<li><div class=\"wp-block-latest-posts__featured-image alignleft\"><a href=\"https:\/\/site.ac-martinique.fr\/anglais\/?p=2056\" aria-label=\"S\u00e9jours professionnels \u00e0 l&rsquo;\u00e9tranger: programme de mobilit\u00e9 internationale Jules Verne, ann\u00e9e 2023-2024\"><img loading=\"lazy\" decoding=\"async\" width=\"98\" height=\"96\" src=\"https:\/\/site.ac-martinique.fr\/anglais\/wp-content\/uploads\/sites\/92\/2021\/04\/bo.png\" class=\"attachment-thumbnail size-thumbnail wp-post-image\" alt=\"\" style=\"max-width:75px;max-height:75px;\" \/><\/a><\/div><a class=\"wp-block-latest-posts__post-title\" href=\"https:\/\/site.ac-martinique.fr\/anglais\/?p=2056\">S\u00e9jours professionnels \u00e0 l&rsquo;\u00e9tranger: programme de mobilit\u00e9 internationale Jules Verne, ann\u00e9e 2023-2024<\/a><time datetime=\"2022-08-26T07:42:20-05:00\" class=\"wp-block-latest-posts__post-date\">26 ao\u00fbt 2022<\/time><div class=\"wp-block-latest-posts__post-excerpt\">Le BO n\u00b0 31 du 25 aout 2022 publie la note de service du 1-8-2022 (NOR : MENC2218283N) relative aux\u2026 <a class=\"wp-block-latest-posts__read-more\" href=\"https:\/\/site.ac-martinique.fr\/anglais\/?p=2056\" rel=\"noopener noreferrer\">Lire la suite<span class=\"screen-reader-text\">\u00a0: S\u00e9jours professionnels \u00e0 l&rsquo;\u00e9tranger: programme de mobilit\u00e9 internationale Jules Verne, ann\u00e9e 2023-2024<\/span><\/a><\/div><\/li>\n<li><div class=\"wp-block-latest-posts__featured-image alignleft\"><a href=\"https:\/\/site.ac-martinique.fr\/anglais\/?p=2054\" aria-label=\"\u00c9changes et actions de formation \u00e0 l&rsquo;\u00e9tranger &#8211; ann\u00e9e 2023-2024\"><img loading=\"lazy\" decoding=\"async\" width=\"98\" height=\"96\" src=\"https:\/\/site.ac-martinique.fr\/anglais\/wp-content\/uploads\/sites\/92\/2021\/04\/bo.png\" class=\"attachment-thumbnail size-thumbnail wp-post-image\" alt=\"\" style=\"max-width:75px;max-height:75px;\" \/><\/a><\/div><a class=\"wp-block-latest-posts__post-title\" href=\"https:\/\/site.ac-martinique.fr\/anglais\/?p=2054\">\u00c9changes et actions de formation \u00e0 l&rsquo;\u00e9tranger &#8211; ann\u00e9e 2023-2024<\/a><time datetime=\"2022-08-26T07:38:18-05:00\" class=\"wp-block-latest-posts__post-date\">26 ao\u00fbt 2022<\/time><div class=\"wp-block-latest-posts__post-excerpt\">Le BO n\u00b0 30 du 28 juillet 2022 publie la note de service du 11-7-2022 (NOR : MENC2217185N) relative aux\u2026 <a class=\"wp-block-latest-posts__read-more\" href=\"https:\/\/site.ac-martinique.fr\/anglais\/?p=2054\" rel=\"noopener noreferrer\">Lire la suite<span class=\"screen-reader-text\">\u00a0: \u00c9changes et actions de formation \u00e0 l&rsquo;\u00e9tranger &#8211; ann\u00e9e 2023-2024<\/span><\/a><\/div><\/li>\n<li><div class=\"wp-block-latest-posts__featured-image alignleft\"><a href=\"https:\/\/site.ac-martinique.fr\/anglais\/?p=1859\" aria-label=\"Concevoir des s\u00e9ances courtes en anglais aux cycles 2 et 3\"><img loading=\"lazy\" decoding=\"async\" width=\"150\" height=\"150\" src=\"https:\/\/site.ac-martinique.fr\/anglais\/wp-content\/uploads\/sites\/92\/2022\/03\/magistere-1-150x150.jpg\" class=\"attachment-thumbnail size-thumbnail wp-post-image\" alt=\"\" style=\"max-width:75px;max-height:75px;\" \/><\/a><\/div><a class=\"wp-block-latest-posts__post-title\" href=\"https:\/\/site.ac-martinique.fr\/anglais\/?p=1859\">Concevoir des s\u00e9ances courtes en anglais aux cycles 2 et 3<\/a><time datetime=\"2022-03-29T17:09:42-05:00\" class=\"wp-block-latest-posts__post-date\">29 mars 2022<\/time><div class=\"wp-block-latest-posts__post-excerpt\">\u00ab\u00a0Concevoir des s\u00e9ances courtes en anglais aux cycles 2 et 3\u00a0\u00bb est un parcours M@gist\u00e8re propos\u00e9 par le Canop\u00e9 qui\u2026 <a class=\"wp-block-latest-posts__read-more\" href=\"https:\/\/site.ac-martinique.fr\/anglais\/?p=1859\" rel=\"noopener noreferrer\">Lire la suite<span class=\"screen-reader-text\">\u00a0: Concevoir des s\u00e9ances courtes en anglais aux cycles 2 et 3<\/span><\/a><\/div><\/li>\n<li><div class=\"wp-block-latest-posts__featured-image alignleft\"><a href=\"https:\/\/site.ac-martinique.fr\/anglais\/?p=1515\" aria-label=\"Formation en ligne \u00ab\u00a0Bien d\u00e9buter dans eTwinning\u00a0\u00bb (janvier\/f\u00e9vrier 2022)\"><img loading=\"lazy\" decoding=\"async\" width=\"150\" height=\"150\" src=\"https:\/\/site.ac-martinique.fr\/anglais\/wp-content\/uploads\/sites\/92\/2021\/12\/Formation_en_ligne_eTwinning_TW-1-150x150.jpg\" class=\"attachment-thumbnail size-thumbnail wp-post-image\" alt=\"\" style=\"max-width:75px;max-height:75px;\" \/><\/a><\/div><a class=\"wp-block-latest-posts__post-title\" href=\"https:\/\/site.ac-martinique.fr\/anglais\/?p=1515\">Formation en ligne \u00ab\u00a0Bien d\u00e9buter dans eTwinning\u00a0\u00bb (janvier\/f\u00e9vrier 2022)<\/a><time datetime=\"2021-12-08T19:22:56-05:00\" class=\"wp-block-latest-posts__post-date\">8 d\u00e9cembre 2021<\/time><div class=\"wp-block-latest-posts__post-excerpt\">Le bureau d\u2019assistance national eTwinning France organise une&nbsp;formation en ligne&nbsp;avec des visioconf\u00e9rences du 5 janvier au 2 f\u00e9vrier (Mardi 11\u2026 <a class=\"wp-block-latest-posts__read-more\" href=\"https:\/\/site.ac-martinique.fr\/anglais\/?p=1515\" rel=\"noopener noreferrer\">Lire la suite<span class=\"screen-reader-text\">\u00a0: Formation en ligne \u00ab\u00a0Bien d\u00e9buter dans eTwinning\u00a0\u00bb (janvier\/f\u00e9vrier 2022)<\/span><\/a><\/div><\/li>\n<li><div class=\"wp-block-latest-posts__featured-image alignleft\"><a href=\"https:\/\/site.ac-martinique.fr\/anglais\/?p=1457\" aria-label=\"Stages de perfectionnement linguistique\"><img loading=\"lazy\" decoding=\"async\" width=\"150\" height=\"92\" src=\"https:\/\/site.ac-martinique.fr\/anglais\/wp-content\/uploads\/sites\/92\/2021\/10\/FEI-150x92.jpg\" class=\"attachment-thumbnail size-thumbnail wp-post-image\" alt=\"\" style=\"max-width:75px;max-height:75px;\" \/><\/a><\/div><a class=\"wp-block-latest-posts__post-title\" href=\"https:\/\/site.ac-martinique.fr\/anglais\/?p=1457\">Stages de perfectionnement linguistique<\/a><time datetime=\"2021-10-22T19:47:20-05:00\" class=\"wp-block-latest-posts__post-date\">22 octobre 2021<\/time><div class=\"wp-block-latest-posts__post-excerpt\">Les stages de perfectionnement linguistique, p\u00e9dagogique et culturel s\u2019adressent aux enseignants fran\u00e7ais de langues vivantes et des disciplines non-linguistiques. Ces\u2026 <a class=\"wp-block-latest-posts__read-more\" href=\"https:\/\/site.ac-martinique.fr\/anglais\/?p=1457\" rel=\"noopener noreferrer\">Lire la suite<span class=\"screen-reader-text\">\u00a0: Stages de perfectionnement linguistique<\/span><\/a><\/div><\/li>\n<li><div class=\"wp-block-latest-posts__featured-image alignleft\"><a href=\"https:\/\/site.ac-martinique.fr\/anglais\/?p=1255\" aria-label=\"\u00c9changes et actions de formation \u00e0 l&rsquo;\u00e9tranger pour les enseignants : calendrier de d\u00e9p\u00f4t et de traitement des candidatures pour l&rsquo;ann\u00e9e 2022-2023\"><img loading=\"lazy\" decoding=\"async\" width=\"98\" height=\"96\" src=\"https:\/\/site.ac-martinique.fr\/anglais\/wp-content\/uploads\/sites\/92\/2021\/04\/bo.png\" class=\"attachment-thumbnail size-thumbnail wp-post-image\" alt=\"\" style=\"max-width:75px;max-height:75px;\" \/><\/a><\/div><a class=\"wp-block-latest-posts__post-title\" href=\"https:\/\/site.ac-martinique.fr\/anglais\/?p=1255\">\u00c9changes et actions de formation \u00e0 l&rsquo;\u00e9tranger pour les enseignants : calendrier de d\u00e9p\u00f4t et de traitement des candidatures pour l&rsquo;ann\u00e9e 2022-2023<\/a><time datetime=\"2021-07-29T09:52:42-05:00\" class=\"wp-block-latest-posts__post-date\">29 juillet 2021<\/time><div class=\"wp-block-latest-posts__post-excerpt\">B.O. n\u00b0 29 du 22 juillet 2021 Les 6 programmes de mobilit\u00e9s suivants sont d\u00e9taill\u00e9s: Le programme Jules Verne (Dreic)&nbsp;;\u2026 <a class=\"wp-block-latest-posts__read-more\" href=\"https:\/\/site.ac-martinique.fr\/anglais\/?p=1255\" rel=\"noopener noreferrer\">Lire la suite<span class=\"screen-reader-text\">\u00a0: \u00c9changes et actions de formation \u00e0 l&rsquo;\u00e9tranger pour les enseignants : calendrier de d\u00e9p\u00f4t et de traitement des candidatures pour l&rsquo;ann\u00e9e 2022-2023<\/span><\/a><\/div><\/li>\n<li><div class=\"wp-block-latest-posts__featured-image alignleft\"><a href=\"https:\/\/site.ac-martinique.fr\/anglais\/?p=449\" aria-label=\"Ressources pour les ALVE (assistants de langue)\"><img loading=\"lazy\" decoding=\"async\" width=\"150\" height=\"150\" src=\"https:\/\/site.ac-martinique.fr\/anglais\/wp-content\/uploads\/sites\/92\/2021\/05\/alve-150x150.png\" class=\"attachment-thumbnail size-thumbnail wp-post-image\" alt=\"\" style=\"max-width:75px;max-height:75px;\" \/><\/a><\/div><a class=\"wp-block-latest-posts__post-title\" href=\"https:\/\/site.ac-martinique.fr\/anglais\/?p=449\">Ressources pour les ALVE (assistants de langue)<\/a><time datetime=\"2021-05-12T13:36:13-05:00\" class=\"wp-block-latest-posts__post-date\">12 mai 2021<\/time><div class=\"wp-block-latest-posts__post-excerpt\">Propos\u00e9e par Alexandra Dorizon, professeur d&rsquo;anglais au coll\u00e8ge Asselin de Beauville de Ducos, cette infographie support \u00e0 destination des ALVE\u2026 <a class=\"wp-block-latest-posts__read-more\" href=\"https:\/\/site.ac-martinique.fr\/anglais\/?p=449\" rel=\"noopener noreferrer\">Lire la suite<span class=\"screen-reader-text\">\u00a0: Ressources pour les ALVE (assistants de langue)<\/span><\/a><\/div><\/li>\n<li><div class=\"wp-block-latest-posts__featured-image alignleft\"><a href=\"https:\/\/site.ac-martinique.fr\/anglais\/?p=1381\" aria-label=\"Outils pour s&rsquo;auto-former tout au long de la vie\"><img loading=\"lazy\" decoding=\"async\" width=\"150\" height=\"150\" src=\"https:\/\/site.ac-martinique.fr\/anglais\/wp-content\/uploads\/sites\/92\/2021\/05\/longlifetraining-150x150.jpg\" class=\"attachment-thumbnail size-thumbnail wp-post-image\" alt=\"\" style=\"max-width:75px;max-height:75px;\" \/><\/a><\/div><a class=\"wp-block-latest-posts__post-title\" href=\"https:\/\/site.ac-martinique.fr\/anglais\/?p=1381\">Outils pour s&rsquo;auto-former tout au long de la vie<\/a><time datetime=\"2021-04-30T16:45:00-05:00\" class=\"wp-block-latest-posts__post-date\">30 avril 2021<\/time><div class=\"wp-block-latest-posts__post-excerpt\">L&rsquo;auto-formation professionnelle \u00e0 distance ne cesse de prendre de l&rsquo;ampleur sur le web. Depuis quelques ann\u00e9es, de nouveaux services ou\u2026 <a class=\"wp-block-latest-posts__read-more\" href=\"https:\/\/site.ac-martinique.fr\/anglais\/?p=1381\" rel=\"noopener noreferrer\">Lire la suite<span class=\"screen-reader-text\">\u00a0: Outils pour s&rsquo;auto-former tout au long de la vie<\/span><\/a><\/div><\/li>\n<li><div class=\"wp-block-latest-posts__featured-image alignleft\"><a href=\"https:\/\/site.ac-martinique.fr\/anglais\/?p=960\" aria-label=\"La classe renvers\u00e9e (JC Cailliez)\"><img loading=\"lazy\" decoding=\"async\" width=\"150\" height=\"150\" src=\"https:\/\/site.ac-martinique.fr\/anglais\/wp-content\/uploads\/sites\/92\/2021\/05\/cailliez-150x150.jpg\" class=\"attachment-thumbnail size-thumbnail wp-post-image\" alt=\"\" style=\"max-width:75px;max-height:75px;\" \/><\/a><\/div><a class=\"wp-block-latest-posts__post-title\" href=\"https:\/\/site.ac-martinique.fr\/anglais\/?p=960\">La classe renvers\u00e9e (JC Cailliez)<\/a><time datetime=\"2021-04-22T18:41:00-05:00\" class=\"wp-block-latest-posts__post-date\">22 avril 2021<\/time><div class=\"wp-block-latest-posts__post-excerpt\">La DANE Martinique a organis\u00e9 les RDV du Num\u00e9rique 2019 du 22 au 25 janvier en divers lieux de l&rsquo;acad\u00e9mie.\u2026 <a class=\"wp-block-latest-posts__read-more\" href=\"https:\/\/site.ac-martinique.fr\/anglais\/?p=960\" rel=\"noopener noreferrer\">Lire la suite<span class=\"screen-reader-text\">\u00a0: La classe renvers\u00e9e (JC Cailliez)<\/span><\/a><\/div><\/li>\n<\/ul><\/div><\/div>\n<\/div><\/div>\n\n\n\n<p><\/p>\n","protected":false},"excerpt":{"rendered":"","protected":false},"author":237,"featured_media":0,"parent":0,"menu_order":0,"comment_status":"closed","ping_status":"closed","template":"","meta":{"footnotes":""},"class_list":["post-360","page","type-page","status-publish","hentry"],"_links":{"self":[{"href":"https:\/\/site.ac-martinique.fr\/anglais\/index.php?rest_route=\/wp\/v2\/pages\/360","targetHints":{"allow":["GET"]}}],"collection":[{"href":"https:\/\/site.ac-martinique.fr\/anglais\/index.php?rest_route=\/wp\/v2\/pages"}],"about":[{"href":"https:\/\/site.ac-martinique.fr\/anglais\/index.php?rest_route=\/wp\/v2\/types\/page"}],"author":[{"embeddable":true,"href":"https:\/\/site.ac-martinique.fr\/anglais\/index.php?rest_route=\/wp\/v2\/users\/237"}],"replies":[{"embeddable":true,"href":"https:\/\/site.ac-martinique.fr\/anglais\/index.php?rest_route=%2Fwp%2Fv2%2Fcomments&post=360"}],"version-history":[{"count":7,"href":"https:\/\/site.ac-martinique.fr\/anglais\/index.php?rest_route=\/wp\/v2\/pages\/360\/revisions"}],"predecessor-version":[{"id":3522,"href":"https:\/\/site.ac-martinique.fr\/anglais\/index.php?rest_route=\/wp\/v2\/pages\/360\/revisions\/3522"}],"wp:attachment":[{"href":"https:\/\/site.ac-martinique.fr\/anglais\/index.php?rest_route=%2Fwp%2Fv2%2Fmedia&parent=360"}],"curies":[{"name":"wp","href":"https:\/\/api.w.org\/{rel}","templated":true}]}}