{"id":191,"date":"2016-02-10T18:16:35","date_gmt":"2016-02-10T17:16:35","guid":{"rendered":"\/arts-plastiques\/?page_id=191"},"modified":"2017-03-30T16:36:28","modified_gmt":"2017-03-30T15:36:28","slug":"critique-dart","status":"publish","type":"page","link":"https:\/\/site.ac-martinique.fr\/arts-plastiques\/?page_id=191","title":{"rendered":"Critique d&rsquo;art"},"content":{"rendered":"<p><a href=\"https:\/\/aica-sc.net\/tag\/martinique\/\">https:\/\/aica-sc.net\/tag\/martinique\/<\/a><\/p>\n<p>Cr\u00e9\u00e9e \u00e0 la suite de deux congr\u00e8s internationaux (1948 et 1949) tenus au si\u00e8ge de l\u2019UNESCO, l\u2019Association internationale des critiques d\u2019art, regroupe les critiques d\u2019art d\u00e9sireux de d\u00e9velopper la coop\u00e9ration internationale dans le domaine de la cr\u00e9ation, de la diffusion et de la culture artistique.<\/p>\n<p>Elle a pour but de promouvoir les disciplines critiques dans le domaine de l\u2019art et de contribuer \u00e0 en assurer les fondements m\u00e9thodologiques, de prot\u00e9ger les int\u00e9r\u00eats moraux et professionnels des critiques d\u2019art, de faire valoir en commun les droits de tous ses membres, d\u2019assurer une liaison permanente entre ses membres en favorisant les rencontres internationales, de faciliter et d\u2019\u00e9tendre l\u2019information et les \u00e9changes internationaux dans le domaine des arts plastiques, de contribuer au rapprochement et \u00e0 la connaissance r\u00e9ciproque des cultures, d\u2019apporter sa collaboration au pays en d\u00e9veloppement. L\u2019Association peut collaborer avec tout organisme poursuivant essentiellement des buts culturels.<\/p>\n<p>L\u2019AICA a \u00e9t\u00e9 admise en 1951 au statut d\u2019ONG aupr\u00e8s de l\u2019UNESCO.<\/p>\n<p>Il existe aujourd\u2019hui \u00e0 travers le monde soixante treize (73) sections de l\u2019AICA auxquelles sont inscrits quatre mille trois cent quarante membres (4340).<\/p>\n<p><a href=\"https:\/\/aica-sc.net\/a-propos\/\"><em>Ce texte est extrait du site officiel de l&rsquo;AICA Cara\u00efbe du Sud<\/em><\/a><\/p>\n<p>&nbsp;<\/p>\n","protected":false},"excerpt":{"rendered":"<p>https:\/\/aica-sc.net\/tag\/martinique\/ Cr\u00e9\u00e9e \u00e0 la suite de deux congr\u00e8s internationaux (1948 et 1949) tenus au si\u00e8ge de l\u2019UNESCO, l\u2019Association internationale des critiques d\u2019art, regroupe les critiques d\u2019art d\u00e9sireux de d\u00e9velopper la coop\u00e9ration internationale dans le domaine de la cr\u00e9ation, de la &hellip; <a href=\"https:\/\/site.ac-martinique.fr\/arts-plastiques\/?page_id=191\">Continuer la lecture <span class=\"meta-nav\">&rarr;<\/span><\/a><\/p>\n","protected":false},"author":6,"featured_media":0,"parent":26,"menu_order":0,"comment_status":"closed","ping_status":"closed","template":"","meta":{"footnotes":""},"class_list":["post-191","page","type-page","status-publish","hentry"],"_links":{"self":[{"href":"https:\/\/site.ac-martinique.fr\/arts-plastiques\/index.php?rest_route=\/wp\/v2\/pages\/191","targetHints":{"allow":["GET"]}}],"collection":[{"href":"https:\/\/site.ac-martinique.fr\/arts-plastiques\/index.php?rest_route=\/wp\/v2\/pages"}],"about":[{"href":"https:\/\/site.ac-martinique.fr\/arts-plastiques\/index.php?rest_route=\/wp\/v2\/types\/page"}],"author":[{"embeddable":true,"href":"https:\/\/site.ac-martinique.fr\/arts-plastiques\/index.php?rest_route=\/wp\/v2\/users\/6"}],"replies":[{"embeddable":true,"href":"https:\/\/site.ac-martinique.fr\/arts-plastiques\/index.php?rest_route=%2Fwp%2Fv2%2Fcomments&post=191"}],"version-history":[{"count":3,"href":"https:\/\/site.ac-martinique.fr\/arts-plastiques\/index.php?rest_route=\/wp\/v2\/pages\/191\/revisions"}],"predecessor-version":[{"id":277,"href":"https:\/\/site.ac-martinique.fr\/arts-plastiques\/index.php?rest_route=\/wp\/v2\/pages\/191\/revisions\/277"}],"up":[{"embeddable":true,"href":"https:\/\/site.ac-martinique.fr\/arts-plastiques\/index.php?rest_route=\/wp\/v2\/pages\/26"}],"wp:attachment":[{"href":"https:\/\/site.ac-martinique.fr\/arts-plastiques\/index.php?rest_route=%2Fwp%2Fv2%2Fmedia&parent=191"}],"curies":[{"name":"wp","href":"https:\/\/api.w.org\/{rel}","templated":true}]}}