{"id":2927,"date":"2024-12-08T09:13:20","date_gmt":"2024-12-08T14:13:20","guid":{"rendered":"https:\/\/site.ac-martinique.fr\/ash\/?page_id=2927"},"modified":"2024-12-17T16:40:30","modified_gmt":"2024-12-17T21:40:30","slug":"le-livret-parcours-inclusif-lpi","status":"publish","type":"page","link":"https:\/\/site.ac-martinique.fr\/ash\/?page_id=2927","title":{"rendered":"Le Livret Parcours Inclusif (LPI)"},"content":{"rendered":"\n<p><\/p>\n\n\n\n<p class=\"has-vivid-purple-color has-text-color has-link-color has-large-font-size wp-elements-28b2ed6b39148cfdcd01593ca7d3f52a\"><strong>Pr\u00e9sentation du LPI<\/strong><\/p>\n\n\n\n<p>Le livret de parcours inclusif est :<\/p>\n\n\n\n<ul class=\"wp-block-list\">\n<li>une <strong>application  num\u00e9rique<\/strong> qui propose des r\u00e9ponses p\u00e9dagogiques (banque de donn\u00e9es d&rsquo;am\u00e9nagements et d&rsquo;adaptations), mobilisables  d\u00e8s l\u2019identification d\u2019un besoin d&rsquo;une \u00e9l\u00e8ve. L\u2019objectif est d\u2019am\u00e9liorer le parcours scolaire des \u00e9l\u00e8ves \u00e0 besoins \u00e9ducatifs particuliers;<\/li>\n\n\n\n<li>un <strong>outil de centralisation d\u2019informations, d\u2019\u00e9changes et de partages entre les professionnels <\/strong> de l\u2019\u00e9ducation nationale, des MDPH (Maison D\u00e9partementale des Personnes Handicap\u00e9es), les \u00e9l\u00e8ves et leurs repr\u00e9sentants l\u00e9gaux.<\/li>\n<\/ul>\n\n\n\n<p><\/p>\n\n\n\n<p>Les am\u00e9nagements et adaptations sont regroup\u00e9s dans trois grands domaines:<\/p>\n\n\n\n<ul class=\"wp-block-list\">\n<li>M\u00e9thodes et outils pour apprendre<\/li>\n\n\n\n<li>Formation de personne et du citoyen<\/li>\n\n\n\n<li>Disciplines<\/li>\n<\/ul>\n\n\n\n<figure class=\"wp-block-image size-large\"><a href=\"https:\/\/site.ac-martinique.fr\/ash\/wp-content\/uploads\/sites\/7\/2024\/12\/domaines-de-formation-du-LPI.png\"><img loading=\"lazy\" decoding=\"async\" width=\"1024\" height=\"315\" src=\"https:\/\/site.ac-martinique.fr\/ash\/wp-content\/uploads\/sites\/7\/2024\/12\/domaines-de-formation-du-LPI-1024x315.png\" alt=\"\" class=\"wp-image-2965\" srcset=\"https:\/\/site.ac-martinique.fr\/ash\/wp-content\/uploads\/sites\/7\/2024\/12\/domaines-de-formation-du-LPI-1024x315.png 1024w, https:\/\/site.ac-martinique.fr\/ash\/wp-content\/uploads\/sites\/7\/2024\/12\/domaines-de-formation-du-LPI-300x92.png 300w, https:\/\/site.ac-martinique.fr\/ash\/wp-content\/uploads\/sites\/7\/2024\/12\/domaines-de-formation-du-LPI-768x236.png 768w, https:\/\/site.ac-martinique.fr\/ash\/wp-content\/uploads\/sites\/7\/2024\/12\/domaines-de-formation-du-LPI-1536x472.png 1536w, https:\/\/site.ac-martinique.fr\/ash\/wp-content\/uploads\/sites\/7\/2024\/12\/domaines-de-formation-du-LPI-2048x630.png 2048w, https:\/\/site.ac-martinique.fr\/ash\/wp-content\/uploads\/sites\/7\/2024\/12\/domaines-de-formation-du-LPI-750x231.png 750w\" sizes=\"auto, (max-width: 1024px) 100vw, 1024px\" \/><\/a><\/figure>\n\n\n\n<p>Vous aurez acc\u00e8s \u00e0 une banque de donn\u00e9es de r\u00e9ponses p\u00e9dagogiques, \u00e0 cocher. Il vous est possible de pr\u00e9ciser l&rsquo;am\u00e9nagement choisi.<\/p>\n\n\n\n<p><\/p>\n\n\n\n<p>Voir la <strong>vid\u00e9o de pr\u00e9sentation du LPI<\/strong> : <a href=\"https:\/\/www.youtube.com\/watch?v=e59usyz_ZQg\" target=\"_blank\" rel=\"noreferrer noopener\">https:\/\/www.youtube.com\/watch?v=e59usyz_ZQg<\/a><\/p>\n\n\n\n<p class=\"has-vivid-purple-color has-text-color has-link-color has-large-font-size wp-elements-81bb0cf77f4c1e8c0469d244fd91bb62\"><strong>Les plans via le LPI <\/strong><\/p>\n\n\n\n<p>D\u00e8s l\u2019identification d\u2019un besoin \u00e9ducatif particulier par l\u2019enseignant, un livret simple (sans plan)  peut \u00eatre cr\u00e9\u00e9.<\/p>\n\n\n\n<p>L&rsquo;application offre une simplification des proc\u00e9dures de renseignement et d&rsquo;\u00e9dition des plans et projets pour les EBEP (\u00c9l\u00e8ves \u00e0 Besoins \u00c9ducatifs Particuliers), notamment&nbsp;:<\/p>\n\n\n\n<ul class=\"wp-block-list\">\n<li>l&rsquo;\u00e9dition d&rsquo;un PPRE (Programme Personnalis\u00e9 de R\u00e9ussite \u00c9ducative),<\/li>\n\n\n\n<li>l&rsquo;\u00e9dition d&rsquo;un PAP (Plan d\u2019Accompagnement Personnalis\u00e9),<\/li>\n\n\n\n<li>La saisie d&rsquo;un GEVA-Sco 1\u00e8re demande  (Guide d\u2019\u00c9valuation des besoins de compensation en mati\u00e8re de scolarisation premi\u00e8re demande),<\/li>\n\n\n\n<li>l&rsquo;\u00e9dition d&rsquo;un MOPPS (document de Mise en \u0153uvre du Projet Personnalis\u00e9 de Scolarisation)&nbsp;;<\/li>\n<\/ul>\n\n\n\n<p><\/p>\n\n\n\n<figure class=\"wp-block-image size-large\"><a href=\"https:\/\/site.ac-martinique.fr\/ash\/wp-content\/uploads\/sites\/7\/2024\/12\/plans-dans-le-LPI.png\"><img loading=\"lazy\" decoding=\"async\" width=\"1024\" height=\"730\" src=\"https:\/\/site.ac-martinique.fr\/ash\/wp-content\/uploads\/sites\/7\/2024\/12\/plans-dans-le-LPI-1024x730.png\" alt=\"\" class=\"wp-image-2941\" srcset=\"https:\/\/site.ac-martinique.fr\/ash\/wp-content\/uploads\/sites\/7\/2024\/12\/plans-dans-le-LPI-1024x730.png 1024w, https:\/\/site.ac-martinique.fr\/ash\/wp-content\/uploads\/sites\/7\/2024\/12\/plans-dans-le-LPI-300x214.png 300w, https:\/\/site.ac-martinique.fr\/ash\/wp-content\/uploads\/sites\/7\/2024\/12\/plans-dans-le-LPI-768x548.png 768w, https:\/\/site.ac-martinique.fr\/ash\/wp-content\/uploads\/sites\/7\/2024\/12\/plans-dans-le-LPI-1536x1095.png 1536w, https:\/\/site.ac-martinique.fr\/ash\/wp-content\/uploads\/sites\/7\/2024\/12\/plans-dans-le-LPI-2048x1460.png 2048w, https:\/\/site.ac-martinique.fr\/ash\/wp-content\/uploads\/sites\/7\/2024\/12\/plans-dans-le-LPI-750x535.png 750w\" sizes=\"auto, (max-width: 1024px) 100vw, 1024px\" \/><\/a><\/figure>\n\n\n\n<p><\/p>\n\n\n\n<p class=\"has-vivid-purple-color has-text-color has-link-color has-large-font-size wp-elements-ad84b21b314133930af2ddf81033e896\"><strong>Qui a acc\u00e8s au LPI ? <\/strong><\/p>\n\n\n\n<figure class=\"wp-block-image size-large\"><a href=\"https:\/\/site.ac-martinique.fr\/ash\/wp-content\/uploads\/sites\/7\/2024\/12\/accedent-au-LPI.png\"><img loading=\"lazy\" decoding=\"async\" width=\"1024\" height=\"313\" src=\"https:\/\/site.ac-martinique.fr\/ash\/wp-content\/uploads\/sites\/7\/2024\/12\/accedent-au-LPI-1024x313.png\" alt=\"\" class=\"wp-image-2940\" srcset=\"https:\/\/site.ac-martinique.fr\/ash\/wp-content\/uploads\/sites\/7\/2024\/12\/accedent-au-LPI-1024x313.png 1024w, https:\/\/site.ac-martinique.fr\/ash\/wp-content\/uploads\/sites\/7\/2024\/12\/accedent-au-LPI-300x92.png 300w, https:\/\/site.ac-martinique.fr\/ash\/wp-content\/uploads\/sites\/7\/2024\/12\/accedent-au-LPI-768x235.png 768w, https:\/\/site.ac-martinique.fr\/ash\/wp-content\/uploads\/sites\/7\/2024\/12\/accedent-au-LPI-1536x469.png 1536w, https:\/\/site.ac-martinique.fr\/ash\/wp-content\/uploads\/sites\/7\/2024\/12\/accedent-au-LPI-2048x626.png 2048w, https:\/\/site.ac-martinique.fr\/ash\/wp-content\/uploads\/sites\/7\/2024\/12\/accedent-au-LPI-750x229.png 750w\" sizes=\"auto, (max-width: 1024px) 100vw, 1024px\" \/><\/a><\/figure>\n\n\n\n<p>Les droits et acc\u00e8s varient selon le profil.<\/p>\n\n\n\n<p><\/p>\n\n\n\n<p class=\"has-vivid-purple-color has-text-color has-link-color has-large-font-size wp-elements-b8d3d07199bff90baa6e22f0c760d070\"><strong>Se connecter au LPI<\/strong><\/p>\n\n\n\n<figure class=\"wp-block-image size-full is-resized\"><a href=\"https:\/\/site.ac-martinique.fr\/ash\/wp-content\/uploads\/sites\/7\/2024\/12\/PIA.png\"><img loading=\"lazy\" decoding=\"async\" width=\"524\" height=\"64\" src=\"https:\/\/site.ac-martinique.fr\/ash\/wp-content\/uploads\/sites\/7\/2024\/12\/PIA.png\" alt=\"\" class=\"wp-image-2946\" style=\"width:750px;height:auto\" srcset=\"https:\/\/site.ac-martinique.fr\/ash\/wp-content\/uploads\/sites\/7\/2024\/12\/PIA.png 524w, https:\/\/site.ac-martinique.fr\/ash\/wp-content\/uploads\/sites\/7\/2024\/12\/PIA-300x37.png 300w\" sizes=\"auto, (max-width: 524px) 100vw, 524px\" \/><\/a><\/figure>\n\n\n\n<p><\/p>\n\n\n\n<p>L&rsquo;application est disponible sur votre PIA (<strong>Portail Intranet Acad\u00e9mique<\/strong>). Pour une 1\u00e8re connexion, il vous faudra cr\u00e9er un mot de passe LPI. <\/p>\n\n\n\n<p>Voir la d\u00e9marche de connexion propos\u00e9e par l&rsquo;ERUN du 77 :<a href=\"https:\/\/tube-numerique-educatif.apps.education.fr\/w\/8D3w5UYKeBfBSUyR3qvxcP\">https:\/\/tube-numerique-educatif.apps.education.fr\/w\/8D3w5UYKeBfBSUyR3qvxcP<\/a><\/p>\n\n\n\n<p><strong>Guide d&rsquo;acc\u00e8s rapide au LPI <\/strong><\/p>\n\n\n\n<div data-wp-interactive=\"core\/file\" class=\"wp-block-file\"><object data-wp-bind--hidden=\"!state.hasPdfPreview\" hidden class=\"wp-block-file__embed\" data=\"https:\/\/site.ac-martinique.fr\/ash\/wp-content\/uploads\/sites\/7\/2024\/12\/cnsa_lpi_quickstart_kit-de-tests-v2.pdf\" type=\"application\/pdf\" style=\"width:100%;height:600px\" aria-label=\"Contenu embarqu\u00e9 cnsa_lpi_quickstart_kit-de-tests-v2.\"><\/object><a id=\"wp-block-file--media-ac3242c0-6a3a-4863-8588-439e3ae859d9\" href=\"https:\/\/site.ac-martinique.fr\/ash\/wp-content\/uploads\/sites\/7\/2024\/12\/cnsa_lpi_quickstart_kit-de-tests-v2.pdf\">cnsa_lpi_quickstart_kit-de-tests-v2<\/a><a href=\"https:\/\/site.ac-martinique.fr\/ash\/wp-content\/uploads\/sites\/7\/2024\/12\/cnsa_lpi_quickstart_kit-de-tests-v2.pdf\" class=\"wp-block-file__button wp-element-button\" download aria-describedby=\"wp-block-file--media-ac3242c0-6a3a-4863-8588-439e3ae859d9\">T\u00e9l\u00e9charger<\/a><\/div>\n\n\n\n<p><strong>Proc\u00e9dure de 1\u00e8re connexion<\/strong><\/p>\n\n\n\n<div class=\"wp-block-file\"><a id=\"wp-block-file--media-b809cdfa-4804-4fdb-b280-d539bc812790\" href=\"https:\/\/site.ac-martinique.fr\/ash\/wp-content\/uploads\/sites\/7\/2024\/12\/lpi-procedure-1ere-connexion-v2.pptx\">lpi-procedure-1ere-connexion-v2<\/a><a href=\"https:\/\/site.ac-martinique.fr\/ash\/wp-content\/uploads\/sites\/7\/2024\/12\/lpi-procedure-1ere-connexion-v2.pptx\" class=\"wp-block-file__button wp-element-button\" download aria-describedby=\"wp-block-file--media-b809cdfa-4804-4fdb-b280-d539bc812790\">T\u00e9l\u00e9charger<\/a><\/div>\n\n\n\n<p class=\"has-vivid-purple-color has-text-color has-link-color has-large-font-size wp-elements-a2cfd0494b6e7007d732c55efb215a76\"><strong>Les guides de saisie des livrets <\/strong><\/p>\n\n\n\n<h2 class=\"wp-block-heading has-vivid-purple-color has-text-color has-link-color wp-elements-87b7a17ba0c59bab41582b91d1a7b8dd\" id=\"summary-item-5\">Cr\u00e9ation de livrets<\/h2>\n\n\n\n<p><a href=\"https:\/\/eduscol.education.fr\/document\/11897\/download\" target=\"_blank\" rel=\"noreferrer noopener\">Guide directeur d&rsquo;\u00e9cole<\/a><\/p>\n\n\n\n<p><a href=\"https:\/\/eduscol.education.fr\/document\/11900\/download\" data-type=\"link\" data-id=\"https:\/\/eduscol.education.fr\/document\/11900\/download\" target=\"_blank\" rel=\"noreferrer noopener\">Guide chef d&rsquo;\u00e9tablissement <\/a><\/p>\n\n\n\n<p><a href=\"https:\/\/eduscol.education.fr\/document\/11903\/download\">Guide utilisateur Enseignant<\/a><\/p>\n\n\n\n<p><a href=\"https:\/\/eduscol.education.fr\/document\/58446\/download\">Guide utilisateur CT ASH<\/a><\/p>\n\n\n\n<p><a href=\"https:\/\/eduscol.education.fr\/document\/58449\/download\">Guide utilisateur IA DASEN<\/a><\/p>\n\n\n\n<p><a href=\"https:\/\/eduscol.education.fr\/document\/58452\/download\">Guide utilisateur IEN ASH<\/a><\/p>\n\n\n\n<p><a href=\"https:\/\/eduscol.education.fr\/document\/61589\/download\">Guide utilisateur &nbsp;Gestion des PEX<\/a> <\/p>\n\n\n\n<p><a href=\"https:\/\/eduscol.education.fr\/document\/61591\/download\">Guide utilisateur IEN CCPD \/ IEN CCDP d\u00e9sign\u00e9<\/a><\/p>\n\n\n\n<p> <a href=\"https:\/\/eduscol.education.fr\/document\/62046\/download\">Guide utilisateur Enseignant RASED<\/a><\/p>\n\n\n\n<p> <a href=\"https:\/\/eduscol.education.fr\/document\/62043\/download\">Guide utilisateur ERSEH<\/a> <\/p>\n\n\n\n<p><a href=\"https:\/\/eduscol.education.fr\/document\/62040\/download\">Guide utilisateur IEN IO<\/a><\/p>\n\n\n\n<p> <a href=\"https:\/\/eduscol.education.fr\/document\/62034\/download\">Guide utilisateur Enseignant UPE2A\/UPS<\/a> <\/p>\n\n\n\n<p><a href=\"https:\/\/eduscol.education.fr\/document\/62037\/download\">Guide utilisateur Psychologues EN 1D et 2D<\/a> <\/p>\n\n\n\n<p><a href=\"https:\/\/eduscol.education.fr\/document\/62049\/download\">Guide utilisateur ADSI<\/a> <\/p>\n\n\n\n<ul class=\"wp-block-list\">\n<li><a href=\"https:\/\/eduscol.education.fr\/document\/11957\/download\">Cr\u00e9ation d\u2019un livret &#8211; version b\u00eata<\/a><\/li>\n\n\n\n<li><a href=\"https:\/\/eduscol.education.fr\/document\/11954\/download\">Cr\u00e9ation d\u2019un Programme Personnalis\u00e9 de R\u00e9ussite \u00c9ducative (PPRE) &#8211; version b\u00eata<\/a><\/li>\n\n\n\n<li><a href=\"https:\/\/eduscol.education.fr\/document\/11951\/download\">Cr\u00e9ation d\u2019un Plan d&rsquo;Accompagnement Personnalis\u00e9 (PAP) &#8211; version b\u00eata<\/a><\/li>\n\n\n\n<li><a href=\"https:\/\/eduscol.education.fr\/document\/11948\/download\">Cr\u00e9ation d\u2019un Guide d\u2019\u00e9valuation des besoins de compensation en mati\u00e8re de scolarisation &#8211; GEVA-Sco 1<sup>re<\/sup> demande &#8211; version b\u00eata<\/a><\/li>\n\n\n\n<li><a href=\"https:\/\/eduscol.education.fr\/document\/11945\/download\">Cr\u00e9ation du document de mise en \u0153uvre du Projet Personnalis\u00e9 de Scolarisation (PPS) &#8211; version b\u00eata<\/a><\/li>\n<\/ul>\n\n\n\n<p><\/p>\n\n\n\n<p class=\"has-vivid-purple-color has-text-color has-link-color has-large-font-size wp-elements-aabbad4c252f781c674dc1755eba0d3c\">Le Livret parcours inclusif expliqu\u00e9 aux parents <\/p>\n\n\n\n<p>Le LPI est accessible aux familles depuis la rentr\u00e9e scolaire 2023. Les parents d\u2019\u00e9l\u00e8ves, d\u00e8s lors qu\u2019un am\u00e9nagement ou un dispositif PPS, PAP, PPRE, GEVA-Sco 1<sup>re<\/sup> demande, a \u00e9t\u00e9 mis en place dans le LPI par l\u2019\u00e9quipe p\u00e9dagogique, peuvent acc\u00e9der \u00e0 une synth\u00e8se des informations saisies.<\/p>\n\n\n\n<div data-wp-interactive=\"core\/file\" class=\"wp-block-file\"><object data-wp-bind--hidden=\"!state.hasPdfPreview\" hidden class=\"wp-block-file__embed\" data=\"https:\/\/site.ac-martinique.fr\/ash\/wp-content\/uploads\/sites\/7\/2024\/12\/lpi_affiche_familles_2023-2024_vc.pdf\" type=\"application\/pdf\" style=\"width:100%;height:600px\" aria-label=\"Contenu embarqu\u00e9 lpi_affiche_familles_2023-2024_vc.\"><\/object><a id=\"wp-block-file--media-2ce1ad0e-4b35-4565-8ccb-056843b5ed81\" href=\"https:\/\/site.ac-martinique.fr\/ash\/wp-content\/uploads\/sites\/7\/2024\/12\/lpi_affiche_familles_2023-2024_vc.pdf\">lpi_affiche_familles_2023-2024_vc<\/a><a href=\"https:\/\/site.ac-martinique.fr\/ash\/wp-content\/uploads\/sites\/7\/2024\/12\/lpi_affiche_familles_2023-2024_vc.pdf\" class=\"wp-block-file__button wp-element-button\" download aria-describedby=\"wp-block-file--media-2ce1ad0e-4b35-4565-8ccb-056843b5ed81\">T\u00e9l\u00e9charger<\/a><\/div>\n\n\n\n<div data-wp-interactive=\"core\/file\" class=\"wp-block-file\"><object data-wp-bind--hidden=\"!state.hasPdfPreview\" hidden class=\"wp-block-file__embed\" data=\"https:\/\/site.ac-martinique.fr\/ash\/wp-content\/uploads\/sites\/7\/2024\/12\/teleservice_parcours_inclusif.pdf\" type=\"application\/pdf\" style=\"width:100%;height:600px\" aria-label=\"Contenu embarqu\u00e9 teleservice_parcours_inclusif.\"><\/object><a id=\"wp-block-file--media-7a1631fd-7e2f-4c1b-b76c-dcfa3d66fe3d\" href=\"https:\/\/site.ac-martinique.fr\/ash\/wp-content\/uploads\/sites\/7\/2024\/12\/teleservice_parcours_inclusif.pdf\">teleservice_parcours_inclusif<\/a><a href=\"https:\/\/site.ac-martinique.fr\/ash\/wp-content\/uploads\/sites\/7\/2024\/12\/teleservice_parcours_inclusif.pdf\" class=\"wp-block-file__button wp-element-button\" download aria-describedby=\"wp-block-file--media-7a1631fd-7e2f-4c1b-b76c-dcfa3d66fe3d\">T\u00e9l\u00e9charger<\/a><\/div>\n\n\n\n<p>Une information \u00e0 destination des familles est automatiquement g\u00e9n\u00e9r\u00e9e lors de l\u2019\u00e9dition de la synth\u00e8se du livret.<\/p>\n\n\n\n<div data-wp-interactive=\"core\/file\" class=\"wp-block-file\"><object data-wp-bind--hidden=\"!state.hasPdfPreview\" hidden class=\"wp-block-file__embed\" data=\"https:\/\/site.ac-martinique.fr\/ash\/wp-content\/uploads\/sites\/7\/2024\/12\/mentions-informatives-2022.pdf\" type=\"application\/pdf\" style=\"width:100%;height:600px\" aria-label=\"Contenu embarqu\u00e9 mentions-informatives-2022.\"><\/object><a id=\"wp-block-file--media-847a4340-9596-4fbe-9261-3a40b3aed6f4\" href=\"https:\/\/site.ac-martinique.fr\/ash\/wp-content\/uploads\/sites\/7\/2024\/12\/mentions-informatives-2022.pdf\">mentions-informatives-2022<\/a><a href=\"https:\/\/site.ac-martinique.fr\/ash\/wp-content\/uploads\/sites\/7\/2024\/12\/mentions-informatives-2022.pdf\" class=\"wp-block-file__button wp-element-button\" download aria-describedby=\"wp-block-file--media-847a4340-9596-4fbe-9261-3a40b3aed6f4\">T\u00e9l\u00e9charger<\/a><\/div>\n\n\n\n<p class=\"has-vivid-purple-color has-text-color has-link-color has-large-font-size wp-elements-43ea9aa409c23dd135ddbb0753a590c1\">Glossaire LPI (sigles)<\/p>\n\n\n\n<div data-wp-interactive=\"core\/file\" class=\"wp-block-file\"><object data-wp-bind--hidden=\"!state.hasPdfPreview\" hidden class=\"wp-block-file__embed\" data=\"https:\/\/site.ac-martinique.fr\/ash\/wp-content\/uploads\/sites\/7\/2024\/12\/GLOSSAIRE-LPI.pdf\" type=\"application\/pdf\" style=\"width:100%;height:600px\" aria-label=\"Contenu embarqu\u00e9 GLOSSAIRE LPI.\"><\/object><a id=\"wp-block-file--media-f4467cab-65a7-428f-b216-5abdb8e1d287\" href=\"https:\/\/site.ac-martinique.fr\/ash\/wp-content\/uploads\/sites\/7\/2024\/12\/GLOSSAIRE-LPI.pdf\">GLOSSAIRE LPI<\/a><a href=\"https:\/\/site.ac-martinique.fr\/ash\/wp-content\/uploads\/sites\/7\/2024\/12\/GLOSSAIRE-LPI.pdf\" class=\"wp-block-file__button wp-element-button\" download aria-describedby=\"wp-block-file--media-f4467cab-65a7-428f-b216-5abdb8e1d287\">T\u00e9l\u00e9charger<\/a><\/div>\n\n\n\n<figure class=\"wp-block-image size-full is-resized\"><a href=\"https:\/\/eduscol.education.fr\/2506\/le-livret-de-parcours-inclusif-lpi\"><img loading=\"lazy\" decoding=\"async\" width=\"254\" height=\"84\" src=\"https:\/\/site.ac-martinique.fr\/ash\/wp-content\/uploads\/sites\/7\/2024\/12\/eduscol.jpg\" alt=\"\" class=\"wp-image-2948\" style=\"width:110px;height:auto\"\/><\/a><\/figure>\n\n\n\n<p>Lien Eduscol: <a href=\"https:\/\/eduscol.education.fr\/2506\/le-livret-de-parcours-inclusif-lpi\" data-type=\"link\" data-id=\"https:\/\/eduscol.education.fr\/2506\/le-livret-de-parcours-inclusif-lpi\" target=\"_blank\" rel=\"noreferrer noopener\">https:\/\/eduscol.education.fr\/2506\/le-livret-de-parcours-inclusif-lpi<\/a><\/p>\n\n\n\n<p><\/p>\n","protected":false},"excerpt":{"rendered":"<p>Pr\u00e9sentation du LPI Le livret de parcours inclusif est : Les am\u00e9nagements et adaptations sont regroup\u00e9s dans trois grands domaines: Vous aurez acc\u00e8s \u00e0 une banque de donn\u00e9es de r\u00e9ponses p\u00e9dagogiques, \u00e0 cocher. Il vous est possible de pr\u00e9ciser l&rsquo;am\u00e9nagement choisi. Voir la vid\u00e9o de pr\u00e9sentation du LPI : https:\/\/www.youtube.com\/watch?v=e59usyz_ZQg Les plans via le LPI &hellip; <\/p>\n<p><a class=\"more-link btn\" href=\"https:\/\/site.ac-martinique.fr\/ash\/?page_id=2927\">Lire la suite<\/a><\/p>\n","protected":false},"author":484,"featured_media":0,"parent":2929,"menu_order":0,"comment_status":"closed","ping_status":"closed","template":"","meta":{"footnotes":""},"class_list":["post-2927","page","type-page","status-publish","hentry","nodate","item-wrap"],"_links":{"self":[{"href":"https:\/\/site.ac-martinique.fr\/ash\/index.php?rest_route=\/wp\/v2\/pages\/2927","targetHints":{"allow":["GET"]}}],"collection":[{"href":"https:\/\/site.ac-martinique.fr\/ash\/index.php?rest_route=\/wp\/v2\/pages"}],"about":[{"href":"https:\/\/site.ac-martinique.fr\/ash\/index.php?rest_route=\/wp\/v2\/types\/page"}],"author":[{"embeddable":true,"href":"https:\/\/site.ac-martinique.fr\/ash\/index.php?rest_route=\/wp\/v2\/users\/484"}],"replies":[{"embeddable":true,"href":"https:\/\/site.ac-martinique.fr\/ash\/index.php?rest_route=%2Fwp%2Fv2%2Fcomments&post=2927"}],"version-history":[{"count":14,"href":"https:\/\/site.ac-martinique.fr\/ash\/index.php?rest_route=\/wp\/v2\/pages\/2927\/revisions"}],"predecessor-version":[{"id":3108,"href":"https:\/\/site.ac-martinique.fr\/ash\/index.php?rest_route=\/wp\/v2\/pages\/2927\/revisions\/3108"}],"up":[{"embeddable":true,"href":"https:\/\/site.ac-martinique.fr\/ash\/index.php?rest_route=\/wp\/v2\/pages\/2929"}],"wp:attachment":[{"href":"https:\/\/site.ac-martinique.fr\/ash\/index.php?rest_route=%2Fwp%2Fv2%2Fmedia&parent=2927"}],"curies":[{"name":"wp","href":"https:\/\/api.w.org\/{rel}","templated":true}]}}