{"id":2581,"date":"2020-11-19T14:21:00","date_gmt":"2020-11-19T14:21:00","guid":{"rendered":"\/cardie\/?page_id=2581"},"modified":"2021-12-03T02:00:54","modified_gmt":"2021-12-03T02:00:54","slug":"nos-projets-laureats-aux-jni","status":"publish","type":"page","link":"https:\/\/site.ac-martinique.fr\/cardie\/?page_id=2581","title":{"rendered":"Nos projets laur\u00e9ats aux JNI"},"content":{"rendered":"\n<p>Trois projets accompagn\u00e9s par la Cardie de l&#8217;acad\u00e9mie de Martinique&nbsp; ont \u00e9t\u00e9 distingu\u00e9s lors des journ\u00e9es nationales de l&#8217;innovation<\/p>\n\n\n\n<p><\/p>\n\n\n\n<ul class=\"wp-block-list\"><li>Journ\u00e9e nationale de l&#8217;innovation 2021<\/li><\/ul>\n\n\n\n<figure class=\"wp-block-image size-large\"><a href=\"https:\/\/site.ac-martinique.fr\/cardie\/wp-content\/uploads\/sites\/8\/2021\/12\/JNI-2021-Tissons-la-toile-de-Babel.png\"><img loading=\"lazy\" decoding=\"async\" width=\"790\" height=\"1024\" src=\"https:\/\/site.ac-martinique.fr\/cardie\/wp-content\/uploads\/sites\/8\/2021\/12\/JNI-2021-Tissons-la-toile-de-Babel-790x1024.png\" alt=\"\" class=\"wp-image-2690\" srcset=\"https:\/\/site.ac-martinique.fr\/cardie\/wp-content\/uploads\/sites\/8\/2021\/12\/JNI-2021-Tissons-la-toile-de-Babel-790x1024.png 790w, https:\/\/site.ac-martinique.fr\/cardie\/wp-content\/uploads\/sites\/8\/2021\/12\/JNI-2021-Tissons-la-toile-de-Babel-231x300.png 231w, https:\/\/site.ac-martinique.fr\/cardie\/wp-content\/uploads\/sites\/8\/2021\/12\/JNI-2021-Tissons-la-toile-de-Babel-768x996.png 768w, https:\/\/site.ac-martinique.fr\/cardie\/wp-content\/uploads\/sites\/8\/2021\/12\/JNI-2021-Tissons-la-toile-de-Babel-1185x1536.png 1185w, https:\/\/site.ac-martinique.fr\/cardie\/wp-content\/uploads\/sites\/8\/2021\/12\/JNI-2021-Tissons-la-toile-de-Babel-1580x2048.png 1580w, https:\/\/site.ac-martinique.fr\/cardie\/wp-content\/uploads\/sites\/8\/2021\/12\/JNI-2021-Tissons-la-toile-de-Babel.png 1996w\" sizes=\"auto, (max-width: 790px) 100vw, 790px\" \/><\/a><\/figure>\n\n\n\n<ul class=\"wp-block-list\"><li>Journ\u00e9e nationale de l&#8217;innovation 2020<\/li><\/ul>\n\n\n\n<figure class=\"wp-block-image size-large\"><a href=\"https:\/\/site.ac-martinique.fr\/cardie\/wp-content\/uploads\/sites\/8\/2021\/12\/JNI-2020-Rangers-junior.png\"><img loading=\"lazy\" decoding=\"async\" width=\"790\" height=\"1024\" src=\"https:\/\/site.ac-martinique.fr\/cardie\/wp-content\/uploads\/sites\/8\/2021\/12\/JNI-2020-Rangers-junior-790x1024.png\" alt=\"\" class=\"wp-image-2689\" srcset=\"https:\/\/site.ac-martinique.fr\/cardie\/wp-content\/uploads\/sites\/8\/2021\/12\/JNI-2020-Rangers-junior-790x1024.png 790w, https:\/\/site.ac-martinique.fr\/cardie\/wp-content\/uploads\/sites\/8\/2021\/12\/JNI-2020-Rangers-junior-231x300.png 231w, https:\/\/site.ac-martinique.fr\/cardie\/wp-content\/uploads\/sites\/8\/2021\/12\/JNI-2020-Rangers-junior-768x996.png 768w, https:\/\/site.ac-martinique.fr\/cardie\/wp-content\/uploads\/sites\/8\/2021\/12\/JNI-2020-Rangers-junior-1185x1536.png 1185w, https:\/\/site.ac-martinique.fr\/cardie\/wp-content\/uploads\/sites\/8\/2021\/12\/JNI-2020-Rangers-junior-1579x2048.png 1579w, https:\/\/site.ac-martinique.fr\/cardie\/wp-content\/uploads\/sites\/8\/2021\/12\/JNI-2020-Rangers-junior.png 2002w\" sizes=\"auto, (max-width: 790px) 100vw, 790px\" \/><\/a><\/figure>\n\n\n\n<p>Laur\u00e9at national dans la cat\u00e9gorie &#8220;S&#8217;engager, agir, coop\u00e9rer pour apprendre&#8221;<br>RANGERS JUNIOR du Coll\u00e8ge Edouard GLISSANT du Lamentin.<\/p>\n\n\n\n<p><iframe loading=\"lazy\" src=\"https:\/\/tube-outremer.beta.education.fr\/videos\/embed\/8375ea48-a7db-4c8f-a7a8-0412ebb0476f\" width=\"560\" height=\"315\" frameborder=\"0\" sandbox=\"allow-same-origin allow-scripts allow-popups\" allowfullscreen=\"allowfullscreen\"><\/iframe><\/p>\n\n\n\n<p><\/p>\n\n\n\n<ul class=\"wp-block-list\"><li>Journ\u00e9es nationales de l&#8217;innovation 2013<\/li><\/ul>\n\n\n\n<figure class=\"wp-block-image size-large\"><a href=\"https:\/\/site.ac-martinique.fr\/cardie\/wp-content\/uploads\/sites\/8\/2021\/12\/JNI-2013-Coobservation.png\"><img loading=\"lazy\" decoding=\"async\" width=\"771\" height=\"1024\" src=\"https:\/\/site.ac-martinique.fr\/cardie\/wp-content\/uploads\/sites\/8\/2021\/12\/JNI-2013-Coobservation-771x1024.png\" alt=\"\" class=\"wp-image-2691\" srcset=\"https:\/\/site.ac-martinique.fr\/cardie\/wp-content\/uploads\/sites\/8\/2021\/12\/JNI-2013-Coobservation-771x1024.png 771w, https:\/\/site.ac-martinique.fr\/cardie\/wp-content\/uploads\/sites\/8\/2021\/12\/JNI-2013-Coobservation-226x300.png 226w, https:\/\/site.ac-martinique.fr\/cardie\/wp-content\/uploads\/sites\/8\/2021\/12\/JNI-2013-Coobservation-768x1021.png 768w, https:\/\/site.ac-martinique.fr\/cardie\/wp-content\/uploads\/sites\/8\/2021\/12\/JNI-2013-Coobservation-1156x1536.png 1156w, https:\/\/site.ac-martinique.fr\/cardie\/wp-content\/uploads\/sites\/8\/2021\/12\/JNI-2013-Coobservation-1541x2048.png 1541w, https:\/\/site.ac-martinique.fr\/cardie\/wp-content\/uploads\/sites\/8\/2021\/12\/JNI-2013-Coobservation.png 1994w\" sizes=\"auto, (max-width: 771px) 100vw, 771px\" \/><\/a><\/figure>\n\n\n\n<p>Prix de l&#8217;innovation p\u00e9dagogique<br>Co-observer pour favoriser le d\u00e9veloppement professionnel, du coll\u00e8ge J&amp;E ADENET du Fran\u00e7ois<\/p>\n\n\n\n<figure class=\"wp-block-embed is-type-video is-provider-youtube wp-block-embed-youtube wp-embed-aspect-16-9 wp-has-aspect-ratio\"><div class=\"wp-block-embed__wrapper\">\n<iframe loading=\"lazy\" title=\"Co-observer pour favoriser le de\u0301veloppement professionnel  #eduinov\" width=\"1000\" height=\"563\" src=\"https:\/\/www.youtube.com\/embed\/UyBtoqavVjM?feature=oembed\" frameborder=\"0\" allow=\"accelerometer; autoplay; clipboard-write; encrypted-media; gyroscope; picture-in-picture\" allowfullscreen><\/iframe>\n<\/div><\/figure>\n","protected":false},"excerpt":{"rendered":"<p>Trois projets accompagn\u00e9s par la Cardie de l&#8217;acad\u00e9mie de Martinique&nbsp; ont \u00e9t\u00e9 distingu\u00e9s lors des journ\u00e9es nationales de l&#8217;innovation Journ\u00e9e nationale de l&#8217;innovation 2021 Journ\u00e9e nationale de l&#8217;innovation 2020 Laur\u00e9at national dans la cat\u00e9gorie &#8220;S&#8217;engager, agir, coop\u00e9rer pour apprendre&#8221;RANGERS JUNIOR du Coll\u00e8ge Edouard GLISSANT du Lamentin. Journ\u00e9es nationales de l&#8217;innovation&#8230; <a class=\"continue-reading-link\" href=\"https:\/\/site.ac-martinique.fr\/cardie\/?page_id=2581\"> Continue reading <span class=\"meta-nav\">&rarr; <\/span><\/a><\/p>\n","protected":false},"author":11,"featured_media":0,"parent":0,"menu_order":0,"comment_status":"closed","ping_status":"closed","template":"","meta":{"footnotes":""},"class_list":["post-2581","page","type-page","status-publish","hentry"],"_links":{"self":[{"href":"https:\/\/site.ac-martinique.fr\/cardie\/index.php?rest_route=\/wp\/v2\/pages\/2581","targetHints":{"allow":["GET"]}}],"collection":[{"href":"https:\/\/site.ac-martinique.fr\/cardie\/index.php?rest_route=\/wp\/v2\/pages"}],"about":[{"href":"https:\/\/site.ac-martinique.fr\/cardie\/index.php?rest_route=\/wp\/v2\/types\/page"}],"author":[{"embeddable":true,"href":"https:\/\/site.ac-martinique.fr\/cardie\/index.php?rest_route=\/wp\/v2\/users\/11"}],"replies":[{"embeddable":true,"href":"https:\/\/site.ac-martinique.fr\/cardie\/index.php?rest_route=%2Fwp%2Fv2%2Fcomments&post=2581"}],"version-history":[{"count":2,"href":"https:\/\/site.ac-martinique.fr\/cardie\/index.php?rest_route=\/wp\/v2\/pages\/2581\/revisions"}],"predecessor-version":[{"id":2692,"href":"https:\/\/site.ac-martinique.fr\/cardie\/index.php?rest_route=\/wp\/v2\/pages\/2581\/revisions\/2692"}],"wp:attachment":[{"href":"https:\/\/site.ac-martinique.fr\/cardie\/index.php?rest_route=%2Fwp%2Fv2%2Fmedia&parent=2581"}],"curies":[{"name":"wp","href":"https:\/\/api.w.org\/{rel}","templated":true}]}}