{"id":20,"date":"2022-09-09T12:14:31","date_gmt":"2022-09-09T16:14:31","guid":{"rendered":"https:\/\/site.ac-martinique.fr\/circonscription-marigot\/?page_id=20"},"modified":"2025-09-12T10:54:31","modified_gmt":"2025-09-12T14:54:31","slug":"nos-ecoles-nos-reseaux","status":"publish","type":"page","link":"https:\/\/site.ac-martinique.fr\/circonscription-marigot\/?page_id=20","title":{"rendered":"Nos \u00e9coles, nos r\u00e9seaux"},"content":{"rendered":"\n<h2 class=\"wp-block-heading has-text-color\" style=\"color:#008cfe\"><strong>LORRAIN:<\/strong><\/h2>\n\n\n\n<p class=\"has-text-color\" style=\"color:#008cfe\">REP+ Hubert N\u00c9RO : <em><a href=\"https:\/\/site.ac-martinique.fr\/circonscription-marigot\/?page_id=1057\" data-type=\"page\" data-id=\"1057\">actualit\u00e9s<\/a><\/em><br><a href=\"https:\/\/sites.google.com\/view\/repphubertnero\/accueil\" target=\"_blank\" rel=\"noreferrer noopener\">https:\/\/sites.google.com\/view\/repphubertnero\/accueil<\/a><\/p>\n\n\n\n<p class=\"has-text-color\" style=\"color:#008cfe\"><a rel=\"noreferrer noopener\" href=\"https:\/\/www.education.gouv.fr\/annuaire\/97214\/le-lorrain\/ecole\/9720208u\/ecole-maternelle-georges-oliny.html\" target=\"_blank\">Maternelle Georges OLINY<\/a>   -&gt;  <em><a rel=\"noreferrer noopener\" href=\"https:\/\/goo.gl\/maps\/1SHP43ps3Yj96Zkf8\" target=\"_blank\">itin\u00e9raire<\/a><\/em><br><br><a href=\"https:\/\/www.education.gouv.fr\/annuaire\/97214\/le-lorrain\/ecole\/9720477l\/ecole-maternelle-carabin.html\">Maternelle Carabin<\/a>  -&gt; <a rel=\"noreferrer noopener\" href=\"https:\/\/goo.gl\/maps\/M8N8bvppqD592jyMA\" target=\"_blank\">itin\u00e9raire<\/a><br><br><a href=\"https:\/\/www.education.gouv.fr\/annuaire\/97214\/le-lorrain\/ecole\/9720209v\/ecole-elementaire-leon-cecile.html\">\u00c9l\u00e9mentaire L\u00e9on C\u00c9CILE<\/a>    -&gt; <a rel=\"noreferrer noopener\" href=\"https:\/\/goo.gl\/maps\/LwsYYp4rx8RwCTTt9\" target=\"_blank\">itin\u00e9raire<\/a><br><br><a href=\"https:\/\/www.education.gouv.fr\/annuaire\/97214\/le-lorrain\/ecole\/9720734r\/ecole-elementaire-isidore-pierre-louis.html\">\u00c9l\u00e9mentaire Isidore PIERRE-LOUIS<\/a>   -&gt; <a rel=\"noreferrer noopener\" href=\"https:\/\/goo.gl\/maps\/e6FnS2VohA4wy7oS7\" target=\"_blank\">itin\u00e9raire<\/a><br><br><a href=\"https:\/\/www.education.gouv.fr\/annuaire\/97214\/le-lorrain\/ecole\/9720211x\/ecole-primaire-maxime.html\">Primaire Maxime<\/a>   -&gt; <a rel=\"noreferrer noopener\" href=\"https:\/\/goo.gl\/maps\/c3uVWEQbyysPA73S8\" target=\"_blank\">itin\u00e9raire<\/a><br><br><a href=\"https:\/\/www.education.gouv.fr\/annuaire\/97214\/le-lorrain\/ecole\/9720212y\/ecole-primaire-berteau-marie-rose.html\">Primaire Berteau MARIE-ROSE<\/a>   -&gt;  <a rel=\"noreferrer noopener\" href=\"https:\/\/goo.gl\/maps\/zdJkHSMhQdfSg37R9\" target=\"_blank\">itin\u00e9raire<\/a><\/p>\n\n\n\n<h2 class=\"wp-block-heading has-text-color\" style=\"color:#fe7600\"><strong>MARIGOT :<\/strong><\/h2>\n\n\n\n<p class=\"has-text-color\" style=\"color:#fe7600\">REP Eug\u00e8ne MONA : <em><a href=\"https:\/\/site.ac-martinique.fr\/circonscription-marigot\/?page_id=1686\" data-type=\"page\" data-id=\"1686\">actualit\u00e9s<\/a><\/em><\/p>\n\n\n\n<p class=\"has-text-color\" style=\"color:#fe7600\"><a href=\"https:\/\/www.education.gouv.fr\/annuaire\/97225\/le-marigot\/ecole\/9720219f\/ecole-maternelle.html\">Maternelle Bourg MARIGOT<\/a>   -&gt;  <a rel=\"noreferrer noopener\" href=\"https:\/\/goo.gl\/maps\/aZP6wuDX6M3uqkPS6\" target=\"_blank\">itin\u00e9raire<\/a><br><br><a href=\"https:\/\/www.education.gouv.fr\/annuaire\/97225\/le-marigot\/ecole\/9720218e\/ecole-elementaire-baignoire.html\">\u00c9l\u00e9mentaire Baignoire<\/a>   -&gt; <a rel=\"noreferrer noopener\" href=\"https:\/\/goo.gl\/maps\/PD1D6NLynk5hzsj27\" target=\"_blank\">itin\u00e9raire<\/a><br><br><a href=\"https:\/\/www.education.gouv.fr\/annuaire\/97225\/le-marigot\/ecole\/9720220g\/ecole-primaire-valentine-bredas.html\">Primaire Valentine BREDAS<\/a>   -&gt; <a rel=\"noreferrer noopener\" href=\"https:\/\/goo.gl\/maps\/LWDkNbNJnDG2C3cs5\" target=\"_blank\">itin\u00e9raire<\/a><\/p>\n\n\n\n<h2 class=\"wp-block-heading has-text-color\" style=\"color:#0fb800\"><strong>SAINTE-MARIE :<\/strong><\/h2>\n\n\n\n<p class=\"has-text-color\" style=\"color:#0fb800\">REP + Emmanuel SALD\u00c8S : <em><a href=\"https:\/\/site.ac-martinique.fr\/circonscription-marigot\/?page_id=1680\" data-type=\"page\" data-id=\"1680\">actualit\u00e9s<\/a><\/em><\/p>\n\n\n\n<p class=\"has-text-color\" style=\"color:#0fb800;font-size:15px\"><a href=\"https:\/\/www.education.gouv.fr\/annuaire\/97230\/sainte-marie\/ecole\/9720303x\/ecole-maternelle-les-allamandas.html\">Maternelle Allamandas<\/a> -&gt; <a rel=\"noreferrer noopener\" href=\"https:\/\/goo.gl\/maps\/ELwVdB2gx8TgL3ZG9\" target=\"_blank\">itin\u00e9raire<\/a><br><br><a href=\"https:\/\/www.education.gouv.fr\/annuaire\/97230\/sainte-marie\/ecole\/9720304y\/ecole-maternelle-les-boutons-d-or.html\">Maternelle Bouton d&rsquo;or<\/a> -&gt; <a rel=\"noreferrer noopener\" href=\"https:\/\/goo.gl\/maps\/L8Hjb1iL4sRF7FiX9\" target=\"_blank\">itin\u00e9raire<\/a><\/p>\n\n\n\n<p><a href=\"https:\/\/www.education.gouv.fr\/annuaire\/97230\/sainte-marie\/ecole\/9720300u\/ecole-elementaire-henri-guedon.html\">\u00c9l\u00e9mentaire Henri GU\u00c9DON<\/a> (\u00e0 Rodolphe RICHER et J\u00e9r\u00f4me MERCAN)<\/p>\n\n\n\n<p class=\"has-text-color\" style=\"color:#0fb800\"><a href=\"https:\/\/www.education.gouv.fr\/annuaire\/97230\/sainte-marie\/ecole\/9720308c\/ecole-primaire-euloge-astar.html\">Primaire Euloge ASTAR<\/a> -&gt; <a href=\"https:\/\/goo.gl\/maps\/HrmA2qDhK8qRymgX9\" rel=\"noreferrer noopener\" target=\"_blank\">itin\u00e9raire<\/a><\/p>\n\n\n\n<p class=\"has-text-color\" style=\"color:#0fb800\"><a href=\"https:\/\/www.education.gouv.fr\/annuaire\/97230\/sainte-marie\/ecole\/9720316l\/ecole-primaire-reculee.html\">Primaire Suzette MARVEAUX<\/a> -> <a href=\"https:\/\/goo.gl\/maps\/z3VxP6e4qMmsiURF6\" target=\"_blank\" rel=\"noreferrer noopener\">itin\u00e9raire<\/a><\/p>\n\n\n\n<p class=\"has-text-color\" style=\"color:#0fb800\"><a href=\"https:\/\/www.education.gouv.fr\/annuaire\/97230\/sainte-marie\/ecole\/9720317m\/ecole-primaire-les-jacquiers.html\">Primaire Les Jacquiers<\/a> -&gt; <a rel=\"noreferrer noopener\" href=\"https:\/\/goo.gl\/maps\/o2qHtGwbMrMkJydx9\" target=\"_blank\">itin\u00e9raire<\/a><\/p>\n\n\n\n<hr class=\"wp-block-separator has-alpha-channel-opacity\"\/>\n\n\n\n<p class=\"has-text-color\" style=\"color:#0fb800\">REP MORNE DES ESSES : <em><a href=\"https:\/\/site.ac-martinique.fr\/circonscription-marigot\/?page_id=1684\" data-type=\"page\" data-id=\"1684\">actualit\u00e9s<\/a><\/em><\/p>\n\n\n\n<p class=\"has-text-color\" style=\"color:#0fb800;font-size:15px\"><a href=\"https:\/\/www.education.gouv.fr\/annuaire\/97230\/sainte-marie\/ecole\/9720312g\/ecole-maternelle-le-kachibou.html\">Maternelle Kachibou<\/a> -&gt; <a rel=\"noreferrer noopener\" href=\"https:\/\/goo.gl\/maps\/z4ysBFJn9q1cH3pw8\" target=\"_blank\">itin\u00e9raire<\/a><br><br><a href=\"https:\/\/www.education.gouv.fr\/annuaire\/97230\/sainte-marie\/ecole\/9720310e\/ecole-elementaire-felix-lorne.html\">\u00c9l\u00e9mentaire F\u00e9lix LORNE<\/a> -&gt; <a rel=\"noreferrer noopener\" href=\"https:\/\/goo.gl\/maps\/yaSE113YLgo3h6Hj8\" target=\"_blank\">itin\u00e9raire<\/a><br><br><a href=\"https:\/\/www.education.gouv.fr\/annuaire\/97230\/sainte-marie\/ecole\/9720704h\/ecole-elementaire-francois-grosy.html\">\u00c9l\u00e9mentaire Fran\u00e7ois GROSY<\/a>  -&gt; <a rel=\"noreferrer noopener\" href=\"https:\/\/goo.gl\/maps\/JbJCM4qFQRvbxxTN6\" target=\"_blank\">itin\u00e9raire<\/a><br><br><a href=\"https:\/\/www.education.gouv.fr\/annuaire\/97230\/sainte-marie\/ecole\/9720315k\/ecole-primaire-yvette-hilarus.html\">Primaire Yvette HILARUS<\/a> -&gt; <a rel=\"noreferrer noopener\" href=\"https:\/\/goo.gl\/maps\/SwjDXVeCvPzVSG47A\" target=\"_blank\">itin\u00e9raire<\/a><\/p>\n\n\n\n<hr class=\"wp-block-separator has-alpha-channel-opacity\"\/>\n\n\n\n<p class=\"has-text-color\" style=\"color:#0fb800\">HEP Joseph LAGROSILLI\u00c8RE : <em><a href=\"https:\/\/site.ac-martinique.fr\/circonscription-marigot\/?page_id=1697\" data-type=\"page\" data-id=\"1697\">actualit\u00e9s<\/a><\/em><\/p>\n\n\n\n<p class=\"has-text-color\" style=\"color:#0fb800;font-size:15px\"><a href=\"https:\/\/www.education.gouv.fr\/annuaire\/97230\/sainte-marie\/ecole\/9720689s\/ecole-maternelle-pauline-nogard.html\">Maternelle Pauline NOGARD<\/a>  -&gt; <a rel=\"noreferrer noopener\" href=\"https:\/\/goo.gl\/maps\/vGW3b7rzTu4kyJeTA\" target=\"_blank\">itin\u00e9raire<\/a><br><br><a href=\"https:\/\/www.education.gouv.fr\/annuaire\/97230\/sainte-marie\/ecole\/9720301v\/ecole-elementaire-rodolphe-richer.html\">\u00c9l\u00e9mentaire Rodolphe RICHER<\/a>  -&gt; <a rel=\"noreferrer noopener\" href=\"https:\/\/goo.gl\/maps\/hkZmy1Gqq5DSZEb89\" target=\"_blank\">itin\u00e9raire<\/a><br><br><a href=\"https:\/\/www.education.gouv.fr\/annuaire\/97230\/sainte-marie\/ecole\/9720305z\/ecole-elementaire-marcel-cassilde.html\">\u00c9l\u00e9mentaire Marcel CASSILD\u00c9<\/a>  -&gt; <a rel=\"noreferrer noopener\" href=\"https:\/\/goo.gl\/maps\/18R9Bh2y5w5Lt9oR7\" target=\"_blank\">itin\u00e9raire<\/a><br><br><a href=\"https:\/\/www.education.gouv.fr\/annuaire\/97230\/sainte-marie\/ecole\/9720307b\/ecole-primaire-jerome-mercan.html\">Primaire J\u00e9r\u00f4me MERCAN<\/a>  -&gt; <a rel=\"noreferrer noopener\" href=\"https:\/\/goo.gl\/maps\/UVnJsUu7LhmKPFNW7\" target=\"_blank\">itin\u00e9raire<\/a><\/p>\n","protected":false},"excerpt":{"rendered":"<p>LORRAIN: REP+ Hubert N\u00c9RO : actualit\u00e9shttps:\/\/sites.google.com\/view\/repphubertnero\/accueil Maternelle Georges OLINY -&gt; itin\u00e9raire Maternelle Carabin -&gt; itin\u00e9raire \u00c9l\u00e9mentaire L\u00e9on C\u00c9CILE -&gt; itin\u00e9raire &hellip; <\/p>\n<p class=\"link-more\"><a href=\"https:\/\/site.ac-martinique.fr\/circonscription-marigot\/?page_id=20\" class=\"more-link\">Lire la suite&#8230;<span class=\"screen-reader-text\"> \u00ab\u00a0Nos \u00e9coles, nos r\u00e9seaux\u00a0\u00bb<\/span><\/a><\/p>\n","protected":false},"author":390,"featured_media":0,"parent":0,"menu_order":0,"comment_status":"closed","ping_status":"closed","template":"","meta":{"episode_type":"","audio_file":"","podmotor_file_id":"","podmotor_episode_id":"","cover_image":"","cover_image_id":"","duration":"","filesize":"","filesize_raw":"","date_recorded":"","explicit":"","block":"","itunes_episode_number":"","itunes_title":"","itunes_season_number":"","itunes_episode_type":"","footnotes":""},"class_list":["post-20","page","type-page","status-publish","hentry"],"_links":{"self":[{"href":"https:\/\/site.ac-martinique.fr\/circonscription-marigot\/index.php?rest_route=\/wp\/v2\/pages\/20","targetHints":{"allow":["GET"]}}],"collection":[{"href":"https:\/\/site.ac-martinique.fr\/circonscription-marigot\/index.php?rest_route=\/wp\/v2\/pages"}],"about":[{"href":"https:\/\/site.ac-martinique.fr\/circonscription-marigot\/index.php?rest_route=\/wp\/v2\/types\/page"}],"author":[{"embeddable":true,"href":"https:\/\/site.ac-martinique.fr\/circonscription-marigot\/index.php?rest_route=\/wp\/v2\/users\/390"}],"replies":[{"embeddable":true,"href":"https:\/\/site.ac-martinique.fr\/circonscription-marigot\/index.php?rest_route=%2Fwp%2Fv2%2Fcomments&post=20"}],"version-history":[{"count":32,"href":"https:\/\/site.ac-martinique.fr\/circonscription-marigot\/index.php?rest_route=\/wp\/v2\/pages\/20\/revisions"}],"predecessor-version":[{"id":2580,"href":"https:\/\/site.ac-martinique.fr\/circonscription-marigot\/index.php?rest_route=\/wp\/v2\/pages\/20\/revisions\/2580"}],"wp:attachment":[{"href":"https:\/\/site.ac-martinique.fr\/circonscription-marigot\/index.php?rest_route=%2Fwp%2Fv2%2Fmedia&parent=20"}],"curies":[{"name":"wp","href":"https:\/\/api.w.org\/{rel}","templated":true}]}}