{"id":100,"date":"2021-06-03T17:54:46","date_gmt":"2021-06-03T15:54:46","guid":{"rendered":"https:\/\/site.ac-martinique.fr\/circonscription-stesprit\/?page_id=100"},"modified":"2024-11-18T20:37:19","modified_gmt":"2024-11-18T19:37:19","slug":"securite","status":"publish","type":"page","link":"https:\/\/site.ac-martinique.fr\/circonscription-stesprit\/?page_id=100","title":{"rendered":"S\u00e9curit\u00e9"},"content":{"rendered":"\n<h2 class=\"wp-block-heading alignfull has-text-align-left has-red-color has-off-white-background-color has-text-color has-background has-link-color wp-elements-94e73256a96bd8187477b9fd813d5433\">KIT Empathie<\/h2>\n\n\n\n<p>La lutte contre le harc\u00e8lement \u00e0 l\u2019\u00c9cole est une priorit\u00e9 absolue du gouvernement. Cet<br>engagement se traduit par le d\u00e9ploiement d\u2019un plan interminist\u00e9riel dans lequel le<br>minist\u00e8re de l\u2019\u00c9ducation nationale et de la Jeunesse a une responsabilit\u00e9 essentielle.<\/p>\n\n\n\n<p>Former les \u00e9l\u00e8ves \u00e0 l\u2019empathie doit am\u00e9liorer la qualit\u00e9 des relations entre<br>les \u00e9l\u00e8ves et favoriser l\u2019acquisition d\u2019un ensemble de comp\u00e9tences indispensables au vivre ensemble, \u00e0 l\u2019estime de soi, au respect de l\u2019autre et, in fine, \u00e0 la r\u00e9ussite scolaire de tous les \u00e9l\u00e8ves dans un climat scolaire serein.<\/p>\n\n\n\n<div data-wp-interactive=\"core\/file\" class=\"wp-block-file\"><object data-wp-bind--hidden=\"!state.hasPdfPreview\" hidden class=\"wp-block-file__embed\" data=\"https:\/\/site.ac-martinique.fr\/circonscription-stesprit\/wp-content\/uploads\/sites\/91\/2024\/09\/kit-empathie-decembre-2023-v4.pdf\" type=\"application\/pdf\" style=\"width:100%;height:600px\" aria-label=\"Contenu embarqu\u00e9 kit-empathie-decembre-2023-v4.\"><\/object><a id=\"wp-block-file--media-56a6ca38-6997-4b26-934e-f7d0c57e337b\" href=\"https:\/\/site.ac-martinique.fr\/circonscription-stesprit\/wp-content\/uploads\/sites\/91\/2024\/09\/kit-empathie-decembre-2023-v4.pdf\">kit-empathie-decembre-2023-v4<\/a><a href=\"https:\/\/site.ac-martinique.fr\/circonscription-stesprit\/wp-content\/uploads\/sites\/91\/2024\/09\/kit-empathie-decembre-2023-v4.pdf\" class=\"wp-block-file__button wp-element-button\" download aria-describedby=\"wp-block-file--media-56a6ca38-6997-4b26-934e-f7d0c57e337b\">T\u00e9l\u00e9charger<\/a><\/div>\n\n\n\n<p><\/p>\n\n\n\n<h2 class=\"wp-block-heading alignwide has-off-white-background-color has-background\"><mark style=\"background-color:rgba(0, 0, 0, 0)\" class=\"has-inline-color has-red-color\">Lutte contre le harc\u00e8lement<\/mark><\/h2>\n\n\n\n<p>Les \u00e9coles de la circonscription de Saint-Esprit s\u2019engagent dans le programme pHARe \u00ab&nbsp;Non au harc\u00e8lement&nbsp;\u00bb du Minist\u00e8re de l\u2019\u00e9ducation Nationale.<\/p>\n\n\n\n<p>Le programme de lutte contre le harc\u00e8lement \u00e0 l\u2019\u00e9cole, pHARe, est un plan global de pr\u00e9vention et de traitement des situations de harc\u00e8lement. Mis en place depuis 2021, g\u00e9n\u00e9ralis\u00e9 aux \u00e9coles et coll\u00e8ges \u00e0 la rentr\u00e9e 2022, il est \u00e9tendu aux lyc\u00e9es depuis la rentr\u00e9e 2023. 100 % des \u00e9coles et \u00e9tablissements mettent en \u0153uvre ce programme.<\/p>\n\n\n\n<p>Pour en savoir plus&nbsp;:<\/p>\n\n\n\n<p><a href=\"https:\/\/www.education.gouv.fr\/non-au-harcelement\/phare-un-programme-de-lutte-contre-le-harcelement-l-ecole-323435\">pHARe : un programme de lutte contre le harc\u00e8lement \u00e0 l&rsquo;\u00e9cole | Minist\u00e8re de l&rsquo;Education Nationale et de la Jeunesse<\/a><\/p>\n\n\n\n<div data-wp-interactive=\"core\/file\" class=\"wp-block-file\"><object data-wp-bind--hidden=\"!state.hasPdfPreview\" hidden class=\"wp-block-file__embed\" data=\"https:\/\/site.ac-martinique.fr\/circonscription-stesprit\/wp-content\/uploads\/sites\/91\/2023\/10\/t-l-charger-l-infographie-sur-les-circuits-de-signalement-des-situations-de-harc-lement-entre-l-ves-156488.pdf\" type=\"application\/pdf\" style=\"width:100%;height:600px\" aria-label=\"Contenu embarqu\u00e9 t-l-charger-l-infographie-sur-les-circuits-de-signalement-des-situations-de-harc-lement-entre-l-ves-156488.\"><\/object><a id=\"wp-block-file--media-4a64f59b-41db-4c7f-8e8a-21fb07dd9584\" href=\"https:\/\/site.ac-martinique.fr\/circonscription-stesprit\/wp-content\/uploads\/sites\/91\/2023\/10\/t-l-charger-l-infographie-sur-les-circuits-de-signalement-des-situations-de-harc-lement-entre-l-ves-156488.pdf\">t-l-charger-l-infographie-sur-les-circuits-de-signalement-des-situations-de-harc-lement-entre-l-ves-156488<\/a><a href=\"https:\/\/site.ac-martinique.fr\/circonscription-stesprit\/wp-content\/uploads\/sites\/91\/2023\/10\/t-l-charger-l-infographie-sur-les-circuits-de-signalement-des-situations-de-harc-lement-entre-l-ves-156488.pdf\" class=\"wp-block-file__button wp-element-button\" download aria-describedby=\"wp-block-file--media-4a64f59b-41db-4c7f-8e8a-21fb07dd9584\">T\u00e9l\u00e9charger<\/a><\/div>\n\n\n\n<p>3 niveaux de pr\u00e9vention sont \u00e9tablis :<\/p>\n\n\n\n<figure class=\"wp-block-image size-full\"><img loading=\"lazy\" decoding=\"async\" width=\"739\" height=\"557\" src=\"https:\/\/site.ac-martinique.fr\/circonscription-stesprit\/wp-content\/uploads\/sites\/91\/2023\/10\/image.png\" alt=\"\" class=\"wp-image-418\" srcset=\"https:\/\/site.ac-martinique.fr\/circonscription-stesprit\/wp-content\/uploads\/sites\/91\/2023\/10\/image.png 739w, https:\/\/site.ac-martinique.fr\/circonscription-stesprit\/wp-content\/uploads\/sites\/91\/2023\/10\/image-300x226.png 300w\" sizes=\"auto, (max-width: 739px) 100vw, 739px\" \/><\/figure>\n\n\n\n<p><\/p>\n\n\n\n<figure class=\"wp-block-image size-full\"><img loading=\"lazy\" decoding=\"async\" width=\"720\" height=\"559\" src=\"https:\/\/site.ac-martinique.fr\/circonscription-stesprit\/wp-content\/uploads\/sites\/91\/2023\/10\/image-1.png\" alt=\"\" class=\"wp-image-419\" srcset=\"https:\/\/site.ac-martinique.fr\/circonscription-stesprit\/wp-content\/uploads\/sites\/91\/2023\/10\/image-1.png 720w, https:\/\/site.ac-martinique.fr\/circonscription-stesprit\/wp-content\/uploads\/sites\/91\/2023\/10\/image-1-300x233.png 300w\" sizes=\"auto, (max-width: 720px) 100vw, 720px\" \/><\/figure>\n\n\n\n<figure class=\"wp-block-image size-full\"><img loading=\"lazy\" decoding=\"async\" width=\"713\" height=\"551\" src=\"https:\/\/site.ac-martinique.fr\/circonscription-stesprit\/wp-content\/uploads\/sites\/91\/2023\/10\/image-2.png\" alt=\"\" class=\"wp-image-420\" srcset=\"https:\/\/site.ac-martinique.fr\/circonscription-stesprit\/wp-content\/uploads\/sites\/91\/2023\/10\/image-2.png 713w, https:\/\/site.ac-martinique.fr\/circonscription-stesprit\/wp-content\/uploads\/sites\/91\/2023\/10\/image-2-300x232.png 300w\" sizes=\"auto, (max-width: 713px) 100vw, 713px\" \/><\/figure>\n\n\n\n<p><strong><u>L\u2019\u00e9quipe pHARe de la circonscription de Saint-Esprit&nbsp;:<\/u><\/strong><\/p>\n\n\n\n<figure class=\"wp-block-image size-full\"><img loading=\"lazy\" decoding=\"async\" width=\"774\" height=\"583\" src=\"https:\/\/site.ac-martinique.fr\/circonscription-stesprit\/wp-content\/uploads\/sites\/91\/2023\/10\/image-3.png\" alt=\"\" class=\"wp-image-421\" srcset=\"https:\/\/site.ac-martinique.fr\/circonscription-stesprit\/wp-content\/uploads\/sites\/91\/2023\/10\/image-3.png 774w, https:\/\/site.ac-martinique.fr\/circonscription-stesprit\/wp-content\/uploads\/sites\/91\/2023\/10\/image-3-300x226.png 300w, https:\/\/site.ac-martinique.fr\/circonscription-stesprit\/wp-content\/uploads\/sites\/91\/2023\/10\/image-3-768x578.png 768w\" sizes=\"auto, (max-width: 767px) 89vw, (max-width: 1000px) 54vw, (max-width: 1071px) 543px, 580px\" \/><\/figure>\n\n\n\n<p><\/p>\n\n\n\n<p><\/p>\n\n\n\n<h2 class=\"wp-block-heading alignwide has-off-white-background-color has-background\"><mark style=\"background-color:rgba(0, 0, 0, 0)\" class=\"has-inline-color has-red-color\">Cellule  RPS (Risques Psychosociaux)<\/mark><\/h2>\n\n\n\n<figure class=\"wp-block-image size-full\"><img loading=\"lazy\" decoding=\"async\" width=\"416\" height=\"536\" src=\"https:\/\/site.ac-martinique.fr\/circonscription-stesprit\/wp-content\/uploads\/sites\/91\/2021\/09\/Flyer-cellule-ecoute.jpg\" alt=\"\" class=\"wp-image-205\" srcset=\"https:\/\/site.ac-martinique.fr\/circonscription-stesprit\/wp-content\/uploads\/sites\/91\/2021\/09\/Flyer-cellule-ecoute.jpg 416w, https:\/\/site.ac-martinique.fr\/circonscription-stesprit\/wp-content\/uploads\/sites\/91\/2021\/09\/Flyer-cellule-ecoute-233x300.jpg 233w\" sizes=\"auto, (max-width: 416px) 100vw, 416px\" \/><\/figure>\n\n\n\n<figure class=\"wp-block-image size-large\"><img loading=\"lazy\" decoding=\"async\" width=\"1024\" height=\"576\" src=\"https:\/\/site.ac-martinique.fr\/circonscription-stesprit\/wp-content\/uploads\/sites\/91\/2021\/09\/Lancry-1024x576.jpeg\" alt=\"\" class=\"wp-image-237\" srcset=\"https:\/\/site.ac-martinique.fr\/circonscription-stesprit\/wp-content\/uploads\/sites\/91\/2021\/09\/Lancry-1024x576.jpeg 1024w, https:\/\/site.ac-martinique.fr\/circonscription-stesprit\/wp-content\/uploads\/sites\/91\/2021\/09\/Lancry-300x169.jpeg 300w, https:\/\/site.ac-martinique.fr\/circonscription-stesprit\/wp-content\/uploads\/sites\/91\/2021\/09\/Lancry-768x432.jpeg 768w, https:\/\/site.ac-martinique.fr\/circonscription-stesprit\/wp-content\/uploads\/sites\/91\/2021\/09\/Lancry.jpeg 1280w\" sizes=\"auto, (max-width: 767px) 89vw, (max-width: 1000px) 54vw, (max-width: 1071px) 543px, 580px\" \/><\/figure>\n\n\n\n<div class=\"wp-block-file\"><a href=\"https:\/\/site.ac-martinique.fr\/circonscription-stesprit\/wp-content\/uploads\/sites\/91\/2021\/09\/Le-service-de-consultation-GRH-et-psychologique.pdf\">Le-service-de-consultation-GRH-et-psychologique<\/a><a href=\"https:\/\/site.ac-martinique.fr\/circonscription-stesprit\/wp-content\/uploads\/sites\/91\/2021\/09\/Le-service-de-consultation-GRH-et-psychologique.pdf\" class=\"wp-block-file__button\" download>T\u00e9l\u00e9charger<\/a><\/div>\n\n\n\n<h2 class=\"wp-block-heading alignwide has-off-white-background-color has-background\"><mark style=\"background-color:rgba(0, 0, 0, 0)\" class=\"has-inline-color has-red-color\">Utilisation des registres de sant\u00e9 s\u00e9curit\u00e9 au travail<\/mark><\/h2>\n\n\n\n<p class=\"has-dark-gray-color has-text-color\"><a href=\"https:\/\/cache.media.education.gouv.fr\/file\/2020-2021\/94\/2\/Circulaire_relative_a_l_utilisation_des_registres_de_sante_securite_au_travail-1_1390942.pdf\">Consulter la circulaire<\/a><\/p>\n\n\n\n<p class=\"has-dark-gray-color has-text-color\"><a href=\"https:\/\/cache.media.education.gouv.fr\/file\/2020-2021\/94\/4\/protocole_utilisation_RSST_1390944.pdf\">Protocole utilisation RSST<\/a><\/p>\n\n\n\n<p class=\"has-dark-gray-color has-text-color\"><a href=\"https:\/\/cache.media.education.gouv.fr\/file\/2020-2021\/94\/6\/Affiche_RSST_1390946.docx\">Affichage RSST<\/a><\/p>\n\n\n\n<p class=\"has-dark-gray-color has-text-color\"><a href=\"https:\/\/cache.media.education.gouv.fr\/file\/2020-2021\/94\/8\/Modele_academique_de_registre_RSST_1390948.docx\">Mod\u00e8le academique de registre RSST<\/a><\/p>\n\n\n\n<h2 class=\"wp-block-heading has-red-color has-beige-background-color has-text-color has-background has-link-color wp-elements-da61b7864c18813cf98dd3f9146503a5\">Fiche incident &#8211; Protocole \u00e9l\u00e8ve perturbateur<\/h2>\n\n\n\n<div class=\"wp-block-file\"><a id=\"wp-block-file--media-7d0399c8-6595-406a-8117-12353b47c84e\" href=\"https:\/\/site.ac-martinique.fr\/circonscription-stesprit\/wp-content\/uploads\/sites\/91\/2024\/11\/FICHE-REMONTEE-INCIDENT-ST-ESPRIT-1-1.docx\">FICHE REMONTEE INCIDENT ST ESPRIT  (1)<\/a><a href=\"https:\/\/site.ac-martinique.fr\/circonscription-stesprit\/wp-content\/uploads\/sites\/91\/2024\/11\/FICHE-REMONTEE-INCIDENT-ST-ESPRIT-1-1.docx\" class=\"wp-block-file__button wp-element-button\" download aria-describedby=\"wp-block-file--media-7d0399c8-6595-406a-8117-12353b47c84e\">T\u00e9l\u00e9charger<\/a><\/div>\n\n\n\n<div class=\"wp-block-file\"><a id=\"wp-block-file--media-0b2c1f7a-d7d7-405b-9f79-819bfc530c44\" href=\"https:\/\/site.ac-martinique.fr\/circonscription-stesprit\/wp-content\/uploads\/sites\/91\/2024\/11\/FICHE-REMONTEE-INCIDENT-ST-ESPRIT-1.pdf\">FICHE REMONTEE INCIDENT ST ESPRIT  (1)<\/a><a href=\"https:\/\/site.ac-martinique.fr\/circonscription-stesprit\/wp-content\/uploads\/sites\/91\/2024\/11\/FICHE-REMONTEE-INCIDENT-ST-ESPRIT-1.pdf\" class=\"wp-block-file__button wp-element-button\" download aria-describedby=\"wp-block-file--media-0b2c1f7a-d7d7-405b-9f79-819bfc530c44\">T\u00e9l\u00e9charger<\/a><\/div>\n\n\n\n<div data-wp-interactive=\"core\/file\" class=\"wp-block-file\"><object data-wp-bind--hidden=\"!state.hasPdfPreview\" hidden class=\"wp-block-file__embed\" data=\"https:\/\/site.ac-martinique.fr\/circonscription-stesprit\/wp-content\/uploads\/sites\/91\/2024\/11\/Protocole-enfant-au-comportement-perturbateur-RASED-VF-au-17-juin-1-1.pdf\" type=\"application\/pdf\" style=\"width:100%;height:600px\" aria-label=\"Contenu embarqu\u00e9 Protocole enfant au comportement perturbateur RASED VF au 17 juin  (1).\"><\/object><a id=\"wp-block-file--media-18188d71-2399-40cf-8164-1b9072793ef9\" href=\"https:\/\/site.ac-martinique.fr\/circonscription-stesprit\/wp-content\/uploads\/sites\/91\/2024\/11\/Protocole-enfant-au-comportement-perturbateur-RASED-VF-au-17-juin-1-1.pdf\">Protocole enfant au comportement perturbateur RASED VF au 17 juin  (1)<\/a><a href=\"https:\/\/site.ac-martinique.fr\/circonscription-stesprit\/wp-content\/uploads\/sites\/91\/2024\/11\/Protocole-enfant-au-comportement-perturbateur-RASED-VF-au-17-juin-1-1.pdf\" class=\"wp-block-file__button wp-element-button\" download aria-describedby=\"wp-block-file--media-18188d71-2399-40cf-8164-1b9072793ef9\">T\u00e9l\u00e9charger<\/a><\/div>\n\n\n\n<h2 class=\"wp-block-heading alignwide has-off-white-background-color has-background\"><mark style=\"background-color:rgba(0, 0, 0, 0)\" class=\"has-inline-color has-red-color\">Gestion COVID 2022-2023<\/mark><\/h2>\n\n\n\n<p>Afin de mettre en \u0153uvre des mesures proportionn\u00e9es, le minist\u00e8re de l\u2019\u00c9ducation nationale et de la Jeunesse a \u00e9tabli, en lien avec les autorit\u00e9s sanitaires, une graduation comportant un socle de mesures et trois niveaux de protocole :<\/p>\n\n\n\n<ul class=\"wp-block-list\">\n<li><strong>socle de mesures&nbsp;;<\/strong><\/li>\n\n\n\n<li><strong>niveau 1 \/ niveau vert&nbsp;;<\/strong><\/li>\n\n\n\n<li><strong>niveau 2 \/ niveau orange&nbsp;;<\/strong><\/li>\n\n\n\n<li><strong>niveau 3 \/ niveau rouge.<\/strong><\/li>\n\n\n\n<li>Au regard de la situation sanitaire, et sur la recommandation des autorit\u00e9s sanitaires,&nbsp;<strong>le niveau socle est retenu \u00e0 compter de la rentr\u00e9e scolaire pour l\u2019ensemble du territoire national.<\/strong><\/li>\n<\/ul>\n\n\n\n<p><\/p>\n\n\n\n<figure class=\"wp-block-image size-large\"><img loading=\"lazy\" decoding=\"async\" width=\"724\" height=\"1024\" src=\"https:\/\/site.ac-martinique.fr\/circonscription-stesprit\/wp-content\/uploads\/sites\/91\/2022\/09\/ann-e-scolaire-2022-2023-protocole-et-cadre-de-fonctionnement-116308-724x1024.jpg\" alt=\"\" class=\"wp-image-320\" srcset=\"https:\/\/site.ac-martinique.fr\/circonscription-stesprit\/wp-content\/uploads\/sites\/91\/2022\/09\/ann-e-scolaire-2022-2023-protocole-et-cadre-de-fonctionnement-116308-724x1024.jpg 724w, https:\/\/site.ac-martinique.fr\/circonscription-stesprit\/wp-content\/uploads\/sites\/91\/2022\/09\/ann-e-scolaire-2022-2023-protocole-et-cadre-de-fonctionnement-116308-212x300.jpg 212w, https:\/\/site.ac-martinique.fr\/circonscription-stesprit\/wp-content\/uploads\/sites\/91\/2022\/09\/ann-e-scolaire-2022-2023-protocole-et-cadre-de-fonctionnement-116308-768x1087.jpg 768w, https:\/\/site.ac-martinique.fr\/circonscription-stesprit\/wp-content\/uploads\/sites\/91\/2022\/09\/ann-e-scolaire-2022-2023-protocole-et-cadre-de-fonctionnement-116308-1085x1536.jpg 1085w, https:\/\/site.ac-martinique.fr\/circonscription-stesprit\/wp-content\/uploads\/sites\/91\/2022\/09\/ann-e-scolaire-2022-2023-protocole-et-cadre-de-fonctionnement-116308-1447x2048.jpg 1447w, https:\/\/site.ac-martinique.fr\/circonscription-stesprit\/wp-content\/uploads\/sites\/91\/2022\/09\/ann-e-scolaire-2022-2023-protocole-et-cadre-de-fonctionnement-116308.jpg 1500w\" sizes=\"auto, (max-width: 724px) 100vw, 724px\" \/><\/figure>\n\n\n\n<h2 class=\"wp-block-heading alignwide has-off-white-background-color has-background\"><mark style=\"background-color:rgba(0, 0, 0, 0)\" class=\"has-inline-color has-red-color\">Gestion COVID 2021-2022<\/mark><\/h2>\n\n\n\n<p><strong>Actualit\u00e9s COVID Janvier 2022:<\/strong> \u00ab\u00a0Mesures sanitaires\u00a0\u00bb et \u00ab\u00a0R\u00e8gles de quarantaine\u00a0\u00bb<\/p>\n\n\n\n<div data-wp-interactive=\"core\/file\" class=\"wp-block-file\"><object data-wp-bind--hidden=\"!state.hasPdfPreview\" hidden class=\"wp-block-file__embed\" data=\"https:\/\/site.ac-martinique.fr\/circonscription-stesprit\/wp-content\/uploads\/sites\/91\/2022\/01\/infographie-synth-se-des-mesures-sanitaires-91637.pdf\" type=\"application\/pdf\" style=\"width:100%;height:600px\" aria-label=\"Contenu embarqu\u00e9 infographie-synth-se-des-mesures-sanitaires-91637.\"><\/object><a id=\"wp-block-file--media-3222c5f1-4200-4ec9-9d6a-49a8842fa705\" href=\"https:\/\/site.ac-martinique.fr\/circonscription-stesprit\/wp-content\/uploads\/sites\/91\/2022\/01\/infographie-synth-se-des-mesures-sanitaires-91637.pdf\">infographie-synth-se-des-mesures-sanitaires-91637<\/a><a href=\"https:\/\/site.ac-martinique.fr\/circonscription-stesprit\/wp-content\/uploads\/sites\/91\/2022\/01\/infographie-synth-se-des-mesures-sanitaires-91637.pdf\" class=\"wp-block-file__button wp-element-button\" download aria-describedby=\"wp-block-file--media-3222c5f1-4200-4ec9-9d6a-49a8842fa705\">T\u00e9l\u00e9charger<\/a><\/div>\n\n\n\n\n\n<div data-wp-interactive=\"core\/file\" class=\"wp-block-file\"><object data-wp-bind--hidden=\"!state.hasPdfPreview\" hidden class=\"wp-block-file__embed\" data=\"https:\/\/site.ac-martinique.fr\/circonscription-stesprit\/wp-content\/uploads\/sites\/91\/2022\/01\/covid19-regles-de-quarantaine-et-isolement-au-3-janvier-2022-97621-1.pdf\" type=\"application\/pdf\" style=\"width:100%;height:600px\" aria-label=\"Contenu embarqu\u00e9 covid19-regles-de-quarantaine-et-isolement-au-3-janvier-2022-97621-1.\"><\/object><a id=\"wp-block-file--media-81f4c848-20bf-44f9-8577-a74f0af277a8\" href=\"https:\/\/site.ac-martinique.fr\/circonscription-stesprit\/wp-content\/uploads\/sites\/91\/2022\/01\/covid19-regles-de-quarantaine-et-isolement-au-3-janvier-2022-97621-1.pdf\">covid19-regles-de-quarantaine-et-isolement-au-3-janvier-2022-97621-1<\/a><a href=\"https:\/\/site.ac-martinique.fr\/circonscription-stesprit\/wp-content\/uploads\/sites\/91\/2022\/01\/covid19-regles-de-quarantaine-et-isolement-au-3-janvier-2022-97621-1.pdf\" class=\"wp-block-file__button wp-element-button\" download aria-describedby=\"wp-block-file--media-81f4c848-20bf-44f9-8577-a74f0af277a8\">T\u00e9l\u00e9charger<\/a><\/div>\n\n\n\n<p><strong>Pour une rentr\u00e9e en s\u00e9curit\u00e9 (septembre 2021):<\/strong><\/p>\n\n\n\n<p>Enseignants, la circonscription du Saint-Esprit vous propose un ensemble de documents pour vous accompagner aux mieux lors de cette rentr\u00e9e scolaire qui a lieu dans un contexte sanitaire particulier : continuit\u00e9 p\u00e9dagogique, cadre r\u00e9glementaire, pistes pour organiser le temps scolaires, pour \u00e9valuer \u00e0 distance, des affiches pour apprendre les gestes barri\u00e8res avec les \u00e9l\u00e8ves, etc. Veuillez cliquer sur le lien suivant:<\/p>\n\n\n\n<p><a href=\"https:\/\/padlet.com\/isabelle_joseph_boniface\/utoppsnjix3ux7fc\">Pour une rentr\u00e9e en s\u00e9curit\u00e9 &#8211; Septembre 2021 (padlet.com)<\/a><\/p>\n\n\n\n<p><\/p>\n\n\n\n<p><strong>Documents officiels:<\/strong><\/p>\n\n\n\n<div class=\"wp-block-file\"><a href=\"https:\/\/site.ac-martinique.fr\/circonscription-stesprit\/wp-content\/uploads\/sites\/91\/2021\/09\/2021-2022-protocole-SANITAIRE.pdf\">2021-2022-protocole-SANITAIRE<\/a><a href=\"https:\/\/site.ac-martinique.fr\/circonscription-stesprit\/wp-content\/uploads\/sites\/91\/2021\/09\/2021-2022-protocole-SANITAIRE.pdf\" class=\"wp-block-file__button\" download>T\u00e9l\u00e9charger<\/a><\/div>\n\n\n\n<div class=\"wp-block-file\"><a href=\"https:\/\/site.ac-martinique.fr\/circonscription-stesprit\/wp-content\/uploads\/sites\/91\/2021\/09\/protocole-sept-21.pdf\">protocole-sept-21<\/a><a href=\"https:\/\/site.ac-martinique.fr\/circonscription-stesprit\/wp-content\/uploads\/sites\/91\/2021\/09\/protocole-sept-21.pdf\" class=\"wp-block-file__button\" download>T\u00e9l\u00e9charger<\/a><\/div>\n\n\n\n<div class=\"wp-block-file\"><a href=\"https:\/\/site.ac-martinique.fr\/circonscription-stesprit\/wp-content\/uploads\/sites\/91\/2021\/09\/faq-coronavirus-71379_0.pdf\">faq-coronavirus-71379_0<\/a><a href=\"https:\/\/site.ac-martinique.fr\/circonscription-stesprit\/wp-content\/uploads\/sites\/91\/2021\/09\/faq-coronavirus-71379_0.pdf\" class=\"wp-block-file__button\" download>T\u00e9l\u00e9charger<\/a><\/div>\n\n\n\n<figure class=\"wp-block-image size-large\"><img loading=\"lazy\" decoding=\"async\" width=\"1024\" height=\"724\" src=\"https:\/\/site.ac-martinique.fr\/circonscription-stesprit\/wp-content\/uploads\/sites\/91\/2021\/09\/IMG-20210907-WA0006-1024x724.jpg\" alt=\"\" class=\"wp-image-209\" srcset=\"https:\/\/site.ac-martinique.fr\/circonscription-stesprit\/wp-content\/uploads\/sites\/91\/2021\/09\/IMG-20210907-WA0006-1024x724.jpg 1024w, https:\/\/site.ac-martinique.fr\/circonscription-stesprit\/wp-content\/uploads\/sites\/91\/2021\/09\/IMG-20210907-WA0006-300x212.jpg 300w, https:\/\/site.ac-martinique.fr\/circonscription-stesprit\/wp-content\/uploads\/sites\/91\/2021\/09\/IMG-20210907-WA0006-768x543.jpg 768w, https:\/\/site.ac-martinique.fr\/circonscription-stesprit\/wp-content\/uploads\/sites\/91\/2021\/09\/IMG-20210907-WA0006.jpg 1280w\" sizes=\"auto, (max-width: 767px) 89vw, (max-width: 1000px) 54vw, (max-width: 1071px) 543px, 580px\" \/><\/figure>\n","protected":false},"excerpt":{"rendered":"<p>KIT Empathie La lutte contre le harc\u00e8lement \u00e0 l\u2019\u00c9cole est une priorit\u00e9 absolue du gouvernement. Cetengagement se traduit par le &hellip; <\/p>\n<p class=\"link-more\"><a href=\"https:\/\/site.ac-martinique.fr\/circonscription-stesprit\/?page_id=100\" class=\"more-link\">Lire la suite&#8230;<span class=\"screen-reader-text\"> \u00ab\u00a0S\u00e9curit\u00e9\u00a0\u00bb<\/span><\/a><\/p>\n","protected":false},"author":235,"featured_media":0,"parent":0,"menu_order":0,"comment_status":"closed","ping_status":"closed","template":"","meta":{"footnotes":""},"class_list":["post-100","page","type-page","status-publish","hentry"],"_links":{"self":[{"href":"https:\/\/site.ac-martinique.fr\/circonscription-stesprit\/index.php?rest_route=\/wp\/v2\/pages\/100","targetHints":{"allow":["GET"]}}],"collection":[{"href":"https:\/\/site.ac-martinique.fr\/circonscription-stesprit\/index.php?rest_route=\/wp\/v2\/pages"}],"about":[{"href":"https:\/\/site.ac-martinique.fr\/circonscription-stesprit\/index.php?rest_route=\/wp\/v2\/types\/page"}],"author":[{"embeddable":true,"href":"https:\/\/site.ac-martinique.fr\/circonscription-stesprit\/index.php?rest_route=\/wp\/v2\/users\/235"}],"replies":[{"embeddable":true,"href":"https:\/\/site.ac-martinique.fr\/circonscription-stesprit\/index.php?rest_route=%2Fwp%2Fv2%2Fcomments&post=100"}],"version-history":[{"count":31,"href":"https:\/\/site.ac-martinique.fr\/circonscription-stesprit\/index.php?rest_route=\/wp\/v2\/pages\/100\/revisions"}],"predecessor-version":[{"id":832,"href":"https:\/\/site.ac-martinique.fr\/circonscription-stesprit\/index.php?rest_route=\/wp\/v2\/pages\/100\/revisions\/832"}],"wp:attachment":[{"href":"https:\/\/site.ac-martinique.fr\/circonscription-stesprit\/index.php?rest_route=%2Fwp%2Fv2%2Fmedia&parent=100"}],"curies":[{"name":"wp","href":"https:\/\/api.w.org\/{rel}","templated":true}]}}