{"id":11,"date":"2021-05-21T21:01:55","date_gmt":"2021-05-21T19:01:55","guid":{"rendered":"https:\/\/site.ac-martinique.fr\/circonscription-stesprit\/?page_id=11"},"modified":"2025-10-15T16:55:54","modified_gmt":"2025-10-15T14:55:54","slug":"page-daccueil","status":"publish","type":"page","link":"https:\/\/site.ac-martinique.fr\/circonscription-stesprit\/","title":{"rendered":"Bienvenue"},"content":{"rendered":"\n<figure class=\"wp-block-image is-resized is-style-tw-shadow\"><img loading=\"lazy\" decoding=\"async\" width=\"395\" height=\"173\" src=\"https:\/\/site.ac-martinique.fr\/circonscription-stesprit\/wp-content\/uploads\/sites\/91\/2021\/05\/LOGO-st-esprit.jpg\" alt=\"\" class=\"wp-image-31\" style=\"width:185px;height:81px\" srcset=\"https:\/\/site.ac-martinique.fr\/circonscription-stesprit\/wp-content\/uploads\/sites\/91\/2021\/05\/LOGO-st-esprit.jpg 395w, https:\/\/site.ac-martinique.fr\/circonscription-stesprit\/wp-content\/uploads\/sites\/91\/2021\/05\/LOGO-st-esprit-300x131.jpg 300w\" sizes=\"auto, (max-width: 395px) 100vw, 395px\" \/><\/figure>\n\n\n\n<figure class=\"wp-block-image size-full tw-block-animation tw-animation-fade-in-up\"><img loading=\"lazy\" decoding=\"async\" width=\"1192\" height=\"671\" src=\"https:\/\/site.ac-martinique.fr\/circonscription-stesprit\/wp-content\/uploads\/sites\/91\/2025\/10\/1ere-page-2025-2026.jpg\" alt=\"\" class=\"wp-image-1142\" srcset=\"https:\/\/site.ac-martinique.fr\/circonscription-stesprit\/wp-content\/uploads\/sites\/91\/2025\/10\/1ere-page-2025-2026.jpg 1192w, https:\/\/site.ac-martinique.fr\/circonscription-stesprit\/wp-content\/uploads\/sites\/91\/2025\/10\/1ere-page-2025-2026-300x169.jpg 300w, https:\/\/site.ac-martinique.fr\/circonscription-stesprit\/wp-content\/uploads\/sites\/91\/2025\/10\/1ere-page-2025-2026-1024x576.jpg 1024w, https:\/\/site.ac-martinique.fr\/circonscription-stesprit\/wp-content\/uploads\/sites\/91\/2025\/10\/1ere-page-2025-2026-768x432.jpg 768w\" sizes=\"auto, (max-width: 767px) 89vw, (max-width: 1000px) 54vw, (max-width: 1071px) 543px, 580px\" \/><\/figure>\n\n\n\n<p>Bienvenue sur le site officiel de la Circonscription de Saint-Esprit de l&rsquo;Acad\u00e9mie de la Martinique.<\/p>\n\n\n\n<p class=\"has-black-color has-text-color has-link-color has-medium-font-size wp-elements-19cdcde42b4daf999f4c63dd9bfc3ec8\">Vous retrouverez <strong>toute l&rsquo;actualit\u00e9 de la circonscription de Saint-Esprit<\/strong> dans la rubrique <strong>\u00ab\u00a0La vie de nos \u00e9coles\u00a0\u00bb<\/strong>.<\/p>\n\n\n\n<div class=\"wp-block-group\"><div class=\"wp-block-group__inner-container is-layout-flow wp-block-group-is-layout-flow\">\n<p><\/p>\n<\/div><\/div>\n\n\n\n<p>La circonscription de Saint-Esprit regroupe les communes du Fran\u00e7ois, Vauclin et Saint-Esprit<\/p>\n\n\n\n<div class=\"wp-block-group\"><div class=\"wp-block-group__inner-container is-layout-flow wp-block-group-is-layout-flow\"><div class=\"wp-block-image is-style-default\">\n<figure class=\"alignright is-resized\"><img loading=\"lazy\" decoding=\"async\" width=\"419\" height=\"478\" src=\"https:\/\/site.ac-martinique.fr\/circonscription-stesprit\/wp-content\/uploads\/sites\/91\/2021\/05\/35_art_ov_1430764694.jpg\" alt=\"\" class=\"wp-image-34\" style=\"width:158px;height:180px\" srcset=\"https:\/\/site.ac-martinique.fr\/circonscription-stesprit\/wp-content\/uploads\/sites\/91\/2021\/05\/35_art_ov_1430764694.jpg 419w, https:\/\/site.ac-martinique.fr\/circonscription-stesprit\/wp-content\/uploads\/sites\/91\/2021\/05\/35_art_ov_1430764694-263x300.jpg 263w\" sizes=\"auto, (max-width: 419px) 100vw, 419px\" \/><\/figure>\n<\/div><\/div><\/div>\n\n\n\n<p><strong>Circonscription d\u2019inspection du 1er degr\u00e9 de Saint-Esprit<\/strong><br>IMMEUBLE DES INSTITUTEURS<br>97270 ST ESPRIT<\/p>\n\n\n\n<p><strong>Code UAI (ex-RNE)<\/strong>&nbsp;: 9720642R<br><strong>SIREN\/SIRET<\/strong>&nbsp;:&nbsp;<a target=\"_blank\" href=\"https:\/\/annuaire-entreprises.data.gouv.fr\/etablissement\/17972431500256\" rel=\"noreferrer noopener\">17972431500256<\/a><\/p>\n\n\n\n<p><strong>T\u00e9l\u00e9phone<\/strong>&nbsp;:&nbsp;05 96 52 26 02<br><strong>Adresse de courriel<\/strong>&nbsp;:&nbsp;<a href=\"mailto:ce.9720642r@ac-martinique.fr\">ce.9720642r@ac-martinique.fr<\/a><\/p>\n\n\n\n<p>Composition de l&rsquo;\u00e9quipe de circonscription:<\/p>\n\n\n\n<ul class=\"wp-block-list\">\n<li>Inspecteur de l&rsquo;Education Nationale : M. Mike DULCIO<\/li>\n\n\n\n<li>Secr\u00e9tariat de l&rsquo;inspection: Mme VALENTIN<\/li>\n\n\n\n<li>Conseill\u00e8re P\u00e9dagogique RFC (r\u00e9f\u00e9rente Fran\u00e7ais) : Mme Isabelle JOSEPH-BONIFACE<\/li>\n\n\n\n<li>Conseill\u00e8re P\u00e9dagogique EPS (r\u00e9f\u00e9rente \u00e9ducation physique et sportive) : Mme Adeline LUX<\/li>\n\n\n\n<li>Conseill\u00e8re P\u00e9dagogique RMC (r\u00e9f\u00e9rente math\u00e9matiques) : Mme St\u00e9phanie RAFFIN<\/li>\n\n\n\n<li>Animatrice LVE (langues vivantes \u00e9trang\u00e8res) : Mme Elisabeth RUFFIN<\/li>\n\n\n\n<li>ERUN (Enseignant R\u00e9f\u00e9rent aux Usages du Num\u00e9rique) : Mme Elisabeth EXILIE<\/li>\n\n\n\n<li>Coordonnatrice REP + Vauclin : Mme Sandrine LASSOURCE <\/li>\n\n\n\n<li>Coordonnatrice REP+ Trianon , le Fran\u00e7ois : Mme Blandine CENIT<\/li>\n<\/ul>\n\n\n\n<p><\/p>\n\n\n\n<h2 class=\"wp-block-heading\"><strong>Liste des 23 \u00e9coles de la circonscription<\/strong><\/h2>\n\n\n\n<h3 class=\"wp-block-heading\"><a href=\"https:\/\/annuaire-education.fr\/commune\/Martinique\/Le-Fran%C3%A7ois\/97210.html\">Le Fran\u00e7ois<\/a><\/h3>\n\n\n\n<ul class=\"wp-block-list\">\n<li><a href=\"https:\/\/annuaire-education.fr\/etablissement\/Le-Fran%C3%A7ois\/Ecole-%C3%A9l%C3%A9mentaire-ANNE-MARC\/9720732N.html\"><strong>Ecole \u00e9l\u00e9mentaire ANNE MARC<\/strong>&nbsp;(9720732N)<\/a><br> Pointe Courchet &#8211; 97240 LE FRANCOIS<\/li>\n\n\n\n<li><a href=\"https:\/\/annuaire-education.fr\/etablissement\/Le-Fran%C3%A7ois\/Ecole-%C3%A9l%C3%A9mentaire-Emmanuel-Bruno\/9720173F.html\"><strong>Ecole \u00e9l\u00e9mentaire Emmanuel Bruno<\/strong>&nbsp;(9720173F)<\/a><br>Rue Perrinon &#8211; 97240 LE FRANCOIS<\/li>\n\n\n\n<li><a href=\"https:\/\/annuaire-education.fr\/etablissement\/Le-Fran%C3%A7ois\/Ecole-%C3%A9l%C3%A9mentaire-Sucrerie\/9720185U.html\"><strong>Ecole \u00e9l\u00e9mentaire Sucrerie<\/strong>&nbsp;(9720185U)<\/a><br>Route du Vauclin Qua Perriolat &#8211; 97240 LE FRANCOIS<\/li>\n\n\n\n<li><a href=\"https:\/\/annuaire-education.fr\/etablissement\/Le-Fran%C3%A7ois\/Ecole-maternelle-Fran%C3%A7ois-Duval\/9720175H.html\"><strong>Ecole maternelle Fran\u00e7ois Duval<\/strong>&nbsp;(9720175H)<\/a><br>Rue Florent Holo &#8211; 97240 LE FRANCOIS<\/li>\n\n\n\n<li><a href=\"https:\/\/annuaire-education.fr\/etablissement\/Le-Fran%C3%A7ois\/Ecole-primaire-AUGUSTE-VIVIES---MORNE-ACAJOU\/9720180N.html\"><strong>Ecole primaire AUGUSTE VIVIES &#8211; MORNE ACAJOU<\/strong>&nbsp;(9720180N)<\/a><br>MORNE ACAJOU &#8211; 97240 LE FRANCOIS<\/li>\n\n\n\n<li><a href=\"https:\/\/annuaire-education.fr\/etablissement\/Le-Fran%C3%A7ois\/Ecole-primaire-Bois-Soldat\/9720176J.html\"><strong>Ecole primaire Bois Soldat<\/strong>&nbsp;(9720176J)<\/a><br>Bois Soldat &#8211; 97240 LE FRANCOIS<\/li>\n\n\n\n<li><a href=\"https:\/\/annuaire-education.fr\/etablissement\/Le-Fran%C3%A7ois\/Ecole-primaire-Chopotte\/9720177K.html\"><strong>Ecole primaire Chopotte<\/strong>&nbsp;(9720177K)<\/a><br>CHOPOTTE-BONNY &#8211; 97240 LE FRANCOIS<\/li>\n\n\n\n<li><a href=\"https:\/\/annuaire-education.fr\/etablissement\/Le-Fran%C3%A7ois\/Ecole-primaire-Dumaine\/9720179M.html\"><strong>Ecole primaire Dumaine<\/strong>&nbsp;(9720179M)<\/a><br>DUMAINE &#8211; 97240 LE FRANCOIS<\/li>\n\n\n\n<li><a href=\"https:\/\/annuaire-education.fr\/etablissement\/Le-Fran%C3%A7ois\/Ecole-primaire-la-Manzo\/9720558Z.html\"><strong>Ecole primaire la Manzo<\/strong>&nbsp;(9720558Z)<\/a><br>LA MANZO &#8211; 97240 LE FRANCOIS<\/li>\n\n\n\n<li><a href=\"https:\/\/annuaire-education.fr\/etablissement\/Le-Fran%C3%A7ois\/Ecole-Primaire-Morne-Pitault-A\/9720393V.html\"><strong>Ecole Primaire Morne Pitault A<\/strong>&nbsp;(9720393V)<\/a><br>MORNE PITAULT &#8211; 97240 LE FRANCOIS<\/li>\n\n\n\n<li><a href=\"https:\/\/annuaire-education.fr\/etablissement\/Le-Fran%C3%A7ois\/Ecole-primaire-Morne-Pitault-B\/9720183S.html\"><strong>Ecole primaire Morne Pitault B<\/strong>&nbsp;(9720183S)<\/a><br>MORNE PITAULT &#8211; 97240 LE FRANCOIS<\/li>\n<\/ul>\n\n\n\n<h3 class=\"wp-block-heading\"><a href=\"https:\/\/annuaire-education.fr\/commune\/Martinique\/Le-Vauclin\/97232.html\">Le Vauclin<\/a><\/h3>\n\n\n\n<ul class=\"wp-block-list\">\n<li><a href=\"https:\/\/annuaire-education.fr\/etablissement\/Le-Vauclin\/Ecole-%C3%A9l%C3%A9mentaire-LES-ALGUES-MARINES\/9720340M.html\"><strong>Ecole \u00e9l\u00e9mentaire LES ALGUES MARINES<\/strong>&nbsp;(9720340M)<\/a><br>Boulevard G\u00e9n\u00e9ral de Gaulle &#8211; 97280 LE VAUCLIN (Remarque: Cette \u00e9cole est d\u00e9plac\u00e9e sur les sites de l&rsquo;\u00e9cole du Vauclin Mixte A et l&rsquo;\u00e9cole de Montagne)<\/li>\n\n\n\n<li><a href=\"https:\/\/annuaire-education.fr\/etablissement\/Le-Vauclin\/Ecole-%C3%A9l%C3%A9mentaire-VAUCLIN-MIXTE-A\/9720339L.html\"><strong>Ecole \u00e9l\u00e9mentaire VAUCLIN MIXTE A<\/strong>&nbsp;(9720339L)<\/a><br>Rue HUDGARD ET HONORE COPET &#8211; 97280 LE VAUCLIN<\/li>\n\n\n\n<li><a href=\"https:\/\/annuaire-education.fr\/etablissement\/Le-Vauclin\/Ecole-maternelle-Les-Corallines\/9720342P.html\"><strong>Ecole maternelle Les Corallines<\/strong>&nbsp;(9720342P)<\/a><br>Rue Docteur gros Desormeaux &#8211; 97280 LE VAUCLIN<\/li>\n\n\n\n<li><a href=\"https:\/\/annuaire-education.fr\/etablissement\/Le-Vauclin\/Ecole-primaire-Cadette\/9720345T.html\"><strong>Ecole primaire Cadette<\/strong>&nbsp;(9720345T)<\/a><br>CADETTE &#8211; 97280 LE VAUCLIN<\/li>\n\n\n\n<li><a href=\"https:\/\/annuaire-education.fr\/etablissement\/Le-Vauclin\/Ecole-primaire-La-Montagne\/9720346U.html\"><strong>Ecole primaire La Montagne<\/strong>&nbsp;(9720346U)<\/a><br>LA MONTAGNE &#8211; 97280 LE VAUCLIN<\/li>\n<\/ul>\n\n\n\n<h3 class=\"wp-block-heading\"><a href=\"https:\/\/annuaire-education.fr\/commune\/Martinique\/Saint-Esprit\/97223.html\">Saint-Esprit<\/a><\/h3>\n\n\n\n<ul class=\"wp-block-list\">\n<li><a href=\"https:\/\/annuaire-education.fr\/etablissement\/Saint-Esprit\/Ecole-%C3%A9l%C3%A9mentaire-LES-OISEAUX-DU-PARADIS\/9720278V.html\"><strong>Ecole \u00e9l\u00e9mentaire LES OISEAUX DU PARADIS<\/strong>&nbsp;(9720278V)<\/a><br>Rue Gueydon &#8211; 97270 ST ESPRIT<\/li>\n\n\n\n<li><a href=\"https:\/\/annuaire-education.fr\/etablissement\/Saint-Esprit\/Ecole-%C3%A9l%C3%A9mentaire-Ren%C3%A9-ACHEEN\/9720281Y.html\"><strong>Ecole \u00e9l\u00e9mentaire Ren\u00e9 ACHEEN<\/strong>&nbsp;(9720281Y)<\/a><br>ter R\u00e9sidence R\u00e9sidence Gueydon &#8211; 97270 ST ESPRIT<\/li>\n\n\n\n<li><a href=\"https:\/\/annuaire-education.fr\/etablissement\/Saint-Esprit\/Ecole-maternelle-SAINT-ESPRIT-A\/9720282Z.html\"><strong>Ecole maternelle SAINT-ESPRIT A<\/strong>&nbsp;(9720282Z)<\/a><br>ter R\u00e9sidence R\u00e9sidence Gueydon &#8211; 97270 ST ESPRIT<\/li>\n\n\n\n<li><a href=\"https:\/\/annuaire-education.fr\/etablissement\/Saint-Esprit\/Ecole-maternelle-SAINT-ESPRIT-B\/9720675B.html\"><strong>Ecole maternelle SAINT-ESPRIT B<\/strong>&nbsp;(9720675B)<\/a><br>Place de l&rsquo;Eglise &#8211; 97270 ST ESPRIT<\/li>\n\n\n\n<li><a href=\"https:\/\/annuaire-education.fr\/etablissement\/Saint-Esprit\/Ecole-primaire-Grand-Bassin\/9720283A.html\"><strong>Ecole primaire Grand Bassin<\/strong>&nbsp;(9720283A)<\/a><br>GRAND BASSIN &#8211; 97270 ST ESPRIT<\/li>\n\n\n\n<li><a href=\"https:\/\/annuaire-education.fr\/etablissement\/Saint-Esprit\/Ecole-primaire-Morne-Lavaleur\/9720284B.html\"><strong>Ecole primaire Morne Lavaleur<\/strong>&nbsp;(9720284B)<\/a><br>MORNE LAVALEUR &#8211; 97270 ST ESPRIT<\/li>\n\n\n\n<li><a href=\"https:\/\/annuaire-education.fr\/etablissement\/Saint-Esprit\/Ecole-primaire-Raymond-Labat---VALATTE\/9720286D.html\"><strong>Ecole primaire Raymond Labat &#8211; VALATTE<\/strong>&nbsp;(9720286D)<\/a><br>VALATTE &#8211; 97270 ST ESPRIT<\/li>\n<\/ul>\n\n\n\n<h2 class=\"wp-block-heading\">ANNUAIRE 2025-2026<\/h2>\n\n\n\n<div data-wp-interactive=\"core\/file\" class=\"wp-block-file\"><object data-wp-bind--hidden=\"!state.hasPdfPreview\" hidden class=\"wp-block-file__embed\" data=\"https:\/\/site.ac-martinique.fr\/circonscription-stesprit\/wp-content\/uploads\/sites\/91\/2025\/09\/annuaire-circo-2025-2026.pdf\" type=\"application\/pdf\" style=\"width:100%;height:600px\" aria-label=\"Contenu embarqu\u00e9 annuaire circo 2025 2026.\"><\/object><a id=\"wp-block-file--media-e7c42781-3494-4da9-8692-e80aa79b2fb2\" href=\"https:\/\/site.ac-martinique.fr\/circonscription-stesprit\/wp-content\/uploads\/sites\/91\/2025\/09\/annuaire-circo-2025-2026.pdf\">annuaire circo 2025 2026<\/a><a href=\"https:\/\/site.ac-martinique.fr\/circonscription-stesprit\/wp-content\/uploads\/sites\/91\/2025\/09\/annuaire-circo-2025-2026.pdf\" class=\"wp-block-file__button wp-element-button\" download aria-describedby=\"wp-block-file--media-e7c42781-3494-4da9-8692-e80aa79b2fb2\">T\u00e9l\u00e9charger<\/a><\/div>\n","protected":false},"excerpt":{"rendered":"<p>Bienvenue sur le site officiel de la Circonscription de Saint-Esprit de l&rsquo;Acad\u00e9mie de la Martinique. Vous retrouverez toute l&rsquo;actualit\u00e9 de &hellip; <\/p>\n<p class=\"link-more\"><a href=\"https:\/\/site.ac-martinique.fr\/circonscription-stesprit\/\" class=\"more-link\">Lire la suite&#8230;<span class=\"screen-reader-text\"> \u00ab\u00a0Bienvenue\u00a0\u00bb<\/span><\/a><\/p>\n","protected":false},"author":235,"featured_media":0,"parent":0,"menu_order":1,"comment_status":"closed","ping_status":"closed","template":"","meta":{"footnotes":""},"class_list":["post-11","page","type-page","status-publish","hentry"],"_links":{"self":[{"href":"https:\/\/site.ac-martinique.fr\/circonscription-stesprit\/index.php?rest_route=\/wp\/v2\/pages\/11","targetHints":{"allow":["GET"]}}],"collection":[{"href":"https:\/\/site.ac-martinique.fr\/circonscription-stesprit\/index.php?rest_route=\/wp\/v2\/pages"}],"about":[{"href":"https:\/\/site.ac-martinique.fr\/circonscription-stesprit\/index.php?rest_route=\/wp\/v2\/types\/page"}],"author":[{"embeddable":true,"href":"https:\/\/site.ac-martinique.fr\/circonscription-stesprit\/index.php?rest_route=\/wp\/v2\/users\/235"}],"replies":[{"embeddable":true,"href":"https:\/\/site.ac-martinique.fr\/circonscription-stesprit\/index.php?rest_route=%2Fwp%2Fv2%2Fcomments&post=11"}],"version-history":[{"count":34,"href":"https:\/\/site.ac-martinique.fr\/circonscription-stesprit\/index.php?rest_route=\/wp\/v2\/pages\/11\/revisions"}],"predecessor-version":[{"id":1143,"href":"https:\/\/site.ac-martinique.fr\/circonscription-stesprit\/index.php?rest_route=\/wp\/v2\/pages\/11\/revisions\/1143"}],"wp:attachment":[{"href":"https:\/\/site.ac-martinique.fr\/circonscription-stesprit\/index.php?rest_route=%2Fwp%2Fv2%2Fmedia&parent=11"}],"curies":[{"name":"wp","href":"https:\/\/api.w.org\/{rel}","templated":true}]}}