{"id":105,"date":"2021-07-03T02:12:16","date_gmt":"2021-07-03T00:12:16","guid":{"rendered":"https:\/\/site.ac-martinique.fr\/circonscription-trinite\/?page_id=105"},"modified":"2025-09-04T18:15:50","modified_gmt":"2025-09-04T16:15:50","slug":"echo-des-ecoles","status":"publish","type":"page","link":"https:\/\/site.ac-martinique.fr\/circonscription-trinite\/?page_id=105","title":{"rendered":"\u00c9CHO DES \u00c9COLES"},"content":{"rendered":"<ul class=\"wp-block-latest-posts__list is-grid columns-4 alignwide is-style-tw-posts-card tw-heading-size-small wp-block-latest-posts\"><li><div class=\"wp-block-latest-posts__featured-image\"><img loading=\"lazy\" decoding=\"async\" width=\"150\" height=\"150\" src=\"https:\/\/site.ac-martinique.fr\/circonscription-trinite\/wp-content\/uploads\/sites\/87\/2026\/04\/image-6-150x150.png\" class=\"attachment-thumbnail size-thumbnail wp-post-image\" alt=\"\" style=\"width:100%;height:51.4%;max-width:609px;\" \/><\/div><a class=\"wp-block-latest-posts__post-title\" href=\"https:\/\/site.ac-martinique.fr\/circonscription-trinite\/?p=7568\">C. LANGE : Le d\u00e9fi des objets flottants<\/a><div class=\"wp-block-latest-posts__post-excerpt\">Les \u00e9l\u00e8ves des classes de MS-GS de l\u2019\u00e9cole Christiane Lange&hellip; <a class=\"more-link\" href=\"https:\/\/site.ac-martinique.fr\/circonscription-trinite\/?p=7568\">Poursuivre la lecture <span class=\"screen-reader-text\">C. LANGE : Le d\u00e9fi des objets flottants<\/span><\/a><\/div><\/li>\n<li><div class=\"wp-block-latest-posts__featured-image\"><img loading=\"lazy\" decoding=\"async\" width=\"150\" height=\"150\" src=\"https:\/\/site.ac-martinique.fr\/circonscription-trinite\/wp-content\/uploads\/sites\/87\/2026\/04\/image-5-150x150.png\" class=\"attachment-thumbnail size-thumbnail wp-post-image\" alt=\"\" style=\"width:100%;height:75%;max-width:1600px;\" \/><\/div><a class=\"wp-block-latest-posts__post-title\" href=\"https:\/\/site.ac-martinique.fr\/circonscription-trinite\/?p=7562\">E. DE LEPINE : Deuxi\u00e8me entra\u00eenement au rallye Petit Matheux<\/a><div class=\"wp-block-latest-posts__post-excerpt\">Le mardi 31 mars 2026, les \u00e9l\u00e8ves de CE1 et&hellip; <a class=\"more-link\" href=\"https:\/\/site.ac-martinique.fr\/circonscription-trinite\/?p=7562\">Poursuivre la lecture <span class=\"screen-reader-text\">E. DE LEPINE : Deuxi\u00e8me entra\u00eenement au rallye Petit Matheux<\/span><\/a><\/div><\/li>\n<li><div class=\"wp-block-latest-posts__featured-image\"><img loading=\"lazy\" decoding=\"async\" width=\"150\" height=\"150\" src=\"https:\/\/site.ac-martinique.fr\/circonscription-trinite\/wp-content\/uploads\/sites\/87\/2026\/04\/IMG-20260420-WA0013-1-150x150.jpg\" class=\"attachment-thumbnail size-thumbnail wp-post-image\" alt=\"\" style=\"width:100%;height:73.39%;max-width:793px;\" \/><\/div><a class=\"wp-block-latest-posts__post-title\" href=\"https:\/\/site.ac-martinique.fr\/circonscription-trinite\/?p=7553\">P. CIRILLE  : Mise en voix et en scene : la lecture expressive<\/a><div class=\"wp-block-latest-posts__post-excerpt\">\u00c0 l\u2019\u00e9cole \u00e9l\u00e9mentaire Pierre Cirille, les \u00e9l\u00e8ves de CE2 ont&hellip; <a class=\"more-link\" href=\"https:\/\/site.ac-martinique.fr\/circonscription-trinite\/?p=7553\">Poursuivre la lecture <span class=\"screen-reader-text\">P. CIRILLE  : Mise en voix et en scene : la lecture expressive<\/span><\/a><\/div><\/li>\n<li><div class=\"wp-block-latest-posts__featured-image\"><img loading=\"lazy\" decoding=\"async\" width=\"150\" height=\"150\" src=\"https:\/\/site.ac-martinique.fr\/circonscription-trinite\/wp-content\/uploads\/sites\/87\/2026\/04\/IMG-20260420-WA0003-150x150.jpg\" class=\"attachment-thumbnail size-thumbnail wp-post-image\" alt=\"\" style=\"width:100%;height:75%;max-width:1280px;\" \/><\/div><a class=\"wp-block-latest-posts__post-title\" href=\"https:\/\/site.ac-martinique.fr\/circonscription-trinite\/?p=7546\">R. Platon : P\u00e2ques sous le signe des traditions<\/a><div class=\"wp-block-latest-posts__post-excerpt\">Le jeudi 2 avril, les \u00e9l\u00e8ves de l\u2019\u00e9cole Robert Platon&hellip; <a class=\"more-link\" href=\"https:\/\/site.ac-martinique.fr\/circonscription-trinite\/?p=7546\">Poursuivre la lecture <span class=\"screen-reader-text\">R. Platon : P\u00e2ques sous le signe des traditions<\/span><\/a><\/div><\/li>\n<li><div class=\"wp-block-latest-posts__featured-image\"><img loading=\"lazy\" decoding=\"async\" width=\"150\" height=\"116\" src=\"https:\/\/site.ac-martinique.fr\/circonscription-trinite\/wp-content\/uploads\/sites\/87\/2026\/04\/image-1-150x116.png\" class=\"attachment-thumbnail size-thumbnail wp-post-image\" alt=\"\" style=\"width:100%;height:43.61%;max-width:266px;\" \/><\/div><a class=\"wp-block-latest-posts__post-title\" href=\"https:\/\/site.ac-martinique.fr\/circonscription-trinite\/?p=7538\">E. CAPGRAS : Semaine de l&#8217;empathie<\/a><div class=\"wp-block-latest-posts__post-excerpt\">Dans le cadre de la Semaine de l\u2019empathie, l\u2019\u00e9cole a&hellip; <a class=\"more-link\" href=\"https:\/\/site.ac-martinique.fr\/circonscription-trinite\/?p=7538\">Poursuivre la lecture <span class=\"screen-reader-text\">E. CAPGRAS : Semaine de l&#8217;empathie<\/span><\/a><\/div><\/li>\n<li><a class=\"wp-block-latest-posts__post-title\" href=\"https:\/\/site.ac-martinique.fr\/circonscription-trinite\/?p=7317\">Rallye acad\u00e9mique math\u00e9matique<\/a><div class=\"wp-block-latest-posts__post-excerpt\">F\u00e9licitations aux \u00e9quipes du cycle 3 des \u00e9coles O.Amazan, Auguste&hellip; <a class=\"more-link\" href=\"https:\/\/site.ac-martinique.fr\/circonscription-trinite\/?p=7317\">Poursuivre la lecture <span class=\"screen-reader-text\">Rallye acad\u00e9mique math\u00e9matique<\/span><\/a><\/div><\/li>\n<li><div class=\"wp-block-latest-posts__featured-image\"><img loading=\"lazy\" decoding=\"async\" width=\"150\" height=\"150\" src=\"https:\/\/site.ac-martinique.fr\/circonscription-trinite\/wp-content\/uploads\/sites\/87\/2026\/04\/IMG20260330152227-150x150.jpg\" class=\"attachment-thumbnail size-thumbnail wp-post-image\" alt=\"\" style=\"width:100%;height:100%;max-width:3120px;\" srcset=\"https:\/\/site.ac-martinique.fr\/circonscription-trinite\/wp-content\/uploads\/sites\/87\/2026\/04\/IMG20260330152227-150x150.jpg 150w, https:\/\/site.ac-martinique.fr\/circonscription-trinite\/wp-content\/uploads\/sites\/87\/2026\/04\/IMG20260330152227-300x300.jpg 300w, https:\/\/site.ac-martinique.fr\/circonscription-trinite\/wp-content\/uploads\/sites\/87\/2026\/04\/IMG20260330152227-1024x1024.jpg 1024w, https:\/\/site.ac-martinique.fr\/circonscription-trinite\/wp-content\/uploads\/sites\/87\/2026\/04\/IMG20260330152227-768x768.jpg 768w, https:\/\/site.ac-martinique.fr\/circonscription-trinite\/wp-content\/uploads\/sites\/87\/2026\/04\/IMG20260330152227-1536x1536.jpg 1536w, https:\/\/site.ac-martinique.fr\/circonscription-trinite\/wp-content\/uploads\/sites\/87\/2026\/04\/IMG20260330152227-2048x2048.jpg 2048w, https:\/\/site.ac-martinique.fr\/circonscription-trinite\/wp-content\/uploads\/sites\/87\/2026\/04\/IMG20260330152227-1568x1568.jpg 1568w\" sizes=\"auto, (max-width: 150px) 100vw, 150px\" \/><\/div><a class=\"wp-block-latest-posts__post-title\" href=\"https:\/\/site.ac-martinique.fr\/circonscription-trinite\/?p=7531\">E. CAPGRAS : Sensibilisation au cyberharc\u00e8lement : voir, comprendre et en parler<\/a><div class=\"wp-block-latest-posts__post-excerpt\">Dans le cadre de la pr\u00e9vention du harc\u00e8lement et du&hellip; <a class=\"more-link\" href=\"https:\/\/site.ac-martinique.fr\/circonscription-trinite\/?p=7531\">Poursuivre la lecture <span class=\"screen-reader-text\">E. CAPGRAS : Sensibilisation au cyberharc\u00e8lement : voir, comprendre et en parler<\/span><\/a><\/div><\/li>\n<li><div class=\"wp-block-latest-posts__featured-image\"><img loading=\"lazy\" decoding=\"async\" width=\"150\" height=\"150\" src=\"https:\/\/site.ac-martinique.fr\/circonscription-trinite\/wp-content\/uploads\/sites\/87\/2026\/04\/WhatsApp-Image-2026-03-31-at-17.18.57-1-1-150x150.jpeg\" class=\"attachment-thumbnail size-thumbnail wp-post-image\" alt=\"\" style=\"width:100%;height:133.33%;max-width:1536px;\" \/><\/div><a class=\"wp-block-latest-posts__post-title\" href=\"https:\/\/site.ac-martinique.fr\/circonscription-trinite\/?p=7512\">P. CIRILLE : Course d&#8217;orientation math\u00e9matiques<\/a><div class=\"wp-block-latest-posts__post-excerpt\">\u00c0 l\u2019\u00e9cole Pierre Cirille, les enseignantes ont propos\u00e9 une autre&hellip; <a class=\"more-link\" href=\"https:\/\/site.ac-martinique.fr\/circonscription-trinite\/?p=7512\">Poursuivre la lecture <span class=\"screen-reader-text\">P. CIRILLE : Course d&#8217;orientation math\u00e9matiques<\/span><\/a><\/div><\/li>\n<li><div class=\"wp-block-latest-posts__featured-image\"><img loading=\"lazy\" decoding=\"async\" width=\"150\" height=\"150\" src=\"https:\/\/site.ac-martinique.fr\/circonscription-trinite\/wp-content\/uploads\/sites\/87\/2026\/04\/VideoCapture_20260402-110353-150x150.jpg\" class=\"attachment-thumbnail size-thumbnail wp-post-image\" alt=\"\" style=\"width:100%;height:176.67%;max-width:480px;\" \/><\/div><a class=\"wp-block-latest-posts__post-title\" href=\"https:\/\/site.ac-martinique.fr\/circonscription-trinite\/?p=7499\">U Vestris : \u00c9galit\u00e9 en mouvement<\/a><div class=\"wp-block-latest-posts__post-excerpt\">Les \u00e9l\u00e8ves de CM1 et CM2 ont particip\u00e9 \u00e0 \u00ab\u00a0\u00c9galit\u00e9&hellip; <a class=\"more-link\" href=\"https:\/\/site.ac-martinique.fr\/circonscription-trinite\/?p=7499\">Poursuivre la lecture <span class=\"screen-reader-text\">U Vestris : \u00c9galit\u00e9 en mouvement<\/span><\/a><\/div><\/li>\n<li><div class=\"wp-block-latest-posts__featured-image\"><img loading=\"lazy\" decoding=\"async\" width=\"150\" height=\"150\" src=\"https:\/\/site.ac-martinique.fr\/circonscription-trinite\/wp-content\/uploads\/sites\/87\/2026\/04\/IMG-20260402-WA0008-150x150.jpg\" class=\"attachment-thumbnail size-thumbnail wp-post-image\" alt=\"\" style=\"width:100%;height:133.33%;max-width:960px;\" \/><\/div><a class=\"wp-block-latest-posts__post-title\" href=\"https:\/\/site.ac-martinique.fr\/circonscription-trinite\/?p=7486\">Semaine Olympique et Paralympique au Robert et \u00e0 Trinit\u00e9<\/a><div class=\"wp-block-latest-posts__post-excerpt\">\u00c9cole Christiane LANGE Dans le cadre de la Semaine Olympique&hellip; <a class=\"more-link\" href=\"https:\/\/site.ac-martinique.fr\/circonscription-trinite\/?p=7486\">Poursuivre la lecture <span class=\"screen-reader-text\">Semaine Olympique et Paralympique au Robert et \u00e0 Trinit\u00e9<\/span><\/a><\/div><\/li>\n<li><div class=\"wp-block-latest-posts__featured-image\"><img loading=\"lazy\" decoding=\"async\" width=\"150\" height=\"150\" src=\"https:\/\/site.ac-martinique.fr\/circonscription-trinite\/wp-content\/uploads\/sites\/87\/2026\/03\/image-32-150x150.png\" class=\"attachment-thumbnail size-thumbnail wp-post-image\" alt=\"\" style=\"width:100%;height:46.25%;max-width:1600px;\" \/><\/div><a class=\"wp-block-latest-posts__post-title\" href=\"https:\/\/site.ac-martinique.fr\/circonscription-trinite\/?p=7475\">E. DE LEPINE : r\u00e9fl\u00e9chir \u00e0 ses usages du num\u00e9rique pour le Safer Internet Day<\/a><div class=\"wp-block-latest-posts__post-excerpt\">\u00c0 l\u2019occasion du Safer Internet Day, les \u00e9l\u00e8ves de l\u2019\u00e9cole&hellip; <a class=\"more-link\" href=\"https:\/\/site.ac-martinique.fr\/circonscription-trinite\/?p=7475\">Poursuivre la lecture <span class=\"screen-reader-text\">E. DE LEPINE : r\u00e9fl\u00e9chir \u00e0 ses usages du num\u00e9rique pour le Safer Internet Day<\/span><\/a><\/div><\/li>\n<li><div class=\"wp-block-latest-posts__featured-image\"><img loading=\"lazy\" decoding=\"async\" width=\"150\" height=\"150\" src=\"https:\/\/site.ac-martinique.fr\/circonscription-trinite\/wp-content\/uploads\/sites\/87\/2026\/03\/WhatsApp-Image-2026-03-28-at-10.47-150x150.jpeg\" class=\"attachment-thumbnail size-thumbnail wp-post-image\" alt=\"\" style=\"width:100%;height:75%;max-width:1280px;\" \/><\/div><a class=\"wp-block-latest-posts__post-title\" href=\"https:\/\/site.ac-martinique.fr\/circonscription-trinite\/?p=7468\">O.AMAZAN : Sensibilisation au harc\u00e8lement dans la classe de CM1-CM2<\/a><div class=\"wp-block-latest-posts__post-excerpt\">Dans la classe de CM1-CM2, une action de sensibilisation au&hellip; <a class=\"more-link\" href=\"https:\/\/site.ac-martinique.fr\/circonscription-trinite\/?p=7468\">Poursuivre la lecture <span class=\"screen-reader-text\">O.AMAZAN : Sensibilisation au harc\u00e8lement dans la classe de CM1-CM2<\/span><\/a><\/div><\/li>\n<li><div class=\"wp-block-latest-posts__featured-image\"><img loading=\"lazy\" decoding=\"async\" width=\"150\" height=\"150\" src=\"https:\/\/site.ac-martinique.fr\/circonscription-trinite\/wp-content\/uploads\/sites\/87\/2026\/03\/image-26-150x150.png\" class=\"attachment-thumbnail size-thumbnail wp-post-image\" alt=\"\" style=\"width:100%;height:52.48%;max-width:747px;\" \/><\/div><a class=\"wp-block-latest-posts__post-title\" href=\"https:\/\/site.ac-martinique.fr\/circonscription-trinite\/?p=7443\">BELLEVUE : D\u00e9fi cr\u00e9atif \u00e0 l&#8217;imprimante 3D<\/a><div class=\"wp-block-latest-posts__post-excerpt\">\u00c0 l\u2019\u00e9cole de Bellevue, les \u00e9l\u00e8ves du cycle 2 se&hellip; <a class=\"more-link\" href=\"https:\/\/site.ac-martinique.fr\/circonscription-trinite\/?p=7443\">Poursuivre la lecture <span class=\"screen-reader-text\">BELLEVUE : D\u00e9fi cr\u00e9atif \u00e0 l&#8217;imprimante 3D<\/span><\/a><\/div><\/li>\n<li><div class=\"wp-block-latest-posts__featured-image\"><img loading=\"lazy\" decoding=\"async\" width=\"150\" height=\"150\" src=\"https:\/\/site.ac-martinique.fr\/circonscription-trinite\/wp-content\/uploads\/sites\/87\/2026\/03\/image-24-150x150.png\" class=\"attachment-thumbnail size-thumbnail wp-post-image\" alt=\"\" style=\"width:100%;height:89.39%;max-width:1470px;\" \/><\/div><a class=\"wp-block-latest-posts__post-title\" href=\"https:\/\/site.ac-martinique.fr\/circonscription-trinite\/?p=7437\">H. SAINTE-ROSE: Semaine de l&#8217;empathie<\/a><div class=\"wp-block-latest-posts__post-excerpt\">Dans le cadre de la Semaine de l\u2019empathie, les \u00e9l\u00e8ves&hellip; <a class=\"more-link\" href=\"https:\/\/site.ac-martinique.fr\/circonscription-trinite\/?p=7437\">Poursuivre la lecture <span class=\"screen-reader-text\">H. SAINTE-ROSE: Semaine de l&#8217;empathie<\/span><\/a><\/div><\/li>\n<li><div class=\"wp-block-latest-posts__featured-image\"><img loading=\"lazy\" decoding=\"async\" width=\"150\" height=\"150\" src=\"https:\/\/site.ac-martinique.fr\/circonscription-trinite\/wp-content\/uploads\/sites\/87\/2026\/03\/WhatsApp-Image-2026-03-28-at-21.47.33-150x150.jpeg\" class=\"attachment-thumbnail size-thumbnail wp-post-image\" alt=\"\" style=\"width:100%;height:133.33%;max-width:1200px;\" \/><\/div><a class=\"wp-block-latest-posts__post-title\" href=\"https:\/\/site.ac-martinique.fr\/circonscription-trinite\/?p=7424\">R. PLATON : D\u00e9couverte de la culture Kalinago<\/a><div class=\"wp-block-latest-posts__post-excerpt\">Ce vendredi 27 mars, l\u2019ensemble des classes de l\u2019\u00e9cole Robert&hellip; <a class=\"more-link\" href=\"https:\/\/site.ac-martinique.fr\/circonscription-trinite\/?p=7424\">Poursuivre la lecture <span class=\"screen-reader-text\">R. PLATON : D\u00e9couverte de la culture Kalinago<\/span><\/a><\/div><\/li>\n<li><div class=\"wp-block-latest-posts__featured-image\"><img loading=\"lazy\" decoding=\"async\" width=\"150\" height=\"150\" src=\"https:\/\/site.ac-martinique.fr\/circonscription-trinite\/wp-content\/uploads\/sites\/87\/2026\/03\/image-19-150x150.png\" class=\"attachment-thumbnail size-thumbnail wp-post-image\" alt=\"\" style=\"width:100%;height:70.2%;max-width:1406px;\" \/><\/div><a class=\"wp-block-latest-posts__post-title\" href=\"https:\/\/site.ac-martinique.fr\/circonscription-trinite\/?p=7409\">A REJON : Les \u00e9l\u00e8ves mobilis\u00e9s contre le harc\u00e8lement sous toutes ses formes<\/a><div class=\"wp-block-latest-posts__post-excerpt\">Dans le cadre des actions de sensibilisation au harc\u00e8lement sous&hellip; <a class=\"more-link\" href=\"https:\/\/site.ac-martinique.fr\/circonscription-trinite\/?p=7409\">Poursuivre la lecture <span class=\"screen-reader-text\">A REJON : Les \u00e9l\u00e8ves mobilis\u00e9s contre le harc\u00e8lement sous toutes ses formes<\/span><\/a><\/div><\/li>\n<li><div class=\"wp-block-latest-posts__featured-image\"><img loading=\"lazy\" decoding=\"async\" width=\"150\" height=\"150\" src=\"https:\/\/site.ac-martinique.fr\/circonscription-trinite\/wp-content\/uploads\/sites\/87\/2026\/03\/image-18-150x150.png\" class=\"attachment-thumbnail size-thumbnail wp-post-image\" alt=\"\" style=\"width:100%;height:177.78%;max-width:900px;\" \/><\/div><a class=\"wp-block-latest-posts__post-title\" href=\"https:\/\/site.ac-martinique.fr\/circonscription-trinite\/?p=7393\">H. SAINTE-ROSE : Semaine de l&#8217;eau<\/a><div class=\"wp-block-latest-posts__post-excerpt\">Dans le cadre de la Semaine de l\u2019eau \u00e0 l\u2019\u00e9cole&hellip; <a class=\"more-link\" href=\"https:\/\/site.ac-martinique.fr\/circonscription-trinite\/?p=7393\">Poursuivre la lecture <span class=\"screen-reader-text\">H. SAINTE-ROSE : Semaine de l&#8217;eau<\/span><\/a><\/div><\/li>\n<li><div class=\"wp-block-latest-posts__featured-image\"><img loading=\"lazy\" decoding=\"async\" width=\"150\" height=\"150\" src=\"https:\/\/site.ac-martinique.fr\/circonscription-trinite\/wp-content\/uploads\/sites\/87\/2026\/03\/WhatsApp-Image-2026-03-23-at-12.51.24-5-150x150.jpeg\" class=\"attachment-thumbnail size-thumbnail wp-post-image\" alt=\"\" style=\"width:100%;height:216.8%;max-width:738px;\" \/><\/div><a class=\"wp-block-latest-posts__post-title\" href=\"https:\/\/site.ac-martinique.fr\/circonscription-trinite\/?p=7383\">E DE LEPINE : Cr\u00e9ation de paper recycl\u00e9<\/a><div class=\"wp-block-latest-posts__post-excerpt\">Les \u00e9l\u00e8ves de la classe de CM1A de l\u2019\u00e9cole \u00c9douard&hellip; <a class=\"more-link\" href=\"https:\/\/site.ac-martinique.fr\/circonscription-trinite\/?p=7383\">Poursuivre la lecture <span class=\"screen-reader-text\">E DE LEPINE : Cr\u00e9ation de paper recycl\u00e9<\/span><\/a><\/div><\/li>\n<li><div class=\"wp-block-latest-posts__featured-image\"><img loading=\"lazy\" decoding=\"async\" width=\"150\" height=\"150\" src=\"https:\/\/site.ac-martinique.fr\/circonscription-trinite\/wp-content\/uploads\/sites\/87\/2026\/03\/image-16-150x150.png\" class=\"attachment-thumbnail size-thumbnail wp-post-image\" alt=\"\" style=\"width:100%;height:133.33%;max-width:1200px;\" \/><\/div><a class=\"wp-block-latest-posts__post-title\" href=\"https:\/\/site.ac-martinique.fr\/circonscription-trinite\/?p=7374\">C. LANGE :Escape game dans les classes de C3 et jeux divers en C1<\/a><div class=\"wp-block-latest-posts__post-excerpt\"><\/div><\/li>\n<li><div class=\"wp-block-latest-posts__featured-image\"><img loading=\"lazy\" decoding=\"async\" width=\"150\" height=\"150\" src=\"https:\/\/site.ac-martinique.fr\/circonscription-trinite\/wp-content\/uploads\/sites\/87\/2026\/03\/image-6-150x150.png\" class=\"attachment-thumbnail size-thumbnail wp-post-image\" alt=\"\" style=\"width:100%;height:56.22%;max-width:1599px;\" \/><\/div><a class=\"wp-block-latest-posts__post-title\" href=\"https:\/\/site.ac-martinique.fr\/circonscription-trinite\/?p=7360\">REP Paul Symphor &#8211; Semaine du Cr\u00e9ole 2026<\/a><div class=\"wp-block-latest-posts__post-excerpt\">Exposition au college Paul Symphor<\/div><\/li>\n<li><div class=\"wp-block-latest-posts__featured-image\"><img loading=\"lazy\" decoding=\"async\" width=\"150\" height=\"150\" src=\"https:\/\/site.ac-martinique.fr\/circonscription-trinite\/wp-content\/uploads\/sites\/87\/2026\/03\/WhatsApp-Image-2026-03-16-at-14.45.02-2-1-150x150.jpeg\" class=\"attachment-thumbnail size-thumbnail wp-post-image\" alt=\"\" style=\"width:100%;height:111.42%;max-width:1436px;\" \/><\/div><a class=\"wp-block-latest-posts__post-title\" href=\"https:\/\/site.ac-martinique.fr\/circonscription-trinite\/?p=7330\">Semaine des Maths 2026<\/a><div class=\"wp-block-latest-posts__post-excerpt\">ECOLE MANO CESAIRE Des \u00e9l\u00e8ves et des enseignants engag\u00e9s autour&hellip; <a class=\"more-link\" href=\"https:\/\/site.ac-martinique.fr\/circonscription-trinite\/?p=7330\">Poursuivre la lecture <span class=\"screen-reader-text\">Semaine des Maths 2026<\/span><\/a><\/div><\/li>\n<li><div class=\"wp-block-latest-posts__featured-image\"><img loading=\"lazy\" decoding=\"async\" width=\"150\" height=\"150\" src=\"https:\/\/site.ac-martinique.fr\/circonscription-trinite\/wp-content\/uploads\/sites\/87\/2026\/03\/WhatsApp-Image-2026-03-13-at-11.59.57-1-1-150x150.jpeg\" class=\"attachment-thumbnail size-thumbnail wp-post-image\" alt=\"\" style=\"width:100%;height:133.33%;max-width:1200px;\" \/><\/div><a class=\"wp-block-latest-posts__post-title\" href=\"https:\/\/site.ac-martinique.fr\/circonscription-trinite\/?p=7321\">S BRANGLIDOR : Le gommier \u00e0 l&#8217;honneur<\/a><div class=\"wp-block-latest-posts__post-excerpt\">Intervention d\u2019un auteur de litt\u00e9rature de jeunesse et son \u00e9ditrice&hellip; <a class=\"more-link\" href=\"https:\/\/site.ac-martinique.fr\/circonscription-trinite\/?p=7321\">Poursuivre la lecture <span class=\"screen-reader-text\">S BRANGLIDOR : Le gommier \u00e0 l&#8217;honneur<\/span><\/a><\/div><\/li>\n<li><div class=\"wp-block-latest-posts__featured-image\"><img loading=\"lazy\" decoding=\"async\" width=\"150\" height=\"150\" src=\"https:\/\/site.ac-martinique.fr\/circonscription-trinite\/wp-content\/uploads\/sites\/87\/2026\/03\/image-150x150.png\" class=\"attachment-thumbnail size-thumbnail wp-post-image\" alt=\"\" style=\"width:100%;height:115.53%;max-width:1320px;\" \/><\/div><a class=\"wp-block-latest-posts__post-title\" href=\"https:\/\/site.ac-martinique.fr\/circonscription-trinite\/?p=7310\">S.BRANGLIDOR : Intervention d\u2019un conteur-chanteur<\/a><div class=\"wp-block-latest-posts__post-excerpt\">Les \u00e9l\u00e8ves de l\u2019\u00e9cole maternelle Simone Branglidor ont r\u00e9cemment v\u00e9cu&hellip; <a class=\"more-link\" href=\"https:\/\/site.ac-martinique.fr\/circonscription-trinite\/?p=7310\">Poursuivre la lecture <span class=\"screen-reader-text\">S.BRANGLIDOR : Intervention d\u2019un conteur-chanteur<\/span><\/a><\/div><\/li>\n<li><div class=\"wp-block-latest-posts__featured-image\"><img loading=\"lazy\" decoding=\"async\" width=\"150\" height=\"150\" src=\"https:\/\/site.ac-martinique.fr\/circonscription-trinite\/wp-content\/uploads\/sites\/87\/2026\/03\/IMG-20260227-WA0004-150x150.jpg\" class=\"attachment-thumbnail size-thumbnail wp-post-image\" alt=\"\" style=\"width:100%;height:75.06%;max-width:1600px;\" \/><\/div><a class=\"wp-block-latest-posts__post-title\" href=\"https:\/\/site.ac-martinique.fr\/circonscription-trinite\/?p=7303\">AUGUSTE REJON ELEM. : Concours de conjugaison<\/a><div class=\"wp-block-latest-posts__post-excerpt\">Vendredi 27 f\u00e9vrier 2026 se tenait le concours de conjugaison&hellip; <a class=\"more-link\" href=\"https:\/\/site.ac-martinique.fr\/circonscription-trinite\/?p=7303\">Poursuivre la lecture <span class=\"screen-reader-text\">AUGUSTE REJON ELEM. : Concours de conjugaison<\/span><\/a><\/div><\/li>\n<li><div class=\"wp-block-latest-posts__featured-image\"><img loading=\"lazy\" decoding=\"async\" width=\"150\" height=\"150\" src=\"https:\/\/site.ac-martinique.fr\/circonscription-trinite\/wp-content\/uploads\/sites\/87\/2026\/02\/JPEG_20260206_165324_1023755288558626702-150x150.jpg\" class=\"attachment-thumbnail size-thumbnail wp-post-image\" alt=\"\" style=\"width:100%;height:56.21%;max-width:2560px;\" \/><\/div><a class=\"wp-block-latest-posts__post-title\" href=\"https:\/\/site.ac-martinique.fr\/circonscription-trinite\/?p=7290\">Parade des \u00e9coles dans les rues de Trinit\u00e9 et du Robert<\/a><div class=\"wp-block-latest-posts__post-excerpt\">Dans le cadre du Carnaval, les \u00e9coles ont particip\u00e9 \u00e0&hellip; <a class=\"more-link\" href=\"https:\/\/site.ac-martinique.fr\/circonscription-trinite\/?p=7290\">Poursuivre la lecture <span class=\"screen-reader-text\">Parade des \u00e9coles dans les rues de Trinit\u00e9 et du Robert<\/span><\/a><\/div><\/li>\n<li><div class=\"wp-block-latest-posts__featured-image\"><img loading=\"lazy\" decoding=\"async\" width=\"150\" height=\"150\" src=\"https:\/\/site.ac-martinique.fr\/circonscription-trinite\/wp-content\/uploads\/sites\/87\/2026\/02\/WhatsApp-Image-2026-02-05-at-09.17.58-150x150.jpeg\" class=\"attachment-thumbnail size-thumbnail wp-post-image\" alt=\"\" style=\"width:100%;height:56.25%;max-width:1280px;\" \/><\/div><a class=\"wp-block-latest-posts__post-title\" href=\"https:\/\/site.ac-martinique.fr\/circonscription-trinite\/?p=7280\">PIERRE CIRILLE ELEM : Pr\u00e9vention des violences et du cyberharc\u00e8lement<\/a><div class=\"wp-block-latest-posts__post-excerpt\">L\u2019\u00e9cole \u00e9l\u00e9mentaire Pierre Cirille a accueilli l\u2019association Les Colosses aux&hellip; <a class=\"more-link\" href=\"https:\/\/site.ac-martinique.fr\/circonscription-trinite\/?p=7280\">Poursuivre la lecture <span class=\"screen-reader-text\">PIERRE CIRILLE ELEM : Pr\u00e9vention des violences et du cyberharc\u00e8lement<\/span><\/a><\/div><\/li>\n<li><div class=\"wp-block-latest-posts__featured-image\"><img loading=\"lazy\" decoding=\"async\" width=\"150\" height=\"150\" src=\"https:\/\/site.ac-martinique.fr\/circonscription-trinite\/wp-content\/uploads\/sites\/87\/2026\/02\/IMG-20260202-WA0017-150x150.jpg\" class=\"attachment-thumbnail size-thumbnail wp-post-image\" alt=\"\" style=\"width:100%;height:75%;max-width:1600px;\" \/><\/div><a class=\"wp-block-latest-posts__post-title\" href=\"https:\/\/site.ac-martinique.fr\/circonscription-trinite\/?p=7273\">REP PAUL SYMPHOR &#8211; Olympiades \u00e0 Emile Capgras et Edouard De Lepine<\/a><div class=\"wp-block-latest-posts__post-excerpt\">Retour sur les Olympiades 2026 organis\u00e9es par le coll\u00e8ge Paul&hellip; <a class=\"more-link\" href=\"https:\/\/site.ac-martinique.fr\/circonscription-trinite\/?p=7273\">Poursuivre la lecture <span class=\"screen-reader-text\">REP PAUL SYMPHOR &#8211; Olympiades \u00e0 Emile Capgras et Edouard De Lepine<\/span><\/a><\/div><\/li>\n<li><div class=\"wp-block-latest-posts__featured-image\"><img loading=\"lazy\" decoding=\"async\" width=\"150\" height=\"150\" src=\"https:\/\/site.ac-martinique.fr\/circonscription-trinite\/wp-content\/uploads\/sites\/87\/2026\/01\/IMG-20260129-WA0016-1-150x150.jpg\" class=\"attachment-thumbnail size-thumbnail wp-post-image\" alt=\"\" style=\"width:100%;height:57.48%;max-width:842px;\" \/><\/div><a class=\"wp-block-latest-posts__post-title\" href=\"https:\/\/site.ac-martinique.fr\/circonscription-trinite\/?p=7265\">AUGUSTE R\u00c9JON mat. : Manj\u00e9 lokal at\u00e8 l\u00e9kol<\/a><div class=\"wp-block-latest-posts__post-excerpt\">Sa ou p\u00e9 f\u00e8 \u00e9pi an fwiyapen ? *Kwoket fwiyapen*&hellip; <a class=\"more-link\" href=\"https:\/\/site.ac-martinique.fr\/circonscription-trinite\/?p=7265\">Poursuivre la lecture <span class=\"screen-reader-text\">AUGUSTE R\u00c9JON mat. : Manj\u00e9 lokal at\u00e8 l\u00e9kol<\/span><\/a><\/div><\/li>\n<li><div class=\"wp-block-latest-posts__featured-image\"><img loading=\"lazy\" decoding=\"async\" width=\"150\" height=\"150\" src=\"https:\/\/site.ac-martinique.fr\/circonscription-trinite\/wp-content\/uploads\/sites\/87\/2026\/01\/image-4-150x150.png\" class=\"attachment-thumbnail size-thumbnail wp-post-image\" alt=\"\" style=\"width:100%;height:75%;max-width:1280px;\" \/><\/div><a class=\"wp-block-latest-posts__post-title\" href=\"https:\/\/site.ac-martinique.fr\/circonscription-trinite\/?p=7260\">Passation des \u00e9valuations nationales mi-CP en num\u00e9rique<\/a><div class=\"wp-block-latest-posts__post-excerpt\">\u00c0 l\u2019\u00e9cole de Bellevue, les \u00e9valuations nationales mi-CP ont \u00e9t\u00e9&hellip; <a class=\"more-link\" href=\"https:\/\/site.ac-martinique.fr\/circonscription-trinite\/?p=7260\">Poursuivre la lecture <span class=\"screen-reader-text\">Passation des \u00e9valuations nationales mi-CP en num\u00e9rique<\/span><\/a><\/div><\/li>\n<li><div class=\"wp-block-latest-posts__featured-image\"><img loading=\"lazy\" decoding=\"async\" width=\"150\" height=\"150\" src=\"https:\/\/site.ac-martinique.fr\/circonscription-trinite\/wp-content\/uploads\/sites\/87\/2026\/01\/WhatsApp-Image-2026-01-16-at-15.56.19-2-150x150.jpeg\" class=\"attachment-thumbnail size-thumbnail wp-post-image\" alt=\"\" style=\"width:100%;height:52.84%;max-width:986px;\" \/><\/div><a class=\"wp-block-latest-posts__post-title\" href=\"https:\/\/site.ac-martinique.fr\/circonscription-trinite\/?p=7253\">ECOLE DE BELLEVUE: Cr\u00e9er du lien avec Boukili<\/a><div class=\"wp-block-latest-posts__post-excerpt\">Le \u00bc d\u2019heure de lecture avec Boukili \u00c0 l\u2019\u00e9cole de&hellip; <a class=\"more-link\" href=\"https:\/\/site.ac-martinique.fr\/circonscription-trinite\/?p=7253\">Poursuivre la lecture <span class=\"screen-reader-text\">ECOLE DE BELLEVUE: Cr\u00e9er du lien avec Boukili<\/span><\/a><\/div><\/li>\n<li><div class=\"wp-block-latest-posts__featured-image\"><img loading=\"lazy\" decoding=\"async\" width=\"150\" height=\"150\" src=\"https:\/\/site.ac-martinique.fr\/circonscription-trinite\/wp-content\/uploads\/sites\/87\/2026\/01\/IMG-20260116-WA0015-150x150.jpg\" class=\"attachment-thumbnail size-thumbnail wp-post-image\" alt=\"\" style=\"width:100%;height:133.33%;max-width:1200px;\" \/><\/div><a class=\"wp-block-latest-posts__post-title\" href=\"https:\/\/site.ac-martinique.fr\/circonscription-trinite\/?p=7247\">JUSTINE LEMUS : Pr\u00e9paration de la parade des \u00e9cole<\/a><div class=\"wp-block-latest-posts__post-excerpt\">Dans le cadre de la pr\u00e9paration de la parade des&hellip; <a class=\"more-link\" href=\"https:\/\/site.ac-martinique.fr\/circonscription-trinite\/?p=7247\">Poursuivre la lecture <span class=\"screen-reader-text\">JUSTINE LEMUS : Pr\u00e9paration de la parade des \u00e9cole<\/span><\/a><\/div><\/li>\n<li><div class=\"wp-block-latest-posts__featured-image\"><img loading=\"lazy\" decoding=\"async\" width=\"150\" height=\"150\" src=\"https:\/\/site.ac-martinique.fr\/circonscription-trinite\/wp-content\/uploads\/sites\/87\/2026\/01\/image-150x150.png\" class=\"attachment-thumbnail size-thumbnail wp-post-image\" alt=\"\" style=\"width:100%;height:133.33%;max-width:960px;\" \/><\/div><a class=\"wp-block-latest-posts__post-title\" href=\"https:\/\/site.ac-martinique.fr\/circonscription-trinite\/?p=7240\">HECTOR SAINTE-ROSE : J\u00e9 an tan lontan<\/a><div class=\"wp-block-latest-posts__post-excerpt\">Les jeux d\u2019Antan sont toujours aussi appr\u00e9ci\u00e9s des enfants. Ils&hellip; <a class=\"more-link\" href=\"https:\/\/site.ac-martinique.fr\/circonscription-trinite\/?p=7240\">Poursuivre la lecture <span class=\"screen-reader-text\">HECTOR SAINTE-ROSE : J\u00e9 an tan lontan<\/span><\/a><\/div><\/li>\n<li><div class=\"wp-block-latest-posts__featured-image\"><img loading=\"lazy\" decoding=\"async\" width=\"150\" height=\"150\" src=\"https:\/\/site.ac-martinique.fr\/circonscription-trinite\/wp-content\/uploads\/sites\/87\/2026\/01\/WhatsApp-Image-2026-01-06-at-10.53.35-1-150x150.jpeg\" class=\"attachment-thumbnail size-thumbnail wp-post-image\" alt=\"\" style=\"width:100%;height:75%;max-width:1280px;\" \/><\/div><a class=\"wp-block-latest-posts__post-title\" href=\"https:\/\/site.ac-martinique.fr\/circonscription-trinite\/?p=7230\">No\u00ebl plac\u00e9 sous le signe du partage \u00e0 l\u2019\u00e9cole Mano C\u00e9saire<\/a><div class=\"wp-block-latest-posts__post-excerpt\">\u00c0 l\u2019occasion des f\u00eates de fin d\u2019ann\u00e9e, l\u2019\u00e9cole Mano C\u00e9saire&hellip; <a class=\"more-link\" href=\"https:\/\/site.ac-martinique.fr\/circonscription-trinite\/?p=7230\">Poursuivre la lecture <span class=\"screen-reader-text\">No\u00ebl plac\u00e9 sous le signe du partage \u00e0 l\u2019\u00e9cole Mano C\u00e9saire<\/span><\/a><\/div><\/li>\n<li><div class=\"wp-block-latest-posts__featured-image\"><img loading=\"lazy\" decoding=\"async\" width=\"150\" height=\"150\" src=\"https:\/\/site.ac-martinique.fr\/circonscription-trinite\/wp-content\/uploads\/sites\/87\/2025\/12\/IMG-20251219-WA0009-150x150.jpg\" class=\"attachment-thumbnail size-thumbnail wp-post-image\" alt=\"\" style=\"width:100%;height:75%;max-width:1280px;\" \/><\/div><a class=\"wp-block-latest-posts__post-title\" href=\"https:\/\/site.ac-martinique.fr\/circonscription-trinite\/?p=7218\">Jeu an tan lontan \u00e0 la maternelle  Les Coraux<\/a><div class=\"wp-block-latest-posts__post-excerpt\">Matin\u00e9e inoubliable ce matin pour les enfants ! En avant&hellip; <a class=\"more-link\" href=\"https:\/\/site.ac-martinique.fr\/circonscription-trinite\/?p=7218\">Poursuivre la lecture <span class=\"screen-reader-text\">Jeu an tan lontan \u00e0 la maternelle  Les Coraux<\/span><\/a><\/div><\/li>\n<li><div class=\"wp-block-latest-posts__featured-image\"><img loading=\"lazy\" decoding=\"async\" width=\"150\" height=\"150\" src=\"https:\/\/site.ac-martinique.fr\/circonscription-trinite\/wp-content\/uploads\/sites\/87\/2025\/12\/IMG-20251219-WA0007-150x150.jpg\" class=\"attachment-thumbnail size-thumbnail wp-post-image\" alt=\"\" style=\"width:100%;height:114.45%;max-width:1398px;\" \/><\/div><a class=\"wp-block-latest-posts__post-title\" href=\"https:\/\/site.ac-martinique.fr\/circonscription-trinite\/?p=7212\">Chorale de No\u00ebl \u00e0 Simone Branglidor<\/a><div class=\"wp-block-latest-posts__post-excerpt\">Chorale de No\u00ebl pour les parents \ud83c\udf85\ud83c\udffc et distribution des&hellip; <a class=\"more-link\" href=\"https:\/\/site.ac-martinique.fr\/circonscription-trinite\/?p=7212\">Poursuivre la lecture <span class=\"screen-reader-text\">Chorale de No\u00ebl \u00e0 Simone Branglidor<\/span><\/a><\/div><\/li>\n<li><div class=\"wp-block-latest-posts__featured-image\"><img loading=\"lazy\" decoding=\"async\" width=\"150\" height=\"150\" src=\"https:\/\/site.ac-martinique.fr\/circonscription-trinite\/wp-content\/uploads\/sites\/87\/2025\/12\/IMG-20251217-WA0014-150x150.jpg\" class=\"attachment-thumbnail size-thumbnail wp-post-image\" alt=\"\" style=\"width:100%;height:133.33%;max-width:1200px;\" \/><\/div><a class=\"wp-block-latest-posts__post-title\" href=\"https:\/\/site.ac-martinique.fr\/circonscription-trinite\/?p=7193\">L&#8217;appel du Tambour \u00e0 Emile Capgras<\/a><div class=\"wp-block-latest-posts__post-excerpt\">Ce matin, la cour de l\u2019\u00e9cole \u00c9mile Capgras s\u2019est anim\u00e9e&hellip; <a class=\"more-link\" href=\"https:\/\/site.ac-martinique.fr\/circonscription-trinite\/?p=7193\">Poursuivre la lecture <span class=\"screen-reader-text\">L&#8217;appel du Tambour \u00e0 Emile Capgras<\/span><\/a><\/div><\/li>\n<li><div class=\"wp-block-latest-posts__featured-image\"><img loading=\"lazy\" decoding=\"async\" width=\"150\" height=\"150\" src=\"https:\/\/site.ac-martinique.fr\/circonscription-trinite\/wp-content\/uploads\/sites\/87\/2025\/12\/IMG-20251217-WA0009-150x150.jpg\" class=\"attachment-thumbnail size-thumbnail wp-post-image\" alt=\"\" style=\"width:100%;height:75%;max-width:1280px;\" \/><\/div><a class=\"wp-block-latest-posts__post-title\" href=\"https:\/\/site.ac-martinique.fr\/circonscription-trinite\/?p=7185\">March\u00e9 de N\u00f6el \u00e0 Auguste R\u00e9jon \u00e9l\u00e9mentaire<\/a><div class=\"wp-block-latest-posts__post-excerpt\">Le vendredi 12 d\u00e9cembre, les \u00e9l\u00e8ves et les parents de&hellip; <a class=\"more-link\" href=\"https:\/\/site.ac-martinique.fr\/circonscription-trinite\/?p=7185\">Poursuivre la lecture <span class=\"screen-reader-text\">March\u00e9 de N\u00f6el \u00e0 Auguste R\u00e9jon \u00e9l\u00e9mentaire<\/span><\/a><\/div><\/li>\n<li><div class=\"wp-block-latest-posts__featured-image\"><img loading=\"lazy\" decoding=\"async\" width=\"150\" height=\"150\" src=\"https:\/\/site.ac-martinique.fr\/circonscription-trinite\/wp-content\/uploads\/sites\/87\/2025\/12\/1000201938-150x150.jpg\" class=\"attachment-thumbnail size-thumbnail wp-post-image\" alt=\"\" style=\"width:100%;height:45%;max-width:1600px;\" \/><\/div><a class=\"wp-block-latest-posts__post-title\" href=\"https:\/\/site.ac-martinique.fr\/circonscription-trinite\/?p=7174\">A la d\u00e9couverte du patrimoine \u00e0 la maternelle Mano C\u00e9saire<\/a><div class=\"wp-block-latest-posts__post-excerpt\">Dans le cadre du projet \u00ab D\u00e9couvertes de la culture&hellip; <a class=\"more-link\" href=\"https:\/\/site.ac-martinique.fr\/circonscription-trinite\/?p=7174\">Poursuivre la lecture <span class=\"screen-reader-text\">A la d\u00e9couverte du patrimoine \u00e0 la maternelle Mano C\u00e9saire<\/span><\/a><\/div><\/li>\n<li><div class=\"wp-block-latest-posts__featured-image\"><img loading=\"lazy\" decoding=\"async\" width=\"150\" height=\"150\" src=\"https:\/\/site.ac-martinique.fr\/circonscription-trinite\/wp-content\/uploads\/sites\/87\/2025\/12\/PhotoCollage_20251211_060731144-150x150.jpg\" class=\"attachment-thumbnail size-thumbnail wp-post-image\" alt=\"\" style=\"width:100%;height:56.21%;max-width:2560px;\" \/><\/div><a class=\"wp-block-latest-posts__post-title\" href=\"https:\/\/site.ac-martinique.fr\/circonscription-trinite\/?p=7164\">Rallye Petits Matheux : les entra\u00eenements ont commenc\u00e9 !<\/a><div class=\"wp-block-latest-posts__post-excerpt\">Le premier entra\u00eenement au rallye Petits Matheux propos\u00e9 par la&hellip; <a class=\"more-link\" href=\"https:\/\/site.ac-martinique.fr\/circonscription-trinite\/?p=7164\">Poursuivre la lecture <span class=\"screen-reader-text\">Rallye Petits Matheux : les entra\u00eenements ont commenc\u00e9 !<\/span><\/a><\/div><\/li>\n<li><div class=\"wp-block-latest-posts__featured-image\"><img loading=\"lazy\" decoding=\"async\" width=\"150\" height=\"150\" src=\"https:\/\/site.ac-martinique.fr\/circonscription-trinite\/wp-content\/uploads\/sites\/87\/2025\/12\/IMG-20251201-WA0020-150x150.jpg\" class=\"attachment-thumbnail size-thumbnail wp-post-image\" alt=\"\" style=\"width:100%;height:75%;max-width:1600px;\" \/><\/div><a class=\"wp-block-latest-posts__post-title\" href=\"https:\/\/site.ac-martinique.fr\/circonscription-trinite\/?p=7155\">Booste ton cerveau \u00e0 Auguste Rejon<\/a><div class=\"wp-block-latest-posts__post-excerpt\">Cette semaine, les \u00e9l\u00e8ves ont particip\u00e9 \u00e0 l\u2019atelier \u00ab Booste&hellip; <a class=\"more-link\" href=\"https:\/\/site.ac-martinique.fr\/circonscription-trinite\/?p=7155\">Poursuivre la lecture <span class=\"screen-reader-text\">Booste ton cerveau \u00e0 Auguste Rejon<\/span><\/a><\/div><\/li>\n<li><div class=\"wp-block-latest-posts__featured-image\"><img loading=\"lazy\" decoding=\"async\" width=\"150\" height=\"150\" src=\"https:\/\/site.ac-martinique.fr\/circonscription-trinite\/wp-content\/uploads\/sites\/87\/2025\/12\/PhotoCollage_20251201_141244945-150x150.jpg\" class=\"attachment-thumbnail size-thumbnail wp-post-image\" alt=\"\" style=\"width:100%;height:56.21%;max-width:2560px;\" \/><\/div><a class=\"wp-block-latest-posts__post-title\" href=\"https:\/\/site.ac-martinique.fr\/circonscription-trinite\/?p=7149\">Rugby \u00e0 Auguste Rejon<\/a><div class=\"wp-block-latest-posts__post-excerpt\">Cette semaine, les \u00e9l\u00e8ves ont eu la chance de participer&hellip; <a class=\"more-link\" href=\"https:\/\/site.ac-martinique.fr\/circonscription-trinite\/?p=7149\">Poursuivre la lecture <span class=\"screen-reader-text\">Rugby \u00e0 Auguste Rejon<\/span><\/a><\/div><\/li>\n<li><div class=\"wp-block-latest-posts__featured-image\"><img loading=\"lazy\" decoding=\"async\" width=\"150\" height=\"150\" src=\"https:\/\/site.ac-martinique.fr\/circonscription-trinite\/wp-content\/uploads\/sites\/87\/2025\/12\/IMG-20251201-WA0002-150x150.jpg\" class=\"attachment-thumbnail size-thumbnail wp-post-image\" alt=\"\" style=\"width:100%;height:75%;max-width:1280px;\" \/><\/div><a class=\"wp-block-latest-posts__post-title\" href=\"https:\/\/site.ac-martinique.fr\/circonscription-trinite\/?p=7142\">Randonn\u00e9e \u00e0 l&#8217;\u00e9cole Robert Platon<\/a><div class=\"wp-block-latest-posts__post-excerpt\">Apr\u00e8s avoir fait une premi\u00e8re randonn\u00e9e \u00e0 proximit\u00e9 de l\u2019\u00e9cole&hellip; <a class=\"more-link\" href=\"https:\/\/site.ac-martinique.fr\/circonscription-trinite\/?p=7142\">Poursuivre la lecture <span class=\"screen-reader-text\">Randonn\u00e9e \u00e0 l&#8217;\u00e9cole Robert Platon<\/span><\/a><\/div><\/li>\n<li><div class=\"wp-block-latest-posts__featured-image\"><img loading=\"lazy\" decoding=\"async\" width=\"150\" height=\"150\" src=\"https:\/\/site.ac-martinique.fr\/circonscription-trinite\/wp-content\/uploads\/sites\/87\/2025\/11\/IMG-20251128-WA0003-150x150.jpg\" class=\"attachment-thumbnail size-thumbnail wp-post-image\" alt=\"\" style=\"width:100%;height:177.86%;max-width:899px;\" \/><\/div><a class=\"wp-block-latest-posts__post-title\" href=\"https:\/\/site.ac-martinique.fr\/circonscription-trinite\/?p=7135\">Tradition l\u00e9kol Auguste R\u00e9jon(maternelle)<\/a><div class=\"wp-block-latest-posts__post-excerpt\">J\u00e9di 20 novanm, tout moun adan l\u00e9kol-la t\u00e9 ka p\u00f2t\u00e9&hellip; <a class=\"more-link\" href=\"https:\/\/site.ac-martinique.fr\/circonscription-trinite\/?p=7135\">Poursuivre la lecture <span class=\"screen-reader-text\">Tradition l\u00e9kol Auguste R\u00e9jon(maternelle)<\/span><\/a><\/div><\/li>\n<li><div class=\"wp-block-latest-posts__featured-image\"><img loading=\"lazy\" decoding=\"async\" width=\"150\" height=\"150\" src=\"https:\/\/site.ac-martinique.fr\/circonscription-trinite\/wp-content\/uploads\/sites\/87\/2025\/11\/image-12-150x150.png\" class=\"attachment-thumbnail size-thumbnail wp-post-image\" alt=\"\" style=\"width:100%;height:75%;max-width:1600px;\" \/><\/div><a class=\"wp-block-latest-posts__post-title\" href=\"https:\/\/site.ac-martinique.fr\/circonscription-trinite\/?p=7126\">Journ\u00e9e de la tenue traditionnelle \u00e0 Mano C\u00e9saire<\/a><div class=\"wp-block-latest-posts__post-excerpt\">Pour marquer cette journ\u00e9e, de nombreux \u00e9l\u00e8ves ont port\u00e9 des&hellip; <a class=\"more-link\" href=\"https:\/\/site.ac-martinique.fr\/circonscription-trinite\/?p=7126\">Poursuivre la lecture <span class=\"screen-reader-text\">Journ\u00e9e de la tenue traditionnelle \u00e0 Mano C\u00e9saire<\/span><\/a><\/div><\/li>\n<li><div class=\"wp-block-latest-posts__featured-image\"><img loading=\"lazy\" decoding=\"async\" width=\"150\" height=\"150\" src=\"https:\/\/site.ac-martinique.fr\/circonscription-trinite\/wp-content\/uploads\/sites\/87\/2025\/11\/image-7-150x150.png\" class=\"attachment-thumbnail size-thumbnail wp-post-image\" alt=\"\" style=\"width:100%;height:75%;max-width:1280px;\" \/><\/div><a class=\"wp-block-latest-posts__post-title\" href=\"https:\/\/site.ac-martinique.fr\/circonscription-trinite\/?p=7120\">Journ\u00e9e du Patrimoine \u00e0 l\u2019\u00e9cole \u00e9l\u00e9mentaire Auguste REJON<\/a><div class=\"wp-block-latest-posts__post-excerpt\">Ce vendredi 21 novembre, l\u2019\u00e9cole \u00e9l\u00e9mentaire Auguste REJON a c\u00e9l\u00e9br\u00e9&hellip; <a class=\"more-link\" href=\"https:\/\/site.ac-martinique.fr\/circonscription-trinite\/?p=7120\">Poursuivre la lecture <span class=\"screen-reader-text\">Journ\u00e9e du Patrimoine \u00e0 l\u2019\u00e9cole \u00e9l\u00e9mentaire Auguste REJON<\/span><\/a><\/div><\/li>\n<li><div class=\"wp-block-latest-posts__featured-image\"><img loading=\"lazy\" decoding=\"async\" width=\"150\" height=\"150\" src=\"https:\/\/site.ac-martinique.fr\/circonscription-trinite\/wp-content\/uploads\/sites\/87\/2025\/11\/image-2-150x150.png\" class=\"attachment-thumbnail size-thumbnail wp-post-image\" alt=\"\" style=\"width:100%;height:133.33%;max-width:960px;\" \/><\/div><a class=\"wp-block-latest-posts__post-title\" href=\"https:\/\/site.ac-martinique.fr\/circonscription-trinite\/?p=7113\">Journ\u00e9e de la tenue traditionnelle \u00e0 Justine LEMUS<\/a><div class=\"wp-block-latest-posts__post-excerpt\">Ce vendredi 21 novembre, l\u2019\u00e9cole Justine LEMUS a v\u00e9cu une&hellip; <a class=\"more-link\" href=\"https:\/\/site.ac-martinique.fr\/circonscription-trinite\/?p=7113\">Poursuivre la lecture <span class=\"screen-reader-text\">Journ\u00e9e de la tenue traditionnelle \u00e0 Justine LEMUS<\/span><\/a><\/div><\/li>\n<li><div class=\"wp-block-latest-posts__featured-image\"><img loading=\"lazy\" decoding=\"async\" width=\"150\" height=\"150\" src=\"https:\/\/site.ac-martinique.fr\/circonscription-trinite\/wp-content\/uploads\/sites\/87\/2025\/11\/IMG-20251124-WA0015-150x150.jpg\" class=\"attachment-thumbnail size-thumbnail wp-post-image\" alt=\"\" style=\"width:100%;height:75.25%;max-width:1600px;\" \/><\/div><a class=\"wp-block-latest-posts__post-title\" href=\"https:\/\/site.ac-martinique.fr\/circonscription-trinite\/?p=7104\">Journ\u00e9e des droits de l&#8217;enfant  \u00e0 Hector Sainte-Rose<\/a><div class=\"wp-block-latest-posts__post-excerpt\">\u00c0 l\u2019occasion de la Journ\u00e9e internationale des Droits des Enfants,&hellip; <a class=\"more-link\" href=\"https:\/\/site.ac-martinique.fr\/circonscription-trinite\/?p=7104\">Poursuivre la lecture <span class=\"screen-reader-text\">Journ\u00e9e des droits de l&#8217;enfant  \u00e0 Hector Sainte-Rose<\/span><\/a><\/div><\/li>\n<li><div class=\"wp-block-latest-posts__featured-image\"><img loading=\"lazy\" decoding=\"async\" width=\"150\" height=\"150\" src=\"https:\/\/site.ac-martinique.fr\/circonscription-trinite\/wp-content\/uploads\/sites\/87\/2025\/11\/IMG-20251124-WA0011-150x150.jpg\" class=\"attachment-thumbnail size-thumbnail wp-post-image\" alt=\"\" style=\"width:100%;height:177.86%;max-width:899px;\" \/><\/div><a class=\"wp-block-latest-posts__post-title\" href=\"https:\/\/site.ac-martinique.fr\/circonscription-trinite\/?p=7096\">Journ\u00e9e des droits de l&#8217;enfant \u00e0 la maternelle Auguste Rejon.<\/a><div class=\"wp-block-latest-posts__post-excerpt\">Dans le cadre de la Journ\u00e9e des droits de l\u2019enfant,&hellip; <a class=\"more-link\" href=\"https:\/\/site.ac-martinique.fr\/circonscription-trinite\/?p=7096\">Poursuivre la lecture <span class=\"screen-reader-text\">Journ\u00e9e des droits de l&#8217;enfant \u00e0 la maternelle Auguste Rejon.<\/span><\/a><\/div><\/li>\n<li><div class=\"wp-block-latest-posts__featured-image\"><img loading=\"lazy\" decoding=\"async\" width=\"150\" height=\"150\" src=\"https:\/\/site.ac-martinique.fr\/circonscription-trinite\/wp-content\/uploads\/sites\/87\/2025\/11\/IMG-20251120-WA0017-150x150.jpg\" class=\"attachment-thumbnail size-thumbnail wp-post-image\" alt=\"\" style=\"width:100%;height:75%;max-width:1600px;\" \/><\/div><a class=\"wp-block-latest-posts__post-title\" href=\"https:\/\/site.ac-martinique.fr\/circonscription-trinite\/?p=7088\">Tenue traditionnelle \u00e0 Simone Branglidor<\/a><div class=\"wp-block-latest-posts__post-excerpt\">Les \u00e9l\u00e8ves de l\u2019\u00e9cole Simone Branglidor se pare de leurs&hellip; <a class=\"more-link\" href=\"https:\/\/site.ac-martinique.fr\/circonscription-trinite\/?p=7088\">Poursuivre la lecture <span class=\"screen-reader-text\">Tenue traditionnelle \u00e0 Simone Branglidor<\/span><\/a><\/div><\/li>\n<li><div class=\"wp-block-latest-posts__featured-image\"><img loading=\"lazy\" decoding=\"async\" width=\"150\" height=\"150\" src=\"https:\/\/site.ac-martinique.fr\/circonscription-trinite\/wp-content\/uploads\/sites\/87\/2025\/11\/IMG-20251120-WA0009-150x150.jpg\" class=\"attachment-thumbnail size-thumbnail wp-post-image\" alt=\"\" style=\"width:100%;height:133.33%;max-width:1200px;\" \/><\/div><a class=\"wp-block-latest-posts__post-title\" href=\"https:\/\/site.ac-martinique.fr\/circonscription-trinite\/?p=7083\">D\u00e9couverte des Intelligences \u00e0 Auguste Rejon<\/a><div class=\"wp-block-latest-posts__post-excerpt\">Cette visite du village de la science se situe dans&hellip; <a class=\"more-link\" href=\"https:\/\/site.ac-martinique.fr\/circonscription-trinite\/?p=7083\">Poursuivre la lecture <span class=\"screen-reader-text\">D\u00e9couverte des Intelligences \u00e0 Auguste Rejon<\/span><\/a><\/div><\/li>\n<li><div class=\"wp-block-latest-posts__featured-image\"><img loading=\"lazy\" decoding=\"async\" width=\"150\" height=\"150\" src=\"https:\/\/site.ac-martinique.fr\/circonscription-trinite\/wp-content\/uploads\/sites\/87\/2025\/11\/WhatsApp-Image-2025-11-18-at-08.15.51-2-150x150.jpeg\" class=\"attachment-thumbnail size-thumbnail wp-post-image\" alt=\"\" style=\"width:100%;height:75%;max-width:1280px;\" \/><\/div><a class=\"wp-block-latest-posts__post-title\" href=\"https:\/\/site.ac-martinique.fr\/circonscription-trinite\/?p=7072\">Une semaine europ\u00e9enne \u00e0 l\u2019\u00e9cole Edouard DELEPINE<\/a><div class=\"wp-block-latest-posts__post-excerpt\">Du 9 au 14 novembre, nos \u00e9coles \u2013 EDL, E.&hellip; <a class=\"more-link\" href=\"https:\/\/site.ac-martinique.fr\/circonscription-trinite\/?p=7072\">Poursuivre la lecture <span class=\"screen-reader-text\">Une semaine europ\u00e9enne \u00e0 l\u2019\u00e9cole Edouard DELEPINE<\/span><\/a><\/div><\/li>\n<li><a class=\"wp-block-latest-posts__post-title\" href=\"https:\/\/site.ac-martinique.fr\/circonscription-trinite\/?p=7054\">Immersion Classe de voile \u00e0 Ultima Vestris<\/a><div class=\"wp-block-latest-posts__post-excerpt\">Cette semaine, les \u00e9l\u00e8ves de CM1 ont v\u00e9cu une belle&hellip; <a class=\"more-link\" href=\"https:\/\/site.ac-martinique.fr\/circonscription-trinite\/?p=7054\">Poursuivre la lecture <span class=\"screen-reader-text\">Immersion Classe de voile \u00e0 Ultima Vestris<\/span><\/a><\/div><\/li>\n<li><div class=\"wp-block-latest-posts__featured-image\"><img loading=\"lazy\" decoding=\"async\" width=\"150\" height=\"150\" src=\"https:\/\/site.ac-martinique.fr\/circonscription-trinite\/wp-content\/uploads\/sites\/87\/2025\/11\/IMG-20251114-WA0000-150x150.jpg\" class=\"attachment-thumbnail size-thumbnail wp-post-image\" alt=\"\" style=\"width:100%;height:177.86%;max-width:899px;\" \/><\/div><a class=\"wp-block-latest-posts__post-title\" href=\"https:\/\/site.ac-martinique.fr\/circonscription-trinite\/?p=7050\">Maternelle Auguste R\u00e9jon : El\u00e9ction des repr\u00e9sentants de parents<\/a><div class=\"wp-block-latest-posts__post-excerpt\">Participation \u00e0 la vie de l\u2019\u00e9cole et mission citoyenne :&hellip; <a class=\"more-link\" href=\"https:\/\/site.ac-martinique.fr\/circonscription-trinite\/?p=7050\">Poursuivre la lecture <span class=\"screen-reader-text\">Maternelle Auguste R\u00e9jon : El\u00e9ction des repr\u00e9sentants de parents<\/span><\/a><\/div><\/li>\n<li><div class=\"wp-block-latest-posts__featured-image\"><img loading=\"lazy\" decoding=\"async\" width=\"150\" height=\"150\" src=\"https:\/\/site.ac-martinique.fr\/circonscription-trinite\/wp-content\/uploads\/sites\/87\/2025\/11\/IMG-20251113-WA0006-150x150.jpg\" class=\"attachment-thumbnail size-thumbnail wp-post-image\" alt=\"\" style=\"width:100%;height:177.78%;max-width:720px;\" \/><\/div><a class=\"wp-block-latest-posts__post-title\" href=\"https:\/\/site.ac-martinique.fr\/circonscription-trinite\/?p=7045\">Semaine du go\u00fbt \u00e0 la maternelle Auguste R\u00e9jon<\/a><div class=\"wp-block-latest-posts__post-excerpt\">Dans le cadre de la Semaine du Go\u00fbt, de la&hellip; <a class=\"more-link\" href=\"https:\/\/site.ac-martinique.fr\/circonscription-trinite\/?p=7045\">Poursuivre la lecture <span class=\"screen-reader-text\">Semaine du go\u00fbt \u00e0 la maternelle Auguste R\u00e9jon<\/span><\/a><\/div><\/li>\n<li><div class=\"wp-block-latest-posts__featured-image\"><img loading=\"lazy\" decoding=\"async\" width=\"150\" height=\"150\" src=\"https:\/\/site.ac-martinique.fr\/circonscription-trinite\/wp-content\/uploads\/sites\/87\/2025\/11\/image-150x150.png\" class=\"attachment-thumbnail size-thumbnail wp-post-image\" alt=\"\" style=\"width:100%;height:54.48%;max-width:1340px;\" \/><\/div><a class=\"wp-block-latest-posts__post-title\" href=\"https:\/\/site.ac-martinique.fr\/circonscription-trinite\/?p=7016\">JNAH vous connaissez ?<\/a><div class=\"wp-block-latest-posts__post-excerpt\">Chaque ann\u00e9e, la Journ\u00e9e nationale de lutte contre le harc\u00e8lement&hellip; <a class=\"more-link\" href=\"https:\/\/site.ac-martinique.fr\/circonscription-trinite\/?p=7016\">Poursuivre la lecture <span class=\"screen-reader-text\">JNAH vous connaissez ?<\/span><\/a><\/div><\/li>\n<li><div class=\"wp-block-latest-posts__featured-image\"><img loading=\"lazy\" decoding=\"async\" width=\"150\" height=\"150\" src=\"https:\/\/site.ac-martinique.fr\/circonscription-trinite\/wp-content\/uploads\/sites\/87\/2025\/11\/IMG-20251103-WA0016-150x150.jpg\" class=\"attachment-thumbnail size-thumbnail wp-post-image\" alt=\"\" style=\"width:100%;height:75%;max-width:1280px;\" \/><\/div><a class=\"wp-block-latest-posts__post-title\" href=\"https:\/\/site.ac-martinique.fr\/circonscription-trinite\/?p=7009\">Cross ELEA \u00e0 Robert PLATON<\/a><div class=\"wp-block-latest-posts__post-excerpt\">Comme tous les ans, les \u00e9l\u00e8ves de l\u2019\u00e9cole Robert Platon&hellip; <a class=\"more-link\" href=\"https:\/\/site.ac-martinique.fr\/circonscription-trinite\/?p=7009\">Poursuivre la lecture <span class=\"screen-reader-text\">Cross ELEA \u00e0 Robert PLATON<\/span><\/a><\/div><\/li>\n<li><div class=\"wp-block-latest-posts__featured-image\"><img loading=\"lazy\" decoding=\"async\" width=\"150\" height=\"150\" src=\"https:\/\/site.ac-martinique.fr\/circonscription-trinite\/wp-content\/uploads\/sites\/87\/2025\/10\/IMG-20251018-WA0004-150x150.jpg\" class=\"attachment-thumbnail size-thumbnail wp-post-image\" alt=\"\" style=\"width:100%;height:133.33%;max-width:960px;\" \/><\/div><a class=\"wp-block-latest-posts__post-title\" href=\"https:\/\/site.ac-martinique.fr\/circonscription-trinite\/?p=6995\">Rencontre avec les a\u00een\u00e9s \u00e0 Auguste Rejon<\/a><div class=\"wp-block-latest-posts__post-excerpt\">\u00c0 l\u2019occasion de la Semaine bleue, les \u00e9l\u00e8ves de l\u2019\u00e9cole&hellip; <a class=\"more-link\" href=\"https:\/\/site.ac-martinique.fr\/circonscription-trinite\/?p=6995\">Poursuivre la lecture <span class=\"screen-reader-text\">Rencontre avec les a\u00een\u00e9s \u00e0 Auguste Rejon<\/span><\/a><\/div><\/li>\n<li><div class=\"wp-block-latest-posts__featured-image\"><img loading=\"lazy\" decoding=\"async\" width=\"150\" height=\"150\" src=\"https:\/\/site.ac-martinique.fr\/circonscription-trinite\/wp-content\/uploads\/sites\/87\/2025\/10\/image-10-150x150.png\" class=\"attachment-thumbnail size-thumbnail wp-post-image\" alt=\"\" style=\"width:100%;height:75%;max-width:1280px;\" \/><\/div><a class=\"wp-block-latest-posts__post-title\" href=\"https:\/\/site.ac-martinique.fr\/circonscription-trinite\/?p=6990\">ECO POUSSE \u00e0 la Maternelle Mano CESAIRE<\/a><div class=\"wp-block-latest-posts__post-excerpt\">&#8221; ECO POUSSE &#8221; propos\u00e9 par le carbet des sciences,&hellip; <a class=\"more-link\" href=\"https:\/\/site.ac-martinique.fr\/circonscription-trinite\/?p=6990\">Poursuivre la lecture <span class=\"screen-reader-text\">ECO POUSSE \u00e0 la Maternelle Mano CESAIRE<\/span><\/a><\/div><\/li>\n<li><div class=\"wp-block-latest-posts__featured-image\"><img loading=\"lazy\" decoding=\"async\" width=\"150\" height=\"150\" src=\"https:\/\/site.ac-martinique.fr\/circonscription-trinite\/wp-content\/uploads\/sites\/87\/2025\/10\/WhatsApp-Image-2025-10-17-at-14.19.33-2-150x150.jpeg\" class=\"attachment-thumbnail size-thumbnail wp-post-image\" alt=\"\" style=\"width:100%;height:75%;max-width:1280px;\" \/><\/div><a class=\"wp-block-latest-posts__post-title\" href=\"https:\/\/site.ac-martinique.fr\/circonscription-trinite\/?p=6980\">Visite \u00e0 la Biblioth\u00e8que municipale pour l&#8217;\u00e9cole Mano C\u00e9saire<\/a><div class=\"wp-block-latest-posts__post-excerpt\">Visite mensuelle \u00e0 la biblioth\u00e8que municipale du ROBERT dans l&#8217;objectif&hellip; <a class=\"more-link\" href=\"https:\/\/site.ac-martinique.fr\/circonscription-trinite\/?p=6980\">Poursuivre la lecture <span class=\"screen-reader-text\">Visite \u00e0 la Biblioth\u00e8que municipale pour l&#8217;\u00e9cole Mano C\u00e9saire<\/span><\/a><\/div><\/li>\n<li><div class=\"wp-block-latest-posts__featured-image\"><img loading=\"lazy\" decoding=\"async\" width=\"150\" height=\"150\" src=\"https:\/\/site.ac-martinique.fr\/circonscription-trinite\/wp-content\/uploads\/sites\/87\/2025\/10\/WhatsApp-Image-2025-10-17-at-14.16.27-150x150.jpeg\" class=\"attachment-thumbnail size-thumbnail wp-post-image\" alt=\"\" style=\"width:100%;height:133.33%;max-width:960px;\" \/><\/div><a class=\"wp-block-latest-posts__post-title\" href=\"https:\/\/site.ac-martinique.fr\/circonscription-trinite\/?p=6972\">Semaine Bleue hors les murs \u00e0 la Maternelle Mano C\u00e9saire<\/a><div class=\"wp-block-latest-posts__post-excerpt\">Explorer le monde : \u00c9change interg\u00e9n\u00e9rationnel dans le cadre de&hellip; <a class=\"more-link\" href=\"https:\/\/site.ac-martinique.fr\/circonscription-trinite\/?p=6972\">Poursuivre la lecture <span class=\"screen-reader-text\">Semaine Bleue hors les murs \u00e0 la Maternelle Mano C\u00e9saire<\/span><\/a><\/div><\/li>\n<li><div class=\"wp-block-latest-posts__featured-image\"><img loading=\"lazy\" decoding=\"async\" width=\"150\" height=\"150\" src=\"https:\/\/site.ac-martinique.fr\/circonscription-trinite\/wp-content\/uploads\/sites\/87\/2025\/10\/image-7-150x150.png\" class=\"attachment-thumbnail size-thumbnail wp-post-image\" alt=\"\" style=\"width:100%;height:133.33%;max-width:960px;\" \/><\/div><a class=\"wp-block-latest-posts__post-title\" href=\"https:\/\/site.ac-martinique.fr\/circonscription-trinite\/?p=6965\">Octobre Rose \u00e0 l\u2019\u00e9cole maternelle Justine Lemus<\/a><div class=\"wp-block-latest-posts__post-excerpt\">Cette ann\u00e9e, l\u2019\u00e9cole maternelle Justine Lemus s\u2019est mobilis\u00e9e avec c\u0153ur&hellip; <a class=\"more-link\" href=\"https:\/\/site.ac-martinique.fr\/circonscription-trinite\/?p=6965\">Poursuivre la lecture <span class=\"screen-reader-text\">Octobre Rose \u00e0 l\u2019\u00e9cole maternelle Justine Lemus<\/span><\/a><\/div><\/li>\n<li><div class=\"wp-block-latest-posts__featured-image\"><img loading=\"lazy\" decoding=\"async\" width=\"150\" height=\"150\" src=\"https:\/\/site.ac-martinique.fr\/circonscription-trinite\/wp-content\/uploads\/sites\/87\/2025\/10\/WhatsApp-Image-2025-10-17-at-10.14.59-150x150.jpeg\" class=\"attachment-thumbnail size-thumbnail wp-post-image\" alt=\"\" style=\"width:100%;height:75%;max-width:1280px;\" \/><\/div><a class=\"wp-block-latest-posts__post-title\" href=\"https:\/\/site.ac-martinique.fr\/circonscription-trinite\/?p=6959\">Sensibilisation aux \u00e9crans \u00e0 Hector Sainte-Rose<\/a><div class=\"wp-block-latest-posts__post-excerpt\">Les \u00e9l\u00e8ves de l&#8217;\u00e9cole Hector Sainte Rose et leurs parents&hellip; <a class=\"more-link\" href=\"https:\/\/site.ac-martinique.fr\/circonscription-trinite\/?p=6959\">Poursuivre la lecture <span class=\"screen-reader-text\">Sensibilisation aux \u00e9crans \u00e0 Hector Sainte-Rose<\/span><\/a><\/div><\/li>\n<li><div class=\"wp-block-latest-posts__featured-image\"><img loading=\"lazy\" decoding=\"async\" width=\"150\" height=\"150\" src=\"https:\/\/site.ac-martinique.fr\/circonscription-trinite\/wp-content\/uploads\/sites\/87\/2025\/10\/WhatsApp-Image-2025-10-17-at-12.15.05-150x150.jpeg\" class=\"attachment-thumbnail size-thumbnail wp-post-image\" alt=\"\" style=\"width:100%;height:132.92%;max-width:963px;\" \/><\/div><a class=\"wp-block-latest-posts__post-title\" href=\"https:\/\/site.ac-martinique.fr\/circonscription-trinite\/?p=6947\">OCTOBRE ROSE \u00e0 Hector Sainte-Rose<\/a><div class=\"wp-block-latest-posts__post-excerpt\">Aujourd&#8217;hui la vague rose a d\u00e9ferl\u00e9 sur l&#8217;\u00e9cole Hector Sainte&hellip; <a class=\"more-link\" href=\"https:\/\/site.ac-martinique.fr\/circonscription-trinite\/?p=6947\">Poursuivre la lecture <span class=\"screen-reader-text\">OCTOBRE ROSE \u00e0 Hector Sainte-Rose<\/span><\/a><\/div><\/li>\n<li><div class=\"wp-block-latest-posts__featured-image\"><img loading=\"lazy\" decoding=\"async\" width=\"150\" height=\"150\" src=\"https:\/\/site.ac-martinique.fr\/circonscription-trinite\/wp-content\/uploads\/sites\/87\/2025\/10\/image-150x150.png\" class=\"attachment-thumbnail size-thumbnail wp-post-image\" alt=\"\" style=\"width:100%;height:75%;max-width:1600px;\" \/><\/div><a class=\"wp-block-latest-posts__post-title\" href=\"https:\/\/site.ac-martinique.fr\/circonscription-trinite\/?p=6938\">Semaine du go\u00fbt \u00e0 Simone BRANGLIDOR<\/a><div class=\"wp-block-latest-posts__post-excerpt\">Dans le cadre de la semaine du go\u00fbt, matin\u00e9e \u00ab&nbsp;Ateliers&hellip; <a class=\"more-link\" href=\"https:\/\/site.ac-martinique.fr\/circonscription-trinite\/?p=6938\">Poursuivre la lecture <span class=\"screen-reader-text\">Semaine du go\u00fbt \u00e0 Simone BRANGLIDOR<\/span><\/a><\/div><\/li>\n<li><div class=\"wp-block-latest-posts__featured-image\"><img loading=\"lazy\" decoding=\"async\" width=\"150\" height=\"150\" src=\"https:\/\/site.ac-martinique.fr\/circonscription-trinite\/wp-content\/uploads\/sites\/87\/2025\/10\/IMG-20251013-WA0020-150x150.jpg\" class=\"attachment-thumbnail size-thumbnail wp-post-image\" alt=\"\" style=\"width:100%;height:133.33%;max-width:960px;\" \/><\/div><a class=\"wp-block-latest-posts__post-title\" href=\"https:\/\/site.ac-martinique.fr\/circonscription-trinite\/?p=6916\">Semaine bleue \u00e0 Robert Platon<\/a><div class=\"wp-block-latest-posts__post-excerpt\">Dans le cadre de la Semaine Bleue, les \u00e9l\u00e8ves de&hellip; <a class=\"more-link\" href=\"https:\/\/site.ac-martinique.fr\/circonscription-trinite\/?p=6916\">Poursuivre la lecture <span class=\"screen-reader-text\">Semaine bleue \u00e0 Robert Platon<\/span><\/a><\/div><\/li>\n<li><div class=\"wp-block-latest-posts__featured-image\"><img loading=\"lazy\" decoding=\"async\" width=\"150\" height=\"150\" src=\"https:\/\/site.ac-martinique.fr\/circonscription-trinite\/wp-content\/uploads\/sites\/87\/2025\/10\/PhotoCollage_20251013_150400739-150x150.jpg\" class=\"attachment-thumbnail size-thumbnail wp-post-image\" alt=\"\" style=\"width:100%;height:56.21%;max-width:2560px;\" \/><\/div><a class=\"wp-block-latest-posts__post-title\" href=\"https:\/\/site.ac-martinique.fr\/circonscription-trinite\/?p=6912\">Dict\u00e9e de la Transat Caf\u00e9 L\u2019Or<\/a><div class=\"wp-block-latest-posts__post-excerpt\">Les \u00e9l\u00e8ves de CM de l&#8217;\u00e9cole de Bellevue \u00e0 Trinit\u00e9&hellip; <a class=\"more-link\" href=\"https:\/\/site.ac-martinique.fr\/circonscription-trinite\/?p=6912\">Poursuivre la lecture <span class=\"screen-reader-text\">Dict\u00e9e de la Transat Caf\u00e9 L\u2019Or<\/span><\/a><\/div><\/li>\n<li><div class=\"wp-block-latest-posts__featured-image\"><img loading=\"lazy\" decoding=\"async\" width=\"150\" height=\"150\" src=\"https:\/\/site.ac-martinique.fr\/circonscription-trinite\/wp-content\/uploads\/sites\/87\/2025\/09\/IMG-20250916-WA0013-150x150.jpg\" class=\"attachment-thumbnail size-thumbnail wp-post-image\" alt=\"\" style=\"width:100%;height:177.86%;max-width:899px;\" \/><\/div><a class=\"wp-block-latest-posts__post-title\" href=\"https:\/\/site.ac-martinique.fr\/circonscription-trinite\/?p=6905\">Une rentr\u00e9e d\u00e9cor\u00e9e en collaboration \u00e0 Auguste R\u00e9jon maternelle<\/a><div class=\"wp-block-latest-posts__post-excerpt\">\u00c0 la maternelle Auguste R\u00c9JON, les \u00e9l\u00e8ves, les ATSEM, les&hellip; <a class=\"more-link\" href=\"https:\/\/site.ac-martinique.fr\/circonscription-trinite\/?p=6905\">Poursuivre la lecture <span class=\"screen-reader-text\">Une rentr\u00e9e d\u00e9cor\u00e9e en collaboration \u00e0 Auguste R\u00e9jon maternelle<\/span><\/a><\/div><\/li>\n<li><div class=\"wp-block-latest-posts__featured-image\"><img loading=\"lazy\" decoding=\"async\" width=\"150\" height=\"150\" src=\"https:\/\/site.ac-martinique.fr\/circonscription-trinite\/wp-content\/uploads\/sites\/87\/2025\/09\/image-5-150x150.png\" class=\"attachment-thumbnail size-thumbnail wp-post-image\" alt=\"\" style=\"width:100%;height:75%;max-width:1280px;\" \/><\/div><a class=\"wp-block-latest-posts__post-title\" href=\"https:\/\/site.ac-martinique.fr\/circonscription-trinite\/?p=6892\">Sur les chemins de la r\u00e9ussite \u00e9ducative : une belle r\u00e9ussite collective<\/a><div class=\"wp-block-latest-posts__post-excerpt\">Ce samedi 6 septembre 2025, la Place des Cit\u00e9s Unies&hellip; <a class=\"more-link\" href=\"https:\/\/site.ac-martinique.fr\/circonscription-trinite\/?p=6892\">Poursuivre la lecture <span class=\"screen-reader-text\">Sur les chemins de la r\u00e9ussite \u00e9ducative : une belle r\u00e9ussite collective<\/span><\/a><\/div><\/li>\n<li><div class=\"wp-block-latest-posts__featured-image\"><img loading=\"lazy\" decoding=\"async\" width=\"150\" height=\"150\" src=\"https:\/\/site.ac-martinique.fr\/circonscription-trinite\/wp-content\/uploads\/sites\/87\/2025\/06\/WhatsApp-Image-2025-06-26-a-18.33.13_eddc3343-150x150.jpg\" class=\"attachment-thumbnail size-thumbnail wp-post-image\" alt=\"\" style=\"width:100%;height:81.64%;max-width:1280px;\" \/><\/div><a class=\"wp-block-latest-posts__post-title\" href=\"https:\/\/site.ac-martinique.fr\/circonscription-trinite\/?p=6826\">Les \u00e9l\u00e8ves d\u2019Auguste R\u00e9jon en action \u00e0 l\u2019IMS !<\/a><div class=\"wp-block-latest-posts__post-excerpt\">Dans le cadre du dispositif Activ&#8217;School, les \u00e9l\u00e8ves de cycle&hellip; <a class=\"more-link\" href=\"https:\/\/site.ac-martinique.fr\/circonscription-trinite\/?p=6826\">Poursuivre la lecture <span class=\"screen-reader-text\">Les \u00e9l\u00e8ves d\u2019Auguste R\u00e9jon en action \u00e0 l\u2019IMS !<\/span><\/a><\/div><\/li>\n<li><div class=\"wp-block-latest-posts__featured-image\"><img loading=\"lazy\" decoding=\"async\" width=\"150\" height=\"150\" src=\"https:\/\/site.ac-martinique.fr\/circonscription-trinite\/wp-content\/uploads\/sites\/87\/2025\/06\/WhatsApp-Image-2025-06-24-a-13.20.22_b72bc0fe-150x150.jpg\" class=\"attachment-thumbnail size-thumbnail wp-post-image\" alt=\"\" style=\"width:100%;height:75%;max-width:1600px;\" \/><\/div><a class=\"wp-block-latest-posts__post-title\" href=\"https:\/\/site.ac-martinique.fr\/circonscription-trinite\/?p=6819\">Atelier robotique \u00e0 l\u2019\u00e9cole Robert-Platon : BeeBot, bien plus qu\u2019un jeu d\u2019enfant !<\/a><div class=\"wp-block-latest-posts__post-excerpt\">\u00c0 l\u2019\u00e9cole primaire Robert-Platon, les \u00e9l\u00e8ves des classes de CE2,&hellip; <a class=\"more-link\" href=\"https:\/\/site.ac-martinique.fr\/circonscription-trinite\/?p=6819\">Poursuivre la lecture <span class=\"screen-reader-text\">Atelier robotique \u00e0 l\u2019\u00e9cole Robert-Platon : BeeBot, bien plus qu\u2019un jeu d\u2019enfant !<\/span><\/a><\/div><\/li>\n<li><div class=\"wp-block-latest-posts__featured-image\"><img loading=\"lazy\" decoding=\"async\" width=\"150\" height=\"150\" src=\"https:\/\/site.ac-martinique.fr\/circonscription-trinite\/wp-content\/uploads\/sites\/87\/2025\/06\/image-4-150x150.png\" class=\"attachment-thumbnail size-thumbnail wp-post-image\" alt=\"\" style=\"width:100%;height:56.26%;max-width:1063px;\" \/><\/div><a class=\"wp-block-latest-posts__post-title\" href=\"https:\/\/site.ac-martinique.fr\/circonscription-trinite\/?p=6808\">LIAISON CM2 \u2013 6eme REP BEAUSEJOUR<\/a><div class=\"wp-block-latest-posts__post-excerpt\">Les mardis 3 juin et 10 juin s\u2019est d\u00e9roul\u00e9e la&hellip; <a class=\"more-link\" href=\"https:\/\/site.ac-martinique.fr\/circonscription-trinite\/?p=6808\">Poursuivre la lecture <span class=\"screen-reader-text\">LIAISON CM2 \u2013 6eme REP BEAUSEJOUR<\/span><\/a><\/div><\/li>\n<li><div class=\"wp-block-latest-posts__featured-image\"><img loading=\"lazy\" decoding=\"async\" width=\"150\" height=\"150\" src=\"https:\/\/site.ac-martinique.fr\/circonscription-trinite\/wp-content\/uploads\/sites\/87\/2025\/06\/IMG-20250623-WA0001-150x150.jpg\" class=\"attachment-thumbnail size-thumbnail wp-post-image\" alt=\"\" style=\"width:100%;height:133.33%;max-width:1200px;\" \/><\/div><a class=\"wp-block-latest-posts__post-title\" href=\"https:\/\/site.ac-martinique.fr\/circonscription-trinite\/?p=6799\">Une f\u00eate de fin d\u2019ann\u00e9e haute en couleurs \u00e0 l\u2019\u00e9cole Mano C\u00e9saire<\/a><div class=\"wp-block-latest-posts__post-excerpt\">Ce vendredi, la cour de l\u2019\u00e9cole maternelle Mano CESAIRE s\u2019est&hellip; <a class=\"more-link\" href=\"https:\/\/site.ac-martinique.fr\/circonscription-trinite\/?p=6799\">Poursuivre la lecture <span class=\"screen-reader-text\">Une f\u00eate de fin d\u2019ann\u00e9e haute en couleurs \u00e0 l\u2019\u00e9cole Mano C\u00e9saire<\/span><\/a><\/div><\/li>\n<li><div class=\"wp-block-latest-posts__featured-image\"><img loading=\"lazy\" decoding=\"async\" width=\"150\" height=\"150\" src=\"https:\/\/site.ac-martinique.fr\/circonscription-trinite\/wp-content\/uploads\/sites\/87\/2025\/06\/IMG-20250620-WA0000-150x150.jpg\" class=\"attachment-thumbnail size-thumbnail wp-post-image\" alt=\"\" style=\"width:100%;height:75%;max-width:1600px;\" \/><\/div><a class=\"wp-block-latest-posts__post-title\" href=\"https:\/\/site.ac-martinique.fr\/circonscription-trinite\/?p=6794\">Bouger pour la sant\u00e9 : un tournoi interscolaire plein d\u2019\u00e9nergie !<\/a><div class=\"wp-block-latest-posts__post-excerpt\">Dans le cadre de la promotion de l\u2019activit\u00e9 physique et&hellip; <a class=\"more-link\" href=\"https:\/\/site.ac-martinique.fr\/circonscription-trinite\/?p=6794\">Poursuivre la lecture <span class=\"screen-reader-text\">Bouger pour la sant\u00e9 : un tournoi interscolaire plein d\u2019\u00e9nergie !<\/span><\/a><\/div><\/li>\n<li><div class=\"wp-block-latest-posts__featured-image\"><img loading=\"lazy\" decoding=\"async\" width=\"150\" height=\"150\" src=\"https:\/\/site.ac-martinique.fr\/circonscription-trinite\/wp-content\/uploads\/sites\/87\/2025\/06\/IMG-20250619-WA0003-150x150.jpg\" class=\"attachment-thumbnail size-thumbnail wp-post-image\" alt=\"\" style=\"width:100%;height:133.33%;max-width:1200px;\" \/><\/div><a class=\"wp-block-latest-posts__post-title\" href=\"https:\/\/site.ac-martinique.fr\/circonscription-trinite\/?p=6785\">Les CM1 de l\u2019\u00e9cole \u00c9douard de L\u00e9pine mettent la main \u00e0 la p\u00e2te<\/a><div class=\"wp-block-latest-posts__post-excerpt\">Dans le cadre d\u2019un projet autour de l\u2019alimentation durable port\u00e9&hellip; <a class=\"more-link\" href=\"https:\/\/site.ac-martinique.fr\/circonscription-trinite\/?p=6785\">Poursuivre la lecture <span class=\"screen-reader-text\">Les CM1 de l\u2019\u00e9cole \u00c9douard de L\u00e9pine mettent la main \u00e0 la p\u00e2te<\/span><\/a><\/div><\/li>\n<li><div class=\"wp-block-latest-posts__featured-image\"><img loading=\"lazy\" decoding=\"async\" width=\"150\" height=\"150\" src=\"https:\/\/site.ac-martinique.fr\/circonscription-trinite\/wp-content\/uploads\/sites\/87\/2025\/06\/WhatsApp-Image-2025-06-17-a-08.31.30_97239c31-150x150.jpg\" class=\"attachment-thumbnail size-thumbnail wp-post-image\" alt=\"\" style=\"width:100%;height:75%;max-width:1600px;\" \/><\/div><a class=\"wp-block-latest-posts__post-title\" href=\"https:\/\/site.ac-martinique.fr\/circonscription-trinite\/?p=6782\">Les futurs coll\u00e9giens en visite au coll\u00e8ge Paul Symphor<\/a><div class=\"wp-block-latest-posts__post-excerpt\">Le jeudi 12, les \u00e9l\u00e8ves de CM2 du r\u00e9seau Paul&hellip; <a class=\"more-link\" href=\"https:\/\/site.ac-martinique.fr\/circonscription-trinite\/?p=6782\">Poursuivre la lecture <span class=\"screen-reader-text\">Les futurs coll\u00e9giens en visite au coll\u00e8ge Paul Symphor<\/span><\/a><\/div><\/li>\n<li><div class=\"wp-block-latest-posts__featured-image\"><img loading=\"lazy\" decoding=\"async\" width=\"150\" height=\"150\" src=\"https:\/\/site.ac-martinique.fr\/circonscription-trinite\/wp-content\/uploads\/sites\/87\/2025\/06\/WhatsApp-Image-2025-06-17-a-08.24.54_7d9f7acd-150x150.jpg\" class=\"attachment-thumbnail size-thumbnail wp-post-image\" alt=\"\" style=\"width:100%;height:75%;max-width:1280px;\" \/><\/div><a class=\"wp-block-latest-posts__post-title\" href=\"https:\/\/site.ac-martinique.fr\/circonscription-trinite\/?p=6779\">Mizikekol\u00e8j en action sur le REP Paul Symphor<\/a><div class=\"wp-block-latest-posts__post-excerpt\">Au tout d\u00e9but du mois, un joli moment de partage&hellip; <a class=\"more-link\" href=\"https:\/\/site.ac-martinique.fr\/circonscription-trinite\/?p=6779\">Poursuivre la lecture <span class=\"screen-reader-text\">Mizikekol\u00e8j en action sur le REP Paul Symphor<\/span><\/a><\/div><\/li>\n<li><div class=\"wp-block-latest-posts__featured-image\"><img loading=\"lazy\" decoding=\"async\" width=\"150\" height=\"150\" src=\"https:\/\/site.ac-martinique.fr\/circonscription-trinite\/wp-content\/uploads\/sites\/87\/2025\/06\/image-1-150x150.png\" class=\"attachment-thumbnail size-thumbnail wp-post-image\" alt=\"\" style=\"width:100%;height:92.67%;max-width:300px;\" \/><\/div><a class=\"wp-block-latest-posts__post-title\" href=\"https:\/\/site.ac-martinique.fr\/circonscription-trinite\/?p=6773\">Habilitations cr\u00e9ole 2024 &#8211; 2025<\/a><div class=\"wp-block-latest-posts__post-excerpt\">Je tiens \u00e0 adresser mes sinc\u00e8res f\u00e9licitations aux coll\u00e8gues ayant\u00a0pass\u00e9&hellip; <a class=\"more-link\" href=\"https:\/\/site.ac-martinique.fr\/circonscription-trinite\/?p=6773\">Poursuivre la lecture <span class=\"screen-reader-text\">Habilitations cr\u00e9ole 2024 &#8211; 2025<\/span><\/a><\/div><\/li>\n<li><div class=\"wp-block-latest-posts__featured-image\"><img loading=\"lazy\" decoding=\"async\" width=\"150\" height=\"150\" src=\"https:\/\/site.ac-martinique.fr\/circonscription-trinite\/wp-content\/uploads\/sites\/87\/2025\/06\/image-150x150.png\" class=\"attachment-thumbnail size-thumbnail wp-post-image\" alt=\"\" style=\"width:100%;height:42.03%;max-width:1161px;\" \/><\/div><a class=\"wp-block-latest-posts__post-title\" href=\"https:\/\/site.ac-martinique.fr\/circonscription-trinite\/?p=6770\">\u00c0 l\u2019\u00e9cole Bellevue, de la maternelle au CM2, on apprend avec Bee-Bot !<\/a><div class=\"wp-block-latest-posts__post-excerpt\">Ces derni\u00e8res semaines, l\u2019\u00e9cole de Bellevue, situ\u00e9e \u00e0 Trinit\u00e9, a&hellip; <a class=\"more-link\" href=\"https:\/\/site.ac-martinique.fr\/circonscription-trinite\/?p=6770\">Poursuivre la lecture <span class=\"screen-reader-text\">\u00c0 l\u2019\u00e9cole Bellevue, de la maternelle au CM2, on apprend avec Bee-Bot !<\/span><\/a><\/div><\/li>\n<li><div class=\"wp-block-latest-posts__featured-image\"><img loading=\"lazy\" decoding=\"async\" width=\"150\" height=\"150\" src=\"https:\/\/site.ac-martinique.fr\/circonscription-trinite\/wp-content\/uploads\/sites\/87\/2025\/06\/IMG-20250605-WA0100-150x150.jpg\" class=\"attachment-thumbnail size-thumbnail wp-post-image\" alt=\"\" style=\"width:100%;height:75%;max-width:1280px;\" \/><\/div><a class=\"wp-block-latest-posts__post-title\" href=\"https:\/\/site.ac-martinique.fr\/circonscription-trinite\/?p=6730\">Village P\u00e9dagogique : un moment de partage, d&#8217;inspiration et de rencontres<\/a><div class=\"wp-block-latest-posts__post-excerpt\">Ce mercredi 4 juin, notre circonscription a vibr\u00e9 au rythme&hellip; <a class=\"more-link\" href=\"https:\/\/site.ac-martinique.fr\/circonscription-trinite\/?p=6730\">Poursuivre la lecture <span class=\"screen-reader-text\">Village P\u00e9dagogique : un moment de partage, d&#8217;inspiration et de rencontres<\/span><\/a><\/div><\/li>\n<li><div class=\"wp-block-latest-posts__featured-image\"><img loading=\"lazy\" decoding=\"async\" width=\"150\" height=\"150\" src=\"https:\/\/site.ac-martinique.fr\/circonscription-trinite\/wp-content\/uploads\/sites\/87\/2025\/06\/IMG-20250603-WA0028-150x150.jpg\" class=\"attachment-thumbnail size-thumbnail wp-post-image\" alt=\"\" style=\"width:100%;height:75%;max-width:1600px;\" \/><\/div><a class=\"wp-block-latest-posts__post-title\" href=\"https:\/\/site.ac-martinique.fr\/circonscription-trinite\/?p=6723\">Ascension de la Montagne Pel\u00e9e pour Robert Platon<\/a><div class=\"wp-block-latest-posts__post-excerpt\">Les ce2-cm1-cm2 de l\u2019\u00e9cole Robert Platon ont d\u00e9couvert les joies&hellip; <a class=\"more-link\" href=\"https:\/\/site.ac-martinique.fr\/circonscription-trinite\/?p=6723\">Poursuivre la lecture <span class=\"screen-reader-text\">Ascension de la Montagne Pel\u00e9e pour Robert Platon<\/span><\/a><\/div><\/li>\n<li><div class=\"wp-block-latest-posts__featured-image\"><img loading=\"lazy\" decoding=\"async\" width=\"150\" height=\"150\" src=\"https:\/\/site.ac-martinique.fr\/circonscription-trinite\/wp-content\/uploads\/sites\/87\/2025\/05\/20250523_092722-150x150.jpg\" class=\"attachment-thumbnail size-thumbnail wp-post-image\" alt=\"\" style=\"width:100%;height:41.46%;max-width:644px;\" \/><\/div><a class=\"wp-block-latest-posts__post-title\" href=\"https:\/\/site.ac-martinique.fr\/circonscription-trinite\/?p=6718\">Fiers de nos artistes de Christiane LANGE<\/a><div class=\"wp-block-latest-posts__post-excerpt\">Deux \u00e9l\u00e8ves de CM2 remportent le 2e prix du Rallye&hellip; <a class=\"more-link\" href=\"https:\/\/site.ac-martinique.fr\/circonscription-trinite\/?p=6718\">Poursuivre la lecture <span class=\"screen-reader-text\">Fiers de nos artistes de Christiane LANGE<\/span><\/a><\/div><\/li>\n<li><div class=\"wp-block-latest-posts__featured-image\"><img loading=\"lazy\" decoding=\"async\" width=\"150\" height=\"150\" src=\"https:\/\/site.ac-martinique.fr\/circonscription-trinite\/wp-content\/uploads\/sites\/87\/2025\/05\/Screenshot_20250519_104150-150x150.jpg\" class=\"attachment-thumbnail size-thumbnail wp-post-image\" alt=\"\" style=\"width:100%;height:50.58%;max-width:858px;\" \/><\/div><a class=\"wp-block-latest-posts__post-title\" href=\"https:\/\/site.ac-martinique.fr\/circonscription-trinite\/?p=6697\">Rallye Maths, Sport et Num\u00e9rique \u00e0 Auguste Rejon maternelle et \u00e9l\u00e9mentaire<\/a><div class=\"wp-block-latest-posts__post-excerpt\">Vendredi 16 mai, l\u2019\u00e9cole Auguste R\u00e9jon dans le REP de&hellip; <a class=\"more-link\" href=\"https:\/\/site.ac-martinique.fr\/circonscription-trinite\/?p=6697\">Poursuivre la lecture <span class=\"screen-reader-text\">Rallye Maths, Sport et Num\u00e9rique \u00e0 Auguste Rejon maternelle et \u00e9l\u00e9mentaire<\/span><\/a><\/div><\/li>\n<li><div class=\"wp-block-latest-posts__featured-image\"><img loading=\"lazy\" decoding=\"async\" width=\"150\" height=\"150\" src=\"https:\/\/site.ac-martinique.fr\/circonscription-trinite\/wp-content\/uploads\/sites\/87\/2025\/05\/Capture-150x150.jpg\" class=\"attachment-thumbnail size-thumbnail wp-post-image\" alt=\"\" style=\"width:100%;height:47.26%;max-width:1589px;\" \/><\/div><a class=\"wp-block-latest-posts__post-title\" href=\"https:\/\/site.ac-martinique.fr\/circonscription-trinite\/?p=6682\">PIX Junior \u00e0 l\u2019\u00e9cole Ultima Vestris<\/a><div class=\"wp-block-latest-posts__post-excerpt\">Ce mardi 13 mai apr\u00e8s-midi, l\u2019\u00e9cole Ultima Vestris de Trinit\u00e9&hellip; <a class=\"more-link\" href=\"https:\/\/site.ac-martinique.fr\/circonscription-trinite\/?p=6682\">Poursuivre la lecture <span class=\"screen-reader-text\">PIX Junior \u00e0 l\u2019\u00e9cole Ultima Vestris<\/span><\/a><\/div><\/li>\n<li><div class=\"wp-block-latest-posts__featured-image\"><img loading=\"lazy\" decoding=\"async\" width=\"150\" height=\"150\" src=\"https:\/\/site.ac-martinique.fr\/circonscription-trinite\/wp-content\/uploads\/sites\/87\/2025\/05\/20250509_092435-150x150.jpg\" class=\"attachment-thumbnail size-thumbnail wp-post-image\" alt=\"\" style=\"width:100%;height:32.13%;max-width:1080px;\" \/><\/div><a class=\"wp-block-latest-posts__post-title\" href=\"https:\/\/site.ac-martinique.fr\/circonscription-trinite\/?p=6678\">Show culinaire \u00e0 Emile Capgras<\/a><div class=\"wp-block-latest-posts__post-excerpt\">Les \u00e9l\u00e8ves de CP B,CE1 A et de CE2 A&hellip; <a class=\"more-link\" href=\"https:\/\/site.ac-martinique.fr\/circonscription-trinite\/?p=6678\">Poursuivre la lecture <span class=\"screen-reader-text\">Show culinaire \u00e0 Emile Capgras<\/span><\/a><\/div><\/li>\n<li><div class=\"wp-block-latest-posts__featured-image\"><img loading=\"lazy\" decoding=\"async\" width=\"150\" height=\"150\" src=\"https:\/\/site.ac-martinique.fr\/circonscription-trinite\/wp-content\/uploads\/sites\/87\/2025\/05\/IMG-20250502-WA0003-150x150.jpg\" class=\"attachment-thumbnail size-thumbnail wp-post-image\" alt=\"\" style=\"width:100%;height:133.33%;max-width:960px;\" \/><\/div><a class=\"wp-block-latest-posts__post-title\" href=\"https:\/\/site.ac-martinique.fr\/circonscription-trinite\/?p=6665\">De la cabosse au chocolat \u00e0 Emile Capgras<\/a><div class=\"wp-block-latest-posts__post-excerpt\">Les \u00e9l\u00e8ves de CP b, CE1a et de CE2 a&hellip; <a class=\"more-link\" href=\"https:\/\/site.ac-martinique.fr\/circonscription-trinite\/?p=6665\">Poursuivre la lecture <span class=\"screen-reader-text\">De la cabosse au chocolat \u00e0 Emile Capgras<\/span><\/a><\/div><\/li>\n<li><div class=\"wp-block-latest-posts__featured-image\"><img loading=\"lazy\" decoding=\"async\" width=\"150\" height=\"150\" src=\"https:\/\/site.ac-martinique.fr\/circonscription-trinite\/wp-content\/uploads\/sites\/87\/2025\/04\/IMG-20250410-WA0012-150x150.jpg\" class=\"attachment-thumbnail size-thumbnail wp-post-image\" alt=\"\" style=\"width:100%;height:75%;max-width:1600px;\" \/><\/div><a class=\"wp-block-latest-posts__post-title\" href=\"https:\/\/site.ac-martinique.fr\/circonscription-trinite\/?p=6655\">Solidarit\u00e9 \u00e0 Auguste Rejon \u00e9l\u00e9mentaire<\/a><div class=\"wp-block-latest-posts__post-excerpt\">Les \u00e9l\u00e8ves d\u2019Auguste R\u00e9jon ont enfil\u00e9 leur baskets pour danser&hellip; <a class=\"more-link\" href=\"https:\/\/site.ac-martinique.fr\/circonscription-trinite\/?p=6655\">Poursuivre la lecture <span class=\"screen-reader-text\">Solidarit\u00e9 \u00e0 Auguste Rejon \u00e9l\u00e9mentaire<\/span><\/a><\/div><\/li>\n<li><div class=\"wp-block-latest-posts__featured-image\"><img loading=\"lazy\" decoding=\"async\" width=\"150\" height=\"150\" src=\"https:\/\/site.ac-martinique.fr\/circonscription-trinite\/wp-content\/uploads\/sites\/87\/2025\/04\/WhatsApp-Image-2025-04-07-a-20.19.24_982f84ec-150x150.jpg\" class=\"attachment-thumbnail size-thumbnail wp-post-image\" alt=\"\" style=\"width:100%;height:75%;max-width:1600px;\" \/><\/div><a class=\"wp-block-latest-posts__post-title\" href=\"https:\/\/site.ac-martinique.fr\/circonscription-trinite\/?p=6646\">D\u00e9couverte du Monde Sous-Marin \u00e0 l&#8217;\u00e9cole Robert Platon<\/a><div class=\"wp-block-latest-posts__post-excerpt\">Ce lundi 7 avril, nous avons appris \u00e9norm\u00e9ment de chose&hellip; <a class=\"more-link\" href=\"https:\/\/site.ac-martinique.fr\/circonscription-trinite\/?p=6646\">Poursuivre la lecture <span class=\"screen-reader-text\">D\u00e9couverte du Monde Sous-Marin \u00e0 l&#8217;\u00e9cole Robert Platon<\/span><\/a><\/div><\/li>\n<li><div class=\"wp-block-latest-posts__featured-image\"><img loading=\"lazy\" decoding=\"async\" width=\"150\" height=\"150\" src=\"https:\/\/site.ac-martinique.fr\/circonscription-trinite\/wp-content\/uploads\/sites\/87\/2025\/04\/semaine-presse-2-150x150.jpeg\" class=\"attachment-thumbnail size-thumbnail wp-post-image\" alt=\"\" style=\"width:100%;height:133.33%;max-width:1200px;\" \/><\/div><a class=\"wp-block-latest-posts__post-title\" href=\"https:\/\/site.ac-martinique.fr\/circonscription-trinite\/?p=6638\">Semaine de la Presse \u00e0 Auguste R\u00e9jon \u00e9l\u00e9mentaire<\/a><div class=\"wp-block-latest-posts__post-excerpt\">Semaine de la Presse \u00e0 Auguste R\u00e9jon : des journalistes&hellip; <a class=\"more-link\" href=\"https:\/\/site.ac-martinique.fr\/circonscription-trinite\/?p=6638\">Poursuivre la lecture <span class=\"screen-reader-text\">Semaine de la Presse \u00e0 Auguste R\u00e9jon \u00e9l\u00e9mentaire<\/span><\/a><\/div><\/li>\n<li><div class=\"wp-block-latest-posts__featured-image\"><img loading=\"lazy\" decoding=\"async\" width=\"150\" height=\"150\" src=\"https:\/\/site.ac-martinique.fr\/circonscription-trinite\/wp-content\/uploads\/sites\/87\/2025\/04\/IMG-20250403-WA0009-150x150.jpg\" class=\"attachment-thumbnail size-thumbnail wp-post-image\" alt=\"\" style=\"width:100%;height:75%;max-width:1280px;\" \/><\/div><a class=\"wp-block-latest-posts__post-title\" href=\"https:\/\/site.ac-martinique.fr\/circonscription-trinite\/?p=6631\">Voyage au pays des mots avec la classe de CM2 de l\u2019\u00e9cole \u00c9dgard Labourg<\/a><div class=\"wp-block-latest-posts__post-excerpt\">Cette semaine, les \u00e9l\u00e8ves de CM2 de M. Rivot ont&hellip; <a class=\"more-link\" href=\"https:\/\/site.ac-martinique.fr\/circonscription-trinite\/?p=6631\">Poursuivre la lecture <span class=\"screen-reader-text\">Voyage au pays des mots avec la classe de CM2 de l\u2019\u00e9cole \u00c9dgard Labourg<\/span><\/a><\/div><\/li>\n<li><div class=\"wp-block-latest-posts__featured-image\"><img loading=\"lazy\" decoding=\"async\" width=\"150\" height=\"150\" src=\"https:\/\/site.ac-martinique.fr\/circonscription-trinite\/wp-content\/uploads\/sites\/87\/2025\/04\/IMG-20250401-WA0009-150x150.jpg\" class=\"attachment-thumbnail size-thumbnail wp-post-image\" alt=\"\" style=\"width:100%;height:56.25%;max-width:1280px;\" \/><\/div><a class=\"wp-block-latest-posts__post-title\" href=\"https:\/\/site.ac-martinique.fr\/circonscription-trinite\/?p=6623\">Sortie \u00e0 la Montagne Pel\u00e9e pour Auguste Rejon \u00e9l\u00e9mentaire<\/a><div class=\"wp-block-latest-posts__post-excerpt\">Une activit\u00e9 propos\u00e9e par l&#8217;usep pour faire du sport hors&hellip; <a class=\"more-link\" href=\"https:\/\/site.ac-martinique.fr\/circonscription-trinite\/?p=6623\">Poursuivre la lecture <span class=\"screen-reader-text\">Sortie \u00e0 la Montagne Pel\u00e9e pour Auguste Rejon \u00e9l\u00e9mentaire<\/span><\/a><\/div><\/li>\n<li><div class=\"wp-block-latest-posts__featured-image\"><img loading=\"lazy\" decoding=\"async\" width=\"150\" height=\"150\" src=\"https:\/\/site.ac-martinique.fr\/circonscription-trinite\/wp-content\/uploads\/sites\/87\/2025\/04\/IMG-20250401-WA0015-150x150.jpg\" class=\"attachment-thumbnail size-thumbnail wp-post-image\" alt=\"\" style=\"width:100%;height:75%;max-width:1280px;\" \/><\/div><a class=\"wp-block-latest-posts__post-title\" href=\"https:\/\/site.ac-martinique.fr\/circonscription-trinite\/?p=6617\">M\u2019Tdents  \u00e0 la maternelle  Auguste R\u00e9jon<\/a><div class=\"wp-block-latest-posts__post-excerpt\">Nous avons appris \u00e0 prendre soin de nos dents<\/div><\/li>\n<li><div class=\"wp-block-latest-posts__featured-image\"><img loading=\"lazy\" decoding=\"async\" width=\"150\" height=\"150\" src=\"https:\/\/site.ac-martinique.fr\/circonscription-trinite\/wp-content\/uploads\/sites\/87\/2025\/04\/IMG-20250401-WA0012-150x150.jpg\" class=\"attachment-thumbnail size-thumbnail wp-post-image\" alt=\"\" style=\"width:100%;height:100%;max-width:1280px;\" srcset=\"https:\/\/site.ac-martinique.fr\/circonscription-trinite\/wp-content\/uploads\/sites\/87\/2025\/04\/IMG-20250401-WA0012-150x150.jpg 150w, https:\/\/site.ac-martinique.fr\/circonscription-trinite\/wp-content\/uploads\/sites\/87\/2025\/04\/IMG-20250401-WA0012-300x300.jpg 300w, https:\/\/site.ac-martinique.fr\/circonscription-trinite\/wp-content\/uploads\/sites\/87\/2025\/04\/IMG-20250401-WA0012-1024x1024.jpg 1024w, https:\/\/site.ac-martinique.fr\/circonscription-trinite\/wp-content\/uploads\/sites\/87\/2025\/04\/IMG-20250401-WA0012-768x768.jpg 768w, https:\/\/site.ac-martinique.fr\/circonscription-trinite\/wp-content\/uploads\/sites\/87\/2025\/04\/IMG-20250401-WA0012.jpg 1280w\" sizes=\"auto, (max-width: 150px) 100vw, 150px\" \/><\/div><a class=\"wp-block-latest-posts__post-title\" href=\"https:\/\/site.ac-martinique.fr\/circonscription-trinite\/?p=6612\">Sensibilisation au handicap \u00e0 Auguste Rejon maternelle<\/a><div class=\"wp-block-latest-posts__post-excerpt\">Sensibilisation au handicap en partenariat avec la maison de la&hellip; <a class=\"more-link\" href=\"https:\/\/site.ac-martinique.fr\/circonscription-trinite\/?p=6612\">Poursuivre la lecture <span class=\"screen-reader-text\">Sensibilisation au handicap \u00e0 Auguste Rejon maternelle<\/span><\/a><\/div><\/li>\n<li><div class=\"wp-block-latest-posts__featured-image\"><img loading=\"lazy\" decoding=\"async\" width=\"150\" height=\"150\" src=\"https:\/\/site.ac-martinique.fr\/circonscription-trinite\/wp-content\/uploads\/sites\/87\/2025\/04\/IMG-20250331-WA0042-150x150.jpg\" class=\"attachment-thumbnail size-thumbnail wp-post-image\" alt=\"\" style=\"width:100%;height:75%;max-width:1280px;\" \/><\/div><a class=\"wp-block-latest-posts__post-title\" href=\"https:\/\/site.ac-martinique.fr\/circonscription-trinite\/?p=6608\">Caravane  de la Semaine des Langues<\/a><div class=\"wp-block-latest-posts__post-excerpt\">Caravane de la Semaine des Langues dans les \u00e9coles de&hellip; <a class=\"more-link\" href=\"https:\/\/site.ac-martinique.fr\/circonscription-trinite\/?p=6608\">Poursuivre la lecture <span class=\"screen-reader-text\">Caravane  de la Semaine des Langues<\/span><\/a><\/div><\/li>\n<li><div class=\"wp-block-latest-posts__featured-image\"><img loading=\"lazy\" decoding=\"async\" width=\"150\" height=\"150\" src=\"https:\/\/site.ac-martinique.fr\/circonscription-trinite\/wp-content\/uploads\/sites\/87\/2025\/03\/JPEG_20250331_141755_1209009339802893228-150x150.jpg\" class=\"attachment-thumbnail size-thumbnail wp-post-image\" alt=\"\" style=\"width:100%;height:75%;max-width:1600px;\" \/><\/div><a class=\"wp-block-latest-posts__post-title\" href=\"https:\/\/site.ac-martinique.fr\/circonscription-trinite\/?p=6601\">Sensibilisation au Cyber harc\u00e8lement \u00e0 Couronn\u00e9 LOUREL<\/a><div class=\"wp-block-latest-posts__post-excerpt\">L&#8217; \u00e9quipe Ressource pHARe de Circonscription sensibilise au cyberharcelement \u00e0&hellip; <a class=\"more-link\" href=\"https:\/\/site.ac-martinique.fr\/circonscription-trinite\/?p=6601\">Poursuivre la lecture <span class=\"screen-reader-text\">Sensibilisation au Cyber harc\u00e8lement \u00e0 Couronn\u00e9 LOUREL<\/span><\/a><\/div><\/li>\n<li><div class=\"wp-block-latest-posts__featured-image\"><img loading=\"lazy\" decoding=\"async\" width=\"150\" height=\"150\" src=\"https:\/\/site.ac-martinique.fr\/circonscription-trinite\/wp-content\/uploads\/sites\/87\/2025\/03\/WhatsApp-Image-2025-03-30-a-19.48.40_07297097-150x150.jpg\" class=\"attachment-thumbnail size-thumbnail wp-post-image\" alt=\"\" style=\"width:100%;height:132.92%;max-width:963px;\" \/><\/div><a class=\"wp-block-latest-posts__post-title\" href=\"https:\/\/site.ac-martinique.fr\/circonscription-trinite\/?p=6597\">Simenn Kreyol Tatann<\/a><div class=\"wp-block-latest-posts__post-excerpt\">Le vendredi 28 mars, les \u00e9l\u00e8ves du Cycle 1 de&hellip; <a class=\"more-link\" href=\"https:\/\/site.ac-martinique.fr\/circonscription-trinite\/?p=6597\">Poursuivre la lecture <span class=\"screen-reader-text\">Simenn Kreyol Tatann<\/span><\/a><\/div><\/li>\n<li><div class=\"wp-block-latest-posts__featured-image\"><img loading=\"lazy\" decoding=\"async\" width=\"150\" height=\"150\" src=\"https:\/\/site.ac-martinique.fr\/circonscription-trinite\/wp-content\/uploads\/sites\/87\/2025\/03\/WhatsApp-Image-2025-03-31-a-09.30.59_cf1f6868-150x150.jpg\" class=\"attachment-thumbnail size-thumbnail wp-post-image\" alt=\"\" style=\"width:100%;height:133.33%;max-width:864px;\" \/><\/div><a class=\"wp-block-latest-posts__post-title\" href=\"https:\/\/site.ac-martinique.fr\/circonscription-trinite\/?p=6594\">Emile Capgras cr\u00e9e contre le racisme<\/a><div class=\"wp-block-latest-posts__post-excerpt\">Concours acad\u00e9mique &#8220;Couleurs d&#8217;humanit\u00e9 : cr\u00e9ons contre le racisme &#8220;Production&hellip; <a class=\"more-link\" href=\"https:\/\/site.ac-martinique.fr\/circonscription-trinite\/?p=6594\">Poursuivre la lecture <span class=\"screen-reader-text\">Emile Capgras cr\u00e9e contre le racisme<\/span><\/a><\/div><\/li>\n<li><div class=\"wp-block-latest-posts__featured-image\"><img loading=\"lazy\" decoding=\"async\" width=\"150\" height=\"150\" src=\"https:\/\/site.ac-martinique.fr\/circonscription-trinite\/wp-content\/uploads\/sites\/87\/2025\/03\/WhatsApp-Image-2025-03-28-a-20.19.09_45e393ae-150x150.jpg\" class=\"attachment-thumbnail size-thumbnail wp-post-image\" alt=\"\" style=\"width:100%;height:75%;max-width:1600px;\" \/><\/div><a class=\"wp-block-latest-posts__post-title\" href=\"https:\/\/site.ac-martinique.fr\/circonscription-trinite\/?p=6590\">Semaine du cr\u00e9ole \u00e0 Robert Platon<\/a><div class=\"wp-block-latest-posts__post-excerpt\">Cette semaine, l&#8217;\u00e9cole Robert Platon a vibr\u00e9 au rythme du&hellip; <a class=\"more-link\" href=\"https:\/\/site.ac-martinique.fr\/circonscription-trinite\/?p=6590\">Poursuivre la lecture <span class=\"screen-reader-text\">Semaine du cr\u00e9ole \u00e0 Robert Platon<\/span><\/a><\/div><\/li>\n<li><div class=\"wp-block-latest-posts__featured-image\"><img loading=\"lazy\" decoding=\"async\" width=\"150\" height=\"150\" src=\"https:\/\/site.ac-martinique.fr\/circonscription-trinite\/wp-content\/uploads\/sites\/87\/2025\/03\/IMG-20250325-WA0025-150x150.jpg\" class=\"attachment-thumbnail size-thumbnail wp-post-image\" alt=\"\" style=\"width:100%;height:133.33%;max-width:1200px;\" \/><\/div><a class=\"wp-block-latest-posts__post-title\" href=\"https:\/\/site.ac-martinique.fr\/circonscription-trinite\/?p=6587\">Rencontre inspirante entre Gaetanne Pastel et UltimaVestris<\/a><div class=\"wp-block-latest-posts__post-excerpt\">Le mardi 25 mars, les \u00e9l\u00e8ves des cours moyens de&hellip; <a class=\"more-link\" href=\"https:\/\/site.ac-martinique.fr\/circonscription-trinite\/?p=6587\">Poursuivre la lecture <span class=\"screen-reader-text\">Rencontre inspirante entre Gaetanne Pastel et UltimaVestris<\/span><\/a><\/div><\/li>\n<li><div class=\"wp-block-latest-posts__featured-image\"><img loading=\"lazy\" decoding=\"async\" width=\"150\" height=\"150\" src=\"https:\/\/site.ac-martinique.fr\/circonscription-trinite\/wp-content\/uploads\/sites\/87\/2025\/03\/IMG-20250327-WA0026-1-150x150.jpg\" class=\"attachment-thumbnail size-thumbnail wp-post-image\" alt=\"\" style=\"width:100%;height:133.33%;max-width:1200px;\" \/><\/div><a class=\"wp-block-latest-posts__post-title\" href=\"https:\/\/site.ac-martinique.fr\/circonscription-trinite\/?p=6578\">\u00c0 la d\u00e9couverte de la for\u00eat de Pointe Rouge pour Auguste Rejon \u00e9l\u00e9mentaire<\/a><div class=\"wp-block-latest-posts__post-excerpt\">Les \u00e9l\u00e8ves de l\u2019EEPU Auguste R\u00e9jon ont eu l\u2019opportunit\u00e9 de&hellip; <a class=\"more-link\" href=\"https:\/\/site.ac-martinique.fr\/circonscription-trinite\/?p=6578\">Poursuivre la lecture <span class=\"screen-reader-text\">\u00c0 la d\u00e9couverte de la for\u00eat de Pointe Rouge pour Auguste Rejon \u00e9l\u00e9mentaire<\/span><\/a><\/div><\/li>\n<li><div class=\"wp-block-latest-posts__featured-image\"><img loading=\"lazy\" decoding=\"async\" width=\"150\" height=\"150\" src=\"https:\/\/site.ac-martinique.fr\/circonscription-trinite\/wp-content\/uploads\/sites\/87\/2025\/03\/IMG-20250325-WA0020-150x150.jpg\" class=\"attachment-thumbnail size-thumbnail wp-post-image\" alt=\"\" style=\"width:100%;height:100%;max-width:1440px;\" srcset=\"https:\/\/site.ac-martinique.fr\/circonscription-trinite\/wp-content\/uploads\/sites\/87\/2025\/03\/IMG-20250325-WA0020-150x150.jpg 150w, https:\/\/site.ac-martinique.fr\/circonscription-trinite\/wp-content\/uploads\/sites\/87\/2025\/03\/IMG-20250325-WA0020-300x300.jpg 300w, https:\/\/site.ac-martinique.fr\/circonscription-trinite\/wp-content\/uploads\/sites\/87\/2025\/03\/IMG-20250325-WA0020-1024x1024.jpg 1024w, https:\/\/site.ac-martinique.fr\/circonscription-trinite\/wp-content\/uploads\/sites\/87\/2025\/03\/IMG-20250325-WA0020-768x768.jpg 768w, https:\/\/site.ac-martinique.fr\/circonscription-trinite\/wp-content\/uploads\/sites\/87\/2025\/03\/IMG-20250325-WA0020.jpg 1440w\" sizes=\"auto, (max-width: 150px) 100vw, 150px\" \/><\/div><a class=\"wp-block-latest-posts__post-title\" href=\"https:\/\/site.ac-martinique.fr\/circonscription-trinite\/?p=6574\">Journ\u00e9e nationale des ATSEM \u00e0 la maternelle Auguste R\u00e9jon<\/a><div class=\"wp-block-latest-posts__post-excerpt\">Le vendredi 21 mars 2025, l\u2019\u00e9cole maternelle Auguste R\u00e9jon a&hellip; <a class=\"more-link\" href=\"https:\/\/site.ac-martinique.fr\/circonscription-trinite\/?p=6574\">Poursuivre la lecture <span class=\"screen-reader-text\">Journ\u00e9e nationale des ATSEM \u00e0 la maternelle Auguste R\u00e9jon<\/span><\/a><\/div><\/li>\n<\/ul>\n\n\n<p><\/p>\n","protected":false},"excerpt":{"rendered":"","protected":false},"author":227,"featured_media":0,"parent":0,"menu_order":0,"comment_status":"closed","ping_status":"closed","template":"","meta":{"footnotes":"","_links_to":"","_links_to_target":""},"class_list":["post-105","page","type-page","status-publish","hentry","entry"],"amp_enabled":true,"_links":{"self":[{"href":"https:\/\/site.ac-martinique.fr\/circonscription-trinite\/index.php?rest_route=\/wp\/v2\/pages\/105","targetHints":{"allow":["GET"]}}],"collection":[{"href":"https:\/\/site.ac-martinique.fr\/circonscription-trinite\/index.php?rest_route=\/wp\/v2\/pages"}],"about":[{"href":"https:\/\/site.ac-martinique.fr\/circonscription-trinite\/index.php?rest_route=\/wp\/v2\/types\/page"}],"author":[{"embeddable":true,"href":"https:\/\/site.ac-martinique.fr\/circonscription-trinite\/index.php?rest_route=\/wp\/v2\/users\/227"}],"replies":[{"embeddable":true,"href":"https:\/\/site.ac-martinique.fr\/circonscription-trinite\/index.php?rest_route=%2Fwp%2Fv2%2Fcomments&post=105"}],"version-history":[{"count":15,"href":"https:\/\/site.ac-martinique.fr\/circonscription-trinite\/index.php?rest_route=\/wp\/v2\/pages\/105\/revisions"}],"predecessor-version":[{"id":6856,"href":"https:\/\/site.ac-martinique.fr\/circonscription-trinite\/index.php?rest_route=\/wp\/v2\/pages\/105\/revisions\/6856"}],"wp:attachment":[{"href":"https:\/\/site.ac-martinique.fr\/circonscription-trinite\/index.php?rest_route=%2Fwp%2Fv2%2Fmedia&parent=105"}],"curies":[{"name":"wp","href":"https:\/\/api.w.org\/{rel}","templated":true}]}}