{"id":85,"date":"2014-04-24T14:37:36","date_gmt":"2014-04-24T13:37:36","guid":{"rendered":"\/clg-aimecesaire\/?page_id=85"},"modified":"2022-03-18T13:19:48","modified_gmt":"2022-03-18T12:19:48","slug":"histoire-et-lieux","status":"publish","type":"page","link":"https:\/\/site.ac-martinique.fr\/clg-aimecesaire\/?page_id=85","title":{"rendered":"Histoire et Lieux"},"content":{"rendered":"<h2><span style=\"color: #993300;\"><strong>Historique de l&rsquo;\u00e9tablissement<\/strong><\/span><\/h2>\n<p><span id=\"p1\">Notre coll\u00e8ge se dresse aujourd&rsquo;hui, face \u00e0 l&rsquo;\u00e9glise sur la place \u00ab Abb\u00e9\u00a0<span id=\"47\" class=\"s-bl-t\">Gr\u00e9goire<\/span> \u00bb.<\/span><\/p>\n<p><span id=\"p2\">L&rsquo;appellation du Coll\u00e8ge des\u00a0<span id=\"63\" class=\"s-rg-t\">TERRES SAINVILLE<\/span>\u00a0viendrait de Monsieur Simon\u00a0<span id=\"64\" class=\"s-rg-t\">SAINVILLE<\/span>\u00a0qui poss\u00e9dait une sucrerie, en 1827.<\/span><\/p>\n<p><span id=\"p3\">Les premi\u00e8res classes se sont tenues d\u00e8s 1935 dans des locaux situ\u00e9s \u00e0 l&#8217;emplacement de l&rsquo;ancienne Mairie de Fort-de-France.<\/span><\/p>\n<p><span id=\"p4\">En 1937, le Coll\u00e8ge prend naissance, construit par l&rsquo;entrepreneur Thomas\u00a0<span id=\"83\" class=\"s-rg-t\">CABAZ<\/span>.<\/span><\/p>\n<p><span id=\"p5\">Le premier directeur fut Monsieur\u00a0<span id=\"90\" class=\"s-rg-t\">POMPI\u00c8RE<\/span>.<\/span><\/p>\n<p><span id=\"p6\">Quelques dates ont marqu\u00e9 l&rsquo;\u00e9volution du coll\u00e8ge :<\/span><\/p>\n<p><span id=\"p7\"><span id=\"91\" class=\"s-rg-t\">\u00ba<\/span>\u00a01776-1937 :<\/span><span id=\"p8\">\u00a0<span id=\"92\" class=\"s-rg-t\">\u00c9cole<\/span>\u00a0Primaire.<\/span><\/p>\n<p><span id=\"p9\"><span id=\"93\" class=\"s-rg-t\">\u00ba<\/span>\u00a01776-1942 :<\/span><span id=\"p10\">\u00a0<span id=\"48\" class=\"s-rg-t\">Coll\u00e8ge<\/span>\u00a0d&rsquo;Enseignement G\u00e9n\u00e9ral.<\/span><\/p>\n<p><span id=\"p11\"><span id=\"49\" class=\"s-rg-t\">\u00ba<\/span>\u00a01967 :<\/span><span id=\"p96\">\u00a0coll\u00e8ge d&rsquo;Enseignement Secondaire Nationalis\u00e9.<\/span><\/p>\n<p><span id=\"p13\"><span id=\"51\" class=\"s-rg-t\">\u00ba<\/span>\u00a01776-1976 :<\/span><span id=\"p94\">\u00a0coll\u00e8ge d&rsquo;enseignement \u00c9tatis\u00e9.<\/span><\/p>\n<p><span id=\"p15\"><span id=\"54\" class=\"s-rg-t\">\u00ba<\/span>\u00a01776-1986 :<\/span><span id=\"p95\">\u00a0la Loi de D\u00e9centralisation fait que les b\u00e2timents deviennent propri\u00e9t\u00e9 du Conseil g\u00e9n\u00e9ral.<\/span><\/p>\n<p><span id=\"p17\"><span id=\"57\" class=\"s-rg-t\">\u00ba<\/span>\u00a01776-1994 :<\/span><span id=\"p100\">\u00a0au mois de septembre, le Coll\u00e8ge est class\u00e9 en Zone d&rsquo;\u00c9ducation Prioritaire et \u00e0 ce titre, il re\u00e7oit des moyens suppl\u00e9mentaires pour aider les \u00e9l\u00e8ves \u00e0 s&rsquo;orienter et \u00e0 insuffler le dynamisme n\u00e9cessaire.<\/span><\/p>\n<p><span id=\"p20\"><span id=\"65\" class=\"s-rg-t\">\u00ba<\/span>\u00a01776-2006 :<\/span><span id=\"p98\">\u00a0au mois de septembre, le Coll\u00e8ge est class\u00e9 en R\u00e9seau Ambition R\u00e9ussite\u00a0<span id=\"p97\">(<span id=\"99\" class=\"s-rg-t\">RAR<\/span>)<\/span>.<\/span><span id=\"p22\">\u00a0Cela signifie que des moyens suppl\u00e9mentaires en personnel ont \u00e9t\u00e9 accord\u00e9s au coll\u00e8ge et des exigences suppl\u00e9mentaires de travail et de r\u00e9ussite sont attendues des \u00e9l\u00e8ves.<\/span><\/p>\n<p><span id=\"p23\">&#8211;<\/span><span id=\"p24\">\u00a0Une architecture en r\u00e9novation :<\/span><\/p>\n<p><span id=\"p101\">Depuis les lois de d\u00e9centralisation, les b\u00e2timents du Coll\u00e8ge appartiennent au Conseil g\u00e9n\u00e9ral qui se charge des travaux et des r\u00e9am\u00e9nagements divers.<\/span><\/p>\n<p><span id=\"p26\">&#8211;<\/span><span id=\"p27\">\u00a0La construction de 6 classes modulaires provisoires<\/span><\/p>\n<p><span id=\"p102\">La capacit\u00e9 d&rsquo;accueil du Coll\u00e8ge n&rsquo;a cess\u00e9 d&rsquo;augmenter pendant de nombreuses ann\u00e9es ;<\/span><span id=\"p29\">\u00a0les salles \u00e9taient donc en nombre insuffisant.<\/span><span id=\"p30\">\u00a0Dans le quartier AU\u00a0<span id=\"72\" class=\"s-rg-t\">BERO<\/span>, six classes en pr\u00e9fabriqu\u00e9s accueillent les \u00e9l\u00e8ves depuis le 3 octobre 2001.<\/span><span id=\"p31\">\u00a0Ces salles climatis\u00e9es, antibruit, permettent aux \u00e9l\u00e8ves du Coll\u00e8ge d&rsquo;y travailler dans les meilleures conditions possibles.<\/span><\/p>\n<p><span id=\"p32\">Depuis le jeudi 8 d\u00e9cembre 2011, le coll\u00e8ge des Terres\u00a0<span id=\"73\" class=\"s-rg-t\">Sainville<\/span>\u00a0a officiellement chang\u00e9 de nom et s\u2019appelle d\u00e9sormais le coll\u00e8ge Aim\u00e9 C\u00e9saire de\u00a0Fort-de-France.<\/span><\/p>\n<p><strong><span id=\"p33\">Histoire des\u00a0<span id=\"75\">Terres Sainville<\/span><\/span><\/strong><\/p>\n<p><span id=\"p34\">Le quartier\u00a0<span id=\"76\">Terres Sainville<\/span>, autrefois appel\u00e9 \u00ab\u00a0Faubourg\u00a0<span id=\"77\">Th\u00e9baudi\u00e8re<\/span>\u00a0\u00bb ou encore \u00ab\u00a0Quartier des Mis\u00e9rables\u00a0\u00bb \u00e9tait une zone mar\u00e9cageuse, particuli\u00e8rement insalubre.<\/span><span id=\"p35\">\u00a0Elle s\u2019\u00e9tendait sur une trentaine d&rsquo;hectares et appartenait avant 1902 \u00e0 un certain Marquis de\u00a0<span id=\"78\" class=\"s-rg-t\">Sainville<\/span>.<\/span><\/p>\n<p><span id=\"p103\">C&rsquo;est Victor S\u00c9V\u00c8RE, maire de Fort-de-France entre 1900 et 1945 qui, apr\u00e8s avoir entam\u00e9 des proc\u00e9dures visant \u00e0 exproprier cette portion de terre, entreprit vers 1920 de la faire assainir et am\u00e9nager.<\/span><span id=\"p104\">\u00a0Les travaux d&rsquo;assainissement du quartier et de la ville ont continu\u00e9 d&rsquo;\u00eatre men\u00e9s pendant les mandatures successives du maire <a href=\"https:\/\/fr.wikipedia.org\/wiki\/Aim%C3%A9_C%C3%A9saire\">Aim\u00e9 C\u00c9SAIRE<\/a> depuis 1945.<\/span><\/p>\n<p><span id=\"p38\">Progressivement les\u00a0<span id=\"81\">Terres Sainville<\/span>, de terre d&rsquo;exode pour ceux des campagnes qui \u00ab\u00a0descendaient en ville\u00a0\u00bb, devaient devenir le plus grand quartier ouvrier et artisanal.<\/span><\/p>\n<p><span id=\"p40\"><span id=\"84\">Aujourd&rsquo;hui, le<\/span>\u00a0quartier des\u00a0<span id=\"85\">Terres Sainville<\/span>\u00a0est peupl\u00e9 de pr\u00e8s de 1800 habitants\u00a0<span id=\"p39\">(sources INSEE\u00a0<span id=\"82\">IRIS2000<\/span>)<\/span>.<\/span><\/p>\n<p><span id=\"p107\">Il est situ\u00e9 au nord du centre-ville de Fort-de-France, entre la Rivi\u00e8re Madame\u00a0<span id=\"p106\">(appel\u00e9e autrefois la rivi\u00e8re du petit Br\u00e9sil)<\/span>\u00a0\u00e0 l&rsquo;Ouest, et la Rocade\u00a0<span id=\"p105\">(<span id=\"108\" class=\"s-rg-t\">RD<\/span>\u00a041)<\/span>\u00a0\u00e0 l&rsquo;Est et au Nord.<\/span><\/p>\n<p><span id=\"p44\">Avec une topographie plate, les rues de ce quartier sont rectilignes, perpendiculaires les unes aux autres.<\/span><span id=\"p109\">\u00a0De faibles largeurs, elles sont toutes \u00e0 sens unique avec g\u00e9n\u00e9ralement un stationnement unilat\u00e9ral et un trottoir de chaque c\u00f4t\u00e9.<\/span><\/p>\n<p><span id=\"p46\">Ce quartier est pour beaucoup, un lieu de r\u00e9sidence tout en accueillant sans cesse de nombreux commer\u00e7ants et artisans qui contribuent \u00e0 en faire un quartier tr\u00e8s vivant.<\/span><\/p>\n","protected":false},"excerpt":{"rendered":"<p>Historique de l&rsquo;\u00e9tablissement Notre coll\u00e8ge se dresse aujourd&rsquo;hui, face \u00e0 l&rsquo;\u00e9glise sur la place \u00ab Abb\u00e9\u00a0Gr\u00e9goire \u00bb. L&rsquo;appellation du Coll\u00e8ge des\u00a0TERRES SAINVILLE\u00a0viendrait de Monsieur Simon\u00a0SAINVILLE\u00a0qui poss\u00e9dait une sucrerie, en 1827. Les premi\u00e8res classes se sont tenues d\u00e8s 1935 dans des locaux situ\u00e9s \u00e0 l&#8217;emplacement de l&rsquo;ancienne Mairie de Fort-de-France. En 1937, le Coll\u00e8ge prend naissance, &#8230;<\/p>\n<p><a href=\"https:\/\/site.ac-martinique.fr\/clg-aimecesaire\/?page_id=85\" class=\"more-link\">Continue reading &lsquo;Histoire et Lieux&rsquo; &raquo;<\/a><\/p>\n","protected":false},"author":109,"featured_media":0,"parent":0,"menu_order":0,"comment_status":"closed","ping_status":"open","template":"","meta":{"footnotes":""},"class_list":["post-85","page","type-page","status-publish","hentry"],"_links":{"self":[{"href":"https:\/\/site.ac-martinique.fr\/clg-aimecesaire\/index.php?rest_route=\/wp\/v2\/pages\/85","targetHints":{"allow":["GET"]}}],"collection":[{"href":"https:\/\/site.ac-martinique.fr\/clg-aimecesaire\/index.php?rest_route=\/wp\/v2\/pages"}],"about":[{"href":"https:\/\/site.ac-martinique.fr\/clg-aimecesaire\/index.php?rest_route=\/wp\/v2\/types\/page"}],"author":[{"embeddable":true,"href":"https:\/\/site.ac-martinique.fr\/clg-aimecesaire\/index.php?rest_route=\/wp\/v2\/users\/109"}],"replies":[{"embeddable":true,"href":"https:\/\/site.ac-martinique.fr\/clg-aimecesaire\/index.php?rest_route=%2Fwp%2Fv2%2Fcomments&post=85"}],"version-history":[{"count":10,"href":"https:\/\/site.ac-martinique.fr\/clg-aimecesaire\/index.php?rest_route=\/wp\/v2\/pages\/85\/revisions"}],"predecessor-version":[{"id":9067,"href":"https:\/\/site.ac-martinique.fr\/clg-aimecesaire\/index.php?rest_route=\/wp\/v2\/pages\/85\/revisions\/9067"}],"wp:attachment":[{"href":"https:\/\/site.ac-martinique.fr\/clg-aimecesaire\/index.php?rest_route=%2Fwp%2Fv2%2Fmedia&parent=85"}],"curies":[{"name":"wp","href":"https:\/\/api.w.org\/{rel}","templated":true}]}}