{"id":326,"date":"2015-05-19T08:04:31","date_gmt":"2015-05-19T12:04:31","guid":{"rendered":"\/clg-beausejour\/?page_id=326"},"modified":"2015-06-30T10:41:33","modified_gmt":"2015-06-30T14:41:33","slug":"espagnol","status":"publish","type":"page","link":"https:\/\/site.ac-martinique.fr\/clg-beausejour\/?page_id=326","title":{"rendered":"Espagnol"},"content":{"rendered":"<h2>Section euro carib\u00e9enne Espagnol<\/h2>\n<p><strong><u>Pr\u00e9sentation <\/u><\/strong><\/p>\n<p>La <em>section europ\u00e9enne<\/em> se caract\u00e9rise par l\u2019enseignement d\u2019une discipline non linguistique en langue \u00e9trang\u00e8re (DNL). Par exemple, l\u2019histoire-g\u00e9ographie enseign\u00e9e en espagnol au lyc\u00e9e.<\/p>\n<p>Les disciplines concern\u00e9es peuvent aussi \u00eatre les math\u00e9matiques, les sciences physiques, l\u2019EPS, les sciences de la vie et de la Terre. Des activit\u00e9s culturelles et d\u2019\u00e9changes ouvertes sur l\u2019Europe et l\u2019Am\u00e9rique Latine font partie du projet de l\u2019\u00e9tablissement proposant une section europ\u00e9enne.<\/p>\n<p>Au coll\u00e8ge, une section carib\u00e9enne<strong>\u00a0<\/strong>Espagnol a \u00e9t\u00e9 mise en place en 5eme, 4eme et 3eme.<br \/>\nY sont dispens\u00e9es pour ces \u00e9l\u00e8ves en plus de leur horaire habituel\u00a0: 2 h d\u2019espagnol en petit groupe et en privil\u00e9giant l\u2019expression orale\u00a0:<\/p>\n<ul>\n<li>\u00e9criture et repr\u00e9sentation de petits sketches<\/li>\n<li>jeux de m\u00e9moire<\/li>\n<li>travail de recherche sur la civilisation (pr\u00e9sentations de diaporamas\u2026) avec l\u2019assistant.<\/li>\n<li>r\u00e9alisations de petits courts-m\u00e9trages en 3eme<\/li>\n<\/ul>\n<p>Les \u00e9l\u00e8ves ont aussi une correspondance avec des jeunes espagnols d\u2019Europe ou d\u2019Am\u00e9rique Latine que les 4eme et 3eme euro rencontreront cette ann\u00e9e lors d\u2019un s\u00e9jour en R\u00e9publique Dominicaine.<\/p>\n<p>&nbsp;<\/p>\n<h3><span style=\"text-decoration: underline;\">Voyage en R\u00e9publique Dominicaine en Mars 2016<\/span><\/h3>\n<h2><\/h2>\n<p>&nbsp;<\/p>\n<p><u>Objectifs p\u00e9dagogiques et \u00e9ducatifs<\/u> :<\/p>\n<h2><a href=\"\/clg-beausejour\/wp-content\/uploads\/sites\/48\/2015\/05\/RepDom.jpg\"><img loading=\"lazy\" decoding=\"async\" class=\" wp-image-807 size-full alignright\" src=\"\/clg-beausejour\/wp-content\/uploads\/sites\/48\/2015\/05\/RepDom.jpg\" alt=\"RepDom\" width=\"223\" height=\"149\" \/><\/a><\/h2>\n<p>Les objectifs g\u00e9n\u00e9raux sont\u00a0:<\/p>\n<ul>\n<li>Entretenir l\u2019app\u00e9tence linguistique et culturelle des \u00e9l\u00e8ves<\/li>\n<li>D\u00e9velopper la pratique de l\u2019espagnol et lever certaines de leurs inhibitions.<\/li>\n<li>Insuffler aux \u00e9l\u00e8ves une envie de d\u00e9couvrir l\u2019ailleurs et \u00e9veiller leur curiosit\u00e9 face \u00e0 la diff\u00e9rence.<\/li>\n<\/ul>\n<p>Les objectifs sp\u00e9cifiques\u00a0:<\/p>\n<ul>\n<li>D\u00e9couvrir les jeunes Dominicains avec qui ils correspondaient par mail et leur mode de vie.<\/li>\n<li>D\u00e9couvrir l\u2019art dominicain par le biais de son artisanat.<\/li>\n<li>D\u00e9couvrir l\u2019art culinaire, l\u2019art musical gr\u00e2ce aux ateliers mis en place.<\/li>\n<li>Approfondir leurs connaissances historiques, g\u00e9ographiques et culturelles.<\/li>\n<li>Pr\u00e9senter \u00e0 ces derniers certains aspects de la culture martiniquaise \u00e0 travers des po\u00e8mes, un chant et des danses traditionnelles.<\/li>\n<li>Plonger les \u00e9l\u00e8ves dans un bain linguistique et culturel gr\u00e2ce aux diff\u00e9rents ateliers propos\u00e9s chaque jour durant 2h, les obligeant \u00e0 mobiliser leurs ressources en pratiquant un espagnol usuel de mani\u00e8re spontan\u00e9e et authentique.<\/li>\n<li>Amorcer une ouverture d\u2019esprit, entretenir et augmenter la participation orale, les rendre plus actifs en cours.<\/li>\n<li>Savoir communiquer en espagnol.<\/li>\n<\/ul>\n<p>&nbsp;<\/p>\n<p><a href=\"\/clg-beausejour\"><img loading=\"lazy\" decoding=\"async\" class=\"aligncenter size-medium wp-image-401\" src=\"\/clg-beausejour\/wp-content\/uploads\/sites\/48\/2015\/05\/Accueil-300x198.jpg\" alt=\"Accueil\" width=\"100\" height=\"66\" \/><\/a><\/p>\n","protected":false},"excerpt":{"rendered":"<p>Section euro carib\u00e9enne Espagnol Pr\u00e9sentation La section europ\u00e9enne se caract\u00e9rise par l\u2019enseignement d\u2019une discipline non linguistique en langue \u00e9trang\u00e8re (DNL). Par exemple, l\u2019histoire-g\u00e9ographie enseign\u00e9e en espagnol au lyc\u00e9e. Les disciplines concern\u00e9es peuvent aussi \u00eatre les math\u00e9matiques, les sciences physiques, l\u2019EPS, les sciences de la vie et de la Terre. Des activit\u00e9s culturelles et d\u2019\u00e9changes ouvertes &hellip; <\/p>\n<p class=\"link-more\"><a href=\"https:\/\/site.ac-martinique.fr\/clg-beausejour\/?page_id=326\" class=\"more-link\">Continuer la lecture<span class=\"screen-reader-text\"> de &laquo;&nbsp;Espagnol&nbsp;&raquo;<\/span><\/a><\/p>\n","protected":false},"author":115,"featured_media":0,"parent":0,"menu_order":0,"comment_status":"closed","ping_status":"open","template":"","meta":{"footnotes":""},"class_list":["post-326","page","type-page","status-publish","hentry"],"_links":{"self":[{"href":"https:\/\/site.ac-martinique.fr\/clg-beausejour\/index.php?rest_route=\/wp\/v2\/pages\/326","targetHints":{"allow":["GET"]}}],"collection":[{"href":"https:\/\/site.ac-martinique.fr\/clg-beausejour\/index.php?rest_route=\/wp\/v2\/pages"}],"about":[{"href":"https:\/\/site.ac-martinique.fr\/clg-beausejour\/index.php?rest_route=\/wp\/v2\/types\/page"}],"author":[{"embeddable":true,"href":"https:\/\/site.ac-martinique.fr\/clg-beausejour\/index.php?rest_route=\/wp\/v2\/users\/115"}],"replies":[{"embeddable":true,"href":"https:\/\/site.ac-martinique.fr\/clg-beausejour\/index.php?rest_route=%2Fwp%2Fv2%2Fcomments&post=326"}],"version-history":[{"count":4,"href":"https:\/\/site.ac-martinique.fr\/clg-beausejour\/index.php?rest_route=\/wp\/v2\/pages\/326\/revisions"}],"predecessor-version":[{"id":808,"href":"https:\/\/site.ac-martinique.fr\/clg-beausejour\/index.php?rest_route=\/wp\/v2\/pages\/326\/revisions\/808"}],"wp:attachment":[{"href":"https:\/\/site.ac-martinique.fr\/clg-beausejour\/index.php?rest_route=%2Fwp%2Fv2%2Fmedia&parent=326"}],"curies":[{"name":"wp","href":"https:\/\/api.w.org\/{rel}","templated":true}]}}