{"id":6317,"date":"2020-03-17T15:26:10","date_gmt":"2020-03-17T19:26:10","guid":{"rendered":"\/clg-carbet\/?page_id=6317"},"modified":"2020-03-17T15:26:10","modified_gmt":"2020-03-17T19:26:10","slug":"postexo","status":"publish","type":"page","link":"https:\/\/site.ac-martinique.fr\/clg-carbet\/?page_id=6317","title":{"rendered":"POSTEXO"},"content":{"rendered":"<table width=\"100%\">\n<tbody>\n<tr>\n<td>Objet : Mise \u00e0 disposition gratuite de la plateforme PostExo \u00e0 tous les \u00e9tablissements scolaires<\/p>\n<p>En direction du chef d&#8217;\u00e9tablissement,<\/p>\n<p>En raison des mesures annonc\u00e9es par le Pr\u00e9sident de la R\u00e9publique Emmanuel Macron au sujet de la propagation du virus COVID-19 dans notre pays depuis plusieurs semaines, une fermeture totale des \u00e9tablissements scolaires est pr\u00e9vue\u00a0<u>\u00e0 compter du lundi 16 mars 2020<\/u>\u00a0jusqu\u2019\u00e0 nouvel ordre. Les \u00e9l\u00e8ves et \u00e9tudiants fran\u00e7ais seront ainsi dispens\u00e9s d\u2019enseignement en classe et devront se reporter sur les dispositifs num\u00e9riques mis en place par le gouvernement, avec pour objectif d\u2019assurer une continuit\u00e9 p\u00e9dagogique au regard de l\u2019intensit\u00e9 de la crise sanitaire en cours.<\/p>\n<p>Ayant d\u00e9velopp\u00e9 une plateforme de soutien scolaire en ligne d\u00e9nomm\u00e9e \u00ab PostExo \u00bb, nous pensons que nous avons un r\u00f4le \u00e0 jouer dans ce moment d\u2019unit\u00e9 nationale face \u00e0 la gravit\u00e9 du sujet et des implications de cette crise pour la soci\u00e9t\u00e9 toute enti\u00e8re. En ce sens, nous avons r\u00e9uni nos \u00e9quipes hier soir et avons d\u00e9cid\u00e9 de r\u00e9pondre \u00e0 l\u2019urgence \u00e9ducative qui se pr\u00e9sente \u00e0 nous\u00a0<u><strong>en mettant \u00e0 disposition gratuitement la plateforme PostExo<\/strong><\/u>\u00a0pour les \u00e9tablissements scolaires qui le souhaitent. Notre application permet, en outre, \u00e0 chaque \u00e9l\u00e8ve de s\u2019inscrire rapidement \u00e0 un espace virtuel lui offrant la possibilit\u00e9 d\u2019entrer en relation avec un enseignant qualifi\u00e9 en quelques minutes, par le biais notamment d\u2019un tableau interactif et d\u2019une communication vocale.<\/p>\n<p>Vid\u00e9o\u00a0explicative de PostExo :\u00a0<a href=\"https:\/\/renovo.us9.list-manage.com\/track\/click?u=41b7bbf482a90ff26c33b4def&amp;id=ee4c4017c1&amp;e=acb88afddc\">https:\/\/youtu.be\/53NSOOu07mw<\/a><\/p>\n<p>L\u2019ensemble des frais consubstantiels \u00e0 l\u2019usage de cette plateforme (r\u00e9mun\u00e9ration de l\u2019enseignant, maintenance du site, communications t\u00e9l\u00e9phoniques, etc.) seront de fait\u00a0<u>int\u00e9gralement pris en charge par l\u2019administration de PostExo<\/u>\u00a0dans un effort de solidarit\u00e9 n\u00e9cessaire. Par ailleurs, nous appelons les enseignants qui se sentent concern\u00e9s par l\u2019impact de cette crise sur le syst\u00e8me \u00e9ducatif \u00e0 se rendre disponibles b\u00e9n\u00e9volement \u00e0 raison de deux \u00e0 trois heures par jour, dans le but d\u2019accompagner au mieux les \u00e9l\u00e8ves sur la plateforme PostExo en compl\u00e9ment des dispositifs num\u00e9riques du CNED qui seront lanc\u00e9s \u00e0 partir de la semaine prochaine.<\/p>\n<p>Veuillez agr\u00e9er,\u00a0l\u2019expression de notre consid\u00e9ration distingu\u00e9e.<\/p>\n<p>Cordialement,<\/p>\n<p>L\u2019\u00e9quipe PostExo<br \/>\n<a href=\"https:\/\/renovo.us9.list-manage.com\/track\/click?u=41b7bbf482a90ff26c33b4def&amp;id=20508c847a&amp;e=acb88afddc\" data-saferedirecturl=\"https:\/\/www.google.com\/url?q=http:\/\/www.postexo.com&amp;source=gmail&amp;ust=1584391873353000&amp;usg=AFQjCNE0l7l2tiglVgLDL1bzAi2JrIIxMQ\">www.postexo.com<\/a><br \/>\n<a href=\"mailto:contact@postexo.com\">contact@postexo.com<\/a><\/td>\n<\/tr>\n<\/tbody>\n<\/table>\n<p>&nbsp;<\/p>\n","protected":false},"excerpt":{"rendered":"<p>Objet : Mise \u00e0 disposition gratuite de la plateforme PostExo \u00e0 tous les \u00e9tablissements scolaires En direction du chef d&#8217;\u00e9tablissement, En raison des mesures annonc\u00e9es par le Pr\u00e9sident de la R\u00e9publique Emmanuel Macron au sujet de la propagation du virus COVID-19 dans notre pays depuis plusieurs semaines, une fermeture totale des \u00e9tablissements scolaires est pr\u00e9vue\u00a0\u00e0 compter du lundi 16 mars 2020\u00a0jusqu\u2019\u00e0 nouvel ordre. Les \u00e9l\u00e8ves et \u00e9tudiants fran\u00e7ais seront ainsi dispens\u00e9s d\u2019enseignement en classe et devront se reporter sur les dispositifs num\u00e9riques mis en place par le gouvernement, avec pour objectif d\u2019assurer une continuit\u00e9 p\u00e9dagogique au regard de l\u2019intensit\u00e9 de la crise sanitaire en cours. Ayant d\u00e9velopp\u00e9 une plateforme de soutien scolaire en ligne d\u00e9nomm\u00e9e \u00ab PostExo \u00bb, nous pensons que nous avons un r\u00f4le \u00e0 jouer dans ce moment d\u2019unit\u00e9 nationale face \u00e0 la gravit\u00e9 du sujet et des implications de cette crise pour la soci\u00e9t\u00e9 toute enti\u00e8re. En ce sens, nous avons r\u00e9uni nos \u00e9quipes hier soir et avons d\u00e9cid\u00e9 de r\u00e9pondre \u00e0 l\u2019urgence \u00e9ducative qui se pr\u00e9sente \u00e0 nous\u00a0en mettant \u00e0 disposition gratuitement la plateforme PostExo\u00a0pour les \u00e9tablissements scolaires qui le souhaitent. Notre application permet, en outre, \u00e0 chaque \u00e9l\u00e8ve de s\u2019inscrire rapidement \u00e0 un espace virtuel lui offrant la possibilit\u00e9 d\u2019entrer en relation avec un enseignant qualifi\u00e9 en quelques minutes, par le biais notamment d\u2019un tableau interactif et d\u2019une communication vocale. Vid\u00e9o\u00a0explicative de PostExo :\u00a0https:\/\/youtu.be\/53NSOOu07mw L\u2019ensemble des frais consubstantiels \u00e0 l\u2019usage de cette plateforme (r\u00e9mun\u00e9ration de l\u2019enseignant, maintenance du site, communications t\u00e9l\u00e9phoniques, etc.) seront de fait\u00a0int\u00e9gralement pris en charge par l\u2019administration de PostExo\u00a0dans un effort de solidarit\u00e9 n\u00e9cessaire. Par ailleurs, nous appelons les enseignants qui se sentent concern\u00e9s par l\u2019impact de cette crise sur le syst\u00e8me \u00e9ducatif \u00e0 se rendre disponibles b\u00e9n\u00e9volement \u00e0 raison de deux \u00e0 trois heures par jour, dans le but d\u2019accompagner au mieux les \u00e9l\u00e8ves sur la plateforme PostExo en compl\u00e9ment des dispositifs num\u00e9riques du CNED qui seront lanc\u00e9s \u00e0 partir de la semaine prochaine. Veuillez agr\u00e9er,\u00a0l\u2019expression de notre consid\u00e9ration distingu\u00e9e. Cordialement, L\u2019\u00e9quipe PostExo www.postexo.com contact@postexo.com &nbsp;<\/p>\n","protected":false},"author":170,"featured_media":0,"parent":0,"menu_order":0,"comment_status":"closed","ping_status":"closed","template":"","meta":{"footnotes":""},"class_list":["post-6317","page","type-page","status-publish","hentry"],"_links":{"self":[{"href":"https:\/\/site.ac-martinique.fr\/clg-carbet\/index.php?rest_route=\/wp\/v2\/pages\/6317","targetHints":{"allow":["GET"]}}],"collection":[{"href":"https:\/\/site.ac-martinique.fr\/clg-carbet\/index.php?rest_route=\/wp\/v2\/pages"}],"about":[{"href":"https:\/\/site.ac-martinique.fr\/clg-carbet\/index.php?rest_route=\/wp\/v2\/types\/page"}],"author":[{"embeddable":true,"href":"https:\/\/site.ac-martinique.fr\/clg-carbet\/index.php?rest_route=\/wp\/v2\/users\/170"}],"replies":[{"embeddable":true,"href":"https:\/\/site.ac-martinique.fr\/clg-carbet\/index.php?rest_route=%2Fwp%2Fv2%2Fcomments&post=6317"}],"version-history":[{"count":1,"href":"https:\/\/site.ac-martinique.fr\/clg-carbet\/index.php?rest_route=\/wp\/v2\/pages\/6317\/revisions"}],"predecessor-version":[{"id":6319,"href":"https:\/\/site.ac-martinique.fr\/clg-carbet\/index.php?rest_route=\/wp\/v2\/pages\/6317\/revisions\/6319"}],"wp:attachment":[{"href":"https:\/\/site.ac-martinique.fr\/clg-carbet\/index.php?rest_route=%2Fwp%2Fv2%2Fmedia&parent=6317"}],"curies":[{"name":"wp","href":"https:\/\/api.w.org\/{rel}","templated":true}]}}