{"id":102,"date":"2022-02-13T10:26:02","date_gmt":"2022-02-13T14:26:02","guid":{"rendered":"https:\/\/site.ac-martinique.fr\/clg-julianicolas\/?page_id=102"},"modified":"2026-02-22T07:47:49","modified_gmt":"2026-02-22T11:47:49","slug":"accueil","status":"publish","type":"page","link":"https:\/\/site.ac-martinique.fr\/clg-julianicolas\/","title":{"rendered":"Accueil"},"content":{"rendered":"\n<p class=\"has-drop-cap has-blue-color has-text-color has-background has-link-color has-medium-font-size wp-elements-dbbae38a53e4746c12fab0b066b82969\" style=\"background-color:#b8b5b5\">Bienvenue sur le site du coll\u00e8ge Julia Nicolas<\/p>\n\n\n\n<h2 class=\"wp-block-heading\">DESCRIPTION<\/h2>\n\n\n\n<p class=\"has-text-align-left\">Le Coll\u00e8ge JULIA NICOLAS est un \u00e9tablissement accueillant des \u00e9l\u00e8ves de la 6\u00e8me \u00e0 la 3\u00e8me au coeur de la Ville capitale de la Martinique, Fort-de-France. <br>\u00c9tablissement dynamique et foisonnant de projets, l&rsquo;objectif poursuivi par l&rsquo;ensemble de la communaut\u00e9 scolaire est l&rsquo;accompagnement et la r\u00e9ussite des \u00e9l\u00e8ves.<\/p>\n\n\n\n<p><strong>Randonn\u00e9e \u00e0 Anse Bellay<\/strong><\/p>\n\n\n\n<p>Dans le cadre du \u00abmois des pays anglophones\u00bb, les \u00e9l\u00e8ves de 602 ont particip\u00e9 \u00e0 une sortie p\u00e9dagogique le mercredi 14 janvier. Ils ont pu prendre le bateau depuis Fort de France et faire une randonn\u00e9e jusqu&rsquo;au site arch\u00e9ologique d&rsquo;Anse Bellay.<\/p>\n\n\n\n<p>Des s\u00e9pultures d&rsquo;anciens esclaves et des peuples pr\u00e9colombiens ont \u00e9t\u00e9 d\u00e9couvertes sur ce site. Ces peuples am\u00e9rindiens ont occup\u00e9 tout l&rsquo;archipel carib\u00e9en avant l&rsquo;arriv\u00e9e des colons europ\u00e9ens et des populations africaines mises en esclavage par les colons : les Kalinagos dans les Petites Antilles et les Ta\u00efnos dans les Grandes Antilles. Nous retrouvons leur pr\u00e9sence dans les \u00eeles anglophones : Jama\u00efque, Sainte-Lucie, Dominique, Trinidad et Tobago, Grenade&#8230;<\/p>\n\n\n\n<p>L&rsquo;expansion des peuples Am\u00e9rindiens dans la cara\u00efbe remonte \u00e0 l&rsquo;\u00e8re avant J\u00e9sus-Christ. Ils \u00e9taient de grands navigateurs venus pour la plupart, d&rsquo;Am\u00e9rique du sud. Plusieurs peuples se sont succ\u00e9d\u00e9 sur deux mill\u00e9naires: les Arawaks puis les Kalinagos dans les Petites Antilles. A l&rsquo;arriv\u00e9e des colons europ\u00e9ens au 16e si\u00e8cle, ils ont \u00e9t\u00e9 extermin\u00e9s ou r\u00e9duits en esclavage.<\/p>\n\n\n\n<p>Le site de Anse Bellay est donc un site qui rappelle que les am\u00e9rindiens\/amazoniens ont \u00e9t\u00e9 les premiers habitants de l&rsquo;archipel carib\u00e9en. Ces peuples vivaient en harmonie avec la nature. Les \u00e9l\u00e8ves ont pu appr\u00e9cier un moment de partage, \u00e0 la fois culturel et r\u00e9jouissant dans notre bel environnement. Pour la joie et le plaisir de tous, nous avons eu la chance d&rsquo;observer deux raies l\u00e9opards sous le ponton de l&rsquo;Anse \u00e0 l&rsquo;Ane !&nbsp;<\/p>\n\n\n\n<p>Pour compl\u00e9ter cette sortie, un petit reportage a \u00e9t\u00e9 r\u00e9alis\u00e9 avec la participation de huit \u00e9l\u00e8ves volontaires qui ont pr\u00eat\u00e9 leur voix aux commentaires en anglais. Un grand bravo, merci \u00e0 tous ! <\/p>\n\n\n\n<figure class=\"wp-block-video\"><video height=\"720\" style=\"aspect-ratio: 1280 \/ 720;\" width=\"1280\" controls src=\"https:\/\/site.ac-martinique.fr\/clg-julianicolas\/wp-content\/uploads\/sites\/119\/2026\/02\/video-602-ANSE-BELLAY-1.mp4\"><\/video><\/figure>\n\n\n\n<p><strong>Les Sacs \u00e0 Maths &#8211;D\u00e9couvrir les maths autrement &#8212;<\/strong><\/p>\n\n\n\n<p>Le Sac \u00e0 Maths, inspir\u00e9 des initiatives de l&rsquo;association&nbsp;<em>Les Maths en Sc\u00e8ne<\/em>, est un sac \u00e0 surprises p\u00e9dagogique que les \u00e9l\u00e8ves du coll\u00e8ge Julia Nicolas peuvent emprunter pour explorer les math\u00e9matiques de fa\u00e7on ludique et concr\u00e8te. Chaque sac contient :<br>&#8211; un jeu pour manipuler concepts et strat\u00e9gies ;<br>&#8211; un livre jeunesse ou documentaire accessible, m\u00ealant histoires et probl\u00e8mes \u00e0 r\u00e9soudre ;<br>&#8211; une activit\u00e9 cl\u00e9 en main (atelier, d\u00e9fi \u00e0 r\u00e9aliser en famille ) accompagn\u00e9e d\u2019une fiche explicative.<\/p>\n\n\n\n<p>Objectifs :<br>&#8211; Stimuler la curiosit\u00e9 et le plaisir de chercher ;<br>&#8211; D\u00e9dramatiser l\u2019erreur en valorisant l\u2019essai et la discussion ;<br>&#8211; Relier les math\u00e9matiques \u00e0 des situations r\u00e9elles et cr\u00e9atives.<\/p>\n\n\n\n<figure class=\"wp-block-image size-large\"><img loading=\"lazy\" decoding=\"async\" width=\"724\" height=\"1024\" src=\"https:\/\/site.ac-martinique.fr\/clg-julianicolas\/wp-content\/uploads\/sites\/119\/2026\/02\/Les-sacs-a-maths-724x1024.png\" alt=\"\" class=\"wp-image-2537\" srcset=\"https:\/\/site.ac-martinique.fr\/clg-julianicolas\/wp-content\/uploads\/sites\/119\/2026\/02\/Les-sacs-a-maths-724x1024.png 724w, https:\/\/site.ac-martinique.fr\/clg-julianicolas\/wp-content\/uploads\/sites\/119\/2026\/02\/Les-sacs-a-maths-212x300.png 212w, https:\/\/site.ac-martinique.fr\/clg-julianicolas\/wp-content\/uploads\/sites\/119\/2026\/02\/Les-sacs-a-maths-768x1086.png 768w, https:\/\/site.ac-martinique.fr\/clg-julianicolas\/wp-content\/uploads\/sites\/119\/2026\/02\/Les-sacs-a-maths-1086x1536.png 1086w, https:\/\/site.ac-martinique.fr\/clg-julianicolas\/wp-content\/uploads\/sites\/119\/2026\/02\/Les-sacs-a-maths-1448x2048.png 1448w, https:\/\/site.ac-martinique.fr\/clg-julianicolas\/wp-content\/uploads\/sites\/119\/2026\/02\/Les-sacs-a-maths.png 1587w\" sizes=\"auto, (max-width: 724px) 100vw, 724px\" \/><\/figure>\n\n\n\n<p><strong>Les \u00e9l\u00e8ves ULIS explorent le lien entre animaux et cin\u00e9ma au CDI<\/strong><\/p>\n\n\n\n<p>Lundi 19 janvier, les \u00e9l\u00e8ves du dispositif ULIS ont pris part \u00e0 une animation organis\u00e9e par la Biblioth\u00e8que de Pr\u00eat de Fort-de-France sur le th\u00e8me des&nbsp;<strong>\u00ab Animaux au cin\u00e9ma \u00bb<\/strong>.&nbsp;Lors de cette s\u00e9ance, ils ont d\u00e9couvert des bandes-annonces de films c\u00e9l\u00e8bres mettant en sc\u00e8ne des animaux comme personnages centraux, explorant leurs liens avec les humains.&nbsp;Ces visionnages ont donn\u00e9 lieu \u00e0 des \u00e9changes riches, les incitant \u00e0 r\u00e9fl\u00e9chir sur la protection animale et la pr\u00e9servation de la biodiversit\u00e9.<\/p>\n\n\n\n<figure class=\"wp-block-image size-large\"><img loading=\"lazy\" decoding=\"async\" width=\"1024\" height=\"768\" src=\"https:\/\/site.ac-martinique.fr\/clg-julianicolas\/wp-content\/uploads\/sites\/119\/2026\/01\/IMG_4181-1024x768.jpg\" alt=\"\" class=\"wp-image-2533\" srcset=\"https:\/\/site.ac-martinique.fr\/clg-julianicolas\/wp-content\/uploads\/sites\/119\/2026\/01\/IMG_4181-1024x768.jpg 1024w, https:\/\/site.ac-martinique.fr\/clg-julianicolas\/wp-content\/uploads\/sites\/119\/2026\/01\/IMG_4181-300x225.jpg 300w, https:\/\/site.ac-martinique.fr\/clg-julianicolas\/wp-content\/uploads\/sites\/119\/2026\/01\/IMG_4181-768x576.jpg 768w, https:\/\/site.ac-martinique.fr\/clg-julianicolas\/wp-content\/uploads\/sites\/119\/2026\/01\/IMG_4181-1536x1152.jpg 1536w, https:\/\/site.ac-martinique.fr\/clg-julianicolas\/wp-content\/uploads\/sites\/119\/2026\/01\/IMG_4181-2048x1536.jpg 2048w, https:\/\/site.ac-martinique.fr\/clg-julianicolas\/wp-content\/uploads\/sites\/119\/2026\/01\/IMG_4181-400x300.jpg 400w\" sizes=\"auto, (max-width: 1024px) 100vw, 1024px\" \/><\/figure>\n\n\n\n<p><strong>Les d\u00e9l\u00e9gu\u00e9s de classe en formation citoyenne au Fort Saint-Louis<\/strong><\/p>\n\n\n\n<p>Jeudi 27 novembre, les d\u00e9l\u00e9gu\u00e9s de classe ont v\u00e9cu une formation originale au Fort Saint-Louis, alliant apprentissage civique et d\u00e9couverte du patrimoine martiniquais.<\/p>\n\n\n\n<p>L\u2019objectif&nbsp;: Clarifier leur r\u00f4le, renforcer la coh\u00e9sion d\u2019\u00e9quipe et transmettre les valeurs r\u00e9publicaines, le tout dans un cadre historique embl\u00e9matique.<\/p>\n\n\n\n<p>Organis\u00e9e sous forme de course d\u2019orientation, la matin\u00e9e a permis aux \u00e9l\u00e8ves d\u2019explorer les remparts, les espaces strat\u00e9giques et les lieux de vie du fort, tout en retra\u00e7ant son histoire et celle de ses occupants. \u00c0 chaque \u00e9tape, une balise th\u00e9matique les attendait : communication, m\u00e9diation, repr\u00e9sentation des \u00e9l\u00e8ves, engagement et responsabilit\u00e9.<\/p>\n\n\n\n<p>Une exp\u00e9rience \u00e0 la fois dynamique et formatrice, qui a offert \u00e0 nos d\u00e9l\u00e9gu\u00e9s l\u2019opportunit\u00e9 de concilier engagement citoyen et immersion culturelle dans un site d\u2019exception.<\/p>\n\n\n\n<p><strong>Les ambassadeurs pHARe sensibilisent les CM2 de l\u2019\u00e9cole \u00c9milie Fordant<\/strong><\/p>\n\n\n\n<p>Jeudi 20 novembre 2025, comme l\u2019ann\u00e9e pr\u00e9c\u00e9dente, les ambassadeurs pHARe du coll\u00e8ge sont intervenus aupr\u00e8s des classes de CM2 de l\u2019\u00e9cole \u00c9milie Fordant. Toute l\u2019apr\u00e8s-midi, les \u00e9l\u00e8ves ont particip\u00e9 \u00e0 des jeux de sensibilisation sur le harc\u00e8lement, le respect et la solidarit\u00e9, anim\u00e9s par nos ambassadeurs.<\/p>\n\n\n\n<p>L\u2019objectif de cette rencontre \u00e9tait d\u2019aider les plus jeunes \u00e0 reconna\u00eetre les situations de harc\u00e8lement, \u00e0 adopter les bons r\u00e9flexes et \u00e0 comprendre l\u2019importance du r\u00f4le des t\u00e9moins.<\/p>\n\n\n\n<p>Cette initiative, inscrite dans la continuit\u00e9 du programme pHARe, consolide les liens entre l\u2019\u00e9cole et le coll\u00e8ge, tout en mettant en lumi\u00e8re l\u2019engagement citoyen de nos \u00e9l\u00e8ves ambassadeurs.<\/p>\n\n\n\n<figure class=\"wp-block-gallery has-nested-images columns-default is-cropped wp-block-gallery-1 is-layout-flex wp-block-gallery-is-layout-flex\">\n<figure class=\"wp-block-image size-large\"><img loading=\"lazy\" decoding=\"async\" width=\"1024\" height=\"863\" data-id=\"2513\" src=\"https:\/\/site.ac-martinique.fr\/clg-julianicolas\/wp-content\/uploads\/sites\/119\/2025\/12\/IMG_7290-1-1024x863.jpg\" alt=\"\" class=\"wp-image-2513\" srcset=\"https:\/\/site.ac-martinique.fr\/clg-julianicolas\/wp-content\/uploads\/sites\/119\/2025\/12\/IMG_7290-1-1024x863.jpg 1024w, https:\/\/site.ac-martinique.fr\/clg-julianicolas\/wp-content\/uploads\/sites\/119\/2025\/12\/IMG_7290-1-300x253.jpg 300w, https:\/\/site.ac-martinique.fr\/clg-julianicolas\/wp-content\/uploads\/sites\/119\/2025\/12\/IMG_7290-1-768x647.jpg 768w, https:\/\/site.ac-martinique.fr\/clg-julianicolas\/wp-content\/uploads\/sites\/119\/2025\/12\/IMG_7290-1-1536x1294.jpg 1536w, https:\/\/site.ac-martinique.fr\/clg-julianicolas\/wp-content\/uploads\/sites\/119\/2025\/12\/IMG_7290-1-2048x1725.jpg 2048w, https:\/\/site.ac-martinique.fr\/clg-julianicolas\/wp-content\/uploads\/sites\/119\/2025\/12\/IMG_7290-1-356x300.jpg 356w\" sizes=\"auto, (max-width: 1024px) 100vw, 1024px\" \/><\/figure>\n\n\n\n<figure class=\"wp-block-image size-large\"><img loading=\"lazy\" decoding=\"async\" width=\"1024\" height=\"624\" data-id=\"2514\" src=\"https:\/\/site.ac-martinique.fr\/clg-julianicolas\/wp-content\/uploads\/sites\/119\/2025\/12\/IMG_7287-1-1024x624.jpg\" alt=\"\" class=\"wp-image-2514\" srcset=\"https:\/\/site.ac-martinique.fr\/clg-julianicolas\/wp-content\/uploads\/sites\/119\/2025\/12\/IMG_7287-1-1024x624.jpg 1024w, https:\/\/site.ac-martinique.fr\/clg-julianicolas\/wp-content\/uploads\/sites\/119\/2025\/12\/IMG_7287-1-300x183.jpg 300w, https:\/\/site.ac-martinique.fr\/clg-julianicolas\/wp-content\/uploads\/sites\/119\/2025\/12\/IMG_7287-1-768x468.jpg 768w, https:\/\/site.ac-martinique.fr\/clg-julianicolas\/wp-content\/uploads\/sites\/119\/2025\/12\/IMG_7287-1-1536x936.jpg 1536w, https:\/\/site.ac-martinique.fr\/clg-julianicolas\/wp-content\/uploads\/sites\/119\/2025\/12\/IMG_7287-1-2048x1249.jpg 2048w, https:\/\/site.ac-martinique.fr\/clg-julianicolas\/wp-content\/uploads\/sites\/119\/2025\/12\/IMG_7287-1-492x300.jpg 492w\" sizes=\"auto, (max-width: 1024px) 100vw, 1024px\" \/><\/figure>\n<\/figure>\n\n\n\n<p><strong>Les \u00e9co-d\u00e9l\u00e9gu\u00e9s form\u00e9s aux risques majeurs locaux<\/strong><\/p>\n\n\n\n<p>Mercredi 12 novembre, vingt \u00e9co-d\u00e9l\u00e9gu\u00e9s repr\u00e9sentant tous les niveaux du coll\u00e8ge ont suivi une formation annuelle \u00e0 l\u2019INSPE, centr\u00e9e sur la sensibilisation aux risques majeurs en contexte local. Organis\u00e9e dans le cadre de l\u2019\u00c9ducation au D\u00e9veloppement Durable, cette matin\u00e9e visait \u00e0 pr\u00e9parer les \u00e9l\u00e8ves \u00e0 faire face aux risques naturels et technologiques sp\u00e9cifiques \u00e0 notre territoire.<\/p>\n\n\n\n<p>Au programme :<\/p>\n\n\n\n<ul class=\"wp-block-list\">\n<li><strong>Ateliers et stands ludiques<\/strong> pour appr\u00e9hender les ph\u00e9nom\u00e8nes comme les s\u00e9ismes, cyclones, inondations ou risques industriels ;<\/li>\n\n\n\n<li><strong>\u00c9changes avec des acteurs locaux<\/strong> de la pr\u00e9vention et de la gestion de crise, pr\u00e9sentant leurs missions et les dispositifs en place sur l\u2019\u00eele ;<\/li>\n\n\n\n<li><strong>Activit\u00e9s interactives<\/strong> pour r\u00e9fl\u00e9chir \u00e0 l\u2019engagement citoyen et \u00e0 la r\u00e9silience collective ;<\/li>\n\n\n\n<li><strong>Ateliers de premiers secours<\/strong>, particuli\u00e8rement pl\u00e9biscit\u00e9s par les participants.<\/li>\n<\/ul>\n\n\n\n<p>\u00c0 l\u2019issue de cette journ\u00e9e, les \u00e9co-d\u00e9l\u00e9gu\u00e9s sont repartis motiv\u00e9s, mieux inform\u00e9s et d\u00e9termin\u00e9s \u00e0 partager les bonnes pratiques au sein de l\u2019\u00e9tablissement.<\/p>\n\n\n\n<p class=\"has-text-align-left\"><strong>Visite du village de la Transat Caf\u00e9 L&rsquo;or<\/strong><\/p>\n\n\n\n<p>Le lundi 10 novembre 2025, les \u00e9l\u00e8ves des classes de 6\u00e8me et du dispositif ULIS 5\u00e8me ont eu la chance de visiter le village de la Transat Caf\u00e9 L&rsquo;Or. Accueillis au c\u0153ur de l\u2019\u00e9v\u00e9nement, ils ont pu d\u00e9couvrir de pr\u00e8s les impressionnants bateaux engag\u00e9s dans la course. Les membres d\u2019\u00e9quipage, disponibles et passionn\u00e9s, ont partag\u00e9 leur exp\u00e9rience de navigateurs et r\u00e9pondu aux nombreuses questions des \u00e9l\u00e8ves.<br>Cette sortie a offert un moment privil\u00e9gi\u00e9 d\u2019\u00e9changes et d\u2019\u00e9merveillement, tout en ouvrant une fen\u00eatre concr\u00e8te sur le monde de la navigation et des grandes travers\u00e9es. <\/p>\n\n\n\n<figure class=\"wp-block-gallery has-nested-images columns-default is-cropped wp-block-gallery-2 is-layout-flex wp-block-gallery-is-layout-flex\">\n<figure class=\"wp-block-image size-large\"><img loading=\"lazy\" decoding=\"async\" width=\"1000\" height=\"750\" data-id=\"2500\" src=\"https:\/\/site.ac-martinique.fr\/clg-julianicolas\/wp-content\/uploads\/sites\/119\/2025\/12\/20251110_094113.jpg\" alt=\"\" class=\"wp-image-2500\" srcset=\"https:\/\/site.ac-martinique.fr\/clg-julianicolas\/wp-content\/uploads\/sites\/119\/2025\/12\/20251110_094113.jpg 1000w, https:\/\/site.ac-martinique.fr\/clg-julianicolas\/wp-content\/uploads\/sites\/119\/2025\/12\/20251110_094113-300x225.jpg 300w, https:\/\/site.ac-martinique.fr\/clg-julianicolas\/wp-content\/uploads\/sites\/119\/2025\/12\/20251110_094113-768x576.jpg 768w, https:\/\/site.ac-martinique.fr\/clg-julianicolas\/wp-content\/uploads\/sites\/119\/2025\/12\/20251110_094113-400x300.jpg 400w\" sizes=\"auto, (max-width: 1000px) 100vw, 1000px\" \/><\/figure>\n\n\n\n<figure class=\"wp-block-image size-large\"><img loading=\"lazy\" decoding=\"async\" width=\"1000\" height=\"750\" data-id=\"2499\" src=\"https:\/\/site.ac-martinique.fr\/clg-julianicolas\/wp-content\/uploads\/sites\/119\/2025\/12\/20251110_095711.jpg\" alt=\"\" class=\"wp-image-2499\" srcset=\"https:\/\/site.ac-martinique.fr\/clg-julianicolas\/wp-content\/uploads\/sites\/119\/2025\/12\/20251110_095711.jpg 1000w, https:\/\/site.ac-martinique.fr\/clg-julianicolas\/wp-content\/uploads\/sites\/119\/2025\/12\/20251110_095711-300x225.jpg 300w, https:\/\/site.ac-martinique.fr\/clg-julianicolas\/wp-content\/uploads\/sites\/119\/2025\/12\/20251110_095711-768x576.jpg 768w, https:\/\/site.ac-martinique.fr\/clg-julianicolas\/wp-content\/uploads\/sites\/119\/2025\/12\/20251110_095711-400x300.jpg 400w\" sizes=\"auto, (max-width: 1000px) 100vw, 1000px\" \/><\/figure>\n\n\n\n<figure class=\"wp-block-image size-large\"><img loading=\"lazy\" decoding=\"async\" width=\"768\" height=\"1024\" data-id=\"2501\" src=\"https:\/\/site.ac-martinique.fr\/clg-julianicolas\/wp-content\/uploads\/sites\/119\/2025\/12\/20251110_095721-768x1024.jpg\" alt=\"\" class=\"wp-image-2501\" srcset=\"https:\/\/site.ac-martinique.fr\/clg-julianicolas\/wp-content\/uploads\/sites\/119\/2025\/12\/20251110_095721-768x1024.jpg 768w, https:\/\/site.ac-martinique.fr\/clg-julianicolas\/wp-content\/uploads\/sites\/119\/2025\/12\/20251110_095721-225x300.jpg 225w, https:\/\/site.ac-martinique.fr\/clg-julianicolas\/wp-content\/uploads\/sites\/119\/2025\/12\/20251110_095721.jpg 1000w\" sizes=\"auto, (max-width: 768px) 100vw, 768px\" \/><\/figure>\n\n\n\n<figure class=\"wp-block-image size-large\"><img loading=\"lazy\" decoding=\"async\" width=\"768\" height=\"1024\" data-id=\"2502\" src=\"https:\/\/site.ac-martinique.fr\/clg-julianicolas\/wp-content\/uploads\/sites\/119\/2025\/12\/20251110_101123-768x1024.jpg\" alt=\"\" class=\"wp-image-2502\" srcset=\"https:\/\/site.ac-martinique.fr\/clg-julianicolas\/wp-content\/uploads\/sites\/119\/2025\/12\/20251110_101123-768x1024.jpg 768w, https:\/\/site.ac-martinique.fr\/clg-julianicolas\/wp-content\/uploads\/sites\/119\/2025\/12\/20251110_101123-225x300.jpg 225w, https:\/\/site.ac-martinique.fr\/clg-julianicolas\/wp-content\/uploads\/sites\/119\/2025\/12\/20251110_101123.jpg 1000w\" sizes=\"auto, (max-width: 768px) 100vw, 768px\" \/><\/figure>\n\n\n\n<figure class=\"wp-block-image size-large\"><img loading=\"lazy\" decoding=\"async\" width=\"1000\" height=\"750\" data-id=\"2503\" src=\"https:\/\/site.ac-martinique.fr\/clg-julianicolas\/wp-content\/uploads\/sites\/119\/2025\/12\/20251110_101616.jpg\" alt=\"\" class=\"wp-image-2503\" srcset=\"https:\/\/site.ac-martinique.fr\/clg-julianicolas\/wp-content\/uploads\/sites\/119\/2025\/12\/20251110_101616.jpg 1000w, https:\/\/site.ac-martinique.fr\/clg-julianicolas\/wp-content\/uploads\/sites\/119\/2025\/12\/20251110_101616-300x225.jpg 300w, https:\/\/site.ac-martinique.fr\/clg-julianicolas\/wp-content\/uploads\/sites\/119\/2025\/12\/20251110_101616-768x576.jpg 768w, https:\/\/site.ac-martinique.fr\/clg-julianicolas\/wp-content\/uploads\/sites\/119\/2025\/12\/20251110_101616-400x300.jpg 400w\" sizes=\"auto, (max-width: 1000px) 100vw, 1000px\" \/><\/figure>\n\n\n\n<figure class=\"wp-block-image size-large\"><img loading=\"lazy\" decoding=\"async\" width=\"768\" height=\"1024\" data-id=\"2504\" src=\"https:\/\/site.ac-martinique.fr\/clg-julianicolas\/wp-content\/uploads\/sites\/119\/2025\/12\/20251110_143345-768x1024.jpg\" alt=\"\" class=\"wp-image-2504\" srcset=\"https:\/\/site.ac-martinique.fr\/clg-julianicolas\/wp-content\/uploads\/sites\/119\/2025\/12\/20251110_143345-768x1024.jpg 768w, https:\/\/site.ac-martinique.fr\/clg-julianicolas\/wp-content\/uploads\/sites\/119\/2025\/12\/20251110_143345-225x300.jpg 225w, https:\/\/site.ac-martinique.fr\/clg-julianicolas\/wp-content\/uploads\/sites\/119\/2025\/12\/20251110_143345.jpg 1000w\" sizes=\"auto, (max-width: 768px) 100vw, 768px\" \/><\/figure>\n\n\n\n<figure class=\"wp-block-image size-large\"><img loading=\"lazy\" decoding=\"async\" width=\"1000\" height=\"750\" data-id=\"2505\" src=\"https:\/\/site.ac-martinique.fr\/clg-julianicolas\/wp-content\/uploads\/sites\/119\/2025\/12\/20251110_144749.jpg\" alt=\"\" class=\"wp-image-2505\" srcset=\"https:\/\/site.ac-martinique.fr\/clg-julianicolas\/wp-content\/uploads\/sites\/119\/2025\/12\/20251110_144749.jpg 1000w, https:\/\/site.ac-martinique.fr\/clg-julianicolas\/wp-content\/uploads\/sites\/119\/2025\/12\/20251110_144749-300x225.jpg 300w, https:\/\/site.ac-martinique.fr\/clg-julianicolas\/wp-content\/uploads\/sites\/119\/2025\/12\/20251110_144749-768x576.jpg 768w, https:\/\/site.ac-martinique.fr\/clg-julianicolas\/wp-content\/uploads\/sites\/119\/2025\/12\/20251110_144749-400x300.jpg 400w\" sizes=\"auto, (max-width: 1000px) 100vw, 1000px\" \/><\/figure>\n\n\n\n<figure class=\"wp-block-image size-large\"><img loading=\"lazy\" decoding=\"async\" width=\"1000\" height=\"750\" data-id=\"2506\" src=\"https:\/\/site.ac-martinique.fr\/clg-julianicolas\/wp-content\/uploads\/sites\/119\/2025\/12\/20251110_150816.jpg\" alt=\"\" class=\"wp-image-2506\" srcset=\"https:\/\/site.ac-martinique.fr\/clg-julianicolas\/wp-content\/uploads\/sites\/119\/2025\/12\/20251110_150816.jpg 1000w, https:\/\/site.ac-martinique.fr\/clg-julianicolas\/wp-content\/uploads\/sites\/119\/2025\/12\/20251110_150816-300x225.jpg 300w, https:\/\/site.ac-martinique.fr\/clg-julianicolas\/wp-content\/uploads\/sites\/119\/2025\/12\/20251110_150816-768x576.jpg 768w, https:\/\/site.ac-martinique.fr\/clg-julianicolas\/wp-content\/uploads\/sites\/119\/2025\/12\/20251110_150816-400x300.jpg 400w\" sizes=\"auto, (max-width: 1000px) 100vw, 1000px\" \/><\/figure>\n<\/figure>\n\n\n\n<p class=\"has-text-align-left\"><br><strong>Journ\u00e9e de lutte contre le harc\u00e8lement scolaire : engagement et sensibilisation au coll\u00e8ge<\/strong><\/p>\n\n\n\n<p class=\"has-text-align-left\">Jeudi 6 novembre 2025, notre \u00e9tablissement a marqu\u00e9 la Journ\u00e9e nationale de lutte contre le harc\u00e8lement scolaire en proposant aux \u00e9l\u00e8ves une s\u00e9rie d\u2019ateliers interactifs.<\/p>\n\n\n\n<figure class=\"wp-block-gallery has-nested-images columns-default is-cropped wp-block-gallery-3 is-layout-flex wp-block-gallery-is-layout-flex\">\n<figure class=\"wp-block-image size-large\"><img loading=\"lazy\" decoding=\"async\" width=\"1024\" height=\"704\" data-id=\"2527\" src=\"https:\/\/site.ac-martinique.fr\/clg-julianicolas\/wp-content\/uploads\/sites\/119\/2025\/12\/Design-sans-titre-2-1024x704.png\" alt=\"\" class=\"wp-image-2527\" srcset=\"https:\/\/site.ac-martinique.fr\/clg-julianicolas\/wp-content\/uploads\/sites\/119\/2025\/12\/Design-sans-titre-2-1024x704.png 1024w, https:\/\/site.ac-martinique.fr\/clg-julianicolas\/wp-content\/uploads\/sites\/119\/2025\/12\/Design-sans-titre-2-300x206.png 300w, https:\/\/site.ac-martinique.fr\/clg-julianicolas\/wp-content\/uploads\/sites\/119\/2025\/12\/Design-sans-titre-2-768x528.png 768w, https:\/\/site.ac-martinique.fr\/clg-julianicolas\/wp-content\/uploads\/sites\/119\/2025\/12\/Design-sans-titre-2-1536x1056.png 1536w, https:\/\/site.ac-martinique.fr\/clg-julianicolas\/wp-content\/uploads\/sites\/119\/2025\/12\/Design-sans-titre-2-2048x1408.png 2048w, https:\/\/site.ac-martinique.fr\/clg-julianicolas\/wp-content\/uploads\/sites\/119\/2025\/12\/Design-sans-titre-2-436x300.png 436w\" sizes=\"auto, (max-width: 1024px) 100vw, 1024px\" \/><\/figure>\n\n\n\n<figure class=\"wp-block-image size-large\"><img loading=\"lazy\" decoding=\"async\" width=\"1024\" height=\"491\" data-id=\"2480\" src=\"https:\/\/site.ac-martinique.fr\/clg-julianicolas\/wp-content\/uploads\/sites\/119\/2025\/11\/e568c5a8-033c-48dd-8937-26f77689a843-2-1024x491.jpeg\" alt=\"\" class=\"wp-image-2480\" srcset=\"https:\/\/site.ac-martinique.fr\/clg-julianicolas\/wp-content\/uploads\/sites\/119\/2025\/11\/e568c5a8-033c-48dd-8937-26f77689a843-2-1024x491.jpeg 1024w, https:\/\/site.ac-martinique.fr\/clg-julianicolas\/wp-content\/uploads\/sites\/119\/2025\/11\/e568c5a8-033c-48dd-8937-26f77689a843-2-300x144.jpeg 300w, https:\/\/site.ac-martinique.fr\/clg-julianicolas\/wp-content\/uploads\/sites\/119\/2025\/11\/e568c5a8-033c-48dd-8937-26f77689a843-2-768x368.jpeg 768w, https:\/\/site.ac-martinique.fr\/clg-julianicolas\/wp-content\/uploads\/sites\/119\/2025\/11\/e568c5a8-033c-48dd-8937-26f77689a843-2-1536x737.jpeg 1536w, https:\/\/site.ac-martinique.fr\/clg-julianicolas\/wp-content\/uploads\/sites\/119\/2025\/11\/e568c5a8-033c-48dd-8937-26f77689a843-2-2048x983.jpeg 2048w, https:\/\/site.ac-martinique.fr\/clg-julianicolas\/wp-content\/uploads\/sites\/119\/2025\/11\/e568c5a8-033c-48dd-8937-26f77689a843-2-500x240.jpeg 500w\" sizes=\"auto, (max-width: 1024px) 100vw, 1024px\" \/><\/figure>\n<\/figure>\n\n\n\n<div class=\"wp-block-group is-content-justification-center is-nowrap is-layout-flex wp-container-core-group-is-layout-94bc23d7 wp-block-group-is-layout-flex\">\n<p class=\"has-text-align-left\">Objectif&nbsp;: Leur permettre de mieux cerner les m\u00e9canismes du harc\u00e8lement, d\u2019en reconna\u00eetre les diff\u00e9rentes formes et les cons\u00e9quences, et surtout, cultiver un climat de bienveillance et de solidarit\u00e9 au quotidien.<br><br><em>Des ateliers sur mesure<\/em><\/p>\n<\/div>\n\n\n\n<p class=\"has-text-align-left\">Chaque niveau a particip\u00e9 \u00e0 des activit\u00e9s adapt\u00e9es, stimulant l\u2019expression, la cr\u00e9ativit\u00e9 et la r\u00e9flexion collective.Tous nos \u00e9l\u00e8ves se sont investis pleinement dans cette d\u00e9marche citoyenne et ont contribu\u00e9 ensemble \u00e0 l\u2019\u00e9laboration d\u2019une charte commune.<\/p>\n\n\n<div class=\"wp-block-image\">\n<figure class=\"aligncenter size-large is-resized\"><img loading=\"lazy\" decoding=\"async\" width=\"1024\" height=\"649\" src=\"https:\/\/site.ac-martinique.fr\/clg-julianicolas\/wp-content\/uploads\/sites\/119\/2025\/12\/Design-sans-titre-3-1024x649.png\" alt=\"\" class=\"wp-image-2529\" style=\"width:351px;height:auto\" srcset=\"https:\/\/site.ac-martinique.fr\/clg-julianicolas\/wp-content\/uploads\/sites\/119\/2025\/12\/Design-sans-titre-3-1024x649.png 1024w, https:\/\/site.ac-martinique.fr\/clg-julianicolas\/wp-content\/uploads\/sites\/119\/2025\/12\/Design-sans-titre-3-300x190.png 300w, https:\/\/site.ac-martinique.fr\/clg-julianicolas\/wp-content\/uploads\/sites\/119\/2025\/12\/Design-sans-titre-3-768x487.png 768w, https:\/\/site.ac-martinique.fr\/clg-julianicolas\/wp-content\/uploads\/sites\/119\/2025\/12\/Design-sans-titre-3-1536x974.png 1536w, https:\/\/site.ac-martinique.fr\/clg-julianicolas\/wp-content\/uploads\/sites\/119\/2025\/12\/Design-sans-titre-3-2048x1298.png 2048w, https:\/\/site.ac-martinique.fr\/clg-julianicolas\/wp-content\/uploads\/sites\/119\/2025\/12\/Design-sans-titre-3-473x300.png 473w\" sizes=\"auto, (max-width: 1024px) 100vw, 1024px\" \/><\/figure>\n<\/div>\n\n\n<p class=\"has-text-align-left\"><em>Les ambassadeurs, acteurs cl\u00e9s de la pr\u00e9vention<\/em><\/p>\n\n\n\n<p class=\"has-text-align-left\">Lundi 10 novembre 2025, 15 \u00e9l\u00e8ves ambassadeurs ont b\u00e9n\u00e9fici\u00e9 d\u2019une formation \u00e0 Madiana, renfor\u00e7ant leurs comp\u00e9tences pour sensibiliser leurs camarades. La projection du film <em>TKT<\/em> a servi de point de d\u00e9part \u00e0 des \u00e9changes riches, soulignant leur r\u00f4le essentiel en mati\u00e8re de lutte contre le harc\u00e8lement.<\/p>\n\n\n\n<p class=\"has-text-align-left\">V\u00e9ritables relais de l\u2019\u00e9quipe \u00e9ducative, ils sont en premi\u00e8re ligne pour rep\u00e9rer pr\u00e9cocement les situations \u00e0 risque et contribuer \u00e0 une r\u00e9ponse \u00e9ducative plus efficace.<br><br><em>Ressources disponibles<\/em><\/p>\n\n\n\n<p class=\"has-text-align-left\"><a href=\"https:\/\/view.genially.com\/68f7c39aaece2d96f8dcded8\/interactive-content-harcelement\">https:\/\/view.genially.com\/68f7c39aaece2d96f8dcded8\/interactive-content-harcelement<\/a><\/p>\n\n\n\n<blockquote class=\"wp-block-quote is-layout-flow wp-block-quote-is-layout-flow\">\n<p class=\"has-text-align-center\"><strong>Ne restez pas seul face au harc\u00e8lement&nbsp;!<\/strong><\/p>\n<\/blockquote>\n\n\n\n<blockquote class=\"wp-block-quote has-text-align-center is-layout-flow wp-block-quote-is-layout-flow\">\n<p><strong>Contactez le 3018 ou t\u00e9l\u00e9chargez l&rsquo;application<\/strong><\/p>\n<\/blockquote>\n\n\n\n<blockquote class=\"wp-block-quote is-layout-flow wp-block-quote-is-layout-flow\">\n<p class=\"has-text-align-center\"><strong>Envoyez un mail \u00e0&nbsp;: nah@ac-martinique.fr<\/strong><\/p>\n<\/blockquote>\n\n\n\n<p>                                   <strong>Journ\u00e9e des talents: Un moment fort de l\u2019ann\u00e9e scolaire<\/strong><\/p>\n\n\n\n<p>Mardi 17 juin 2025, le coll\u00e8ge Julia Nicolas a c\u00e9l\u00e9br\u00e9 la Journ\u00e9e des talents, un \u00e9v\u00e9nement riche en d\u00e9couvertes et en \u00e9motions. Nos \u00e9l\u00e8ves engag\u00e9s dans diff\u00e9rents ateliers et projets \u2013 Web-radio, mini-entreprise, LCE (Langue et Culture Europ\u00e9enne), dispositif PHARE, B\u00e8l\u00e8, Musique urbaine \u2013 ont eu l\u2019opportunit\u00e9 de pr\u00e9senter le fruit de leur travail \u00e0 l\u2019ensemble de la communaut\u00e9 \u00e9ducative.<\/p>\n\n\n\n<figure class=\"wp-block-gallery has-nested-images columns-default is-cropped wp-block-gallery-4 is-layout-flex wp-block-gallery-is-layout-flex\">\n<figure class=\"wp-block-image size-large\"><img loading=\"lazy\" decoding=\"async\" width=\"768\" height=\"1024\" data-id=\"2402\" src=\"https:\/\/site.ac-martinique.fr\/clg-julianicolas\/wp-content\/uploads\/sites\/119\/2025\/06\/WhatsApp-Image-2025-06-27-at-10.03.12-2-768x1024.jpeg\" alt=\"\" class=\"wp-image-2402\" srcset=\"https:\/\/site.ac-martinique.fr\/clg-julianicolas\/wp-content\/uploads\/sites\/119\/2025\/06\/WhatsApp-Image-2025-06-27-at-10.03.12-2-768x1024.jpeg 768w, https:\/\/site.ac-martinique.fr\/clg-julianicolas\/wp-content\/uploads\/sites\/119\/2025\/06\/WhatsApp-Image-2025-06-27-at-10.03.12-2-225x300.jpeg 225w, https:\/\/site.ac-martinique.fr\/clg-julianicolas\/wp-content\/uploads\/sites\/119\/2025\/06\/WhatsApp-Image-2025-06-27-at-10.03.12-2.jpeg 960w\" sizes=\"auto, (max-width: 768px) 100vw, 768px\" \/><\/figure>\n\n\n\n<figure class=\"wp-block-image size-large\"><img loading=\"lazy\" decoding=\"async\" width=\"768\" height=\"1024\" data-id=\"2400\" src=\"https:\/\/site.ac-martinique.fr\/clg-julianicolas\/wp-content\/uploads\/sites\/119\/2025\/06\/WhatsApp-Image-2025-06-27-at-10.02.28-2-768x1024.jpeg\" alt=\"\" class=\"wp-image-2400\" srcset=\"https:\/\/site.ac-martinique.fr\/clg-julianicolas\/wp-content\/uploads\/sites\/119\/2025\/06\/WhatsApp-Image-2025-06-27-at-10.02.28-2-768x1024.jpeg 768w, https:\/\/site.ac-martinique.fr\/clg-julianicolas\/wp-content\/uploads\/sites\/119\/2025\/06\/WhatsApp-Image-2025-06-27-at-10.02.28-2-225x300.jpeg 225w, https:\/\/site.ac-martinique.fr\/clg-julianicolas\/wp-content\/uploads\/sites\/119\/2025\/06\/WhatsApp-Image-2025-06-27-at-10.02.28-2.jpeg 960w\" sizes=\"auto, (max-width: 768px) 100vw, 768px\" \/><\/figure>\n\n\n\n<figure class=\"wp-block-image size-large\"><img loading=\"lazy\" decoding=\"async\" width=\"768\" height=\"1024\" data-id=\"2398\" src=\"https:\/\/site.ac-martinique.fr\/clg-julianicolas\/wp-content\/uploads\/sites\/119\/2025\/06\/WhatsApp-Image-2025-06-27-at-10.01.50-2-768x1024.jpeg\" alt=\"\" class=\"wp-image-2398\" srcset=\"https:\/\/site.ac-martinique.fr\/clg-julianicolas\/wp-content\/uploads\/sites\/119\/2025\/06\/WhatsApp-Image-2025-06-27-at-10.01.50-2-768x1024.jpeg 768w, https:\/\/site.ac-martinique.fr\/clg-julianicolas\/wp-content\/uploads\/sites\/119\/2025\/06\/WhatsApp-Image-2025-06-27-at-10.01.50-2-225x300.jpeg 225w, https:\/\/site.ac-martinique.fr\/clg-julianicolas\/wp-content\/uploads\/sites\/119\/2025\/06\/WhatsApp-Image-2025-06-27-at-10.01.50-2.jpeg 960w\" sizes=\"auto, (max-width: 768px) 100vw, 768px\" \/><\/figure>\n\n\n\n<figure class=\"wp-block-image size-large\"><img loading=\"lazy\" decoding=\"async\" width=\"768\" height=\"1024\" data-id=\"2396\" src=\"https:\/\/site.ac-martinique.fr\/clg-julianicolas\/wp-content\/uploads\/sites\/119\/2025\/06\/WhatsApp-Image-2025-06-27-at-10.01.16-2-768x1024.jpeg\" alt=\"\" class=\"wp-image-2396\" srcset=\"https:\/\/site.ac-martinique.fr\/clg-julianicolas\/wp-content\/uploads\/sites\/119\/2025\/06\/WhatsApp-Image-2025-06-27-at-10.01.16-2-768x1024.jpeg 768w, https:\/\/site.ac-martinique.fr\/clg-julianicolas\/wp-content\/uploads\/sites\/119\/2025\/06\/WhatsApp-Image-2025-06-27-at-10.01.16-2-225x300.jpeg 225w, https:\/\/site.ac-martinique.fr\/clg-julianicolas\/wp-content\/uploads\/sites\/119\/2025\/06\/WhatsApp-Image-2025-06-27-at-10.01.16-2.jpeg 960w\" sizes=\"auto, (max-width: 768px) 100vw, 768px\" \/><\/figure>\n\n\n\n<figure class=\"wp-block-image size-large\"><img loading=\"lazy\" decoding=\"async\" width=\"768\" height=\"1024\" data-id=\"2394\" src=\"https:\/\/site.ac-martinique.fr\/clg-julianicolas\/wp-content\/uploads\/sites\/119\/2025\/06\/WhatsApp-Image-2025-06-27-at-10.00.09-2-768x1024.jpeg\" alt=\"\" class=\"wp-image-2394\" srcset=\"https:\/\/site.ac-martinique.fr\/clg-julianicolas\/wp-content\/uploads\/sites\/119\/2025\/06\/WhatsApp-Image-2025-06-27-at-10.00.09-2-768x1024.jpeg 768w, https:\/\/site.ac-martinique.fr\/clg-julianicolas\/wp-content\/uploads\/sites\/119\/2025\/06\/WhatsApp-Image-2025-06-27-at-10.00.09-2-225x300.jpeg 225w, https:\/\/site.ac-martinique.fr\/clg-julianicolas\/wp-content\/uploads\/sites\/119\/2025\/06\/WhatsApp-Image-2025-06-27-at-10.00.09-2.jpeg 960w\" sizes=\"auto, (max-width: 768px) 100vw, 768px\" \/><\/figure>\n<\/figure>\n\n\n\n<p>La matin\u00e9e s\u2019est articul\u00e9e autour de deux temps forts : une d\u00e9ambulation dans les divers ateliers, permettant \u00e0 chacun de d\u00e9couvrir les productions et savoir-faire d\u00e9velopp\u00e9s tout au long de l\u2019ann\u00e9e, puis une c\u00e9r\u00e9monie de remise de dipl\u00f4mes, marquant l\u2019investissement et l\u2019engagement de ces \u00e9l\u00e8ves.<\/p>\n\n\n\n<figure class=\"wp-block-gallery has-nested-images columns-default is-cropped wp-block-gallery-5 is-layout-flex wp-block-gallery-is-layout-flex\">\n<figure class=\"wp-block-image size-large\"><img loading=\"lazy\" decoding=\"async\" width=\"768\" height=\"1024\" data-id=\"2392\" src=\"https:\/\/site.ac-martinique.fr\/clg-julianicolas\/wp-content\/uploads\/sites\/119\/2025\/06\/WhatsApp-Image-2025-06-27-at-09.59.32-2-768x1024.jpeg\" alt=\"\" class=\"wp-image-2392\" srcset=\"https:\/\/site.ac-martinique.fr\/clg-julianicolas\/wp-content\/uploads\/sites\/119\/2025\/06\/WhatsApp-Image-2025-06-27-at-09.59.32-2-768x1024.jpeg 768w, https:\/\/site.ac-martinique.fr\/clg-julianicolas\/wp-content\/uploads\/sites\/119\/2025\/06\/WhatsApp-Image-2025-06-27-at-09.59.32-2-225x300.jpeg 225w, https:\/\/site.ac-martinique.fr\/clg-julianicolas\/wp-content\/uploads\/sites\/119\/2025\/06\/WhatsApp-Image-2025-06-27-at-09.59.32-2.jpeg 960w\" sizes=\"auto, (max-width: 768px) 100vw, 768px\" \/><\/figure>\n\n\n\n<figure class=\"wp-block-image size-large\"><img loading=\"lazy\" decoding=\"async\" width=\"768\" height=\"1024\" data-id=\"2389\" src=\"https:\/\/site.ac-martinique.fr\/clg-julianicolas\/wp-content\/uploads\/sites\/119\/2025\/06\/WhatsApp-Image-2025-06-27-at-09.12.38-1-768x1024.jpeg\" alt=\"\" class=\"wp-image-2389\" srcset=\"https:\/\/site.ac-martinique.fr\/clg-julianicolas\/wp-content\/uploads\/sites\/119\/2025\/06\/WhatsApp-Image-2025-06-27-at-09.12.38-1-768x1024.jpeg 768w, https:\/\/site.ac-martinique.fr\/clg-julianicolas\/wp-content\/uploads\/sites\/119\/2025\/06\/WhatsApp-Image-2025-06-27-at-09.12.38-1-225x300.jpeg 225w, https:\/\/site.ac-martinique.fr\/clg-julianicolas\/wp-content\/uploads\/sites\/119\/2025\/06\/WhatsApp-Image-2025-06-27-at-09.12.38-1.jpeg 960w\" sizes=\"auto, (max-width: 768px) 100vw, 768px\" \/><\/figure>\n\n\n\n<figure class=\"wp-block-image size-large\"><img loading=\"lazy\" decoding=\"async\" width=\"768\" height=\"1024\" data-id=\"2388\" src=\"https:\/\/site.ac-martinique.fr\/clg-julianicolas\/wp-content\/uploads\/sites\/119\/2025\/06\/WhatsApp-Image-2025-06-27-at-09.12.14-1-768x1024.jpeg\" alt=\"\" class=\"wp-image-2388\" srcset=\"https:\/\/site.ac-martinique.fr\/clg-julianicolas\/wp-content\/uploads\/sites\/119\/2025\/06\/WhatsApp-Image-2025-06-27-at-09.12.14-1-768x1024.jpeg 768w, https:\/\/site.ac-martinique.fr\/clg-julianicolas\/wp-content\/uploads\/sites\/119\/2025\/06\/WhatsApp-Image-2025-06-27-at-09.12.14-1-225x300.jpeg 225w, https:\/\/site.ac-martinique.fr\/clg-julianicolas\/wp-content\/uploads\/sites\/119\/2025\/06\/WhatsApp-Image-2025-06-27-at-09.12.14-1.jpeg 960w\" sizes=\"auto, (max-width: 768px) 100vw, 768px\" \/><\/figure>\n\n\n\n<figure class=\"wp-block-image size-large\"><img loading=\"lazy\" decoding=\"async\" width=\"768\" height=\"1024\" data-id=\"2390\" src=\"https:\/\/site.ac-martinique.fr\/clg-julianicolas\/wp-content\/uploads\/sites\/119\/2025\/06\/WhatsApp-Image-2025-06-27-at-09.13.09-1-768x1024.jpeg\" alt=\"\" class=\"wp-image-2390\" srcset=\"https:\/\/site.ac-martinique.fr\/clg-julianicolas\/wp-content\/uploads\/sites\/119\/2025\/06\/WhatsApp-Image-2025-06-27-at-09.13.09-1-768x1024.jpeg 768w, https:\/\/site.ac-martinique.fr\/clg-julianicolas\/wp-content\/uploads\/sites\/119\/2025\/06\/WhatsApp-Image-2025-06-27-at-09.13.09-1-225x300.jpeg 225w, https:\/\/site.ac-martinique.fr\/clg-julianicolas\/wp-content\/uploads\/sites\/119\/2025\/06\/WhatsApp-Image-2025-06-27-at-09.13.09-1.jpeg 960w\" sizes=\"auto, (max-width: 768px) 100vw, 768px\" \/><\/figure>\n\n\n\n<figure class=\"wp-block-image size-large\"><img loading=\"lazy\" decoding=\"async\" width=\"768\" height=\"1024\" data-id=\"2387\" src=\"https:\/\/site.ac-martinique.fr\/clg-julianicolas\/wp-content\/uploads\/sites\/119\/2025\/06\/WhatsApp-Image-2025-06-27-at-09.11.30-1-768x1024.jpeg\" alt=\"\" class=\"wp-image-2387\" srcset=\"https:\/\/site.ac-martinique.fr\/clg-julianicolas\/wp-content\/uploads\/sites\/119\/2025\/06\/WhatsApp-Image-2025-06-27-at-09.11.30-1-768x1024.jpeg 768w, https:\/\/site.ac-martinique.fr\/clg-julianicolas\/wp-content\/uploads\/sites\/119\/2025\/06\/WhatsApp-Image-2025-06-27-at-09.11.30-1-225x300.jpeg 225w, https:\/\/site.ac-martinique.fr\/clg-julianicolas\/wp-content\/uploads\/sites\/119\/2025\/06\/WhatsApp-Image-2025-06-27-at-09.11.30-1.jpeg 960w\" sizes=\"auto, (max-width: 768px) 100vw, 768px\" \/><\/figure>\n\n\n\n<figure class=\"wp-block-image size-large\"><img loading=\"lazy\" decoding=\"async\" width=\"1024\" height=\"768\" data-id=\"2386\" src=\"https:\/\/site.ac-martinique.fr\/clg-julianicolas\/wp-content\/uploads\/sites\/119\/2025\/06\/WhatsApp-Image-2025-06-27-at-09.10.55-1-1024x768.jpeg\" alt=\"\" class=\"wp-image-2386\" srcset=\"https:\/\/site.ac-martinique.fr\/clg-julianicolas\/wp-content\/uploads\/sites\/119\/2025\/06\/WhatsApp-Image-2025-06-27-at-09.10.55-1-1024x768.jpeg 1024w, https:\/\/site.ac-martinique.fr\/clg-julianicolas\/wp-content\/uploads\/sites\/119\/2025\/06\/WhatsApp-Image-2025-06-27-at-09.10.55-1-300x225.jpeg 300w, https:\/\/site.ac-martinique.fr\/clg-julianicolas\/wp-content\/uploads\/sites\/119\/2025\/06\/WhatsApp-Image-2025-06-27-at-09.10.55-1-768x576.jpeg 768w, https:\/\/site.ac-martinique.fr\/clg-julianicolas\/wp-content\/uploads\/sites\/119\/2025\/06\/WhatsApp-Image-2025-06-27-at-09.10.55-1-400x300.jpeg 400w, https:\/\/site.ac-martinique.fr\/clg-julianicolas\/wp-content\/uploads\/sites\/119\/2025\/06\/WhatsApp-Image-2025-06-27-at-09.10.55-1.jpeg 1280w\" sizes=\"auto, (max-width: 1024px) 100vw, 1024px\" \/><\/figure>\n\n\n\n<figure class=\"wp-block-image size-large\"><img loading=\"lazy\" decoding=\"async\" width=\"768\" height=\"1024\" data-id=\"2384\" src=\"https:\/\/site.ac-martinique.fr\/clg-julianicolas\/wp-content\/uploads\/sites\/119\/2025\/06\/WhatsApp-Image-2025-06-27-at-09.09.58-1-768x1024.jpeg\" alt=\"\" class=\"wp-image-2384\" srcset=\"https:\/\/site.ac-martinique.fr\/clg-julianicolas\/wp-content\/uploads\/sites\/119\/2025\/06\/WhatsApp-Image-2025-06-27-at-09.09.58-1-768x1024.jpeg 768w, https:\/\/site.ac-martinique.fr\/clg-julianicolas\/wp-content\/uploads\/sites\/119\/2025\/06\/WhatsApp-Image-2025-06-27-at-09.09.58-1-225x300.jpeg 225w, https:\/\/site.ac-martinique.fr\/clg-julianicolas\/wp-content\/uploads\/sites\/119\/2025\/06\/WhatsApp-Image-2025-06-27-at-09.09.58-1.jpeg 960w\" sizes=\"auto, (max-width: 768px) 100vw, 768px\" \/><\/figure>\n\n\n\n<figure class=\"wp-block-image size-large\"><img loading=\"lazy\" decoding=\"async\" width=\"768\" height=\"1024\" data-id=\"2383\" src=\"https:\/\/site.ac-martinique.fr\/clg-julianicolas\/wp-content\/uploads\/sites\/119\/2025\/06\/WhatsApp-Image-2025-06-27-at-09.09.32-1-768x1024.jpeg\" alt=\"\" class=\"wp-image-2383\" srcset=\"https:\/\/site.ac-martinique.fr\/clg-julianicolas\/wp-content\/uploads\/sites\/119\/2025\/06\/WhatsApp-Image-2025-06-27-at-09.09.32-1-768x1024.jpeg 768w, https:\/\/site.ac-martinique.fr\/clg-julianicolas\/wp-content\/uploads\/sites\/119\/2025\/06\/WhatsApp-Image-2025-06-27-at-09.09.32-1-225x300.jpeg 225w, https:\/\/site.ac-martinique.fr\/clg-julianicolas\/wp-content\/uploads\/sites\/119\/2025\/06\/WhatsApp-Image-2025-06-27-at-09.09.32-1.jpeg 960w\" sizes=\"auto, (max-width: 768px) 100vw, 768px\" \/><\/figure>\n\n\n\n<figure class=\"wp-block-image size-large\"><img loading=\"lazy\" decoding=\"async\" width=\"1024\" height=\"768\" data-id=\"2382\" src=\"https:\/\/site.ac-martinique.fr\/clg-julianicolas\/wp-content\/uploads\/sites\/119\/2025\/06\/WhatsApp-Image-2025-06-27-at-09.07.10-1-1024x768.jpeg\" alt=\"\" class=\"wp-image-2382\" srcset=\"https:\/\/site.ac-martinique.fr\/clg-julianicolas\/wp-content\/uploads\/sites\/119\/2025\/06\/WhatsApp-Image-2025-06-27-at-09.07.10-1-1024x768.jpeg 1024w, https:\/\/site.ac-martinique.fr\/clg-julianicolas\/wp-content\/uploads\/sites\/119\/2025\/06\/WhatsApp-Image-2025-06-27-at-09.07.10-1-300x225.jpeg 300w, https:\/\/site.ac-martinique.fr\/clg-julianicolas\/wp-content\/uploads\/sites\/119\/2025\/06\/WhatsApp-Image-2025-06-27-at-09.07.10-1-768x576.jpeg 768w, https:\/\/site.ac-martinique.fr\/clg-julianicolas\/wp-content\/uploads\/sites\/119\/2025\/06\/WhatsApp-Image-2025-06-27-at-09.07.10-1-400x300.jpeg 400w, https:\/\/site.ac-martinique.fr\/clg-julianicolas\/wp-content\/uploads\/sites\/119\/2025\/06\/WhatsApp-Image-2025-06-27-at-09.07.10-1.jpeg 1280w\" sizes=\"auto, (max-width: 1024px) 100vw, 1024px\" \/><\/figure>\n\n\n\n<figure class=\"wp-block-image size-large\"><img loading=\"lazy\" decoding=\"async\" width=\"1024\" height=\"768\" data-id=\"2381\" src=\"https:\/\/site.ac-martinique.fr\/clg-julianicolas\/wp-content\/uploads\/sites\/119\/2025\/06\/WhatsApp-Image-2025-06-27-at-09.06.13-1-1024x768.jpeg\" alt=\"\" class=\"wp-image-2381\" srcset=\"https:\/\/site.ac-martinique.fr\/clg-julianicolas\/wp-content\/uploads\/sites\/119\/2025\/06\/WhatsApp-Image-2025-06-27-at-09.06.13-1-1024x768.jpeg 1024w, https:\/\/site.ac-martinique.fr\/clg-julianicolas\/wp-content\/uploads\/sites\/119\/2025\/06\/WhatsApp-Image-2025-06-27-at-09.06.13-1-300x225.jpeg 300w, https:\/\/site.ac-martinique.fr\/clg-julianicolas\/wp-content\/uploads\/sites\/119\/2025\/06\/WhatsApp-Image-2025-06-27-at-09.06.13-1-768x576.jpeg 768w, https:\/\/site.ac-martinique.fr\/clg-julianicolas\/wp-content\/uploads\/sites\/119\/2025\/06\/WhatsApp-Image-2025-06-27-at-09.06.13-1-400x300.jpeg 400w, https:\/\/site.ac-martinique.fr\/clg-julianicolas\/wp-content\/uploads\/sites\/119\/2025\/06\/WhatsApp-Image-2025-06-27-at-09.06.13-1.jpeg 1280w\" sizes=\"auto, (max-width: 1024px) 100vw, 1024px\" \/><\/figure>\n<\/figure>\n\n\n\n<p>F\u00e9licitations \u00e0 tous pour leur cr\u00e9ativit\u00e9, leur implication et leur esprit de partage. Cette journ\u00e9e a une nouvelle fois mis en lumi\u00e8re les talents qui grandissent et s\u2019\u00e9panouissent au sein de notre coll\u00e8ge.<\/p>\n\n\n\n<p><strong>Nos \u00e9l\u00e8ves finalistes du concours national \u00ab R\u00e9inventer le monde \u00bb !<\/strong><\/p>\n\n\n\n<figure class=\"wp-block-gallery has-nested-images columns-default is-cropped wp-block-gallery-6 is-layout-flex wp-block-gallery-is-layout-flex\">\n<figure class=\"wp-block-image size-large\"><img loading=\"lazy\" decoding=\"async\" width=\"1024\" height=\"768\" data-id=\"2412\" src=\"https:\/\/site.ac-martinique.fr\/clg-julianicolas\/wp-content\/uploads\/sites\/119\/2025\/06\/WhatsApp-Image-2025-06-30-at-14.20.58-1024x768.jpeg\" alt=\"\" class=\"wp-image-2412\" srcset=\"https:\/\/site.ac-martinique.fr\/clg-julianicolas\/wp-content\/uploads\/sites\/119\/2025\/06\/WhatsApp-Image-2025-06-30-at-14.20.58-1024x768.jpeg 1024w, https:\/\/site.ac-martinique.fr\/clg-julianicolas\/wp-content\/uploads\/sites\/119\/2025\/06\/WhatsApp-Image-2025-06-30-at-14.20.58-300x225.jpeg 300w, https:\/\/site.ac-martinique.fr\/clg-julianicolas\/wp-content\/uploads\/sites\/119\/2025\/06\/WhatsApp-Image-2025-06-30-at-14.20.58-768x576.jpeg 768w, https:\/\/site.ac-martinique.fr\/clg-julianicolas\/wp-content\/uploads\/sites\/119\/2025\/06\/WhatsApp-Image-2025-06-30-at-14.20.58-400x300.jpeg 400w, https:\/\/site.ac-martinique.fr\/clg-julianicolas\/wp-content\/uploads\/sites\/119\/2025\/06\/WhatsApp-Image-2025-06-30-at-14.20.58.jpeg 1280w\" sizes=\"auto, (max-width: 1024px) 100vw, 1024px\" \/><\/figure>\n<\/figure>\n\n\n\n<p>Des \u00e9l\u00e8ves du coll\u00e8ge ont brillamment particip\u00e9 au concours national&nbsp;<strong>\u00ab R\u00e9inventer le monde \u00bb<\/strong>, un programme de l\u2019<strong>Agence Fran\u00e7aise de D\u00e9veloppement (AFD)<\/strong>&nbsp;visant \u00e0 sensibiliser les jeunes aux enjeux du&nbsp;<strong>d\u00e9veloppement durable<\/strong>&nbsp;et de la&nbsp;<strong>solidarit\u00e9 internationale<\/strong>.<\/p>\n\n\n\n<p>Dans le cadre de ce concours, nos \u00e9l\u00e8ves ont imagin\u00e9 et r\u00e9alis\u00e9 un&nbsp;<strong>podcast original<\/strong>, projetant les auditeurs en&nbsp;<strong>2075<\/strong>, dans une soci\u00e9t\u00e9 in\u00e9galitaire ayant trouv\u00e9 une&nbsp;solution innovante au r\u00e9chauffement climatique. Leur r\u00e9cit m\u00eale science, engagement citoyen et cr\u00e9ativit\u00e9.<\/p>\n\n\n\n<p>Leur production a \u00e9t\u00e9&nbsp;s\u00e9lectionn\u00e9e parmi les 5 finalistes&nbsp;de leur cat\u00e9gorie, au niveau national ! Le jury a salu\u00e9&nbsp;<strong>la grande qualit\u00e9 du travail<\/strong>, tant sur&nbsp;le fond (r\u00e9flexion et pertinence des solutions propos\u00e9es)&nbsp;que sur&nbsp;la forme (qualit\u00e9 sonore, narration, mise en sc\u00e8ne).<\/p>\n\n\n\n<p>F\u00e9licitations aux \u00e9l\u00e8ves pour leur engagement, leur s\u00e9rieux et leur imagination !&nbsp;<\/p>\n\n\n\n<figure class=\"wp-block-audio\"><audio controls src=\"https:\/\/site.ac-martinique.fr\/clg-julianicolas\/wp-content\/uploads\/sites\/119\/2025\/06\/une-fois-de-trop-Final-3-1.mp3\"><\/audio><\/figure>\n\n\n\n<h2 class=\"wp-block-heading\">La fresque des \u00e9crans<\/h2>\n\n\n\n<p>Le vendredi  6 juin 2025, deux classes, l&rsquo;une de 5\u00e8me et l&rsquo;autre de 4\u00e8me ont particip\u00e9 \u00e0 un <strong>atelier d&rsquo;intelligence collective<\/strong>, anim\u00e9 par des salari\u00e9s b\u00e9n\u00e9voles d&rsquo;<strong>Orange Digital Center<\/strong> et propos\u00e9 par la DRANE Martinique.<\/p>\n\n\n\n<p>Cet ateliers, intitul\u00e9&nbsp;<strong>\u00ab\u00a0La fresque des \u00e9crans\u00a0\u00bb<\/strong>, visait \u00e0 sensibiliser les \u00e9l\u00e8ves aux enjeux du num\u00e9rique et \u00e0 les responsabiliser dans leurs usages des \u00e9crans. \u00c0 travers une approche ludique et interactive,&nbsp;<strong>sans \u00e9cran<\/strong>, les \u00e9l\u00e8ves ont explor\u00e9 le fonctionnement du num\u00e9rique, ses opportunit\u00e9s et ses risques, afin de d\u00e9velopper un regard critique et \u00e9clair\u00e9 sur leur environnement num\u00e9rique.<\/p>\n\n\n\n<p>Riche en \u00e9changes avec les intervenants, les \u00e9l\u00e8ves ont re\u00e7u en fin de s\u00e9ance un dipl\u00f4me de participation o\u00f9 ils se sont engag\u00e9s individuellement et pour la soci\u00e9t\u00e9 \u00e0 \u00eatre conscient et responsable de la num\u00e9risation de notre  soci\u00e9t\u00e9.<\/p>\n\n\n\n<figure class=\"wp-block-gallery has-nested-images columns-default is-cropped wp-block-gallery-7 is-layout-flex wp-block-gallery-is-layout-flex\">\n<figure class=\"wp-block-image size-large\"><img loading=\"lazy\" decoding=\"async\" width=\"1000\" height=\"750\" data-id=\"2289\" src=\"https:\/\/site.ac-martinique.fr\/clg-julianicolas\/wp-content\/uploads\/sites\/119\/2025\/06\/20250606_081733.jpg\" alt=\"\" class=\"wp-image-2289\" srcset=\"https:\/\/site.ac-martinique.fr\/clg-julianicolas\/wp-content\/uploads\/sites\/119\/2025\/06\/20250606_081733.jpg 1000w, https:\/\/site.ac-martinique.fr\/clg-julianicolas\/wp-content\/uploads\/sites\/119\/2025\/06\/20250606_081733-300x225.jpg 300w, https:\/\/site.ac-martinique.fr\/clg-julianicolas\/wp-content\/uploads\/sites\/119\/2025\/06\/20250606_081733-768x576.jpg 768w, https:\/\/site.ac-martinique.fr\/clg-julianicolas\/wp-content\/uploads\/sites\/119\/2025\/06\/20250606_081733-400x300.jpg 400w\" sizes=\"auto, (max-width: 1000px) 100vw, 1000px\" \/><\/figure>\n\n\n\n<figure class=\"wp-block-image size-large\"><img loading=\"lazy\" decoding=\"async\" width=\"1000\" height=\"750\" data-id=\"2290\" src=\"https:\/\/site.ac-martinique.fr\/clg-julianicolas\/wp-content\/uploads\/sites\/119\/2025\/06\/20250606_081950.jpg\" alt=\"\" class=\"wp-image-2290\" srcset=\"https:\/\/site.ac-martinique.fr\/clg-julianicolas\/wp-content\/uploads\/sites\/119\/2025\/06\/20250606_081950.jpg 1000w, https:\/\/site.ac-martinique.fr\/clg-julianicolas\/wp-content\/uploads\/sites\/119\/2025\/06\/20250606_081950-300x225.jpg 300w, https:\/\/site.ac-martinique.fr\/clg-julianicolas\/wp-content\/uploads\/sites\/119\/2025\/06\/20250606_081950-768x576.jpg 768w, https:\/\/site.ac-martinique.fr\/clg-julianicolas\/wp-content\/uploads\/sites\/119\/2025\/06\/20250606_081950-400x300.jpg 400w\" sizes=\"auto, (max-width: 1000px) 100vw, 1000px\" \/><\/figure>\n\n\n\n<figure class=\"wp-block-image size-large\"><img loading=\"lazy\" decoding=\"async\" width=\"1000\" height=\"750\" data-id=\"2292\" src=\"https:\/\/site.ac-martinique.fr\/clg-julianicolas\/wp-content\/uploads\/sites\/119\/2025\/06\/20250606_090303.jpg\" alt=\"\" class=\"wp-image-2292\" srcset=\"https:\/\/site.ac-martinique.fr\/clg-julianicolas\/wp-content\/uploads\/sites\/119\/2025\/06\/20250606_090303.jpg 1000w, https:\/\/site.ac-martinique.fr\/clg-julianicolas\/wp-content\/uploads\/sites\/119\/2025\/06\/20250606_090303-300x225.jpg 300w, https:\/\/site.ac-martinique.fr\/clg-julianicolas\/wp-content\/uploads\/sites\/119\/2025\/06\/20250606_090303-768x576.jpg 768w, https:\/\/site.ac-martinique.fr\/clg-julianicolas\/wp-content\/uploads\/sites\/119\/2025\/06\/20250606_090303-400x300.jpg 400w\" sizes=\"auto, (max-width: 1000px) 100vw, 1000px\" \/><\/figure>\n\n\n\n<figure class=\"wp-block-image size-large\"><img loading=\"lazy\" decoding=\"async\" width=\"1000\" height=\"750\" data-id=\"2293\" src=\"https:\/\/site.ac-martinique.fr\/clg-julianicolas\/wp-content\/uploads\/sites\/119\/2025\/06\/20250606_091812.jpg\" alt=\"\" class=\"wp-image-2293\" srcset=\"https:\/\/site.ac-martinique.fr\/clg-julianicolas\/wp-content\/uploads\/sites\/119\/2025\/06\/20250606_091812.jpg 1000w, https:\/\/site.ac-martinique.fr\/clg-julianicolas\/wp-content\/uploads\/sites\/119\/2025\/06\/20250606_091812-300x225.jpg 300w, https:\/\/site.ac-martinique.fr\/clg-julianicolas\/wp-content\/uploads\/sites\/119\/2025\/06\/20250606_091812-768x576.jpg 768w, https:\/\/site.ac-martinique.fr\/clg-julianicolas\/wp-content\/uploads\/sites\/119\/2025\/06\/20250606_091812-400x300.jpg 400w\" sizes=\"auto, (max-width: 1000px) 100vw, 1000px\" \/><\/figure>\n\n\n\n<figure class=\"wp-block-image size-large\"><img loading=\"lazy\" decoding=\"async\" width=\"1000\" height=\"750\" data-id=\"2294\" src=\"https:\/\/site.ac-martinique.fr\/clg-julianicolas\/wp-content\/uploads\/sites\/119\/2025\/06\/20250606_092403.jpg\" alt=\"\" class=\"wp-image-2294\" srcset=\"https:\/\/site.ac-martinique.fr\/clg-julianicolas\/wp-content\/uploads\/sites\/119\/2025\/06\/20250606_092403.jpg 1000w, https:\/\/site.ac-martinique.fr\/clg-julianicolas\/wp-content\/uploads\/sites\/119\/2025\/06\/20250606_092403-300x225.jpg 300w, https:\/\/site.ac-martinique.fr\/clg-julianicolas\/wp-content\/uploads\/sites\/119\/2025\/06\/20250606_092403-768x576.jpg 768w, https:\/\/site.ac-martinique.fr\/clg-julianicolas\/wp-content\/uploads\/sites\/119\/2025\/06\/20250606_092403-400x300.jpg 400w\" sizes=\"auto, (max-width: 1000px) 100vw, 1000px\" \/><\/figure>\n\n\n\n<figure class=\"wp-block-image size-large\"><img loading=\"lazy\" decoding=\"async\" width=\"1000\" height=\"750\" data-id=\"2295\" src=\"https:\/\/site.ac-martinique.fr\/clg-julianicolas\/wp-content\/uploads\/sites\/119\/2025\/06\/20250606_092417.jpg\" alt=\"\" class=\"wp-image-2295\" srcset=\"https:\/\/site.ac-martinique.fr\/clg-julianicolas\/wp-content\/uploads\/sites\/119\/2025\/06\/20250606_092417.jpg 1000w, https:\/\/site.ac-martinique.fr\/clg-julianicolas\/wp-content\/uploads\/sites\/119\/2025\/06\/20250606_092417-300x225.jpg 300w, https:\/\/site.ac-martinique.fr\/clg-julianicolas\/wp-content\/uploads\/sites\/119\/2025\/06\/20250606_092417-768x576.jpg 768w, https:\/\/site.ac-martinique.fr\/clg-julianicolas\/wp-content\/uploads\/sites\/119\/2025\/06\/20250606_092417-400x300.jpg 400w\" sizes=\"auto, (max-width: 1000px) 100vw, 1000px\" \/><\/figure>\n<\/figure>\n\n\n\n<p><strong> Pour rappel,  le 30 18<\/strong>&nbsp;est le <strong>num\u00e9ro national contre toutes les formes de harc\u00e8lement, y compris cyberharc\u00e8lement<\/strong>, concernant les jeunes, enfants et adolescents. Gratuit, anonyme et confidentiel, il est ouvert aux \u00e9l\u00e8ves, parents et professionnels 7 jours sur 7, de 9 heures \u00e0 23 heures pour tout renseignement ou signalement.<\/p>\n\n\n\n<p><strong>Danse et \u00e9motions \u00e0 l&rsquo;Atrium: une rencontre artistique marquante<\/strong><\/p>\n\n\n\n<p>Le 16 mai, un groupe d&rsquo;\u00e9l\u00e8ves du coll\u00e8ge a eu l&rsquo;opportunit\u00e9 d&rsquo;assister \u00e0 un spectacle de danse, \u00e0 l&rsquo;atrium, compos\u00e9 de deux tableaux: un solo suivi d&rsquo;un trio.<\/p>\n\n\n\n<p>\u00c0 travers une fusion entre breaking et danse contemporaine, les artistes ont mis en sc\u00e8ne le corps comme un espace de lutte , mais aussi de r\u00e9silience. Cette performance engag\u00e9e invitait \u00e0 ressentir, \u00e0 r\u00e9fl\u00e9chir, et \u00e0 redonner au corps sa place en tant que \u00ab\u00a0lieu\u00a0\u00bb de savoir et d&rsquo;expression.<\/p>\n\n\n\n<p>Touch\u00e9s par l&rsquo;intensit\u00e9 du spectacle et les messages port\u00e9s par les danseurs, les \u00e9l\u00e8ves ont exprim\u00e9 leur curiosit\u00e9 en posant de nombreuses questions \u00e0 l&rsquo;issue de la repr\u00e9sentation. Un beau moment de d\u00e9couverte artistique et de r\u00e9flexion partag\u00e9e.<\/p>\n\n\n\n<figure class=\"wp-block-gallery has-nested-images columns-default is-cropped wp-block-gallery-8 is-layout-flex wp-block-gallery-is-layout-flex\">\n<figure class=\"wp-block-image size-large\"><img loading=\"lazy\" decoding=\"async\" width=\"1024\" height=\"556\" data-id=\"2283\" src=\"https:\/\/site.ac-martinique.fr\/clg-julianicolas\/wp-content\/uploads\/sites\/119\/2025\/05\/Groupe-3-1024x556.jpeg\" alt=\"\" class=\"wp-image-2283\" srcset=\"https:\/\/site.ac-martinique.fr\/clg-julianicolas\/wp-content\/uploads\/sites\/119\/2025\/05\/Groupe-3-1024x556.jpeg 1024w, https:\/\/site.ac-martinique.fr\/clg-julianicolas\/wp-content\/uploads\/sites\/119\/2025\/05\/Groupe-3-300x163.jpeg 300w, https:\/\/site.ac-martinique.fr\/clg-julianicolas\/wp-content\/uploads\/sites\/119\/2025\/05\/Groupe-3-768x417.jpeg 768w, https:\/\/site.ac-martinique.fr\/clg-julianicolas\/wp-content\/uploads\/sites\/119\/2025\/05\/Groupe-3-500x271.jpeg 500w, https:\/\/site.ac-martinique.fr\/clg-julianicolas\/wp-content\/uploads\/sites\/119\/2025\/05\/Groupe-3.jpeg 1170w\" sizes=\"auto, (max-width: 1024px) 100vw, 1024px\" \/><\/figure>\n\n\n\n<figure class=\"wp-block-image size-large\"><img loading=\"lazy\" decoding=\"async\" width=\"987\" height=\"673\" data-id=\"2282\" src=\"https:\/\/site.ac-martinique.fr\/clg-julianicolas\/wp-content\/uploads\/sites\/119\/2025\/05\/Groupe-2.jpeg\" alt=\"\" class=\"wp-image-2282\" srcset=\"https:\/\/site.ac-martinique.fr\/clg-julianicolas\/wp-content\/uploads\/sites\/119\/2025\/05\/Groupe-2.jpeg 987w, https:\/\/site.ac-martinique.fr\/clg-julianicolas\/wp-content\/uploads\/sites\/119\/2025\/05\/Groupe-2-300x205.jpeg 300w, https:\/\/site.ac-martinique.fr\/clg-julianicolas\/wp-content\/uploads\/sites\/119\/2025\/05\/Groupe-2-768x524.jpeg 768w, https:\/\/site.ac-martinique.fr\/clg-julianicolas\/wp-content\/uploads\/sites\/119\/2025\/05\/Groupe-2-440x300.jpeg 440w\" sizes=\"auto, (max-width: 987px) 100vw, 987px\" \/><\/figure>\n\n\n\n<figure class=\"wp-block-image size-large\"><img loading=\"lazy\" decoding=\"async\" width=\"1024\" height=\"850\" data-id=\"2281\" src=\"https:\/\/site.ac-martinique.fr\/clg-julianicolas\/wp-content\/uploads\/sites\/119\/2025\/05\/Groupe-1-1-1024x850.jpeg\" alt=\"\" class=\"wp-image-2281\" srcset=\"https:\/\/site.ac-martinique.fr\/clg-julianicolas\/wp-content\/uploads\/sites\/119\/2025\/05\/Groupe-1-1-1024x850.jpeg 1024w, https:\/\/site.ac-martinique.fr\/clg-julianicolas\/wp-content\/uploads\/sites\/119\/2025\/05\/Groupe-1-1-300x249.jpeg 300w, https:\/\/site.ac-martinique.fr\/clg-julianicolas\/wp-content\/uploads\/sites\/119\/2025\/05\/Groupe-1-1-768x637.jpeg 768w, https:\/\/site.ac-martinique.fr\/clg-julianicolas\/wp-content\/uploads\/sites\/119\/2025\/05\/Groupe-1-1-361x300.jpeg 361w, https:\/\/site.ac-martinique.fr\/clg-julianicolas\/wp-content\/uploads\/sites\/119\/2025\/05\/Groupe-1-1.jpeg 1170w\" sizes=\"auto, (max-width: 1024px) 100vw, 1024px\" \/><\/figure>\n\n\n\n<figure class=\"wp-block-image size-large\"><img loading=\"lazy\" decoding=\"async\" width=\"1024\" height=\"466\" data-id=\"2280\" src=\"https:\/\/site.ac-martinique.fr\/clg-julianicolas\/wp-content\/uploads\/sites\/119\/2025\/05\/photo-de-groupe-1024x466.jpeg\" alt=\"\" class=\"wp-image-2280\" srcset=\"https:\/\/site.ac-martinique.fr\/clg-julianicolas\/wp-content\/uploads\/sites\/119\/2025\/05\/photo-de-groupe-1024x466.jpeg 1024w, https:\/\/site.ac-martinique.fr\/clg-julianicolas\/wp-content\/uploads\/sites\/119\/2025\/05\/photo-de-groupe-300x137.jpeg 300w, https:\/\/site.ac-martinique.fr\/clg-julianicolas\/wp-content\/uploads\/sites\/119\/2025\/05\/photo-de-groupe-768x350.jpeg 768w, https:\/\/site.ac-martinique.fr\/clg-julianicolas\/wp-content\/uploads\/sites\/119\/2025\/05\/photo-de-groupe-500x228.jpeg 500w, https:\/\/site.ac-martinique.fr\/clg-julianicolas\/wp-content\/uploads\/sites\/119\/2025\/05\/photo-de-groupe.jpeg 1170w\" sizes=\"auto, (max-width: 1024px) 100vw, 1024px\" \/><\/figure>\n<\/figure>\n\n\n\n<p>                   <strong>   Forum des Mini-Entreprises: une belle aventure pour nos coll\u00e9giens<\/strong><\/p>\n\n\n\n<p>Le 15 mai, les \u00e9l\u00e8ves de la Mini-entreprise du coll\u00e8ge Julia Nicolas ont particip\u00e9 au forum des Mini-entrepreneurs de l&rsquo;Acad\u00e9mie, organis\u00e9 \u00e0 l&rsquo;IMS (Institut Martiniquais du Sport).<\/p>\n\n\n\n<p>Cet \u00e9v\u00e9nement leur a permis de d\u00e9couvrir les projets d\u00e9velopp\u00e9s par les autres \u00e9quipes, de pr\u00e9senter leur propre r\u00e9alisation et d&rsquo;assister \u00e0 la remise des prix r\u00e9compensant les laur\u00e9ats des cat\u00e9gories coll\u00e8ge et lyc\u00e9e.<\/p>\n\n\n\n<div class=\"wp-block-group\"><div class=\"wp-block-group__inner-container is-layout-constrained wp-block-group-is-layout-constrained\">\n<div class=\"wp-block-group\"><div class=\"wp-block-group__inner-container is-layout-constrained wp-block-group-is-layout-constrained\">\n<figure class=\"wp-block-gallery aligncenter has-nested-images columns-default is-cropped wp-block-gallery-9 is-layout-flex wp-block-gallery-is-layout-flex\">\n<figure class=\"wp-block-image size-large\"><img loading=\"lazy\" decoding=\"async\" width=\"916\" height=\"733\" data-id=\"2247\" src=\"https:\/\/site.ac-martinique.fr\/clg-julianicolas\/wp-content\/uploads\/sites\/119\/2025\/05\/Categorie-lycee.jpeg\" alt=\"\" class=\"wp-image-2247\" srcset=\"https:\/\/site.ac-martinique.fr\/clg-julianicolas\/wp-content\/uploads\/sites\/119\/2025\/05\/Categorie-lycee.jpeg 916w, https:\/\/site.ac-martinique.fr\/clg-julianicolas\/wp-content\/uploads\/sites\/119\/2025\/05\/Categorie-lycee-300x240.jpeg 300w, https:\/\/site.ac-martinique.fr\/clg-julianicolas\/wp-content\/uploads\/sites\/119\/2025\/05\/Categorie-lycee-768x615.jpeg 768w, https:\/\/site.ac-martinique.fr\/clg-julianicolas\/wp-content\/uploads\/sites\/119\/2025\/05\/Categorie-lycee-375x300.jpeg 375w\" sizes=\"auto, (max-width: 916px) 100vw, 916px\" \/><\/figure>\n\n\n\n<figure class=\"wp-block-image size-large\"><img loading=\"lazy\" decoding=\"async\" width=\"882\" height=\"762\" data-id=\"2246\" src=\"https:\/\/site.ac-martinique.fr\/clg-julianicolas\/wp-content\/uploads\/sites\/119\/2025\/05\/Categorie-college.jpeg\" alt=\"\" class=\"wp-image-2246\" srcset=\"https:\/\/site.ac-martinique.fr\/clg-julianicolas\/wp-content\/uploads\/sites\/119\/2025\/05\/Categorie-college.jpeg 882w, https:\/\/site.ac-martinique.fr\/clg-julianicolas\/wp-content\/uploads\/sites\/119\/2025\/05\/Categorie-college-300x259.jpeg 300w, https:\/\/site.ac-martinique.fr\/clg-julianicolas\/wp-content\/uploads\/sites\/119\/2025\/05\/Categorie-college-768x664.jpeg 768w, https:\/\/site.ac-martinique.fr\/clg-julianicolas\/wp-content\/uploads\/sites\/119\/2025\/05\/Categorie-college-347x300.jpeg 347w\" sizes=\"auto, (max-width: 882px) 100vw, 882px\" \/><\/figure>\n\n\n\n<figure class=\"wp-block-image size-large\"><img loading=\"lazy\" decoding=\"async\" width=\"1024\" height=\"462\" data-id=\"2245\" src=\"https:\/\/site.ac-martinique.fr\/clg-julianicolas\/wp-content\/uploads\/sites\/119\/2025\/05\/IFMES-2-1024x462.jpeg\" alt=\"\" class=\"wp-image-2245\" srcset=\"https:\/\/site.ac-martinique.fr\/clg-julianicolas\/wp-content\/uploads\/sites\/119\/2025\/05\/IFMES-2-1024x462.jpeg 1024w, https:\/\/site.ac-martinique.fr\/clg-julianicolas\/wp-content\/uploads\/sites\/119\/2025\/05\/IFMES-2-300x135.jpeg 300w, https:\/\/site.ac-martinique.fr\/clg-julianicolas\/wp-content\/uploads\/sites\/119\/2025\/05\/IFMES-2-768x346.jpeg 768w, https:\/\/site.ac-martinique.fr\/clg-julianicolas\/wp-content\/uploads\/sites\/119\/2025\/05\/IFMES-2-500x225.jpeg 500w, https:\/\/site.ac-martinique.fr\/clg-julianicolas\/wp-content\/uploads\/sites\/119\/2025\/05\/IFMES-2.jpeg 1156w\" sizes=\"auto, (max-width: 1024px) 100vw, 1024px\" \/><\/figure>\n<\/figure>\n<\/div><\/div>\n<\/div><\/div>\n\n\n\n<figure class=\"wp-block-gallery has-nested-images columns-default is-cropped wp-block-gallery-10 is-layout-flex wp-block-gallery-is-layout-flex\">\n<figure class=\"wp-block-image size-large\"><img loading=\"lazy\" decoding=\"async\" width=\"462\" height=\"1024\" data-id=\"2244\" src=\"https:\/\/site.ac-martinique.fr\/clg-julianicolas\/wp-content\/uploads\/sites\/119\/2025\/05\/IFMES-1-462x1024.jpeg\" alt=\"\" class=\"wp-image-2244\" srcset=\"https:\/\/site.ac-martinique.fr\/clg-julianicolas\/wp-content\/uploads\/sites\/119\/2025\/05\/IFMES-1-462x1024.jpeg 462w, https:\/\/site.ac-martinique.fr\/clg-julianicolas\/wp-content\/uploads\/sites\/119\/2025\/05\/IFMES-1-135x300.jpeg 135w, https:\/\/site.ac-martinique.fr\/clg-julianicolas\/wp-content\/uploads\/sites\/119\/2025\/05\/IFMES-1.jpeg 521w\" sizes=\"auto, (max-width: 462px) 100vw, 462px\" \/><\/figure>\n\n\n\n<figure class=\"wp-block-image size-large\"><img loading=\"lazy\" decoding=\"async\" width=\"782\" height=\"1024\" data-id=\"2260\" src=\"https:\/\/site.ac-martinique.fr\/clg-julianicolas\/wp-content\/uploads\/sites\/119\/2025\/05\/WhatsApp-Image-2025-05-21-at-20.46.52-782x1024.jpeg\" alt=\"\" class=\"wp-image-2260\" srcset=\"https:\/\/site.ac-martinique.fr\/clg-julianicolas\/wp-content\/uploads\/sites\/119\/2025\/05\/WhatsApp-Image-2025-05-21-at-20.46.52-782x1024.jpeg 782w, https:\/\/site.ac-martinique.fr\/clg-julianicolas\/wp-content\/uploads\/sites\/119\/2025\/05\/WhatsApp-Image-2025-05-21-at-20.46.52-229x300.jpeg 229w, https:\/\/site.ac-martinique.fr\/clg-julianicolas\/wp-content\/uploads\/sites\/119\/2025\/05\/WhatsApp-Image-2025-05-21-at-20.46.52-768x1006.jpeg 768w, https:\/\/site.ac-martinique.fr\/clg-julianicolas\/wp-content\/uploads\/sites\/119\/2025\/05\/WhatsApp-Image-2025-05-21-at-20.46.52.jpeg 977w\" sizes=\"auto, (max-width: 782px) 100vw, 782px\" \/><\/figure>\n<\/figure>\n\n\n\n<div class=\"wp-block-columns is-layout-flex wp-container-core-columns-is-layout-abceabcf wp-block-columns-is-layout-flex\">\n<div class=\"wp-block-column is-layout-flow wp-block-column-is-layout-flow\">\n<p><strong>Enregistrement studio: nos \u00e9l\u00e8ves font entendre leur voix!<\/strong><\/p>\n\n\n\n<p>Le mardi 6 mai, un groupe d&rsquo;\u00e9l\u00e8ves passionn\u00e9s a v\u00e9cu une exp\u00e9rience inoubliable en se rendant dans un studio d&rsquo;enregistrement professionnel, accompagn\u00e9s de l&rsquo;adulte-relais de l&rsquo;\u00e9tablissement et de leur professeur d&rsquo;\u00e9ducation musicale.<\/p>\n\n\n\n<p>Les \u00e9l\u00e8ves ont eu l&rsquo;opportunit\u00e9 d&rsquo;enregistrer un morceau original, enti\u00e8rement de leur composition! Une aventure musicale pendant laquelle ils ont pu d\u00e9couvrir les coulisses de la production musicale.<\/p>\n\n\n\n<p>Bravo \u00e0 eux pour leur engagement, leur cr\u00e9ativit\u00e9 et leur \u00e9nergie !                                             Une belle illustration de ce que peuvent produire le travail en \u00e9quipe, la passion pour la musique et le soutien des adultes encadrants.<\/p>\n\n\n\n<p>Un grand merci au studio pour son accueil, et \u00e0 tous ceux qui ont rendu ce projet  possible. <\/p>\n<\/div>\n\n\n\n<div class=\"wp-block-column is-layout-flow wp-block-column-is-layout-flow\">\n<figure class=\"wp-block-gallery has-nested-images columns-default is-cropped wp-block-gallery-11 is-layout-flex wp-block-gallery-is-layout-flex\">\n<figure class=\"wp-block-image size-large\"><img loading=\"lazy\" decoding=\"async\" width=\"576\" height=\"1024\" data-id=\"2252\" src=\"https:\/\/site.ac-martinique.fr\/clg-julianicolas\/wp-content\/uploads\/sites\/119\/2025\/05\/WhatsApp-Image-2025-05-21-at-19.54.08-576x1024.jpeg\" alt=\"\" class=\"wp-image-2252\"\/><\/figure>\n<\/figure>\n<\/div>\n<\/div>\n\n\n\n<figure class=\"wp-block-video\"><video height=\"850\" style=\"aspect-ratio: 478 \/ 850;\" width=\"478\" controls src=\"https:\/\/site.ac-martinique.fr\/clg-julianicolas\/wp-content\/uploads\/sites\/119\/2025\/05\/Enregistrement-2.mp4\"><\/video><\/figure>\n\n\n\n<p><\/p>\n\n\n\n<p class=\"has-text-align-left\"><strong>Mini-entreprise au coll\u00e8ge : des \u00e9l\u00e8ves cr\u00e9atifs et engag\u00e9s !<\/strong><\/p>\n\n\n\n<p class=\"has-text-align-left\"><strong>Cr\u00e9ativit\u00e9<\/strong>, <strong>travail en \u00e9quipe <\/strong>et <strong>prise de parole<\/strong> : voil\u00e0 les comp\u00e9tences cl\u00e9s que nos \u00e9l\u00e8ves ont mobilis\u00e9es tout au long du projet de mini-entreprise men\u00e9 cette ann\u00e9e au coll\u00e8ge.<br><strong>Le 29 avril<\/strong> dernier, trois \u00e9l\u00e8ves ont fi\u00e8rement repr\u00e9sent\u00e9 la mini-entreprise du coll\u00e8ge \u00e0 la CCI (Chambre de Commerce et d\u2019Industrie de la Martinique).<\/p>\n\n\n\n<p class=\"has-text-align-left\">Devant un jury compos\u00e9 de membres du rectorat et de l\u2019association Entreprendre Pour Apprendre (EPA), nos repr\u00e9sentantes ont su faire preuve d\u2019assurance, de clart\u00e9 et de pertinence dans leurs r\u00e9ponses.<\/p>\n\n\n\n<figure class=\"wp-block-gallery has-nested-images columns-default is-cropped wp-block-gallery-12 is-layout-flex wp-block-gallery-is-layout-flex\">\n<figure class=\"wp-block-image size-large\"><img loading=\"lazy\" decoding=\"async\" width=\"748\" height=\"1024\" data-id=\"2238\" src=\"https:\/\/site.ac-martinique.fr\/clg-julianicolas\/wp-content\/uploads\/sites\/119\/2025\/05\/WhatsApp-Image-2025-05-11-at-17.31.21-748x1024.jpeg\" alt=\"\" class=\"wp-image-2238\"\/><\/figure>\n\n\n\n<figure class=\"wp-block-image size-large\"><img loading=\"lazy\" decoding=\"async\" width=\"766\" height=\"1024\" data-id=\"2237\" src=\"https:\/\/site.ac-martinique.fr\/clg-julianicolas\/wp-content\/uploads\/sites\/119\/2025\/05\/WhatsApp-Image-2025-05-11-at-20.12.16-766x1024.jpeg\" alt=\"\" class=\"wp-image-2237\" srcset=\"https:\/\/site.ac-martinique.fr\/clg-julianicolas\/wp-content\/uploads\/sites\/119\/2025\/05\/WhatsApp-Image-2025-05-11-at-20.12.16-766x1024.jpeg 766w, https:\/\/site.ac-martinique.fr\/clg-julianicolas\/wp-content\/uploads\/sites\/119\/2025\/05\/WhatsApp-Image-2025-05-11-at-20.12.16-225x300.jpeg 225w, https:\/\/site.ac-martinique.fr\/clg-julianicolas\/wp-content\/uploads\/sites\/119\/2025\/05\/WhatsApp-Image-2025-05-11-at-20.12.16-768x1026.jpeg 768w, https:\/\/site.ac-martinique.fr\/clg-julianicolas\/wp-content\/uploads\/sites\/119\/2025\/05\/WhatsApp-Image-2025-05-11-at-20.12.16.jpeg 958w\" sizes=\"auto, (max-width: 766px) 100vw, 766px\" \/><\/figure>\n<\/figure>\n\n\n\n<p>Accompagn\u00e9es de leur enseignante et en collaboration avec des entrepreneurs, cette \u00e9quipe dynamique a con\u00e7u HCB (Hibiscus Caribbean Food), une application mobile innovante. Son objectif ? Lutter contre le gaspillage alimentaire.<\/p>\n\n\n\n<p>HCB permet aux professionnels du secteur alimentaire de publier en temps r\u00e9el leurs invendus de fin de journ\u00e9e ou de fin de mois \u00e0 prix r\u00e9duit. Une solution \u00e0 la fois \u00e9conomique et \u00e9cologique !<br>Ce projet a \u00e9t\u00e9 l\u2019occasion pour nos \u00e9l\u00e8ves de se confronter au monde de l\u2019entreprise, de d\u00e9couvrir la d\u00e9marche entrepreneuriale et de s\u2019initier aux outils num\u00e9riques.<\/p>\n\n\n\n<p>Nous f\u00e9licitons chaleureusement toute l\u2019\u00e9quipe pour son investissement, et tout particuli\u00e8rement les trois \u00e9l\u00e8ves qui ont port\u00e9 haut les couleurs du coll\u00e8ge \u00e0 la CCI.<\/p>\n\n\n\n<p><strong>\u00c9co-manifestation au coll\u00e8ge Julia Nicolas: les \u00e9l\u00e8ves mobilis\u00e9s pour la plan\u00e8te<\/strong><\/p>\n\n\n\n<p>Le mercredi 10 avril, le coll\u00e8ge Julia Nicolas, en partenariat avec le domaine de la Chabet, a accueilli une \u00e9co-manifestation \u00e0 destination des \u00e9l\u00e8ves de 6<sup>\u00e8me<\/sup> et de 5\u00e8me. Cet \u00e9v\u00e9nement, plac\u00e9 sous le signe de la sensibilisation au d\u00e9veloppement durable, a permis aux \u00e9l\u00e8ves de participer \u00e0 divers ateliers autour de th\u00e9matiques essentielles : le recyclage, la gestion des d\u00e9chets, la lutte contre le gaspillage alimentaire, la promotion de l\u2019alimentation locale, la valorisation des biod\u00e9chets, le changement climatique, ainsi que la pr\u00e9servation des \u00e9cosyst\u00e8mes marins et de la mangrove.<\/p>\n\n\n\n<p>Curieux et motiv\u00e9s, les \u00e9l\u00e8ves ont pris part activement aux diff\u00e9rents ateliers, faisant preuve d\u2019un r\u00e9el engagement pour les enjeux environnementaux. Une belle initiative pour former les citoyens \u00e9coresponsables de demain !<\/p>\n\n\n\n<figure class=\"wp-block-video\"><video height=\"848\" style=\"aspect-ratio: 480 \/ 848;\" width=\"480\" controls src=\"https:\/\/site.ac-martinique.fr\/clg-julianicolas\/wp-content\/uploads\/sites\/119\/2025\/06\/video-manifestation.m4v\"><\/video><\/figure>\n\n\n\n<p><strong>Let&rsquo;s go to the opera<\/strong><\/p>\n\n\n\n<p>Les \u00e9l\u00e8ves de 601 et 602 ont eu la chance d&rsquo;assister au concert lyrique qui s&rsquo;est tenu au Tropique Atrium <strong>vendredi 4 avril<\/strong>. Ils ont pu d\u00e9couvrir la voix de la soprano F\u00e9 Avouglan, Californienne d&rsquo;origine Ougandaise (Uganda), de Kofi Hayford, New-Yorkais d&rsquo;origine Ghan\u00e9enne (Ghana) mais \u00e9galement les voix d&rsquo;artistes venus du Cameroun, du B\u00e9nin et de Martinique.<br>Les \u00e9l\u00e8ves ont pu ainsi \u00e9largir leur horizon musical et vivre un moment unique d&rsquo;\u00e9change et de partage, de douceur et de po\u00e9sie. Merci \u00e0 tous&nbsp;!<\/p>\n\n\n\n<figure class=\"wp-block-image size-full is-resized\"><img loading=\"lazy\" decoding=\"async\" width=\"483\" height=\"619\" src=\"https:\/\/site.ac-martinique.fr\/clg-julianicolas\/wp-content\/uploads\/sites\/119\/2025\/04\/opera-julia-nicolas.png\" alt=\"\" class=\"wp-image-2233\" style=\"width:614px;height:auto\" srcset=\"https:\/\/site.ac-martinique.fr\/clg-julianicolas\/wp-content\/uploads\/sites\/119\/2025\/04\/opera-julia-nicolas.png 483w, https:\/\/site.ac-martinique.fr\/clg-julianicolas\/wp-content\/uploads\/sites\/119\/2025\/04\/opera-julia-nicolas-234x300.png 234w\" sizes=\"auto, (max-width: 483px) 100vw, 483px\" \/><\/figure>\n\n\n\n<div class=\"wp-block-columns is-layout-flex wp-container-core-columns-is-layout-abceabcf wp-block-columns-is-layout-flex\">\n<div class=\"wp-block-column is-layout-flow wp-block-column-is-layout-flow\">\n<h2 class=\"wp-block-heading\">Coupure d&rsquo;eau<\/h2>\n<\/div>\n\n\n\n<div class=\"wp-block-column is-layout-flow wp-block-column-is-layout-flow\">\n<figure class=\"wp-block-image size-full is-resized\"><img loading=\"lazy\" decoding=\"async\" width=\"512\" height=\"512\" src=\"https:\/\/site.ac-martinique.fr\/clg-julianicolas\/wp-content\/uploads\/sites\/119\/2025\/04\/image.png\" alt=\"\" class=\"wp-image-2229\" style=\"width:86px;height:auto\" srcset=\"https:\/\/site.ac-martinique.fr\/clg-julianicolas\/wp-content\/uploads\/sites\/119\/2025\/04\/image.png 512w, https:\/\/site.ac-martinique.fr\/clg-julianicolas\/wp-content\/uploads\/sites\/119\/2025\/04\/image-300x300.png 300w, https:\/\/site.ac-martinique.fr\/clg-julianicolas\/wp-content\/uploads\/sites\/119\/2025\/04\/image-150x150.png 150w\" sizes=\"auto, (max-width: 512px) 100vw, 512px\" \/><\/figure>\n<\/div>\n<\/div>\n\n\n\n<p><strong>Madame, Monsieur,<\/strong><\/p>\n\n\n\n<p>Nous vous informons qu\u2019en raison d\u2019une coupure d\u2019eau impactant l\u2019\u00e9tablissement, les \u00e9l\u00e8ves du <strong>coll\u00e8ge Julia Nicolas<\/strong> seront exceptionnellement lib\u00e9r\u00e9s \u00e0 <strong>9h30 le mardi 1er avril 2025<\/strong>.<\/p>\n\n\n\n<p>Nous vous prions de bien vouloir prendre vos dispositions en cons\u00e9quence et vous remercions pour votre compr\u00e9hension.<\/p>\n\n\n\n<p>Veuillez agr\u00e9er, Madame, Monsieur, l\u2019expression de nos salutations distingu\u00e9es.<\/p>\n\n\n\n<p class=\"has-text-align-right\"><strong>La Direction <\/strong><\/p>\n\n\n\n<h2 class=\"wp-block-heading\">Visite de la DIRISI <\/h2>\n\n\n\n<p>Mardi 18 mars 2025, les cadets de la d\u00e9fense ont visit\u00e9  la DIRISI (&nbsp;Direction Interarm\u00e9es des R\u00e9seaux d&rsquo;Infrastructure et des Syst\u00e8mes d&rsquo;Information) de la pointe des sables Ils ont eu une sensibilisation \u00e0 la cybercriminalit\u00e9 et une d\u00e9monstration de la brigade canine.<\/p>\n\n\n\n<figure class=\"wp-block-gallery has-nested-images columns-default is-cropped wp-block-gallery-13 is-layout-flex wp-block-gallery-is-layout-flex\">\n<figure class=\"wp-block-image size-large\"><img loading=\"lazy\" decoding=\"async\" width=\"576\" height=\"1024\" data-id=\"2213\" src=\"https:\/\/site.ac-martinique.fr\/clg-julianicolas\/wp-content\/uploads\/sites\/119\/2025\/03\/WhatsApp-Image-2025-03-24-at-07.42.21-3-576x1024.jpeg\" alt=\"\" class=\"wp-image-2213\" srcset=\"https:\/\/site.ac-martinique.fr\/clg-julianicolas\/wp-content\/uploads\/sites\/119\/2025\/03\/WhatsApp-Image-2025-03-24-at-07.42.21-3-576x1024.jpeg 576w, https:\/\/site.ac-martinique.fr\/clg-julianicolas\/wp-content\/uploads\/sites\/119\/2025\/03\/WhatsApp-Image-2025-03-24-at-07.42.21-3-169x300.jpeg 169w, https:\/\/site.ac-martinique.fr\/clg-julianicolas\/wp-content\/uploads\/sites\/119\/2025\/03\/WhatsApp-Image-2025-03-24-at-07.42.21-3-768x1365.jpeg 768w, https:\/\/site.ac-martinique.fr\/clg-julianicolas\/wp-content\/uploads\/sites\/119\/2025\/03\/WhatsApp-Image-2025-03-24-at-07.42.21-3-864x1536.jpeg 864w, https:\/\/site.ac-martinique.fr\/clg-julianicolas\/wp-content\/uploads\/sites\/119\/2025\/03\/WhatsApp-Image-2025-03-24-at-07.42.21-3.jpeg 900w\" sizes=\"auto, (max-width: 576px) 100vw, 576px\" \/><\/figure>\n\n\n\n<figure class=\"wp-block-image size-large\"><img loading=\"lazy\" decoding=\"async\" width=\"1024\" height=\"576\" data-id=\"2210\" src=\"https:\/\/site.ac-martinique.fr\/clg-julianicolas\/wp-content\/uploads\/sites\/119\/2025\/03\/WhatsApp-Image-2025-03-24-at-07.42.21-2-1024x576.jpeg\" alt=\"\" class=\"wp-image-2210\" srcset=\"https:\/\/site.ac-martinique.fr\/clg-julianicolas\/wp-content\/uploads\/sites\/119\/2025\/03\/WhatsApp-Image-2025-03-24-at-07.42.21-2-1024x576.jpeg 1024w, https:\/\/site.ac-martinique.fr\/clg-julianicolas\/wp-content\/uploads\/sites\/119\/2025\/03\/WhatsApp-Image-2025-03-24-at-07.42.21-2-300x169.jpeg 300w, https:\/\/site.ac-martinique.fr\/clg-julianicolas\/wp-content\/uploads\/sites\/119\/2025\/03\/WhatsApp-Image-2025-03-24-at-07.42.21-2-768x432.jpeg 768w, https:\/\/site.ac-martinique.fr\/clg-julianicolas\/wp-content\/uploads\/sites\/119\/2025\/03\/WhatsApp-Image-2025-03-24-at-07.42.21-2-1536x864.jpeg 1536w, https:\/\/site.ac-martinique.fr\/clg-julianicolas\/wp-content\/uploads\/sites\/119\/2025\/03\/WhatsApp-Image-2025-03-24-at-07.42.21-2-500x281.jpeg 500w, https:\/\/site.ac-martinique.fr\/clg-julianicolas\/wp-content\/uploads\/sites\/119\/2025\/03\/WhatsApp-Image-2025-03-24-at-07.42.21-2.jpeg 1600w\" sizes=\"auto, (max-width: 1024px) 100vw, 1024px\" \/><\/figure>\n\n\n\n<figure class=\"wp-block-image size-large\"><img loading=\"lazy\" decoding=\"async\" width=\"576\" height=\"1024\" data-id=\"2211\" src=\"https:\/\/site.ac-martinique.fr\/clg-julianicolas\/wp-content\/uploads\/sites\/119\/2025\/03\/WhatsApp-Image-2025-03-24-at-07.42.21-1-576x1024.jpeg\" alt=\"\" class=\"wp-image-2211\" srcset=\"https:\/\/site.ac-martinique.fr\/clg-julianicolas\/wp-content\/uploads\/sites\/119\/2025\/03\/WhatsApp-Image-2025-03-24-at-07.42.21-1-576x1024.jpeg 576w, https:\/\/site.ac-martinique.fr\/clg-julianicolas\/wp-content\/uploads\/sites\/119\/2025\/03\/WhatsApp-Image-2025-03-24-at-07.42.21-1-169x300.jpeg 169w, https:\/\/site.ac-martinique.fr\/clg-julianicolas\/wp-content\/uploads\/sites\/119\/2025\/03\/WhatsApp-Image-2025-03-24-at-07.42.21-1-768x1365.jpeg 768w, https:\/\/site.ac-martinique.fr\/clg-julianicolas\/wp-content\/uploads\/sites\/119\/2025\/03\/WhatsApp-Image-2025-03-24-at-07.42.21-1-864x1536.jpeg 864w, https:\/\/site.ac-martinique.fr\/clg-julianicolas\/wp-content\/uploads\/sites\/119\/2025\/03\/WhatsApp-Image-2025-03-24-at-07.42.21-1.jpeg 900w\" sizes=\"auto, (max-width: 576px) 100vw, 576px\" \/><\/figure>\n\n\n\n<figure class=\"wp-block-image size-large\"><img loading=\"lazy\" decoding=\"async\" width=\"576\" height=\"1024\" data-id=\"2212\" src=\"https:\/\/site.ac-martinique.fr\/clg-julianicolas\/wp-content\/uploads\/sites\/119\/2025\/03\/WhatsApp-Image-2025-03-24-at-07.42.21-576x1024.jpeg\" alt=\"\" class=\"wp-image-2212\" srcset=\"https:\/\/site.ac-martinique.fr\/clg-julianicolas\/wp-content\/uploads\/sites\/119\/2025\/03\/WhatsApp-Image-2025-03-24-at-07.42.21-576x1024.jpeg 576w, https:\/\/site.ac-martinique.fr\/clg-julianicolas\/wp-content\/uploads\/sites\/119\/2025\/03\/WhatsApp-Image-2025-03-24-at-07.42.21-169x300.jpeg 169w, https:\/\/site.ac-martinique.fr\/clg-julianicolas\/wp-content\/uploads\/sites\/119\/2025\/03\/WhatsApp-Image-2025-03-24-at-07.42.21-768x1365.jpeg 768w, https:\/\/site.ac-martinique.fr\/clg-julianicolas\/wp-content\/uploads\/sites\/119\/2025\/03\/WhatsApp-Image-2025-03-24-at-07.42.21-864x1536.jpeg 864w, https:\/\/site.ac-martinique.fr\/clg-julianicolas\/wp-content\/uploads\/sites\/119\/2025\/03\/WhatsApp-Image-2025-03-24-at-07.42.21.jpeg 900w\" sizes=\"auto, (max-width: 576px) 100vw, 576px\" \/><\/figure>\n\n\n\n<figure class=\"wp-block-image size-large\"><img loading=\"lazy\" decoding=\"async\" width=\"1024\" height=\"576\" data-id=\"2214\" src=\"https:\/\/site.ac-martinique.fr\/clg-julianicolas\/wp-content\/uploads\/sites\/119\/2025\/03\/WhatsApp-Image-2025-03-24-at-07.42.20-1024x576.jpeg\" alt=\"\" class=\"wp-image-2214\" srcset=\"https:\/\/site.ac-martinique.fr\/clg-julianicolas\/wp-content\/uploads\/sites\/119\/2025\/03\/WhatsApp-Image-2025-03-24-at-07.42.20-1024x576.jpeg 1024w, https:\/\/site.ac-martinique.fr\/clg-julianicolas\/wp-content\/uploads\/sites\/119\/2025\/03\/WhatsApp-Image-2025-03-24-at-07.42.20-300x169.jpeg 300w, https:\/\/site.ac-martinique.fr\/clg-julianicolas\/wp-content\/uploads\/sites\/119\/2025\/03\/WhatsApp-Image-2025-03-24-at-07.42.20-768x432.jpeg 768w, https:\/\/site.ac-martinique.fr\/clg-julianicolas\/wp-content\/uploads\/sites\/119\/2025\/03\/WhatsApp-Image-2025-03-24-at-07.42.20-1536x864.jpeg 1536w, https:\/\/site.ac-martinique.fr\/clg-julianicolas\/wp-content\/uploads\/sites\/119\/2025\/03\/WhatsApp-Image-2025-03-24-at-07.42.20-500x281.jpeg 500w, https:\/\/site.ac-martinique.fr\/clg-julianicolas\/wp-content\/uploads\/sites\/119\/2025\/03\/WhatsApp-Image-2025-03-24-at-07.42.20.jpeg 1600w\" sizes=\"auto, (max-width: 1024px) 100vw, 1024px\" \/><\/figure>\n<\/figure>\n\n\n\n<p><\/p>\n\n\n\n<h2 class=\"wp-block-heading\">                                         INFORMATION :  jeux DANGEREUX<\/h2>\n\n\n\n<p>Nous attirons votre attention, chers parents, sur les risques graves que repr\u00e9sentent les \u00ab\u00a0jeux\u00a0\u00bb de strangulation (appel\u00e9s par les \u00e9l\u00e8ves \u00ab\u00a0jeu du foulard\u00a0\u00bb, \u00ab\u00a0r\u00eave indien, \u00ab\u00a0tomate\u00a0\u00bb, 1000 ans de souffrances etc.) et les \u00ab\u00a0d\u00e9fis\u00a0\u00bb relay\u00e9s sur les r\u00e9seau sociaux (par exemple un \u00ab\u00a0Parac\u00e9tamol challenge\u00a0\u00bb qui consiste \u00e0 absorber de fortes doses de ce m\u00e9dicament entra\u00eenant des hospitalisations).<\/p>\n\n\n\n<p>Par ces comportements, les \u00e9l\u00e8ves se mettent en danger!<\/p>\n\n\n\n<p>Au moindre doute ou soup\u00e7on, chers parents, nous vous prions de contacter l&rsquo;\u00e9tablissement.<\/p>\n\n\n\n<p>Votre vigilance et votre collaboration sont essentielles pour pr\u00e9venir ces pratiques dangereuses et assurer la s\u00e9curit\u00e9 de toutes et tous.<\/p>\n\n\n\n<h2 class=\"wp-block-heading\">Mise en place de la PAUSE NUMERIQUE au coll\u00e8ge JULIA NICOLAS:                                                Un temps pour se RECENTRER et mieux REUSSIR!<\/h2>\n\n\n\n<figure class=\"wp-block-gallery has-nested-images columns-default is-cropped wp-block-gallery-14 is-layout-flex wp-block-gallery-is-layout-flex\">\n<figure class=\"wp-block-image size-large\"><img loading=\"lazy\" decoding=\"async\" width=\"723\" height=\"1024\" data-id=\"2200\" src=\"https:\/\/site.ac-martinique.fr\/clg-julianicolas\/wp-content\/uploads\/sites\/119\/2025\/03\/IMG_2341-1-723x1024.jpg\" alt=\"\" class=\"wp-image-2200\" srcset=\"https:\/\/site.ac-martinique.fr\/clg-julianicolas\/wp-content\/uploads\/sites\/119\/2025\/03\/IMG_2341-1-723x1024.jpg 723w, https:\/\/site.ac-martinique.fr\/clg-julianicolas\/wp-content\/uploads\/sites\/119\/2025\/03\/IMG_2341-1-212x300.jpg 212w, https:\/\/site.ac-martinique.fr\/clg-julianicolas\/wp-content\/uploads\/sites\/119\/2025\/03\/IMG_2341-1-768x1088.jpg 768w, https:\/\/site.ac-martinique.fr\/clg-julianicolas\/wp-content\/uploads\/sites\/119\/2025\/03\/IMG_2341-1-1084x1536.jpg 1084w, https:\/\/site.ac-martinique.fr\/clg-julianicolas\/wp-content\/uploads\/sites\/119\/2025\/03\/IMG_2341-1.jpg 1290w\" sizes=\"auto, (max-width: 723px) 100vw, 723px\" \/><\/figure>\n<\/figure>\n\n\n\n<p>Notre coll\u00e8ge met en place la pause num\u00e9rique.<\/p>\n\n\n\n<p>Cette initiative vise \u00e0 am\u00e9liorer la concentration des \u00e9l\u00e8ves, encourager les \u00e9changes et les amiti\u00e9s, pr\u00e9venir le cyberharc\u00e8lement et promouvoir des activit\u00e9s vari\u00e9es (lecture, sport, jeux de soci\u00e9t\u00e9&#8230;.).<\/p>\n\n\n\n<figure class=\"wp-block-gallery has-nested-images columns-default is-cropped wp-block-gallery-15 is-layout-flex wp-block-gallery-is-layout-flex\">\n<figure class=\"wp-block-image size-large\"><img loading=\"lazy\" decoding=\"async\" width=\"480\" height=\"640\" data-id=\"2201\" src=\"https:\/\/site.ac-martinique.fr\/clg-julianicolas\/wp-content\/uploads\/sites\/119\/2025\/03\/IMG_4794.jpg\" alt=\"\" class=\"wp-image-2201\" srcset=\"https:\/\/site.ac-martinique.fr\/clg-julianicolas\/wp-content\/uploads\/sites\/119\/2025\/03\/IMG_4794.jpg 480w, https:\/\/site.ac-martinique.fr\/clg-julianicolas\/wp-content\/uploads\/sites\/119\/2025\/03\/IMG_4794-225x300.jpg 225w\" sizes=\"auto, (max-width: 480px) 100vw, 480px\" \/><\/figure>\n\n\n\n<figure class=\"wp-block-image size-large\"><img loading=\"lazy\" decoding=\"async\" width=\"480\" height=\"640\" data-id=\"2199\" src=\"https:\/\/site.ac-martinique.fr\/clg-julianicolas\/wp-content\/uploads\/sites\/119\/2025\/03\/armoire.jpg\" alt=\"\" class=\"wp-image-2199\" srcset=\"https:\/\/site.ac-martinique.fr\/clg-julianicolas\/wp-content\/uploads\/sites\/119\/2025\/03\/armoire.jpg 480w, https:\/\/site.ac-martinique.fr\/clg-julianicolas\/wp-content\/uploads\/sites\/119\/2025\/03\/armoire-225x300.jpg 225w\" sizes=\"auto, (max-width: 480px) 100vw, 480px\" \/><\/figure>\n<\/figure>\n\n\n\n<p>Les \u00e9l\u00e8ves d\u00e9poseront leur t\u00e9l\u00e9phone dans une armoire s\u00e9curis\u00e9e et le r\u00e9cup\u00e9reront uniquement \u00e0 la fin de leur journ\u00e9e de cours.<\/p>\n\n\n\n<p>Toute l&rsquo;\u00e9quipe \u00e9ducative du coll\u00e8ge Julia Nicolas est pleinement engag\u00e9e pour accompagner les \u00e9l\u00e8ves vers la r\u00e9ussite!<\/p>\n\n\n\n<h2 class=\"wp-block-heading\">DEFIS ET TALENTS : Les Concours de Nos El\u00e8ves<\/h2>\n\n\n\n<p>Nos \u00e9l\u00e8ves vont participer \u00e0 plusieurs concours qui mettront en valeur leur talent et leur d\u00e9termination. Qu&rsquo;il s&rsquo;agisse de competitions acad\u00e9miques ou nationales, claque \u00e9v\u00e8nement offre une chance unique de d\u00e9montrer leur comp\u00e9tences et d&rsquo;apprendre. Ces concurs favorisent l&rsquo;esprit de competition tout en renfor\u00e7ant la camaraderie entre les participants. Nous leur souhaitons beaucoup de succ\u00e8s dans cette aventure enrichissante !<\/p>\n\n\n\n<div class=\"wp-block-columns is-layout-flex wp-container-core-columns-is-layout-abceabcf wp-block-columns-is-layout-flex\">\n<div class=\"wp-block-column is-layout-flow wp-block-column-is-layout-flow\">\n<figure class=\"wp-block-image size-large\"><img loading=\"lazy\" decoding=\"async\" width=\"1024\" height=\"576\" src=\"https:\/\/site.ac-martinique.fr\/clg-julianicolas\/wp-content\/uploads\/sites\/119\/2025\/01\/Inscription-RLM-2023-2024-Publication-Twitter-1024x576.png\" alt=\"\" class=\"wp-image-2075\" srcset=\"https:\/\/site.ac-martinique.fr\/clg-julianicolas\/wp-content\/uploads\/sites\/119\/2025\/01\/Inscription-RLM-2023-2024-Publication-Twitter-1024x576.png 1024w, https:\/\/site.ac-martinique.fr\/clg-julianicolas\/wp-content\/uploads\/sites\/119\/2025\/01\/Inscription-RLM-2023-2024-Publication-Twitter-300x169.png 300w, https:\/\/site.ac-martinique.fr\/clg-julianicolas\/wp-content\/uploads\/sites\/119\/2025\/01\/Inscription-RLM-2023-2024-Publication-Twitter-768x432.png 768w, https:\/\/site.ac-martinique.fr\/clg-julianicolas\/wp-content\/uploads\/sites\/119\/2025\/01\/Inscription-RLM-2023-2024-Publication-Twitter-500x281.png 500w, https:\/\/site.ac-martinique.fr\/clg-julianicolas\/wp-content\/uploads\/sites\/119\/2025\/01\/Inscription-RLM-2023-2024-Publication-Twitter.png 1090w\" sizes=\"auto, (max-width: 1024px) 100vw, 1024px\" \/><\/figure>\n<\/div>\n\n\n\n<div class=\"wp-block-column is-layout-flow wp-block-column-is-layout-flow\">\n<figure class=\"wp-block-image size-full\"><img loading=\"lazy\" decoding=\"async\" width=\"273\" height=\"185\" src=\"https:\/\/site.ac-martinique.fr\/clg-julianicolas\/wp-content\/uploads\/sites\/119\/2025\/01\/mini-entreprises.png\" alt=\"\" class=\"wp-image-2077\"\/><\/figure>\n<\/div>\n<\/div>\n\n\n\n<div class=\"wp-block-group\"><div class=\"wp-block-group__inner-container is-layout-constrained wp-block-group-is-layout-constrained\">\n<div class=\"wp-block-columns is-layout-flex wp-container-core-columns-is-layout-abceabcf wp-block-columns-is-layout-flex\">\n<div class=\"wp-block-column is-layout-flow wp-block-column-is-layout-flow\">\n<figure class=\"wp-block-image size-large\"><img loading=\"lazy\" decoding=\"async\" width=\"724\" height=\"1024\" src=\"https:\/\/site.ac-martinique.fr\/clg-julianicolas\/wp-content\/uploads\/sites\/119\/2025\/01\/affiche-algorea-2025_page-0001-1-724x1024.jpg\" alt=\"\" class=\"wp-image-2071\" srcset=\"https:\/\/site.ac-martinique.fr\/clg-julianicolas\/wp-content\/uploads\/sites\/119\/2025\/01\/affiche-algorea-2025_page-0001-1-724x1024.jpg 724w, https:\/\/site.ac-martinique.fr\/clg-julianicolas\/wp-content\/uploads\/sites\/119\/2025\/01\/affiche-algorea-2025_page-0001-1-212x300.jpg 212w, https:\/\/site.ac-martinique.fr\/clg-julianicolas\/wp-content\/uploads\/sites\/119\/2025\/01\/affiche-algorea-2025_page-0001-1-768x1086.jpg 768w, https:\/\/site.ac-martinique.fr\/clg-julianicolas\/wp-content\/uploads\/sites\/119\/2025\/01\/affiche-algorea-2025_page-0001-1-1086x1536.jpg 1086w, https:\/\/site.ac-martinique.fr\/clg-julianicolas\/wp-content\/uploads\/sites\/119\/2025\/01\/affiche-algorea-2025_page-0001-1.jpg 1241w\" sizes=\"auto, (max-width: 724px) 100vw, 724px\" \/><\/figure>\n<\/div>\n\n\n\n<div class=\"wp-block-column is-layout-flow wp-block-column-is-layout-flow\">\n<figure class=\"wp-block-image size-large\"><img loading=\"lazy\" decoding=\"async\" width=\"724\" height=\"1024\" src=\"https:\/\/site.ac-martinique.fr\/clg-julianicolas\/wp-content\/uploads\/sites\/119\/2025\/01\/AFFICHE-PANGEA-2025_page-0001-724x1024.jpg\" alt=\"\" class=\"wp-image-2068\" srcset=\"https:\/\/site.ac-martinique.fr\/clg-julianicolas\/wp-content\/uploads\/sites\/119\/2025\/01\/AFFICHE-PANGEA-2025_page-0001-724x1024.jpg 724w, https:\/\/site.ac-martinique.fr\/clg-julianicolas\/wp-content\/uploads\/sites\/119\/2025\/01\/AFFICHE-PANGEA-2025_page-0001-212x300.jpg 212w, https:\/\/site.ac-martinique.fr\/clg-julianicolas\/wp-content\/uploads\/sites\/119\/2025\/01\/AFFICHE-PANGEA-2025_page-0001-768x1086.jpg 768w, https:\/\/site.ac-martinique.fr\/clg-julianicolas\/wp-content\/uploads\/sites\/119\/2025\/01\/AFFICHE-PANGEA-2025_page-0001-1086x1536.jpg 1086w, https:\/\/site.ac-martinique.fr\/clg-julianicolas\/wp-content\/uploads\/sites\/119\/2025\/01\/AFFICHE-PANGEA-2025_page-0001.jpg 1241w\" sizes=\"auto, (max-width: 724px) 100vw, 724px\" \/><\/figure>\n<\/div>\n<\/div>\n<\/div><\/div>\n\n\n\n<div class=\"wp-block-columns is-layout-flex wp-container-core-columns-is-layout-abceabcf wp-block-columns-is-layout-flex\">\n<div class=\"wp-block-column is-layout-flow wp-block-column-is-layout-flow\">\n<figure class=\"wp-block-image size-large\"><img loading=\"lazy\" decoding=\"async\" width=\"724\" height=\"1024\" src=\"https:\/\/site.ac-martinique.fr\/clg-julianicolas\/wp-content\/uploads\/sites\/119\/2025\/01\/Affiche-rallye-2025_page-0001-724x1024.jpg\" alt=\"\" class=\"wp-image-2069\" srcset=\"https:\/\/site.ac-martinique.fr\/clg-julianicolas\/wp-content\/uploads\/sites\/119\/2025\/01\/Affiche-rallye-2025_page-0001-724x1024.jpg 724w, https:\/\/site.ac-martinique.fr\/clg-julianicolas\/wp-content\/uploads\/sites\/119\/2025\/01\/Affiche-rallye-2025_page-0001-212x300.jpg 212w, https:\/\/site.ac-martinique.fr\/clg-julianicolas\/wp-content\/uploads\/sites\/119\/2025\/01\/Affiche-rallye-2025_page-0001-768x1086.jpg 768w, https:\/\/site.ac-martinique.fr\/clg-julianicolas\/wp-content\/uploads\/sites\/119\/2025\/01\/Affiche-rallye-2025_page-0001-1086x1536.jpg 1086w, https:\/\/site.ac-martinique.fr\/clg-julianicolas\/wp-content\/uploads\/sites\/119\/2025\/01\/Affiche-rallye-2025_page-0001.jpg 1241w\" sizes=\"auto, (max-width: 724px) 100vw, 724px\" \/><\/figure>\n<\/div>\n\n\n\n<div class=\"wp-block-column is-layout-flow wp-block-column-is-layout-flow\">\n<figure class=\"wp-block-image size-large\"><img loading=\"lazy\" decoding=\"async\" width=\"724\" height=\"1024\" src=\"https:\/\/site.ac-martinique.fr\/clg-julianicolas\/wp-content\/uploads\/sites\/119\/2025\/01\/affiche-la-course-aux-nombres-2025_page-0001-724x1024.jpg\" alt=\"\" class=\"wp-image-2070\" srcset=\"https:\/\/site.ac-martinique.fr\/clg-julianicolas\/wp-content\/uploads\/sites\/119\/2025\/01\/affiche-la-course-aux-nombres-2025_page-0001-724x1024.jpg 724w, https:\/\/site.ac-martinique.fr\/clg-julianicolas\/wp-content\/uploads\/sites\/119\/2025\/01\/affiche-la-course-aux-nombres-2025_page-0001-212x300.jpg 212w, https:\/\/site.ac-martinique.fr\/clg-julianicolas\/wp-content\/uploads\/sites\/119\/2025\/01\/affiche-la-course-aux-nombres-2025_page-0001-768x1086.jpg 768w, https:\/\/site.ac-martinique.fr\/clg-julianicolas\/wp-content\/uploads\/sites\/119\/2025\/01\/affiche-la-course-aux-nombres-2025_page-0001-1086x1536.jpg 1086w, https:\/\/site.ac-martinique.fr\/clg-julianicolas\/wp-content\/uploads\/sites\/119\/2025\/01\/affiche-la-course-aux-nombres-2025_page-0001-1448x2048.jpg 1448w, https:\/\/site.ac-martinique.fr\/clg-julianicolas\/wp-content\/uploads\/sites\/119\/2025\/01\/affiche-la-course-aux-nombres-2025_page-0001-scaled.jpg 1810w\" sizes=\"auto, (max-width: 724px) 100vw, 724px\" \/><\/figure>\n<\/div>\n<\/div>\n\n\n\n<p><strong>                       Mini-olympiades: un moment de sport et de convivialit\u00e9 au coll\u00e8ge<\/strong><\/p>\n\n\n\n<p>Le vendredi 2 f\u00e9vrier, l&rsquo;\u00e9quipe de Vie Scolaire, sous la coordination de Monsieur Rulle, a organis\u00e9 des mini-olympiades r\u00e9unissant \u00e9l\u00e8ves et enseignants autour d&rsquo;activit\u00e9s sportives vari\u00e9es.<\/p>\n\n\n\n<p>Au programme: tire \u00e0 l&rsquo;arc, lancer de ballons dans une cible, tir \u00e0 la corde&#8230;.. Autant d&rsquo;ateliers qui ont permis \u00e0 chacun de se d\u00e9penser, de s&rsquo;encourager et de partager un moment chaleureux dans un esprit d&rsquo;\u00e9quipe.<\/p>\n\n\n\n<figure class=\"wp-block-gallery has-nested-images columns-default is-cropped wp-block-gallery-16 is-layout-flex wp-block-gallery-is-layout-flex\">\n<figure class=\"wp-block-image size-large\"><img loading=\"lazy\" decoding=\"async\" width=\"768\" height=\"1024\" data-id=\"2264\" src=\"https:\/\/site.ac-martinique.fr\/clg-julianicolas\/wp-content\/uploads\/sites\/119\/2025\/05\/Lancer-de-ballons-768x1024.jpeg\" alt=\"\" class=\"wp-image-2264\" srcset=\"https:\/\/site.ac-martinique.fr\/clg-julianicolas\/wp-content\/uploads\/sites\/119\/2025\/05\/Lancer-de-ballons-768x1024.jpeg 768w, https:\/\/site.ac-martinique.fr\/clg-julianicolas\/wp-content\/uploads\/sites\/119\/2025\/05\/Lancer-de-ballons-225x300.jpeg 225w, https:\/\/site.ac-martinique.fr\/clg-julianicolas\/wp-content\/uploads\/sites\/119\/2025\/05\/Lancer-de-ballons.jpeg 960w\" sizes=\"auto, (max-width: 768px) 100vw, 768px\" \/><\/figure>\n\n\n\n<figure class=\"wp-block-image size-large\"><img loading=\"lazy\" decoding=\"async\" width=\"768\" height=\"1024\" data-id=\"2265\" src=\"https:\/\/site.ac-martinique.fr\/clg-julianicolas\/wp-content\/uploads\/sites\/119\/2025\/05\/Relais-768x1024.jpeg\" alt=\"\" class=\"wp-image-2265\" srcset=\"https:\/\/site.ac-martinique.fr\/clg-julianicolas\/wp-content\/uploads\/sites\/119\/2025\/05\/Relais-768x1024.jpeg 768w, https:\/\/site.ac-martinique.fr\/clg-julianicolas\/wp-content\/uploads\/sites\/119\/2025\/05\/Relais-225x300.jpeg 225w, https:\/\/site.ac-martinique.fr\/clg-julianicolas\/wp-content\/uploads\/sites\/119\/2025\/05\/Relais.jpeg 960w\" sizes=\"auto, (max-width: 768px) 100vw, 768px\" \/><\/figure>\n\n\n\n<figure class=\"wp-block-image size-large\"><img loading=\"lazy\" decoding=\"async\" width=\"768\" height=\"1024\" data-id=\"2263\" src=\"https:\/\/site.ac-martinique.fr\/clg-julianicolas\/wp-content\/uploads\/sites\/119\/2025\/05\/Tir-a-larc-768x1024.jpeg\" alt=\"\" class=\"wp-image-2263\" srcset=\"https:\/\/site.ac-martinique.fr\/clg-julianicolas\/wp-content\/uploads\/sites\/119\/2025\/05\/Tir-a-larc-768x1024.jpeg 768w, https:\/\/site.ac-martinique.fr\/clg-julianicolas\/wp-content\/uploads\/sites\/119\/2025\/05\/Tir-a-larc-225x300.jpeg 225w, https:\/\/site.ac-martinique.fr\/clg-julianicolas\/wp-content\/uploads\/sites\/119\/2025\/05\/Tir-a-larc.jpeg 960w\" sizes=\"auto, (max-width: 768px) 100vw, 768px\" \/><\/figure>\n<\/figure>\n\n\n\n<p>La matin\u00e9e s&rsquo;est conclue par une remise de coupes, saluant la participation et l&rsquo;enthousiasme de tous. Une belle occasion de renforcer la coh\u00e9sion entre \u00e9l\u00e8ves et adultes, dans une ambiance \u00e0 la fois sportive et d\u00e9tendue.<\/p>\n\n\n\n<figure class=\"wp-block-gallery has-nested-images columns-default is-cropped wp-block-gallery-17 is-layout-flex wp-block-gallery-is-layout-flex\">\n<figure class=\"wp-block-image size-large\"><img loading=\"lazy\" decoding=\"async\" width=\"768\" height=\"1024\" data-id=\"2268\" src=\"https:\/\/site.ac-martinique.fr\/clg-julianicolas\/wp-content\/uploads\/sites\/119\/2025\/05\/Equipe-1-768x1024.jpeg\" alt=\"\" class=\"wp-image-2268\" srcset=\"https:\/\/site.ac-martinique.fr\/clg-julianicolas\/wp-content\/uploads\/sites\/119\/2025\/05\/Equipe-1-768x1024.jpeg 768w, https:\/\/site.ac-martinique.fr\/clg-julianicolas\/wp-content\/uploads\/sites\/119\/2025\/05\/Equipe-1-225x300.jpeg 225w, https:\/\/site.ac-martinique.fr\/clg-julianicolas\/wp-content\/uploads\/sites\/119\/2025\/05\/Equipe-1.jpeg 960w\" sizes=\"auto, (max-width: 768px) 100vw, 768px\" \/><\/figure>\n\n\n\n<figure class=\"wp-block-image size-large\"><img loading=\"lazy\" decoding=\"async\" width=\"768\" height=\"1024\" data-id=\"2269\" src=\"https:\/\/site.ac-martinique.fr\/clg-julianicolas\/wp-content\/uploads\/sites\/119\/2025\/05\/Equipe-2-768x1024.jpeg\" alt=\"\" class=\"wp-image-2269\" srcset=\"https:\/\/site.ac-martinique.fr\/clg-julianicolas\/wp-content\/uploads\/sites\/119\/2025\/05\/Equipe-2-768x1024.jpeg 768w, https:\/\/site.ac-martinique.fr\/clg-julianicolas\/wp-content\/uploads\/sites\/119\/2025\/05\/Equipe-2-225x300.jpeg 225w, https:\/\/site.ac-martinique.fr\/clg-julianicolas\/wp-content\/uploads\/sites\/119\/2025\/05\/Equipe-2.jpeg 960w\" sizes=\"auto, (max-width: 768px) 100vw, 768px\" \/><\/figure>\n\n\n\n<figure class=\"wp-block-image size-large\"><img loading=\"lazy\" decoding=\"async\" width=\"768\" height=\"1024\" data-id=\"2270\" src=\"https:\/\/site.ac-martinique.fr\/clg-julianicolas\/wp-content\/uploads\/sites\/119\/2025\/05\/Equipe-3-768x1024.jpeg\" alt=\"\" class=\"wp-image-2270\" srcset=\"https:\/\/site.ac-martinique.fr\/clg-julianicolas\/wp-content\/uploads\/sites\/119\/2025\/05\/Equipe-3-768x1024.jpeg 768w, https:\/\/site.ac-martinique.fr\/clg-julianicolas\/wp-content\/uploads\/sites\/119\/2025\/05\/Equipe-3-225x300.jpeg 225w, https:\/\/site.ac-martinique.fr\/clg-julianicolas\/wp-content\/uploads\/sites\/119\/2025\/05\/Equipe-3.jpeg 960w\" sizes=\"auto, (max-width: 768px) 100vw, 768px\" \/><\/figure>\n\n\n\n<figure class=\"wp-block-image size-large\"><img loading=\"lazy\" decoding=\"async\" width=\"768\" height=\"1024\" data-id=\"2271\" src=\"https:\/\/site.ac-martinique.fr\/clg-julianicolas\/wp-content\/uploads\/sites\/119\/2025\/05\/Equipe-4-768x1024.jpeg\" alt=\"\" class=\"wp-image-2271\" srcset=\"https:\/\/site.ac-martinique.fr\/clg-julianicolas\/wp-content\/uploads\/sites\/119\/2025\/05\/Equipe-4-768x1024.jpeg 768w, https:\/\/site.ac-martinique.fr\/clg-julianicolas\/wp-content\/uploads\/sites\/119\/2025\/05\/Equipe-4-225x300.jpeg 225w, https:\/\/site.ac-martinique.fr\/clg-julianicolas\/wp-content\/uploads\/sites\/119\/2025\/05\/Equipe-4.jpeg 960w\" sizes=\"auto, (max-width: 768px) 100vw, 768px\" \/><\/figure>\n\n\n\n<figure class=\"wp-block-image size-large\"><img loading=\"lazy\" decoding=\"async\" width=\"768\" height=\"1024\" data-id=\"2272\" src=\"https:\/\/site.ac-martinique.fr\/clg-julianicolas\/wp-content\/uploads\/sites\/119\/2025\/05\/Equipe-5-768x1024.jpeg\" alt=\"\" class=\"wp-image-2272\" srcset=\"https:\/\/site.ac-martinique.fr\/clg-julianicolas\/wp-content\/uploads\/sites\/119\/2025\/05\/Equipe-5-768x1024.jpeg 768w, https:\/\/site.ac-martinique.fr\/clg-julianicolas\/wp-content\/uploads\/sites\/119\/2025\/05\/Equipe-5-225x300.jpeg 225w, https:\/\/site.ac-martinique.fr\/clg-julianicolas\/wp-content\/uploads\/sites\/119\/2025\/05\/Equipe-5.jpeg 960w\" sizes=\"auto, (max-width: 768px) 100vw, 768px\" \/><\/figure>\n\n\n\n<figure class=\"wp-block-image size-large\"><img loading=\"lazy\" decoding=\"async\" width=\"768\" height=\"1024\" data-id=\"2273\" src=\"https:\/\/site.ac-martinique.fr\/clg-julianicolas\/wp-content\/uploads\/sites\/119\/2025\/05\/Equipe-6-768x1024.jpeg\" alt=\"\" class=\"wp-image-2273\" srcset=\"https:\/\/site.ac-martinique.fr\/clg-julianicolas\/wp-content\/uploads\/sites\/119\/2025\/05\/Equipe-6-768x1024.jpeg 768w, https:\/\/site.ac-martinique.fr\/clg-julianicolas\/wp-content\/uploads\/sites\/119\/2025\/05\/Equipe-6-225x300.jpeg 225w, https:\/\/site.ac-martinique.fr\/clg-julianicolas\/wp-content\/uploads\/sites\/119\/2025\/05\/Equipe-6.jpeg 960w\" sizes=\"auto, (max-width: 768px) 100vw, 768px\" \/><\/figure>\n<\/figure>\n\n\n\n<figure class=\"wp-block-gallery has-nested-images columns-default is-cropped wp-block-gallery-18 is-layout-flex wp-block-gallery-is-layout-flex\">\n<figure class=\"wp-block-image size-large\"><img loading=\"lazy\" decoding=\"async\" width=\"768\" height=\"1024\" data-id=\"2267\" src=\"https:\/\/site.ac-martinique.fr\/clg-julianicolas\/wp-content\/uploads\/sites\/119\/2025\/05\/Les-coupes-768x1024.jpeg\" alt=\"\" class=\"wp-image-2267\" srcset=\"https:\/\/site.ac-martinique.fr\/clg-julianicolas\/wp-content\/uploads\/sites\/119\/2025\/05\/Les-coupes-768x1024.jpeg 768w, https:\/\/site.ac-martinique.fr\/clg-julianicolas\/wp-content\/uploads\/sites\/119\/2025\/05\/Les-coupes-225x300.jpeg 225w, https:\/\/site.ac-martinique.fr\/clg-julianicolas\/wp-content\/uploads\/sites\/119\/2025\/05\/Les-coupes.jpeg 960w\" sizes=\"auto, (max-width: 768px) 100vw, 768px\" \/><\/figure>\n<\/figure>\n\n\n\n<h2 class=\"wp-block-heading\">Journ\u00e9e Portes Ouvertes<\/h2>\n\n\n\n<figure class=\"wp-block-image size-large\"><img loading=\"lazy\" decoding=\"async\" width=\"730\" height=\"1024\" src=\"https:\/\/site.ac-martinique.fr\/clg-julianicolas\/wp-content\/uploads\/sites\/119\/2025\/02\/AFFICHE-JPO-2025-LYCEE-SCHOELCHER-730x1024.jpg\" alt=\"\" class=\"wp-image-2156\" srcset=\"https:\/\/site.ac-martinique.fr\/clg-julianicolas\/wp-content\/uploads\/sites\/119\/2025\/02\/AFFICHE-JPO-2025-LYCEE-SCHOELCHER-730x1024.jpg 730w, https:\/\/site.ac-martinique.fr\/clg-julianicolas\/wp-content\/uploads\/sites\/119\/2025\/02\/AFFICHE-JPO-2025-LYCEE-SCHOELCHER-214x300.jpg 214w, https:\/\/site.ac-martinique.fr\/clg-julianicolas\/wp-content\/uploads\/sites\/119\/2025\/02\/AFFICHE-JPO-2025-LYCEE-SCHOELCHER-768x1078.jpg 768w, https:\/\/site.ac-martinique.fr\/clg-julianicolas\/wp-content\/uploads\/sites\/119\/2025\/02\/AFFICHE-JPO-2025-LYCEE-SCHOELCHER.jpg 912w\" sizes=\"auto, (max-width: 730px) 100vw, 730px\" \/><\/figure>\n\n\n\n<p class=\"has-text-align-center\"><strong>Une journ\u00e9e plac\u00e9e sous le signe de l&rsquo;\u00e9l\u00e9gance<\/strong><\/p>\n\n\n\n<p>Le coll\u00e8ge a c\u00e9l\u00e9br\u00e9, avec succ\u00e8s, la&nbsp;<strong>Journ\u00e9e de l&rsquo;\u00e9l\u00e9gance<\/strong>, vendredi 17 janvier 2025, une manifestation qui a su allier style, convivialit\u00e9 et bienveillance.<\/p>\n\n\n\n<p>Un moment fort de la journ\u00e9e a \u00e9t\u00e9 la cr\u00e9ation du&nbsp;<strong>Mur de l\u2019amiti\u00e9<\/strong>, o\u00f9 chacun a pu \u00e9crire et coller des mots amicaux, rappelant l\u2019importance des valeurs de respect et de bienveillance au sein du coll\u00e8ge.<\/p>\n\n\n\n<figure class=\"wp-block-gallery has-nested-images columns-default is-cropped wp-block-gallery-19 is-layout-flex wp-block-gallery-is-layout-flex\">\n<figure class=\"wp-block-image size-large\"><img loading=\"lazy\" decoding=\"async\" width=\"768\" height=\"1024\" data-id=\"2181\" src=\"https:\/\/site.ac-martinique.fr\/clg-julianicolas\/wp-content\/uploads\/sites\/119\/2025\/02\/mur-de-lamitie-1-768x1024.jpeg\" alt=\"\" class=\"wp-image-2181\" srcset=\"https:\/\/site.ac-martinique.fr\/clg-julianicolas\/wp-content\/uploads\/sites\/119\/2025\/02\/mur-de-lamitie-1-768x1024.jpeg 768w, https:\/\/site.ac-martinique.fr\/clg-julianicolas\/wp-content\/uploads\/sites\/119\/2025\/02\/mur-de-lamitie-1-225x300.jpeg 225w, https:\/\/site.ac-martinique.fr\/clg-julianicolas\/wp-content\/uploads\/sites\/119\/2025\/02\/mur-de-lamitie-1.jpeg 960w\" sizes=\"auto, (max-width: 768px) 100vw, 768px\" \/><\/figure>\n\n\n\n<figure class=\"wp-block-image size-large\"><img loading=\"lazy\" decoding=\"async\" width=\"768\" height=\"1024\" data-id=\"2182\" src=\"https:\/\/site.ac-martinique.fr\/clg-julianicolas\/wp-content\/uploads\/sites\/119\/2025\/02\/Mur-de-lamitie-2-768x1024.jpeg\" alt=\"\" class=\"wp-image-2182\" srcset=\"https:\/\/site.ac-martinique.fr\/clg-julianicolas\/wp-content\/uploads\/sites\/119\/2025\/02\/Mur-de-lamitie-2-768x1024.jpeg 768w, https:\/\/site.ac-martinique.fr\/clg-julianicolas\/wp-content\/uploads\/sites\/119\/2025\/02\/Mur-de-lamitie-2-225x300.jpeg 225w, https:\/\/site.ac-martinique.fr\/clg-julianicolas\/wp-content\/uploads\/sites\/119\/2025\/02\/Mur-de-lamitie-2.jpeg 960w\" sizes=\"auto, (max-width: 768px) 100vw, 768px\" \/><\/figure>\n\n\n\n<figure class=\"wp-block-image size-large\"><img loading=\"lazy\" decoding=\"async\" width=\"768\" height=\"1024\" data-id=\"2183\" src=\"https:\/\/site.ac-martinique.fr\/clg-julianicolas\/wp-content\/uploads\/sites\/119\/2025\/02\/Mur-de-lamitie-3-768x1024.jpeg\" alt=\"\" class=\"wp-image-2183\" srcset=\"https:\/\/site.ac-martinique.fr\/clg-julianicolas\/wp-content\/uploads\/sites\/119\/2025\/02\/Mur-de-lamitie-3-768x1024.jpeg 768w, https:\/\/site.ac-martinique.fr\/clg-julianicolas\/wp-content\/uploads\/sites\/119\/2025\/02\/Mur-de-lamitie-3-225x300.jpeg 225w, https:\/\/site.ac-martinique.fr\/clg-julianicolas\/wp-content\/uploads\/sites\/119\/2025\/02\/Mur-de-lamitie-3.jpeg 960w\" sizes=\"auto, (max-width: 768px) 100vw, 768px\" \/><\/figure>\n\n\n\n<figure class=\"wp-block-image size-large\"><img loading=\"lazy\" decoding=\"async\" width=\"768\" height=\"1024\" data-id=\"2184\" src=\"https:\/\/site.ac-martinique.fr\/clg-julianicolas\/wp-content\/uploads\/sites\/119\/2025\/02\/Mur-de-lamitie-4-768x1024.jpeg\" alt=\"\" class=\"wp-image-2184\" srcset=\"https:\/\/site.ac-martinique.fr\/clg-julianicolas\/wp-content\/uploads\/sites\/119\/2025\/02\/Mur-de-lamitie-4-768x1024.jpeg 768w, https:\/\/site.ac-martinique.fr\/clg-julianicolas\/wp-content\/uploads\/sites\/119\/2025\/02\/Mur-de-lamitie-4-225x300.jpeg 225w, https:\/\/site.ac-martinique.fr\/clg-julianicolas\/wp-content\/uploads\/sites\/119\/2025\/02\/Mur-de-lamitie-4.jpeg 960w\" sizes=\"auto, (max-width: 768px) 100vw, 768px\" \/><\/figure>\n<\/figure>\n\n\n\n<p>La journ\u00e9e s\u2019est achev\u00e9e par un&nbsp;<strong>d\u00e9fil\u00e9 haut en \u00e9l\u00e9gance<\/strong>, o\u00f9 les \u00e9l\u00e8ves ont fi\u00e8rement pr\u00e9sent\u00e9 leurs tenues, suivi du <strong>concours du plus \u00e9l\u00e9gant<\/strong>. <\/p>\n\n\n\n<p>F\u00e9licitations \u00e0 tous les participants, qui ont su d\u00e9montrer que l\u2019\u00e9l\u00e9gance ne se limite pas \u00e0 l\u2019apparence, mais s\u2019exprime \u00e9galement par une posture et des mots empreints de respect.<\/p>\n\n\n\n<figure class=\"wp-block-gallery has-nested-images columns-default is-cropped wp-block-gallery-20 is-layout-flex wp-block-gallery-is-layout-flex\">\n<figure class=\"wp-block-image size-large\"><img loading=\"lazy\" decoding=\"async\" width=\"768\" height=\"1024\" data-id=\"2185\" src=\"https:\/\/site.ac-martinique.fr\/clg-julianicolas\/wp-content\/uploads\/sites\/119\/2025\/02\/Defile-1-768x1024.jpeg\" alt=\"\" class=\"wp-image-2185\" srcset=\"https:\/\/site.ac-martinique.fr\/clg-julianicolas\/wp-content\/uploads\/sites\/119\/2025\/02\/Defile-1-768x1024.jpeg 768w, https:\/\/site.ac-martinique.fr\/clg-julianicolas\/wp-content\/uploads\/sites\/119\/2025\/02\/Defile-1-225x300.jpeg 225w, https:\/\/site.ac-martinique.fr\/clg-julianicolas\/wp-content\/uploads\/sites\/119\/2025\/02\/Defile-1-1152x1536.jpeg 1152w, https:\/\/site.ac-martinique.fr\/clg-julianicolas\/wp-content\/uploads\/sites\/119\/2025\/02\/Defile-1.jpeg 1200w\" sizes=\"auto, (max-width: 768px) 100vw, 768px\" \/><\/figure>\n\n\n\n<figure class=\"wp-block-image size-large\"><img loading=\"lazy\" decoding=\"async\" width=\"768\" height=\"1024\" data-id=\"2186\" src=\"https:\/\/site.ac-martinique.fr\/clg-julianicolas\/wp-content\/uploads\/sites\/119\/2025\/02\/Defile-2-768x1024.jpeg\" alt=\"\" class=\"wp-image-2186\" srcset=\"https:\/\/site.ac-martinique.fr\/clg-julianicolas\/wp-content\/uploads\/sites\/119\/2025\/02\/Defile-2-768x1024.jpeg 768w, https:\/\/site.ac-martinique.fr\/clg-julianicolas\/wp-content\/uploads\/sites\/119\/2025\/02\/Defile-2-225x300.jpeg 225w, https:\/\/site.ac-martinique.fr\/clg-julianicolas\/wp-content\/uploads\/sites\/119\/2025\/02\/Defile-2-1152x1536.jpeg 1152w, https:\/\/site.ac-martinique.fr\/clg-julianicolas\/wp-content\/uploads\/sites\/119\/2025\/02\/Defile-2.jpeg 1200w\" sizes=\"auto, (max-width: 768px) 100vw, 768px\" \/><\/figure>\n\n\n\n<figure class=\"wp-block-image size-large\"><img loading=\"lazy\" decoding=\"async\" width=\"768\" height=\"1024\" data-id=\"2187\" src=\"https:\/\/site.ac-martinique.fr\/clg-julianicolas\/wp-content\/uploads\/sites\/119\/2025\/02\/Defile-3-768x1024.jpeg\" alt=\"\" class=\"wp-image-2187\" srcset=\"https:\/\/site.ac-martinique.fr\/clg-julianicolas\/wp-content\/uploads\/sites\/119\/2025\/02\/Defile-3-768x1024.jpeg 768w, https:\/\/site.ac-martinique.fr\/clg-julianicolas\/wp-content\/uploads\/sites\/119\/2025\/02\/Defile-3-225x300.jpeg 225w, https:\/\/site.ac-martinique.fr\/clg-julianicolas\/wp-content\/uploads\/sites\/119\/2025\/02\/Defile-3-1152x1536.jpeg 1152w, https:\/\/site.ac-martinique.fr\/clg-julianicolas\/wp-content\/uploads\/sites\/119\/2025\/02\/Defile-3.jpeg 1200w\" sizes=\"auto, (max-width: 768px) 100vw, 768px\" \/><\/figure>\n\n\n\n<figure class=\"wp-block-image size-large\"><img loading=\"lazy\" decoding=\"async\" width=\"768\" height=\"1024\" data-id=\"2188\" src=\"https:\/\/site.ac-martinique.fr\/clg-julianicolas\/wp-content\/uploads\/sites\/119\/2025\/02\/Defile-4-768x1024.jpeg\" alt=\"\" class=\"wp-image-2188\" srcset=\"https:\/\/site.ac-martinique.fr\/clg-julianicolas\/wp-content\/uploads\/sites\/119\/2025\/02\/Defile-4-768x1024.jpeg 768w, https:\/\/site.ac-martinique.fr\/clg-julianicolas\/wp-content\/uploads\/sites\/119\/2025\/02\/Defile-4-225x300.jpeg 225w, https:\/\/site.ac-martinique.fr\/clg-julianicolas\/wp-content\/uploads\/sites\/119\/2025\/02\/Defile-4-1152x1536.jpeg 1152w, https:\/\/site.ac-martinique.fr\/clg-julianicolas\/wp-content\/uploads\/sites\/119\/2025\/02\/Defile-4.jpeg 1200w\" sizes=\"auto, (max-width: 768px) 100vw, 768px\" \/><\/figure>\n\n\n\n<figure class=\"wp-block-image size-large\"><img loading=\"lazy\" decoding=\"async\" width=\"768\" height=\"1024\" data-id=\"2189\" src=\"https:\/\/site.ac-martinique.fr\/clg-julianicolas\/wp-content\/uploads\/sites\/119\/2025\/02\/Defile-5-768x1024.jpeg\" alt=\"\" class=\"wp-image-2189\" srcset=\"https:\/\/site.ac-martinique.fr\/clg-julianicolas\/wp-content\/uploads\/sites\/119\/2025\/02\/Defile-5-768x1024.jpeg 768w, https:\/\/site.ac-martinique.fr\/clg-julianicolas\/wp-content\/uploads\/sites\/119\/2025\/02\/Defile-5-225x300.jpeg 225w, https:\/\/site.ac-martinique.fr\/clg-julianicolas\/wp-content\/uploads\/sites\/119\/2025\/02\/Defile-5-1152x1536.jpeg 1152w, https:\/\/site.ac-martinique.fr\/clg-julianicolas\/wp-content\/uploads\/sites\/119\/2025\/02\/Defile-5.jpeg 1200w\" sizes=\"auto, (max-width: 768px) 100vw, 768px\" \/><\/figure>\n\n\n\n<figure class=\"wp-block-image size-large\"><img loading=\"lazy\" decoding=\"async\" width=\"768\" height=\"1024\" data-id=\"2193\" src=\"https:\/\/site.ac-martinique.fr\/clg-julianicolas\/wp-content\/uploads\/sites\/119\/2025\/02\/Defile9-768x1024.jpeg\" alt=\"\" class=\"wp-image-2193\" srcset=\"https:\/\/site.ac-martinique.fr\/clg-julianicolas\/wp-content\/uploads\/sites\/119\/2025\/02\/Defile9-768x1024.jpeg 768w, https:\/\/site.ac-martinique.fr\/clg-julianicolas\/wp-content\/uploads\/sites\/119\/2025\/02\/Defile9-225x300.jpeg 225w, https:\/\/site.ac-martinique.fr\/clg-julianicolas\/wp-content\/uploads\/sites\/119\/2025\/02\/Defile9-1152x1536.jpeg 1152w, https:\/\/site.ac-martinique.fr\/clg-julianicolas\/wp-content\/uploads\/sites\/119\/2025\/02\/Defile9.jpeg 1200w\" sizes=\"auto, (max-width: 768px) 100vw, 768px\" \/><\/figure>\n\n\n\n<figure class=\"wp-block-image size-large\"><img loading=\"lazy\" decoding=\"async\" width=\"768\" height=\"1024\" data-id=\"2192\" src=\"https:\/\/site.ac-martinique.fr\/clg-julianicolas\/wp-content\/uploads\/sites\/119\/2025\/02\/Defile.-8-768x1024.jpeg\" alt=\"\" class=\"wp-image-2192\" srcset=\"https:\/\/site.ac-martinique.fr\/clg-julianicolas\/wp-content\/uploads\/sites\/119\/2025\/02\/Defile.-8-768x1024.jpeg 768w, https:\/\/site.ac-martinique.fr\/clg-julianicolas\/wp-content\/uploads\/sites\/119\/2025\/02\/Defile.-8-225x300.jpeg 225w, https:\/\/site.ac-martinique.fr\/clg-julianicolas\/wp-content\/uploads\/sites\/119\/2025\/02\/Defile.-8-1152x1536.jpeg 1152w, https:\/\/site.ac-martinique.fr\/clg-julianicolas\/wp-content\/uploads\/sites\/119\/2025\/02\/Defile.-8.jpeg 1200w\" sizes=\"auto, (max-width: 768px) 100vw, 768px\" \/><\/figure>\n\n\n\n<figure class=\"wp-block-image size-large\"><img loading=\"lazy\" decoding=\"async\" width=\"1024\" height=\"768\" data-id=\"2194\" src=\"https:\/\/site.ac-martinique.fr\/clg-julianicolas\/wp-content\/uploads\/sites\/119\/2025\/02\/Defile-10-1024x768.jpeg\" alt=\"\" class=\"wp-image-2194\" srcset=\"https:\/\/site.ac-martinique.fr\/clg-julianicolas\/wp-content\/uploads\/sites\/119\/2025\/02\/Defile-10-1024x768.jpeg 1024w, https:\/\/site.ac-martinique.fr\/clg-julianicolas\/wp-content\/uploads\/sites\/119\/2025\/02\/Defile-10-300x225.jpeg 300w, https:\/\/site.ac-martinique.fr\/clg-julianicolas\/wp-content\/uploads\/sites\/119\/2025\/02\/Defile-10-768x576.jpeg 768w, https:\/\/site.ac-martinique.fr\/clg-julianicolas\/wp-content\/uploads\/sites\/119\/2025\/02\/Defile-10-1536x1152.jpeg 1536w, https:\/\/site.ac-martinique.fr\/clg-julianicolas\/wp-content\/uploads\/sites\/119\/2025\/02\/Defile-10-400x300.jpeg 400w, https:\/\/site.ac-martinique.fr\/clg-julianicolas\/wp-content\/uploads\/sites\/119\/2025\/02\/Defile-10.jpeg 1600w\" sizes=\"auto, (max-width: 1024px) 100vw, 1024px\" \/><\/figure>\n\n\n\n<figure class=\"wp-block-image size-large\"><img loading=\"lazy\" decoding=\"async\" width=\"1024\" height=\"768\" data-id=\"2190\" src=\"https:\/\/site.ac-martinique.fr\/clg-julianicolas\/wp-content\/uploads\/sites\/119\/2025\/02\/Defile-6-1024x768.jpeg\" alt=\"\" class=\"wp-image-2190\" srcset=\"https:\/\/site.ac-martinique.fr\/clg-julianicolas\/wp-content\/uploads\/sites\/119\/2025\/02\/Defile-6-1024x768.jpeg 1024w, https:\/\/site.ac-martinique.fr\/clg-julianicolas\/wp-content\/uploads\/sites\/119\/2025\/02\/Defile-6-300x225.jpeg 300w, https:\/\/site.ac-martinique.fr\/clg-julianicolas\/wp-content\/uploads\/sites\/119\/2025\/02\/Defile-6-768x576.jpeg 768w, https:\/\/site.ac-martinique.fr\/clg-julianicolas\/wp-content\/uploads\/sites\/119\/2025\/02\/Defile-6-1536x1152.jpeg 1536w, https:\/\/site.ac-martinique.fr\/clg-julianicolas\/wp-content\/uploads\/sites\/119\/2025\/02\/Defile-6-400x300.jpeg 400w, https:\/\/site.ac-martinique.fr\/clg-julianicolas\/wp-content\/uploads\/sites\/119\/2025\/02\/Defile-6.jpeg 1600w\" sizes=\"auto, (max-width: 1024px) 100vw, 1024px\" \/><\/figure>\n\n\n\n<figure class=\"wp-block-image size-large\"><img loading=\"lazy\" decoding=\"async\" width=\"1024\" height=\"768\" data-id=\"2191\" src=\"https:\/\/site.ac-martinique.fr\/clg-julianicolas\/wp-content\/uploads\/sites\/119\/2025\/02\/Defile-7-1024x768.jpeg\" alt=\"\" class=\"wp-image-2191\" srcset=\"https:\/\/site.ac-martinique.fr\/clg-julianicolas\/wp-content\/uploads\/sites\/119\/2025\/02\/Defile-7-1024x768.jpeg 1024w, https:\/\/site.ac-martinique.fr\/clg-julianicolas\/wp-content\/uploads\/sites\/119\/2025\/02\/Defile-7-300x225.jpeg 300w, https:\/\/site.ac-martinique.fr\/clg-julianicolas\/wp-content\/uploads\/sites\/119\/2025\/02\/Defile-7-768x576.jpeg 768w, https:\/\/site.ac-martinique.fr\/clg-julianicolas\/wp-content\/uploads\/sites\/119\/2025\/02\/Defile-7-1536x1152.jpeg 1536w, https:\/\/site.ac-martinique.fr\/clg-julianicolas\/wp-content\/uploads\/sites\/119\/2025\/02\/Defile-7-400x300.jpeg 400w, https:\/\/site.ac-martinique.fr\/clg-julianicolas\/wp-content\/uploads\/sites\/119\/2025\/02\/Defile-7.jpeg 1600w\" sizes=\"auto, (max-width: 1024px) 100vw, 1024px\" \/><\/figure>\n<\/figure>\n\n\n\n<p>Bravo \u00e0 tous les \u00e9l\u00e8ves pour leur participation et leur implication.<\/p>\n\n\n\n<p>Vous \u00e9tiez tous \u00e9l\u00e9gants, \u00e0 l\u2019int\u00e9rieur comme \u00e0 l\u2019ext\u00e9rieur !<\/p>\n\n\n\n<p class=\"has-text-align-center\"><strong>Une apr\u00e8s-midi festive au coll\u00e8ge Julia Nicolas !<\/strong><\/p>\n\n\n\n<p>L\u2019apr\u00e8s-midi du 19 d\u00e9cembre a d\u00e9but\u00e9 par de magnifiques prestations artistiques pr\u00e9sent\u00e9es par les \u00e9l\u00e8ves des ateliers de chorale et de danse b\u00e8l\u00e8. Ces prestations ont montr\u00e9 le talent et l\u2019investissement des \u00e9l\u00e8ves dans les activit\u00e9s propos\u00e9es.<\/p>\n\n\n\n<figure class=\"wp-block-gallery has-nested-images columns-default is-cropped wp-block-gallery-21 is-layout-flex wp-block-gallery-is-layout-flex\">\n<figure class=\"wp-block-image size-large\"><img loading=\"lazy\" decoding=\"async\" width=\"576\" height=\"1024\" data-id=\"2173\" src=\"https:\/\/site.ac-martinique.fr\/clg-julianicolas\/wp-content\/uploads\/sites\/119\/2025\/02\/la-chorale-576x1024.jpeg\" alt=\"\" class=\"wp-image-2173\" srcset=\"https:\/\/site.ac-martinique.fr\/clg-julianicolas\/wp-content\/uploads\/sites\/119\/2025\/02\/la-chorale-576x1024.jpeg 576w, https:\/\/site.ac-martinique.fr\/clg-julianicolas\/wp-content\/uploads\/sites\/119\/2025\/02\/la-chorale-169x300.jpeg 169w, https:\/\/site.ac-martinique.fr\/clg-julianicolas\/wp-content\/uploads\/sites\/119\/2025\/02\/la-chorale.jpeg 720w\" sizes=\"auto, (max-width: 576px) 100vw, 576px\" \/><\/figure>\n\n\n\n<figure class=\"wp-block-image size-large\"><img loading=\"lazy\" decoding=\"async\" width=\"576\" height=\"1024\" data-id=\"2174\" src=\"https:\/\/site.ac-martinique.fr\/clg-julianicolas\/wp-content\/uploads\/sites\/119\/2025\/02\/atelier-bele-576x1024.jpeg\" alt=\"\" class=\"wp-image-2174\" srcset=\"https:\/\/site.ac-martinique.fr\/clg-julianicolas\/wp-content\/uploads\/sites\/119\/2025\/02\/atelier-bele-576x1024.jpeg 576w, https:\/\/site.ac-martinique.fr\/clg-julianicolas\/wp-content\/uploads\/sites\/119\/2025\/02\/atelier-bele-169x300.jpeg 169w, https:\/\/site.ac-martinique.fr\/clg-julianicolas\/wp-content\/uploads\/sites\/119\/2025\/02\/atelier-bele.jpeg 720w\" sizes=\"auto, (max-width: 576px) 100vw, 576px\" \/><\/figure>\n<\/figure>\n\n\n\n<p>Outre la remise des dipl\u00f4mes du DNB, plusieurs \u00e9l\u00e8ves engag\u00e9s ont \u00e9galement \u00e9t\u00e9 mis \u00e0 l\u2019honneur :<\/p>\n\n\n\n<ul class=\"wp-block-list\">\n<li>Les&nbsp;<strong>ambassadeurs contre le harc\u00e8lement<\/strong>&nbsp;ont \u00e9t\u00e9 r\u00e9compens\u00e9s pour leur r\u00f4le essentiel dans la sensibilisation et la lutte contre ce fl\u00e9au.<\/li>\n\n\n\n<li>Les membres de la&nbsp;<strong>mini-entreprise<\/strong>&nbsp;ont re\u00e7u des f\u00e9licitations pour leur implication contribuant \u00e0 la r\u00e9ussite de ce projet collaboratif.<\/li>\n<\/ul>\n\n\n\n<figure class=\"wp-block-gallery has-nested-images columns-default is-cropped wp-block-gallery-22 is-layout-flex wp-block-gallery-is-layout-flex\">\n<figure class=\"wp-block-image size-large\"><img loading=\"lazy\" decoding=\"async\" width=\"1024\" height=\"769\" data-id=\"2178\" src=\"https:\/\/site.ac-martinique.fr\/clg-julianicolas\/wp-content\/uploads\/sites\/119\/2025\/02\/ambassadeurs-harcelement-1024x769.jpeg\" alt=\"\" class=\"wp-image-2178\" srcset=\"https:\/\/site.ac-martinique.fr\/clg-julianicolas\/wp-content\/uploads\/sites\/119\/2025\/02\/ambassadeurs-harcelement-1024x769.jpeg 1024w, https:\/\/site.ac-martinique.fr\/clg-julianicolas\/wp-content\/uploads\/sites\/119\/2025\/02\/ambassadeurs-harcelement-300x225.jpeg 300w, https:\/\/site.ac-martinique.fr\/clg-julianicolas\/wp-content\/uploads\/sites\/119\/2025\/02\/ambassadeurs-harcelement-768x577.jpeg 768w, https:\/\/site.ac-martinique.fr\/clg-julianicolas\/wp-content\/uploads\/sites\/119\/2025\/02\/ambassadeurs-harcelement-400x300.jpeg 400w, https:\/\/site.ac-martinique.fr\/clg-julianicolas\/wp-content\/uploads\/sites\/119\/2025\/02\/ambassadeurs-harcelement.jpeg 1156w\" sizes=\"auto, (max-width: 1024px) 100vw, 1024px\" \/><\/figure>\n<\/figure>\n\n\n\n<p>Le point culminant de l\u2019apr\u00e8s-midi a \u00e9t\u00e9 la remise des dipl\u00f4mes aux anciens \u00e9l\u00e8ves de la promotion 2024, qui nous ont fait le plaisir de revenir au coll\u00e8ge pour partager ce moment marquant de leur parcours.<\/p>\n\n\n\n<figure class=\"wp-block-gallery has-nested-images columns-default is-cropped wp-block-gallery-23 is-layout-flex wp-block-gallery-is-layout-flex\">\n<figure class=\"wp-block-image size-large\"><img loading=\"lazy\" decoding=\"async\" width=\"576\" height=\"1024\" data-id=\"2176\" src=\"https:\/\/site.ac-martinique.fr\/clg-julianicolas\/wp-content\/uploads\/sites\/119\/2025\/02\/les-anciens-3eme-576x1024.jpeg\" alt=\"\" class=\"wp-image-2176\" srcset=\"https:\/\/site.ac-martinique.fr\/clg-julianicolas\/wp-content\/uploads\/sites\/119\/2025\/02\/les-anciens-3eme-576x1024.jpeg 576w, https:\/\/site.ac-martinique.fr\/clg-julianicolas\/wp-content\/uploads\/sites\/119\/2025\/02\/les-anciens-3eme-169x300.jpeg 169w, https:\/\/site.ac-martinique.fr\/clg-julianicolas\/wp-content\/uploads\/sites\/119\/2025\/02\/les-anciens-3eme.jpeg 720w\" sizes=\"auto, (max-width: 576px) 100vw, 576px\" \/><\/figure>\n<\/figure>\n\n\n\n<p>Pour cl\u00f4turer cette apr\u00e8s-midi, une collation a \u00e9t\u00e9 offerte aux jeunes dipl\u00f4m\u00e9s et \u00e0 leurs familles. Les \u00e9l\u00e8ves du coll\u00e8ge sont repartis avec un petit paquet \u00ab&nbsp;surprise&nbsp;\u00bb.<\/p>\n\n\n\n<p>Cette apr\u00e8s-midi a, une nouvelle fois, montr\u00e9 que notre coll\u00e8ge est un lieu o\u00f9 la r\u00e9ussite, le partage et l\u2019engagement sont au c\u0153ur de nos valeurs.<\/p>\n\n\n\n<p class=\"has-text-align-center\"><strong> Speed Meeting au coll\u00e8ge Julia Nicolas<\/strong><\/p>\n\n\n\n<p>Dans le cadre de la semaine des entrepreneurs, le coll\u00e8ge Julia Nicolas a  pu organiser un <strong>Speed-Meeting<\/strong> \u00e0 destination des \u00e9l\u00e8ves de 3\u00e8me, le jeudi 19 d\u00e9cembre.<\/p>\n\n\n\n<figure class=\"wp-block-gallery has-nested-images columns-default is-cropped wp-block-gallery-24 is-layout-flex wp-block-gallery-is-layout-flex\">\n<figure class=\"wp-block-image size-large\"><img loading=\"lazy\" decoding=\"async\" width=\"462\" height=\"1024\" data-id=\"2159\" src=\"https:\/\/site.ac-martinique.fr\/clg-julianicolas\/wp-content\/uploads\/sites\/119\/2025\/02\/Photo-1-462x1024.jpg\" alt=\"\" class=\"wp-image-2159\" srcset=\"https:\/\/site.ac-martinique.fr\/clg-julianicolas\/wp-content\/uploads\/sites\/119\/2025\/02\/Photo-1-462x1024.jpg 462w, https:\/\/site.ac-martinique.fr\/clg-julianicolas\/wp-content\/uploads\/sites\/119\/2025\/02\/Photo-1-135x300.jpg 135w, https:\/\/site.ac-martinique.fr\/clg-julianicolas\/wp-content\/uploads\/sites\/119\/2025\/02\/Photo-1.jpg 521w\" sizes=\"auto, (max-width: 462px) 100vw, 462px\" \/><\/figure>\n\n\n\n<figure class=\"wp-block-image size-large\"><img loading=\"lazy\" decoding=\"async\" width=\"1024\" height=\"462\" data-id=\"2161\" src=\"https:\/\/site.ac-martinique.fr\/clg-julianicolas\/wp-content\/uploads\/sites\/119\/2025\/02\/Photo-3-1024x462.jpg\" alt=\"\" class=\"wp-image-2161\" srcset=\"https:\/\/site.ac-martinique.fr\/clg-julianicolas\/wp-content\/uploads\/sites\/119\/2025\/02\/Photo-3-1024x462.jpg 1024w, https:\/\/site.ac-martinique.fr\/clg-julianicolas\/wp-content\/uploads\/sites\/119\/2025\/02\/Photo-3-300x135.jpg 300w, https:\/\/site.ac-martinique.fr\/clg-julianicolas\/wp-content\/uploads\/sites\/119\/2025\/02\/Photo-3-768x346.jpg 768w, https:\/\/site.ac-martinique.fr\/clg-julianicolas\/wp-content\/uploads\/sites\/119\/2025\/02\/Photo-3-500x225.jpg 500w, https:\/\/site.ac-martinique.fr\/clg-julianicolas\/wp-content\/uploads\/sites\/119\/2025\/02\/Photo-3.jpg 1156w\" sizes=\"auto, (max-width: 1024px) 100vw, 1024px\" \/><\/figure>\n\n\n\n<figure class=\"wp-block-image size-large\"><img loading=\"lazy\" decoding=\"async\" width=\"1024\" height=\"462\" data-id=\"2160\" src=\"https:\/\/site.ac-martinique.fr\/clg-julianicolas\/wp-content\/uploads\/sites\/119\/2025\/02\/Photo-2-1024x462.jpg\" alt=\"\" class=\"wp-image-2160\" srcset=\"https:\/\/site.ac-martinique.fr\/clg-julianicolas\/wp-content\/uploads\/sites\/119\/2025\/02\/Photo-2-1024x462.jpg 1024w, https:\/\/site.ac-martinique.fr\/clg-julianicolas\/wp-content\/uploads\/sites\/119\/2025\/02\/Photo-2-300x135.jpg 300w, https:\/\/site.ac-martinique.fr\/clg-julianicolas\/wp-content\/uploads\/sites\/119\/2025\/02\/Photo-2-768x346.jpg 768w, https:\/\/site.ac-martinique.fr\/clg-julianicolas\/wp-content\/uploads\/sites\/119\/2025\/02\/Photo-2-500x225.jpg 500w, https:\/\/site.ac-martinique.fr\/clg-julianicolas\/wp-content\/uploads\/sites\/119\/2025\/02\/Photo-2.jpg 1156w\" sizes=\"auto, (max-width: 1024px) 100vw, 1024px\" \/><\/figure>\n\n\n\n<figure class=\"wp-block-image size-large\"><img loading=\"lazy\" decoding=\"async\" width=\"1024\" height=\"462\" data-id=\"2162\" src=\"https:\/\/site.ac-martinique.fr\/clg-julianicolas\/wp-content\/uploads\/sites\/119\/2025\/02\/Photo-5-1024x462.jpg\" alt=\"\" class=\"wp-image-2162\" srcset=\"https:\/\/site.ac-martinique.fr\/clg-julianicolas\/wp-content\/uploads\/sites\/119\/2025\/02\/Photo-5-1024x462.jpg 1024w, https:\/\/site.ac-martinique.fr\/clg-julianicolas\/wp-content\/uploads\/sites\/119\/2025\/02\/Photo-5-300x135.jpg 300w, https:\/\/site.ac-martinique.fr\/clg-julianicolas\/wp-content\/uploads\/sites\/119\/2025\/02\/Photo-5-768x346.jpg 768w, https:\/\/site.ac-martinique.fr\/clg-julianicolas\/wp-content\/uploads\/sites\/119\/2025\/02\/Photo-5-500x225.jpg 500w, https:\/\/site.ac-martinique.fr\/clg-julianicolas\/wp-content\/uploads\/sites\/119\/2025\/02\/Photo-5.jpg 1156w\" sizes=\"auto, (max-width: 1024px) 100vw, 1024px\" \/><\/figure>\n\n\n\n<figure class=\"wp-block-image size-large\"><img loading=\"lazy\" decoding=\"async\" width=\"1024\" height=\"462\" data-id=\"2163\" src=\"https:\/\/site.ac-martinique.fr\/clg-julianicolas\/wp-content\/uploads\/sites\/119\/2025\/02\/Photo-6-1024x462.jpg\" alt=\"\" class=\"wp-image-2163\" srcset=\"https:\/\/site.ac-martinique.fr\/clg-julianicolas\/wp-content\/uploads\/sites\/119\/2025\/02\/Photo-6-1024x462.jpg 1024w, https:\/\/site.ac-martinique.fr\/clg-julianicolas\/wp-content\/uploads\/sites\/119\/2025\/02\/Photo-6-300x135.jpg 300w, https:\/\/site.ac-martinique.fr\/clg-julianicolas\/wp-content\/uploads\/sites\/119\/2025\/02\/Photo-6-768x346.jpg 768w, https:\/\/site.ac-martinique.fr\/clg-julianicolas\/wp-content\/uploads\/sites\/119\/2025\/02\/Photo-6-500x225.jpg 500w, https:\/\/site.ac-martinique.fr\/clg-julianicolas\/wp-content\/uploads\/sites\/119\/2025\/02\/Photo-6.jpg 1156w\" sizes=\"auto, (max-width: 1024px) 100vw, 1024px\" \/><\/figure>\n\n\n\n<figure class=\"wp-block-image size-large\"><img loading=\"lazy\" decoding=\"async\" width=\"1024\" height=\"462\" data-id=\"2164\" src=\"https:\/\/site.ac-martinique.fr\/clg-julianicolas\/wp-content\/uploads\/sites\/119\/2025\/02\/Photo-7-1024x462.jpg\" alt=\"\" class=\"wp-image-2164\" srcset=\"https:\/\/site.ac-martinique.fr\/clg-julianicolas\/wp-content\/uploads\/sites\/119\/2025\/02\/Photo-7-1024x462.jpg 1024w, https:\/\/site.ac-martinique.fr\/clg-julianicolas\/wp-content\/uploads\/sites\/119\/2025\/02\/Photo-7-300x135.jpg 300w, https:\/\/site.ac-martinique.fr\/clg-julianicolas\/wp-content\/uploads\/sites\/119\/2025\/02\/Photo-7-768x346.jpg 768w, https:\/\/site.ac-martinique.fr\/clg-julianicolas\/wp-content\/uploads\/sites\/119\/2025\/02\/Photo-7-500x225.jpg 500w, https:\/\/site.ac-martinique.fr\/clg-julianicolas\/wp-content\/uploads\/sites\/119\/2025\/02\/Photo-7.jpg 1156w\" sizes=\"auto, (max-width: 1024px) 100vw, 1024px\" \/><\/figure>\n<\/figure>\n\n\n\n<p><strong>Un grand Merci<\/strong> \u00e0 l&rsquo;association <strong>100 Mille entrepreneurs<\/strong> qui a largement contribu\u00e9 \u00e0 la r\u00e9ussite de cet \u00e9v\u00e9nement par l&rsquo;expos\u00e9 d&rsquo;intervenants de qualit\u00e9!<\/p>\n\n\n\n<p class=\"has-text-align-center\"><strong>Quand le street art met en lumi\u00e8re l&rsquo;identit\u00e9 carib\u00e9enne<\/strong><\/p>\n\n\n\n<p>Les \u00e9l\u00e8ves de 3<sup>\u00e8me<\/sup> ont particip\u00e9 \u00e0 un projet collaboratif de&nbsp;<strong>street art<\/strong>, port\u00e9 par le collectif MadaPaint, visant \u00e0 embellir les escaliers de l&rsquo;immeuble Cascade.<\/p>\n\n\n\n<p>Sous le th\u00e8me de l&rsquo;<strong>identit\u00e9 carib\u00e9enne<\/strong>, sous la houlette de l\u2019artiste plasticienne Aur\u00e9lie Argyre et de leur professeur d\u2019art plastique, ils ont pris part \u00e0 la r\u00e9alisation d\u2019\u0153uvres color\u00e9es.<\/p>\n\n\n\n<figure class=\"wp-block-gallery has-nested-images columns-default is-cropped wp-block-gallery-25 is-layout-flex wp-block-gallery-is-layout-flex\">\n<figure class=\"wp-block-image size-large\"><img loading=\"lazy\" decoding=\"async\" width=\"768\" height=\"1024\" data-id=\"2121\" src=\"https:\/\/site.ac-martinique.fr\/clg-julianicolas\/wp-content\/uploads\/sites\/119\/2025\/02\/9c7a2176-2c6c-460f-9c09-2dae1427fb04-768x1024.jpeg\" alt=\"\" class=\"wp-image-2121\" srcset=\"https:\/\/site.ac-martinique.fr\/clg-julianicolas\/wp-content\/uploads\/sites\/119\/2025\/02\/9c7a2176-2c6c-460f-9c09-2dae1427fb04-768x1024.jpeg 768w, https:\/\/site.ac-martinique.fr\/clg-julianicolas\/wp-content\/uploads\/sites\/119\/2025\/02\/9c7a2176-2c6c-460f-9c09-2dae1427fb04-225x300.jpeg 225w, https:\/\/site.ac-martinique.fr\/clg-julianicolas\/wp-content\/uploads\/sites\/119\/2025\/02\/9c7a2176-2c6c-460f-9c09-2dae1427fb04-1152x1536.jpeg 1152w, https:\/\/site.ac-martinique.fr\/clg-julianicolas\/wp-content\/uploads\/sites\/119\/2025\/02\/9c7a2176-2c6c-460f-9c09-2dae1427fb04.jpeg 1536w\" sizes=\"auto, (max-width: 768px) 100vw, 768px\" \/><\/figure>\n\n\n\n<figure class=\"wp-block-image size-large\"><img loading=\"lazy\" decoding=\"async\" width=\"768\" height=\"1024\" data-id=\"2120\" src=\"https:\/\/site.ac-martinique.fr\/clg-julianicolas\/wp-content\/uploads\/sites\/119\/2025\/02\/1e3863ec-7b18-473a-b9e0-93717e397fbb-768x1024.jpeg\" alt=\"\" class=\"wp-image-2120\" srcset=\"https:\/\/site.ac-martinique.fr\/clg-julianicolas\/wp-content\/uploads\/sites\/119\/2025\/02\/1e3863ec-7b18-473a-b9e0-93717e397fbb-768x1024.jpeg 768w, https:\/\/site.ac-martinique.fr\/clg-julianicolas\/wp-content\/uploads\/sites\/119\/2025\/02\/1e3863ec-7b18-473a-b9e0-93717e397fbb-225x300.jpeg 225w, https:\/\/site.ac-martinique.fr\/clg-julianicolas\/wp-content\/uploads\/sites\/119\/2025\/02\/1e3863ec-7b18-473a-b9e0-93717e397fbb-1152x1536.jpeg 1152w, https:\/\/site.ac-martinique.fr\/clg-julianicolas\/wp-content\/uploads\/sites\/119\/2025\/02\/1e3863ec-7b18-473a-b9e0-93717e397fbb.jpeg 1536w\" sizes=\"auto, (max-width: 768px) 100vw, 768px\" \/><\/figure>\n\n\n\n<figure class=\"wp-block-image size-large\"><img loading=\"lazy\" decoding=\"async\" width=\"768\" height=\"1024\" data-id=\"2123\" src=\"https:\/\/site.ac-martinique.fr\/clg-julianicolas\/wp-content\/uploads\/sites\/119\/2025\/02\/800b29d6-f9de-4344-a7e9-22bbce2f8d70-768x1024.jpeg\" alt=\"\" class=\"wp-image-2123\" srcset=\"https:\/\/site.ac-martinique.fr\/clg-julianicolas\/wp-content\/uploads\/sites\/119\/2025\/02\/800b29d6-f9de-4344-a7e9-22bbce2f8d70-768x1024.jpeg 768w, https:\/\/site.ac-martinique.fr\/clg-julianicolas\/wp-content\/uploads\/sites\/119\/2025\/02\/800b29d6-f9de-4344-a7e9-22bbce2f8d70-225x300.jpeg 225w, https:\/\/site.ac-martinique.fr\/clg-julianicolas\/wp-content\/uploads\/sites\/119\/2025\/02\/800b29d6-f9de-4344-a7e9-22bbce2f8d70-1152x1536.jpeg 1152w, https:\/\/site.ac-martinique.fr\/clg-julianicolas\/wp-content\/uploads\/sites\/119\/2025\/02\/800b29d6-f9de-4344-a7e9-22bbce2f8d70.jpeg 1536w\" sizes=\"auto, (max-width: 768px) 100vw, 768px\" \/><\/figure>\n\n\n\n<figure class=\"wp-block-image size-large\"><img loading=\"lazy\" decoding=\"async\" width=\"768\" height=\"1024\" data-id=\"2128\" src=\"https:\/\/site.ac-martinique.fr\/clg-julianicolas\/wp-content\/uploads\/sites\/119\/2025\/02\/485bedaa-b103-454d-9e52-55c568938ff5-768x1024.jpeg\" alt=\"\" class=\"wp-image-2128\" srcset=\"https:\/\/site.ac-martinique.fr\/clg-julianicolas\/wp-content\/uploads\/sites\/119\/2025\/02\/485bedaa-b103-454d-9e52-55c568938ff5-768x1024.jpeg 768w, https:\/\/site.ac-martinique.fr\/clg-julianicolas\/wp-content\/uploads\/sites\/119\/2025\/02\/485bedaa-b103-454d-9e52-55c568938ff5-225x300.jpeg 225w, https:\/\/site.ac-martinique.fr\/clg-julianicolas\/wp-content\/uploads\/sites\/119\/2025\/02\/485bedaa-b103-454d-9e52-55c568938ff5.jpeg 960w\" sizes=\"auto, (max-width: 768px) 100vw, 768px\" \/><\/figure>\n\n\n\n<figure class=\"wp-block-image size-large\"><img loading=\"lazy\" decoding=\"async\" width=\"768\" height=\"1024\" data-id=\"2126\" src=\"https:\/\/site.ac-martinique.fr\/clg-julianicolas\/wp-content\/uploads\/sites\/119\/2025\/02\/56ab98c4-73b1-482c-a9d1-68bd592b7647-768x1024.jpeg\" alt=\"\" class=\"wp-image-2126\" srcset=\"https:\/\/site.ac-martinique.fr\/clg-julianicolas\/wp-content\/uploads\/sites\/119\/2025\/02\/56ab98c4-73b1-482c-a9d1-68bd592b7647-768x1024.jpeg 768w, https:\/\/site.ac-martinique.fr\/clg-julianicolas\/wp-content\/uploads\/sites\/119\/2025\/02\/56ab98c4-73b1-482c-a9d1-68bd592b7647-225x300.jpeg 225w, https:\/\/site.ac-martinique.fr\/clg-julianicolas\/wp-content\/uploads\/sites\/119\/2025\/02\/56ab98c4-73b1-482c-a9d1-68bd592b7647-1152x1536.jpeg 1152w, https:\/\/site.ac-martinique.fr\/clg-julianicolas\/wp-content\/uploads\/sites\/119\/2025\/02\/56ab98c4-73b1-482c-a9d1-68bd592b7647.jpeg 1200w\" sizes=\"auto, (max-width: 768px) 100vw, 768px\" \/><\/figure>\n<\/figure>\n\n\n\n<p>Ce projet a permis de valoriser le patrimoine carib\u00e9en, de participer \u00e0 la pr\u00e9servation d\u2019une m\u00e9moire collective tout en donnant une nouvelle vie \u00e0 un lieu de passage.<\/p>\n\n\n\n<p>Bravo \u00e0 nos \u00e9l\u00e8ves pour leur engagement et leur participation, qui ont contribu\u00e9 \u00e0 illuminer l\u2019immeuble Cascade <\/p>\n\n\n\n<h2 class=\"wp-block-heading\">FORMATION DES D\u00c9L\u00c9GU\u00c9S<\/h2>\n\n\n\n<p>Le 12 d\u00e9cembre 2024, les d\u00e9l\u00e9gu\u00e9s du coll\u00e8ge Julia Nicolas ont particip\u00e9 \u00e0 une formation au Fort Saint-Louis de Fort-de-France. Cette journ\u00e9e a \u00e9t\u00e9 anim\u00e9e par Madame Martingoulet, r\u00e9f\u00e9rente acad\u00e9mique pour l\u2019\u00e9ducation \u00e0 la d\u00e9fense, et la CPE du coll\u00e8ge.<\/p>\n\n\n\n<p>La formation s\u2019est d\u00e9roul\u00e9e en deux temps :<strong><\/strong><\/p>\n\n\n\n<ul class=\"wp-block-list\">\n<li><strong>Le matin<\/strong>, les d\u00e9l\u00e9gu\u00e9s ont b\u00e9n\u00e9fici\u00e9 d\u2019un rappel citoyen avec Madame Martingoulet. Ensuite, encadr\u00e9s par le personnel pr\u00e9sent, ils ont particip\u00e9 \u00e0 un parcours de recherche de balises \u00e0 travers le fort. Cette activit\u00e9 avait pour objectif de renforcer leurs connaissances sur le r\u00f4le de d\u00e9l\u00e9gu\u00e9 et de citoyen. Ils ont \u00e9galement eu l\u2019opportunit\u00e9 de profiter d\u2019une balade \u00e0 bord d\u2019un remorqueur de la Marine nationale. <\/li>\n\n\n\n<li><strong>L\u2019apr\u00e8s-midi<\/strong>, les \u00e9l\u00e8ves ont \u00e9chang\u00e9 leurs exp\u00e9riences en tant que d\u00e9l\u00e9gu\u00e9s, partageant les r\u00e9ussites et les difficult\u00e9s rencontr\u00e9es dans leurs classes respectives.<\/li>\n<\/ul>\n\n\n\n<p>Cette journ\u00e9e de formation marque le d\u00e9but d\u2019un accompagnement qui se poursuivra tout au long de l\u2019ann\u00e9e. La CPE travaillera r\u00e9guli\u00e8rement avec les d\u00e9l\u00e9gu\u00e9s pour approfondir les comp\u00e9tences et les attentes li\u00e9es \u00e0 leur r\u00f4le.<\/p>\n\n\n\n<figure class=\"wp-block-gallery has-nested-images columns-default is-cropped wp-block-gallery-26 is-layout-flex wp-block-gallery-is-layout-flex\">\n<figure class=\"wp-block-image size-large\"><img loading=\"lazy\" decoding=\"async\" width=\"768\" height=\"1024\" data-id=\"2145\" src=\"https:\/\/site.ac-martinique.fr\/clg-julianicolas\/wp-content\/uploads\/sites\/119\/2025\/02\/9b2e971a-7373-4444-9973-94e52be493f0-768x1024.jpeg\" alt=\"\" class=\"wp-image-2145\" srcset=\"https:\/\/site.ac-martinique.fr\/clg-julianicolas\/wp-content\/uploads\/sites\/119\/2025\/02\/9b2e971a-7373-4444-9973-94e52be493f0-768x1024.jpeg 768w, https:\/\/site.ac-martinique.fr\/clg-julianicolas\/wp-content\/uploads\/sites\/119\/2025\/02\/9b2e971a-7373-4444-9973-94e52be493f0-225x300.jpeg 225w, https:\/\/site.ac-martinique.fr\/clg-julianicolas\/wp-content\/uploads\/sites\/119\/2025\/02\/9b2e971a-7373-4444-9973-94e52be493f0.jpeg 960w\" sizes=\"auto, (max-width: 768px) 100vw, 768px\" \/><\/figure>\n\n\n\n<figure class=\"wp-block-image size-large\"><img loading=\"lazy\" decoding=\"async\" width=\"1024\" height=\"768\" data-id=\"2146\" src=\"https:\/\/site.ac-martinique.fr\/clg-julianicolas\/wp-content\/uploads\/sites\/119\/2025\/02\/57866d8c-8d46-49e4-8aef-0f44d5a74c99-1-1024x768.jpeg\" alt=\"\" class=\"wp-image-2146\" srcset=\"https:\/\/site.ac-martinique.fr\/clg-julianicolas\/wp-content\/uploads\/sites\/119\/2025\/02\/57866d8c-8d46-49e4-8aef-0f44d5a74c99-1-1024x768.jpeg 1024w, https:\/\/site.ac-martinique.fr\/clg-julianicolas\/wp-content\/uploads\/sites\/119\/2025\/02\/57866d8c-8d46-49e4-8aef-0f44d5a74c99-1-300x225.jpeg 300w, https:\/\/site.ac-martinique.fr\/clg-julianicolas\/wp-content\/uploads\/sites\/119\/2025\/02\/57866d8c-8d46-49e4-8aef-0f44d5a74c99-1-768x576.jpeg 768w, https:\/\/site.ac-martinique.fr\/clg-julianicolas\/wp-content\/uploads\/sites\/119\/2025\/02\/57866d8c-8d46-49e4-8aef-0f44d5a74c99-1-400x300.jpeg 400w, https:\/\/site.ac-martinique.fr\/clg-julianicolas\/wp-content\/uploads\/sites\/119\/2025\/02\/57866d8c-8d46-49e4-8aef-0f44d5a74c99-1.jpeg 1280w\" sizes=\"auto, (max-width: 1024px) 100vw, 1024px\" \/><\/figure>\n<\/figure>\n\n\n\n<figure class=\"wp-block-gallery has-nested-images columns-default is-cropped wp-block-gallery-27 is-layout-flex wp-block-gallery-is-layout-flex\">\n<figure class=\"wp-block-image size-large\"><img loading=\"lazy\" decoding=\"async\" width=\"768\" height=\"1024\" data-id=\"2150\" src=\"https:\/\/site.ac-martinique.fr\/clg-julianicolas\/wp-content\/uploads\/sites\/119\/2025\/02\/5a410525-04ea-458b-b9a1-940480312891-1-768x1024.jpeg\" alt=\"\" class=\"wp-image-2150\" srcset=\"https:\/\/site.ac-martinique.fr\/clg-julianicolas\/wp-content\/uploads\/sites\/119\/2025\/02\/5a410525-04ea-458b-b9a1-940480312891-1-768x1024.jpeg 768w, https:\/\/site.ac-martinique.fr\/clg-julianicolas\/wp-content\/uploads\/sites\/119\/2025\/02\/5a410525-04ea-458b-b9a1-940480312891-1-225x300.jpeg 225w, https:\/\/site.ac-martinique.fr\/clg-julianicolas\/wp-content\/uploads\/sites\/119\/2025\/02\/5a410525-04ea-458b-b9a1-940480312891-1-1152x1536.jpeg 1152w, https:\/\/site.ac-martinique.fr\/clg-julianicolas\/wp-content\/uploads\/sites\/119\/2025\/02\/5a410525-04ea-458b-b9a1-940480312891-1.jpeg 1200w\" sizes=\"auto, (max-width: 768px) 100vw, 768px\" \/><\/figure>\n\n\n\n<figure class=\"wp-block-image size-large\"><img loading=\"lazy\" decoding=\"async\" width=\"768\" height=\"1024\" data-id=\"2151\" src=\"https:\/\/site.ac-martinique.fr\/clg-julianicolas\/wp-content\/uploads\/sites\/119\/2025\/02\/9e32a626-b415-4c78-99b5-649fc1430f1a-2-768x1024.jpeg\" alt=\"\" class=\"wp-image-2151\" srcset=\"https:\/\/site.ac-martinique.fr\/clg-julianicolas\/wp-content\/uploads\/sites\/119\/2025\/02\/9e32a626-b415-4c78-99b5-649fc1430f1a-2-768x1024.jpeg 768w, https:\/\/site.ac-martinique.fr\/clg-julianicolas\/wp-content\/uploads\/sites\/119\/2025\/02\/9e32a626-b415-4c78-99b5-649fc1430f1a-2-225x300.jpeg 225w, https:\/\/site.ac-martinique.fr\/clg-julianicolas\/wp-content\/uploads\/sites\/119\/2025\/02\/9e32a626-b415-4c78-99b5-649fc1430f1a-2.jpeg 960w\" sizes=\"auto, (max-width: 768px) 100vw, 768px\" \/><\/figure>\n<\/figure>\n\n\n\n<p><strong>Un sapin collaboratif pour illuminer le coll\u00e8ge<\/strong><\/p>\n\n\n\n<p>Les \u00e9l\u00e8ves de 6<sup>\u00e8me<\/sup> 3, ainsi que des volontaires issus de diff\u00e9rentes classes, accompagn\u00e9s de leur professeur d\u2019arts plastiques, ont r\u00e9alis\u00e9 un sapin original m\u00ealant lianes naturelles et structure m\u00e9tallique en grillage.<\/p>\n\n\n\n<figure class=\"wp-block-gallery has-nested-images columns-default is-cropped wp-block-gallery-28 is-layout-flex wp-block-gallery-is-layout-flex\">\n<figure class=\"wp-block-image size-large\"><img loading=\"lazy\" decoding=\"async\" width=\"769\" height=\"1024\" data-id=\"2058\" src=\"https:\/\/site.ac-martinique.fr\/clg-julianicolas\/wp-content\/uploads\/sites\/119\/2024\/12\/Photo-3-sapin-769x1024.jpeg\" alt=\"\" class=\"wp-image-2058\" srcset=\"https:\/\/site.ac-martinique.fr\/clg-julianicolas\/wp-content\/uploads\/sites\/119\/2024\/12\/Photo-3-sapin-769x1024.jpeg 769w, https:\/\/site.ac-martinique.fr\/clg-julianicolas\/wp-content\/uploads\/sites\/119\/2024\/12\/Photo-3-sapin-225x300.jpeg 225w, https:\/\/site.ac-martinique.fr\/clg-julianicolas\/wp-content\/uploads\/sites\/119\/2024\/12\/Photo-3-sapin-768x1023.jpeg 768w, https:\/\/site.ac-martinique.fr\/clg-julianicolas\/wp-content\/uploads\/sites\/119\/2024\/12\/Photo-3-sapin.jpeg 868w\" sizes=\"auto, (max-width: 769px) 100vw, 769px\" \/><\/figure>\n<\/figure>\n\n\n\n<p>Cette oeuvre unique illustre parfaitement les valeurs de travail en \u00e9quipe et d\u2019innovation artistique. Le choix des mat\u00e9riaux alliant le naturel et l\u2019industriel refl\u00e8te un m\u00e9lange harmonieux et esth\u00e9tique, parfait pour la saison des f\u00eates.<\/p>\n\n\n\n<p>Un grand bravo \u00e0 tous les \u00e9l\u00e8ves et \u00e0 leur professeur pour cette r\u00e9alisation qui fait rayonner la cr\u00e9ativit\u00e9 au sein de notre coll\u00e8ge !<\/p>\n\n\n\n<p><strong><a href=\"https:\/\/site.ac-martinique.fr\/clg-julianicolas\/wp-admin\/post.php?post=2037&amp;action=edit\">Festival en pays r\u00eav\u00e9<\/a><\/strong><\/p>\n\n\n\n<p class=\"has-text-align-center\">Les 19 et 20 novembre, les \u00e9l\u00e8ves de 6\u00e8me et 5\u00e8me du coll\u00e8ge, accompagn\u00e9s de leur professeur de fran\u00e7ais, ont eu le plaisir d\u2019accueillir deux auteurs dans le cadre du festival <\/p>\n\n\n\n<p class=\"has-text-align-center\"><strong>En pays r\u00eav\u00e9<\/strong>:<\/p>\n\n\n\n<p> Emmanuel Kh\u00e9rad, auteur de<strong> Regarde le monde<\/strong>,<\/p>\n\n\n\n<figure class=\"wp-block-image size-large\"><img loading=\"lazy\" decoding=\"async\" width=\"1024\" height=\"576\" src=\"https:\/\/site.ac-martinique.fr\/clg-julianicolas\/wp-content\/uploads\/sites\/119\/2024\/12\/Regarde-le-monde-1024x576.jpg\" alt=\"\" class=\"wp-image-2025\" srcset=\"https:\/\/site.ac-martinique.fr\/clg-julianicolas\/wp-content\/uploads\/sites\/119\/2024\/12\/Regarde-le-monde-1024x576.jpg 1024w, https:\/\/site.ac-martinique.fr\/clg-julianicolas\/wp-content\/uploads\/sites\/119\/2024\/12\/Regarde-le-monde-300x169.jpg 300w, https:\/\/site.ac-martinique.fr\/clg-julianicolas\/wp-content\/uploads\/sites\/119\/2024\/12\/Regarde-le-monde-768x432.jpg 768w, https:\/\/site.ac-martinique.fr\/clg-julianicolas\/wp-content\/uploads\/sites\/119\/2024\/12\/Regarde-le-monde-500x281.jpg 500w, https:\/\/site.ac-martinique.fr\/clg-julianicolas\/wp-content\/uploads\/sites\/119\/2024\/12\/Regarde-le-monde.jpg 1280w\" sizes=\"auto, (max-width: 1024px) 100vw, 1024px\" \/><\/figure>\n\n\n\n<p>et Mokhtar Amoudi, auteur de <strong>Les conditions id\u00e9ales<\/strong>, laur\u00e9at du prix Goncourt des d\u00e9tenus 2023.<\/p>\n\n\n\n<figure class=\"wp-block-image size-large\"><img loading=\"lazy\" decoding=\"async\" width=\"1024\" height=\"576\" src=\"https:\/\/site.ac-martinique.fr\/clg-julianicolas\/wp-content\/uploads\/sites\/119\/2024\/12\/Les-conditions-ideales-Mokhtar-Amoudi-1024x576.jpg\" alt=\"\" class=\"wp-image-2024\" srcset=\"https:\/\/site.ac-martinique.fr\/clg-julianicolas\/wp-content\/uploads\/sites\/119\/2024\/12\/Les-conditions-ideales-Mokhtar-Amoudi-1024x576.jpg 1024w, https:\/\/site.ac-martinique.fr\/clg-julianicolas\/wp-content\/uploads\/sites\/119\/2024\/12\/Les-conditions-ideales-Mokhtar-Amoudi-300x169.jpg 300w, https:\/\/site.ac-martinique.fr\/clg-julianicolas\/wp-content\/uploads\/sites\/119\/2024\/12\/Les-conditions-ideales-Mokhtar-Amoudi-768x432.jpg 768w, https:\/\/site.ac-martinique.fr\/clg-julianicolas\/wp-content\/uploads\/sites\/119\/2024\/12\/Les-conditions-ideales-Mokhtar-Amoudi-500x281.jpg 500w, https:\/\/site.ac-martinique.fr\/clg-julianicolas\/wp-content\/uploads\/sites\/119\/2024\/12\/Les-conditions-ideales-Mokhtar-Amoudi.jpg 1280w\" sizes=\"auto, (max-width: 1024px) 100vw, 1024px\" \/><\/figure>\n\n\n\n<p>Ils ont, tous deux, accept\u00e9 avec enthousiasme de r\u00e9pondre aux nombreuses questions des \u00e9l\u00e8ves, ravis de dialoguer avec des \u00e9crivains.<\/p>\n\n\n\n<figure class=\"wp-block-image size-large\"><img loading=\"lazy\" decoding=\"async\" width=\"1024\" height=\"576\" src=\"https:\/\/site.ac-martinique.fr\/clg-julianicolas\/wp-content\/uploads\/sites\/119\/2024\/12\/Echange-Amoudi-1024x576.jpg\" alt=\"\" class=\"wp-image-2022\" srcset=\"https:\/\/site.ac-martinique.fr\/clg-julianicolas\/wp-content\/uploads\/sites\/119\/2024\/12\/Echange-Amoudi-1024x576.jpg 1024w, https:\/\/site.ac-martinique.fr\/clg-julianicolas\/wp-content\/uploads\/sites\/119\/2024\/12\/Echange-Amoudi-300x169.jpg 300w, https:\/\/site.ac-martinique.fr\/clg-julianicolas\/wp-content\/uploads\/sites\/119\/2024\/12\/Echange-Amoudi-768x432.jpg 768w, https:\/\/site.ac-martinique.fr\/clg-julianicolas\/wp-content\/uploads\/sites\/119\/2024\/12\/Echange-Amoudi-500x281.jpg 500w, https:\/\/site.ac-martinique.fr\/clg-julianicolas\/wp-content\/uploads\/sites\/119\/2024\/12\/Echange-Amoudi.jpg 1280w\" sizes=\"auto, (max-width: 1024px) 100vw, 1024px\" \/><\/figure>\n\n\n\n<figure class=\"wp-block-image size-large\"><img loading=\"lazy\" decoding=\"async\" width=\"1024\" height=\"576\" src=\"https:\/\/site.ac-martinique.fr\/clg-julianicolas\/wp-content\/uploads\/sites\/119\/2024\/12\/Dansse-1024x576.jpg\" alt=\"\" class=\"wp-image-2021\" srcset=\"https:\/\/site.ac-martinique.fr\/clg-julianicolas\/wp-content\/uploads\/sites\/119\/2024\/12\/Dansse-1024x576.jpg 1024w, https:\/\/site.ac-martinique.fr\/clg-julianicolas\/wp-content\/uploads\/sites\/119\/2024\/12\/Dansse-300x169.jpg 300w, https:\/\/site.ac-martinique.fr\/clg-julianicolas\/wp-content\/uploads\/sites\/119\/2024\/12\/Dansse-768x432.jpg 768w, https:\/\/site.ac-martinique.fr\/clg-julianicolas\/wp-content\/uploads\/sites\/119\/2024\/12\/Dansse-500x281.jpg 500w, https:\/\/site.ac-martinique.fr\/clg-julianicolas\/wp-content\/uploads\/sites\/119\/2024\/12\/Dansse.jpg 1280w\" sizes=\"auto, (max-width: 1024px) 100vw, 1024px\" \/><\/figure>\n\n\n\n<figure class=\"wp-block-image size-large\"><img loading=\"lazy\" decoding=\"async\" width=\"1024\" height=\"576\" src=\"https:\/\/site.ac-martinique.fr\/clg-julianicolas\/wp-content\/uploads\/sites\/119\/2024\/12\/Amoudi-1024x576.jpg\" alt=\"\" class=\"wp-image-2020\" srcset=\"https:\/\/site.ac-martinique.fr\/clg-julianicolas\/wp-content\/uploads\/sites\/119\/2024\/12\/Amoudi-1024x576.jpg 1024w, https:\/\/site.ac-martinique.fr\/clg-julianicolas\/wp-content\/uploads\/sites\/119\/2024\/12\/Amoudi-300x169.jpg 300w, https:\/\/site.ac-martinique.fr\/clg-julianicolas\/wp-content\/uploads\/sites\/119\/2024\/12\/Amoudi-768x432.jpg 768w, https:\/\/site.ac-martinique.fr\/clg-julianicolas\/wp-content\/uploads\/sites\/119\/2024\/12\/Amoudi-500x281.jpg 500w, https:\/\/site.ac-martinique.fr\/clg-julianicolas\/wp-content\/uploads\/sites\/119\/2024\/12\/Amoudi.jpg 1280w\" sizes=\"auto, (max-width: 1024px) 100vw, 1024px\" \/><\/figure>\n\n\n\n<figure class=\"wp-block-image size-large\"><img loading=\"lazy\" decoding=\"async\" width=\"1024\" height=\"576\" src=\"https:\/\/site.ac-martinique.fr\/clg-julianicolas\/wp-content\/uploads\/sites\/119\/2024\/12\/Echange-Emmanuel-Kherad-1024x576.jpg\" alt=\"\" class=\"wp-image-2023\" srcset=\"https:\/\/site.ac-martinique.fr\/clg-julianicolas\/wp-content\/uploads\/sites\/119\/2024\/12\/Echange-Emmanuel-Kherad-1024x576.jpg 1024w, https:\/\/site.ac-martinique.fr\/clg-julianicolas\/wp-content\/uploads\/sites\/119\/2024\/12\/Echange-Emmanuel-Kherad-300x169.jpg 300w, https:\/\/site.ac-martinique.fr\/clg-julianicolas\/wp-content\/uploads\/sites\/119\/2024\/12\/Echange-Emmanuel-Kherad-768x432.jpg 768w, https:\/\/site.ac-martinique.fr\/clg-julianicolas\/wp-content\/uploads\/sites\/119\/2024\/12\/Echange-Emmanuel-Kherad-500x281.jpg 500w, https:\/\/site.ac-martinique.fr\/clg-julianicolas\/wp-content\/uploads\/sites\/119\/2024\/12\/Echange-Emmanuel-Kherad.jpg 1280w\" sizes=\"auto, (max-width: 1024px) 100vw, 1024px\" \/><\/figure>\n\n\n\n<p><strong><a href=\"https:\/\/site.ac-martinique.fr\/clg-julianicolas\/wp-admin\/post.php?post=2029&amp;action=edit\">Matin\u00e9e de sensibilisation au Handicap au coll\u00e8ge Julia Nicolas<\/a><\/strong><\/p>\n\n\n\n<p class=\"has-text-align-center\">Le mercredi 13 novembre 2024, le coll\u00e8ge a organis\u00e9 une matin\u00e9e d\u00e9di\u00e9e \u00e0 la sensibilisation au handicap, impliquant les \u00e9l\u00e8ves de 6\u1d49 et de 5\u1d49. L\u2019objectif \u00e9tait de d\u00e9construire les pr\u00e9jug\u00e9s, d\u00e9velopper l\u2019empathie et promouvoir l\u2019inclusion des \u00e9l\u00e8ves du dispositif ULIS.<\/p>\n\n\n\n<p class=\"has-text-align-center\"> Divers ateliers, anim\u00e9s par des organismes ext\u00e9rieurs et les \u00e9l\u00e8ves du dispositif ULIS, ont permis aux participants de se mettre \u00e0 la place des personnes en situation de handicap :<\/p>\n\n\n\n<p> \u2013 Le PCPE Les Foug\u00e8res a propos\u00e9 des activit\u00e9s pour comprendre les d\u00e9fis des personnes malentendantes et en d\u00e9ficience visuelle, comme d\u00e9coder des messages en langue des signes ou en braille.&nbsp;<\/p>\n\n\n\n<figure class=\"wp-block-image size-full is-resized\"><img loading=\"lazy\" decoding=\"async\" width=\"238\" height=\"314\" src=\"https:\/\/site.ac-martinique.fr\/clg-julianicolas\/wp-content\/uploads\/sites\/119\/2024\/12\/Activite-1.png\" alt=\"\" class=\"wp-image-2032\" style=\"width:614px;height:auto\" srcset=\"https:\/\/site.ac-martinique.fr\/clg-julianicolas\/wp-content\/uploads\/sites\/119\/2024\/12\/Activite-1.png 238w, https:\/\/site.ac-martinique.fr\/clg-julianicolas\/wp-content\/uploads\/sites\/119\/2024\/12\/Activite-1-227x300.png 227w\" sizes=\"auto, (max-width: 238px) 100vw, 238px\" \/><\/figure>\n\n\n\n<figure class=\"wp-block-image size-full is-resized\"><img loading=\"lazy\" decoding=\"async\" width=\"397\" height=\"183\" src=\"https:\/\/site.ac-martinique.fr\/clg-julianicolas\/wp-content\/uploads\/sites\/119\/2024\/12\/Activite-braille.jpg\" alt=\"\" class=\"wp-image-2033\" style=\"width:614px;height:auto\" srcset=\"https:\/\/site.ac-martinique.fr\/clg-julianicolas\/wp-content\/uploads\/sites\/119\/2024\/12\/Activite-braille.jpg 397w, https:\/\/site.ac-martinique.fr\/clg-julianicolas\/wp-content\/uploads\/sites\/119\/2024\/12\/Activite-braille-300x138.jpg 300w\" sizes=\"auto, (max-width: 397px) 100vw, 397px\" \/><\/figure>\n\n\n\n<p>&#8211; Les \u00e9l\u00e8ves de 5\u1d49 ULIS ont organis\u00e9 des jeux et mises en situation pour montrer les difficult\u00e9s du quotidien des personnes porteuses d\u2019un handicap, comme par exemple se d\u00e9placer sans l\u2019usage de ses jambes.<\/p>\n\n\n\n<figure class=\"wp-block-image size-full is-resized\"><img loading=\"lazy\" decoding=\"async\" width=\"226\" height=\"375\" src=\"https:\/\/site.ac-martinique.fr\/clg-julianicolas\/wp-content\/uploads\/sites\/119\/2024\/12\/activite-ULIS.png\" alt=\"\" class=\"wp-image-2034\" style=\"width:614px;height:auto\" srcset=\"https:\/\/site.ac-martinique.fr\/clg-julianicolas\/wp-content\/uploads\/sites\/119\/2024\/12\/activite-ULIS.png 226w, https:\/\/site.ac-martinique.fr\/clg-julianicolas\/wp-content\/uploads\/sites\/119\/2024\/12\/activite-ULIS-181x300.png 181w\" sizes=\"auto, (max-width: 226px) 100vw, 226px\" \/><\/figure>\n\n\n\n<p class=\"has-text-align-center\">Ces ateliers, appr\u00e9ci\u00e9s par les \u00e9l\u00e8ves et les enseignants, ont \u00e9t\u00e9 un v\u00e9ritable succ\u00e8s, favorisant une meillleure compr\u00e9hension des diff\u00e9rences et un esprit de solidarit\u00e9 au sein du coll\u00e8ge.<\/p>\n\n\n\n<p><strong><a href=\"https:\/\/site.ac-martinique.fr\/clg-julianicolas\/wp-admin\/post.php?post=2017&amp;action=edit\">Les \u00e9l\u00e8ves de 3\u00e8me d\u00e9couvrent le monde professionnel au si\u00e8ge du M\u00e9def Martinique<\/a><\/strong><\/p>\n\n\n\n<p>Le mardi 12 novembre, des \u00e9l\u00e8ves de 3\u00e8me ont particip\u00e9 \u00e0 un salon: <\/p>\n\n\n\n<p>                                               \u00ab&nbsp;Transformer sa passion en cash&nbsp;\u00bb. <\/p>\n\n\n\n<figure class=\"wp-block-image size-large\"><img loading=\"lazy\" decoding=\"async\" width=\"1024\" height=\"462\" src=\"https:\/\/site.ac-martinique.fr\/clg-julianicolas\/wp-content\/uploads\/sites\/119\/2024\/12\/sortie-Medef-Martinique-1024x462.jpg\" alt=\"\" class=\"wp-image-2018\" srcset=\"https:\/\/site.ac-martinique.fr\/clg-julianicolas\/wp-content\/uploads\/sites\/119\/2024\/12\/sortie-Medef-Martinique-1024x462.jpg 1024w, https:\/\/site.ac-martinique.fr\/clg-julianicolas\/wp-content\/uploads\/sites\/119\/2024\/12\/sortie-Medef-Martinique-300x135.jpg 300w, https:\/\/site.ac-martinique.fr\/clg-julianicolas\/wp-content\/uploads\/sites\/119\/2024\/12\/sortie-Medef-Martinique-768x346.jpg 768w, https:\/\/site.ac-martinique.fr\/clg-julianicolas\/wp-content\/uploads\/sites\/119\/2024\/12\/sortie-Medef-Martinique-500x225.jpg 500w, https:\/\/site.ac-martinique.fr\/clg-julianicolas\/wp-content\/uploads\/sites\/119\/2024\/12\/sortie-Medef-Martinique.jpg 1156w\" sizes=\"auto, (max-width: 1024px) 100vw, 1024px\" \/><\/figure>\n\n\n\n<p>Trois intervenants issus du service public et du monde de l\u2019entreprise, ont partag\u00e9 leurs exp\u00e9riences pour montrer qu\u2019il est possible de transformer une passion en un m\u00e9tier rentable.<\/p>\n\n\n\n<figure class=\"wp-block-image size-large\"><img loading=\"lazy\" decoding=\"async\" width=\"1024\" height=\"462\" src=\"https:\/\/site.ac-martinique.fr\/clg-julianicolas\/wp-content\/uploads\/sites\/119\/2024\/12\/Intervenants-MEDEF-1024x462.jpg\" alt=\"\" class=\"wp-image-2019\" srcset=\"https:\/\/site.ac-martinique.fr\/clg-julianicolas\/wp-content\/uploads\/sites\/119\/2024\/12\/Intervenants-MEDEF-1024x462.jpg 1024w, https:\/\/site.ac-martinique.fr\/clg-julianicolas\/wp-content\/uploads\/sites\/119\/2024\/12\/Intervenants-MEDEF-300x135.jpg 300w, https:\/\/site.ac-martinique.fr\/clg-julianicolas\/wp-content\/uploads\/sites\/119\/2024\/12\/Intervenants-MEDEF-768x346.jpg 768w, https:\/\/site.ac-martinique.fr\/clg-julianicolas\/wp-content\/uploads\/sites\/119\/2024\/12\/Intervenants-MEDEF-500x225.jpg 500w, https:\/\/site.ac-martinique.fr\/clg-julianicolas\/wp-content\/uploads\/sites\/119\/2024\/12\/Intervenants-MEDEF.jpg 1156w\" sizes=\"auto, (max-width: 1024px) 100vw, 1024px\" \/><\/figure>\n\n\n\n<p> \u00c0 travers leurs parcours vari\u00e9s, ils ont inspir\u00e9 et rassur\u00e9 les coll\u00e9giens sur les nombreuses trajectories professionnelles possibles.<\/p>\n\n\n\n<h2 class=\"wp-block-heading\">Comm\u00e9moration du 11 novembre 2024<\/h2>\n\n\n\n<p>\u00c0 l&rsquo;occasion du 106e anniversaire de la comm\u00e9moration du 11 novembre, les cadets de la d\u00e9fense ont pris part \u00e0 la c\u00e9r\u00e9monie en contribuant \u00e0 la lecture, en accompagnant les porte-drapeaux et en proc\u00e9dant au d\u00e9p\u00f4t de gerbe.<\/p>\n\n\n\n<p>Nos \u00e9l\u00e8ves ont eu l\u2019honneur d\u2019\u00eatre convi\u00e9s au vin d&rsquo;honneur de la mairie de Fort-de-France, o\u00f9 les v\u00e9t\u00e9rans leur ont transmis l\u2019importance du devoir de m\u00e9moire.<\/p>\n\n\n\n<figure class=\"wp-block-gallery has-nested-images columns-default is-cropped wp-block-gallery-29 is-layout-flex wp-block-gallery-is-layout-flex\">\n<figure class=\"wp-block-image size-large\"><img loading=\"lazy\" decoding=\"async\" width=\"769\" height=\"1024\" data-id=\"2004\" src=\"https:\/\/site.ac-martinique.fr\/clg-julianicolas\/wp-content\/uploads\/sites\/119\/2024\/11\/WhatsApp-Image-2024-11-14-at-07.26.45-769x1024.jpeg\" alt=\"\" class=\"wp-image-2004\" srcset=\"https:\/\/site.ac-martinique.fr\/clg-julianicolas\/wp-content\/uploads\/sites\/119\/2024\/11\/WhatsApp-Image-2024-11-14-at-07.26.45-769x1024.jpeg 769w, https:\/\/site.ac-martinique.fr\/clg-julianicolas\/wp-content\/uploads\/sites\/119\/2024\/11\/WhatsApp-Image-2024-11-14-at-07.26.45-225x300.jpeg 225w, https:\/\/site.ac-martinique.fr\/clg-julianicolas\/wp-content\/uploads\/sites\/119\/2024\/11\/WhatsApp-Image-2024-11-14-at-07.26.45-768x1023.jpeg 768w, https:\/\/site.ac-martinique.fr\/clg-julianicolas\/wp-content\/uploads\/sites\/119\/2024\/11\/WhatsApp-Image-2024-11-14-at-07.26.45.jpeg 868w\" sizes=\"auto, (max-width: 769px) 100vw, 769px\" \/><\/figure>\n\n\n\n<figure class=\"wp-block-image size-large\"><img loading=\"lazy\" decoding=\"async\" width=\"1024\" height=\"576\" data-id=\"2005\" src=\"https:\/\/site.ac-martinique.fr\/clg-julianicolas\/wp-content\/uploads\/sites\/119\/2024\/11\/WhatsApp-Image-2024-11-14-at-07.26.44-1-2-1024x576.jpeg\" alt=\"\" class=\"wp-image-2005\" srcset=\"https:\/\/site.ac-martinique.fr\/clg-julianicolas\/wp-content\/uploads\/sites\/119\/2024\/11\/WhatsApp-Image-2024-11-14-at-07.26.44-1-2-1024x576.jpeg 1024w, https:\/\/site.ac-martinique.fr\/clg-julianicolas\/wp-content\/uploads\/sites\/119\/2024\/11\/WhatsApp-Image-2024-11-14-at-07.26.44-1-2-300x169.jpeg 300w, https:\/\/site.ac-martinique.fr\/clg-julianicolas\/wp-content\/uploads\/sites\/119\/2024\/11\/WhatsApp-Image-2024-11-14-at-07.26.44-1-2-768x432.jpeg 768w, https:\/\/site.ac-martinique.fr\/clg-julianicolas\/wp-content\/uploads\/sites\/119\/2024\/11\/WhatsApp-Image-2024-11-14-at-07.26.44-1-2-500x281.jpeg 500w, https:\/\/site.ac-martinique.fr\/clg-julianicolas\/wp-content\/uploads\/sites\/119\/2024\/11\/WhatsApp-Image-2024-11-14-at-07.26.44-1-2.jpeg 1280w\" sizes=\"auto, (max-width: 1024px) 100vw, 1024px\" \/><\/figure>\n<\/figure>\n\n\n\n<figure class=\"wp-block-gallery has-nested-images columns-default is-cropped wp-block-gallery-30 is-layout-flex wp-block-gallery-is-layout-flex\">\n<figure class=\"wp-block-image size-large\"><img loading=\"lazy\" decoding=\"async\" width=\"769\" height=\"1024\" data-id=\"2007\" src=\"https:\/\/site.ac-martinique.fr\/clg-julianicolas\/wp-content\/uploads\/sites\/119\/2024\/11\/WhatsApp-Image-2024-11-14-at-07.26.44-769x1024.jpeg\" alt=\"\" class=\"wp-image-2007\" srcset=\"https:\/\/site.ac-martinique.fr\/clg-julianicolas\/wp-content\/uploads\/sites\/119\/2024\/11\/WhatsApp-Image-2024-11-14-at-07.26.44-769x1024.jpeg 769w, https:\/\/site.ac-martinique.fr\/clg-julianicolas\/wp-content\/uploads\/sites\/119\/2024\/11\/WhatsApp-Image-2024-11-14-at-07.26.44-225x300.jpeg 225w, https:\/\/site.ac-martinique.fr\/clg-julianicolas\/wp-content\/uploads\/sites\/119\/2024\/11\/WhatsApp-Image-2024-11-14-at-07.26.44-768x1023.jpeg 768w, https:\/\/site.ac-martinique.fr\/clg-julianicolas\/wp-content\/uploads\/sites\/119\/2024\/11\/WhatsApp-Image-2024-11-14-at-07.26.44.jpeg 868w\" sizes=\"auto, (max-width: 769px) 100vw, 769px\" \/><\/figure>\n\n\n\n<figure class=\"wp-block-image size-large\"><img loading=\"lazy\" decoding=\"async\" width=\"1024\" height=\"768\" data-id=\"2006\" src=\"https:\/\/site.ac-martinique.fr\/clg-julianicolas\/wp-content\/uploads\/sites\/119\/2024\/11\/WhatsApp-Image-2024-11-14-at-07.26.43-1-1024x768.jpeg\" alt=\"\" class=\"wp-image-2006\" srcset=\"https:\/\/site.ac-martinique.fr\/clg-julianicolas\/wp-content\/uploads\/sites\/119\/2024\/11\/WhatsApp-Image-2024-11-14-at-07.26.43-1-1024x768.jpeg 1024w, https:\/\/site.ac-martinique.fr\/clg-julianicolas\/wp-content\/uploads\/sites\/119\/2024\/11\/WhatsApp-Image-2024-11-14-at-07.26.43-1-300x225.jpeg 300w, https:\/\/site.ac-martinique.fr\/clg-julianicolas\/wp-content\/uploads\/sites\/119\/2024\/11\/WhatsApp-Image-2024-11-14-at-07.26.43-1-768x576.jpeg 768w, https:\/\/site.ac-martinique.fr\/clg-julianicolas\/wp-content\/uploads\/sites\/119\/2024\/11\/WhatsApp-Image-2024-11-14-at-07.26.43-1-1536x1152.jpeg 1536w, https:\/\/site.ac-martinique.fr\/clg-julianicolas\/wp-content\/uploads\/sites\/119\/2024\/11\/WhatsApp-Image-2024-11-14-at-07.26.43-1-400x300.jpeg 400w, https:\/\/site.ac-martinique.fr\/clg-julianicolas\/wp-content\/uploads\/sites\/119\/2024\/11\/WhatsApp-Image-2024-11-14-at-07.26.43-1.jpeg 1600w\" sizes=\"auto, (max-width: 1024px) 100vw, 1024px\" \/><\/figure>\n<\/figure>\n\n\n\n<figure class=\"wp-block-image size-large\"><img loading=\"lazy\" decoding=\"async\" width=\"769\" height=\"1024\" src=\"https:\/\/site.ac-martinique.fr\/clg-julianicolas\/wp-content\/uploads\/sites\/119\/2024\/11\/WhatsApp-Image-2024-11-14-at-07.26.43-2-769x1024.jpeg\" alt=\"\" class=\"wp-image-2008\" srcset=\"https:\/\/site.ac-martinique.fr\/clg-julianicolas\/wp-content\/uploads\/sites\/119\/2024\/11\/WhatsApp-Image-2024-11-14-at-07.26.43-2-769x1024.jpeg 769w, https:\/\/site.ac-martinique.fr\/clg-julianicolas\/wp-content\/uploads\/sites\/119\/2024\/11\/WhatsApp-Image-2024-11-14-at-07.26.43-2-225x300.jpeg 225w, https:\/\/site.ac-martinique.fr\/clg-julianicolas\/wp-content\/uploads\/sites\/119\/2024\/11\/WhatsApp-Image-2024-11-14-at-07.26.43-2-768x1023.jpeg 768w, https:\/\/site.ac-martinique.fr\/clg-julianicolas\/wp-content\/uploads\/sites\/119\/2024\/11\/WhatsApp-Image-2024-11-14-at-07.26.43-2.jpeg 868w\" sizes=\"auto, (max-width: 769px) 100vw, 769px\" \/><\/figure>\n\n\n\n<p><strong>Rencontre artistique dans un  CDI refait \u00e0 neuf : une exp\u00e9rience culturelle pour les \u00e9l\u00e8ves de 4\u00e8me<\/strong><\/p>\n\n\n\n<p>Le 18 octobre 2024, le CDI du coll\u00e8ge a accueilli des \u00e9l\u00e8ves de 4\u00e8me et leurs professeurs d\u2019espagnol dans le cadre du festival \u00ab\u00a0Contes et musique dans la cit\u00e9\u00a0\u00bb. <\/p>\n\n\n\n<p>Lors de cette rencontre, les jeunes ont eu l&rsquo;opportunit\u00e9 d&rsquo;assister \u00e0 une belle performance  du conteur espagnol Alberto Garcia Sanchez, dont les mots ont r\u00e9sonn\u00e9 en harmonie avec la voix chant\u00e9e et l&rsquo;accord\u00e9on de Caroline A-Rivas, une artiste colombienne.<\/p>\n\n\n\n<p>Le CDI, transform\u00e9 en v\u00e9ritable espace d\u2019\u00e9change et de cr\u00e9ativit\u00e9, a \u00e9t\u00e9 le th\u00e9\u00e2tre d\u2019une immersion dans la richesse culturelle hispanophone. Les \u00e9changes entre les artistes et les \u00e9l\u00e8ves se sont d\u00e9roul\u00e9s \u00e0 la fois en fran\u00e7ais et en espagnol, offrant \u00e0 tous une belle occasion de pratiquer et d&rsquo;appr\u00e9cier ces deux langues.<\/p>\n\n\n\n<p>Une belle r\u00e9ussite pour cette premi\u00e8re rencontre culturelle dans un lieu d\u00e9di\u00e9 \u00e0 l&rsquo;ouverture d\u2019esprit et \u00e0 la d\u00e9couverte !<\/p>\n\n\n\n<figure class=\"wp-block-gallery has-nested-images columns-default is-cropped wp-block-gallery-31 is-layout-flex wp-block-gallery-is-layout-flex\">\n<figure class=\"wp-block-image size-large\"><img loading=\"lazy\" decoding=\"async\" width=\"768\" height=\"1024\" data-id=\"1997\" src=\"https:\/\/site.ac-martinique.fr\/clg-julianicolas\/wp-content\/uploads\/sites\/119\/2024\/11\/PHOTO-2024-10-31-17-11-58-2-768x1024.jpg\" alt=\"\" class=\"wp-image-1997\" srcset=\"https:\/\/site.ac-martinique.fr\/clg-julianicolas\/wp-content\/uploads\/sites\/119\/2024\/11\/PHOTO-2024-10-31-17-11-58-2-768x1024.jpg 768w, https:\/\/site.ac-martinique.fr\/clg-julianicolas\/wp-content\/uploads\/sites\/119\/2024\/11\/PHOTO-2024-10-31-17-11-58-2-225x300.jpg 225w, https:\/\/site.ac-martinique.fr\/clg-julianicolas\/wp-content\/uploads\/sites\/119\/2024\/11\/PHOTO-2024-10-31-17-11-58-2.jpg 960w\" sizes=\"auto, (max-width: 768px) 100vw, 768px\" \/><\/figure>\n<\/figure>\n\n\n\n<figure class=\"wp-block-image size-large is-resized\"><img loading=\"lazy\" decoding=\"async\" width=\"768\" height=\"1024\" src=\"https:\/\/site.ac-martinique.fr\/clg-julianicolas\/wp-content\/uploads\/sites\/119\/2024\/11\/PHOTO-2024-10-31-17-12-05-3-768x1024.jpg\" alt=\"\" class=\"wp-image-1998\" style=\"width:614px;height:auto\" srcset=\"https:\/\/site.ac-martinique.fr\/clg-julianicolas\/wp-content\/uploads\/sites\/119\/2024\/11\/PHOTO-2024-10-31-17-12-05-3-768x1024.jpg 768w, https:\/\/site.ac-martinique.fr\/clg-julianicolas\/wp-content\/uploads\/sites\/119\/2024\/11\/PHOTO-2024-10-31-17-12-05-3-225x300.jpg 225w, https:\/\/site.ac-martinique.fr\/clg-julianicolas\/wp-content\/uploads\/sites\/119\/2024\/11\/PHOTO-2024-10-31-17-12-05-3.jpg 960w\" sizes=\"auto, (max-width: 768px) 100vw, 768px\" \/><\/figure>\n\n\n\n<figure class=\"wp-block-image size-large\"><img loading=\"lazy\" decoding=\"async\" width=\"768\" height=\"1024\" src=\"https:\/\/site.ac-martinique.fr\/clg-julianicolas\/wp-content\/uploads\/sites\/119\/2024\/11\/PHOTO-2024-10-31-17-12-03-4-768x1024.jpg\" alt=\"\" class=\"wp-image-1999\" srcset=\"https:\/\/site.ac-martinique.fr\/clg-julianicolas\/wp-content\/uploads\/sites\/119\/2024\/11\/PHOTO-2024-10-31-17-12-03-4-768x1024.jpg 768w, https:\/\/site.ac-martinique.fr\/clg-julianicolas\/wp-content\/uploads\/sites\/119\/2024\/11\/PHOTO-2024-10-31-17-12-03-4-225x300.jpg 225w, https:\/\/site.ac-martinique.fr\/clg-julianicolas\/wp-content\/uploads\/sites\/119\/2024\/11\/PHOTO-2024-10-31-17-12-03-4.jpg 960w\" sizes=\"auto, (max-width: 768px) 100vw, 768px\" \/><\/figure>\n\n\n\n<h2 class=\"wp-block-heading\">FAISONS LE CHOIX DES BONS COMPORTEMENTS<\/h2>\n\n\n\n<p>Les \u00e9l\u00e8ves des trois 6\u00e8me de l&rsquo;an dernier ont contribu\u00e9 \u00e0 la r\u00e9alisation d&rsquo;une vid\u00e9o qui nous concerne tous, \u00e0 l&rsquo;initiative de leur professeure d&rsquo;anglais.<\/p>\n\n\n\n<p>Au coll\u00e8ge Julia Nicolas, faisons le choix des bons comportements, affirmons nous calmement et soyons solidaires. Ensemble visons loin!.<\/p>\n\n\n\n<figure class=\"wp-block-video\"><video height=\"480\" style=\"aspect-ratio: 852 \/ 480;\" width=\"852\" controls src=\"https:\/\/site.ac-martinique.fr\/clg-julianicolas\/wp-content\/uploads\/sites\/119\/2024\/11\/positive-behavior-zip_fGtcqDGm.mp4\"><\/video><\/figure>\n\n\n\n<h2 class=\"wp-block-heading\">VISITE DE LA SARA<\/h2>\n\n\n\n<p>Vendredi 20 sepetembre 2024, dans le cadre des journ\u00e9es du Patrimoine, les \u00e9l\u00e8ves des classes de 3\u00e8me ont pu visiter le site de la SARA. Ils ont particip\u00e9 \u00e0 des ateliers autour de la s\u00e9curit\u00e9 et de l&rsquo;environnement .<br>Ils ont d\u00e9couvert \u00e9galement les m\u00e9tiers de cette entreprise.<\/p>\n\n\n\n<figure class=\"wp-block-gallery has-nested-images columns-default is-cropped wp-block-gallery-32 is-layout-flex wp-block-gallery-is-layout-flex\">\n<figure class=\"wp-block-image size-large\"><img loading=\"lazy\" decoding=\"async\" width=\"462\" height=\"1024\" data-id=\"1957\" src=\"https:\/\/site.ac-martinique.fr\/clg-julianicolas\/wp-content\/uploads\/sites\/119\/2024\/09\/WhatsApp-Image-2024-09-21-at-10.22.00-1-462x1024.jpeg\" alt=\"\" class=\"wp-image-1957\" srcset=\"https:\/\/site.ac-martinique.fr\/clg-julianicolas\/wp-content\/uploads\/sites\/119\/2024\/09\/WhatsApp-Image-2024-09-21-at-10.22.00-1-462x1024.jpeg 462w, https:\/\/site.ac-martinique.fr\/clg-julianicolas\/wp-content\/uploads\/sites\/119\/2024\/09\/WhatsApp-Image-2024-09-21-at-10.22.00-1-135x300.jpeg 135w, https:\/\/site.ac-martinique.fr\/clg-julianicolas\/wp-content\/uploads\/sites\/119\/2024\/09\/WhatsApp-Image-2024-09-21-at-10.22.00-1.jpeg 521w\" sizes=\"auto, (max-width: 462px) 100vw, 462px\" \/><\/figure>\n\n\n\n<figure class=\"wp-block-image size-large\"><img loading=\"lazy\" decoding=\"async\" width=\"462\" height=\"1024\" data-id=\"1958\" src=\"https:\/\/site.ac-martinique.fr\/clg-julianicolas\/wp-content\/uploads\/sites\/119\/2024\/09\/WhatsApp-Image-2024-09-21-at-10.22.00-462x1024.jpeg\" alt=\"\" class=\"wp-image-1958\" srcset=\"https:\/\/site.ac-martinique.fr\/clg-julianicolas\/wp-content\/uploads\/sites\/119\/2024\/09\/WhatsApp-Image-2024-09-21-at-10.22.00-462x1024.jpeg 462w, https:\/\/site.ac-martinique.fr\/clg-julianicolas\/wp-content\/uploads\/sites\/119\/2024\/09\/WhatsApp-Image-2024-09-21-at-10.22.00-135x300.jpeg 135w, https:\/\/site.ac-martinique.fr\/clg-julianicolas\/wp-content\/uploads\/sites\/119\/2024\/09\/WhatsApp-Image-2024-09-21-at-10.22.00.jpeg 521w\" sizes=\"auto, (max-width: 462px) 100vw, 462px\" \/><\/figure>\n\n\n\n<figure class=\"wp-block-image size-large\"><img loading=\"lazy\" decoding=\"async\" width=\"462\" height=\"1024\" data-id=\"1959\" src=\"https:\/\/site.ac-martinique.fr\/clg-julianicolas\/wp-content\/uploads\/sites\/119\/2024\/09\/WhatsApp-Image-2024-09-21-at-10.21.59-462x1024.jpeg\" alt=\"\" class=\"wp-image-1959\" srcset=\"https:\/\/site.ac-martinique.fr\/clg-julianicolas\/wp-content\/uploads\/sites\/119\/2024\/09\/WhatsApp-Image-2024-09-21-at-10.21.59-462x1024.jpeg 462w, https:\/\/site.ac-martinique.fr\/clg-julianicolas\/wp-content\/uploads\/sites\/119\/2024\/09\/WhatsApp-Image-2024-09-21-at-10.21.59-135x300.jpeg 135w, https:\/\/site.ac-martinique.fr\/clg-julianicolas\/wp-content\/uploads\/sites\/119\/2024\/09\/WhatsApp-Image-2024-09-21-at-10.21.59.jpeg 521w\" sizes=\"auto, (max-width: 462px) 100vw, 462px\" \/><\/figure>\n\n\n\n<figure class=\"wp-block-image size-large\"><img loading=\"lazy\" decoding=\"async\" width=\"462\" height=\"1024\" data-id=\"1960\" src=\"https:\/\/site.ac-martinique.fr\/clg-julianicolas\/wp-content\/uploads\/sites\/119\/2024\/09\/WhatsApp-Image-2024-09-21-at-10.21.58-462x1024.jpeg\" alt=\"\" class=\"wp-image-1960\" srcset=\"https:\/\/site.ac-martinique.fr\/clg-julianicolas\/wp-content\/uploads\/sites\/119\/2024\/09\/WhatsApp-Image-2024-09-21-at-10.21.58-462x1024.jpeg 462w, https:\/\/site.ac-martinique.fr\/clg-julianicolas\/wp-content\/uploads\/sites\/119\/2024\/09\/WhatsApp-Image-2024-09-21-at-10.21.58-135x300.jpeg 135w, https:\/\/site.ac-martinique.fr\/clg-julianicolas\/wp-content\/uploads\/sites\/119\/2024\/09\/WhatsApp-Image-2024-09-21-at-10.21.58.jpeg 521w\" sizes=\"auto, (max-width: 462px) 100vw, 462px\" \/><\/figure>\n<\/figure>\n\n\n\n<h2 class=\"wp-block-heading\">MERCREDI 18 SEPTEMBRE 2024, c&rsquo;\u00e9taitt la journ\u00e9e du sport scolaire<\/h2>\n\n\n\n<p>A l&rsquo;occasion de la journ\u00e9e du sport scolaire, les \u00e9l\u00e8ves des classes de 6e1 et 6e2 se sont rendus \u00e0 la for\u00eat Vatable pour une randonn\u00e9e p\u00e9destre de 1,6km, accompagn\u00e9s de leurs enseignants.<\/p>\n\n\n\n<figure class=\"wp-block-gallery has-nested-images columns-default is-cropped is-style-tw-img-rounded wp-block-gallery-33 is-layout-flex wp-block-gallery-is-layout-flex\">\n<figure class=\"wp-block-image size-large\"><img loading=\"lazy\" decoding=\"async\" width=\"576\" height=\"1024\" data-id=\"1951\" src=\"https:\/\/site.ac-martinique.fr\/clg-julianicolas\/wp-content\/uploads\/sites\/119\/2024\/09\/WhatsApp-Image-2024-09-18-at-11.04.22-2-576x1024.jpeg\" alt=\"\" class=\"wp-image-1951\" srcset=\"https:\/\/site.ac-martinique.fr\/clg-julianicolas\/wp-content\/uploads\/sites\/119\/2024\/09\/WhatsApp-Image-2024-09-18-at-11.04.22-2-576x1024.jpeg 576w, https:\/\/site.ac-martinique.fr\/clg-julianicolas\/wp-content\/uploads\/sites\/119\/2024\/09\/WhatsApp-Image-2024-09-18-at-11.04.22-2-169x300.jpeg 169w, https:\/\/site.ac-martinique.fr\/clg-julianicolas\/wp-content\/uploads\/sites\/119\/2024\/09\/WhatsApp-Image-2024-09-18-at-11.04.22-2-768x1365.jpeg 768w, https:\/\/site.ac-martinique.fr\/clg-julianicolas\/wp-content\/uploads\/sites\/119\/2024\/09\/WhatsApp-Image-2024-09-18-at-11.04.22-2-864x1536.jpeg 864w, https:\/\/site.ac-martinique.fr\/clg-julianicolas\/wp-content\/uploads\/sites\/119\/2024\/09\/WhatsApp-Image-2024-09-18-at-11.04.22-2.jpeg 900w\" sizes=\"auto, (max-width: 576px) 100vw, 576px\" \/><\/figure>\n\n\n\n<figure class=\"wp-block-image size-large\"><img loading=\"lazy\" decoding=\"async\" width=\"1024\" height=\"576\" data-id=\"1953\" src=\"https:\/\/site.ac-martinique.fr\/clg-julianicolas\/wp-content\/uploads\/sites\/119\/2024\/09\/WhatsApp-Image-2024-09-18-at-11.04.22-1024x576.jpeg\" alt=\"\" class=\"wp-image-1953\" srcset=\"https:\/\/site.ac-martinique.fr\/clg-julianicolas\/wp-content\/uploads\/sites\/119\/2024\/09\/WhatsApp-Image-2024-09-18-at-11.04.22-1024x576.jpeg 1024w, https:\/\/site.ac-martinique.fr\/clg-julianicolas\/wp-content\/uploads\/sites\/119\/2024\/09\/WhatsApp-Image-2024-09-18-at-11.04.22-300x169.jpeg 300w, https:\/\/site.ac-martinique.fr\/clg-julianicolas\/wp-content\/uploads\/sites\/119\/2024\/09\/WhatsApp-Image-2024-09-18-at-11.04.22-768x432.jpeg 768w, https:\/\/site.ac-martinique.fr\/clg-julianicolas\/wp-content\/uploads\/sites\/119\/2024\/09\/WhatsApp-Image-2024-09-18-at-11.04.22-1536x864.jpeg 1536w, https:\/\/site.ac-martinique.fr\/clg-julianicolas\/wp-content\/uploads\/sites\/119\/2024\/09\/WhatsApp-Image-2024-09-18-at-11.04.22-500x281.jpeg 500w, https:\/\/site.ac-martinique.fr\/clg-julianicolas\/wp-content\/uploads\/sites\/119\/2024\/09\/WhatsApp-Image-2024-09-18-at-11.04.22.jpeg 1600w\" sizes=\"auto, (max-width: 1024px) 100vw, 1024px\" \/><\/figure>\n\n\n\n<figure class=\"wp-block-image size-large\"><img loading=\"lazy\" decoding=\"async\" width=\"576\" height=\"1024\" data-id=\"1952\" src=\"https:\/\/site.ac-martinique.fr\/clg-julianicolas\/wp-content\/uploads\/sites\/119\/2024\/09\/WhatsApp-Image-2024-09-18-at-11.04.22-1-576x1024.jpeg\" alt=\"\" class=\"wp-image-1952\" srcset=\"https:\/\/site.ac-martinique.fr\/clg-julianicolas\/wp-content\/uploads\/sites\/119\/2024\/09\/WhatsApp-Image-2024-09-18-at-11.04.22-1-576x1024.jpeg 576w, https:\/\/site.ac-martinique.fr\/clg-julianicolas\/wp-content\/uploads\/sites\/119\/2024\/09\/WhatsApp-Image-2024-09-18-at-11.04.22-1-169x300.jpeg 169w, https:\/\/site.ac-martinique.fr\/clg-julianicolas\/wp-content\/uploads\/sites\/119\/2024\/09\/WhatsApp-Image-2024-09-18-at-11.04.22-1-768x1365.jpeg 768w, https:\/\/site.ac-martinique.fr\/clg-julianicolas\/wp-content\/uploads\/sites\/119\/2024\/09\/WhatsApp-Image-2024-09-18-at-11.04.22-1-864x1536.jpeg 864w, https:\/\/site.ac-martinique.fr\/clg-julianicolas\/wp-content\/uploads\/sites\/119\/2024\/09\/WhatsApp-Image-2024-09-18-at-11.04.22-1.jpeg 900w\" sizes=\"auto, (max-width: 576px) 100vw, 576px\" \/><\/figure>\n\n\n\n<figure class=\"wp-block-image size-large\"><img loading=\"lazy\" decoding=\"async\" width=\"1024\" height=\"768\" data-id=\"1950\" src=\"https:\/\/site.ac-martinique.fr\/clg-julianicolas\/wp-content\/uploads\/sites\/119\/2024\/09\/WhatsApp-Image-2024-09-18-at-11.04.23-1024x768.jpeg\" alt=\"\" class=\"wp-image-1950\" srcset=\"https:\/\/site.ac-martinique.fr\/clg-julianicolas\/wp-content\/uploads\/sites\/119\/2024\/09\/WhatsApp-Image-2024-09-18-at-11.04.23-1024x768.jpeg 1024w, https:\/\/site.ac-martinique.fr\/clg-julianicolas\/wp-content\/uploads\/sites\/119\/2024\/09\/WhatsApp-Image-2024-09-18-at-11.04.23-300x225.jpeg 300w, https:\/\/site.ac-martinique.fr\/clg-julianicolas\/wp-content\/uploads\/sites\/119\/2024\/09\/WhatsApp-Image-2024-09-18-at-11.04.23-768x576.jpeg 768w, https:\/\/site.ac-martinique.fr\/clg-julianicolas\/wp-content\/uploads\/sites\/119\/2024\/09\/WhatsApp-Image-2024-09-18-at-11.04.23-1536x1152.jpeg 1536w, https:\/\/site.ac-martinique.fr\/clg-julianicolas\/wp-content\/uploads\/sites\/119\/2024\/09\/WhatsApp-Image-2024-09-18-at-11.04.23-400x300.jpeg 400w, https:\/\/site.ac-martinique.fr\/clg-julianicolas\/wp-content\/uploads\/sites\/119\/2024\/09\/WhatsApp-Image-2024-09-18-at-11.04.23.jpeg 1600w\" sizes=\"auto, (max-width: 1024px) 100vw, 1024px\" \/><\/figure>\n<\/figure>\n\n\n\n<p><\/p>\n\n\n\n<h2 class=\"wp-block-heading\">REUNION DE RENTREE<\/h2>\n\n\n\n<p>La date de reunion de rentr\u00e9e du Coll\u00e8ge JULIA NICOLAS est fix\u00e9e  au Lundi 16 septembre 2024 \u00e0 15h30. <\/p>\n\n\n\n<figure class=\"wp-block-image size-full\"><img loading=\"lazy\" decoding=\"async\" width=\"225\" height=\"225\" src=\"https:\/\/site.ac-martinique.fr\/clg-julianicolas\/wp-content\/uploads\/sites\/119\/2024\/09\/Reunion-de-rentree.jpg\" alt=\"\" class=\"wp-image-1942\" srcset=\"https:\/\/site.ac-martinique.fr\/clg-julianicolas\/wp-content\/uploads\/sites\/119\/2024\/09\/Reunion-de-rentree.jpg 225w, https:\/\/site.ac-martinique.fr\/clg-julianicolas\/wp-content\/uploads\/sites\/119\/2024\/09\/Reunion-de-rentree-150x150.jpg 150w\" sizes=\"auto, (max-width: 225px) 100vw, 225px\" \/><\/figure>\n\n\n\n<h2 class=\"wp-block-heading\">LA CAMPAGNE DE BOURSES<\/h2>\n\n\n\n<div data-wp-interactive=\"core\/file\" class=\"wp-block-file\"><object data-wp-bind--hidden=\"!state.hasPdfPreview\" hidden class=\"wp-block-file__embed\" data=\"https:\/\/site.ac-martinique.fr\/clg-julianicolas\/wp-content\/uploads\/sites\/119\/2024\/09\/2024_bourse-nationale_flyer.pdf\" type=\"application\/pdf\" style=\"width:100%;height:600px\" aria-label=\"Contenu embarqu\u00e9 2024_bourse-nationale_flyer.\"><\/object><a id=\"wp-block-file--media-78e44061-1de8-44e8-b240-768259d1c42d\" href=\"https:\/\/site.ac-martinique.fr\/clg-julianicolas\/wp-content\/uploads\/sites\/119\/2024\/09\/2024_bourse-nationale_flyer.pdf\">2024_bourse-nationale_flyer<\/a><a href=\"https:\/\/site.ac-martinique.fr\/clg-julianicolas\/wp-content\/uploads\/sites\/119\/2024\/09\/2024_bourse-nationale_flyer.pdf\" class=\"wp-block-file__button wp-element-button\" download aria-describedby=\"wp-block-file--media-78e44061-1de8-44e8-b240-768259d1c42d\">T\u00e9l\u00e9charger<\/a><\/div>\n\n\n\n<p><\/p>\n\n\n\n<p><\/p>\n\n\n\n<h2 class=\"wp-block-heading\">FETE DE LA MUSIQUE -VENDREDI 21 JUIN  2024-<\/h2>\n\n\n\n<figure class=\"wp-block-image size-large\"><img loading=\"lazy\" decoding=\"async\" width=\"724\" height=\"1024\" src=\"https:\/\/site.ac-martinique.fr\/clg-julianicolas\/wp-content\/uploads\/sites\/119\/2024\/06\/Affiche-fete-de-la-musique_page-0001-724x1024.jpg\" alt=\"\" class=\"wp-image-1912\" srcset=\"https:\/\/site.ac-martinique.fr\/clg-julianicolas\/wp-content\/uploads\/sites\/119\/2024\/06\/Affiche-fete-de-la-musique_page-0001-724x1024.jpg 724w, https:\/\/site.ac-martinique.fr\/clg-julianicolas\/wp-content\/uploads\/sites\/119\/2024\/06\/Affiche-fete-de-la-musique_page-0001-212x300.jpg 212w, https:\/\/site.ac-martinique.fr\/clg-julianicolas\/wp-content\/uploads\/sites\/119\/2024\/06\/Affiche-fete-de-la-musique_page-0001-768x1086.jpg 768w, https:\/\/site.ac-martinique.fr\/clg-julianicolas\/wp-content\/uploads\/sites\/119\/2024\/06\/Affiche-fete-de-la-musique_page-0001-1086x1536.jpg 1086w, https:\/\/site.ac-martinique.fr\/clg-julianicolas\/wp-content\/uploads\/sites\/119\/2024\/06\/Affiche-fete-de-la-musique_page-0001.jpg 1241w\" sizes=\"auto, (max-width: 724px) 100vw, 724px\" \/><\/figure>\n\n\n\n<h2 class=\"wp-block-heading\">RENCONTRE AVEC LAURENCE FIBLEUIL<\/h2>\n\n\n\n<p>Ce jeudi 13 juin, Laurence Fibleuil, handi-athl\u00e8te et porteuse du relais de la flamme olympique a rencontr\u00e9 les \u00e9l\u00e8ves du coll\u00e8ge Julia Nicolas.Elle leur a racont\u00e9 son parcours sportif et a \u00e9chang\u00e9 avec eux sur les jeux olympiques.Une belle exp\u00e9rience pour les \u00e9l\u00e8ves.<\/p>\n\n\n\n<figure class=\"wp-block-gallery has-nested-images columns-default is-cropped wp-block-gallery-34 is-layout-flex wp-block-gallery-is-layout-flex\">\n<figure class=\"wp-block-image size-large\"><img loading=\"lazy\" decoding=\"async\" width=\"1024\" height=\"768\" data-id=\"1894\" src=\"https:\/\/site.ac-martinique.fr\/clg-julianicolas\/wp-content\/uploads\/sites\/119\/2024\/06\/3286d05e-0ce8-4263-a026-db396c113d3f-1024x768.jpg\" alt=\"\" class=\"wp-image-1894\" srcset=\"https:\/\/site.ac-martinique.fr\/clg-julianicolas\/wp-content\/uploads\/sites\/119\/2024\/06\/3286d05e-0ce8-4263-a026-db396c113d3f-1024x768.jpg 1024w, https:\/\/site.ac-martinique.fr\/clg-julianicolas\/wp-content\/uploads\/sites\/119\/2024\/06\/3286d05e-0ce8-4263-a026-db396c113d3f-300x225.jpg 300w, https:\/\/site.ac-martinique.fr\/clg-julianicolas\/wp-content\/uploads\/sites\/119\/2024\/06\/3286d05e-0ce8-4263-a026-db396c113d3f-768x576.jpg 768w, https:\/\/site.ac-martinique.fr\/clg-julianicolas\/wp-content\/uploads\/sites\/119\/2024\/06\/3286d05e-0ce8-4263-a026-db396c113d3f-1536x1152.jpg 1536w, https:\/\/site.ac-martinique.fr\/clg-julianicolas\/wp-content\/uploads\/sites\/119\/2024\/06\/3286d05e-0ce8-4263-a026-db396c113d3f-400x300.jpg 400w, https:\/\/site.ac-martinique.fr\/clg-julianicolas\/wp-content\/uploads\/sites\/119\/2024\/06\/3286d05e-0ce8-4263-a026-db396c113d3f.jpg 1600w\" sizes=\"auto, (max-width: 1024px) 100vw, 1024px\" \/><\/figure>\n<\/figure>\n\n\n\n<figure class=\"wp-block-gallery has-nested-images columns-default is-cropped wp-block-gallery-35 is-layout-flex wp-block-gallery-is-layout-flex\">\n<figure class=\"wp-block-image size-large\"><img loading=\"lazy\" decoding=\"async\" width=\"1024\" height=\"768\" data-id=\"1893\" src=\"https:\/\/site.ac-martinique.fr\/clg-julianicolas\/wp-content\/uploads\/sites\/119\/2024\/06\/432e031d-3d63-4292-a68c-bf5ea1f188b9-1024x768.jpg\" alt=\"\" class=\"wp-image-1893\" srcset=\"https:\/\/site.ac-martinique.fr\/clg-julianicolas\/wp-content\/uploads\/sites\/119\/2024\/06\/432e031d-3d63-4292-a68c-bf5ea1f188b9-1024x768.jpg 1024w, https:\/\/site.ac-martinique.fr\/clg-julianicolas\/wp-content\/uploads\/sites\/119\/2024\/06\/432e031d-3d63-4292-a68c-bf5ea1f188b9-300x225.jpg 300w, https:\/\/site.ac-martinique.fr\/clg-julianicolas\/wp-content\/uploads\/sites\/119\/2024\/06\/432e031d-3d63-4292-a68c-bf5ea1f188b9-768x576.jpg 768w, https:\/\/site.ac-martinique.fr\/clg-julianicolas\/wp-content\/uploads\/sites\/119\/2024\/06\/432e031d-3d63-4292-a68c-bf5ea1f188b9-1536x1152.jpg 1536w, https:\/\/site.ac-martinique.fr\/clg-julianicolas\/wp-content\/uploads\/sites\/119\/2024\/06\/432e031d-3d63-4292-a68c-bf5ea1f188b9-400x300.jpg 400w, https:\/\/site.ac-martinique.fr\/clg-julianicolas\/wp-content\/uploads\/sites\/119\/2024\/06\/432e031d-3d63-4292-a68c-bf5ea1f188b9.jpg 1600w\" sizes=\"auto, (max-width: 1024px) 100vw, 1024px\" \/><\/figure>\n\n\n\n<figure class=\"wp-block-image size-large\"><img loading=\"lazy\" decoding=\"async\" width=\"1024\" height=\"768\" data-id=\"1892\" src=\"https:\/\/site.ac-martinique.fr\/clg-julianicolas\/wp-content\/uploads\/sites\/119\/2024\/06\/385bf046-abf2-4c4e-a7a5-28fd74aa81b6-1024x768.jpg\" alt=\"\" class=\"wp-image-1892\" srcset=\"https:\/\/site.ac-martinique.fr\/clg-julianicolas\/wp-content\/uploads\/sites\/119\/2024\/06\/385bf046-abf2-4c4e-a7a5-28fd74aa81b6-1024x768.jpg 1024w, https:\/\/site.ac-martinique.fr\/clg-julianicolas\/wp-content\/uploads\/sites\/119\/2024\/06\/385bf046-abf2-4c4e-a7a5-28fd74aa81b6-300x225.jpg 300w, https:\/\/site.ac-martinique.fr\/clg-julianicolas\/wp-content\/uploads\/sites\/119\/2024\/06\/385bf046-abf2-4c4e-a7a5-28fd74aa81b6-768x576.jpg 768w, https:\/\/site.ac-martinique.fr\/clg-julianicolas\/wp-content\/uploads\/sites\/119\/2024\/06\/385bf046-abf2-4c4e-a7a5-28fd74aa81b6-1536x1152.jpg 1536w, https:\/\/site.ac-martinique.fr\/clg-julianicolas\/wp-content\/uploads\/sites\/119\/2024\/06\/385bf046-abf2-4c4e-a7a5-28fd74aa81b6-400x300.jpg 400w, https:\/\/site.ac-martinique.fr\/clg-julianicolas\/wp-content\/uploads\/sites\/119\/2024\/06\/385bf046-abf2-4c4e-a7a5-28fd74aa81b6.jpg 1600w\" sizes=\"auto, (max-width: 1024px) 100vw, 1024px\" \/><\/figure>\n<\/figure>\n\n\n\n<h2 class=\"wp-block-heading\">LE COLLEGE A SON INSTA!!! SUIVEZ NOUS \ud83d\ude09<\/h2>\n\n\n\n<p><a href=\"https:\/\/www.instagram.com\/college_julia_nicolas\/?igsh=dTJxNHhkcm4xbWZ5\">https:\/\/www.instagram.com\/college_julia_nicolas\/?igsh=dTJxNHhkcm4xbWZ5<\/a><\/p>\n\n\n\n<figure class=\"wp-block-image size-full\"><img loading=\"lazy\" decoding=\"async\" width=\"1012\" height=\"936\" src=\"https:\/\/site.ac-martinique.fr\/clg-julianicolas\/wp-content\/uploads\/sites\/119\/2024\/05\/2024-05-instagram-college.png\" alt=\"\" class=\"wp-image-1868\" srcset=\"https:\/\/site.ac-martinique.fr\/clg-julianicolas\/wp-content\/uploads\/sites\/119\/2024\/05\/2024-05-instagram-college.png 1012w, https:\/\/site.ac-martinique.fr\/clg-julianicolas\/wp-content\/uploads\/sites\/119\/2024\/05\/2024-05-instagram-college-300x277.png 300w, https:\/\/site.ac-martinique.fr\/clg-julianicolas\/wp-content\/uploads\/sites\/119\/2024\/05\/2024-05-instagram-college-768x710.png 768w, https:\/\/site.ac-martinique.fr\/clg-julianicolas\/wp-content\/uploads\/sites\/119\/2024\/05\/2024-05-instagram-college-324x300.png 324w\" sizes=\"auto, (max-width: 1012px) 100vw, 1012px\" \/><\/figure>\n\n\n\n<p><\/p>\n\n\n\n<h2 class=\"wp-block-heading\">CONCOURS POUR NOTRE WEB RADIO<\/h2>\n\n\n\n<ul class=\"wp-block-list\">\n<li>La web-radio du Coll\u00e8ge JULIA NICOLAS participe \u00e0 un concours&nbsp;: Radio 100% Terre.Notre th\u00e8me est&nbsp;: La mangrove, une solution \u00e0 l&rsquo;\u00e9rosion du littoralVoici le lien pour \u00e9couter et voter pour notre web radio&nbsp;:<\/li>\n<\/ul>\n\n\n\n<p><a href=\"https:\/\/concours.reinventer-le-monde.fr\/podcasts\/radio-100-terre-la-mangrove-une-solution-a-lerosion-du-littoral\">https:\/\/concours.reinventer-le-monde.fr\/podcasts\/radio-100-terre-la-mangrove-une-solution-a-lerosion-du-littoral<\/a><\/p>\n\n\n\n<p>Nous comptons sur la participation de tous&nbsp;! Passez le mot&nbsp;\ud83d\ude09<\/p>\n\n\n\n<figure class=\"wp-block-image size-large\"><img loading=\"lazy\" decoding=\"async\" width=\"1024\" height=\"768\" src=\"https:\/\/site.ac-martinique.fr\/clg-julianicolas\/wp-content\/uploads\/sites\/119\/2024\/06\/WhatsApp-Image-2024-05-30-at-05.41.42-1024x768.jpeg\" alt=\"\" class=\"wp-image-1873\" srcset=\"https:\/\/site.ac-martinique.fr\/clg-julianicolas\/wp-content\/uploads\/sites\/119\/2024\/06\/WhatsApp-Image-2024-05-30-at-05.41.42-1024x768.jpeg 1024w, https:\/\/site.ac-martinique.fr\/clg-julianicolas\/wp-content\/uploads\/sites\/119\/2024\/06\/WhatsApp-Image-2024-05-30-at-05.41.42-300x225.jpeg 300w, https:\/\/site.ac-martinique.fr\/clg-julianicolas\/wp-content\/uploads\/sites\/119\/2024\/06\/WhatsApp-Image-2024-05-30-at-05.41.42-768x576.jpeg 768w, https:\/\/site.ac-martinique.fr\/clg-julianicolas\/wp-content\/uploads\/sites\/119\/2024\/06\/WhatsApp-Image-2024-05-30-at-05.41.42-1536x1152.jpeg 1536w, https:\/\/site.ac-martinique.fr\/clg-julianicolas\/wp-content\/uploads\/sites\/119\/2024\/06\/WhatsApp-Image-2024-05-30-at-05.41.42-400x300.jpeg 400w, https:\/\/site.ac-martinique.fr\/clg-julianicolas\/wp-content\/uploads\/sites\/119\/2024\/06\/WhatsApp-Image-2024-05-30-at-05.41.42.jpeg 1600w\" sizes=\"auto, (max-width: 1024px) 100vw, 1024px\" \/><\/figure>\n\n\n\n<p><\/p>\n\n\n\n<h2 class=\"wp-block-heading\">JOURNEE CREOLE AU COLLEGE &#8211; 16 mai 2024 <\/h2>\n\n\n\n<p>Ce jour, jeudi 16 mai 2024 au Coll\u00e8ge JULIA NICOLAS, l\u2019ensemble de la communaut\u00e9 scolaire a c\u00e9l\u00e9br\u00e9 le cr\u00e9ole et sa culture.<\/p>\n\n\n\n<p>Tous les membres ont pu d\u00e9guster un petit d\u00e9jeuner ANTAN LONTAN compos\u00e9 entre autre de Toloman, Harang Saur, Pain au beurre chocolat, jus divers et th\u00e9 peyi. Ce beau moment de d\u00e9couverte et d\u00e9gustation a \u00e9t\u00e9 pr\u00e9par\u00e9 par les agents de l\u2019\u00e9tablissement que nous remercions chaudement. Un remerciement particulier \u00e0 Madame COTREBIL, cheffe de cuisine ainsi que Mesdames VAHALA, BARTY, GEMIEUX, ZELELA qui ont beaucoup oeuvr\u00e9 pour l&rsquo;organisation de ce moment.<\/p>\n\n\n\n<figure class=\"wp-block-gallery has-nested-images columns-default is-cropped wp-block-gallery-36 is-layout-flex wp-block-gallery-is-layout-flex\">\n<figure class=\"wp-block-image size-large\"><img loading=\"lazy\" decoding=\"async\" width=\"1024\" height=\"768\" data-id=\"1825\" src=\"https:\/\/site.ac-martinique.fr\/clg-julianicolas\/wp-content\/uploads\/sites\/119\/2024\/05\/JC1-1024x768.jpg\" alt=\"\" class=\"wp-image-1825\" srcset=\"https:\/\/site.ac-martinique.fr\/clg-julianicolas\/wp-content\/uploads\/sites\/119\/2024\/05\/JC1-1024x768.jpg 1024w, https:\/\/site.ac-martinique.fr\/clg-julianicolas\/wp-content\/uploads\/sites\/119\/2024\/05\/JC1-300x225.jpg 300w, https:\/\/site.ac-martinique.fr\/clg-julianicolas\/wp-content\/uploads\/sites\/119\/2024\/05\/JC1-768x576.jpg 768w, https:\/\/site.ac-martinique.fr\/clg-julianicolas\/wp-content\/uploads\/sites\/119\/2024\/05\/JC1-1536x1152.jpg 1536w, https:\/\/site.ac-martinique.fr\/clg-julianicolas\/wp-content\/uploads\/sites\/119\/2024\/05\/JC1-400x300.jpg 400w, https:\/\/site.ac-martinique.fr\/clg-julianicolas\/wp-content\/uploads\/sites\/119\/2024\/05\/JC1.jpg 1600w\" sizes=\"auto, (max-width: 1024px) 100vw, 1024px\" \/><\/figure>\n\n\n\n<figure class=\"wp-block-image size-large\"><img loading=\"lazy\" decoding=\"async\" width=\"1024\" height=\"768\" data-id=\"1826\" src=\"https:\/\/site.ac-martinique.fr\/clg-julianicolas\/wp-content\/uploads\/sites\/119\/2024\/05\/JC3-1024x768.jpg\" alt=\"\" class=\"wp-image-1826\" srcset=\"https:\/\/site.ac-martinique.fr\/clg-julianicolas\/wp-content\/uploads\/sites\/119\/2024\/05\/JC3-1024x768.jpg 1024w, https:\/\/site.ac-martinique.fr\/clg-julianicolas\/wp-content\/uploads\/sites\/119\/2024\/05\/JC3-300x225.jpg 300w, https:\/\/site.ac-martinique.fr\/clg-julianicolas\/wp-content\/uploads\/sites\/119\/2024\/05\/JC3-768x576.jpg 768w, https:\/\/site.ac-martinique.fr\/clg-julianicolas\/wp-content\/uploads\/sites\/119\/2024\/05\/JC3-1536x1152.jpg 1536w, https:\/\/site.ac-martinique.fr\/clg-julianicolas\/wp-content\/uploads\/sites\/119\/2024\/05\/JC3-400x300.jpg 400w, https:\/\/site.ac-martinique.fr\/clg-julianicolas\/wp-content\/uploads\/sites\/119\/2024\/05\/JC3.jpg 1600w\" sizes=\"auto, (max-width: 1024px) 100vw, 1024px\" \/><\/figure>\n\n\n\n<figure class=\"wp-block-image size-large\"><img loading=\"lazy\" decoding=\"async\" width=\"1024\" height=\"768\" data-id=\"1827\" src=\"https:\/\/site.ac-martinique.fr\/clg-julianicolas\/wp-content\/uploads\/sites\/119\/2024\/05\/JC4-1024x768.jpg\" alt=\"\" class=\"wp-image-1827\" srcset=\"https:\/\/site.ac-martinique.fr\/clg-julianicolas\/wp-content\/uploads\/sites\/119\/2024\/05\/JC4-1024x768.jpg 1024w, https:\/\/site.ac-martinique.fr\/clg-julianicolas\/wp-content\/uploads\/sites\/119\/2024\/05\/JC4-300x225.jpg 300w, https:\/\/site.ac-martinique.fr\/clg-julianicolas\/wp-content\/uploads\/sites\/119\/2024\/05\/JC4-768x576.jpg 768w, https:\/\/site.ac-martinique.fr\/clg-julianicolas\/wp-content\/uploads\/sites\/119\/2024\/05\/JC4-1536x1152.jpg 1536w, https:\/\/site.ac-martinique.fr\/clg-julianicolas\/wp-content\/uploads\/sites\/119\/2024\/05\/JC4-400x300.jpg 400w, https:\/\/site.ac-martinique.fr\/clg-julianicolas\/wp-content\/uploads\/sites\/119\/2024\/05\/JC4.jpg 1600w\" sizes=\"auto, (max-width: 1024px) 100vw, 1024px\" \/><\/figure>\n\n\n\n<figure class=\"wp-block-image size-large\"><img loading=\"lazy\" decoding=\"async\" width=\"1024\" height=\"768\" data-id=\"1828\" src=\"https:\/\/site.ac-martinique.fr\/clg-julianicolas\/wp-content\/uploads\/sites\/119\/2024\/05\/JC5-1024x768.jpg\" alt=\"\" class=\"wp-image-1828\" srcset=\"https:\/\/site.ac-martinique.fr\/clg-julianicolas\/wp-content\/uploads\/sites\/119\/2024\/05\/JC5-1024x768.jpg 1024w, https:\/\/site.ac-martinique.fr\/clg-julianicolas\/wp-content\/uploads\/sites\/119\/2024\/05\/JC5-300x225.jpg 300w, https:\/\/site.ac-martinique.fr\/clg-julianicolas\/wp-content\/uploads\/sites\/119\/2024\/05\/JC5-768x576.jpg 768w, https:\/\/site.ac-martinique.fr\/clg-julianicolas\/wp-content\/uploads\/sites\/119\/2024\/05\/JC5-1536x1152.jpg 1536w, https:\/\/site.ac-martinique.fr\/clg-julianicolas\/wp-content\/uploads\/sites\/119\/2024\/05\/JC5-400x300.jpg 400w, https:\/\/site.ac-martinique.fr\/clg-julianicolas\/wp-content\/uploads\/sites\/119\/2024\/05\/JC5.jpg 1600w\" sizes=\"auto, (max-width: 1024px) 100vw, 1024px\" \/><\/figure>\n\n\n\n<figure class=\"wp-block-image size-large\"><img loading=\"lazy\" decoding=\"async\" width=\"1024\" height=\"768\" data-id=\"1829\" src=\"https:\/\/site.ac-martinique.fr\/clg-julianicolas\/wp-content\/uploads\/sites\/119\/2024\/05\/JC6-1024x768.jpg\" alt=\"\" class=\"wp-image-1829\" srcset=\"https:\/\/site.ac-martinique.fr\/clg-julianicolas\/wp-content\/uploads\/sites\/119\/2024\/05\/JC6-1024x768.jpg 1024w, https:\/\/site.ac-martinique.fr\/clg-julianicolas\/wp-content\/uploads\/sites\/119\/2024\/05\/JC6-300x225.jpg 300w, https:\/\/site.ac-martinique.fr\/clg-julianicolas\/wp-content\/uploads\/sites\/119\/2024\/05\/JC6-768x576.jpg 768w, https:\/\/site.ac-martinique.fr\/clg-julianicolas\/wp-content\/uploads\/sites\/119\/2024\/05\/JC6-1536x1152.jpg 1536w, https:\/\/site.ac-martinique.fr\/clg-julianicolas\/wp-content\/uploads\/sites\/119\/2024\/05\/JC6-400x300.jpg 400w, https:\/\/site.ac-martinique.fr\/clg-julianicolas\/wp-content\/uploads\/sites\/119\/2024\/05\/JC6.jpg 1600w\" sizes=\"auto, (max-width: 1024px) 100vw, 1024px\" \/><\/figure>\n\n\n\n<figure class=\"wp-block-image size-large\"><img loading=\"lazy\" decoding=\"async\" width=\"768\" height=\"1024\" data-id=\"1830\" src=\"https:\/\/site.ac-martinique.fr\/clg-julianicolas\/wp-content\/uploads\/sites\/119\/2024\/05\/JC9-768x1024.jpg\" alt=\"\" class=\"wp-image-1830\" srcset=\"https:\/\/site.ac-martinique.fr\/clg-julianicolas\/wp-content\/uploads\/sites\/119\/2024\/05\/JC9-768x1024.jpg 768w, https:\/\/site.ac-martinique.fr\/clg-julianicolas\/wp-content\/uploads\/sites\/119\/2024\/05\/JC9-225x300.jpg 225w, https:\/\/site.ac-martinique.fr\/clg-julianicolas\/wp-content\/uploads\/sites\/119\/2024\/05\/JC9-1152x1536.jpg 1152w, https:\/\/site.ac-martinique.fr\/clg-julianicolas\/wp-content\/uploads\/sites\/119\/2024\/05\/JC9.jpg 1200w\" sizes=\"auto, (max-width: 768px) 100vw, 768px\" \/><\/figure>\n<\/figure>\n\n\n\n<p>Les \u00e9l\u00e8ves ont \u00e9galement assist\u00e9 \u00e0 des ateliers \u00ab&nbsp;d\u00e9couverte du go\u00fbt&nbsp;\u00bb effectu\u00e9s par Madame L\u2019infirmi\u00e8re de l\u2019\u00e9tablissement et Madame Beauvin, Professeur d\u2019SVT, Monsieur CLIO Professeur de technologie. A cette occasion des fruits et l\u00e9gumes locaux ont \u00e9t\u00e9 pr\u00e9sent\u00e9s. Le lien a \u00e9t\u00e9 fait avec le petit d\u00e9jeuner et l\u2019importance de bien s\u2019alimenter.<\/p>\n\n\n\n<figure class=\"wp-block-gallery has-nested-images columns-default is-cropped wp-block-gallery-37 is-layout-flex wp-block-gallery-is-layout-flex\">\n<figure class=\"wp-block-image size-large\"><img loading=\"lazy\" decoding=\"async\" width=\"768\" height=\"1024\" data-id=\"1831\" src=\"https:\/\/site.ac-martinique.fr\/clg-julianicolas\/wp-content\/uploads\/sites\/119\/2024\/05\/JC8-768x1024.jpg\" alt=\"\" class=\"wp-image-1831\" srcset=\"https:\/\/site.ac-martinique.fr\/clg-julianicolas\/wp-content\/uploads\/sites\/119\/2024\/05\/JC8-768x1024.jpg 768w, https:\/\/site.ac-martinique.fr\/clg-julianicolas\/wp-content\/uploads\/sites\/119\/2024\/05\/JC8-225x300.jpg 225w, https:\/\/site.ac-martinique.fr\/clg-julianicolas\/wp-content\/uploads\/sites\/119\/2024\/05\/JC8-1152x1536.jpg 1152w, https:\/\/site.ac-martinique.fr\/clg-julianicolas\/wp-content\/uploads\/sites\/119\/2024\/05\/JC8.jpg 1200w\" sizes=\"auto, (max-width: 768px) 100vw, 768px\" \/><figcaption class=\"wp-element-caption\">Mme L&rsquo;infirmi\u00e8re anime l&rsquo;atelier go\u00fbt<\/figcaption><\/figure>\n\n\n\n<figure class=\"wp-block-image size-large\"><img loading=\"lazy\" decoding=\"async\" width=\"1024\" height=\"768\" data-id=\"1832\" src=\"https:\/\/site.ac-martinique.fr\/clg-julianicolas\/wp-content\/uploads\/sites\/119\/2024\/05\/JC2-1024x768.jpg\" alt=\"\" class=\"wp-image-1832\" srcset=\"https:\/\/site.ac-martinique.fr\/clg-julianicolas\/wp-content\/uploads\/sites\/119\/2024\/05\/JC2-1024x768.jpg 1024w, https:\/\/site.ac-martinique.fr\/clg-julianicolas\/wp-content\/uploads\/sites\/119\/2024\/05\/JC2-300x225.jpg 300w, https:\/\/site.ac-martinique.fr\/clg-julianicolas\/wp-content\/uploads\/sites\/119\/2024\/05\/JC2-768x576.jpg 768w, https:\/\/site.ac-martinique.fr\/clg-julianicolas\/wp-content\/uploads\/sites\/119\/2024\/05\/JC2-1536x1152.jpg 1536w, https:\/\/site.ac-martinique.fr\/clg-julianicolas\/wp-content\/uploads\/sites\/119\/2024\/05\/JC2-400x300.jpg 400w, https:\/\/site.ac-martinique.fr\/clg-julianicolas\/wp-content\/uploads\/sites\/119\/2024\/05\/JC2.jpg 1600w\" sizes=\"auto, (max-width: 1024px) 100vw, 1024px\" \/><\/figure>\n\n\n\n<figure class=\"wp-block-image size-large\"><img loading=\"lazy\" decoding=\"async\" width=\"768\" height=\"1024\" data-id=\"1833\" src=\"https:\/\/site.ac-martinique.fr\/clg-julianicolas\/wp-content\/uploads\/sites\/119\/2024\/05\/JC7-768x1024.jpg\" alt=\"\" class=\"wp-image-1833\" srcset=\"https:\/\/site.ac-martinique.fr\/clg-julianicolas\/wp-content\/uploads\/sites\/119\/2024\/05\/JC7-768x1024.jpg 768w, https:\/\/site.ac-martinique.fr\/clg-julianicolas\/wp-content\/uploads\/sites\/119\/2024\/05\/JC7-225x300.jpg 225w, https:\/\/site.ac-martinique.fr\/clg-julianicolas\/wp-content\/uploads\/sites\/119\/2024\/05\/JC7-1152x1536.jpg 1152w, https:\/\/site.ac-martinique.fr\/clg-julianicolas\/wp-content\/uploads\/sites\/119\/2024\/05\/JC7.jpg 1200w\" sizes=\"auto, (max-width: 768px) 100vw, 768px\" \/><figcaption class=\"wp-element-caption\">Mme Beauvin explique les vertus des fruits locaux<\/figcaption><\/figure>\n\n\n\n<figure class=\"wp-block-image size-large\"><img loading=\"lazy\" decoding=\"async\" width=\"1024\" height=\"768\" data-id=\"1834\" src=\"https:\/\/site.ac-martinique.fr\/clg-julianicolas\/wp-content\/uploads\/sites\/119\/2024\/05\/JC21-1024x768.jpg\" alt=\"\" class=\"wp-image-1834\" srcset=\"https:\/\/site.ac-martinique.fr\/clg-julianicolas\/wp-content\/uploads\/sites\/119\/2024\/05\/JC21-1024x768.jpg 1024w, https:\/\/site.ac-martinique.fr\/clg-julianicolas\/wp-content\/uploads\/sites\/119\/2024\/05\/JC21-300x225.jpg 300w, https:\/\/site.ac-martinique.fr\/clg-julianicolas\/wp-content\/uploads\/sites\/119\/2024\/05\/JC21-768x576.jpg 768w, https:\/\/site.ac-martinique.fr\/clg-julianicolas\/wp-content\/uploads\/sites\/119\/2024\/05\/JC21-1536x1152.jpg 1536w, https:\/\/site.ac-martinique.fr\/clg-julianicolas\/wp-content\/uploads\/sites\/119\/2024\/05\/JC21-400x300.jpg 400w, https:\/\/site.ac-martinique.fr\/clg-julianicolas\/wp-content\/uploads\/sites\/119\/2024\/05\/JC21.jpg 1600w\" sizes=\"auto, (max-width: 1024px) 100vw, 1024px\" \/><\/figure>\n<\/figure>\n\n\n\n<p>Ensuite les \u00e9l\u00e8ves ont d\u00e9couverts des jeux d\u2019antan sous la direction et les bons conseils de Mme Etienne professeur de Cr\u00e9ole ,Mme MARAIS professeurs d\u2019EPS et Mr AGAT, agent de l\u2019\u00e9tablissement Au programme, courses de sacs, jeux d\u2019osselets et plus encore.<\/p>\n\n\n\n<figure class=\"wp-block-gallery has-nested-images columns-default is-cropped wp-block-gallery-38 is-layout-flex wp-block-gallery-is-layout-flex\">\n<figure class=\"wp-block-image size-large\"><img loading=\"lazy\" decoding=\"async\" width=\"1024\" height=\"768\" data-id=\"1835\" src=\"https:\/\/site.ac-martinique.fr\/clg-julianicolas\/wp-content\/uploads\/sites\/119\/2024\/05\/JC11-1024x768.jpg\" alt=\"\" class=\"wp-image-1835\" srcset=\"https:\/\/site.ac-martinique.fr\/clg-julianicolas\/wp-content\/uploads\/sites\/119\/2024\/05\/JC11-1024x768.jpg 1024w, https:\/\/site.ac-martinique.fr\/clg-julianicolas\/wp-content\/uploads\/sites\/119\/2024\/05\/JC11-300x225.jpg 300w, https:\/\/site.ac-martinique.fr\/clg-julianicolas\/wp-content\/uploads\/sites\/119\/2024\/05\/JC11-768x576.jpg 768w, https:\/\/site.ac-martinique.fr\/clg-julianicolas\/wp-content\/uploads\/sites\/119\/2024\/05\/JC11-1536x1152.jpg 1536w, https:\/\/site.ac-martinique.fr\/clg-julianicolas\/wp-content\/uploads\/sites\/119\/2024\/05\/JC11-400x300.jpg 400w, https:\/\/site.ac-martinique.fr\/clg-julianicolas\/wp-content\/uploads\/sites\/119\/2024\/05\/JC11.jpg 1600w\" sizes=\"auto, (max-width: 1024px) 100vw, 1024px\" \/><\/figure>\n\n\n\n<figure class=\"wp-block-image size-large\"><img loading=\"lazy\" decoding=\"async\" width=\"768\" height=\"1024\" data-id=\"1836\" src=\"https:\/\/site.ac-martinique.fr\/clg-julianicolas\/wp-content\/uploads\/sites\/119\/2024\/05\/JC13-768x1024.jpg\" alt=\"\" class=\"wp-image-1836\" srcset=\"https:\/\/site.ac-martinique.fr\/clg-julianicolas\/wp-content\/uploads\/sites\/119\/2024\/05\/JC13-768x1024.jpg 768w, https:\/\/site.ac-martinique.fr\/clg-julianicolas\/wp-content\/uploads\/sites\/119\/2024\/05\/JC13-225x300.jpg 225w, https:\/\/site.ac-martinique.fr\/clg-julianicolas\/wp-content\/uploads\/sites\/119\/2024\/05\/JC13-1152x1536.jpg 1152w, https:\/\/site.ac-martinique.fr\/clg-julianicolas\/wp-content\/uploads\/sites\/119\/2024\/05\/JC13.jpg 1200w\" sizes=\"auto, (max-width: 768px) 100vw, 768px\" \/><\/figure>\n\n\n\n<figure class=\"wp-block-image size-large\"><img loading=\"lazy\" decoding=\"async\" width=\"1024\" height=\"768\" data-id=\"1837\" src=\"https:\/\/site.ac-martinique.fr\/clg-julianicolas\/wp-content\/uploads\/sites\/119\/2024\/05\/JC12-1024x768.jpg\" alt=\"\" class=\"wp-image-1837\" srcset=\"https:\/\/site.ac-martinique.fr\/clg-julianicolas\/wp-content\/uploads\/sites\/119\/2024\/05\/JC12-1024x768.jpg 1024w, https:\/\/site.ac-martinique.fr\/clg-julianicolas\/wp-content\/uploads\/sites\/119\/2024\/05\/JC12-300x225.jpg 300w, https:\/\/site.ac-martinique.fr\/clg-julianicolas\/wp-content\/uploads\/sites\/119\/2024\/05\/JC12-768x576.jpg 768w, https:\/\/site.ac-martinique.fr\/clg-julianicolas\/wp-content\/uploads\/sites\/119\/2024\/05\/JC12-1536x1152.jpg 1536w, https:\/\/site.ac-martinique.fr\/clg-julianicolas\/wp-content\/uploads\/sites\/119\/2024\/05\/JC12-400x300.jpg 400w, https:\/\/site.ac-martinique.fr\/clg-julianicolas\/wp-content\/uploads\/sites\/119\/2024\/05\/JC12.jpg 1600w\" sizes=\"auto, (max-width: 1024px) 100vw, 1024px\" \/><figcaption class=\"wp-element-caption\">Mme Etienne et M AGAT se prennent au jeu<\/figcaption><\/figure>\n\n\n\n<figure class=\"wp-block-image size-large\"><img loading=\"lazy\" decoding=\"async\" width=\"1024\" height=\"768\" data-id=\"1838\" src=\"https:\/\/site.ac-martinique.fr\/clg-julianicolas\/wp-content\/uploads\/sites\/119\/2024\/05\/JC14-1024x768.jpg\" alt=\"\" class=\"wp-image-1838\" srcset=\"https:\/\/site.ac-martinique.fr\/clg-julianicolas\/wp-content\/uploads\/sites\/119\/2024\/05\/JC14-1024x768.jpg 1024w, https:\/\/site.ac-martinique.fr\/clg-julianicolas\/wp-content\/uploads\/sites\/119\/2024\/05\/JC14-300x225.jpg 300w, https:\/\/site.ac-martinique.fr\/clg-julianicolas\/wp-content\/uploads\/sites\/119\/2024\/05\/JC14-768x576.jpg 768w, https:\/\/site.ac-martinique.fr\/clg-julianicolas\/wp-content\/uploads\/sites\/119\/2024\/05\/JC14-1536x1152.jpg 1536w, https:\/\/site.ac-martinique.fr\/clg-julianicolas\/wp-content\/uploads\/sites\/119\/2024\/05\/JC14-400x300.jpg 400w, https:\/\/site.ac-martinique.fr\/clg-julianicolas\/wp-content\/uploads\/sites\/119\/2024\/05\/JC14.jpg 1600w\" sizes=\"auto, (max-width: 1024px) 100vw, 1024px\" \/><\/figure>\n\n\n\n<figure class=\"wp-block-image size-large\"><img loading=\"lazy\" decoding=\"async\" width=\"768\" height=\"1024\" data-id=\"1839\" src=\"https:\/\/site.ac-martinique.fr\/clg-julianicolas\/wp-content\/uploads\/sites\/119\/2024\/05\/JC15-768x1024.jpg\" alt=\"\" class=\"wp-image-1839\" srcset=\"https:\/\/site.ac-martinique.fr\/clg-julianicolas\/wp-content\/uploads\/sites\/119\/2024\/05\/JC15-768x1024.jpg 768w, https:\/\/site.ac-martinique.fr\/clg-julianicolas\/wp-content\/uploads\/sites\/119\/2024\/05\/JC15-225x300.jpg 225w, https:\/\/site.ac-martinique.fr\/clg-julianicolas\/wp-content\/uploads\/sites\/119\/2024\/05\/JC15-1152x1536.jpg 1152w, https:\/\/site.ac-martinique.fr\/clg-julianicolas\/wp-content\/uploads\/sites\/119\/2024\/05\/JC15.jpg 1200w\" sizes=\"auto, (max-width: 768px) 100vw, 768px\" \/><\/figure>\n<\/figure>\n\n\n\n<p>Les \u00e9l\u00e8ves ont \u00e9galement pu d\u00e9couvrir les objets d\u2019ANTAN. Mme CONCY, professeur documentaliste a su faire vivre, d\u00e9couvrir et red\u00e9couvrir aux \u00e9l\u00e8ves ces objets du quotidiens de nos a\u00een\u00e9s pr\u00eat\u00e9s par les membres de l&rsquo;\u00e9tablissement. Un beau moment de partage.<\/p>\n\n\n\n<figure class=\"wp-block-gallery has-nested-images columns-default is-cropped wp-block-gallery-39 is-layout-flex wp-block-gallery-is-layout-flex\">\n<figure class=\"wp-block-image size-large\"><img loading=\"lazy\" decoding=\"async\" width=\"768\" height=\"1024\" data-id=\"1840\" src=\"https:\/\/site.ac-martinique.fr\/clg-julianicolas\/wp-content\/uploads\/sites\/119\/2024\/05\/JC17-768x1024.jpg\" alt=\"\" class=\"wp-image-1840\" srcset=\"https:\/\/site.ac-martinique.fr\/clg-julianicolas\/wp-content\/uploads\/sites\/119\/2024\/05\/JC17-768x1024.jpg 768w, https:\/\/site.ac-martinique.fr\/clg-julianicolas\/wp-content\/uploads\/sites\/119\/2024\/05\/JC17-225x300.jpg 225w, https:\/\/site.ac-martinique.fr\/clg-julianicolas\/wp-content\/uploads\/sites\/119\/2024\/05\/JC17-1152x1536.jpg 1152w, https:\/\/site.ac-martinique.fr\/clg-julianicolas\/wp-content\/uploads\/sites\/119\/2024\/05\/JC17.jpg 1200w\" sizes=\"auto, (max-width: 768px) 100vw, 768px\" \/><figcaption class=\"wp-element-caption\">Mme CONCY fait une d\u00e9monstration <\/figcaption><\/figure>\n\n\n\n<figure class=\"wp-block-image size-large\"><img loading=\"lazy\" decoding=\"async\" width=\"768\" height=\"1024\" data-id=\"1841\" src=\"https:\/\/site.ac-martinique.fr\/clg-julianicolas\/wp-content\/uploads\/sites\/119\/2024\/05\/JC18-768x1024.jpg\" alt=\"\" class=\"wp-image-1841\" srcset=\"https:\/\/site.ac-martinique.fr\/clg-julianicolas\/wp-content\/uploads\/sites\/119\/2024\/05\/JC18-768x1024.jpg 768w, https:\/\/site.ac-martinique.fr\/clg-julianicolas\/wp-content\/uploads\/sites\/119\/2024\/05\/JC18-225x300.jpg 225w, https:\/\/site.ac-martinique.fr\/clg-julianicolas\/wp-content\/uploads\/sites\/119\/2024\/05\/JC18-1152x1536.jpg 1152w, https:\/\/site.ac-martinique.fr\/clg-julianicolas\/wp-content\/uploads\/sites\/119\/2024\/05\/JC18.jpg 1200w\" sizes=\"auto, (max-width: 768px) 100vw, 768px\" \/><\/figure>\n<\/figure>\n\n\n\n<p>La Chorale a donn\u00e9 de la voix pour faire d\u00e9couvrir \u00e0 tous notre r\u00e9pertoire musicale.<\/p>\n\n\n\n<p>Les \u00e9l\u00e8ves ont \u00e9galement assist\u00e9 \u00e0 des contes traditionnels.<\/p>\n\n\n\n<p>Enfin pour cl\u00f4turer cette belle matin\u00e9e, l\u2019ensemble de la communaut\u00e9 \u00e0 assist\u00e9 \u00e0 une repr\u00e9sentation de B\u00e9l\u00e8, mise en \u0153uvre par Monsieur MABIALA professeur de fran\u00e7ais, \u00e0 laquelle Monsieur PAM a \u00e9galement particip\u00e9.<\/p>\n\n\n\n<figure class=\"wp-block-gallery has-nested-images columns-default is-cropped wp-block-gallery-40 is-layout-flex wp-block-gallery-is-layout-flex\">\n<figure class=\"wp-block-image size-large\"><img loading=\"lazy\" decoding=\"async\" width=\"1024\" height=\"768\" data-id=\"1842\" src=\"https:\/\/site.ac-martinique.fr\/clg-julianicolas\/wp-content\/uploads\/sites\/119\/2024\/05\/JC19-1024x768.jpg\" alt=\"\" class=\"wp-image-1842\" srcset=\"https:\/\/site.ac-martinique.fr\/clg-julianicolas\/wp-content\/uploads\/sites\/119\/2024\/05\/JC19-1024x768.jpg 1024w, https:\/\/site.ac-martinique.fr\/clg-julianicolas\/wp-content\/uploads\/sites\/119\/2024\/05\/JC19-300x225.jpg 300w, https:\/\/site.ac-martinique.fr\/clg-julianicolas\/wp-content\/uploads\/sites\/119\/2024\/05\/JC19-768x576.jpg 768w, https:\/\/site.ac-martinique.fr\/clg-julianicolas\/wp-content\/uploads\/sites\/119\/2024\/05\/JC19-1536x1152.jpg 1536w, https:\/\/site.ac-martinique.fr\/clg-julianicolas\/wp-content\/uploads\/sites\/119\/2024\/05\/JC19-400x300.jpg 400w, https:\/\/site.ac-martinique.fr\/clg-julianicolas\/wp-content\/uploads\/sites\/119\/2024\/05\/JC19.jpg 1600w\" sizes=\"auto, (max-width: 1024px) 100vw, 1024px\" \/><\/figure>\n\n\n\n<figure class=\"wp-block-image size-large\"><img loading=\"lazy\" decoding=\"async\" width=\"1024\" height=\"768\" data-id=\"1843\" src=\"https:\/\/site.ac-martinique.fr\/clg-julianicolas\/wp-content\/uploads\/sites\/119\/2024\/05\/JC20-1024x768.jpg\" alt=\"\" class=\"wp-image-1843\" srcset=\"https:\/\/site.ac-martinique.fr\/clg-julianicolas\/wp-content\/uploads\/sites\/119\/2024\/05\/JC20-1024x768.jpg 1024w, https:\/\/site.ac-martinique.fr\/clg-julianicolas\/wp-content\/uploads\/sites\/119\/2024\/05\/JC20-300x225.jpg 300w, https:\/\/site.ac-martinique.fr\/clg-julianicolas\/wp-content\/uploads\/sites\/119\/2024\/05\/JC20-768x576.jpg 768w, https:\/\/site.ac-martinique.fr\/clg-julianicolas\/wp-content\/uploads\/sites\/119\/2024\/05\/JC20-1536x1152.jpg 1536w, https:\/\/site.ac-martinique.fr\/clg-julianicolas\/wp-content\/uploads\/sites\/119\/2024\/05\/JC20-400x300.jpg 400w, https:\/\/site.ac-martinique.fr\/clg-julianicolas\/wp-content\/uploads\/sites\/119\/2024\/05\/JC20.jpg 1600w\" sizes=\"auto, (max-width: 1024px) 100vw, 1024px\" \/><\/figure>\n<\/figure>\n\n\n\n<p>Un grand merci \u00e0 tous pour la r\u00e9ussite de cette belle journ\u00e9e cr\u00e9ole&nbsp;!<\/p>\n\n\n\n<p><\/p>\n\n\n\n<h2 class=\"wp-block-heading\">TRANSAT TRANS&rsquo;MARTINIQUE &#8211; un d\u00e9fi, une cause et des rencontres<\/h2>\n\n\n\n<p>Le 14 avril 2024, la transat Cap&rsquo; Martinique s&rsquo;est lanc\u00e9e depuis la Bretagne (Commune de la Trinit\u00e9 sur Mer). Cette course transatlantique en solitaire ou en duo a pour sp\u00e9cificit\u00e9 d&rsquo;encourager les skippers \u00e0 promouvoir une cause de d\u00e9veloppement soci\u00e9tale.<\/p>\n\n\n\n<p>L&rsquo;\u00e9quipe ARTIC conduite par deux jeunes skippers, Stanislas RICHE et Marc LEBLANC, a choisi de soutenir la lutte contre les conduites addictives et les cancers; cause fortement d\u00e9fendue au sein des \u00e9tablissements scolaires.<\/p>\n\n\n\n<p>Apr\u00e8s avoir visit\u00e9 le voilier, les \u00e9l\u00e8ves se sont rendus au lyc\u00e9e Schoelcher pour une conf\u00e9rence sur la sensibilisation aux comportements addictifs. Dans l&rsquo;apr\u00e8s midi les \u00e9l\u00e8ves de la webradio JN ont \u00e9chang\u00e9 avec nos skippers sur la pratique de la voile, la course mais surtout sur l&rsquo; engagement de ces jeunes vis \u00e0 vis de cette cause.<\/p>\n\n\n\n<figure class=\"wp-block-gallery has-nested-images columns-default is-cropped wp-block-gallery-41 is-layout-flex wp-block-gallery-is-layout-flex\">\n<figure class=\"wp-block-image size-large\"><img loading=\"lazy\" decoding=\"async\" width=\"768\" height=\"1024\" data-id=\"1817\" src=\"https:\/\/site.ac-martinique.fr\/clg-julianicolas\/wp-content\/uploads\/sites\/119\/2024\/05\/Transat-1-1-768x1024.jpg\" alt=\"\" class=\"wp-image-1817\" srcset=\"https:\/\/site.ac-martinique.fr\/clg-julianicolas\/wp-content\/uploads\/sites\/119\/2024\/05\/Transat-1-1-768x1024.jpg 768w, https:\/\/site.ac-martinique.fr\/clg-julianicolas\/wp-content\/uploads\/sites\/119\/2024\/05\/Transat-1-1-225x300.jpg 225w, https:\/\/site.ac-martinique.fr\/clg-julianicolas\/wp-content\/uploads\/sites\/119\/2024\/05\/Transat-1-1.jpg 960w\" sizes=\"auto, (max-width: 768px) 100vw, 768px\" \/><\/figure>\n\n\n\n<figure class=\"wp-block-image size-large\"><img loading=\"lazy\" decoding=\"async\" width=\"1024\" height=\"768\" data-id=\"1818\" src=\"https:\/\/site.ac-martinique.fr\/clg-julianicolas\/wp-content\/uploads\/sites\/119\/2024\/05\/Transat-2-1024x768.jpg\" alt=\"\" class=\"wp-image-1818\" srcset=\"https:\/\/site.ac-martinique.fr\/clg-julianicolas\/wp-content\/uploads\/sites\/119\/2024\/05\/Transat-2-1024x768.jpg 1024w, https:\/\/site.ac-martinique.fr\/clg-julianicolas\/wp-content\/uploads\/sites\/119\/2024\/05\/Transat-2-300x225.jpg 300w, https:\/\/site.ac-martinique.fr\/clg-julianicolas\/wp-content\/uploads\/sites\/119\/2024\/05\/Transat-2-768x576.jpg 768w, https:\/\/site.ac-martinique.fr\/clg-julianicolas\/wp-content\/uploads\/sites\/119\/2024\/05\/Transat-2-400x300.jpg 400w, https:\/\/site.ac-martinique.fr\/clg-julianicolas\/wp-content\/uploads\/sites\/119\/2024\/05\/Transat-2.jpg 1280w\" sizes=\"auto, (max-width: 1024px) 100vw, 1024px\" \/><\/figure>\n\n\n\n<figure class=\"wp-block-image size-large\"><img loading=\"lazy\" decoding=\"async\" width=\"1024\" height=\"768\" data-id=\"1819\" src=\"https:\/\/site.ac-martinique.fr\/clg-julianicolas\/wp-content\/uploads\/sites\/119\/2024\/05\/Transat-3-1024x768.jpg\" alt=\"\" class=\"wp-image-1819\" srcset=\"https:\/\/site.ac-martinique.fr\/clg-julianicolas\/wp-content\/uploads\/sites\/119\/2024\/05\/Transat-3-1024x768.jpg 1024w, https:\/\/site.ac-martinique.fr\/clg-julianicolas\/wp-content\/uploads\/sites\/119\/2024\/05\/Transat-3-300x225.jpg 300w, https:\/\/site.ac-martinique.fr\/clg-julianicolas\/wp-content\/uploads\/sites\/119\/2024\/05\/Transat-3-768x576.jpg 768w, https:\/\/site.ac-martinique.fr\/clg-julianicolas\/wp-content\/uploads\/sites\/119\/2024\/05\/Transat-3-400x300.jpg 400w, https:\/\/site.ac-martinique.fr\/clg-julianicolas\/wp-content\/uploads\/sites\/119\/2024\/05\/Transat-3.jpg 1280w\" sizes=\"auto, (max-width: 1024px) 100vw, 1024px\" \/><\/figure>\n\n\n\n<figure class=\"wp-block-image size-large\"><img loading=\"lazy\" decoding=\"async\" width=\"1024\" height=\"768\" data-id=\"1820\" src=\"https:\/\/site.ac-martinique.fr\/clg-julianicolas\/wp-content\/uploads\/sites\/119\/2024\/05\/Transat-4-1024x768.jpg\" alt=\"\" class=\"wp-image-1820\" srcset=\"https:\/\/site.ac-martinique.fr\/clg-julianicolas\/wp-content\/uploads\/sites\/119\/2024\/05\/Transat-4-1024x768.jpg 1024w, https:\/\/site.ac-martinique.fr\/clg-julianicolas\/wp-content\/uploads\/sites\/119\/2024\/05\/Transat-4-300x225.jpg 300w, https:\/\/site.ac-martinique.fr\/clg-julianicolas\/wp-content\/uploads\/sites\/119\/2024\/05\/Transat-4-768x576.jpg 768w, https:\/\/site.ac-martinique.fr\/clg-julianicolas\/wp-content\/uploads\/sites\/119\/2024\/05\/Transat-4-400x300.jpg 400w, https:\/\/site.ac-martinique.fr\/clg-julianicolas\/wp-content\/uploads\/sites\/119\/2024\/05\/Transat-4.jpg 1280w\" sizes=\"auto, (max-width: 1024px) 100vw, 1024px\" \/><\/figure>\n\n\n\n<figure class=\"wp-block-image size-large\"><img loading=\"lazy\" decoding=\"async\" width=\"1024\" height=\"769\" data-id=\"1821\" src=\"https:\/\/site.ac-martinique.fr\/clg-julianicolas\/wp-content\/uploads\/sites\/119\/2024\/05\/Transat-5-1024x769.jpg\" alt=\"\" class=\"wp-image-1821\" srcset=\"https:\/\/site.ac-martinique.fr\/clg-julianicolas\/wp-content\/uploads\/sites\/119\/2024\/05\/Transat-5-1024x769.jpg 1024w, https:\/\/site.ac-martinique.fr\/clg-julianicolas\/wp-content\/uploads\/sites\/119\/2024\/05\/Transat-5-300x225.jpg 300w, https:\/\/site.ac-martinique.fr\/clg-julianicolas\/wp-content\/uploads\/sites\/119\/2024\/05\/Transat-5-768x577.jpg 768w, https:\/\/site.ac-martinique.fr\/clg-julianicolas\/wp-content\/uploads\/sites\/119\/2024\/05\/Transat-5-400x300.jpg 400w, https:\/\/site.ac-martinique.fr\/clg-julianicolas\/wp-content\/uploads\/sites\/119\/2024\/05\/Transat-5.jpg 1156w\" sizes=\"auto, (max-width: 1024px) 100vw, 1024px\" \/><\/figure>\n<\/figure>\n\n\n\n<p>Voici l&rsquo;interview des skippers par nos \u00e9l\u00e8ves :<\/p>\n\n\n\n<figure class=\"wp-block-audio\"><audio controls src=\"https:\/\/site.ac-martinique.fr\/clg-julianicolas\/wp-content\/uploads\/sites\/119\/2024\/06\/TRANS-CAP-13-05.mp3\"><\/audio><\/figure>\n\n\n\n<p><\/p>\n\n\n\n<h2 class=\"wp-block-heading\">RENCONTRE INSPIRANTE AVEC DES ENTREPRENEURS<\/h2>\n\n\n\n<p>Le mardi 30 avril 2024, les \u00e9l\u00e8ves des classes de 3\u00e8me ont eu  l&rsquo;occasion de rencontrer des entrepreneurs das le cadre de leur parcours avenir. Cette rencontre a \u00e9t\u00e9 rendue possible grace \u00e0 l&rsquo;association \u00ab\u00a01000 entrepreneurs\u00a0\u00bb et aux encadrants d\u00e9vou\u00e9s. Un moment enrichissant qui a permis aux \u00e9l\u00e8ves d&rsquo;explorer de nouvelles perspectives professionnelles et de s&rsquo;inspirer des parcours des entrepreneurs. Une experience inoubliable qui a ouvert de nouvelles portes pour l&rsquo;avenir de nos \u00e9l\u00e8ves.  <\/p>\n\n\n\n<figure class=\"wp-block-image size-large\"><img loading=\"lazy\" decoding=\"async\" width=\"1024\" height=\"791\" src=\"https:\/\/site.ac-martinique.fr\/clg-julianicolas\/wp-content\/uploads\/sites\/119\/2024\/05\/Planning-des-intervenants-speed-meeting--1024x791.jpeg\" alt=\"\" class=\"wp-image-1801\" srcset=\"https:\/\/site.ac-martinique.fr\/clg-julianicolas\/wp-content\/uploads\/sites\/119\/2024\/05\/Planning-des-intervenants-speed-meeting--1024x791.jpeg 1024w, https:\/\/site.ac-martinique.fr\/clg-julianicolas\/wp-content\/uploads\/sites\/119\/2024\/05\/Planning-des-intervenants-speed-meeting--300x232.jpeg 300w, https:\/\/site.ac-martinique.fr\/clg-julianicolas\/wp-content\/uploads\/sites\/119\/2024\/05\/Planning-des-intervenants-speed-meeting--768x593.jpeg 768w, https:\/\/site.ac-martinique.fr\/clg-julianicolas\/wp-content\/uploads\/sites\/119\/2024\/05\/Planning-des-intervenants-speed-meeting--1536x1187.jpeg 1536w, https:\/\/site.ac-martinique.fr\/clg-julianicolas\/wp-content\/uploads\/sites\/119\/2024\/05\/Planning-des-intervenants-speed-meeting--388x300.jpeg 388w, https:\/\/site.ac-martinique.fr\/clg-julianicolas\/wp-content\/uploads\/sites\/119\/2024\/05\/Planning-des-intervenants-speed-meeting-.jpeg 1650w\" sizes=\"auto, (max-width: 1024px) 100vw, 1024px\" \/><\/figure>\n\n\n\n<figure class=\"wp-block-gallery has-nested-images columns-default is-cropped wp-block-gallery-42 is-layout-flex wp-block-gallery-is-layout-flex\">\n<figure class=\"wp-block-image size-large\"><img loading=\"lazy\" decoding=\"async\" width=\"768\" height=\"1024\" data-id=\"1797\" src=\"https:\/\/site.ac-martinique.fr\/clg-julianicolas\/wp-content\/uploads\/sites\/119\/2024\/05\/WhatsApp-Image-2024-05-04-at-09.56.23-1-768x1024.jpeg\" alt=\"\" class=\"wp-image-1797\" srcset=\"https:\/\/site.ac-martinique.fr\/clg-julianicolas\/wp-content\/uploads\/sites\/119\/2024\/05\/WhatsApp-Image-2024-05-04-at-09.56.23-1-768x1024.jpeg 768w, https:\/\/site.ac-martinique.fr\/clg-julianicolas\/wp-content\/uploads\/sites\/119\/2024\/05\/WhatsApp-Image-2024-05-04-at-09.56.23-1-225x300.jpeg 225w, https:\/\/site.ac-martinique.fr\/clg-julianicolas\/wp-content\/uploads\/sites\/119\/2024\/05\/WhatsApp-Image-2024-05-04-at-09.56.23-1.jpeg 960w\" sizes=\"auto, (max-width: 768px) 100vw, 768px\" \/><\/figure>\n\n\n\n<figure class=\"wp-block-image size-large\"><img loading=\"lazy\" decoding=\"async\" width=\"576\" height=\"1024\" data-id=\"1798\" src=\"https:\/\/site.ac-martinique.fr\/clg-julianicolas\/wp-content\/uploads\/sites\/119\/2024\/05\/WhatsApp-Image-2024-05-04-at-09.56.23-576x1024.jpeg\" alt=\"\" class=\"wp-image-1798\" srcset=\"https:\/\/site.ac-martinique.fr\/clg-julianicolas\/wp-content\/uploads\/sites\/119\/2024\/05\/WhatsApp-Image-2024-05-04-at-09.56.23-576x1024.jpeg 576w, https:\/\/site.ac-martinique.fr\/clg-julianicolas\/wp-content\/uploads\/sites\/119\/2024\/05\/WhatsApp-Image-2024-05-04-at-09.56.23-169x300.jpeg 169w, https:\/\/site.ac-martinique.fr\/clg-julianicolas\/wp-content\/uploads\/sites\/119\/2024\/05\/WhatsApp-Image-2024-05-04-at-09.56.23.jpeg 720w\" sizes=\"auto, (max-width: 576px) 100vw, 576px\" \/><\/figure>\n<\/figure>\n\n\n\n<figure class=\"wp-block-image size-large\"><img loading=\"lazy\" decoding=\"async\" width=\"909\" height=\"1024\" src=\"https:\/\/site.ac-martinique.fr\/clg-julianicolas\/wp-content\/uploads\/sites\/119\/2024\/05\/WhatsApp-Image-2024-05-04-at-09.56.23-2-909x1024.jpeg\" alt=\"\" class=\"wp-image-1799\" srcset=\"https:\/\/site.ac-martinique.fr\/clg-julianicolas\/wp-content\/uploads\/sites\/119\/2024\/05\/WhatsApp-Image-2024-05-04-at-09.56.23-2-909x1024.jpeg 909w, https:\/\/site.ac-martinique.fr\/clg-julianicolas\/wp-content\/uploads\/sites\/119\/2024\/05\/WhatsApp-Image-2024-05-04-at-09.56.23-2-266x300.jpeg 266w, https:\/\/site.ac-martinique.fr\/clg-julianicolas\/wp-content\/uploads\/sites\/119\/2024\/05\/WhatsApp-Image-2024-05-04-at-09.56.23-2-768x865.jpeg 768w, https:\/\/site.ac-martinique.fr\/clg-julianicolas\/wp-content\/uploads\/sites\/119\/2024\/05\/WhatsApp-Image-2024-05-04-at-09.56.23-2-1364x1536.jpeg 1364w, https:\/\/site.ac-martinique.fr\/clg-julianicolas\/wp-content\/uploads\/sites\/119\/2024\/05\/WhatsApp-Image-2024-05-04-at-09.56.23-2.jpeg 1421w\" sizes=\"auto, (max-width: 909px) 100vw, 909px\" \/><\/figure>\n\n\n\n<h2 class=\"wp-block-heading\">Inauguration de la facult\u00e9 Jean BERNABE<\/h2>\n\n\n\n<p>Le mardi 16 avril dernier, les \u00e9l\u00e8ves faisant partie du dispositif \u00ab\u00a0Cord\u00e9es de la r\u00e9ussite\u00a0\u00bb ainsi que les \u00e9l\u00e8ves de la \u00ab\u00a0Micro entreprise\u00a0\u00bb ont \u00e9t\u00e9 invit\u00e9s par l\u2019universit\u00e9 des Antilles afin de participer \u00e0 l\u2019inauguration de la facult\u00e9 Jean Bernab\u00e9.<\/p>\n\n\n\n<p>Nous \u00e9tions tr\u00e8s honor\u00e9s de cette invitation.<\/p>\n\n\n\n<p>A travers les diff\u00e9rents hommages rendus, les \u00e9l\u00e8ves ont eu l\u2019opportunit\u00e9 de d\u00e9couvrir ce grand homme et scientifique (linguiste martiniquais, \u00e9crivain).<\/p>\n\n\n\n<p>Cette inauguration a \u00e9t\u00e9 pour eux l\u2019occasion de s&rsquo;immerger dans l&rsquo;univers de l\u2019universit\u00e9.<\/p>\n\n\n\n<p><strong>I<\/strong>ls ont pu ainsi se projeter et beaucoup d\u2019entre eux ont manifest\u00e9 le d\u00e9sir de poursuivre leurs \u00e9tudes \u00e0 l\u2019universit\u00e9 des Antilles.<\/p>\n\n\n\n<p>Nous remercions M. le Pr\u00e9sident de l\u2019universit\u00e9 ainsi que M le Doyen pour cette invitation.<\/p>\n\n\n\n<figure class=\"wp-block-image size-large\"><img loading=\"lazy\" decoding=\"async\" width=\"1024\" height=\"683\" src=\"https:\/\/site.ac-martinique.fr\/clg-julianicolas\/wp-content\/uploads\/sites\/119\/2024\/04\/IMG_4457-1-1024x683.jpg\" alt=\"\" class=\"wp-image-1786\" srcset=\"https:\/\/site.ac-martinique.fr\/clg-julianicolas\/wp-content\/uploads\/sites\/119\/2024\/04\/IMG_4457-1-1024x683.jpg 1024w, https:\/\/site.ac-martinique.fr\/clg-julianicolas\/wp-content\/uploads\/sites\/119\/2024\/04\/IMG_4457-1-300x200.jpg 300w, https:\/\/site.ac-martinique.fr\/clg-julianicolas\/wp-content\/uploads\/sites\/119\/2024\/04\/IMG_4457-1-768x512.jpg 768w, https:\/\/site.ac-martinique.fr\/clg-julianicolas\/wp-content\/uploads\/sites\/119\/2024\/04\/IMG_4457-1-1536x1024.jpg 1536w, https:\/\/site.ac-martinique.fr\/clg-julianicolas\/wp-content\/uploads\/sites\/119\/2024\/04\/IMG_4457-1-2048x1365.jpg 2048w, https:\/\/site.ac-martinique.fr\/clg-julianicolas\/wp-content\/uploads\/sites\/119\/2024\/04\/IMG_4457-1-450x300.jpg 450w\" sizes=\"auto, (max-width: 1024px) 100vw, 1024px\" \/><\/figure>\n\n\n\n<figure class=\"wp-block-image size-large\"><img loading=\"lazy\" decoding=\"async\" width=\"1024\" height=\"683\" src=\"https:\/\/site.ac-martinique.fr\/clg-julianicolas\/wp-content\/uploads\/sites\/119\/2024\/04\/IMAGE-MODIFIEE-PAR-M-TANDA-2-1024x683.jpg\" alt=\"\" class=\"wp-image-1789\" srcset=\"https:\/\/site.ac-martinique.fr\/clg-julianicolas\/wp-content\/uploads\/sites\/119\/2024\/04\/IMAGE-MODIFIEE-PAR-M-TANDA-2-1024x683.jpg 1024w, https:\/\/site.ac-martinique.fr\/clg-julianicolas\/wp-content\/uploads\/sites\/119\/2024\/04\/IMAGE-MODIFIEE-PAR-M-TANDA-2-300x200.jpg 300w, https:\/\/site.ac-martinique.fr\/clg-julianicolas\/wp-content\/uploads\/sites\/119\/2024\/04\/IMAGE-MODIFIEE-PAR-M-TANDA-2-768x512.jpg 768w, https:\/\/site.ac-martinique.fr\/clg-julianicolas\/wp-content\/uploads\/sites\/119\/2024\/04\/IMAGE-MODIFIEE-PAR-M-TANDA-2-1536x1024.jpg 1536w, https:\/\/site.ac-martinique.fr\/clg-julianicolas\/wp-content\/uploads\/sites\/119\/2024\/04\/IMAGE-MODIFIEE-PAR-M-TANDA-2-2048x1365.jpg 2048w, https:\/\/site.ac-martinique.fr\/clg-julianicolas\/wp-content\/uploads\/sites\/119\/2024\/04\/IMAGE-MODIFIEE-PAR-M-TANDA-2-450x300.jpg 450w\" sizes=\"auto, (max-width: 1024px) 100vw, 1024px\" \/><\/figure>\n\n\n\n<h2 class=\"wp-block-heading\">SAVE THE DATE! ATELIER JARDINAGE PARENTS-ENFANTS AU COLLEGE<\/h2>\n\n\n\n<figure class=\"wp-block-image size-full\"><img loading=\"lazy\" decoding=\"async\" width=\"643\" height=\"654\" src=\"https:\/\/site.ac-martinique.fr\/clg-julianicolas\/wp-content\/uploads\/sites\/119\/2024\/04\/Atelier-Jardinage.jpeg\" alt=\"\" class=\"wp-image-1779\" srcset=\"https:\/\/site.ac-martinique.fr\/clg-julianicolas\/wp-content\/uploads\/sites\/119\/2024\/04\/Atelier-Jardinage.jpeg 643w, https:\/\/site.ac-martinique.fr\/clg-julianicolas\/wp-content\/uploads\/sites\/119\/2024\/04\/Atelier-Jardinage-295x300.jpeg 295w\" sizes=\"auto, (max-width: 643px) 100vw, 643px\" \/><\/figure>\n\n\n\n<p><\/p>\n\n\n\n<h2 class=\"wp-block-heading\">                                     ECO-MANIFESTATION &#8211; AVRIL 2024<\/h2>\n\n\n\n<figure class=\"wp-block-image size-large\"><img loading=\"lazy\" decoding=\"async\" width=\"769\" height=\"1024\" src=\"https:\/\/site.ac-martinique.fr\/clg-julianicolas\/wp-content\/uploads\/sites\/119\/2024\/04\/eco-3-1-769x1024.jpg\" alt=\"\" class=\"wp-image-1771\" srcset=\"https:\/\/site.ac-martinique.fr\/clg-julianicolas\/wp-content\/uploads\/sites\/119\/2024\/04\/eco-3-1-769x1024.jpg 769w, https:\/\/site.ac-martinique.fr\/clg-julianicolas\/wp-content\/uploads\/sites\/119\/2024\/04\/eco-3-1-225x300.jpg 225w, https:\/\/site.ac-martinique.fr\/clg-julianicolas\/wp-content\/uploads\/sites\/119\/2024\/04\/eco-3-1-768x1023.jpg 768w, https:\/\/site.ac-martinique.fr\/clg-julianicolas\/wp-content\/uploads\/sites\/119\/2024\/04\/eco-3-1.jpg 868w\" sizes=\"auto, (max-width: 769px) 100vw, 769px\" \/><\/figure>\n\n\n\n<p>Le&nbsp; Jour de la Terre, ce 22 avril 2024, est&nbsp; un \u00e9v\u00e9nement annuel mondial o\u00f9 plusieurs manifestations soutenant la protection de l&rsquo;environnement sont effectu\u00e9es dans divers pays.<\/p>\n\n\n\n<p>En lien avec cette date, les \u00e9l\u00e8ves de 6i\u00e8me et de 5i\u00e8me ont particip\u00e9 \u00e0 une ECO-MANIFESTATION ce jeudi 25 avril.<\/p>\n\n\n\n<p>A l\u2019occasion, ils ont pu assister \u00e0 plusieurs ateliers anim\u00e9s par :<\/p>\n\n\n\n<p>\u2022&nbsp;&nbsp;&nbsp;&nbsp;&nbsp;&nbsp;&nbsp;&nbsp;&nbsp;&nbsp;&nbsp;&nbsp; Lassomer<\/p>\n\n\n\n<p>\u2022&nbsp;&nbsp;&nbsp;&nbsp;&nbsp;&nbsp;&nbsp;&nbsp;&nbsp;&nbsp;&nbsp;&nbsp; Ypiranga<\/p>\n\n\n\n<p>\u2022&nbsp;&nbsp;&nbsp;&nbsp;&nbsp;&nbsp;&nbsp;&nbsp;&nbsp;&nbsp;&nbsp;&nbsp; Recycle-moi<\/p>\n\n\n\n<p>\u2022&nbsp;&nbsp;&nbsp;&nbsp;&nbsp;&nbsp;&nbsp;&nbsp;&nbsp;&nbsp;&nbsp;&nbsp; Kebati<\/p>\n\n\n\n<p>\u2022&nbsp;&nbsp;&nbsp;&nbsp;&nbsp;&nbsp;&nbsp;&nbsp;&nbsp;&nbsp;&nbsp;&nbsp; Mathieu Brosille atelier compostage<\/p>\n\n\n\n<p>\u2022&nbsp;&nbsp;&nbsp;&nbsp;&nbsp;&nbsp;&nbsp;&nbsp;&nbsp;&nbsp;&nbsp;&nbsp; Z\u00e9ro d\u00e9chet<\/p>\n\n\n\n<p>\u2022&nbsp;&nbsp;&nbsp;&nbsp;&nbsp;&nbsp;&nbsp;&nbsp;&nbsp;&nbsp;&nbsp;&nbsp; Valere Gouy (conteur)<\/p>\n\n\n\n<p>\u2022&nbsp;&nbsp;&nbsp;&nbsp;&nbsp;&nbsp;&nbsp;&nbsp;&nbsp;&nbsp;&nbsp;&nbsp; Carbet des sciences<\/p>\n\n\n\n<p>\u2022&nbsp;&nbsp;&nbsp;&nbsp;&nbsp;&nbsp;&nbsp;&nbsp;&nbsp;&nbsp;&nbsp;&nbsp; Fresque du climat<\/p>\n\n\n\n<p>\u2022&nbsp;&nbsp;&nbsp;&nbsp;&nbsp;&nbsp;&nbsp;&nbsp;&nbsp;&nbsp;&nbsp;&nbsp; Domaine de la Chabet<\/p>\n\n\n\n<p>\u2022&nbsp;&nbsp;&nbsp;&nbsp;&nbsp;&nbsp;&nbsp;&nbsp;&nbsp;&nbsp;&nbsp;&nbsp; Mangrove, atelier mont\u00e9 et anim\u00e9 par les \u00e9l\u00e8ves de la 5i\u00e8me 1<\/p>\n\n\n\n<p>De fa\u00e7ons ludiques et p\u00e9dagogiques, cette matin\u00e9e a permis d\u2019apporter des connaissances, d\u2019approfondir et ou de d\u00e9velopper des comp\u00e9tences en lien avec les objectifs de d\u00e9veloppement durables.<\/p>\n\n\n\n<p>Nous remercions le domaine de la Chabet pour la logistique mise en place.<\/p>\n\n\n\n<div class=\"wp-block-group\"><div class=\"wp-block-group__inner-container is-layout-constrained wp-block-group-is-layout-constrained\">\n<figure class=\"wp-block-gallery has-nested-images columns-default is-cropped wp-block-gallery-43 is-layout-flex wp-block-gallery-is-layout-flex\">\n<figure class=\"wp-block-image size-large\"><img loading=\"lazy\" decoding=\"async\" width=\"769\" height=\"1024\" data-id=\"1777\" src=\"https:\/\/site.ac-martinique.fr\/clg-julianicolas\/wp-content\/uploads\/sites\/119\/2024\/04\/eco-5-769x1024.jpg\" alt=\"\" class=\"wp-image-1777\" srcset=\"https:\/\/site.ac-martinique.fr\/clg-julianicolas\/wp-content\/uploads\/sites\/119\/2024\/04\/eco-5-769x1024.jpg 769w, https:\/\/site.ac-martinique.fr\/clg-julianicolas\/wp-content\/uploads\/sites\/119\/2024\/04\/eco-5-225x300.jpg 225w, https:\/\/site.ac-martinique.fr\/clg-julianicolas\/wp-content\/uploads\/sites\/119\/2024\/04\/eco-5-768x1023.jpg 768w, https:\/\/site.ac-martinique.fr\/clg-julianicolas\/wp-content\/uploads\/sites\/119\/2024\/04\/eco-5.jpg 868w\" sizes=\"auto, (max-width: 769px) 100vw, 769px\" \/><\/figure>\n\n\n\n<figure class=\"wp-block-image size-large\"><img loading=\"lazy\" decoding=\"async\" width=\"1024\" height=\"768\" data-id=\"1772\" src=\"https:\/\/site.ac-martinique.fr\/clg-julianicolas\/wp-content\/uploads\/sites\/119\/2024\/04\/eco-8-1024x768.jpg\" alt=\"\" class=\"wp-image-1772\" srcset=\"https:\/\/site.ac-martinique.fr\/clg-julianicolas\/wp-content\/uploads\/sites\/119\/2024\/04\/eco-8-1024x768.jpg 1024w, https:\/\/site.ac-martinique.fr\/clg-julianicolas\/wp-content\/uploads\/sites\/119\/2024\/04\/eco-8-300x225.jpg 300w, https:\/\/site.ac-martinique.fr\/clg-julianicolas\/wp-content\/uploads\/sites\/119\/2024\/04\/eco-8-768x576.jpg 768w, https:\/\/site.ac-martinique.fr\/clg-julianicolas\/wp-content\/uploads\/sites\/119\/2024\/04\/eco-8-400x300.jpg 400w, https:\/\/site.ac-martinique.fr\/clg-julianicolas\/wp-content\/uploads\/sites\/119\/2024\/04\/eco-8.jpg 1280w\" sizes=\"auto, (max-width: 1024px) 100vw, 1024px\" \/><\/figure>\n\n\n\n<figure class=\"wp-block-image size-large\"><img loading=\"lazy\" decoding=\"async\" width=\"1024\" height=\"769\" data-id=\"1773\" src=\"https:\/\/site.ac-martinique.fr\/clg-julianicolas\/wp-content\/uploads\/sites\/119\/2024\/04\/eco-1-1-1024x769.jpg\" alt=\"\" class=\"wp-image-1773\" srcset=\"https:\/\/site.ac-martinique.fr\/clg-julianicolas\/wp-content\/uploads\/sites\/119\/2024\/04\/eco-1-1-1024x769.jpg 1024w, https:\/\/site.ac-martinique.fr\/clg-julianicolas\/wp-content\/uploads\/sites\/119\/2024\/04\/eco-1-1-300x225.jpg 300w, https:\/\/site.ac-martinique.fr\/clg-julianicolas\/wp-content\/uploads\/sites\/119\/2024\/04\/eco-1-1-768x577.jpg 768w, https:\/\/site.ac-martinique.fr\/clg-julianicolas\/wp-content\/uploads\/sites\/119\/2024\/04\/eco-1-1-400x300.jpg 400w, https:\/\/site.ac-martinique.fr\/clg-julianicolas\/wp-content\/uploads\/sites\/119\/2024\/04\/eco-1-1.jpg 1156w\" sizes=\"auto, (max-width: 1024px) 100vw, 1024px\" \/><\/figure>\n\n\n\n<figure class=\"wp-block-image size-large\"><img loading=\"lazy\" decoding=\"async\" width=\"1024\" height=\"576\" data-id=\"1774\" src=\"https:\/\/site.ac-martinique.fr\/clg-julianicolas\/wp-content\/uploads\/sites\/119\/2024\/04\/eco-6-1024x576.jpg\" alt=\"\" class=\"wp-image-1774\" srcset=\"https:\/\/site.ac-martinique.fr\/clg-julianicolas\/wp-content\/uploads\/sites\/119\/2024\/04\/eco-6-1024x576.jpg 1024w, https:\/\/site.ac-martinique.fr\/clg-julianicolas\/wp-content\/uploads\/sites\/119\/2024\/04\/eco-6-300x169.jpg 300w, https:\/\/site.ac-martinique.fr\/clg-julianicolas\/wp-content\/uploads\/sites\/119\/2024\/04\/eco-6-768x432.jpg 768w, https:\/\/site.ac-martinique.fr\/clg-julianicolas\/wp-content\/uploads\/sites\/119\/2024\/04\/eco-6-500x281.jpg 500w, https:\/\/site.ac-martinique.fr\/clg-julianicolas\/wp-content\/uploads\/sites\/119\/2024\/04\/eco-6.jpg 1280w\" sizes=\"auto, (max-width: 1024px) 100vw, 1024px\" \/><\/figure>\n\n\n\n<figure class=\"wp-block-image size-large\"><img loading=\"lazy\" decoding=\"async\" width=\"769\" height=\"1024\" data-id=\"1775\" src=\"https:\/\/site.ac-martinique.fr\/clg-julianicolas\/wp-content\/uploads\/sites\/119\/2024\/04\/eco-2-769x1024.jpg\" alt=\"\" class=\"wp-image-1775\" srcset=\"https:\/\/site.ac-martinique.fr\/clg-julianicolas\/wp-content\/uploads\/sites\/119\/2024\/04\/eco-2-769x1024.jpg 769w, https:\/\/site.ac-martinique.fr\/clg-julianicolas\/wp-content\/uploads\/sites\/119\/2024\/04\/eco-2-225x300.jpg 225w, https:\/\/site.ac-martinique.fr\/clg-julianicolas\/wp-content\/uploads\/sites\/119\/2024\/04\/eco-2-768x1023.jpg 768w, https:\/\/site.ac-martinique.fr\/clg-julianicolas\/wp-content\/uploads\/sites\/119\/2024\/04\/eco-2.jpg 868w\" sizes=\"auto, (max-width: 769px) 100vw, 769px\" \/><\/figure>\n\n\n\n<figure class=\"wp-block-image size-large\"><img loading=\"lazy\" decoding=\"async\" width=\"1024\" height=\"576\" data-id=\"1776\" src=\"https:\/\/site.ac-martinique.fr\/clg-julianicolas\/wp-content\/uploads\/sites\/119\/2024\/04\/eco-4-1024x576.jpg\" alt=\"\" class=\"wp-image-1776\" srcset=\"https:\/\/site.ac-martinique.fr\/clg-julianicolas\/wp-content\/uploads\/sites\/119\/2024\/04\/eco-4-1024x576.jpg 1024w, https:\/\/site.ac-martinique.fr\/clg-julianicolas\/wp-content\/uploads\/sites\/119\/2024\/04\/eco-4-300x169.jpg 300w, https:\/\/site.ac-martinique.fr\/clg-julianicolas\/wp-content\/uploads\/sites\/119\/2024\/04\/eco-4-768x432.jpg 768w, https:\/\/site.ac-martinique.fr\/clg-julianicolas\/wp-content\/uploads\/sites\/119\/2024\/04\/eco-4-500x281.jpg 500w, https:\/\/site.ac-martinique.fr\/clg-julianicolas\/wp-content\/uploads\/sites\/119\/2024\/04\/eco-4.jpg 1280w\" sizes=\"auto, (max-width: 1024px) 100vw, 1024px\" \/><\/figure>\n<\/figure>\n<\/div><\/div>\n\n\n\n<h2 class=\"wp-block-heading\">                                              ECOLE OUVERTE &#8211; PAQUES 2024<\/h2>\n\n\n\n<p>Lundi 25 et mardi 26 mars 2024, les \u00e9l\u00e8ves ont particip\u00e9 aux activit\u00e9s organis\u00e9es  dans le  cadre de l&rsquo;\u00e9cole ouverte. Lors de cette session le th\u00e8me \u00e9tait : \u00ab\u00a0d\u00e9couvir les metiers du num\u00e9rique\u00a0\u00bb. A cette occasion des ateliers ont \u00e9t\u00e9 organis\u00e9s \u00e0 destination des \u00e9l\u00e8ves. Mme La Rectrice, accompagn\u00e9e de Monsieur le Directeur de la P\u00e9dagogie sont venus au coll\u00e8ge et ont pu \u00e9changer avec les \u00e9quipes sur le travail men\u00e9.  <\/p>\n\n\n\n<figure class=\"wp-block-gallery has-nested-images columns-default is-cropped wp-block-gallery-44 is-layout-flex wp-block-gallery-is-layout-flex\">\n<figure class=\"wp-block-image size-large\"><img loading=\"lazy\" decoding=\"async\" width=\"1024\" height=\"768\" data-id=\"1750\" src=\"https:\/\/site.ac-martinique.fr\/clg-julianicolas\/wp-content\/uploads\/sites\/119\/2024\/04\/2024-EO-Paques-1-1024x768.jpg\" alt=\"\" class=\"wp-image-1750\" srcset=\"https:\/\/site.ac-martinique.fr\/clg-julianicolas\/wp-content\/uploads\/sites\/119\/2024\/04\/2024-EO-Paques-1-1024x768.jpg 1024w, https:\/\/site.ac-martinique.fr\/clg-julianicolas\/wp-content\/uploads\/sites\/119\/2024\/04\/2024-EO-Paques-1-300x225.jpg 300w, https:\/\/site.ac-martinique.fr\/clg-julianicolas\/wp-content\/uploads\/sites\/119\/2024\/04\/2024-EO-Paques-1-768x576.jpg 768w, https:\/\/site.ac-martinique.fr\/clg-julianicolas\/wp-content\/uploads\/sites\/119\/2024\/04\/2024-EO-Paques-1-400x300.jpg 400w, https:\/\/site.ac-martinique.fr\/clg-julianicolas\/wp-content\/uploads\/sites\/119\/2024\/04\/2024-EO-Paques-1.jpg 1280w\" sizes=\"auto, (max-width: 1024px) 100vw, 1024px\" \/><\/figure>\n\n\n\n<figure class=\"wp-block-image size-large\"><img loading=\"lazy\" decoding=\"async\" width=\"768\" height=\"1024\" data-id=\"1751\" src=\"https:\/\/site.ac-martinique.fr\/clg-julianicolas\/wp-content\/uploads\/sites\/119\/2024\/04\/2024-EO-Paques-2-768x1024.jpg\" alt=\"\" class=\"wp-image-1751\" srcset=\"https:\/\/site.ac-martinique.fr\/clg-julianicolas\/wp-content\/uploads\/sites\/119\/2024\/04\/2024-EO-Paques-2-768x1024.jpg 768w, https:\/\/site.ac-martinique.fr\/clg-julianicolas\/wp-content\/uploads\/sites\/119\/2024\/04\/2024-EO-Paques-2-225x300.jpg 225w, https:\/\/site.ac-martinique.fr\/clg-julianicolas\/wp-content\/uploads\/sites\/119\/2024\/04\/2024-EO-Paques-2.jpg 960w\" sizes=\"auto, (max-width: 768px) 100vw, 768px\" \/><\/figure>\n\n\n\n<figure class=\"wp-block-image size-large\"><img loading=\"lazy\" decoding=\"async\" width=\"768\" height=\"1024\" data-id=\"1752\" src=\"https:\/\/site.ac-martinique.fr\/clg-julianicolas\/wp-content\/uploads\/sites\/119\/2024\/04\/2024-EO-Paques-9-768x1024.jpg\" alt=\"\" class=\"wp-image-1752\" srcset=\"https:\/\/site.ac-martinique.fr\/clg-julianicolas\/wp-content\/uploads\/sites\/119\/2024\/04\/2024-EO-Paques-9-768x1024.jpg 768w, https:\/\/site.ac-martinique.fr\/clg-julianicolas\/wp-content\/uploads\/sites\/119\/2024\/04\/2024-EO-Paques-9-225x300.jpg 225w, https:\/\/site.ac-martinique.fr\/clg-julianicolas\/wp-content\/uploads\/sites\/119\/2024\/04\/2024-EO-Paques-9.jpg 960w\" sizes=\"auto, (max-width: 768px) 100vw, 768px\" \/><\/figure>\n\n\n\n<figure class=\"wp-block-image size-large\"><img loading=\"lazy\" decoding=\"async\" width=\"1024\" height=\"768\" data-id=\"1753\" src=\"https:\/\/site.ac-martinique.fr\/clg-julianicolas\/wp-content\/uploads\/sites\/119\/2024\/04\/2024-EO-Paques-3-1024x768.jpg\" alt=\"\" class=\"wp-image-1753\" srcset=\"https:\/\/site.ac-martinique.fr\/clg-julianicolas\/wp-content\/uploads\/sites\/119\/2024\/04\/2024-EO-Paques-3-1024x768.jpg 1024w, https:\/\/site.ac-martinique.fr\/clg-julianicolas\/wp-content\/uploads\/sites\/119\/2024\/04\/2024-EO-Paques-3-300x225.jpg 300w, https:\/\/site.ac-martinique.fr\/clg-julianicolas\/wp-content\/uploads\/sites\/119\/2024\/04\/2024-EO-Paques-3-768x576.jpg 768w, https:\/\/site.ac-martinique.fr\/clg-julianicolas\/wp-content\/uploads\/sites\/119\/2024\/04\/2024-EO-Paques-3-400x300.jpg 400w, https:\/\/site.ac-martinique.fr\/clg-julianicolas\/wp-content\/uploads\/sites\/119\/2024\/04\/2024-EO-Paques-3.jpg 1280w\" sizes=\"auto, (max-width: 1024px) 100vw, 1024px\" \/><\/figure>\n\n\n\n<figure class=\"wp-block-image size-large\"><img loading=\"lazy\" decoding=\"async\" width=\"1024\" height=\"768\" data-id=\"1754\" src=\"https:\/\/site.ac-martinique.fr\/clg-julianicolas\/wp-content\/uploads\/sites\/119\/2024\/04\/2024-EO-Paques-6-1024x768.jpg\" alt=\"\" class=\"wp-image-1754\" srcset=\"https:\/\/site.ac-martinique.fr\/clg-julianicolas\/wp-content\/uploads\/sites\/119\/2024\/04\/2024-EO-Paques-6-1024x768.jpg 1024w, https:\/\/site.ac-martinique.fr\/clg-julianicolas\/wp-content\/uploads\/sites\/119\/2024\/04\/2024-EO-Paques-6-300x225.jpg 300w, https:\/\/site.ac-martinique.fr\/clg-julianicolas\/wp-content\/uploads\/sites\/119\/2024\/04\/2024-EO-Paques-6-768x576.jpg 768w, https:\/\/site.ac-martinique.fr\/clg-julianicolas\/wp-content\/uploads\/sites\/119\/2024\/04\/2024-EO-Paques-6-400x300.jpg 400w, https:\/\/site.ac-martinique.fr\/clg-julianicolas\/wp-content\/uploads\/sites\/119\/2024\/04\/2024-EO-Paques-6.jpg 1280w\" sizes=\"auto, (max-width: 1024px) 100vw, 1024px\" \/><\/figure>\n<\/figure>\n\n\n\n<p><\/p>\n\n\n\n<h2 class=\"wp-block-heading\">                     CELEBRATION DE LA SEMAINE DU CREOLE &#8211; 22 MARS 2024<\/h2>\n\n\n\n<p>La semaine du Cr\u00e9ole s&rsquo;est termin\u00e9e en beaut\u00e9 au sein du coll\u00e8ge JULIA NICOLAS. Les \u00e9l\u00e8ves ont r\u00e9alis\u00e9 une matin\u00e9e d\u00e9di\u00e9e au cr\u00e9ole mais \u00e9galement \u00e0 la pr\u00e9servation de la Mangrove.   Au menu, pi\u00e8ce de th\u00e9atre, chants, danse b\u00e9l\u00e8, questions-r\u00e9ponses sur le th\u00e8me de la mangrove et moments de convivialit\u00e9. Un magnifique \u00e9v\u00e8nement mis en musique par  Mme Etienne professeur de Cr\u00e9ole , Mme Beauvin professeur de SVT, accompagn\u00e9es de Mme BRELEUR professeur d&rsquo;arts-platique, Monsieur MABIALA, professeur de fran\u00e7ais ainsi que Monsieur ROSINE professeur de musique. <\/p>\n\n\n\n<figure class=\"wp-block-gallery has-nested-images columns-default is-cropped wp-block-gallery-45 is-layout-flex wp-block-gallery-is-layout-flex\">\n<figure class=\"wp-block-image size-large\"><img loading=\"lazy\" decoding=\"async\" width=\"768\" height=\"1024\" data-id=\"1734\" src=\"https:\/\/site.ac-martinique.fr\/clg-julianicolas\/wp-content\/uploads\/sites\/119\/2024\/03\/SKreol1-768x1024.jpeg\" alt=\"\" class=\"wp-image-1734\" srcset=\"https:\/\/site.ac-martinique.fr\/clg-julianicolas\/wp-content\/uploads\/sites\/119\/2024\/03\/SKreol1-768x1024.jpeg 768w, https:\/\/site.ac-martinique.fr\/clg-julianicolas\/wp-content\/uploads\/sites\/119\/2024\/03\/SKreol1-225x300.jpeg 225w, https:\/\/site.ac-martinique.fr\/clg-julianicolas\/wp-content\/uploads\/sites\/119\/2024\/03\/SKreol1.jpeg 960w\" sizes=\"auto, (max-width: 768px) 100vw, 768px\" \/><\/figure>\n\n\n\n<figure class=\"wp-block-image size-large\"><img loading=\"lazy\" decoding=\"async\" width=\"768\" height=\"1024\" data-id=\"1735\" src=\"https:\/\/site.ac-martinique.fr\/clg-julianicolas\/wp-content\/uploads\/sites\/119\/2024\/03\/SKreol7-768x1024.jpeg\" alt=\"\" class=\"wp-image-1735\" srcset=\"https:\/\/site.ac-martinique.fr\/clg-julianicolas\/wp-content\/uploads\/sites\/119\/2024\/03\/SKreol7-768x1024.jpeg 768w, https:\/\/site.ac-martinique.fr\/clg-julianicolas\/wp-content\/uploads\/sites\/119\/2024\/03\/SKreol7-225x300.jpeg 225w, https:\/\/site.ac-martinique.fr\/clg-julianicolas\/wp-content\/uploads\/sites\/119\/2024\/03\/SKreol7.jpeg 960w\" sizes=\"auto, (max-width: 768px) 100vw, 768px\" \/><\/figure>\n\n\n\n<figure class=\"wp-block-image size-large\"><img loading=\"lazy\" decoding=\"async\" width=\"1024\" height=\"768\" data-id=\"1741\" src=\"https:\/\/site.ac-martinique.fr\/clg-julianicolas\/wp-content\/uploads\/sites\/119\/2024\/03\/SKreol8-1024x768.jpeg\" alt=\"\" class=\"wp-image-1741\" srcset=\"https:\/\/site.ac-martinique.fr\/clg-julianicolas\/wp-content\/uploads\/sites\/119\/2024\/03\/SKreol8-1024x768.jpeg 1024w, https:\/\/site.ac-martinique.fr\/clg-julianicolas\/wp-content\/uploads\/sites\/119\/2024\/03\/SKreol8-300x225.jpeg 300w, https:\/\/site.ac-martinique.fr\/clg-julianicolas\/wp-content\/uploads\/sites\/119\/2024\/03\/SKreol8-768x576.jpeg 768w, https:\/\/site.ac-martinique.fr\/clg-julianicolas\/wp-content\/uploads\/sites\/119\/2024\/03\/SKreol8-400x300.jpeg 400w, https:\/\/site.ac-martinique.fr\/clg-julianicolas\/wp-content\/uploads\/sites\/119\/2024\/03\/SKreol8.jpeg 1280w\" sizes=\"auto, (max-width: 1024px) 100vw, 1024px\" \/><\/figure>\n\n\n\n<figure class=\"wp-block-image size-large\"><img loading=\"lazy\" decoding=\"async\" width=\"768\" height=\"1024\" data-id=\"1737\" src=\"https:\/\/site.ac-martinique.fr\/clg-julianicolas\/wp-content\/uploads\/sites\/119\/2024\/03\/SKreol6-768x1024.jpeg\" alt=\"\" class=\"wp-image-1737\" srcset=\"https:\/\/site.ac-martinique.fr\/clg-julianicolas\/wp-content\/uploads\/sites\/119\/2024\/03\/SKreol6-768x1024.jpeg 768w, https:\/\/site.ac-martinique.fr\/clg-julianicolas\/wp-content\/uploads\/sites\/119\/2024\/03\/SKreol6-225x300.jpeg 225w, https:\/\/site.ac-martinique.fr\/clg-julianicolas\/wp-content\/uploads\/sites\/119\/2024\/03\/SKreol6.jpeg 960w\" sizes=\"auto, (max-width: 768px) 100vw, 768px\" \/><\/figure>\n\n\n\n<figure class=\"wp-block-image size-large\"><img loading=\"lazy\" decoding=\"async\" width=\"1024\" height=\"768\" data-id=\"1738\" src=\"https:\/\/site.ac-martinique.fr\/clg-julianicolas\/wp-content\/uploads\/sites\/119\/2024\/03\/SKreol4-1024x768.jpeg\" alt=\"\" class=\"wp-image-1738\" srcset=\"https:\/\/site.ac-martinique.fr\/clg-julianicolas\/wp-content\/uploads\/sites\/119\/2024\/03\/SKreol4-1024x768.jpeg 1024w, https:\/\/site.ac-martinique.fr\/clg-julianicolas\/wp-content\/uploads\/sites\/119\/2024\/03\/SKreol4-300x225.jpeg 300w, https:\/\/site.ac-martinique.fr\/clg-julianicolas\/wp-content\/uploads\/sites\/119\/2024\/03\/SKreol4-768x576.jpeg 768w, https:\/\/site.ac-martinique.fr\/clg-julianicolas\/wp-content\/uploads\/sites\/119\/2024\/03\/SKreol4-400x300.jpeg 400w, https:\/\/site.ac-martinique.fr\/clg-julianicolas\/wp-content\/uploads\/sites\/119\/2024\/03\/SKreol4.jpeg 1280w\" sizes=\"auto, (max-width: 1024px) 100vw, 1024px\" \/><\/figure>\n<\/figure>\n\n\n\n<p>C&rsquo;est avec beaucoup d&rsquo;\u00e9motion qu&rsquo;\u00e9l\u00e8ves et adultes pr\u00e9sents, se sont engag\u00e9s \u00e0 prendre soin de la mangrove en d\u00e9posant symboliquement un ruban sur le \u00ab\u00a0pal\u00e9tuvier\u00a0\u00bb du coll\u00e8ge Julia Nicolas, fabriqu\u00e9 par les \u00e9l\u00e8ves sous la direction de leurs enseignants. Merci \u00e0 tous pour ce beau moment. <\/p>\n\n\n\n<figure class=\"wp-block-gallery has-nested-images columns-default is-cropped wp-block-gallery-46 is-layout-flex wp-block-gallery-is-layout-flex\">\n<figure class=\"wp-block-image size-large\"><img loading=\"lazy\" decoding=\"async\" width=\"1024\" height=\"768\" data-id=\"1739\" src=\"https:\/\/site.ac-martinique.fr\/clg-julianicolas\/wp-content\/uploads\/sites\/119\/2024\/03\/SKreol2-1024x768.jpeg\" alt=\"\" class=\"wp-image-1739\" srcset=\"https:\/\/site.ac-martinique.fr\/clg-julianicolas\/wp-content\/uploads\/sites\/119\/2024\/03\/SKreol2-1024x768.jpeg 1024w, https:\/\/site.ac-martinique.fr\/clg-julianicolas\/wp-content\/uploads\/sites\/119\/2024\/03\/SKreol2-300x225.jpeg 300w, https:\/\/site.ac-martinique.fr\/clg-julianicolas\/wp-content\/uploads\/sites\/119\/2024\/03\/SKreol2-768x576.jpeg 768w, https:\/\/site.ac-martinique.fr\/clg-julianicolas\/wp-content\/uploads\/sites\/119\/2024\/03\/SKreol2-400x300.jpeg 400w, https:\/\/site.ac-martinique.fr\/clg-julianicolas\/wp-content\/uploads\/sites\/119\/2024\/03\/SKreol2.jpeg 1280w\" sizes=\"auto, (max-width: 1024px) 100vw, 1024px\" \/><\/figure>\n\n\n\n<figure class=\"wp-block-image size-large\"><img loading=\"lazy\" decoding=\"async\" width=\"768\" height=\"1024\" data-id=\"1740\" src=\"https:\/\/site.ac-martinique.fr\/clg-julianicolas\/wp-content\/uploads\/sites\/119\/2024\/03\/SKreol3-768x1024.jpeg\" alt=\"\" class=\"wp-image-1740\" srcset=\"https:\/\/site.ac-martinique.fr\/clg-julianicolas\/wp-content\/uploads\/sites\/119\/2024\/03\/SKreol3-768x1024.jpeg 768w, https:\/\/site.ac-martinique.fr\/clg-julianicolas\/wp-content\/uploads\/sites\/119\/2024\/03\/SKreol3-225x300.jpeg 225w, https:\/\/site.ac-martinique.fr\/clg-julianicolas\/wp-content\/uploads\/sites\/119\/2024\/03\/SKreol3.jpeg 960w\" sizes=\"auto, (max-width: 768px) 100vw, 768px\" \/><\/figure>\n<\/figure>\n\n\n\n<h2 class=\"wp-block-heading\">Happy Pi Day<\/h2>\n\n\n\n<p><img loading=\"lazy\" decoding=\"async\" width=\"150\" height=\"106\" class=\"wp-image-1702\" style=\"width: 150px;\" src=\"https:\/\/site.ac-martinique.fr\/clg-julianicolas\/wp-content\/uploads\/sites\/119\/2024\/03\/pi-day.jpg\" alt=\"\" srcset=\"https:\/\/site.ac-martinique.fr\/clg-julianicolas\/wp-content\/uploads\/sites\/119\/2024\/03\/pi-day.jpg 2560w, https:\/\/site.ac-martinique.fr\/clg-julianicolas\/wp-content\/uploads\/sites\/119\/2024\/03\/pi-day-300x211.jpg 300w, https:\/\/site.ac-martinique.fr\/clg-julianicolas\/wp-content\/uploads\/sites\/119\/2024\/03\/pi-day-1024x721.jpg 1024w, https:\/\/site.ac-martinique.fr\/clg-julianicolas\/wp-content\/uploads\/sites\/119\/2024\/03\/pi-day-768x541.jpg 768w, https:\/\/site.ac-martinique.fr\/clg-julianicolas\/wp-content\/uploads\/sites\/119\/2024\/03\/pi-day-1536x1081.jpg 1536w, https:\/\/site.ac-martinique.fr\/clg-julianicolas\/wp-content\/uploads\/sites\/119\/2024\/03\/pi-day-2048x1442.jpg 2048w, https:\/\/site.ac-martinique.fr\/clg-julianicolas\/wp-content\/uploads\/sites\/119\/2024\/03\/pi-day-426x300.jpg 426w\" sizes=\"auto, (max-width: 150px) 100vw, 150px\" \/>Le 14 mars est le Pi day, une journ\u00e9e d\u00e9di\u00e9e \u00e0 la c\u00e9l\u00e9bration de la constante math\u00e9matique Pi. Au coll\u00e8ge Julia Nicolas, les \u00e9l\u00e8ves des classes de 6\u00e8me et de 5\u00e8me ont eu l&rsquo;occasion de plonger dans le monde fascinant de Pi \u00e0 travers deux ateliers. Le premier atelier \u00e9tait ax\u00e9 sur les d\u00e9cimales du nombre en r\u00e9alisant une Pi City in the sky, tandis que le deuxi\u00e8me atelier permettait aux \u00e9l\u00e8ves de participer \u00e0 des experiences pratiques pour mieux comprendre ce nombre. Cette journ\u00e9e a permis aux \u00e9l\u00e8ves d&rsquo;appronfondir leurs connaissances en math\u00e9matiques tout en s&rsquo;amusant.<\/p>\n\n\n\n<p>Merci beaucoup aux enseignants et aux stagiaires qui ont encadr\u00e9 et anim\u00e9 les ateliers<\/p>\n\n\n\n<figure class=\"wp-block-gallery has-nested-images columns-default is-cropped wp-block-gallery-47 is-layout-flex wp-block-gallery-is-layout-flex\">\n<figure class=\"wp-block-image size-large\"><img loading=\"lazy\" decoding=\"async\" width=\"1024\" height=\"768\" data-id=\"1718\" src=\"https:\/\/site.ac-martinique.fr\/clg-julianicolas\/wp-content\/uploads\/sites\/119\/2024\/03\/20240314_082159-1-1024x768.jpg\" alt=\"\" class=\"wp-image-1718\" srcset=\"https:\/\/site.ac-martinique.fr\/clg-julianicolas\/wp-content\/uploads\/sites\/119\/2024\/03\/20240314_082159-1-1024x768.jpg 1024w, https:\/\/site.ac-martinique.fr\/clg-julianicolas\/wp-content\/uploads\/sites\/119\/2024\/03\/20240314_082159-1-300x225.jpg 300w, https:\/\/site.ac-martinique.fr\/clg-julianicolas\/wp-content\/uploads\/sites\/119\/2024\/03\/20240314_082159-1-768x576.jpg 768w, https:\/\/site.ac-martinique.fr\/clg-julianicolas\/wp-content\/uploads\/sites\/119\/2024\/03\/20240314_082159-1-1536x1152.jpg 1536w, https:\/\/site.ac-martinique.fr\/clg-julianicolas\/wp-content\/uploads\/sites\/119\/2024\/03\/20240314_082159-1-2048x1536.jpg 2048w, https:\/\/site.ac-martinique.fr\/clg-julianicolas\/wp-content\/uploads\/sites\/119\/2024\/03\/20240314_082159-1-400x300.jpg 400w\" sizes=\"auto, (max-width: 1024px) 100vw, 1024px\" \/><\/figure>\n\n\n\n<figure class=\"wp-block-image size-large\"><img loading=\"lazy\" decoding=\"async\" width=\"1024\" height=\"768\" data-id=\"1721\" src=\"https:\/\/site.ac-martinique.fr\/clg-julianicolas\/wp-content\/uploads\/sites\/119\/2024\/03\/20240314_111239-1024x768.jpg\" alt=\"\" class=\"wp-image-1721\" srcset=\"https:\/\/site.ac-martinique.fr\/clg-julianicolas\/wp-content\/uploads\/sites\/119\/2024\/03\/20240314_111239-1024x768.jpg 1024w, https:\/\/site.ac-martinique.fr\/clg-julianicolas\/wp-content\/uploads\/sites\/119\/2024\/03\/20240314_111239-300x225.jpg 300w, https:\/\/site.ac-martinique.fr\/clg-julianicolas\/wp-content\/uploads\/sites\/119\/2024\/03\/20240314_111239-768x576.jpg 768w, https:\/\/site.ac-martinique.fr\/clg-julianicolas\/wp-content\/uploads\/sites\/119\/2024\/03\/20240314_111239-1536x1152.jpg 1536w, https:\/\/site.ac-martinique.fr\/clg-julianicolas\/wp-content\/uploads\/sites\/119\/2024\/03\/20240314_111239-2048x1536.jpg 2048w, https:\/\/site.ac-martinique.fr\/clg-julianicolas\/wp-content\/uploads\/sites\/119\/2024\/03\/20240314_111239-400x300.jpg 400w\" sizes=\"auto, (max-width: 1024px) 100vw, 1024px\" \/><\/figure>\n\n\n\n<figure class=\"wp-block-image size-large\"><img loading=\"lazy\" decoding=\"async\" width=\"768\" height=\"1024\" data-id=\"1723\" src=\"https:\/\/site.ac-martinique.fr\/clg-julianicolas\/wp-content\/uploads\/sites\/119\/2024\/03\/20240314_111246-768x1024.jpg\" alt=\"\" class=\"wp-image-1723\" srcset=\"https:\/\/site.ac-martinique.fr\/clg-julianicolas\/wp-content\/uploads\/sites\/119\/2024\/03\/20240314_111246-768x1024.jpg 768w, https:\/\/site.ac-martinique.fr\/clg-julianicolas\/wp-content\/uploads\/sites\/119\/2024\/03\/20240314_111246-225x300.jpg 225w, https:\/\/site.ac-martinique.fr\/clg-julianicolas\/wp-content\/uploads\/sites\/119\/2024\/03\/20240314_111246-1152x1536.jpg 1152w, https:\/\/site.ac-martinique.fr\/clg-julianicolas\/wp-content\/uploads\/sites\/119\/2024\/03\/20240314_111246-1536x2048.jpg 1536w, https:\/\/site.ac-martinique.fr\/clg-julianicolas\/wp-content\/uploads\/sites\/119\/2024\/03\/20240314_111246-scaled.jpg 1920w\" sizes=\"auto, (max-width: 768px) 100vw, 768px\" \/><\/figure>\n\n\n\n<figure class=\"wp-block-image size-large\"><img loading=\"lazy\" decoding=\"async\" width=\"768\" height=\"1024\" data-id=\"1722\" src=\"https:\/\/site.ac-martinique.fr\/clg-julianicolas\/wp-content\/uploads\/sites\/119\/2024\/03\/20240314_111333-768x1024.jpg\" alt=\"\" class=\"wp-image-1722\" srcset=\"https:\/\/site.ac-martinique.fr\/clg-julianicolas\/wp-content\/uploads\/sites\/119\/2024\/03\/20240314_111333-768x1024.jpg 768w, https:\/\/site.ac-martinique.fr\/clg-julianicolas\/wp-content\/uploads\/sites\/119\/2024\/03\/20240314_111333-225x300.jpg 225w, https:\/\/site.ac-martinique.fr\/clg-julianicolas\/wp-content\/uploads\/sites\/119\/2024\/03\/20240314_111333-1152x1536.jpg 1152w, https:\/\/site.ac-martinique.fr\/clg-julianicolas\/wp-content\/uploads\/sites\/119\/2024\/03\/20240314_111333-1536x2048.jpg 1536w, https:\/\/site.ac-martinique.fr\/clg-julianicolas\/wp-content\/uploads\/sites\/119\/2024\/03\/20240314_111333-scaled.jpg 1920w\" sizes=\"auto, (max-width: 768px) 100vw, 768px\" \/><\/figure>\n\n\n\n<figure class=\"wp-block-image size-large\"><img loading=\"lazy\" decoding=\"async\" width=\"768\" height=\"1024\" data-id=\"1719\" src=\"https:\/\/site.ac-martinique.fr\/clg-julianicolas\/wp-content\/uploads\/sites\/119\/2024\/03\/20240314_111341-768x1024.jpg\" alt=\"\" class=\"wp-image-1719\" srcset=\"https:\/\/site.ac-martinique.fr\/clg-julianicolas\/wp-content\/uploads\/sites\/119\/2024\/03\/20240314_111341-768x1024.jpg 768w, https:\/\/site.ac-martinique.fr\/clg-julianicolas\/wp-content\/uploads\/sites\/119\/2024\/03\/20240314_111341-225x300.jpg 225w, https:\/\/site.ac-martinique.fr\/clg-julianicolas\/wp-content\/uploads\/sites\/119\/2024\/03\/20240314_111341-1152x1536.jpg 1152w, https:\/\/site.ac-martinique.fr\/clg-julianicolas\/wp-content\/uploads\/sites\/119\/2024\/03\/20240314_111341-1536x2048.jpg 1536w, https:\/\/site.ac-martinique.fr\/clg-julianicolas\/wp-content\/uploads\/sites\/119\/2024\/03\/20240314_111341-scaled.jpg 1920w\" sizes=\"auto, (max-width: 768px) 100vw, 768px\" \/><\/figure>\n\n\n\n<figure class=\"wp-block-image size-large\"><img loading=\"lazy\" decoding=\"async\" width=\"1024\" height=\"768\" data-id=\"1720\" src=\"https:\/\/site.ac-martinique.fr\/clg-julianicolas\/wp-content\/uploads\/sites\/119\/2024\/03\/20240314_113431-1024x768.jpg\" alt=\"\" class=\"wp-image-1720\" srcset=\"https:\/\/site.ac-martinique.fr\/clg-julianicolas\/wp-content\/uploads\/sites\/119\/2024\/03\/20240314_113431-1024x768.jpg 1024w, https:\/\/site.ac-martinique.fr\/clg-julianicolas\/wp-content\/uploads\/sites\/119\/2024\/03\/20240314_113431-300x225.jpg 300w, https:\/\/site.ac-martinique.fr\/clg-julianicolas\/wp-content\/uploads\/sites\/119\/2024\/03\/20240314_113431-768x576.jpg 768w, https:\/\/site.ac-martinique.fr\/clg-julianicolas\/wp-content\/uploads\/sites\/119\/2024\/03\/20240314_113431-1536x1152.jpg 1536w, https:\/\/site.ac-martinique.fr\/clg-julianicolas\/wp-content\/uploads\/sites\/119\/2024\/03\/20240314_113431-2048x1536.jpg 2048w, https:\/\/site.ac-martinique.fr\/clg-julianicolas\/wp-content\/uploads\/sites\/119\/2024\/03\/20240314_113431-400x300.jpg 400w\" sizes=\"auto, (max-width: 1024px) 100vw, 1024px\" \/><\/figure>\n<\/figure>\n\n\n\n<figure class=\"wp-block-gallery has-nested-images columns-default is-cropped wp-block-gallery-48 is-layout-flex wp-block-gallery-is-layout-flex\">\n<figure class=\"wp-block-image size-large\"><img loading=\"lazy\" decoding=\"async\" width=\"768\" height=\"1024\" data-id=\"1725\" src=\"https:\/\/site.ac-martinique.fr\/clg-julianicolas\/wp-content\/uploads\/sites\/119\/2024\/03\/20240322_075209-768x1024.jpg\" alt=\"\" class=\"wp-image-1725\" srcset=\"https:\/\/site.ac-martinique.fr\/clg-julianicolas\/wp-content\/uploads\/sites\/119\/2024\/03\/20240322_075209-768x1024.jpg 768w, https:\/\/site.ac-martinique.fr\/clg-julianicolas\/wp-content\/uploads\/sites\/119\/2024\/03\/20240322_075209-225x300.jpg 225w, https:\/\/site.ac-martinique.fr\/clg-julianicolas\/wp-content\/uploads\/sites\/119\/2024\/03\/20240322_075209-1152x1536.jpg 1152w, https:\/\/site.ac-martinique.fr\/clg-julianicolas\/wp-content\/uploads\/sites\/119\/2024\/03\/20240322_075209-1536x2048.jpg 1536w, https:\/\/site.ac-martinique.fr\/clg-julianicolas\/wp-content\/uploads\/sites\/119\/2024\/03\/20240322_075209-scaled.jpg 1920w\" sizes=\"auto, (max-width: 768px) 100vw, 768px\" \/><\/figure>\n\n\n\n<figure class=\"wp-block-image size-large\"><img loading=\"lazy\" decoding=\"async\" width=\"768\" height=\"1024\" data-id=\"1724\" src=\"https:\/\/site.ac-martinique.fr\/clg-julianicolas\/wp-content\/uploads\/sites\/119\/2024\/03\/20240322_075214-768x1024.jpg\" alt=\"\" class=\"wp-image-1724\" srcset=\"https:\/\/site.ac-martinique.fr\/clg-julianicolas\/wp-content\/uploads\/sites\/119\/2024\/03\/20240322_075214-768x1024.jpg 768w, https:\/\/site.ac-martinique.fr\/clg-julianicolas\/wp-content\/uploads\/sites\/119\/2024\/03\/20240322_075214-225x300.jpg 225w, https:\/\/site.ac-martinique.fr\/clg-julianicolas\/wp-content\/uploads\/sites\/119\/2024\/03\/20240322_075214-1152x1536.jpg 1152w, https:\/\/site.ac-martinique.fr\/clg-julianicolas\/wp-content\/uploads\/sites\/119\/2024\/03\/20240322_075214-1536x2048.jpg 1536w, https:\/\/site.ac-martinique.fr\/clg-julianicolas\/wp-content\/uploads\/sites\/119\/2024\/03\/20240322_075214-scaled.jpg 1920w\" sizes=\"auto, (max-width: 768px) 100vw, 768px\" \/><\/figure>\n<\/figure>\n\n\n\n<h2 class=\"wp-block-heading\">                                                 Semaine des math\u00e9matiques 2024<\/h2>\n\n\n\n<figure class=\"wp-block-image size-large\"><img loading=\"lazy\" decoding=\"async\" width=\"724\" height=\"1024\" src=\"https:\/\/site.ac-martinique.fr\/clg-julianicolas\/wp-content\/uploads\/sites\/119\/2024\/03\/affiche-semaine-des-maths-JN-2024_page-0001-724x1024.jpg\" alt=\"\" class=\"wp-image-1688\" srcset=\"https:\/\/site.ac-martinique.fr\/clg-julianicolas\/wp-content\/uploads\/sites\/119\/2024\/03\/affiche-semaine-des-maths-JN-2024_page-0001-724x1024.jpg 724w, https:\/\/site.ac-martinique.fr\/clg-julianicolas\/wp-content\/uploads\/sites\/119\/2024\/03\/affiche-semaine-des-maths-JN-2024_page-0001-212x300.jpg 212w, https:\/\/site.ac-martinique.fr\/clg-julianicolas\/wp-content\/uploads\/sites\/119\/2024\/03\/affiche-semaine-des-maths-JN-2024_page-0001-768x1087.jpg 768w, https:\/\/site.ac-martinique.fr\/clg-julianicolas\/wp-content\/uploads\/sites\/119\/2024\/03\/affiche-semaine-des-maths-JN-2024_page-0001-1085x1536.jpg 1085w, https:\/\/site.ac-martinique.fr\/clg-julianicolas\/wp-content\/uploads\/sites\/119\/2024\/03\/affiche-semaine-des-maths-JN-2024_page-0001.jpg 1240w\" sizes=\"auto, (max-width: 724px) 100vw, 724px\" \/><\/figure>\n\n\n\n<p><a href=\"https:\/\/site.ac-martinique.fr\/clg-julianicolas\/wp-content\/uploads\/sites\/119\/2024\/03\/Enigmes-et-Corriges-College-2024-interactif-1-Copier.pdf\">Enigmes propos\u00e9es par l&rsquo;acad\u00e9mie de Martinique<\/a><\/p>\n\n\n\n<h2 class=\"wp-block-heading\">Enigmes propos\u00e9es par le coll\u00e8ge Julia Nicolas.<\/h2>\n\n\n\n<p>Les bulletins r\u00e9ponses sont \u00e0 r\u00e9cup\u00e9rer dams l&rsquo;enveloppe \u00e0 l&rsquo;entr\u00e9e de la cours et \u00e0 d\u00e9poser dans l&rsquo;urne au CDI<\/p>\n\n\n\n<p>id\u00e9e originale : Elodie Br\u00e9ment<\/p>\n\n\n\n<div data-wp-interactive=\"core\/file\" class=\"wp-block-file\"><object data-wp-bind--hidden=\"!state.hasPdfPreview\" hidden class=\"wp-block-file__embed\" data=\"https:\/\/site.ac-martinique.fr\/clg-julianicolas\/wp-content\/uploads\/sites\/119\/2024\/03\/enigmes-maths-2024.pdf\" type=\"application\/pdf\" style=\"width:100%;height:600px\" aria-label=\"Contenu embarqu\u00e9 enigmes-maths-2024.\"><\/object><a id=\"wp-block-file--media-404cba49-e9fe-4dd1-a18f-24d62a6cbb99\" href=\"https:\/\/site.ac-martinique.fr\/clg-julianicolas\/wp-content\/uploads\/sites\/119\/2024\/03\/enigmes-maths-2024.pdf\">enigmes-maths-2024<\/a><a href=\"https:\/\/site.ac-martinique.fr\/clg-julianicolas\/wp-content\/uploads\/sites\/119\/2024\/03\/enigmes-maths-2024.pdf\" class=\"wp-block-file__button wp-element-button\" download aria-describedby=\"wp-block-file--media-404cba49-e9fe-4dd1-a18f-24d62a6cbb99\">T\u00e9l\u00e9charger<\/a><\/div>\n\n\n\n<p><\/p>\n\n\n\n<p><\/p>\n\n\n\n<h2 class=\"wp-block-heading\">                                            D\u00e9couverte de la diversit\u00e9 marine<\/h2>\n\n\n\n<p>Mercredi 6 mars , les \u00e9l\u00e8ves de la classe de 5e2 accompagn\u00e9s de leurs professeurs d&rsquo;EPS et de SVT sont all\u00e9s \u00e0 la rencontre de Coralie Balmy (championne olympique de natation, bronze 2012). Gr\u00e2ce \u00e0 son association Coco an dlo, nous avons pu d\u00e9couvrir une multitude de poissons de toutes les couleurs dans la commune des Anses d&rsquo;Arlets. M\u00eame les \u00e9l\u00e8ves non nageurs ont pu avec un mat\u00e9riel adapt\u00e9 , nager \u00e0 la rencontre des serpentines et des poissons perroquets. Malheureusement, nous n&rsquo;avons pas vu de tortues, mais quelle belle exp\u00e9rience !<\/p>\n\n\n\n<figure class=\"wp-block-image size-large\"><img loading=\"lazy\" decoding=\"async\" width=\"1024\" height=\"769\" src=\"https:\/\/site.ac-martinique.fr\/clg-julianicolas\/wp-content\/uploads\/sites\/119\/2024\/03\/IMG-20240306-WA0019-1024x769.jpg\" alt=\"\" class=\"wp-image-1677\" srcset=\"https:\/\/site.ac-martinique.fr\/clg-julianicolas\/wp-content\/uploads\/sites\/119\/2024\/03\/IMG-20240306-WA0019-1024x769.jpg 1024w, https:\/\/site.ac-martinique.fr\/clg-julianicolas\/wp-content\/uploads\/sites\/119\/2024\/03\/IMG-20240306-WA0019-300x225.jpg 300w, https:\/\/site.ac-martinique.fr\/clg-julianicolas\/wp-content\/uploads\/sites\/119\/2024\/03\/IMG-20240306-WA0019-768x577.jpg 768w, https:\/\/site.ac-martinique.fr\/clg-julianicolas\/wp-content\/uploads\/sites\/119\/2024\/03\/IMG-20240306-WA0019-400x300.jpg 400w, https:\/\/site.ac-martinique.fr\/clg-julianicolas\/wp-content\/uploads\/sites\/119\/2024\/03\/IMG-20240306-WA0019.jpg 1156w\" sizes=\"auto, (max-width: 1024px) 100vw, 1024px\" \/><\/figure>\n\n\n\n<div class=\"wp-block-columns is-layout-flex wp-container-core-columns-is-layout-abceabcf wp-block-columns-is-layout-flex\">\n<div class=\"wp-block-column is-layout-flow wp-block-column-is-layout-flow\">\n<figure class=\"wp-block-image size-large\"><img loading=\"lazy\" decoding=\"async\" width=\"1024\" height=\"768\" src=\"https:\/\/site.ac-martinique.fr\/clg-julianicolas\/wp-content\/uploads\/sites\/119\/2024\/03\/IMG-20240306-WA0023-1024x768.jpg\" alt=\"\" class=\"wp-image-1678\" srcset=\"https:\/\/site.ac-martinique.fr\/clg-julianicolas\/wp-content\/uploads\/sites\/119\/2024\/03\/IMG-20240306-WA0023-1024x768.jpg 1024w, https:\/\/site.ac-martinique.fr\/clg-julianicolas\/wp-content\/uploads\/sites\/119\/2024\/03\/IMG-20240306-WA0023-300x225.jpg 300w, https:\/\/site.ac-martinique.fr\/clg-julianicolas\/wp-content\/uploads\/sites\/119\/2024\/03\/IMG-20240306-WA0023-768x576.jpg 768w, https:\/\/site.ac-martinique.fr\/clg-julianicolas\/wp-content\/uploads\/sites\/119\/2024\/03\/IMG-20240306-WA0023-1536x1152.jpg 1536w, https:\/\/site.ac-martinique.fr\/clg-julianicolas\/wp-content\/uploads\/sites\/119\/2024\/03\/IMG-20240306-WA0023-400x300.jpg 400w, https:\/\/site.ac-martinique.fr\/clg-julianicolas\/wp-content\/uploads\/sites\/119\/2024\/03\/IMG-20240306-WA0023.jpg 1600w\" sizes=\"auto, (max-width: 1024px) 100vw, 1024px\" \/><\/figure>\n<\/div>\n\n\n\n<div class=\"wp-block-column is-layout-flow wp-block-column-is-layout-flow\">\n<figure class=\"wp-block-image size-large\"><img loading=\"lazy\" decoding=\"async\" width=\"1024\" height=\"768\" src=\"https:\/\/site.ac-martinique.fr\/clg-julianicolas\/wp-content\/uploads\/sites\/119\/2024\/03\/IMG-20240306-WA0020-1024x768.jpg\" alt=\"\" class=\"wp-image-1679\" srcset=\"https:\/\/site.ac-martinique.fr\/clg-julianicolas\/wp-content\/uploads\/sites\/119\/2024\/03\/IMG-20240306-WA0020-1024x768.jpg 1024w, https:\/\/site.ac-martinique.fr\/clg-julianicolas\/wp-content\/uploads\/sites\/119\/2024\/03\/IMG-20240306-WA0020-300x225.jpg 300w, https:\/\/site.ac-martinique.fr\/clg-julianicolas\/wp-content\/uploads\/sites\/119\/2024\/03\/IMG-20240306-WA0020-768x576.jpg 768w, https:\/\/site.ac-martinique.fr\/clg-julianicolas\/wp-content\/uploads\/sites\/119\/2024\/03\/IMG-20240306-WA0020-1536x1152.jpg 1536w, https:\/\/site.ac-martinique.fr\/clg-julianicolas\/wp-content\/uploads\/sites\/119\/2024\/03\/IMG-20240306-WA0020-400x300.jpg 400w, https:\/\/site.ac-martinique.fr\/clg-julianicolas\/wp-content\/uploads\/sites\/119\/2024\/03\/IMG-20240306-WA0020.jpg 1600w\" sizes=\"auto, (max-width: 1024px) 100vw, 1024px\" \/><\/figure>\n<\/div>\n<\/div>\n\n\n\n<p class=\"has-medium-font-size\">                    <strong>D\u00e9couverte de la mangrove en Kayak<\/strong><\/p>\n\n\n\n<p>Ce lundi 4 mars 2024, la 5i\u00e8me 1 et les cr\u00e9olistes du niveau 5i\u00e8me se sont rendus au village de la poterie pour une sensibilisation \u00e0 l\u2019importance de la mangrove dans le patrimoine Martiniquais. Accompagn\u00e9s de leurs professeurs Mme BEAUVIN (SVT), Mme ETIENNE (Cr\u00e9ole) et&nbsp;&nbsp; M. LUDON (Math\u00e9matiques), les \u00e9l\u00e8ves se sont initi\u00e9s \u00e0 la pratique du Kayak. Ils ont eu le privil\u00e8ge de visiter l&rsquo;usine de fabrication de briques. Les \u00e9l\u00e8ves ont assist\u00e9 \u00e0 la confection d&rsquo;un vase par un potier membre fondateur du groupe \u00ab\u00a0Les hommes d&rsquo;argile\u00a0\u00bb. Nous remercions encore l\u2019\u00e9quipe KAYAK NATURE EVASION Du Village De La Poterie pour leur accueil et leur professionnalisme.<\/p>\n\n\n\n<div class=\"wp-block-columns is-layout-flex wp-container-core-columns-is-layout-abceabcf wp-block-columns-is-layout-flex\">\n<div class=\"wp-block-column is-layout-flow wp-block-column-is-layout-flow\">\n<figure class=\"wp-block-image size-large\"><img loading=\"lazy\" decoding=\"async\" width=\"1024\" height=\"768\" src=\"https:\/\/site.ac-martinique.fr\/clg-julianicolas\/wp-content\/uploads\/sites\/119\/2024\/03\/KAYAK-2-1024x768.jpg\" alt=\"\" class=\"wp-image-1663\" srcset=\"https:\/\/site.ac-martinique.fr\/clg-julianicolas\/wp-content\/uploads\/sites\/119\/2024\/03\/KAYAK-2-1024x768.jpg 1024w, https:\/\/site.ac-martinique.fr\/clg-julianicolas\/wp-content\/uploads\/sites\/119\/2024\/03\/KAYAK-2-300x225.jpg 300w, https:\/\/site.ac-martinique.fr\/clg-julianicolas\/wp-content\/uploads\/sites\/119\/2024\/03\/KAYAK-2-768x576.jpg 768w, https:\/\/site.ac-martinique.fr\/clg-julianicolas\/wp-content\/uploads\/sites\/119\/2024\/03\/KAYAK-2-1536x1152.jpg 1536w, https:\/\/site.ac-martinique.fr\/clg-julianicolas\/wp-content\/uploads\/sites\/119\/2024\/03\/KAYAK-2-400x300.jpg 400w, https:\/\/site.ac-martinique.fr\/clg-julianicolas\/wp-content\/uploads\/sites\/119\/2024\/03\/KAYAK-2.jpg 1600w\" sizes=\"auto, (max-width: 1024px) 100vw, 1024px\" \/><\/figure>\n<\/div>\n\n\n\n<div class=\"wp-block-column is-layout-flow wp-block-column-is-layout-flow\">\n<figure class=\"wp-block-image size-large\"><img loading=\"lazy\" decoding=\"async\" width=\"769\" height=\"1024\" src=\"https:\/\/site.ac-martinique.fr\/clg-julianicolas\/wp-content\/uploads\/sites\/119\/2024\/03\/KAYAK-1-769x1024.jpg\" alt=\"\" class=\"wp-image-1662\" srcset=\"https:\/\/site.ac-martinique.fr\/clg-julianicolas\/wp-content\/uploads\/sites\/119\/2024\/03\/KAYAK-1-769x1024.jpg 769w, https:\/\/site.ac-martinique.fr\/clg-julianicolas\/wp-content\/uploads\/sites\/119\/2024\/03\/KAYAK-1-225x300.jpg 225w, https:\/\/site.ac-martinique.fr\/clg-julianicolas\/wp-content\/uploads\/sites\/119\/2024\/03\/KAYAK-1-768x1023.jpg 768w, https:\/\/site.ac-martinique.fr\/clg-julianicolas\/wp-content\/uploads\/sites\/119\/2024\/03\/KAYAK-1.jpg 868w\" sizes=\"auto, (max-width: 769px) 100vw, 769px\" \/><\/figure>\n<\/div>\n<\/div>\n\n\n\n<div class=\"wp-block-columns is-layout-flex wp-container-core-columns-is-layout-abceabcf wp-block-columns-is-layout-flex\">\n<div class=\"wp-block-column is-layout-flow wp-block-column-is-layout-flow\">\n<figure class=\"wp-block-image size-large\"><img loading=\"lazy\" decoding=\"async\" width=\"1024\" height=\"768\" src=\"https:\/\/site.ac-martinique.fr\/clg-julianicolas\/wp-content\/uploads\/sites\/119\/2024\/03\/KAYAK5-1024x768.jpg\" alt=\"\" class=\"wp-image-1666\" srcset=\"https:\/\/site.ac-martinique.fr\/clg-julianicolas\/wp-content\/uploads\/sites\/119\/2024\/03\/KAYAK5-1024x768.jpg 1024w, https:\/\/site.ac-martinique.fr\/clg-julianicolas\/wp-content\/uploads\/sites\/119\/2024\/03\/KAYAK5-300x225.jpg 300w, https:\/\/site.ac-martinique.fr\/clg-julianicolas\/wp-content\/uploads\/sites\/119\/2024\/03\/KAYAK5-768x576.jpg 768w, https:\/\/site.ac-martinique.fr\/clg-julianicolas\/wp-content\/uploads\/sites\/119\/2024\/03\/KAYAK5-1536x1152.jpg 1536w, https:\/\/site.ac-martinique.fr\/clg-julianicolas\/wp-content\/uploads\/sites\/119\/2024\/03\/KAYAK5-400x300.jpg 400w, https:\/\/site.ac-martinique.fr\/clg-julianicolas\/wp-content\/uploads\/sites\/119\/2024\/03\/KAYAK5.jpg 1600w\" sizes=\"auto, (max-width: 1024px) 100vw, 1024px\" \/><\/figure>\n<\/div>\n\n\n\n<div class=\"wp-block-column is-layout-flow wp-block-column-is-layout-flow\">\n<figure class=\"wp-block-image size-large\"><img loading=\"lazy\" decoding=\"async\" width=\"1024\" height=\"768\" src=\"https:\/\/site.ac-martinique.fr\/clg-julianicolas\/wp-content\/uploads\/sites\/119\/2024\/03\/KAYAK-4-1024x768.jpg\" alt=\"\" class=\"wp-image-1665\" srcset=\"https:\/\/site.ac-martinique.fr\/clg-julianicolas\/wp-content\/uploads\/sites\/119\/2024\/03\/KAYAK-4-1024x768.jpg 1024w, https:\/\/site.ac-martinique.fr\/clg-julianicolas\/wp-content\/uploads\/sites\/119\/2024\/03\/KAYAK-4-300x225.jpg 300w, https:\/\/site.ac-martinique.fr\/clg-julianicolas\/wp-content\/uploads\/sites\/119\/2024\/03\/KAYAK-4-768x576.jpg 768w, https:\/\/site.ac-martinique.fr\/clg-julianicolas\/wp-content\/uploads\/sites\/119\/2024\/03\/KAYAK-4-1536x1152.jpg 1536w, https:\/\/site.ac-martinique.fr\/clg-julianicolas\/wp-content\/uploads\/sites\/119\/2024\/03\/KAYAK-4-400x300.jpg 400w, https:\/\/site.ac-martinique.fr\/clg-julianicolas\/wp-content\/uploads\/sites\/119\/2024\/03\/KAYAK-4.jpg 1600w\" sizes=\"auto, (max-width: 1024px) 100vw, 1024px\" \/><\/figure>\n<\/div>\n\n\n\n<div class=\"wp-block-column is-layout-flow wp-block-column-is-layout-flow\">\n<figure class=\"wp-block-image size-large\"><img loading=\"lazy\" decoding=\"async\" width=\"1024\" height=\"768\" src=\"https:\/\/site.ac-martinique.fr\/clg-julianicolas\/wp-content\/uploads\/sites\/119\/2024\/03\/KAYAK-3-1024x768.jpg\" alt=\"\" class=\"wp-image-1664\" srcset=\"https:\/\/site.ac-martinique.fr\/clg-julianicolas\/wp-content\/uploads\/sites\/119\/2024\/03\/KAYAK-3-1024x768.jpg 1024w, https:\/\/site.ac-martinique.fr\/clg-julianicolas\/wp-content\/uploads\/sites\/119\/2024\/03\/KAYAK-3-300x225.jpg 300w, https:\/\/site.ac-martinique.fr\/clg-julianicolas\/wp-content\/uploads\/sites\/119\/2024\/03\/KAYAK-3-768x576.jpg 768w, https:\/\/site.ac-martinique.fr\/clg-julianicolas\/wp-content\/uploads\/sites\/119\/2024\/03\/KAYAK-3-1536x1152.jpg 1536w, https:\/\/site.ac-martinique.fr\/clg-julianicolas\/wp-content\/uploads\/sites\/119\/2024\/03\/KAYAK-3-400x300.jpg 400w, https:\/\/site.ac-martinique.fr\/clg-julianicolas\/wp-content\/uploads\/sites\/119\/2024\/03\/KAYAK-3.jpg 1600w\" sizes=\"auto, (max-width: 1024px) 100vw, 1024px\" \/><\/figure>\n<\/div>\n<\/div>\n\n\n\n<p><strong>La GARDE R\u00c9PUBLICAINE au Coll\u00e8ge JULIA NICOLAS &#8211; Un honneur et un moment magique<\/strong><\/p>\n\n\n\n<p>Ce jour vendredi 19 Janvier 2024, les musiciens de la GARDE R\u00c9PUBLICAINE, nous ont fait l&rsquo;honneur de venir au Coll\u00e8ge JULIA NICOLAS. Nos \u00e9l\u00e8ves ont \u00e9t\u00e9 impressionn\u00e9s par une  telle performance. Les \u00e9l\u00e8ves ont \u00e9galement pu  \u00e9changer avec les musiciens. Un Grand merci \u00e0 eux pour leur disponibilit\u00e9.  <\/p>\n\n\n\n<figure class=\"wp-block-video\"><video height=\"480\" style=\"aspect-ratio: 848 \/ 480;\" width=\"848\" controls src=\"https:\/\/site.ac-martinique.fr\/clg-julianicolas\/wp-content\/uploads\/sites\/119\/2024\/01\/WhatsApp-Video-2024-01-19-at-09.30.10.mp4\"><\/video><\/figure>\n\n\n\n<p>                                     <strong>Fin d&rsquo;ann\u00e9e 2023, apr\u00e8s-midi festive au coll\u00e8ge !<\/strong><\/p>\n\n\n\n<div class=\"wp-block-media-text is-stacked-on-mobile\" style=\"grid-template-columns:51% auto\"><figure class=\"wp-block-media-text__media\"><img loading=\"lazy\" decoding=\"async\" width=\"769\" height=\"1024\" src=\"https:\/\/site.ac-martinique.fr\/clg-julianicolas\/wp-content\/uploads\/sites\/119\/2024\/01\/WhatsApp-Image-2023-12-21-at-14.09.32-769x1024.jpeg\" alt=\"\" class=\"wp-image-1511 size-full\" srcset=\"https:\/\/site.ac-martinique.fr\/clg-julianicolas\/wp-content\/uploads\/sites\/119\/2024\/01\/WhatsApp-Image-2023-12-21-at-14.09.32-769x1024.jpeg 769w, https:\/\/site.ac-martinique.fr\/clg-julianicolas\/wp-content\/uploads\/sites\/119\/2024\/01\/WhatsApp-Image-2023-12-21-at-14.09.32-225x300.jpeg 225w, https:\/\/site.ac-martinique.fr\/clg-julianicolas\/wp-content\/uploads\/sites\/119\/2024\/01\/WhatsApp-Image-2023-12-21-at-14.09.32-768x1023.jpeg 768w, https:\/\/site.ac-martinique.fr\/clg-julianicolas\/wp-content\/uploads\/sites\/119\/2024\/01\/WhatsApp-Image-2023-12-21-at-14.09.32.jpeg 868w\" sizes=\"auto, (max-width: 769px) 100vw, 769px\" \/><\/figure><div class=\"wp-block-media-text__content\">\n<p class=\"has-text-align-left\">Le jeudi 21 d\u00e9cembre 2023, les \u00e9l\u00e8ves du coll\u00e8ge Julia Nicolas ont termin\u00e9 l&rsquo;ann\u00e9e de mani\u00e8re festive.<br>L&rsquo;apr\u00e8s-midi a \u00e9t\u00e9 anim\u00e9e par la chorale du coll\u00e8ge, les \u00e9l\u00e8ves de l&rsquo;atelier danse et les talents artistiques de plusieurs enseignants. <\/p>\n\n\n\n<figure class=\"wp-block-image size-large is-resized\"><img loading=\"lazy\" decoding=\"async\" width=\"900\" height=\"600\" src=\"https:\/\/site.ac-martinique.fr\/clg-julianicolas\/wp-content\/uploads\/sites\/119\/2024\/01\/WhatsApp-Image-2024-01-08-at-14.31.29-edited.jpeg\" alt=\"\" class=\"wp-image-1519\" style=\"width:281px;height:auto\" srcset=\"https:\/\/site.ac-martinique.fr\/clg-julianicolas\/wp-content\/uploads\/sites\/119\/2024\/01\/WhatsApp-Image-2024-01-08-at-14.31.29-edited.jpeg 900w, https:\/\/site.ac-martinique.fr\/clg-julianicolas\/wp-content\/uploads\/sites\/119\/2024\/01\/WhatsApp-Image-2024-01-08-at-14.31.29-edited-300x200.jpeg 300w, https:\/\/site.ac-martinique.fr\/clg-julianicolas\/wp-content\/uploads\/sites\/119\/2024\/01\/WhatsApp-Image-2024-01-08-at-14.31.29-edited-768x512.jpeg 768w, https:\/\/site.ac-martinique.fr\/clg-julianicolas\/wp-content\/uploads\/sites\/119\/2024\/01\/WhatsApp-Image-2024-01-08-at-14.31.29-edited-450x300.jpeg 450w\" sizes=\"auto, (max-width: 900px) 100vw, 900px\" \/><\/figure>\n<\/div><\/div>\n\n\n\n<div class=\"wp-block-media-text is-stacked-on-mobile\" style=\"grid-template-columns:49% auto\"><figure class=\"wp-block-media-text__media\"><img loading=\"lazy\" decoding=\"async\" width=\"1024\" height=\"768\" src=\"https:\/\/site.ac-martinique.fr\/clg-julianicolas\/wp-content\/uploads\/sites\/119\/2024\/01\/WhatsApp-Image-2023-12-21-at-14.46.46-1.jpeg\" alt=\"\" class=\"wp-image-1512 size-full\" srcset=\"https:\/\/site.ac-martinique.fr\/clg-julianicolas\/wp-content\/uploads\/sites\/119\/2024\/01\/WhatsApp-Image-2023-12-21-at-14.46.46-1.jpeg 1024w, https:\/\/site.ac-martinique.fr\/clg-julianicolas\/wp-content\/uploads\/sites\/119\/2024\/01\/WhatsApp-Image-2023-12-21-at-14.46.46-1-300x225.jpeg 300w, https:\/\/site.ac-martinique.fr\/clg-julianicolas\/wp-content\/uploads\/sites\/119\/2024\/01\/WhatsApp-Image-2023-12-21-at-14.46.46-1-768x576.jpeg 768w, https:\/\/site.ac-martinique.fr\/clg-julianicolas\/wp-content\/uploads\/sites\/119\/2024\/01\/WhatsApp-Image-2023-12-21-at-14.46.46-1-400x300.jpeg 400w\" sizes=\"auto, (max-width: 1024px) 100vw, 1024px\" \/><\/figure><div class=\"wp-block-media-text__content\">\n<p>Par la suite, tous les \u00e9l\u00e8ves de 6\u00e8me ont re\u00e7u chacun des cadeaux offert par l&rsquo;association <a href=\"https:\/\/www.acodoutremer.org\/qui-sommes-nous\">ACOD Outremer<\/a> <mark style=\"background-color:rgba(0, 0, 0, 0)\" class=\"has-inline-color has-blue-color\">!<\/mark><\/p>\n\n\n\n<p>Merci pour nos \u00e9l\u00e8ves.<\/p>\n\n\n\n<p><\/p>\n<\/div><\/div>\n\n\n\n<p class=\"has-text-align-center\">Et pour terminer, les anciens \u00e9l\u00e8ves de 3\u00e8me, laur\u00e9ats du DNB (dipl\u00f4me national du brevet) session juin 2023, ont \u00e9t\u00e9 accueillis pour la remise de leur dipl\u00f4me.<br><br><mark style=\"background-color:rgba(0, 0, 0, 0)\" class=\"has-inline-color has-blue-color\">Bonne ann\u00e9e 2024 et r\u00e9ussite \u00e0 tous nos jeunes !<\/mark><\/p>\n\n\n\n<div class=\"wp-block-columns are-vertically-aligned-top is-layout-flex wp-container-core-columns-is-layout-abceabcf wp-block-columns-is-layout-flex\">\n<div class=\"wp-block-column is-vertically-aligned-top is-layout-flow wp-block-column-is-layout-flow\" style=\"--col-width:100%;flex-basis:100%\">\n<div class=\"wp-block-columns is-layout-flex wp-container-core-columns-is-layout-abceabcf wp-block-columns-is-layout-flex\">\n<div class=\"wp-block-column is-layout-flow wp-block-column-is-layout-flow\" style=\"--col-width:33.33%;flex-basis:33.33%\">\n<figure class=\"wp-block-image size-large is-resized\"><img loading=\"lazy\" decoding=\"async\" width=\"576\" height=\"1024\" src=\"https:\/\/site.ac-martinique.fr\/clg-julianicolas\/wp-content\/uploads\/sites\/119\/2024\/01\/WhatsApp-Image-2024-01-08-at-14.27.49-4-576x1024.jpeg\" alt=\"\" class=\"wp-image-1530\" style=\"width:156px;height:auto\" srcset=\"https:\/\/site.ac-martinique.fr\/clg-julianicolas\/wp-content\/uploads\/sites\/119\/2024\/01\/WhatsApp-Image-2024-01-08-at-14.27.49-4-576x1024.jpeg 576w, https:\/\/site.ac-martinique.fr\/clg-julianicolas\/wp-content\/uploads\/sites\/119\/2024\/01\/WhatsApp-Image-2024-01-08-at-14.27.49-4-169x300.jpeg 169w, https:\/\/site.ac-martinique.fr\/clg-julianicolas\/wp-content\/uploads\/sites\/119\/2024\/01\/WhatsApp-Image-2024-01-08-at-14.27.49-4.jpeg 720w\" sizes=\"auto, (max-width: 576px) 100vw, 576px\" \/><\/figure>\n<\/div>\n\n\n\n<div class=\"wp-block-column is-layout-flow wp-block-column-is-layout-flow\" style=\"--col-width:66.66%;flex-basis:66.66%\">\n<figure class=\"wp-block-image size-large\"><img loading=\"lazy\" decoding=\"async\" width=\"1024\" height=\"769\" src=\"https:\/\/site.ac-martinique.fr\/clg-julianicolas\/wp-content\/uploads\/sites\/119\/2024\/01\/WhatsApp-Image-2023-12-21-at-17.49.16-4-1024x769.jpeg\" alt=\"\" class=\"wp-image-1531\" srcset=\"https:\/\/site.ac-martinique.fr\/clg-julianicolas\/wp-content\/uploads\/sites\/119\/2024\/01\/WhatsApp-Image-2023-12-21-at-17.49.16-4-1024x769.jpeg 1024w, https:\/\/site.ac-martinique.fr\/clg-julianicolas\/wp-content\/uploads\/sites\/119\/2024\/01\/WhatsApp-Image-2023-12-21-at-17.49.16-4-300x225.jpeg 300w, https:\/\/site.ac-martinique.fr\/clg-julianicolas\/wp-content\/uploads\/sites\/119\/2024\/01\/WhatsApp-Image-2023-12-21-at-17.49.16-4-768x577.jpeg 768w, https:\/\/site.ac-martinique.fr\/clg-julianicolas\/wp-content\/uploads\/sites\/119\/2024\/01\/WhatsApp-Image-2023-12-21-at-17.49.16-4-400x300.jpeg 400w, https:\/\/site.ac-martinique.fr\/clg-julianicolas\/wp-content\/uploads\/sites\/119\/2024\/01\/WhatsApp-Image-2023-12-21-at-17.49.16-4.jpeg 1156w\" sizes=\"auto, (max-width: 1024px) 100vw, 1024px\" \/><\/figure>\n<\/div>\n<\/div>\n<\/div>\n<\/div>\n\n\n\n<p class=\"has-text-align-left\"><strong>Un mois de novembre riche en \u00e9v\u00e8nements !<\/strong><\/p>\n\n\n\n<p><\/p>\n\n\n\n<ul class=\"wp-block-list\">\n<li>Lundi 20 novembre 2023 : <strong>\u00ab\u00a0Mon coll\u00e8ge : mon quartier\u00a0\u00bb <em>D\u00e9couvertes des m\u00e9tiers&#8230;<\/em><\/strong><\/li>\n<\/ul>\n\n\n\n<p>Lancement de la premi\u00e8re manifestation avec l&rsquo;association <a href=\"https:\/\/www.100000entrepreneurs.com\/\" data-type=\"link\" data-id=\"https:\/\/www.100000entrepreneurs.com\/\" target=\"_blank\" rel=\"noreferrer noopener\">\u00ab\u00a0100000 entrepreneurs\u00a0\u00bb <\/a>au coll\u00e8ge Julia Nicolas. Cette association a pour vocation de transmettre la culture et l\u2019envie d\u2019entreprendre aux jeunes de 13 \u00e0 25 ans en France<br>au moyen de t\u00e9moignages d\u2019entrepreneurs b\u00e9n\u00e9voles.<\/p>\n\n\n<div class=\"wp-block-image \">\n<figure class=\"aligncenter size-large is-resized\"><img loading=\"lazy\" decoding=\"async\" width=\"1024\" height=\"462\" src=\"https:\/\/site.ac-martinique.fr\/clg-julianicolas\/wp-content\/uploads\/sites\/119\/2023\/11\/WhatsApp-Image-2023-11-20-at-11.42.24-1024x462.jpeg\" alt=\"\" class=\"wp-image-1243\" style=\"width:357px;height:auto\" srcset=\"https:\/\/site.ac-martinique.fr\/clg-julianicolas\/wp-content\/uploads\/sites\/119\/2023\/11\/WhatsApp-Image-2023-11-20-at-11.42.24-1024x462.jpeg 1024w, https:\/\/site.ac-martinique.fr\/clg-julianicolas\/wp-content\/uploads\/sites\/119\/2023\/11\/WhatsApp-Image-2023-11-20-at-11.42.24-300x135.jpeg 300w, https:\/\/site.ac-martinique.fr\/clg-julianicolas\/wp-content\/uploads\/sites\/119\/2023\/11\/WhatsApp-Image-2023-11-20-at-11.42.24-768x346.jpeg 768w, https:\/\/site.ac-martinique.fr\/clg-julianicolas\/wp-content\/uploads\/sites\/119\/2023\/11\/WhatsApp-Image-2023-11-20-at-11.42.24-500x225.jpeg 500w, https:\/\/site.ac-martinique.fr\/clg-julianicolas\/wp-content\/uploads\/sites\/119\/2023\/11\/WhatsApp-Image-2023-11-20-at-11.42.24.jpeg 1156w\" sizes=\"auto, (max-width: 1024px) 100vw, 1024px\" \/><\/figure>\n<\/div>\n\n\n<p>Gr\u00e2ce \u00e0 l&rsquo;organisation de cette action, Mme CARUGE, professeure de math\u00e9matiques et r\u00e9f\u00e9rente orientation, avec le soutien de l&rsquo;\u00e9quipe de direction, a permis \u00e0 tous les \u00e9l\u00e8ves des classes de 3\u00e8me et de l&rsquo;atelier \u00ab\u00a0D\u00e9couverte des m\u00e9tiers\u00a0\u00bb (classes de 5\u00e8me et de 4\u00e8me) d&rsquo;\u00e9couter les t\u00e9moignages de plusieurs professionnels et de les questionner . <\/p>\n\n\n\n<figure class=\"wp-block-gallery has-nested-images columns-default is-cropped wp-block-gallery-49 is-layout-flex wp-block-gallery-is-layout-flex\">\n<figure class=\"wp-block-image size-large\"><img loading=\"lazy\" decoding=\"async\" width=\"1024\" height=\"462\" data-id=\"1265\" src=\"https:\/\/site.ac-martinique.fr\/clg-julianicolas\/wp-content\/uploads\/sites\/119\/2023\/11\/WhatsApp-Image-2023-11-24-at-08.14.33-1024x462.jpeg\" alt=\"\" class=\"wp-image-1265\" srcset=\"https:\/\/site.ac-martinique.fr\/clg-julianicolas\/wp-content\/uploads\/sites\/119\/2023\/11\/WhatsApp-Image-2023-11-24-at-08.14.33-1024x462.jpeg 1024w, https:\/\/site.ac-martinique.fr\/clg-julianicolas\/wp-content\/uploads\/sites\/119\/2023\/11\/WhatsApp-Image-2023-11-24-at-08.14.33-300x135.jpeg 300w, https:\/\/site.ac-martinique.fr\/clg-julianicolas\/wp-content\/uploads\/sites\/119\/2023\/11\/WhatsApp-Image-2023-11-24-at-08.14.33-768x346.jpeg 768w, https:\/\/site.ac-martinique.fr\/clg-julianicolas\/wp-content\/uploads\/sites\/119\/2023\/11\/WhatsApp-Image-2023-11-24-at-08.14.33-500x225.jpeg 500w, https:\/\/site.ac-martinique.fr\/clg-julianicolas\/wp-content\/uploads\/sites\/119\/2023\/11\/WhatsApp-Image-2023-11-24-at-08.14.33.jpeg 1156w\" sizes=\"auto, (max-width: 1024px) 100vw, 1024px\" \/><\/figure>\n\n\n\n<figure class=\"wp-block-image size-large\"><img loading=\"lazy\" decoding=\"async\" width=\"1024\" height=\"462\" data-id=\"1245\" src=\"https:\/\/site.ac-martinique.fr\/clg-julianicolas\/wp-content\/uploads\/sites\/119\/2023\/11\/WhatsApp-Image-2023-11-20-at-11.37.51-1024x462.jpeg\" alt=\"\" class=\"wp-image-1245\" srcset=\"https:\/\/site.ac-martinique.fr\/clg-julianicolas\/wp-content\/uploads\/sites\/119\/2023\/11\/WhatsApp-Image-2023-11-20-at-11.37.51-1024x462.jpeg 1024w, https:\/\/site.ac-martinique.fr\/clg-julianicolas\/wp-content\/uploads\/sites\/119\/2023\/11\/WhatsApp-Image-2023-11-20-at-11.37.51-300x135.jpeg 300w, https:\/\/site.ac-martinique.fr\/clg-julianicolas\/wp-content\/uploads\/sites\/119\/2023\/11\/WhatsApp-Image-2023-11-20-at-11.37.51-768x346.jpeg 768w, https:\/\/site.ac-martinique.fr\/clg-julianicolas\/wp-content\/uploads\/sites\/119\/2023\/11\/WhatsApp-Image-2023-11-20-at-11.37.51-500x225.jpeg 500w, https:\/\/site.ac-martinique.fr\/clg-julianicolas\/wp-content\/uploads\/sites\/119\/2023\/11\/WhatsApp-Image-2023-11-20-at-11.37.51.jpeg 1156w\" sizes=\"auto, (max-width: 1024px) 100vw, 1024px\" \/><\/figure>\n\n\n\n<figure class=\"wp-block-image size-large\"><img loading=\"lazy\" decoding=\"async\" width=\"1024\" height=\"462\" data-id=\"1244\" src=\"https:\/\/site.ac-martinique.fr\/clg-julianicolas\/wp-content\/uploads\/sites\/119\/2023\/11\/WhatsApp-Image-2023-11-20-at-11.39.53-1024x462.jpeg\" alt=\"\" class=\"wp-image-1244\" srcset=\"https:\/\/site.ac-martinique.fr\/clg-julianicolas\/wp-content\/uploads\/sites\/119\/2023\/11\/WhatsApp-Image-2023-11-20-at-11.39.53-1024x462.jpeg 1024w, https:\/\/site.ac-martinique.fr\/clg-julianicolas\/wp-content\/uploads\/sites\/119\/2023\/11\/WhatsApp-Image-2023-11-20-at-11.39.53-300x135.jpeg 300w, https:\/\/site.ac-martinique.fr\/clg-julianicolas\/wp-content\/uploads\/sites\/119\/2023\/11\/WhatsApp-Image-2023-11-20-at-11.39.53-768x346.jpeg 768w, https:\/\/site.ac-martinique.fr\/clg-julianicolas\/wp-content\/uploads\/sites\/119\/2023\/11\/WhatsApp-Image-2023-11-20-at-11.39.53-500x225.jpeg 500w, https:\/\/site.ac-martinique.fr\/clg-julianicolas\/wp-content\/uploads\/sites\/119\/2023\/11\/WhatsApp-Image-2023-11-20-at-11.39.53.jpeg 1156w\" sizes=\"auto, (max-width: 1024px) 100vw, 1024px\" \/><\/figure>\n<\/figure>\n\n\n\n<p>Merci \u00e0 Mme Alexis &#8211; r\u00e9f\u00e9rente <a href=\"https:\/\/www.100000entrepreneurs.com\/\" data-type=\"link\" data-id=\"https:\/\/www.100000entrepreneurs.com\/\" target=\"_blank\" rel=\"noreferrer noopener\">\u00ab\u00a0100000 entrepreneurs\u00a0\u00bb <\/a>&#8211; ainsi qu&rsquo;\u00e0 : Mme Isabelle Bernard &#8211; <a href=\"https:\/\/www.somafi-soguafi.fr\/\" data-type=\"link\" data-id=\"https:\/\/www.somafi-soguafi.fr\/\" target=\"_blank\" rel=\"noreferrer noopener\">Somafi sogaufi <\/a>-, M. Regis Etienne &#8211; <a href=\"https:\/\/www.edf.mq\/\" data-type=\"link\" data-id=\"https:\/\/www.edf.mq\/\" target=\"_blank\" rel=\"noreferrer noopener\">EDF<\/a> -, David Hougnou &#8211;<a href=\"http:\/\/azuwaconseils.fr\/\" data-type=\"link\" data-id=\"http:\/\/azuwaconseils.fr\/\" target=\"_blank\" rel=\"noreferrer noopener\"> Azuwa Conseils<\/a> -, Samantha Mafoula &#8211; <a href=\"https:\/\/www.up-yourbusiness.com\/\" target=\"_blank\" rel=\"noreferrer noopener\">UP your business <\/a>-, Pasacle Polenor &#8211; <a href=\"https:\/\/odiadom.fr\/\" data-type=\"link\" data-id=\"https:\/\/odiadom.fr\/\" target=\"_blank\" rel=\"noreferrer noopener\">ODIADOM<\/a> -, Ren\u00e9e- laure Zou &#8211; <a href=\"https:\/\/www.leseditionsdusucrier.fr\/\" data-type=\"link\" data-id=\"https:\/\/www.leseditionsdusucrier.fr\/\" target=\"_blank\" rel=\"noreferrer noopener\">Les \u00e9ditions du sucrier<\/a> -, pour leur engagement aupr\u00e8s des \u00e9l\u00e8ves du coll\u00e8ge Julia Nicolas.<\/p>\n\n\n\n<ul class=\"wp-block-list\">\n<li>Mardi 14 et vendredi 17 novembre : <strong>Sur le village de l&rsquo;arriv\u00e9e de la Transat Jacques Vabre 2023<\/strong><\/li>\n<\/ul>\n\n\n\n<p>Les \u00e9l\u00e8ves de 5\u00e8me 2 et de 6\u00e8me 3 se sont rendus au village d\u2019arriv\u00e9e de la <a href=\"https:\/\/www.transatjacquesvabre.org\/edition-2023\" data-type=\"link\" data-id=\"https:\/\/www.transatjacquesvabre.org\/edition-2023\" target=\"_blank\" rel=\"noreferrer noopener\">Transat Jacques Vabre 2023 <\/a>sur le Malecon de Fort-de-France accompagn\u00e9s de Mme Navis (AESH) et de Mme Dupin (professeure de math\u00e9matiques).<\/p>\n\n\n\n<figure class=\"wp-block-gallery has-nested-images columns-default is-cropped wp-block-gallery-50 is-layout-flex wp-block-gallery-is-layout-flex\">\n<figure class=\"wp-block-image size-large\"><img loading=\"lazy\" decoding=\"async\" width=\"1024\" height=\"768\" data-id=\"1277\" src=\"https:\/\/site.ac-martinique.fr\/clg-julianicolas\/wp-content\/uploads\/sites\/119\/2023\/11\/20231114_152220-1024x768.jpg\" alt=\"\" class=\"wp-image-1277\" srcset=\"https:\/\/site.ac-martinique.fr\/clg-julianicolas\/wp-content\/uploads\/sites\/119\/2023\/11\/20231114_152220-1024x768.jpg 1024w, https:\/\/site.ac-martinique.fr\/clg-julianicolas\/wp-content\/uploads\/sites\/119\/2023\/11\/20231114_152220-300x225.jpg 300w, https:\/\/site.ac-martinique.fr\/clg-julianicolas\/wp-content\/uploads\/sites\/119\/2023\/11\/20231114_152220-768x576.jpg 768w, https:\/\/site.ac-martinique.fr\/clg-julianicolas\/wp-content\/uploads\/sites\/119\/2023\/11\/20231114_152220-1536x1152.jpg 1536w, https:\/\/site.ac-martinique.fr\/clg-julianicolas\/wp-content\/uploads\/sites\/119\/2023\/11\/20231114_152220-2048x1536.jpg 2048w, https:\/\/site.ac-martinique.fr\/clg-julianicolas\/wp-content\/uploads\/sites\/119\/2023\/11\/20231114_152220-400x300.jpg 400w\" sizes=\"auto, (max-width: 1024px) 100vw, 1024px\" \/><\/figure>\n\n\n\n<figure class=\"wp-block-image size-full\"><img loading=\"lazy\" decoding=\"async\" width=\"1024\" height=\"768\" data-id=\"1291\" src=\"https:\/\/site.ac-martinique.fr\/clg-julianicolas\/wp-content\/uploads\/sites\/119\/2023\/11\/WhatsApp-Image-2023-11-24-at-09.18.11.jpeg\" alt=\"\" class=\"wp-image-1291\" srcset=\"https:\/\/site.ac-martinique.fr\/clg-julianicolas\/wp-content\/uploads\/sites\/119\/2023\/11\/WhatsApp-Image-2023-11-24-at-09.18.11.jpeg 1024w, https:\/\/site.ac-martinique.fr\/clg-julianicolas\/wp-content\/uploads\/sites\/119\/2023\/11\/WhatsApp-Image-2023-11-24-at-09.18.11-300x225.jpeg 300w, https:\/\/site.ac-martinique.fr\/clg-julianicolas\/wp-content\/uploads\/sites\/119\/2023\/11\/WhatsApp-Image-2023-11-24-at-09.18.11-768x576.jpeg 768w, https:\/\/site.ac-martinique.fr\/clg-julianicolas\/wp-content\/uploads\/sites\/119\/2023\/11\/WhatsApp-Image-2023-11-24-at-09.18.11-400x300.jpeg 400w\" sizes=\"auto, (max-width: 1024px) 100vw, 1024px\" \/><\/figure>\n<\/figure>\n\n\n\n<div class=\"wp-block-media-text is-stacked-on-mobile is-vertically-aligned-center\" style=\"grid-template-columns:45% auto\"><figure class=\"wp-block-media-text__media\"><img loading=\"lazy\" decoding=\"async\" width=\"1024\" height=\"768\" src=\"https:\/\/site.ac-martinique.fr\/clg-julianicolas\/wp-content\/uploads\/sites\/119\/2023\/11\/20231114_142536-1024x768.jpg\" alt=\"\" class=\"wp-image-1286 size-full\" srcset=\"https:\/\/site.ac-martinique.fr\/clg-julianicolas\/wp-content\/uploads\/sites\/119\/2023\/11\/20231114_142536-1024x768.jpg 1024w, https:\/\/site.ac-martinique.fr\/clg-julianicolas\/wp-content\/uploads\/sites\/119\/2023\/11\/20231114_142536-300x225.jpg 300w, https:\/\/site.ac-martinique.fr\/clg-julianicolas\/wp-content\/uploads\/sites\/119\/2023\/11\/20231114_142536-768x576.jpg 768w, https:\/\/site.ac-martinique.fr\/clg-julianicolas\/wp-content\/uploads\/sites\/119\/2023\/11\/20231114_142536-1536x1152.jpg 1536w, https:\/\/site.ac-martinique.fr\/clg-julianicolas\/wp-content\/uploads\/sites\/119\/2023\/11\/20231114_142536-2048x1536.jpg 2048w, https:\/\/site.ac-martinique.fr\/clg-julianicolas\/wp-content\/uploads\/sites\/119\/2023\/11\/20231114_142536-400x300.jpg 400w\" sizes=\"auto, (max-width: 1024px) 100vw, 1024px\" \/><\/figure><div class=\"wp-block-media-text__content\">\n<p>Cette sortie \u00e0 caract\u00e8re p\u00e9dagogique avait pour objectif de r\u00e9investir <a href=\"https:\/\/site.ac-martinique.fr\/clg-julianicolas\/wp-content\/uploads\/sites\/119\/2023\/11\/Dossier-transat-Jacques-Vabre-4eme-3eme-2023.pdf\" data-type=\"link\" data-id=\"https:\/\/site.ac-martinique.fr\/clg-julianicolas\/wp-content\/uploads\/sites\/119\/2023\/11\/Dossier-transat-Jacques-Vabre-4eme-3eme-2023.pdf\" target=\"_blank\" rel=\"noreferrer noopener\">un travail personnel de recherche <\/a>sur la transat pendant les vacances et de voir des voiliers exceptionnels, les <a href=\"https:\/\/www.transatjacquesvabre.org\/classes\/ultim\" target=\"_blank\" rel=\"noreferrer noopener\">ULTIM<\/a>. <\/p>\n<\/div><\/div>\n\n\n\n<p>Ils ont eu la chance d\u2019\u00eatre accueillis par un passionn\u00e9 de voiles et de d\u00e9couvrir l\u2019exposition \u00ab Arts et Mer 3.0 \u00bb produite par des enfants de maternelle et de primaire.<\/p>\n\n\n\n<figure class=\"wp-block-gallery has-nested-images columns-default is-cropped wp-block-gallery-51 is-layout-flex wp-block-gallery-is-layout-flex\">\n<figure class=\"wp-block-image size-large\"><img loading=\"lazy\" decoding=\"async\" width=\"1024\" height=\"768\" data-id=\"1281\" src=\"https:\/\/site.ac-martinique.fr\/clg-julianicolas\/wp-content\/uploads\/sites\/119\/2023\/11\/20231114_143959-1024x768.jpg\" alt=\"\" class=\"wp-image-1281\" srcset=\"https:\/\/site.ac-martinique.fr\/clg-julianicolas\/wp-content\/uploads\/sites\/119\/2023\/11\/20231114_143959-1024x768.jpg 1024w, https:\/\/site.ac-martinique.fr\/clg-julianicolas\/wp-content\/uploads\/sites\/119\/2023\/11\/20231114_143959-300x225.jpg 300w, https:\/\/site.ac-martinique.fr\/clg-julianicolas\/wp-content\/uploads\/sites\/119\/2023\/11\/20231114_143959-768x576.jpg 768w, https:\/\/site.ac-martinique.fr\/clg-julianicolas\/wp-content\/uploads\/sites\/119\/2023\/11\/20231114_143959-1536x1152.jpg 1536w, https:\/\/site.ac-martinique.fr\/clg-julianicolas\/wp-content\/uploads\/sites\/119\/2023\/11\/20231114_143959-2048x1536.jpg 2048w, https:\/\/site.ac-martinique.fr\/clg-julianicolas\/wp-content\/uploads\/sites\/119\/2023\/11\/20231114_143959-400x300.jpg 400w\" sizes=\"auto, (max-width: 1024px) 100vw, 1024px\" \/><\/figure>\n\n\n\n<figure class=\"wp-block-image size-large\"><img loading=\"lazy\" decoding=\"async\" width=\"768\" height=\"1024\" data-id=\"1282\" src=\"https:\/\/site.ac-martinique.fr\/clg-julianicolas\/wp-content\/uploads\/sites\/119\/2023\/11\/20231114_144929-768x1024.jpg\" alt=\"\" class=\"wp-image-1282\" srcset=\"https:\/\/site.ac-martinique.fr\/clg-julianicolas\/wp-content\/uploads\/sites\/119\/2023\/11\/20231114_144929-768x1024.jpg 768w, https:\/\/site.ac-martinique.fr\/clg-julianicolas\/wp-content\/uploads\/sites\/119\/2023\/11\/20231114_144929-225x300.jpg 225w, https:\/\/site.ac-martinique.fr\/clg-julianicolas\/wp-content\/uploads\/sites\/119\/2023\/11\/20231114_144929-1152x1536.jpg 1152w, https:\/\/site.ac-martinique.fr\/clg-julianicolas\/wp-content\/uploads\/sites\/119\/2023\/11\/20231114_144929-1536x2048.jpg 1536w, https:\/\/site.ac-martinique.fr\/clg-julianicolas\/wp-content\/uploads\/sites\/119\/2023\/11\/20231114_144929-scaled.jpg 1920w\" sizes=\"auto, (max-width: 768px) 100vw, 768px\" \/><\/figure>\n\n\n\n<figure class=\"wp-block-image size-large\"><img loading=\"lazy\" decoding=\"async\" width=\"768\" height=\"1024\" data-id=\"1283\" src=\"https:\/\/site.ac-martinique.fr\/clg-julianicolas\/wp-content\/uploads\/sites\/119\/2023\/11\/20231114_143922-768x1024.jpg\" alt=\"\" class=\"wp-image-1283\" srcset=\"https:\/\/site.ac-martinique.fr\/clg-julianicolas\/wp-content\/uploads\/sites\/119\/2023\/11\/20231114_143922-768x1024.jpg 768w, https:\/\/site.ac-martinique.fr\/clg-julianicolas\/wp-content\/uploads\/sites\/119\/2023\/11\/20231114_143922-225x300.jpg 225w, https:\/\/site.ac-martinique.fr\/clg-julianicolas\/wp-content\/uploads\/sites\/119\/2023\/11\/20231114_143922-1152x1536.jpg 1152w, https:\/\/site.ac-martinique.fr\/clg-julianicolas\/wp-content\/uploads\/sites\/119\/2023\/11\/20231114_143922-1536x2048.jpg 1536w, https:\/\/site.ac-martinique.fr\/clg-julianicolas\/wp-content\/uploads\/sites\/119\/2023\/11\/20231114_143922-scaled.jpg 1920w\" sizes=\"auto, (max-width: 768px) 100vw, 768px\" \/><\/figure>\n<\/figure>\n\n\n\n<ul class=\"wp-block-list\">\n<li>Jeudi 9 Novembre 2023 : <strong>Journ\u00e9e nationale de lutte contre le harc\u00e8lement scolaire <\/strong><\/li>\n<\/ul>\n\n\n\n<p><a href=\"https:\/\/www.education.gouv.fr\/journee-nationale-de-lutte-contre-le-harcelement-l-ecole-941\">https:\/\/www.education.gouv.fr\/journee-nationale-de-lutte-contre-le-harcelement-l-ecole-941<\/a><\/p>\n\n\n\n<div class=\"wp-block-media-text is-stacked-on-mobile is-style-tw-shadow\" style=\"grid-template-columns:41% auto\"><figure class=\"wp-block-media-text__media\"><img loading=\"lazy\" decoding=\"async\" width=\"396\" height=\"562\" src=\"https:\/\/site.ac-martinique.fr\/clg-julianicolas\/wp-content\/uploads\/sites\/119\/2023\/11\/affiche-Harcelement.png\" alt=\"\" class=\"wp-image-1175 size-full\" srcset=\"https:\/\/site.ac-martinique.fr\/clg-julianicolas\/wp-content\/uploads\/sites\/119\/2023\/11\/affiche-Harcelement.png 396w, https:\/\/site.ac-martinique.fr\/clg-julianicolas\/wp-content\/uploads\/sites\/119\/2023\/11\/affiche-Harcelement-211x300.png 211w\" sizes=\"auto, (max-width: 396px) 100vw, 396px\" \/><\/figure><div class=\"wp-block-media-text__content\">\n<p>Les \u00e9l\u00e8ves du coll\u00e8ge Julia Nicolas acteurs de la lutte contre le harc\u00e8lement scolaire.<\/p>\n\n\n\n<div class=\"wp-block-group is-nowrap is-layout-flex wp-container-core-group-is-layout-ad2f72ca wp-block-group-is-layout-flex\">\n<div class=\"wp-block-columns is-layout-flex wp-container-core-columns-is-layout-abceabcf wp-block-columns-is-layout-flex\">\n<div class=\"wp-block-column is-layout-flow wp-block-column-is-layout-flow\" style=\"--col-width:100%;flex-basis:100%\">\n<figure class=\"wp-block-gallery has-nested-images columns-default is-cropped wp-block-gallery-52 is-layout-flex wp-block-gallery-is-layout-flex\"><div class=\"wp-block-image\">\n<figure class=\"aligncenter size-large\"><img loading=\"lazy\" decoding=\"async\" width=\"1024\" height=\"765\" data-id=\"1190\" src=\"https:\/\/site.ac-martinique.fr\/clg-julianicolas\/wp-content\/uploads\/sites\/119\/2023\/11\/WhatsApp-Image-2023-11-10-at-06.28.37-1024x765.jpeg\" alt=\"\" class=\"wp-image-1190\" srcset=\"https:\/\/site.ac-martinique.fr\/clg-julianicolas\/wp-content\/uploads\/sites\/119\/2023\/11\/WhatsApp-Image-2023-11-10-at-06.28.37-1024x765.jpeg 1024w, https:\/\/site.ac-martinique.fr\/clg-julianicolas\/wp-content\/uploads\/sites\/119\/2023\/11\/WhatsApp-Image-2023-11-10-at-06.28.37-300x224.jpeg 300w, https:\/\/site.ac-martinique.fr\/clg-julianicolas\/wp-content\/uploads\/sites\/119\/2023\/11\/WhatsApp-Image-2023-11-10-at-06.28.37-768x574.jpeg 768w, https:\/\/site.ac-martinique.fr\/clg-julianicolas\/wp-content\/uploads\/sites\/119\/2023\/11\/WhatsApp-Image-2023-11-10-at-06.28.37-1536x1148.jpeg 1536w, https:\/\/site.ac-martinique.fr\/clg-julianicolas\/wp-content\/uploads\/sites\/119\/2023\/11\/WhatsApp-Image-2023-11-10-at-06.28.37-401x300.jpeg 401w, https:\/\/site.ac-martinique.fr\/clg-julianicolas\/wp-content\/uploads\/sites\/119\/2023\/11\/WhatsApp-Image-2023-11-10-at-06.28.37.jpeg 1600w\" sizes=\"auto, (max-width: 1024px) 100vw, 1024px\" \/><\/figure>\n<\/div>\n\n\n<figure class=\"wp-block-image size-large\"><img loading=\"lazy\" decoding=\"async\" width=\"1024\" height=\"765\" data-id=\"1187\" src=\"https:\/\/site.ac-martinique.fr\/clg-julianicolas\/wp-content\/uploads\/sites\/119\/2023\/11\/WhatsApp-Image-2023-11-10-at-07.38.55-2-1024x765.jpeg\" alt=\"\" class=\"wp-image-1187\" srcset=\"https:\/\/site.ac-martinique.fr\/clg-julianicolas\/wp-content\/uploads\/sites\/119\/2023\/11\/WhatsApp-Image-2023-11-10-at-07.38.55-2-1024x765.jpeg 1024w, https:\/\/site.ac-martinique.fr\/clg-julianicolas\/wp-content\/uploads\/sites\/119\/2023\/11\/WhatsApp-Image-2023-11-10-at-07.38.55-2-300x224.jpeg 300w, https:\/\/site.ac-martinique.fr\/clg-julianicolas\/wp-content\/uploads\/sites\/119\/2023\/11\/WhatsApp-Image-2023-11-10-at-07.38.55-2-768x574.jpeg 768w, https:\/\/site.ac-martinique.fr\/clg-julianicolas\/wp-content\/uploads\/sites\/119\/2023\/11\/WhatsApp-Image-2023-11-10-at-07.38.55-2-1536x1148.jpeg 1536w, https:\/\/site.ac-martinique.fr\/clg-julianicolas\/wp-content\/uploads\/sites\/119\/2023\/11\/WhatsApp-Image-2023-11-10-at-07.38.55-2-401x300.jpeg 401w, https:\/\/site.ac-martinique.fr\/clg-julianicolas\/wp-content\/uploads\/sites\/119\/2023\/11\/WhatsApp-Image-2023-11-10-at-07.38.55-2.jpeg 1600w\" sizes=\"auto, (max-width: 1024px) 100vw, 1024px\" \/><\/figure>\n\n\n\n<figure class=\"wp-block-image size-large\"><img loading=\"lazy\" decoding=\"async\" width=\"1024\" height=\"765\" data-id=\"1181\" src=\"https:\/\/site.ac-martinique.fr\/clg-julianicolas\/wp-content\/uploads\/sites\/119\/2023\/11\/WhatsApp-Image-2023-11-10-at-07.38.55-4-1-1024x765.jpeg\" alt=\"\" class=\"wp-image-1181\" srcset=\"https:\/\/site.ac-martinique.fr\/clg-julianicolas\/wp-content\/uploads\/sites\/119\/2023\/11\/WhatsApp-Image-2023-11-10-at-07.38.55-4-1-1024x765.jpeg 1024w, https:\/\/site.ac-martinique.fr\/clg-julianicolas\/wp-content\/uploads\/sites\/119\/2023\/11\/WhatsApp-Image-2023-11-10-at-07.38.55-4-1-300x224.jpeg 300w, https:\/\/site.ac-martinique.fr\/clg-julianicolas\/wp-content\/uploads\/sites\/119\/2023\/11\/WhatsApp-Image-2023-11-10-at-07.38.55-4-1-768x574.jpeg 768w, https:\/\/site.ac-martinique.fr\/clg-julianicolas\/wp-content\/uploads\/sites\/119\/2023\/11\/WhatsApp-Image-2023-11-10-at-07.38.55-4-1-1536x1148.jpeg 1536w, https:\/\/site.ac-martinique.fr\/clg-julianicolas\/wp-content\/uploads\/sites\/119\/2023\/11\/WhatsApp-Image-2023-11-10-at-07.38.55-4-1-401x300.jpeg 401w, https:\/\/site.ac-martinique.fr\/clg-julianicolas\/wp-content\/uploads\/sites\/119\/2023\/11\/WhatsApp-Image-2023-11-10-at-07.38.55-4-1.jpeg 1600w\" sizes=\"auto, (max-width: 1024px) 100vw, 1024px\" \/><\/figure>\n\n\n\n<figure class=\"wp-block-image size-large\"><img loading=\"lazy\" decoding=\"async\" width=\"1024\" height=\"765\" data-id=\"1180\" src=\"https:\/\/site.ac-martinique.fr\/clg-julianicolas\/wp-content\/uploads\/sites\/119\/2023\/11\/WhatsApp-Image-2023-11-10-at-07.38.55-3-1024x765.jpeg\" alt=\"\" class=\"wp-image-1180\" srcset=\"https:\/\/site.ac-martinique.fr\/clg-julianicolas\/wp-content\/uploads\/sites\/119\/2023\/11\/WhatsApp-Image-2023-11-10-at-07.38.55-3-1024x765.jpeg 1024w, https:\/\/site.ac-martinique.fr\/clg-julianicolas\/wp-content\/uploads\/sites\/119\/2023\/11\/WhatsApp-Image-2023-11-10-at-07.38.55-3-300x224.jpeg 300w, https:\/\/site.ac-martinique.fr\/clg-julianicolas\/wp-content\/uploads\/sites\/119\/2023\/11\/WhatsApp-Image-2023-11-10-at-07.38.55-3-768x574.jpeg 768w, https:\/\/site.ac-martinique.fr\/clg-julianicolas\/wp-content\/uploads\/sites\/119\/2023\/11\/WhatsApp-Image-2023-11-10-at-07.38.55-3-1536x1148.jpeg 1536w, https:\/\/site.ac-martinique.fr\/clg-julianicolas\/wp-content\/uploads\/sites\/119\/2023\/11\/WhatsApp-Image-2023-11-10-at-07.38.55-3-401x300.jpeg 401w, https:\/\/site.ac-martinique.fr\/clg-julianicolas\/wp-content\/uploads\/sites\/119\/2023\/11\/WhatsApp-Image-2023-11-10-at-07.38.55-3.jpeg 1600w\" sizes=\"auto, (max-width: 1024px) 100vw, 1024px\" \/><\/figure>\n\n\n\n<figure class=\"wp-block-image size-large\"><img loading=\"lazy\" decoding=\"async\" width=\"1024\" height=\"765\" data-id=\"1178\" src=\"https:\/\/site.ac-martinique.fr\/clg-julianicolas\/wp-content\/uploads\/sites\/119\/2023\/11\/WhatsApp-Image-2023-11-10-at-07.38.56-1-1024x765.jpeg\" alt=\"\" class=\"wp-image-1178\" srcset=\"https:\/\/site.ac-martinique.fr\/clg-julianicolas\/wp-content\/uploads\/sites\/119\/2023\/11\/WhatsApp-Image-2023-11-10-at-07.38.56-1-1024x765.jpeg 1024w, https:\/\/site.ac-martinique.fr\/clg-julianicolas\/wp-content\/uploads\/sites\/119\/2023\/11\/WhatsApp-Image-2023-11-10-at-07.38.56-1-300x224.jpeg 300w, https:\/\/site.ac-martinique.fr\/clg-julianicolas\/wp-content\/uploads\/sites\/119\/2023\/11\/WhatsApp-Image-2023-11-10-at-07.38.56-1-768x574.jpeg 768w, https:\/\/site.ac-martinique.fr\/clg-julianicolas\/wp-content\/uploads\/sites\/119\/2023\/11\/WhatsApp-Image-2023-11-10-at-07.38.56-1-1536x1148.jpeg 1536w, https:\/\/site.ac-martinique.fr\/clg-julianicolas\/wp-content\/uploads\/sites\/119\/2023\/11\/WhatsApp-Image-2023-11-10-at-07.38.56-1-401x300.jpeg 401w, https:\/\/site.ac-martinique.fr\/clg-julianicolas\/wp-content\/uploads\/sites\/119\/2023\/11\/WhatsApp-Image-2023-11-10-at-07.38.56-1.jpeg 1600w\" sizes=\"auto, (max-width: 1024px) 100vw, 1024px\" \/><\/figure>\n\n\n\n<figure class=\"wp-block-image size-large\"><img loading=\"lazy\" decoding=\"async\" width=\"1024\" height=\"765\" data-id=\"1177\" src=\"https:\/\/site.ac-martinique.fr\/clg-julianicolas\/wp-content\/uploads\/sites\/119\/2023\/11\/WhatsApp-Image-2023-11-10-at-07.38.55-1024x765.jpeg\" alt=\"\" class=\"wp-image-1177\" srcset=\"https:\/\/site.ac-martinique.fr\/clg-julianicolas\/wp-content\/uploads\/sites\/119\/2023\/11\/WhatsApp-Image-2023-11-10-at-07.38.55-1024x765.jpeg 1024w, https:\/\/site.ac-martinique.fr\/clg-julianicolas\/wp-content\/uploads\/sites\/119\/2023\/11\/WhatsApp-Image-2023-11-10-at-07.38.55-300x224.jpeg 300w, https:\/\/site.ac-martinique.fr\/clg-julianicolas\/wp-content\/uploads\/sites\/119\/2023\/11\/WhatsApp-Image-2023-11-10-at-07.38.55-768x574.jpeg 768w, https:\/\/site.ac-martinique.fr\/clg-julianicolas\/wp-content\/uploads\/sites\/119\/2023\/11\/WhatsApp-Image-2023-11-10-at-07.38.55-1536x1148.jpeg 1536w, https:\/\/site.ac-martinique.fr\/clg-julianicolas\/wp-content\/uploads\/sites\/119\/2023\/11\/WhatsApp-Image-2023-11-10-at-07.38.55-401x300.jpeg 401w, https:\/\/site.ac-martinique.fr\/clg-julianicolas\/wp-content\/uploads\/sites\/119\/2023\/11\/WhatsApp-Image-2023-11-10-at-07.38.55.jpeg 1600w\" sizes=\"auto, (max-width: 1024px) 100vw, 1024px\" \/><\/figure>\n<\/figure>\n<\/div>\n<\/div>\n<\/div>\n<\/div><\/div>\n\n\n\n<figure class=\"wp-block-gallery has-nested-images columns-default is-cropped is-style-default wp-block-gallery-53 is-layout-flex wp-block-gallery-is-layout-flex\">\n<figure class=\"wp-block-image size-large is-style-tw-shadow\"><img loading=\"lazy\" decoding=\"async\" width=\"1024\" height=\"765\" data-id=\"1192\" src=\"https:\/\/site.ac-martinique.fr\/clg-julianicolas\/wp-content\/uploads\/sites\/119\/2023\/11\/WhatsApp-Image-2023-11-10-at-06.28.40-1024x765.jpeg\" alt=\"\" class=\"wp-image-1192\" srcset=\"https:\/\/site.ac-martinique.fr\/clg-julianicolas\/wp-content\/uploads\/sites\/119\/2023\/11\/WhatsApp-Image-2023-11-10-at-06.28.40-1024x765.jpeg 1024w, https:\/\/site.ac-martinique.fr\/clg-julianicolas\/wp-content\/uploads\/sites\/119\/2023\/11\/WhatsApp-Image-2023-11-10-at-06.28.40-300x224.jpeg 300w, https:\/\/site.ac-martinique.fr\/clg-julianicolas\/wp-content\/uploads\/sites\/119\/2023\/11\/WhatsApp-Image-2023-11-10-at-06.28.40-768x574.jpeg 768w, https:\/\/site.ac-martinique.fr\/clg-julianicolas\/wp-content\/uploads\/sites\/119\/2023\/11\/WhatsApp-Image-2023-11-10-at-06.28.40-1536x1148.jpeg 1536w, https:\/\/site.ac-martinique.fr\/clg-julianicolas\/wp-content\/uploads\/sites\/119\/2023\/11\/WhatsApp-Image-2023-11-10-at-06.28.40-401x300.jpeg 401w, https:\/\/site.ac-martinique.fr\/clg-julianicolas\/wp-content\/uploads\/sites\/119\/2023\/11\/WhatsApp-Image-2023-11-10-at-06.28.40.jpeg 1600w\" sizes=\"auto, (max-width: 1024px) 100vw, 1024px\" \/><\/figure>\n\n\n\n<figure class=\"wp-block-image size-large\"><img loading=\"lazy\" decoding=\"async\" width=\"1024\" height=\"765\" data-id=\"1191\" src=\"https:\/\/site.ac-martinique.fr\/clg-julianicolas\/wp-content\/uploads\/sites\/119\/2023\/11\/WhatsApp-Image-2023-11-10-at-06.28.41-1024x765.jpeg\" alt=\"\" class=\"wp-image-1191\" srcset=\"https:\/\/site.ac-martinique.fr\/clg-julianicolas\/wp-content\/uploads\/sites\/119\/2023\/11\/WhatsApp-Image-2023-11-10-at-06.28.41-1024x765.jpeg 1024w, https:\/\/site.ac-martinique.fr\/clg-julianicolas\/wp-content\/uploads\/sites\/119\/2023\/11\/WhatsApp-Image-2023-11-10-at-06.28.41-300x224.jpeg 300w, https:\/\/site.ac-martinique.fr\/clg-julianicolas\/wp-content\/uploads\/sites\/119\/2023\/11\/WhatsApp-Image-2023-11-10-at-06.28.41-768x574.jpeg 768w, https:\/\/site.ac-martinique.fr\/clg-julianicolas\/wp-content\/uploads\/sites\/119\/2023\/11\/WhatsApp-Image-2023-11-10-at-06.28.41-1536x1148.jpeg 1536w, https:\/\/site.ac-martinique.fr\/clg-julianicolas\/wp-content\/uploads\/sites\/119\/2023\/11\/WhatsApp-Image-2023-11-10-at-06.28.41-401x300.jpeg 401w, https:\/\/site.ac-martinique.fr\/clg-julianicolas\/wp-content\/uploads\/sites\/119\/2023\/11\/WhatsApp-Image-2023-11-10-at-06.28.41.jpeg 1600w\" sizes=\"auto, (max-width: 1024px) 100vw, 1024px\" \/><\/figure>\n\n\n\n<figure class=\"wp-block-image size-large\"><img loading=\"lazy\" decoding=\"async\" width=\"1024\" height=\"765\" data-id=\"1189\" src=\"https:\/\/site.ac-martinique.fr\/clg-julianicolas\/wp-content\/uploads\/sites\/119\/2023\/11\/WhatsApp-Image-2023-11-10-at-06.28.42-1024x765.jpeg\" alt=\"\" class=\"wp-image-1189\" srcset=\"https:\/\/site.ac-martinique.fr\/clg-julianicolas\/wp-content\/uploads\/sites\/119\/2023\/11\/WhatsApp-Image-2023-11-10-at-06.28.42-1024x765.jpeg 1024w, https:\/\/site.ac-martinique.fr\/clg-julianicolas\/wp-content\/uploads\/sites\/119\/2023\/11\/WhatsApp-Image-2023-11-10-at-06.28.42-300x224.jpeg 300w, https:\/\/site.ac-martinique.fr\/clg-julianicolas\/wp-content\/uploads\/sites\/119\/2023\/11\/WhatsApp-Image-2023-11-10-at-06.28.42-768x574.jpeg 768w, https:\/\/site.ac-martinique.fr\/clg-julianicolas\/wp-content\/uploads\/sites\/119\/2023\/11\/WhatsApp-Image-2023-11-10-at-06.28.42-1536x1148.jpeg 1536w, https:\/\/site.ac-martinique.fr\/clg-julianicolas\/wp-content\/uploads\/sites\/119\/2023\/11\/WhatsApp-Image-2023-11-10-at-06.28.42-401x300.jpeg 401w, https:\/\/site.ac-martinique.fr\/clg-julianicolas\/wp-content\/uploads\/sites\/119\/2023\/11\/WhatsApp-Image-2023-11-10-at-06.28.42.jpeg 1600w\" sizes=\"auto, (max-width: 1024px) 100vw, 1024px\" \/><\/figure>\n<\/figure>\n\n\n<div class=\"wp-block-image is-style-tw-shadow\">\n<figure class=\"aligncenter size-large is-resized\"><img loading=\"lazy\" decoding=\"async\" width=\"1024\" height=\"759\" src=\"https:\/\/site.ac-martinique.fr\/clg-julianicolas\/wp-content\/uploads\/sites\/119\/2023\/11\/WhatsApp-Image-2023-11-10-at-06.32.08-1-1024x759.jpeg\" alt=\"\" class=\"wp-image-1195\" style=\"width:449px;height:auto\" srcset=\"https:\/\/site.ac-martinique.fr\/clg-julianicolas\/wp-content\/uploads\/sites\/119\/2023\/11\/WhatsApp-Image-2023-11-10-at-06.32.08-1-1024x759.jpeg 1024w, https:\/\/site.ac-martinique.fr\/clg-julianicolas\/wp-content\/uploads\/sites\/119\/2023\/11\/WhatsApp-Image-2023-11-10-at-06.32.08-1-300x222.jpeg 300w, https:\/\/site.ac-martinique.fr\/clg-julianicolas\/wp-content\/uploads\/sites\/119\/2023\/11\/WhatsApp-Image-2023-11-10-at-06.32.08-1-768x569.jpeg 768w, https:\/\/site.ac-martinique.fr\/clg-julianicolas\/wp-content\/uploads\/sites\/119\/2023\/11\/WhatsApp-Image-2023-11-10-at-06.32.08-1-405x300.jpeg 405w, https:\/\/site.ac-martinique.fr\/clg-julianicolas\/wp-content\/uploads\/sites\/119\/2023\/11\/WhatsApp-Image-2023-11-10-at-06.32.08-1.jpeg 1346w\" sizes=\"auto, (max-width: 1024px) 100vw, 1024px\" \/><\/figure>\n<\/div>\n\n\n<p>Madame ETIENNE, enseignante et r\u00e9f\u00e9rente harc\u00e8lement au sein du coll\u00e8ge, confie aux \u00e9l\u00e8ves ambassadeurs, la mission de sensibiliser leurs camarades aux ph\u00e9nom\u00e8nes de harc\u00e8lement dans le milieu scolaire.  On rappelle aussi, les deux num\u00e9ros \u00e0 composer pour signaler une situation de harc\u00e8lement : le <strong>3020 <\/strong>ou le <strong>3018<\/strong> <\/p>\n\n\n\n<figure class=\"wp-block-gallery has-nested-images columns-default is-cropped wp-block-gallery-54 is-layout-flex wp-block-gallery-is-layout-flex\">\n<figure class=\"wp-block-image size-large\"><img loading=\"lazy\" decoding=\"async\" width=\"768\" height=\"1024\" data-id=\"1205\" src=\"https:\/\/site.ac-martinique.fr\/clg-julianicolas\/wp-content\/uploads\/sites\/119\/2023\/11\/WhatsApp-Image-2023-11-11-at-21.19.043-2.jpeg\" alt=\"\" class=\"wp-image-1205\" srcset=\"https:\/\/site.ac-martinique.fr\/clg-julianicolas\/wp-content\/uploads\/sites\/119\/2023\/11\/WhatsApp-Image-2023-11-11-at-21.19.043-2.jpeg 768w, https:\/\/site.ac-martinique.fr\/clg-julianicolas\/wp-content\/uploads\/sites\/119\/2023\/11\/WhatsApp-Image-2023-11-11-at-21.19.043-2-225x300.jpeg 225w\" sizes=\"auto, (max-width: 768px) 100vw, 768px\" \/><\/figure>\n\n\n\n<figure class=\"wp-block-image size-large\"><img loading=\"lazy\" decoding=\"async\" width=\"768\" height=\"1024\" data-id=\"1203\" src=\"https:\/\/site.ac-martinique.fr\/clg-julianicolas\/wp-content\/uploads\/sites\/119\/2023\/11\/WhatsApp-Image-2023-11-11-at-21.19.041-2.jpeg\" alt=\"\" class=\"wp-image-1203\" srcset=\"https:\/\/site.ac-martinique.fr\/clg-julianicolas\/wp-content\/uploads\/sites\/119\/2023\/11\/WhatsApp-Image-2023-11-11-at-21.19.041-2.jpeg 768w, https:\/\/site.ac-martinique.fr\/clg-julianicolas\/wp-content\/uploads\/sites\/119\/2023\/11\/WhatsApp-Image-2023-11-11-at-21.19.041-2-225x300.jpeg 225w\" sizes=\"auto, (max-width: 768px) 100vw, 768px\" \/><\/figure>\n\n\n\n<figure class=\"wp-block-image size-large\"><img loading=\"lazy\" decoding=\"async\" width=\"768\" height=\"1024\" data-id=\"1202\" src=\"https:\/\/site.ac-martinique.fr\/clg-julianicolas\/wp-content\/uploads\/sites\/119\/2023\/11\/WhatsApp-Image-2023-11-11-at-21.19.042-2.jpeg\" alt=\"\" class=\"wp-image-1202\" srcset=\"https:\/\/site.ac-martinique.fr\/clg-julianicolas\/wp-content\/uploads\/sites\/119\/2023\/11\/WhatsApp-Image-2023-11-11-at-21.19.042-2.jpeg 768w, https:\/\/site.ac-martinique.fr\/clg-julianicolas\/wp-content\/uploads\/sites\/119\/2023\/11\/WhatsApp-Image-2023-11-11-at-21.19.042-2-225x300.jpeg 225w\" sizes=\"auto, (max-width: 768px) 100vw, 768px\" \/><\/figure>\n<\/figure>\n\n\n\n<p>Aujourd&rsquo;hui, les \u00e9l\u00e8ves ont nou\u00e9 ensemble un morceau de madras \u00e0 l\u2019arbre de la paix, comme signe d&rsquo;engagement personnel dans la lutte contre le harc\u00e8lement. D&rsquo;autres moments seront pr\u00e9vus dans l&rsquo;ann\u00e9e.<\/p>\n\n\n\n<hr class=\"wp-block-separator has-alpha-channel-opacity\"\/>\n\n\n\n<p><\/p>\n\n\n\n<p>                               <strong>LE COMPTE EDUCONNECT &#8211; un outil multi-fonction<\/strong><\/p>\n\n\n\n<figure class=\"wp-block-image size-full\"><img loading=\"lazy\" decoding=\"async\" width=\"681\" height=\"810\" src=\"https:\/\/site.ac-martinique.fr\/clg-julianicolas\/wp-content\/uploads\/sites\/119\/2023\/09\/Bourse-flyer.jpg\" alt=\"\" class=\"wp-image-980\" srcset=\"https:\/\/site.ac-martinique.fr\/clg-julianicolas\/wp-content\/uploads\/sites\/119\/2023\/09\/Bourse-flyer.jpg 681w, https:\/\/site.ac-martinique.fr\/clg-julianicolas\/wp-content\/uploads\/sites\/119\/2023\/09\/Bourse-flyer-252x300.jpg 252w\" sizes=\"auto, (max-width: 681px) 100vw, 681px\" \/><\/figure>\n\n\n\n<ul class=\"wp-block-list\">\n<li>                                   <strong>CLASSE LCE &#8211; Une nouvelle aventure !!!<\/strong><\/li>\n<\/ul>\n\n\n\n<div data-wp-interactive=\"core\/file\" class=\"wp-block-file\"><object data-wp-bind--hidden=\"!state.hasPdfPreview\" hidden class=\"wp-block-file__embed\" data=\"https:\/\/site.ac-martinique.fr\/clg-julianicolas\/wp-content\/uploads\/sites\/119\/2023\/09\/Flyer-LCE-Septembre-2023-.pdf\" type=\"application\/pdf\" style=\"width:100%;height:400px\" aria-label=\"Contenu embarqu\u00e9 Flyer-LCE-Septembre-2023-.\"><\/object><a id=\"wp-block-file--media-d3bfd174-5eec-4754-a45f-ce46b9fd4cda\" href=\"https:\/\/site.ac-martinique.fr\/clg-julianicolas\/wp-content\/uploads\/sites\/119\/2023\/09\/Flyer-LCE-Septembre-2023-.pdf\">Flyer-LCE-Septembre-2023-<\/a><a href=\"https:\/\/site.ac-martinique.fr\/clg-julianicolas\/wp-content\/uploads\/sites\/119\/2023\/09\/Flyer-LCE-Septembre-2023-.pdf\" class=\"wp-block-file__button wp-element-button\" download aria-describedby=\"wp-block-file--media-d3bfd174-5eec-4754-a45f-ce46b9fd4cda\">T\u00e9l\u00e9charger<\/a><\/div>\n\n\n\n<hr class=\"wp-block-separator has-alpha-channel-opacity\"\/>\n\n\n\n<h2 class=\"wp-block-heading\">                               NOS AGENTS ONT DU TALENT &#8211; Septembre 2023<\/h2>\n\n\n\n<p>Afin d&#8217;embellir l&rsquo;espace destin\u00e9 \u00e0 accueillir la web radio du Coll\u00e8ge JULIA NICOLAS, les agents de l&rsquo;\u00e9tablissement ont r\u00e9alis\u00e9 une fresque murale mettant en valeur la Martinique et la radio. Les \u00e9l\u00e8ves sont ravis et ont h\u00e2te de d\u00e9marrer leurs \u00e9missions dans ce joli cadre. Merci \u00e0 eux pour ce beau travail. <\/p>\n\n\n<div class=\"wp-block-image\">\n<figure class=\"aligncenter size-full is-resized\"><img loading=\"lazy\" decoding=\"async\" width=\"480\" height=\"640\" src=\"https:\/\/site.ac-martinique.fr\/clg-julianicolas\/wp-content\/uploads\/sites\/119\/2023\/09\/Fresque2-rotated.jpg\" alt=\"\" class=\"wp-image-940\" style=\"width:454px;height:605px\" srcset=\"https:\/\/site.ac-martinique.fr\/clg-julianicolas\/wp-content\/uploads\/sites\/119\/2023\/09\/Fresque2-rotated.jpg 480w, https:\/\/site.ac-martinique.fr\/clg-julianicolas\/wp-content\/uploads\/sites\/119\/2023\/09\/Fresque2-225x300.jpg 225w\" sizes=\"auto, (max-width: 480px) 100vw, 480px\" \/><\/figure>\n<\/div>\n\n\n<p><\/p>\n\n\n<form role=\"search\" method=\"get\" action=\"https:\/\/site.ac-martinique.fr\/clg-julianicolas\/\" class=\"wp-block-search__button-outside wp-block-search__text-button wp-block-search\"    ><label class=\"wp-block-search__label\" for=\"wp-block-search__input-55\" ><br><br><br><br><br><br>Rechercher<\/label><div class=\"wp-block-search__inside-wrapper\"  style=\"width: 674px\"><input class=\"wp-block-search__input\" id=\"wp-block-search__input-55\" placeholder=\"\" value=\"\" type=\"search\" name=\"s\" required \/><button aria-label=\"Rechercher\" class=\"wp-block-search__button wp-element-button\" type=\"submit\" >Rechercher<\/button><\/div><\/form>\n\n\n<p><\/p>\n\n\n\n<details class=\"wp-block-details is-layout-flow wp-block-details-is-layout-flow\"><summary><\/summary>\n<p><\/p>\n<\/details>\n\n\n\n<figure class=\"wp-block-audio\"><audio controls src=\"https:\/\/site.ac-martinique.fr\/clg-julianicolas\/wp-content\/uploads\/sites\/119\/2025\/06\/une-fois-de-trop-Final-3-1.mp3\"><\/audio><\/figure>\n\n\n\n<p><\/p>\n","protected":false},"excerpt":{"rendered":"<p>Bienvenue sur le site du coll\u00e8ge Julia Nicolas DESCRIPTION Le Coll\u00e8ge JULIA NICOLAS est un \u00e9tablissement accueillant des \u00e9l\u00e8ves de la 6\u00e8me \u00e0 la 3\u00e8me au coeur de la Ville capitale de la Martinique, Fort-de-France. \u00c9tablissement dynamique et foisonnant de &hellip; <a href=\"https:\/\/site.ac-martinique.fr\/clg-julianicolas\/\">Continuer la lecture <span class=\"meta-nav\">&rarr;<\/span><\/a><\/p>\n","protected":false},"author":339,"featured_media":0,"parent":0,"menu_order":0,"comment_status":"closed","ping_status":"closed","template":"","meta":{"footnotes":""},"class_list":["post-102","page","type-page","status-publish","hentry"],"_links":{"self":[{"href":"https:\/\/site.ac-martinique.fr\/clg-julianicolas\/index.php?rest_route=\/wp\/v2\/pages\/102","targetHints":{"allow":["GET"]}}],"collection":[{"href":"https:\/\/site.ac-martinique.fr\/clg-julianicolas\/index.php?rest_route=\/wp\/v2\/pages"}],"about":[{"href":"https:\/\/site.ac-martinique.fr\/clg-julianicolas\/index.php?rest_route=\/wp\/v2\/types\/page"}],"author":[{"embeddable":true,"href":"https:\/\/site.ac-martinique.fr\/clg-julianicolas\/index.php?rest_route=\/wp\/v2\/users\/339"}],"replies":[{"embeddable":true,"href":"https:\/\/site.ac-martinique.fr\/clg-julianicolas\/index.php?rest_route=%2Fwp%2Fv2%2Fcomments&post=102"}],"version-history":[{"count":261,"href":"https:\/\/site.ac-martinique.fr\/clg-julianicolas\/index.php?rest_route=\/wp\/v2\/pages\/102\/revisions"}],"predecessor-version":[{"id":2540,"href":"https:\/\/site.ac-martinique.fr\/clg-julianicolas\/index.php?rest_route=\/wp\/v2\/pages\/102\/revisions\/2540"}],"wp:attachment":[{"href":"https:\/\/site.ac-martinique.fr\/clg-julianicolas\/index.php?rest_route=%2Fwp%2Fv2%2Fmedia&parent=102"}],"curies":[{"name":"wp","href":"https:\/\/api.w.org\/{rel}","templated":true}]}}