{"id":2562,"date":"2025-09-02T22:56:30","date_gmt":"2025-09-03T02:56:30","guid":{"rendered":"https:\/\/site.ac-martinique.fr\/clg-sainteluce\/?page_id=2562"},"modified":"2025-12-09T10:23:33","modified_gmt":"2025-12-09T14:23:33","slug":"aire-marine-educative","status":"publish","type":"page","link":"https:\/\/site.ac-martinique.fr\/clg-sainteluce\/?page_id=2562","title":{"rendered":"AIRE MARINE EDUCATIVE"},"content":{"rendered":"\n<h1 class=\"wp-block-heading has-text-align-center has-white-color has-text-color has-background has-link-color has-medium-font-size wp-elements-625558e5cfc19200a932050d6d851180\" style=\"background:linear-gradient(135deg,rgb(69,69,168) 0%,rgb(159,194,255) 100%)\"><strong>\u00c2ME MARINE \u00c9DUCATIVE<\/strong><\/h1>\n\n\n<div class=\"wp-block-image\">\n<figure class=\"aligncenter size-large\"><a href=\"https:\/\/site.ac-martinique.fr\/clg-sainteluce\/wp-content\/uploads\/sites\/65\/2025\/09\/CLGSTL_AME_LOGO.png\"><img loading=\"lazy\" decoding=\"async\" width=\"1024\" height=\"997\" src=\"https:\/\/site.ac-martinique.fr\/clg-sainteluce\/wp-content\/uploads\/sites\/65\/2025\/09\/CLGSTL_AME_LOGO-1024x997.png\" alt=\"\" class=\"wp-image-2563\" srcset=\"https:\/\/site.ac-martinique.fr\/clg-sainteluce\/wp-content\/uploads\/sites\/65\/2025\/09\/CLGSTL_AME_LOGO-1024x997.png 1024w, https:\/\/site.ac-martinique.fr\/clg-sainteluce\/wp-content\/uploads\/sites\/65\/2025\/09\/CLGSTL_AME_LOGO-300x292.png 300w, https:\/\/site.ac-martinique.fr\/clg-sainteluce\/wp-content\/uploads\/sites\/65\/2025\/09\/CLGSTL_AME_LOGO-768x748.png 768w, https:\/\/site.ac-martinique.fr\/clg-sainteluce\/wp-content\/uploads\/sites\/65\/2025\/09\/CLGSTL_AME_LOGO.png 1066w\" sizes=\"auto, (max-width: 1024px) 100vw, 1024px\" \/><\/a><\/figure>\n<\/div>\n\n\n<h2 class=\"wp-block-heading\">Bonjour et bienvenue sur la page d\u00e9di\u00e9e \u00e0 l&rsquo;Aire Marine Educative du college de Sainte-Luce.<\/h2>\n\n\n\n<p>Vous pourrez suivre dans le fil ci-dessous, l&rsquo;ensemble de nos activit\u00e9s. Cette action port\u00e9e par une class de 4\u00e8me est ouverte \u00e0 tous les membres de la communaut\u00e9 scolaire et aux d\u00e9fenseurs de l&rsquo;environnement : n&rsquo;h\u00e9sitez pas \u00e0 vous rapprocher de l&rsquo;\u00e9tablissement afin de manifester vote soutien de mani\u00e8re pratique.<\/p>\n\n\n\n<h2 class=\"wp-block-heading has-text-align-center has-white-color has-text-color has-background has-link-color has-small-font-size wp-elements-d3ee078c3ca4f47b4064cce50d0cfb2d\" style=\"background:linear-gradient(135deg,rgb(54,54,138) 0%,rgb(109,147,214) 100%)\"><em>Ensemble, prot\u00e9geons notre tr\u00e9sor Marin !<\/em><\/h2>\n\n\n\n<div class=\"wp-block-query is-layout-flow wp-block-query-is-layout-flow\"><ul class=\"wp-block-post-template is-layout-flow wp-block-post-template-is-layout-flow\"><li class=\"wp-block-post post-2677 post type-post status-publish format-standard has-post-thumbnail hentry category-ame\">\n<h2 class=\"wp-block-post-title\"><a href=\"https:\/\/site.ac-martinique.fr\/clg-sainteluce\/?p=2677\" target=\"_self\" >AME &#8211; S\u00e9ance de mise en forme<\/a><\/h2>\n\n<figure class=\"alignwide wp-block-post-featured-image\"><a href=\"https:\/\/site.ac-martinique.fr\/clg-sainteluce\/?p=2677\" target=\"_self\"  ><img loading=\"lazy\" decoding=\"async\" width=\"672\" height=\"372\" src=\"https:\/\/site.ac-martinique.fr\/clg-sainteluce\/wp-content\/uploads\/sites\/65\/2026\/11\/Capture-decran-2026-04-20-a-13.39.53-672x372.png\" class=\"attachment-post-thumbnail size-post-thumbnail wp-post-image\" alt=\"AME &#8211; S\u00e9ance de mise en forme\" style=\"object-fit:cover;\" \/><\/a><\/figure>\n\n<div class=\"wp-block-post-excerpt\"><p class=\"wp-block-post-excerpt__excerpt\">Au cours de rette seance nous avons pris le temps de traiter et mettre en forme les donn\u00e9es collect\u00e9es au cours des sorties pr\u00e9c\u00e9dentes. Ainsi nous anons pu r\u00e9aliser les actions suivantes : Compl\u00e9ter et mettre en forme les observations au sujet des activit\u00e9s humaines de la sortie de mai et et celles concernant l&lsquo;inventaire\u2026 <\/p><\/div>\n\n\n<hr class=\"wp-block-separator has-css-opacity\"\/>\n\n\n<div class=\"wp-block-post-date\"><time datetime=\"2026-03-16T12:05:15-04:00\">16 mars 2026<\/time><\/div>\n<\/li><li class=\"wp-block-post post-2637 post type-post status-publish format-standard has-post-thumbnail hentry category-4eme category-ame tag-a-m-e\">\n<h2 class=\"wp-block-post-title\"><a href=\"https:\/\/site.ac-martinique.fr\/clg-sainteluce\/?p=2637\" target=\"_self\" >NETTOYAGE DU LITTORAL<\/a><\/h2>\n\n<figure class=\"alignwide wp-block-post-featured-image\"><a href=\"https:\/\/site.ac-martinique.fr\/clg-sainteluce\/?p=2637\" target=\"_self\"  ><img loading=\"lazy\" decoding=\"async\" width=\"672\" height=\"372\" src=\"https:\/\/site.ac-martinique.fr\/clg-sainteluce\/wp-content\/uploads\/sites\/65\/2025\/12\/CLGSTL_20251126_AME_NETTOYAGE-LITTORAL-672x372.png\" class=\"attachment-post-thumbnail size-post-thumbnail wp-post-image\" alt=\"NETTOYAGE DU LITTORAL\" style=\"object-fit:cover;\" srcset=\"https:\/\/site.ac-martinique.fr\/clg-sainteluce\/wp-content\/uploads\/sites\/65\/2025\/12\/CLGSTL_20251126_AME_NETTOYAGE-LITTORAL-672x372.png 672w, https:\/\/site.ac-martinique.fr\/clg-sainteluce\/wp-content\/uploads\/sites\/65\/2025\/12\/CLGSTL_20251126_AME_NETTOYAGE-LITTORAL-1038x576.png 1038w\" sizes=\"auto, (max-width: 672px) 100vw, 672px\" \/><\/a><\/figure>\n\n<div class=\"wp-block-post-excerpt\"><p class=\"wp-block-post-excerpt__excerpt\">Ce mercredi matin, les \u00e9l\u00e8ves de 4C avaient organis\u00e9 le nettoyage de la plage de Pont Caf\u00e9, plage qu&rsquo;ils g\u00e8rent dans le cadre de leur Aire Marine Educative. Ils \u00e9taient accompagn\u00e9s pour l&rsquo;occasion des \u00e9co-d\u00e9l\u00e9gu\u00e9s du coll\u00e8ge et de parents d&rsquo;\u00e9l\u00e8ves. Cette action s&rsquo;inscrit dans la Semaine Europ\u00e9enne de R\u00e9duction des D\u00e9chets (SERD) et a\u2026 <\/p><\/div>\n\n\n<hr class=\"wp-block-separator has-css-opacity\"\/>\n\n\n<div class=\"wp-block-post-date\"><time datetime=\"2025-11-26T09:25:00-04:00\">26 novembre 2025<\/time><\/div>\n<\/li><li class=\"wp-block-post post-2661 post type-post status-publish format-standard has-post-thumbnail hentry category-4eme category-ame category-s-v-t tag-ame tag-college-de-sainte-luce\">\n<h2 class=\"wp-block-post-title\"><a href=\"https:\/\/site.ac-martinique.fr\/clg-sainteluce\/?p=2661\" target=\"_self\" >AME &#8211; Usages humains et pollution n\u00b02<\/a><\/h2>\n\n<figure class=\"alignwide wp-block-post-featured-image\"><a href=\"https:\/\/site.ac-martinique.fr\/clg-sainteluce\/?p=2661\" target=\"_self\"  ><img loading=\"lazy\" decoding=\"async\" width=\"672\" height=\"372\" src=\"https:\/\/site.ac-martinique.fr\/clg-sainteluce\/wp-content\/uploads\/sites\/65\/2026\/11\/Capture-decran-2026-04-20-a-13.42.13-672x372.png\" class=\"attachment-post-thumbnail size-post-thumbnail wp-post-image\" alt=\"AME &#8211; Usages humains et pollution n\u00b02\" style=\"object-fit:cover;\" \/><\/a><\/figure>\n\n<div class=\"wp-block-post-excerpt\"><p class=\"wp-block-post-excerpt__excerpt\">Sortie sur le terrain, encadr\u00e9e par Nature et d\u00e9veloppement et le Graine Martinique. Th\u00e8me\u00a0: Usages humains et pollutions L\u2019objectif de cette sortie \u00e9tait d\u2019identifier les diff\u00e9rentes esp\u00e8ces sur le site et leur importance. Le travail doit permettre ensuite de cr\u00e9er un document d\u2019inventaire qui sera mis sur le site internet en cours de construction. Cette\u2026 <\/p><\/div>\n\n\n<hr class=\"wp-block-separator has-css-opacity\"\/>\n\n\n<div class=\"wp-block-post-date\"><time datetime=\"2025-11-18T12:42:00-04:00\">18 novembre 2025<\/time><\/div>\n<\/li><li class=\"wp-block-post post-2723 post type-post status-publish format-standard has-post-thumbnail hentry category-4eme category-ame category-arts category-s-v-t\">\n<h2 class=\"wp-block-post-title\"><a href=\"https:\/\/site.ac-martinique.fr\/clg-sainteluce\/?p=2723\" target=\"_self\" >AME &#8211; PANNEAUX DE SENSIBILISATION<\/a><\/h2>\n\n<figure class=\"alignwide wp-block-post-featured-image\"><a href=\"https:\/\/site.ac-martinique.fr\/clg-sainteluce\/?p=2723\" target=\"_self\"  ><img loading=\"lazy\" decoding=\"async\" width=\"672\" height=\"372\" src=\"https:\/\/site.ac-martinique.fr\/clg-sainteluce\/wp-content\/uploads\/sites\/65\/2026\/04\/CLGSTL_AME_PANNEAUX_Plan-de-travail-1-672x372.jpg\" class=\"attachment-post-thumbnail size-post-thumbnail wp-post-image\" alt=\"AME &#8211; PANNEAUX DE SENSIBILISATION\" style=\"object-fit:cover;\" \/><\/a><\/figure>\n\n<div class=\"wp-block-post-excerpt\"><p class=\"wp-block-post-excerpt__excerpt\">S\u00e9rie de panneaux r\u00e9alis\u00e9s afin de sensibiliser les usagers du site <\/p><\/div>\n\n\n<hr class=\"wp-block-separator has-css-opacity\"\/>\n\n\n<div class=\"wp-block-post-date\"><time datetime=\"2025-09-03T15:43:00-04:00\">3 septembre 2025<\/time><\/div>\n<\/li><li class=\"wp-block-post post-2717 post type-post status-publish format-standard has-post-thumbnail hentry category-5eme category-ame category-s-v-t tag-ame\">\n<h2 class=\"wp-block-post-title\"><a href=\"https:\/\/site.ac-martinique.fr\/clg-sainteluce\/?p=2717\" target=\"_self\" >AME &#8211; Usages humains et pollution n\u00b01<\/a><\/h2>\n\n<figure class=\"alignwide wp-block-post-featured-image\"><a href=\"https:\/\/site.ac-martinique.fr\/clg-sainteluce\/?p=2717\" target=\"_self\"  ><img loading=\"lazy\" decoding=\"async\" width=\"672\" height=\"372\" src=\"https:\/\/site.ac-martinique.fr\/clg-sainteluce\/wp-content\/uploads\/sites\/65\/2026\/04\/CLGSTL_AME_20250509_USAGES-HUMAINS-POLLUTION-N1-672x372.png\" class=\"attachment-post-thumbnail size-post-thumbnail wp-post-image\" alt=\"AME &#8211; Usages humains et pollution n\u00b01\" style=\"object-fit:cover;\" srcset=\"https:\/\/site.ac-martinique.fr\/clg-sainteluce\/wp-content\/uploads\/sites\/65\/2026\/04\/CLGSTL_AME_20250509_USAGES-HUMAINS-POLLUTION-N1-672x372.png 672w, https:\/\/site.ac-martinique.fr\/clg-sainteluce\/wp-content\/uploads\/sites\/65\/2026\/04\/CLGSTL_AME_20250509_USAGES-HUMAINS-POLLUTION-N1-300x167.png 300w\" sizes=\"auto, (max-width: 672px) 100vw, 672px\" \/><\/a><\/figure>\n\n<div class=\"wp-block-post-excerpt\"><p class=\"wp-block-post-excerpt__excerpt\">9 mai 2025&nbsp;: Sortie sur le terrain, encadr\u00e9e par Nature et d\u00e9veloppement et le Graine Martinique. Th\u00e8me&nbsp;: Usages humains et pollutions Objectifs : relever les d\u00e9chets visibles, les traces de pollution non visibles et les usages humains observ\u00e9s sur la plage (activit\u00e9s sur la plage et infrastructures). Cette sortie permettra de proposer des actions concr\u00e8tes\u2026 <\/p><\/div>\n\n\n<hr class=\"wp-block-separator has-css-opacity\"\/>\n\n\n<div class=\"wp-block-post-date\"><time datetime=\"2025-05-09T15:15:00-04:00\">9 mai 2025<\/time><\/div>\n<\/li><li class=\"wp-block-post post-2516 post type-post status-publish format-standard has-post-thumbnail hentry category-ame category-label-e3d category-s-v-t category-vie-de-letablissement tag-college-sainte-luce tag-label-e3d\">\n<h2 class=\"wp-block-post-title\"><a href=\"https:\/\/site.ac-martinique.fr\/clg-sainteluce\/?p=2516\" target=\"_self\" >LABEL E3D<\/a><\/h2>\n\n<figure class=\"alignwide wp-block-post-featured-image\"><a href=\"https:\/\/site.ac-martinique.fr\/clg-sainteluce\/?p=2516\" target=\"_self\"  ><img loading=\"lazy\" decoding=\"async\" width=\"672\" height=\"372\" src=\"https:\/\/site.ac-martinique.fr\/clg-sainteluce\/wp-content\/uploads\/sites\/65\/2025\/09\/IMG_9526-672x372.jpg\" class=\"attachment-post-thumbnail size-post-thumbnail wp-post-image\" alt=\"LABEL E3D\" style=\"object-fit:cover;\" srcset=\"https:\/\/site.ac-martinique.fr\/clg-sainteluce\/wp-content\/uploads\/sites\/65\/2025\/09\/IMG_9526-672x372.jpg 672w, https:\/\/site.ac-martinique.fr\/clg-sainteluce\/wp-content\/uploads\/sites\/65\/2025\/09\/IMG_9526-1038x576.jpg 1038w\" sizes=\"auto, (max-width: 672px) 100vw, 672px\" \/><\/a><\/figure>\n\n<div class=\"wp-block-post-excerpt\"><p class=\"wp-block-post-excerpt__excerpt\">Hier matin \u00e0 eu lieu \u00e0 l&rsquo;Universit\u00e9 la remise des dipl\u00f4mes de labellisation E3D par Mme la rectrice. Matai Luciathe (4C) et Jade Ozier-Lafontaine (5C) ont brillamment repr\u00e9sent\u00e9 le coll\u00e8ge. Merci \u00e0 tous pour votre implication dans toutes les actions et bravo \u00e0 nos \u00e9l\u00e8ves pour leur enthousiasme. <\/p><\/div>\n\n\n<hr class=\"wp-block-separator has-css-opacity\"\/>\n\n\n<div class=\"wp-block-post-date\"><time datetime=\"2025-05-07T14:41:36-04:00\">7 mai 2025<\/time><\/div>\n<\/li><li class=\"wp-block-post post-2714 post type-post status-publish format-standard has-post-thumbnail hentry category-5eme category-ame category-s-v-t tag-ame\">\n<h2 class=\"wp-block-post-title\"><a href=\"https:\/\/site.ac-martinique.fr\/clg-sainteluce\/?p=2714\" target=\"_self\" >AME &#8211; ATELIER SCIENCE<\/a><\/h2>\n\n<figure class=\"alignwide wp-block-post-featured-image\"><a href=\"https:\/\/site.ac-martinique.fr\/clg-sainteluce\/?p=2714\" target=\"_self\"  ><img loading=\"lazy\" decoding=\"async\" width=\"672\" height=\"372\" src=\"https:\/\/site.ac-martinique.fr\/clg-sainteluce\/wp-content\/uploads\/sites\/65\/2026\/04\/CLGSTL_AME_20250402_AME_SCIENCE-672x372.png\" class=\"attachment-post-thumbnail size-post-thumbnail wp-post-image\" alt=\"AME &#8211; ATELIER SCIENCE\" style=\"object-fit:cover;\" \/><\/a><\/figure>\n\n<div class=\"wp-block-post-excerpt\"><p class=\"wp-block-post-excerpt__excerpt\"> <\/p><\/div>\n\n\n<hr class=\"wp-block-separator has-css-opacity\"\/>\n\n\n<div class=\"wp-block-post-date\"><time datetime=\"2025-04-02T15:10:00-04:00\">2 avril 2025<\/time><\/div>\n<\/li><li class=\"wp-block-post post-2682 post type-post status-publish format-standard has-post-thumbnail hentry category-4eme category-ame category-s-v-t tag-ame\">\n<h2 class=\"wp-block-post-title\"><a href=\"https:\/\/site.ac-martinique.fr\/clg-sainteluce\/?p=2682\" target=\"_self\" >AME : CREATION ET VOTE DU LOGO<\/a><\/h2>\n\n<figure class=\"alignwide wp-block-post-featured-image\"><a href=\"https:\/\/site.ac-martinique.fr\/clg-sainteluce\/?p=2682\" target=\"_self\"  ><img loading=\"lazy\" decoding=\"async\" width=\"672\" height=\"372\" src=\"https:\/\/site.ac-martinique.fr\/clg-sainteluce\/wp-content\/uploads\/sites\/65\/2026\/04\/CLGSTL_AME_LOGO_04-672x372.jpg\" class=\"attachment-post-thumbnail size-post-thumbnail wp-post-image\" alt=\"AME : CREATION ET VOTE DU LOGO\" style=\"object-fit:cover;\" srcset=\"https:\/\/site.ac-martinique.fr\/clg-sainteluce\/wp-content\/uploads\/sites\/65\/2026\/04\/CLGSTL_AME_LOGO_04-672x372.jpg 672w, https:\/\/site.ac-martinique.fr\/clg-sainteluce\/wp-content\/uploads\/sites\/65\/2026\/04\/CLGSTL_AME_LOGO_04-1038x576.jpg 1038w\" sizes=\"auto, (max-width: 672px) 100vw, 672px\" \/><\/a><\/figure>\n\n<div class=\"wp-block-post-excerpt\"><p class=\"wp-block-post-excerpt__excerpt\">petit temps de r\u00e9flexion avant de se lancer dans la production. Une foils les croquis achev\u00e9s, les logos son finalis\u00e9s : L&rsquo;ensemble des logos s\u00e9lectionn\u00e9s ont \u00e9t\u00e9 pr\u00e9sent\u00e9s \u00e0 l&rsquo;ensemble des acteurs de la communaut\u00e9 scolaire (\u00e9l\u00e8ves, professeurs, parents, direction) fain de les soummettre au vote. Voici le logo gagnant: Pour le Rendu final, celui-ci\u2026 <\/p><\/div>\n\n\n<hr class=\"wp-block-separator has-css-opacity\"\/>\n\n\n<div class=\"wp-block-post-date\"><time datetime=\"2024-11-13T12:41:00-04:00\">13 novembre 2024<\/time><\/div>\n<\/li><li class=\"wp-block-post post-2708 post type-post status-publish format-standard has-post-thumbnail hentry category-5eme category-ame category-s-v-t tag-ame\">\n<h2 class=\"wp-block-post-title\"><a href=\"https:\/\/site.ac-martinique.fr\/clg-sainteluce\/?p=2708\" target=\"_self\" >AME &#8211; A la recherche de notre Aire Marine\u00a0!<\/a><\/h2>\n\n<figure class=\"alignwide wp-block-post-featured-image\"><a href=\"https:\/\/site.ac-martinique.fr\/clg-sainteluce\/?p=2708\" target=\"_self\"  ><img loading=\"lazy\" decoding=\"async\" width=\"672\" height=\"372\" src=\"https:\/\/site.ac-martinique.fr\/clg-sainteluce\/wp-content\/uploads\/sites\/65\/2026\/04\/CLGSTL_AME_SORTIE-N1-672x372.png\" class=\"attachment-post-thumbnail size-post-thumbnail wp-post-image\" alt=\"AME &#8211; A la recherche de notre Aire Marine\u00a0!\" style=\"object-fit:cover;\" \/><\/a><\/figure>\n\n<div class=\"wp-block-post-excerpt\"><p class=\"wp-block-post-excerpt__excerpt\">9 octobre 2024\u00a0: A la recherche de notre Aire Marine\u00a0! C\u2019est en septembre que le projet d\u2019Aire Marine \u00e9ducative a \u00e9t\u00e9 pr\u00e9sent\u00e9 et propos\u00e9 \u00e0 la classe de 5C.&nbsp; Tous les \u00e9l\u00e8ves ont \u00e9t\u00e9 enthousiastes \u00e0 l\u2019id\u00e9e de s\u2019investir concr\u00e8tement dans la protection d\u2019un environnement qui leur et proche et leur tient \u00e0 c\u0153ur. L\u2019id\u00e9e\u2026 <\/p><\/div>\n\n\n<hr class=\"wp-block-separator has-css-opacity\"\/>\n\n\n<div class=\"wp-block-post-date\"><time datetime=\"2024-10-06T14:00:00-04:00\">6 octobre 2024<\/time><\/div>\n<\/li><li class=\"wp-block-post post-2702 post type-post status-publish format-standard has-post-thumbnail hentry category-5eme category-ame category-s-v-t\">\n<h2 class=\"wp-block-post-title\"><a href=\"https:\/\/site.ac-martinique.fr\/clg-sainteluce\/?p=2702\" target=\"_self\" >1ER CONSEIL DES ENFANTS POUR LA MER<\/a><\/h2>\n\n<figure class=\"alignwide wp-block-post-featured-image\"><a href=\"https:\/\/site.ac-martinique.fr\/clg-sainteluce\/?p=2702\" target=\"_self\"  ><img loading=\"lazy\" decoding=\"async\" width=\"672\" height=\"372\" src=\"https:\/\/site.ac-martinique.fr\/clg-sainteluce\/wp-content\/uploads\/sites\/65\/2026\/04\/CLGSTL_AME_J1-672x372.jpg\" class=\"attachment-post-thumbnail size-post-thumbnail wp-post-image\" alt=\"1ER CONSEIL DES ENFANTS POUR LA MER\" style=\"object-fit:cover;\" srcset=\"https:\/\/site.ac-martinique.fr\/clg-sainteluce\/wp-content\/uploads\/sites\/65\/2026\/04\/CLGSTL_AME_J1-672x372.jpg 672w, https:\/\/site.ac-martinique.fr\/clg-sainteluce\/wp-content\/uploads\/sites\/65\/2026\/04\/CLGSTL_AME_J1-1038x576.jpg 1038w\" sizes=\"auto, (max-width: 672px) 100vw, 672px\" \/><\/a><\/figure>\n\n<div class=\"wp-block-post-excerpt\"><p class=\"wp-block-post-excerpt__excerpt\"> <\/p><\/div>\n\n\n<hr class=\"wp-block-separator has-css-opacity\"\/>\n\n\n<div class=\"wp-block-post-date\"><time datetime=\"2024-10-02T13:28:00-04:00\">2 octobre 2024<\/time><\/div>\n<\/li><li class=\"wp-block-post post-2567 post type-post status-publish format-standard has-post-thumbnail hentry category-5eme category-6eme category-ame category-s-v-t\">\n<h2 class=\"wp-block-post-title\"><a href=\"https:\/\/site.ac-martinique.fr\/clg-sainteluce\/?p=2567\" target=\"_self\" >A.M.E.  Coll\u00e8ge Sainte-Luce<\/a><\/h2>\n\n<figure class=\"alignwide wp-block-post-featured-image\"><a href=\"https:\/\/site.ac-martinique.fr\/clg-sainteluce\/?p=2567\" target=\"_self\"  ><img loading=\"lazy\" decoding=\"async\" width=\"672\" height=\"372\" src=\"https:\/\/site.ac-martinique.fr\/clg-sainteluce\/wp-content\/uploads\/sites\/65\/2026\/04\/Capture-decran-2026-04-21-a-16.06.29-672x372.png\" class=\"attachment-post-thumbnail size-post-thumbnail wp-post-image\" alt=\"A.M.E.  Coll\u00e8ge Sainte-Luce\" style=\"object-fit:cover;\" srcset=\"https:\/\/site.ac-martinique.fr\/clg-sainteluce\/wp-content\/uploads\/sites\/65\/2026\/04\/Capture-decran-2026-04-21-a-16.06.29-672x372.png 672w, https:\/\/site.ac-martinique.fr\/clg-sainteluce\/wp-content\/uploads\/sites\/65\/2026\/04\/Capture-decran-2026-04-21-a-16.06.29-1038x576.png 1038w\" sizes=\"auto, (max-width: 672px) 100vw, 672px\" \/><\/a><\/figure>\n\n<div class=\"wp-block-post-excerpt\"><p class=\"wp-block-post-excerpt__excerpt\">La naissance du projet&nbsp;: \u200bEnseignante de S.V.T. depuis 14 ans au coll\u00e8ge de Sainte-Luce, MME LAMANDE exploite chaque ann\u00e9e le sentier littoral de la commune lors de sorties p\u00e9dagogiques. Ce sentier offre de multiples environnements : littoral, for\u00eat d\u2019arri\u00e8re-plage, mangrove et permet d\u2019aborder une multitude de th\u00e8mes : biodiversit\u00e9, notion d\u2019\u00e9cosyst\u00e8mes, interactions entre esp\u00e8ces, actions\u2026 <\/p><\/div>\n\n\n<hr class=\"wp-block-separator has-css-opacity\"\/>\n\n\n<div class=\"wp-block-post-date\"><time datetime=\"2024-09-20T10:07:00-04:00\">20 septembre 2024<\/time><\/div>\n<\/li><\/ul><\/div>\n\n\n\n<p><\/p>\n","protected":false},"excerpt":{"rendered":"<p>\u00c2ME MARINE \u00c9DUCATIVE Bonjour et bienvenue sur la page d\u00e9di\u00e9e \u00e0 l&rsquo;Aire Marine Educative du college de Sainte-Luce. Vous pourrez suivre dans le fil ci-dessous, l&rsquo;ensemble de nos activit\u00e9s. Cette action port\u00e9e par une class de 4\u00e8me est ouverte \u00e0 tous les membres de la communaut\u00e9 scolaire et aux d\u00e9fenseurs de l&rsquo;environnement : n&rsquo;h\u00e9sitez pas &hellip; <a href=\"https:\/\/site.ac-martinique.fr\/clg-sainteluce\/?page_id=2562\" class=\"more-link\">Continuer la lecture de <span class=\"screen-reader-text\">AIRE MARINE EDUCATIVE<\/span>  <span class=\"meta-nav\">&rarr;<\/span><\/a><\/p>\n","protected":false},"author":156,"featured_media":2563,"parent":2100,"menu_order":0,"comment_status":"closed","ping_status":"closed","template":"","meta":{"footnotes":""},"class_list":["post-2562","page","type-page","status-publish","has-post-thumbnail","hentry"],"_links":{"self":[{"href":"https:\/\/site.ac-martinique.fr\/clg-sainteluce\/index.php?rest_route=\/wp\/v2\/pages\/2562","targetHints":{"allow":["GET"]}}],"collection":[{"href":"https:\/\/site.ac-martinique.fr\/clg-sainteluce\/index.php?rest_route=\/wp\/v2\/pages"}],"about":[{"href":"https:\/\/site.ac-martinique.fr\/clg-sainteluce\/index.php?rest_route=\/wp\/v2\/types\/page"}],"author":[{"embeddable":true,"href":"https:\/\/site.ac-martinique.fr\/clg-sainteluce\/index.php?rest_route=\/wp\/v2\/users\/156"}],"replies":[{"embeddable":true,"href":"https:\/\/site.ac-martinique.fr\/clg-sainteluce\/index.php?rest_route=%2Fwp%2Fv2%2Fcomments&post=2562"}],"version-history":[{"count":3,"href":"https:\/\/site.ac-martinique.fr\/clg-sainteluce\/index.php?rest_route=\/wp\/v2\/pages\/2562\/revisions"}],"predecessor-version":[{"id":2641,"href":"https:\/\/site.ac-martinique.fr\/clg-sainteluce\/index.php?rest_route=\/wp\/v2\/pages\/2562\/revisions\/2641"}],"up":[{"embeddable":true,"href":"https:\/\/site.ac-martinique.fr\/clg-sainteluce\/index.php?rest_route=\/wp\/v2\/pages\/2100"}],"wp:featuredmedia":[{"embeddable":true,"href":"https:\/\/site.ac-martinique.fr\/clg-sainteluce\/index.php?rest_route=\/wp\/v2\/media\/2563"}],"wp:attachment":[{"href":"https:\/\/site.ac-martinique.fr\/clg-sainteluce\/index.php?rest_route=%2Fwp%2Fv2%2Fmedia&parent=2562"}],"curies":[{"name":"wp","href":"https:\/\/api.w.org\/{rel}","templated":true}]}}