{"id":880,"date":"2012-07-02T18:22:25","date_gmt":"2012-07-02T18:22:25","guid":{"rendered":"http:\/\/site.ac-martinique.fr\/lgtfrantzfanon\/?page_id=880"},"modified":"2018-10-02T19:53:21","modified_gmt":"2018-10-02T19:53:21","slug":"les-actualites","status":"publish","type":"page","link":"https:\/\/site.ac-martinique.fr\/clg-vauclin\/?page_id=880","title":{"rendered":"Orientation"},"content":{"rendered":"<p><strong><span style=\"font-size: large;font-family: arial,helvetica,sans-serif\"><span style=\"font-family: comic sans ms,sans-serif\"><br \/>\n<a href=\"\/clg-vauclin\/wp-content\/uploads\/sites\/69\/2012\/07\/guide.jpg\"><img loading=\"lazy\" decoding=\"async\" class=\"aligncenter size-full wp-image-4518\" src=\"\/clg-vauclin\/wp-content\/uploads\/sites\/69\/2012\/07\/guide.jpg\" alt=\"guide\" width=\"152\" height=\"220\" \/><\/a><br \/>\nLa classe de 3<sup>\u00e8me<\/sup>\u00a0: une classe charni\u00e8re.<\/span><\/span><\/strong><\/p>\n<p style=\"text-align: justify\"><span style=\"font-family: comic sans ms,sans-serif;color: #0000ff\">La classe de 3\u00e8me est importante car les choix effectu\u00e9s par les \u00e9l\u00e8ves les engagent pour les ann\u00e9es \u00e0 venir.<\/span><br \/>\n<span style=\"font-family: comic sans ms,sans-serif;color: #0000ff\">L&#8217;Onisep a \u00e9dit\u00e9 un guide &#8220;Apr\u00e8s la 3e&#8221; \u00e0 feuilleter ou \u00e0 t\u00e9l\u00e9charger pour vous aider dans vos choix d&#8217;orientation. Un calendrier d&#8217;orientation vous permettra de rep\u00e9rer chaque \u00e9tape indispensable.\u00a0 les fili\u00e8res de l&#8217;enseignement g\u00e9n\u00e9ral (ES, L et S), de l\u2019enseignement technologique (STMG, ST2S, STI2D, STD2A, STL, STAV,STRH,\u00a0TMD) et ainsi que les fili\u00e8res de l&#8217;enseignement professionnel (LP et CFA) vous sont pr\u00e9sent\u00e9es de mani\u00e8re d\u00e9taill\u00e9e.<\/span><br \/>\n<span style=\"font-family: comic sans ms,sans-serif;color: #0000ff\">Le calendrier de l&#8217;orientation doit \u00eatre suivi de pr\u00e8s, la classe de 3\u00e8me \u00e9tant une \u00e9tape-cl\u00e9 dans la scolarit\u00e9 des \u00e9l\u00e8ves confront\u00e9s \u00e0 un choix d&#8217;orientation. <\/span><br \/>\n<span style=\"font-family: comic sans ms,sans-serif;color: #0000ff\">Vers quelle voie se diriger\u00a0: la voie g\u00e9n\u00e9rale et\/ou technologique ou la voie professionnelle ? <\/span><\/p>\n<p style=\"text-align: justify\"><span style=\"font-family: comic sans ms,sans-serif;color: #0000ff\">&#8211; <strong><span style=\"text-decoration: underline\">de Janvier \u00e0 d\u00e9but Mars<\/span><\/strong> : Suite \u00e0 une semaine de stage en entreprise et apr\u00e8s le forum des m\u00e9tiers et de l&#8217;orientation du Coll\u00e8ge du VAUCLIN, les \u00e9l\u00e8ves indiquent dans quelle voie ils souhaitent poursuivre leurs \u00e9tudes, ils sont accompagn\u00e9s dans leur choix d&#8217;\u00e9tudes ou leur projet professionnel par leur professeur principal et le Psychologue de l&#8217;\u00e9ducation nationale du Coll\u00e8ge (Psy-En) pour compl\u00e9ter leur dossier d\u2019orientation et d&#8217;affectation. <\/span><br \/>\n<span style=\"font-family: comic sans ms,sans-serif;color: #0000ff\">&#8211; <strong><span style=\"text-decoration: underline\">\u00e0 mi-Mars<\/span><\/strong> : Le Conseil de classe valide ou non les v\u0153ux des \u00e9l\u00e8ves quant \u00e0 leur orientation. Les parents pourront, \u00a0\u00e0 ce moment l\u00e0, dialoguer avec le professeur principal, le Psychologue de l&#8217;\u00e9ducation nationale ou le Chef d\u2019\u00e9tablissement. <\/span><br \/>\n<span style=\"font-family: comic sans ms,sans-serif;color: #0000ff\">&#8211; <span style=\"color: #999999\"><strong><span style=\"text-decoration: underline\">d&#8217;Avril \u00e0 Mai<\/span><\/strong><\/span> : Un entretien avec les parents et l\u2019\u00e9l\u00e8ve est planifi\u00e9 de mani\u00e8re \u00e0 concr\u00e9tiser le choix d&#8217;orientation et d\u00e9finir les v\u0153ux de l\u2019\u00e9l\u00e8ve. Ils devront compl\u00e9ter \u00e0 nouveau leur dossier d\u2019orientation pour indiquer les \u00e9tablissements souhait\u00e9s et les formations sp\u00e9cifiques demand\u00e9es.<\/span><br \/>\n<span style=\"font-family: comic sans ms,sans-serif;color: #0000ff\">&#8211; <span style=\"color: #808080\"><strong><span style=\"text-decoration: underline\"><span style=\"text-decoration: underline\">D\u00e9but Juin<\/span><\/span><\/strong><\/span> : Le Conseil de classe prononce sa d\u00e9cision d&#8217;orientation. Si la famille est en d\u00e9saccord, elle peut faire appel dans les 03 jours ouvrables qui suivent la d\u00e9cision d&#8217;orientation. <\/span><br \/>\n<span style=\"font-family: comic sans ms,sans-serif;color: #0000ff\">&#8211; <strong><span style=\"text-decoration: underline\"><span style=\"text-decoration: underline\">D\u00e9but Juillet<\/span><\/span><\/strong> : Les \u00e9l\u00e8ves recevront leur notification d&#8217;affectation et devront imp\u00e9rativement \u00a0se pr\u00e9senter dans l&#8217;\u00e9tablissement indiqu\u00e9 afin de s&#8217;y inscrire pour r\u00e9server leur place et donner leurs enseignements d\u2019exploration.<\/span><br \/>\n<span style=\"font-family: 'comic sans ms', sans-serif\">\u00a0 \u00a0 \u00a0 \u00a0 \u00a0 \u00a0 \u00a0 \u00a0<a href=\"\/clg-vauclin\/wp-content\/uploads\/sites\/69\/2012\/07\/brochure-guide-apres-la-troisieme.pdf\">N&#8217;h\u00e9sitez pas \u00e0 consulter la brochure guide ONISEP apr\u00e8s la troisieme<\/a>.<\/span><\/p>\n<p>\u00a0<strong><span style=\"font-family: comic sans ms,sans-serif\">Le dossier d&#8217;orientation.<\/span><\/strong><\/p>\n<p><a href=\"\/clg-vauclin\/wp-content\/uploads\/sites\/69\/2012\/07\/P1-41.jpeg\"><img loading=\"lazy\" decoding=\"async\" class=\"alignleft size-medium wp-image-3947\" src=\"\/clg-vauclin\/wp-content\/uploads\/sites\/69\/2012\/07\/P1-41-218x300.jpg\" alt=\"\" width=\"218\" height=\"300\" srcset=\"https:\/\/site.ac-martinique.fr\/clg-vauclin\/wp-content\/uploads\/sites\/69\/2012\/07\/P1-41-218x300.jpg 218w, https:\/\/site.ac-martinique.fr\/clg-vauclin\/wp-content\/uploads\/sites\/69\/2012\/07\/P1-41-744x1024.jpg 744w, https:\/\/site.ac-martinique.fr\/clg-vauclin\/wp-content\/uploads\/sites\/69\/2012\/07\/P1-41.jpeg 1700w\" sizes=\"auto, (max-width: 218px) 100vw, 218px\" \/><\/a><\/p>\n<p><span style=\"font-family: comic sans ms,sans-serif;color: #0000ff\">Page 1\/4 &#8211; la 1\u00e8re \u00e9tape (fin du 2\u00e8me trimestre), l&#8217;orientation provisoire, consiste \u00e0 compl\u00e9ter la page 1\/4 par l&#8217;\u00e9l\u00e8ve qui indique son orientation\u00a0et que signent\u00a0les parents. Le dossier est remis au professeur principal\u00a0et suite \u00e0 la d\u00e9cision du conseil de classe, favorable ou non, les parents devront signer \u00e0 nouveau au bas de la page.\u00a0<\/span><\/p>\n<p>&nbsp;<\/p>\n<p style=\"text-align: justify\"><span style=\"font-family: comic sans ms,sans-serif;color: #0000ff\"><a href=\"\/clg-vauclin\/wp-content\/uploads\/sites\/69\/2012\/07\/P2-4.jpeg\"><img loading=\"lazy\" decoding=\"async\" class=\"alignleft size-medium wp-image-3948\" src=\"\/clg-vauclin\/wp-content\/uploads\/sites\/69\/2012\/07\/P2-4-218x300.jpg\" alt=\"\" width=\"218\" height=\"300\" srcset=\"https:\/\/site.ac-martinique.fr\/clg-vauclin\/wp-content\/uploads\/sites\/69\/2012\/07\/P2-4-218x300.jpg 218w, https:\/\/site.ac-martinique.fr\/clg-vauclin\/wp-content\/uploads\/sites\/69\/2012\/07\/P2-4-744x1024.jpg 744w, https:\/\/site.ac-martinique.fr\/clg-vauclin\/wp-content\/uploads\/sites\/69\/2012\/07\/P2-4.jpeg 1700w\" sizes=\"auto, (max-width: 218px) 100vw, 218px\" \/><\/a>Page 2\/4 &#8211; la 2\u00e8me \u00e9tape (au 3\u00e8me trimestre), l&#8217;orientation d\u00e9finitive, consiste \u00e0 compl\u00e9ter\u00a0cette page 2\/4 par l&#8217;\u00e9l\u00e8ve qui aura\u00a0confirm\u00e9 son orientation, les parents devront signer \u00e0 nouveau au bas de la page en indiquant leur acceptation ou non de la proposition du conseil de classe.<\/span><\/p>\n<p>&nbsp;<\/p>\n<p><span style=\"font-family: comic sans ms,sans-serif;color: #0000ff\"><a href=\"\/clg-vauclin\/wp-content\/uploads\/sites\/69\/2012\/07\/P4-4.jpeg\"><img loading=\"lazy\" decoding=\"async\" class=\"alignleft size-medium wp-image-3949\" src=\"\/clg-vauclin\/wp-content\/uploads\/sites\/69\/2012\/07\/P4-4-218x300.jpg\" alt=\"\" width=\"218\" height=\"300\" srcset=\"https:\/\/site.ac-martinique.fr\/clg-vauclin\/wp-content\/uploads\/sites\/69\/2012\/07\/P4-4-218x300.jpg 218w, https:\/\/site.ac-martinique.fr\/clg-vauclin\/wp-content\/uploads\/sites\/69\/2012\/07\/P4-4-744x1024.jpg 744w, https:\/\/site.ac-martinique.fr\/clg-vauclin\/wp-content\/uploads\/sites\/69\/2012\/07\/P4-4.jpeg 1700w\" sizes=\"auto, (max-width: 218px) 100vw, 218px\" \/><\/a>Page 4\/4 &#8211; toujours \u00e0 la 2\u00e8me \u00e9tape (au 3\u00e8me trimestre) l&#8217;\u00e9l\u00e8ve confirme ses v\u0153ux d&#8217;affectation, les parents signent encore une fois le dossier qui sera remis \u00e0 nouveau au professeur principal.<\/span><\/p>\n<p>&nbsp;<\/p>\n<p>&nbsp;<\/p>\n<p>&nbsp;<\/p>\n<p>&nbsp;<\/p>\n<p>&nbsp;<\/p>\n<p><span style=\"color: #ff0000;font-family: comic sans ms,sans-serif\">Pour la voix professionnelle, si vous \u00eates allergique, faites attention au choix de vos voeux<\/span><span style=\"font-family: comic sans ms,sans-serif;color: #ff0000\">&#8230; un avis m\u00e9dical est donn\u00e9 par le m\u00e9decin du coll\u00e8ge.<\/span><\/p>\n<p>&nbsp;<\/p>\n<p><strong><img loading=\"lazy\" decoding=\"async\" class=\"alignleft wp-image-2057\" src=\"\/clg-vauclin\/wp-content\/uploads\/sites\/69\/2012\/07\/onisep_metiers-e05f5.jpg\" alt=\"\" width=\"261\" height=\"151\" \/><span style=\"font-family: comic sans ms,sans-serif;font-size: large\">Les m\u00e9tiers et les formations.<\/span><\/strong><\/p>\n<p><span style=\"font-family: arial,helvetica,sans-serif\"><a href=\"http:\/\/www.onisep.fr\/Mes-infos-regionales\/Martinique\">http:\/\/www.onisep.fr\/Mes-infos-regionales\/Martinique<\/a><\/span><\/p>\n<p style=\"text-align: justify\"><span style=\"font-family: comic sans ms,sans-serif;color: #0000ff\">Ce site vous donne de l&#8217;information nationale et r\u00e9gionale sur toutes les formations et les diff\u00e9rents m\u00e9tiers.<br \/>\nIl vous aide \u00e9galement \u00e0 :<br \/>\n&#8211; Choisir ses \u00e9tudes apr\u00e8s le coll\u00e8ge, apr\u00e8s le lyc\u00e9e, apr\u00e8s le bac. Un\u00a0espace\u00a0est r\u00e9serv\u00e9 aux\u00a0parents.<br \/>\n&#8211; D\u00e9couvrir les m\u00e9tiers selon les diff\u00e9rents secteurs professionnels, selon ses go\u00fbts et les premiers pas vers l&#8217;emploi.<br \/>\n&#8211; Connaitre la scolarit\u00e9 et le handicap, les parcours de scolarit\u00e9, les d\u00e9marches vers l&#8217;emploi. L&#8217;ONISEP vous propose aussi un espace p\u00e9dagogique (Coll\u00e8ge, LEGT, LP, CFA) mais aussi des informations sur les diff\u00e9rentes aides \u00e0 la scolarit\u00e9 (bourses, allocations, etc.\u2026), des guides de l&#8217;orientation, etc.<\/span><\/p>\n<p style=\"text-align: left\" align=\"center\"><strong><img loading=\"lazy\" decoding=\"async\" class=\"alignleft size-thumbnail wp-image-2097\" src=\"\/clg-vauclin\/wp-content\/uploads\/sites\/69\/2012\/07\/quiz_metiers-150x150.jpg\" alt=\"\" width=\"150\" height=\"150\" \/><\/strong><\/p>\n<p style=\"text-align: left\" align=\"center\"><span style=\"color: #993366;font-family: comic sans ms,sans-serif\"><a href=\"http:\/\/www.onisep.fr\/quiz\/metiers.html\" target=\"_blank\"><span style=\"color: #993366\"><strong>Quiz m\u00e9tiers<\/strong><\/span><\/a><\/span><\/p>\n<p style=\"text-align: left\" align=\"center\"><span style=\"font-family: comic sans ms,sans-serif;color: #0000ff\">D\u00e9couvrez des m\u00e9tiers selon vos go\u00fbts :\u00a0<\/span><strong><br \/>\n<\/strong><span style=\"font-family: comic sans ms,sans-serif;color: #0000ff\">&#8211; j&#8217;aime la nature.<\/span><br \/>\n<span style=\"font-family: comic sans ms,sans-serif;color: #0000ff\">&#8211; le sport est ma passion.<\/span><br \/>\n<span style=\"font-family: comic sans ms,sans-serif\"><span style=\"color: #0000ff\">&#8211; je suis branch\u00e9 high-tech<\/span>.<\/span><\/p>\n<p style=\"text-align: left\" align=\"center\"><strong><strong><img loading=\"lazy\" decoding=\"async\" class=\"alignleft size-thumbnail wp-image-2101\" src=\"\/clg-vauclin\/wp-content\/uploads\/sites\/69\/2012\/07\/education.gouv_.fr_-150x150.jpg\" alt=\"\" width=\"150\" height=\"150\" \/><span style=\"color: #000000;font-family: comic sans ms,sans-serif;font-size: large\">Tout savoir sur l&#8217;orientation.\u00a0\u00a0 \u00a0\u00a0\u00a0\u00a0\u00a0\u00a0\u00a0\u00a0\u00a0\u00a0\u00a0\u00a0\u00a0\u00a0\u00a0\u00a0\u00a0\u00a0\u00a0\u00a0 <\/span><\/strong><\/strong><\/p>\n<p><span style=\"font-family: arial,helvetica,sans-serif\"><a href=\"http:\/\/www.education.gouv.fr\/pid40\/orientation.html\">www.education.gouv.fr <\/a><\/span><\/p>\n<p><span style=\"color: #0000ff;font-family: comic sans ms,sans-serif\">Une orientation r\u00e9ussie\u00a0: c&#8217;est entrer dans le monde professionnel dans les meilleures conditions et c&#8217;est aussi apprendre \u00e0 s&#8217;orienter tout au long de la vie.<strong><br \/>\n<\/strong><strong><br \/>\n<\/strong><span style=\"text-decoration: underline\">Les grandes \u00e9tapes de l&#8217;orientation<\/span>\u00a0: <\/span><\/p>\n<p><span style=\"color: #0000ff;font-family: comic sans ms,sans-serif\">Que faire apr\u00e8s la troisi\u00e8me ?<br \/>\nQue faire apr\u00e8s la seconde ?<br \/>\nQue faire apr\u00e8s le baccalaur\u00e9at ?<br \/>\nQue faire apr\u00e8s un B.E.P., un C.A.P. ?<\/span><\/p>\n<p style=\"text-align: left\" align=\"center\">\u00a0<span style=\"color: #0000ff;font-family: comic sans ms,sans-serif\"><span style=\"text-decoration: underline\">Le calendrier de l&#8217;orientation<\/span>\u00a0: En troisi\u00e8me, seconde et terminale.<br \/>\n<\/span><\/p>\n<p><span style=\"color: #0000ff;font-family: comic sans ms,sans-serif\"><span style=\"text-decoration: underline\">D\u00e9couverte des m\u00e9tiers et des formations<\/span>\u00a0: Les parcours et les ressources du web (explorations, jeux, fiches m\u00e9tiers et t\u00e9moignages professionnels).<\/span><\/p>\n<p><span style=\"color: #0000ff;font-family: comic sans ms,sans-serif\"><span style=\"text-decoration: underline\">Les politiques de l&#8217;orientation<\/span>\u00a0:<\/span><\/p>\n<p style=\"text-align: left\" align=\"center\"><span style=\"color: #0000ff;font-family: comic sans ms,sans-serif\">Apprendre \u00e0 s&#8217;orienter tout au long de la vie.<br \/>\nD\u00e9l\u00e9gu\u00e9 interminist\u00e9riel \u00e0 l&#8217;orientation.<br \/>\nL&#8217;orientation dans l&#8217;espace europ\u00e9en.<\/span><\/p>\n<p style=\"text-align: left\" align=\"center\"><strong><strong><img loading=\"lazy\" decoding=\"async\" class=\"alignleft size-thumbnail wp-image-2110\" src=\"\/clg-vauclin\/wp-content\/uploads\/sites\/69\/2012\/07\/geolocalisation-150x150.jpg\" alt=\"\" width=\"150\" height=\"150\" \/><\/strong><span style=\"font-family: comic sans ms,sans-serif;font-size: large\">La recherche g\u00e9olocalis\u00e9e.<\/span><\/strong><\/p>\n<p style=\"text-align: left\" align=\"center\"><span style=\"font-family: arial,helvetica,sans-serif\"><a href=\"http:\/\/geolocalisation.onisep.fr\/\" target=\"_blank\">Cartographie de l&#8217;Onisep<\/a><\/span><\/p>\n<p style=\"text-align: left\" align=\"center\"><span style=\"color: #0000ff;font-family: comic sans ms,sans-serif\">O\u00f9 se former, o\u00f9 s&#8217;informer ?<\/span><br \/>\n<span style=\"color: #0000ff;font-family: comic sans ms,sans-serif\">Saisissez un mot cl\u00e9 (type d&#8217;\u00e9tablissement, dipl\u00f4me, option, domaine de formation) et une localisation (n\u00b0 de d\u00e9partement, code postal ou ville) et affichez vos r\u00e9sultats.<\/span><\/p>\n<p style=\"text-align: left\" align=\"center\"><span style=\"color: #0000ff;font-family: comic sans ms,sans-serif\"><strong><strong><img loading=\"lazy\" decoding=\"async\" class=\"alignleft size-thumbnail wp-image-2112\" src=\"\/clg-vauclin\/wp-content\/uploads\/sites\/69\/2012\/07\/pariciles-jeunes-150x150.jpg\" alt=\"\" width=\"150\" height=\"150\" \/><\/strong><\/strong><\/span><span style=\"font-size: large\"><strong><span style=\"font-family: comic sans ms,sans-serif;color: #000000\">Le monde de l\u2019artisanat expos\u00e9 aux jeunes.<\/span><\/strong><\/span><span style=\"color: #0000ff\">\u00a0 <\/span><\/p>\n<p style=\"text-align: left\" align=\"center\"><span style=\"color: #0000ff;font-family: arial,helvetica,sans-serif\"><a href=\"http:\/\/www.paricilesjeunes.fr\">www.paricilesjeunes.fr <\/a><\/span><\/p>\n<p style=\"text-align: left\" align=\"center\"><span style=\"color: #0000ff;font-family: comic sans ms,sans-serif\">Un site ludique qui pr\u00e9sente tous les m\u00e9tiers de l\u2019artisanat au travers de fiches descriptives compl\u00e8tes, de vid\u00e9os sur plus de 100 m\u00e9tiers&#8230;<br \/>\nSix th\u00e8mes sont pr\u00e9sent\u00e9s : M\u00e9canique et transports \/ Images, mode et beaut\u00e9 \/ Gourmandises et arts de la table \/ Musique et son \/ Maison et d\u00e9co \/ Sports et Nature.<strong><br \/>\n<\/strong><\/span><\/p>\n","protected":false},"excerpt":{"rendered":"<p>La classe de 3\u00e8me\u00a0: une classe charni\u00e8re. La classe de 3\u00e8me est importante car les choix effectu\u00e9s par les \u00e9l\u00e8ves les engagent pour les ann\u00e9es \u00e0 venir. L&#8217;Onisep a \u00e9dit\u00e9 un guide &#8220;Apr\u00e8s la 3e&#8221; \u00e0 feuilleter ou \u00e0 t\u00e9l\u00e9charger pour vous aider dans vos choix d&#8217;orientation. Un calendrier d&#8217;orientation vous permettra de rep\u00e9rer chaque [&hellip;]<\/p>\n","protected":false},"author":192,"featured_media":0,"parent":236,"menu_order":2,"comment_status":"closed","ping_status":"closed","template":"","meta":{"footnotes":""},"class_list":["post-880","page","type-page","status-publish","hentry"],"_links":{"self":[{"href":"https:\/\/site.ac-martinique.fr\/clg-vauclin\/index.php?rest_route=\/wp\/v2\/pages\/880","targetHints":{"allow":["GET"]}}],"collection":[{"href":"https:\/\/site.ac-martinique.fr\/clg-vauclin\/index.php?rest_route=\/wp\/v2\/pages"}],"about":[{"href":"https:\/\/site.ac-martinique.fr\/clg-vauclin\/index.php?rest_route=\/wp\/v2\/types\/page"}],"author":[{"embeddable":true,"href":"https:\/\/site.ac-martinique.fr\/clg-vauclin\/index.php?rest_route=\/wp\/v2\/users\/192"}],"replies":[{"embeddable":true,"href":"https:\/\/site.ac-martinique.fr\/clg-vauclin\/index.php?rest_route=%2Fwp%2Fv2%2Fcomments&post=880"}],"version-history":[{"count":77,"href":"https:\/\/site.ac-martinique.fr\/clg-vauclin\/index.php?rest_route=\/wp\/v2\/pages\/880\/revisions"}],"predecessor-version":[{"id":5105,"href":"https:\/\/site.ac-martinique.fr\/clg-vauclin\/index.php?rest_route=\/wp\/v2\/pages\/880\/revisions\/5105"}],"up":[{"embeddable":true,"href":"https:\/\/site.ac-martinique.fr\/clg-vauclin\/index.php?rest_route=\/wp\/v2\/pages\/236"}],"wp:attachment":[{"href":"https:\/\/site.ac-martinique.fr\/clg-vauclin\/index.php?rest_route=%2Fwp%2Fv2%2Fmedia&parent=880"}],"curies":[{"name":"wp","href":"https:\/\/api.w.org\/{rel}","templated":true}]}}