{"id":2884,"date":"2025-02-04T14:42:58","date_gmt":"2025-02-04T18:42:58","guid":{"rendered":"https:\/\/site.ac-martinique.fr\/clg-vincentplacoly\/?page_id=2884"},"modified":"2025-02-04T14:53:28","modified_gmt":"2025-02-04T18:53:28","slug":"journee-portes-ouvertes-au-lycee-de-schoelcher","status":"publish","type":"page","link":"https:\/\/site.ac-martinique.fr\/clg-vincentplacoly\/?page_id=2884","title":{"rendered":"Journ\u00e9e portes ouvertes au lyc\u00e9e de schoelcher."},"content":{"rendered":"\n<p>Parents et Venez d\u00e9couvrir le lyc\u00e9e de schoelcher, le samedi 15 F\u00e9vrier 2025 de 8h00 \u00e0 12h00.<\/p>\n\n\n\n<figure class=\"wp-block-image size-large\"><a href=\"https:\/\/site.ac-martinique.fr\/clg-vincentplacoly\/wp-content\/uploads\/sites\/79\/2025\/02\/AFFICHE-JPO-ORIGINALE-2025.jpg\"><img loading=\"lazy\" decoding=\"async\" width=\"730\" height=\"1024\" src=\"https:\/\/site.ac-martinique.fr\/clg-vincentplacoly\/wp-content\/uploads\/sites\/79\/2025\/02\/AFFICHE-JPO-ORIGINALE-2025-730x1024.jpg\" alt=\"\" class=\"wp-image-2885\" srcset=\"https:\/\/site.ac-martinique.fr\/clg-vincentplacoly\/wp-content\/uploads\/sites\/79\/2025\/02\/AFFICHE-JPO-ORIGINALE-2025-730x1024.jpg 730w, https:\/\/site.ac-martinique.fr\/clg-vincentplacoly\/wp-content\/uploads\/sites\/79\/2025\/02\/AFFICHE-JPO-ORIGINALE-2025-214x300.jpg 214w, https:\/\/site.ac-martinique.fr\/clg-vincentplacoly\/wp-content\/uploads\/sites\/79\/2025\/02\/AFFICHE-JPO-ORIGINALE-2025-768x1078.jpg 768w, https:\/\/site.ac-martinique.fr\/clg-vincentplacoly\/wp-content\/uploads\/sites\/79\/2025\/02\/AFFICHE-JPO-ORIGINALE-2025.jpg 912w\" sizes=\"auto, (max-width: 730px) 100vw, 730px\" \/><\/a><\/figure>\n","protected":false},"excerpt":{"rendered":"<p>Parents et Venez d\u00e9couvrir le lyc\u00e9e de schoelcher, le samedi 15 F\u00e9vrier 2025 de 8h00 \u00e0 12h00.<\/p>\n","protected":false},"author":552,"featured_media":2885,"parent":158,"menu_order":0,"comment_status":"closed","ping_status":"closed","template":"","meta":{"footnotes":""},"class_list":["post-2884","page","type-page","status-publish","has-post-thumbnail","hentry"],"_links":{"self":[{"href":"https:\/\/site.ac-martinique.fr\/clg-vincentplacoly\/index.php?rest_route=\/wp\/v2\/pages\/2884","targetHints":{"allow":["GET"]}}],"collection":[{"href":"https:\/\/site.ac-martinique.fr\/clg-vincentplacoly\/index.php?rest_route=\/wp\/v2\/pages"}],"about":[{"href":"https:\/\/site.ac-martinique.fr\/clg-vincentplacoly\/index.php?rest_route=\/wp\/v2\/types\/page"}],"author":[{"embeddable":true,"href":"https:\/\/site.ac-martinique.fr\/clg-vincentplacoly\/index.php?rest_route=\/wp\/v2\/users\/552"}],"replies":[{"embeddable":true,"href":"https:\/\/site.ac-martinique.fr\/clg-vincentplacoly\/index.php?rest_route=%2Fwp%2Fv2%2Fcomments&post=2884"}],"version-history":[{"count":1,"href":"https:\/\/site.ac-martinique.fr\/clg-vincentplacoly\/index.php?rest_route=\/wp\/v2\/pages\/2884\/revisions"}],"predecessor-version":[{"id":2887,"href":"https:\/\/site.ac-martinique.fr\/clg-vincentplacoly\/index.php?rest_route=\/wp\/v2\/pages\/2884\/revisions\/2887"}],"up":[{"embeddable":true,"href":"https:\/\/site.ac-martinique.fr\/clg-vincentplacoly\/index.php?rest_route=\/wp\/v2\/pages\/158"}],"wp:featuredmedia":[{"embeddable":true,"href":"https:\/\/site.ac-martinique.fr\/clg-vincentplacoly\/index.php?rest_route=\/wp\/v2\/media\/2885"}],"wp:attachment":[{"href":"https:\/\/site.ac-martinique.fr\/clg-vincentplacoly\/index.php?rest_route=%2Fwp%2Fv2%2Fmedia&parent=2884"}],"curies":[{"name":"wp","href":"https:\/\/api.w.org\/{rel}","templated":true}]}}