{"id":3224,"date":"2025-06-20T08:22:48","date_gmt":"2025-06-20T12:22:48","guid":{"rendered":"https:\/\/site.ac-martinique.fr\/clg-vincentplacoly\/?page_id=3224"},"modified":"2025-06-20T08:33:10","modified_gmt":"2025-06-20T12:33:10","slug":"travailler-le-francais-sur-internet","status":"publish","type":"page","link":"https:\/\/site.ac-martinique.fr\/clg-vincentplacoly\/?page_id=3224","title":{"rendered":"Travailler le fran\u00e7ais sur internet."},"content":{"rendered":"\n<div class=\"wp-block-group alignwide tw-stretched-link is-vertical is-layout-flex wp-container-core-group-is-layout-fe9cc265 wp-block-group-is-layout-flex tw-block-animation tw-animation-fade-in-up\">\n<p><strong>Pour des le\u00e7ons<\/strong><\/p>\n\n\n\n<p>Un mur d\u00e9di\u00e9 au fran\u00e7ais, niveau coll\u00e8ge<\/p>\n\n\n\n<p><a href=\"https:\/\/digipad.app\/p\/609432\/16551438890b6\">https:\/\/digipad.app\/p\/609432\/16551438890b6<\/a><\/p>\n<\/div>\n\n\n\n<div class=\"wp-block-group alignwide tw-stretched-link is-vertical is-layout-flex wp-container-core-group-is-layout-fe9cc265 wp-block-group-is-layout-flex tw-block-animation tw-animation-fade-in-up\">\n<p>Une page avec des le\u00e7ons audio<\/p>\n\n\n\n<p><a href=\"https:\/\/espacelangues.emdl.fr\/podcast-lecons-de-langue-larchipel-litteraire-6e-\">https:\/\/espacelangues.emdl.fr\/podcast-lecons-de-langue-larchipel-litteraire-6e-<\/a><\/p>\n<\/div>\n\n\n\n<p><\/p>\n\n\n\n<p><\/p>\n\n\n\n<p><\/p>\n\n\n\n<p><\/p>\n\n\n\n<div class=\"wp-block-group alignfull is-vertical is-layout-flex wp-container-core-group-is-layout-fe9cc265 wp-block-group-is-layout-flex tw-block-animation tw-animation-scale-in\">\n<p><strong>Pour des exercices, si je suis en CM2 et que j\u2019entre au coll\u00e8ge \u00e0 la rentr\u00e9e<\/strong><\/p>\n\n\n\n<p><a href=\"https:\/\/www.lumni.fr\/primaire\/cm2\">https:\/\/www.lumni.fr\/primaire\/cm2<\/a><\/p>\n\n\n\n<p><a href=\"https:\/\/www.maprimaire.fr\/niveau_cm2.php\">https:\/\/www.maprimaire.fr\/niveau_cm2.php<\/a><\/p>\n\n\n\n<p><a href=\"https:\/\/www.ortholud.com\/cm2.html\">https:\/\/www.ortholud.com\/cm2.html<\/a><\/p>\n<\/div>\n\n\n\n<p><\/p>\n\n\n\n<p><\/p>\n\n\n\n<div class=\"wp-block-group is-vertical is-layout-flex wp-container-core-group-is-layout-fe9cc265 wp-block-group-is-layout-flex tw-block-animation tw-animation-fade-in\">\n<p><strong>Pour des exercices, si je suis d\u00e9j\u00e0 au coll\u00e8ge<\/strong><\/p>\n\n\n\n<p><a href=\"https:\/\/www.lumni.fr\/article\/la-maison-lumni-le-programme-pour-les-collegiens\">https:\/\/www.lumni.fr\/article\/la-maison-lumni-le-programme-pour-les-collegiens<\/a><\/p>\n\n\n\n<p><a href=\"https:\/\/www.afterclasse.fr\">https:\/\/www.afterclasse.fr<\/a><\/p>\n\n\n\n<p><a href=\"https:\/\/www.lecturel.com\/dictee\">https:\/\/www.lecturel.com\/dictee<\/a><\/p>\n\n\n\n<p><a href=\"https:\/\/www.ortholud.com\/6eme.html\">https:\/\/www.ortholud.com\/6eme.html<\/a><\/p>\n\n\n\n<p><a href=\"https:\/\/www.ortholud.com\/5eme.html\">https:\/\/www.ortholud.com\/5eme.html<\/a><\/p>\n\n\n\n<p><a href=\"https:\/\/www.ortholud.com\/4eme.html\">https:\/\/www.ortholud.com\/4eme.html<\/a><\/p>\n\n\n\n<p><a href=\"https:\/\/www.ortholud.com\/3eme.html\"><\/a><a href=\"https:\/\/www.ortholud.com\/3eme.html\"><\/a><a href=\"https:\/\/www.ortholud.com\/3eme.html\">https:\/\/www.ortholud.com\/3eme.html<\/a><\/p>\n<\/div>\n\n\n\n<p><\/p>\n","protected":false},"excerpt":{"rendered":"<p>Pour des le\u00e7ons Un mur d\u00e9di\u00e9 au fran\u00e7ais, niveau coll\u00e8ge https:\/\/digipad.app\/p\/609432\/16551438890b6 Une page avec des le\u00e7ons audio https:\/\/espacelangues.emdl.fr\/podcast-lecons-de-langue-larchipel-litteraire-6e- Pour des exercices, si je suis en CM2 et que j\u2019entre au coll\u00e8ge \u00e0 la rentr\u00e9e https:\/\/www.lumni.fr\/primaire\/cm2 https:\/\/www.maprimaire.fr\/niveau_cm2.php https:\/\/www.ortholud.com\/cm2.html Pour des exercices, si je suis d\u00e9j\u00e0 au coll\u00e8ge https:\/\/www.lumni.fr\/article\/la-maison-lumni-le-programme-pour-les-collegiens https:\/\/www.afterclasse.fr https:\/\/www.lecturel.com\/dictee https:\/\/www.ortholud.com\/6eme.html https:\/\/www.ortholud.com\/5eme.html https:\/\/www.ortholud.com\/4eme.html https:\/\/www.ortholud.com\/3eme.html<\/p>\n","protected":false},"author":552,"featured_media":0,"parent":0,"menu_order":0,"comment_status":"closed","ping_status":"closed","template":"","meta":{"footnotes":""},"class_list":["post-3224","page","type-page","status-publish","hentry"],"_links":{"self":[{"href":"https:\/\/site.ac-martinique.fr\/clg-vincentplacoly\/index.php?rest_route=\/wp\/v2\/pages\/3224","targetHints":{"allow":["GET"]}}],"collection":[{"href":"https:\/\/site.ac-martinique.fr\/clg-vincentplacoly\/index.php?rest_route=\/wp\/v2\/pages"}],"about":[{"href":"https:\/\/site.ac-martinique.fr\/clg-vincentplacoly\/index.php?rest_route=\/wp\/v2\/types\/page"}],"author":[{"embeddable":true,"href":"https:\/\/site.ac-martinique.fr\/clg-vincentplacoly\/index.php?rest_route=\/wp\/v2\/users\/552"}],"replies":[{"embeddable":true,"href":"https:\/\/site.ac-martinique.fr\/clg-vincentplacoly\/index.php?rest_route=%2Fwp%2Fv2%2Fcomments&post=3224"}],"version-history":[{"count":8,"href":"https:\/\/site.ac-martinique.fr\/clg-vincentplacoly\/index.php?rest_route=\/wp\/v2\/pages\/3224\/revisions"}],"predecessor-version":[{"id":3238,"href":"https:\/\/site.ac-martinique.fr\/clg-vincentplacoly\/index.php?rest_route=\/wp\/v2\/pages\/3224\/revisions\/3238"}],"wp:attachment":[{"href":"https:\/\/site.ac-martinique.fr\/clg-vincentplacoly\/index.php?rest_route=%2Fwp%2Fv2%2Fmedia&parent=3224"}],"curies":[{"name":"wp","href":"https:\/\/api.w.org\/{rel}","templated":true}]}}