{"id":1172,"date":"2012-10-07T14:53:53","date_gmt":"2012-10-07T18:53:53","guid":{"rendered":"https:\/\/site.ac-martinique.fr\/economie-gestion\/?page_id=1172"},"modified":"2013-02-08T09:36:40","modified_gmt":"2013-02-08T13:36:40","slug":"presentation-des-dcg-dscg","status":"publish","type":"page","link":"https:\/\/site.ac-martinique.fr\/economie-gestion\/?page_id=1172","title":{"rendered":"Pr\u00e9sentation des DCG \/DSCG"},"content":{"rendered":"<table border=\"0\" cellspacing=\"1\" cellpadding=\"1\" align=\"right\">\n<tbody>\n<tr>\n<td style=\"background-color: #f9f5b5\" colspan=\"8\"><span style=\"color: #000000\"><a href=\"#formation\">La formation<\/a><\/span><br \/>\n<span style=\"color: #000000\"> <a href=\"#recrutement\">Recrutement, publics concern\u00e9s<\/a><\/span><br \/>\n<span style=\"color: #000000\"> <a href=\"#debouches\">D\u00e9bouch\u00e9s<\/a><\/span><br \/>\n<span style=\"color: #000000\"> <a href=\"#stages\">Stages en entreprises<\/a><\/span><br \/>\n<span style=\"color: #000000\"> <a href=\"#lieux\">Lieux de formation<\/a><\/span><br \/>\n<span style=\"color: #000000\"> <a href=\"#plus\">En savoir plus<\/a><\/span><\/td>\n<\/tr>\n<tr>\n<td style=\"background-color: #7c7a85\" colspan=\"8\"><span style=\"color: #ffffff\"><a name=\"formation\"><\/a>La formation<\/span><\/td>\n<\/tr>\n<tr>\n<td style=\"background-color: #6cd9d5\" colspan=\"1\"><span style=\"color: #000000\">Dur\u00e9e :<\/span><\/td>\n<td style=\"background-color: #f9f5b5\" colspan=\"7\"><span style=\"color: #000000\">3 ans<\/span><\/td>\n<\/tr>\n<tr>\n<td style=\"background-color: #6cd9d5\" colspan=\"8\"><span style=\"color: #000000\">Contenus :<\/span><\/td>\n<\/tr>\n<tr>\n<td style=\"background-color: #f9f5b5\" colspan=\"8\"><span style=\"font-size: medium\"><span style=\"font-size: medium\">Les examens comptables de l&rsquo;\u00c9tat sont organis\u00e9s en trois niveaux :<br \/>\n<\/span><\/span><\/p>\n<ol>\n<li><span style=\"font-size: medium\"><span style=\"font-size: medium\"> Dipl\u00f4me de comptabilit\u00e9 et gestion (DCG), qui conf\u00e8re le grade de licence\u00a0 ;<\/span><\/span><\/li>\n<li><span style=\"font-size: medium\"><span style=\"font-size: medium\">Dipl\u00f4me sup\u00e9rieur de comptabilit\u00e9 et gestion (DSCG), qui conf\u00e8re le grade de master ;<\/span><\/span><\/li>\n<li><span style=\"font-size: medium\"><span style=\"font-size: medium\">Dipl\u00f4me d&rsquo;expertise comptable (DEC).<\/span><\/span><\/li>\n<\/ol>\n<p style=\"text-align: justify\">Le Dipl\u00f4me de comptabilit\u00e9 et gestion (DCG) se pr\u00e9pare sur 3 ann\u00e9es (L1, L2, L3).<br \/>\nPremi\u00e8re \u00e9tape des \u00e9tudes de comptabilit\u00e9 et gestion, mis en place en 2007, c&rsquo;est un dipl\u00f4me professionnel qui certifie l&rsquo;acquisition d&rsquo;un socle de connaissances g\u00e9n\u00e9rales et sp\u00e9cialis\u00e9es, n\u00e9cessaires \u00e0 la poursuite des \u00e9tudes comptables (DSCG et DEC).<\/p>\n<p>Contenus :<br \/>\nLes enseignements du DCG sont r\u00e9partis entre les p\u00f4les d&rsquo;enseignement suivants :<\/p>\n<ul>\n<li>Anglais des affaires ;<\/li>\n<li>Enseignements \u00e9conomiques : \u00c9conomie, Management ;<\/li>\n<li>Enseignements informatiques : Syst\u00e8mes d&rsquo;information de gestion ;<\/li>\n<li>Enseignements juridiques : Introduction au droit, Droit des soci\u00e9t\u00e9s, Droit fiscal, Droit social ;<\/li>\n<li>Enseignements techniques de gestion : Introduction \u00e0 la comptabilit\u00e9, Comptabilit\u00e9 approfondie, Finance d&rsquo;entreprise, Contr\u00f4le de gestion\u00a0 ;<\/li>\n<li>Enseignement de Relations professionnelles.<\/li>\n<\/ul>\n<p style=\"text-align: justify\">L&rsquo;organisation de l&rsquo;enseignement dans les classes de lyc\u00e9es pr\u00e9parant au DCG est pr\u00e9cis\u00e9e dans <a href=\"http:\/\/www.enseignementsup-recherche.gouv.fr\/pid20536\/bulletin-officiel.html?cid_bo=57337&amp;cbo=1\" target=\"_blank\">cette note de service<\/a>\u00a0 parue au Bulletin officiel du Minist\u00e8re de l&rsquo;enseignement sup\u00e9rieur et de la recherche (BOMESR) n\u00b0 32 du 8 septembre 2011 (horaires en annexe).<\/p>\n<p style=\"text-align: justify\">Le DCG est \u00e9valu\u00e9 par 13 \u00e9preuves (4 \u00e0 5 sont pass\u00e9es en fin de chaque ann\u00e9e scolaire) avec\u00a0 une \u00e9preuve facultative de langue.<br \/>\nProgrammes et d\u00e9tails des \u00e9preuves ont \u00e9t\u00e9 publi\u00e9s au <a href=\"http:\/\/www.enseignementsup-recherche.gouv.fr\/pid20536\/rubrique-bo.html?cid_bo=50835\" target=\"_blank\">BOMESR n\u00b0 11 du 18 mars 2010<\/a>.<\/p>\n<p style=\"text-align: justify\">Le DCG est d\u00e9livr\u00e9 aux candidats qui ont obtenu une moyenne g\u00e9n\u00e9rale au moins \u00e9gale \u00e0 10 sur 20 \u00e0 l&rsquo;ensemble des \u00e9preuves, sans note inf\u00e9rieure \u00e0 6 sur 20.<br \/>\nDes cr\u00e9dits europ\u00e9ens (ECTS : European Credit Transfert System\u00a0 dans le cadre du LMD \u2013 Licence \u2013 Master \u2013 Doctorat ) sont associ\u00e9s \u00e0 chaque \u00e9preuve. Ils sont d\u00e9finitivement acquis d\u00e8s lors que le candidat a obtenu une note au moins \u00e9gale \u00e0 10 sur 20 \u00e0 l&rsquo;\u00e9preuve concern\u00e9e.<br \/>\nL&rsquo;obtention du dipl\u00f4me de comptabilit\u00e9 et de gestion conf\u00e8re la totalit\u00e9 des cr\u00e9dits europ\u00e9ens pr\u00e9vus pour le dipl\u00f4me, soit 180 cr\u00e9dits europ\u00e9ens, avec attribution du grade de licence (voir Art. 62 du <a href=\"http:\/\/www.legifrance.gouv.fr\/affichTexte.do;jsessionid=8EE3E31D452FD66DC8C0A6E1B52AF486.tpdjo06v_3?cidTexte=JORFTEXT000025596222&amp;idArticle=&amp;dateTexte=20130125#LEGISCTA000025599374\" target=\"_blank\">D\u00e9cret du 30 mars 2012<\/a>).<\/p>\n<\/td>\n<\/tr>\n<tr>\n<td style=\"background-color: #7c7a85\" colspan=\"8\"><span style=\"color: #ffffff\"><a name=\"recrutement\"><\/a>Recrutement, Publics concern\u00e9s<\/span><\/td>\n<\/tr>\n<tr>\n<td style=\"background-color: #6cd9d5\" colspan=\"8\"><span style=\"color: #000000\">Conditions d\u2019admission :<\/span><\/td>\n<\/tr>\n<tr>\n<td style=\"background-color: #f9f5b5;text-align: justify\" colspan=\"8\">En premi\u00e8re ann\u00e9e :<\/p>\n<ul>\n<li>\u00eatre titulaire d&rsquo;un baccalaur\u00e9at ES, S, STG (CFE ou GSI), L (option math) ou d&rsquo;un titre admis en \u00e9quivalence ;<\/li>\n<li>\u00a0s&rsquo;inscrire via l&rsquo;application APB\u00a0 <a href=\"http:\/\/www.admission.post-bac.fr\/\" target=\"_blank\">http:\/\/www.admission.post-bac.fr <\/a><\/li>\n<\/ul>\n<p>Une admission parall\u00e8le en deuxi\u00e8me ann\u00e9e est ouverte aux titulaires de dipl\u00f4mes b\u00e9n\u00e9ficiant de dispenses de certaines unit\u00e9s constitutives du DCG, notamment les titulaires du BTS \u00ab Comptabilit\u00e9 et gestion des organisations \u00bb et du DUT \u00ab Gestion des entreprises et des administrations \u00bb.<\/p>\n<p>L&rsquo;admission est prononc\u00e9e par le chef d&rsquo;\u00e9tablissement d&rsquo;accueil, apr\u00e8s appr\u00e9ciation du dossier de candidature de l&rsquo;\u00e9tudiant postulant par une commission form\u00e9e de professeurs de la classe demand\u00e9e.<br \/>\nConsulter <a href=\"http:\/\/www.enseignementsup-recherche.gouv.fr\/pid20536\/bulletin-officiel.html?cid_bo=57337&amp;cbo=1\" target=\"_blank\">cette note<\/a> (BOMESR n\u00b0 32 du 8 septembre 2011) pour davantage d&rsquo;information.<\/td>\n<\/tr>\n<tr>\n<td style=\"background-color: #6cd9d5\" colspan=\"8\"><span style=\"color: #000000\">Aptitudes et centres d\u2019int\u00e9r\u00eat :<\/span><\/td>\n<\/tr>\n<tr>\n<td style=\"background-color: #f9f5b5;text-align: justify\" colspan=\"8\"><span style=\"font-size: medium\">La formation, appr\u00e9ci\u00e9e du monde professionnel, demande une motivation s\u00e9rieuse, un travail soutenu et un investissement personnel r\u00e9gulier.<br \/>\nCulture g\u00e9n\u00e9rale, curiosit\u00e9 intellectuelle, rigueur sont de r\u00e9els atouts pour la r\u00e9ussite.<br \/>\nDe bonnes capacit\u00e9s r\u00e9dactionnelles sont n\u00e9cessaires et l&rsquo;internationalisation des m\u00e9tiers de l&rsquo;entreprise conduit \u00e0 attendre des candidats un niveau correct en langue anglaise.<\/span><\/td>\n<\/tr>\n<tr>\n<td style=\"background-color: #7c7a85\" colspan=\"8\"><span style=\"color: #ffffff\"><a name=\"debouches\"><\/a>D\u00e9bouch\u00e9s<\/span><\/td>\n<\/tr>\n<tr>\n<td style=\"background-color: #f9f5b5\" colspan=\"8\"><\/td>\n<\/tr>\n<tr>\n<td style=\"background-color: #6cd9d5\" colspan=\"8\"><span style=\"color: #000000\">Poursuites d\u2019\u00e9tudes :<\/span><\/td>\n<\/tr>\n<tr>\n<td style=\"background-color: #f9f5b5;text-align: justify\" colspan=\"8\">\n<ul>\n<li><span style=\"font-size: medium\">Dans<\/span> le cursus de l&rsquo;expertise comptable vers le Dipl\u00f4me sup\u00e9rieur de comptabilit\u00e9 et gestion\u00a0 (DSCG \u2013 grade de Master), puis vers le Dipl\u00f4me d&rsquo;expertise comptable (DEC).<\/li>\n<li>Vers un Master : Sciences de gestion, Finances, Management, Ressources humaines, \u2026<\/li>\n<li>Pr\u00e9paration de concours : ceux des Grandes \u00e9coles, de la Fonction publique (cat\u00e9gorie A : Tr\u00e9sor, Douanes, Inspection du travail, enseignement, \u2026), etc.<\/li>\n<\/ul>\n<\/td>\n<\/tr>\n<tr>\n<td style=\"background-color: #6cd9d5\" colspan=\"8\"><span style=\"color: #000000\">Secteurs d\u2019activit\u00e9 et m\u00e9tiers:<\/span><\/td>\n<\/tr>\n<tr>\n<td style=\"background-color: #f9f5b5;text-align: justify\" colspan=\"8\"><span style=\"font-size: medium\">La<\/span>poursuite d&rsquo;\u00e9tudes permet de devenir expert comptable ou commissaire aux comptes. Ce professionnel, aux comp\u00e9tences multiples, est au service des acteurs \u00e9conomiques. Lib\u00e9ral ind\u00e9pendant ou cadre de haut niveau, il exerce dans de nombreux domaines d\u2019activit\u00e9s : comptes des organisations et activit\u00e9s de conseil (juridique, fiscal, social et informatique).La formation offre de nombreux autres d\u00e9bouch\u00e9s dans des secteurs diversifi\u00e9s : assurance et mutualit\u00e9, banque et finance, gestion des ressources humaines, mercatique, \u2026<\/p>\n<p>L&rsquo;acc\u00e8s \u00e0 l&#8217;emploi est \u00e9galement possible en fin de DCG : les m\u00e9tiers de la comptabilit\u00e9 recrutent r\u00e9guli\u00e8rement, d\u00e8s ce niveau.<\/td>\n<\/tr>\n<tr>\n<td style=\"background-color: #7c7a85\" colspan=\"8\"><span style=\"color: #ffffff\"><a name=\"stages\"><\/a>Stages en entreprises<\/span><\/td>\n<\/tr>\n<tr>\n<td style=\"background-color: #6cd9d5\" colspan=\"8\"><span style=\"color: #000000\">P\u00e9riodes et dur\u00e9e :<\/span><\/td>\n<\/tr>\n<tr>\n<td style=\"background-color: #f9f5b5\" colspan=\"8\"><span style=\"font-size: medium\">La dur\u00e9e du stage est d\u2019au moins 8 semaines. La ou les p\u00e9riodes de stage doi(ven)t \u00eatre situ\u00e9e(s) \u00e0 l&rsquo;int\u00e9rieur du cycle de formation, au plus t\u00f4t \u00e0 la fin de la premi\u00e8re ann\u00e9e de formation et au plus tard \u00e0 la fin du premier trimestre de la troisi\u00e8me ann\u00e9e.<br \/>\nDans la pratique, il a g\u00e9n\u00e9ralement lieu en fin d&rsquo;ann\u00e9e scolaire, apr\u00e8s les \u00e9preuves, et est r\u00e9parti sur les deux premi\u00e8res ann\u00e9es du cursus.<\/span><\/td>\n<\/tr>\n<tr>\n<td style=\"background-color: #6cd9d5\" colspan=\"8\"><span style=\"color: #000000\">Objectif :<\/span><\/td>\n<\/tr>\n<tr>\n<td style=\"background-color: #f9f5b5;text-align: justify\" colspan=\"8\"><span style=\"font-size: medium\">Le stage a pour but :<br \/>\n<\/span><\/p>\n<ul>\n<li><span style=\"font-size: medium\">de permettre au candidat de prendre contact avec le monde professionnel ;<\/span><\/li>\n<li><span style=\"font-size: medium\">d\u2019observer le fonctionnement d\u2019une organisation et de le rapprocher des connaissances th\u00e9oriques acquises au travers des programmes des diff\u00e9rentes unit\u00e9s d\u2019enseignement ;<\/span><\/li>\n<li><span style=\"font-size: medium\">d\u2019appliquer les concepts et les m\u00e9thodes d\u00e9crites dans le programme de l&rsquo;unit\u00e9 d\u2019enseignement \u00ab\u00a0Relations professionnelles\u00a0\u00bb.<\/span><\/li>\n<\/ul>\n<\/td>\n<\/tr>\n<tr>\n<td style=\"background-color: #6cd9d5\" colspan=\"8\"><span style=\"color: #000000\">Organisations cibles :<\/span><\/td>\n<\/tr>\n<tr>\n<td style=\"background-color: #f9f5b5\" colspan=\"8\"><span style=\"font-size: medium\">Le stage doit \u00eatre accompli dans un cabinet d\u2019expertise comptable ou dans les services comptables et financiers d\u2019une entreprise, d\u2019une collectivit\u00e9 publique ou d\u2019une association.<\/span><\/td>\n<\/tr>\n<tr>\n<td style=\"background-color: #6cd9d5\" colspan=\"8\"><span style=\"color: #000000\">\u00c9preuves pr\u00e9par\u00e9es en stage :<\/span><\/td>\n<\/tr>\n<tr>\n<td style=\"background-color: #f9f5b5\" colspan=\"8\"><span style=\"font-size: medium\">UE 13 \u2013 Relations professionnelles.<br \/>\n\u00c0 l\u2019issue du stage, le candidat doit produire un rapport, qu&rsquo;il soutiendra au cours de l&rsquo;\u00e9preuve orale de Relations professionnelles (UE 13).<\/span><\/td>\n<\/tr>\n<tr>\n<td style=\"background-color: #7c7a85\" colspan=\"8\"><span style=\"color: #ffffff\"><a name=\"lieux\"><\/a>Lieux de formation dans l&rsquo;acad\u00e9mie de la Martinique (publics et priv\u00e9s sous-contrat)<\/span><\/td>\n<\/tr>\n<tr>\n<td style=\"background-color: #f9f5b5\" colspan=\"4\" width=\"50%\"><span style=\"font-size: medium\"> Lyc\u00e9e Joseph Gaillard<\/span><br \/>\n<span style=\"font-size: medium\"> rue Marie &#8211; Th\u00e9r\u00e8se Gertrude<\/span><br \/>\n<span style=\"font-size: medium\"> B.P. 602 &#8211; 97261 FORT-DE-FRANCE Cedex.<\/span><br \/>\n<span style=\"font-size: medium\"> t\u00e9l : 0596 61 99 10<\/span><\/td>\n<td style=\"background-color: #f9f5b5\" colspan=\"4\" width=\"50%\"><span style=\"font-size: medium\">LYCEE AMEP<\/span><br \/>\n<span style=\"font-size: medium\"> 183 route de redoute<\/span><br \/>\n<span style=\"font-size: medium\"> 97204 Fort-de-France<\/span><br \/>\n<span style=\"font-size: medium\"> t\u00e9l. 0596795023<\/span><\/td>\n<\/tr>\n<tr>\n<td style=\"background-color: #7c7a85\" colspan=\"8\" width=\"50%\"><span style=\"color: #ffffff\"><a name=\"plus\"><\/a>En savoir plus&#8230;<\/span><\/td>\n<\/tr>\n<tr>\n<td style=\"background-color: #f9f5b5\" colspan=\"8\"><span style=\"font-size: medium\"><span style=\"color: #000000\"><a title=\"R\u00e9f\u00e9rentiel du BTS\" href=\"http:\/\/eduscol.education.fr\/ecogest\/enseignements\/formations\/11309274002964\/les_classes_preparan\" target=\"_blank\">http:\/\/eduscol.education.fr\/ecogest\/enseignements\/formations\/11309274002964\/les_classes_preparan<\/a><\/span><\/span><\/td>\n<\/tr>\n<\/tbody>\n<\/table>\n","protected":false},"excerpt":{"rendered":"<p>La formation Recrutement, publics concern\u00e9s D\u00e9bouch\u00e9s Stages en entreprises Lieux de formation En savoir plus La formation Dur\u00e9e : 3 ans Contenus : Les examens comptables de l&rsquo;\u00c9tat sont organis\u00e9s [&hellip;]<\/p>\n","protected":false},"author":67,"featured_media":0,"parent":1170,"menu_order":0,"comment_status":"closed","ping_status":"closed","template":"","meta":{"footnotes":""},"class_list":["post-1172","page","type-page","status-publish","hentry","has_no_thumb"],"_links":{"self":[{"href":"https:\/\/site.ac-martinique.fr\/economie-gestion\/index.php?rest_route=\/wp\/v2\/pages\/1172","targetHints":{"allow":["GET"]}}],"collection":[{"href":"https:\/\/site.ac-martinique.fr\/economie-gestion\/index.php?rest_route=\/wp\/v2\/pages"}],"about":[{"href":"https:\/\/site.ac-martinique.fr\/economie-gestion\/index.php?rest_route=\/wp\/v2\/types\/page"}],"author":[{"embeddable":true,"href":"https:\/\/site.ac-martinique.fr\/economie-gestion\/index.php?rest_route=\/wp\/v2\/users\/67"}],"replies":[{"embeddable":true,"href":"https:\/\/site.ac-martinique.fr\/economie-gestion\/index.php?rest_route=%2Fwp%2Fv2%2Fcomments&post=1172"}],"version-history":[{"count":5,"href":"https:\/\/site.ac-martinique.fr\/economie-gestion\/index.php?rest_route=\/wp\/v2\/pages\/1172\/revisions"}],"predecessor-version":[{"id":2013,"href":"https:\/\/site.ac-martinique.fr\/economie-gestion\/index.php?rest_route=\/wp\/v2\/pages\/1172\/revisions\/2013"}],"up":[{"embeddable":true,"href":"https:\/\/site.ac-martinique.fr\/economie-gestion\/index.php?rest_route=\/wp\/v2\/pages\/1170"}],"wp:attachment":[{"href":"https:\/\/site.ac-martinique.fr\/economie-gestion\/index.php?rest_route=%2Fwp%2Fv2%2Fmedia&parent=1172"}],"curies":[{"name":"wp","href":"https:\/\/api.w.org\/{rel}","templated":true}]}}