{"id":3291,"date":"2021-12-01T07:51:00","date_gmt":"2021-12-01T06:51:00","guid":{"rendered":"\/eps\/?page_id=3291"},"modified":"2024-04-11T20:58:35","modified_gmt":"2024-04-11T19:58:35","slug":"ca1-bac-gt","status":"publish","type":"page","link":"https:\/\/site.ac-martinique.fr\/eps\/?page_id=3291","title":{"rendered":"CA1-BAC GT"},"content":{"rendered":"<p style=\"text-align: center;\"><strong>CHAMP D\u2019APPRENTISSAGE n\u00b0 1<\/strong>: \u00ab R\u00e9aliser une performance motrice maximale mesurable \u00e0 une \u00e9ch\u00e9ance donn\u00e9e \u00bb:\u00a0Courses, sauts, lancers, natation vitesse<\/p>\n<p style=\"text-align: center;\"><span style=\"color: #ff0000;\"><strong>Biathlon Athl\u00e9tique<\/strong><\/span><\/p>\n<ul>\n<li>Biathlon athl\u00e9tique (Lyc\u00e9e Nord Caraibe): <a href=\"\/eps\/wp-content\/uploads\/sites\/13\/2020\/09\/Biathlon-athletique-GT-NORDCA.docx\" target=\"_blank\" rel=\"noopener\"><img loading=\"lazy\" decoding=\"async\" class=\"alignnone wp-image-3190\" src=\"\/eps\/wp-content\/uploads\/sites\/13\/2020\/06\/LogoWord.png\" alt=\"\" width=\"20\" height=\"19\" \/><\/a><\/li>\n<li>Biathlon athl\u00e9tique (Lyc\u00e9e Nardal, Ducos): <a href=\"https:\/\/site.ac-martinique.fr\/eps\/wp-content\/uploads\/sites\/13\/2021\/12\/Biathlon-Athletique-LGT-P-NARDAL-DUCOS-2021-22.pdf\" target=\"_blank\" rel=\"noopener\"><img loading=\"lazy\" decoding=\"async\" class=\"alignnone wp-image-3007\" src=\"\/eps\/wp-content\/uploads\/sites\/13\/2019\/03\/pdf.png\" alt=\"\" width=\"24\" height=\"24\" \/><\/a><\/li>\n<li>Biathlon Athl\u00e9tique (Lyc\u00e9e Schoelcher): <a href=\"\/eps\/wp-content\/uploads\/sites\/13\/2020\/10\/Biathlon-Athl%C3%A9tique-LGT-Schoelcher.docx\" target=\"_blank\" rel=\"noopener\"><img loading=\"lazy\" decoding=\"async\" class=\"alignnone wp-image-3190\" src=\"\/eps\/wp-content\/uploads\/sites\/13\/2020\/06\/LogoWord.png\" alt=\"\" width=\"20\" height=\"19\" \/><\/a><\/li>\n<li>Biathlon Athl\u00e9tique (Lyc\u00e9e F. Fanon): <a href=\"https:\/\/site.ac-martinique.fr\/eps\/wp-content\/uploads\/sites\/13\/2024\/04\/Combi-athletique-LGT-F-FANON-2023.pdf\" target=\"_blank\" rel=\"noopener\"><img loading=\"lazy\" decoding=\"async\" class=\"alignnone wp-image-3007\" src=\"\/eps\/wp-content\/uploads\/sites\/13\/2019\/03\/pdf.png\" alt=\"\" width=\"24\" height=\"24\" \/><\/a><\/li>\n<\/ul>\n<p style=\"text-align: center;\"><span style=\"color: #ff0000;\"><strong>Demi-Fond<\/strong><\/span><\/p>\n<ul>\n<li>Demi fond (LPO Acajou 1): <a href=\"https:\/\/site.ac-martinique.fr\/eps\/wp-content\/uploads\/sites\/13\/2021\/04\/Demi-fond-LPO-Acajou-1.pdf\" target=\"_blank\" rel=\"noopener\"><img loading=\"lazy\" decoding=\"async\" class=\"alignnone wp-image-3007\" src=\"\/eps\/wp-content\/uploads\/sites\/13\/2019\/03\/pdf.png\" alt=\"\" width=\"24\" height=\"24\" \/><\/a><\/li>\n<li>Demi fond (Lyc\u00e9e Bellevue): <a href=\"https:\/\/site.ac-martinique.fr\/eps\/wp-content\/uploads\/sites\/13\/2021\/12\/Demi-Fond-Bac-GT-Bellevue.docx\" target=\"_blank\" rel=\"noopener\"><img loading=\"lazy\" decoding=\"async\" class=\"alignnone wp-image-3190\" src=\"\/eps\/wp-content\/uploads\/sites\/13\/2020\/06\/LogoWord.png\" alt=\"\" width=\"20\" height=\"19\" \/><\/a><\/li>\n<li>Demi fond (LGT Montgerald): <a href=\"https:\/\/site.ac-martinique.fr\/eps\/wp-content\/uploads\/sites\/13\/2021\/12\/Demi-fond-Bac-GT-LGT-MONTGERALD.pdf\" target=\"_blank\" rel=\"noopener\"><img loading=\"lazy\" decoding=\"async\" class=\"alignnone wp-image-3007\" src=\"\/eps\/wp-content\/uploads\/sites\/13\/2019\/03\/pdf.png\" alt=\"\" width=\"24\" height=\"24\" \/><\/a><\/li>\n<li>Demi fond (Lyc\u00e9e Couvent de Cluny): <a href=\"https:\/\/site.ac-martinique.fr\/eps\/wp-content\/uploads\/sites\/13\/2021\/12\/Demi-Fond-Bac-GT-Couvent-de-Cluny.docx\" target=\"_blank\" rel=\"noopener\"><img loading=\"lazy\" decoding=\"async\" class=\"alignnone wp-image-3190\" src=\"\/eps\/wp-content\/uploads\/sites\/13\/2020\/06\/LogoWord.png\" alt=\"\" width=\"20\" height=\"19\" \/><\/a><\/li>\n<\/ul>\n<p style=\"text-align: center;\"><span style=\"color: #ff0000;\"><strong>Javelot<\/strong><\/span><\/p>\n<ul>\n<li>Javelot (LPO J. Zobel): <a href=\"https:\/\/site.ac-martinique.fr\/eps\/wp-content\/uploads\/sites\/13\/2021\/12\/JAVELOT-bac-GT-LPO-Zobel.pdf\" target=\"_blank\" rel=\"noopener\"><img loading=\"lazy\" decoding=\"async\" class=\"alignnone wp-image-3007\" src=\"\/eps\/wp-content\/uploads\/sites\/13\/2019\/03\/pdf.png\" alt=\"\" width=\"24\" height=\"24\" \/><\/a><\/li>\n<li>Javelot (Lyc\u00e9e J. PERNOCK): <a href=\"https:\/\/site.ac-martinique.fr\/eps\/wp-content\/uploads\/sites\/13\/2021\/12\/Javelot-Bac-GT-Pernock.pdf\" target=\"_blank\" rel=\"noopener\"><img loading=\"lazy\" decoding=\"async\" class=\"alignnone wp-image-3007\" src=\"\/eps\/wp-content\/uploads\/sites\/13\/2019\/03\/pdf.png\" alt=\"\" width=\"24\" height=\"24\" \/><\/a><\/li>\n<\/ul>\n<p style=\"text-align: center;\"><span style=\"color: #ff0000;\"><strong>Saut en hauteur<br \/>\n<\/strong><\/span><\/p>\n<ul>\n<li>Saut en hauteur (Lyc\u00e9e J. Zobel): <a href=\"\/eps\/wp-content\/uploads\/sites\/13\/2020\/10\/SAUT-EN-HAUTEUR-GT-LPO-ZOBEL.xlsx\" target=\"_blank\" rel=\"noopener\"><img loading=\"lazy\" decoding=\"async\" class=\"alignnone wp-image-3340\" src=\"\/eps\/wp-content\/uploads\/sites\/13\/2020\/09\/Icone-XLS.png\" alt=\"\" width=\"25\" height=\"23\" \/><\/a><\/li>\n<\/ul>\n<p style=\"text-align: center;\"><span style=\"color: #ff0000;\"><strong>Vitesse-Relais<\/strong><\/span><\/p>\n<ul>\n<li>Vitesse-Relais (Lyc\u00e9e LPO J. Zobel): <a href=\"https:\/\/site.ac-martinique.fr\/eps\/wp-content\/uploads\/sites\/13\/2021\/12\/VITESSE-RELAIS-Bac-GT-LPO-Zobel.pdf\" target=\"_blank\" rel=\"noopener\"><img loading=\"lazy\" decoding=\"async\" class=\"alignnone wp-image-3007\" src=\"\/eps\/wp-content\/uploads\/sites\/13\/2019\/03\/pdf.png\" alt=\"\" width=\"24\" height=\"24\" \/><\/a><\/li>\n<li>Vitesse-Relais (Lyc\u00e9e Pernock): <a href=\"\/eps\/wp-content\/uploads\/sites\/13\/2020\/10\/Vitesse-relais-GT-PERNOCK.pdf\" target=\"_blank\" rel=\"noopener\"><img loading=\"lazy\" decoding=\"async\" class=\"alignnone wp-image-3007\" src=\"\/eps\/wp-content\/uploads\/sites\/13\/2019\/03\/pdf.png\" alt=\"\" width=\"24\" height=\"24\" \/><\/a><\/li>\n<li>Vitesse-Relais (Lyc\u00e9e Acajou 2): <a href=\"\/eps\/wp-content\/uploads\/sites\/13\/2020\/11\/Vitesse-Relais-LGT-Acajou-2-2-x-50m.docx\" target=\"_blank\" rel=\"noopener\"><img loading=\"lazy\" decoding=\"async\" class=\"alignnone wp-image-3190\" src=\"\/eps\/wp-content\/uploads\/sites\/13\/2020\/06\/LogoWord.png\" alt=\"\" width=\"20\" height=\"19\" \/><\/a><\/li>\n<li>Vitesse-Relais (Lyc\u00e9e J. GAILLARD): <a href=\"https:\/\/site.ac-martinique.fr\/eps\/wp-content\/uploads\/sites\/13\/2021\/12\/Vitesse-Relais-LGT-Gaillard.pdf\" target=\"_blank\" rel=\"noopener\"><img loading=\"lazy\" decoding=\"async\" class=\"alignnone wp-image-3007\" src=\"\/eps\/wp-content\/uploads\/sites\/13\/2019\/03\/pdf.png\" alt=\"\" width=\"24\" height=\"24\" \/><\/a><\/li>\n<li>Vitesse-Relais (Lyc\u00e9e Cluny): <a href=\"https:\/\/site.ac-martinique.fr\/eps\/wp-content\/uploads\/sites\/13\/2021\/12\/Vitesse-Relais-Bac-GT-Cluny.docx\" target=\"_blank\" rel=\"noopener\"><img loading=\"lazy\" decoding=\"async\" class=\"alignnone wp-image-3190\" src=\"\/eps\/wp-content\/uploads\/sites\/13\/2020\/06\/LogoWord.png\" alt=\"\" width=\"20\" height=\"19\" \/><\/a><\/li>\n<li>Vitesse-Relais (Lyc\u00e9e Bellevue): <a href=\"https:\/\/site.ac-martinique.fr\/eps\/wp-content\/uploads\/sites\/13\/2021\/12\/Vitesse-Relais-Bac-GT-Bellevue.docx\" target=\"_blank\" rel=\"noopener\"><img loading=\"lazy\" decoding=\"async\" class=\"alignnone wp-image-3190\" src=\"\/eps\/wp-content\/uploads\/sites\/13\/2020\/06\/LogoWord.png\" alt=\"\" width=\"20\" height=\"19\" \/><\/a><\/li>\n<\/ul>\n<p style=\"text-align: center;\"><span style=\"color: #ff0000;\"><strong>Natation<\/strong><\/span><\/p>\n<ul>\n<li>Natation (Lyc\u00e9e Bellevue): <a href=\"\/eps\/wp-content\/uploads\/sites\/13\/2020\/09\/Natation-GT-Bellevue.docx\" target=\"_blank\" rel=\"noopener\"><img loading=\"lazy\" decoding=\"async\" class=\"alignnone wp-image-3190\" src=\"\/eps\/wp-content\/uploads\/sites\/13\/2020\/06\/LogoWord.png\" alt=\"\" width=\"20\" height=\"19\" \/><\/a><\/li>\n<li>Natation (Lyc\u00e9e Cluny): <a href=\"\/eps\/wp-content\/uploads\/sites\/13\/2020\/09\/Natation-GT-Cluny-.docx\" target=\"_blank\" rel=\"noopener\"><img loading=\"lazy\" decoding=\"async\" class=\"alignnone wp-image-3190\" src=\"\/eps\/wp-content\/uploads\/sites\/13\/2020\/06\/LogoWord.png\" alt=\"\" width=\"20\" height=\"19\" \/><\/a><\/li>\n<li>Natation (Lyc\u00e9e S\u00e9minaire Coll\u00e8ge): <a href=\"https:\/\/site.ac-martinique.fr\/eps\/wp-content\/uploads\/sites\/13\/2021\/12\/Natation-de-vitesse-Bac-2021-GT-Seminaire.docx\" target=\"_blank\" rel=\"noopener\"><img loading=\"lazy\" decoding=\"async\" class=\"alignnone wp-image-3190\" src=\"\/eps\/wp-content\/uploads\/sites\/13\/2020\/06\/LogoWord.png\" alt=\"\" width=\"20\" height=\"19\" \/><\/a><\/li>\n<\/ul>\n","protected":false},"excerpt":{"rendered":"<p>CHAMP D\u2019APPRENTISSAGE n\u00b0 1: \u00ab R\u00e9aliser une performance motrice maximale mesurable \u00e0 une \u00e9ch\u00e9ance donn\u00e9e \u00bb:\u00a0Courses, sauts, lancers, natation vitesse Biathlon Athl\u00e9tique Biathlon athl\u00e9tique (Lyc\u00e9e Nord Caraibe): Biathlon athl\u00e9tique (Lyc\u00e9e Nardal, Ducos): Biathlon Athl\u00e9tique (Lyc\u00e9e Schoelcher): Biathlon Athl\u00e9tique (Lyc\u00e9e F. &hellip; <a href=\"https:\/\/site.ac-martinique.fr\/eps\/?page_id=3291\">Continuer la lecture <span class=\"meta-nav\">&rarr;<\/span><\/a><\/p>\n","protected":false},"author":69,"featured_media":0,"parent":0,"menu_order":0,"comment_status":"closed","ping_status":"closed","template":"","meta":{"footnotes":""},"class_list":["post-3291","page","type-page","status-publish","hentry"],"_links":{"self":[{"href":"https:\/\/site.ac-martinique.fr\/eps\/index.php?rest_route=\/wp\/v2\/pages\/3291","targetHints":{"allow":["GET"]}}],"collection":[{"href":"https:\/\/site.ac-martinique.fr\/eps\/index.php?rest_route=\/wp\/v2\/pages"}],"about":[{"href":"https:\/\/site.ac-martinique.fr\/eps\/index.php?rest_route=\/wp\/v2\/types\/page"}],"author":[{"embeddable":true,"href":"https:\/\/site.ac-martinique.fr\/eps\/index.php?rest_route=\/wp\/v2\/users\/69"}],"replies":[{"embeddable":true,"href":"https:\/\/site.ac-martinique.fr\/eps\/index.php?rest_route=%2Fwp%2Fv2%2Fcomments&post=3291"}],"version-history":[{"count":13,"href":"https:\/\/site.ac-martinique.fr\/eps\/index.php?rest_route=\/wp\/v2\/pages\/3291\/revisions"}],"predecessor-version":[{"id":4351,"href":"https:\/\/site.ac-martinique.fr\/eps\/index.php?rest_route=\/wp\/v2\/pages\/3291\/revisions\/4351"}],"wp:attachment":[{"href":"https:\/\/site.ac-martinique.fr\/eps\/index.php?rest_route=%2Fwp%2Fv2%2Fmedia&parent=3291"}],"curies":[{"name":"wp","href":"https:\/\/api.w.org\/{rel}","templated":true}]}}