{"id":1132,"date":"2019-06-04T05:07:46","date_gmt":"2019-06-04T04:07:46","guid":{"rendered":"\/espagnol\/?page_id=1132"},"modified":"2021-06-30T12:44:05","modified_gmt":"2021-06-30T11:44:05","slug":"classe-de-2nde-a-partir-de-2019","status":"publish","type":"page","link":"https:\/\/site.ac-martinique.fr\/espagnol\/?page_id=1132","title":{"rendered":"Classe de 2nde : \u00e0 partir de 2019"},"content":{"rendered":"<p style=\"text-align: left\">I. <a href=\"https:\/\/cache.media.education.gouv.fr\/file\/29\/61\/5\/ensel610_annexe1_ok_984615.pdf\" target=\"_blank\" rel=\"noopener\"><strong>GRILLE HORAIRE en classe de 2nde, rentr\u00e9e 2019 <\/strong><\/a>(pdf), <a href=\"https:\/\/www.education.gouv.fr\/pid285\/bulletin_officiel.html?cid_bo=132684\" target=\"_blank\" rel=\"noopener\">BO n\u00b029 du 19 juillet 2018<\/a><\/p>\n<p style=\"text-align: left\">II. <strong>PROGRAMMES\u00a0 en classe de 2nde<\/strong>, <a href=\"https:\/\/www.education.gouv.fr\/pid285\/bulletin_officiel.html?cid_bo=138130\" target=\"_blank\" rel=\"noopener\">BO sp\u00e9cial n\u00b01 du 22 janvier 2019<\/a><\/p>\n<p style=\"text-align: left\">III. <a href=\"https:\/\/cache.media.education.gouv.fr\/file\/SP1-MEN-22-1-2019\/95\/2\/spe585_annexe1_1062952.pdf\" target=\"_blank\" rel=\"noopener\"><strong>PROGRAMME EN LANGUES VIVANTES en classe de 2<sup>nde\u00a0 <\/sup>Rentr\u00e9e 2019 <\/strong><\/a>(pdf),<a href=\"https:\/\/www.education.gouv.fr\/pid285\/bulletin_officiel.html?cid_bo=138130\" target=\"_blank\" rel=\"noopener\">BO sp\u00e9cial n\u00b01 du 22 janvier 2019<\/a><\/p>\n<p>En classe de 2nde, il s&rsquo;agit d&rsquo;aller au del\u00e0 du th\u00e8me du cycle 4 \u00e9tudi\u00e9 au coll\u00e8ge, <em>la rencontre avec d\u2019autres cultures, <\/em>et de probl\u00e9matiser davantage les questions de coh\u00e9sion sociale et culturelle.<\/p>\n<p><strong>Th\u00e9matique\u00a0:<em><span style=\"color: #800000\"> L\u2019art de vivre ensemble<\/span><\/em><\/strong><\/p>\n<ul>\n<li>d\u00e9clin\u00e9e autours <strong>de 8 axes<\/strong><\/li>\n<li><span style=\"text-decoration: underline\">\u00e9tude de 6 axes<\/span> au moins au cours de l\u2019ann\u00e9e<\/li>\n<li><span style=\"text-decoration: underline\">une \u00e0 trois s\u00e9quences<\/span> par axe portant sur les probl\u00e9matiques qui y sont reli\u00e9es, en miroir avec l\u2019aire linguistique en question<\/li>\n<\/ul>\n<p><span style=\"color: #800000\"><strong>Axes<\/strong><\/span><\/p>\n<ol>\n<li><span style=\"color: #000000\"><strong>Vivre entre g\u00e9n\u00e9rations <\/strong>\/<a href=\"\/espagnol\/wp-content\/uploads\/sites\/14\/2019\/06\/vivre-entre-generations.jpg\" target=\"_blank\" rel=\"noopener\"> probl\u00e9matiques<\/a><strong><br \/>\n<\/strong><\/span><\/li>\n<li><span style=\"color: #000000\"><strong>Les univers professionnels, le monde du travail <\/strong>\/ <a href=\"\/espagnol\/wp-content\/uploads\/sites\/14\/2019\/06\/univers-prof.jpg\" target=\"_blank\" rel=\"noopener\">probl\u00e9matiques<\/a><strong><br \/>\n<\/strong><\/span><\/li>\n<li><span style=\"color: #000000\"><strong>Le village, le quartier, la ville<\/strong> \/ <a href=\"\/espagnol\/wp-content\/uploads\/sites\/14\/2019\/06\/village-quartier.jpg\" target=\"_blank\" rel=\"noopener\">probl\u00e9matiques<\/a><strong><br \/>\n<\/strong><\/span><\/li>\n<li><span style=\"color: #000000\"><strong>\u00a0Repr\u00e9sentation de soi et rapport \u00e0 autrui <\/strong>\/<a href=\"\/espagnol\/wp-content\/uploads\/sites\/14\/2019\/06\/representation-de-soi-autrui.jpg\" target=\"_blank\" rel=\"noopener\"> probl\u00e9matiques<\/a><strong><br \/>\n<\/strong><\/span><\/li>\n<li><span style=\"color: #000000\"><strong>Sports et soci\u00e9t\u00e9 \/<\/strong> <a href=\"\/espagnol\/wp-content\/uploads\/sites\/14\/2019\/06\/sport-soci\u00e9t\u00e9-1.jpg\" target=\"_blank\" rel=\"noopener\">probl\u00e9matiques<\/a><strong><br \/>\n<\/strong><\/span><\/li>\n<li><span style=\"color: #000000\"><strong> La cr\u00e9ation et le rapport aux arts <\/strong>\/ <a href=\"\/espagnol\/wp-content\/uploads\/sites\/14\/2019\/06\/creation-art.jpg\" target=\"_blank\" rel=\"noopener\">probl\u00e9matiques<\/a><strong><br \/>\n<\/strong><\/span><\/li>\n<li><span style=\"color: #000000\"><strong>Sauver la plan\u00e8te, penser les futurs possibles \/ <\/strong><a href=\"\/espagnol\/wp-content\/uploads\/sites\/14\/2019\/06\/futurs-possibles.jpg\" target=\"_blank\" rel=\"noopener\">probl\u00e9matiques<\/a><strong><br \/>\n<\/strong><\/span><\/li>\n<li><span style=\"color: #000000\"><strong> Le pass\u00e9 dans le pr\u00e9sent <\/strong>\/ <a href=\"\/espagnol\/wp-content\/uploads\/sites\/14\/2019\/06\/passe-dans-present.jpg\" target=\"_blank\" rel=\"noopener\">probl\u00e9matiques<\/a><strong><br \/>\n<\/strong><\/span><\/li>\n<\/ol>\n<p><strong>\u00a0<\/strong><\/p>\n","protected":false},"excerpt":{"rendered":"<p>I. GRILLE HORAIRE en classe de 2nde, rentr\u00e9e 2019 (pdf), BO n\u00b029 du 19 juillet 2018 II. PROGRAMMES\u00a0 en classe de 2nde, BO sp\u00e9cial n\u00b01 du 22 janvier 2019 III. [&hellip;]<\/p>\n","protected":false},"author":70,"featured_media":0,"parent":1838,"menu_order":0,"comment_status":"closed","ping_status":"closed","template":"","meta":{"footnotes":""},"class_list":["post-1132","page","type-page","status-publish","hentry"],"_links":{"self":[{"href":"https:\/\/site.ac-martinique.fr\/espagnol\/index.php?rest_route=\/wp\/v2\/pages\/1132","targetHints":{"allow":["GET"]}}],"collection":[{"href":"https:\/\/site.ac-martinique.fr\/espagnol\/index.php?rest_route=\/wp\/v2\/pages"}],"about":[{"href":"https:\/\/site.ac-martinique.fr\/espagnol\/index.php?rest_route=\/wp\/v2\/types\/page"}],"author":[{"embeddable":true,"href":"https:\/\/site.ac-martinique.fr\/espagnol\/index.php?rest_route=\/wp\/v2\/users\/70"}],"replies":[{"embeddable":true,"href":"https:\/\/site.ac-martinique.fr\/espagnol\/index.php?rest_route=%2Fwp%2Fv2%2Fcomments&post=1132"}],"version-history":[{"count":9,"href":"https:\/\/site.ac-martinique.fr\/espagnol\/index.php?rest_route=\/wp\/v2\/pages\/1132\/revisions"}],"predecessor-version":[{"id":2677,"href":"https:\/\/site.ac-martinique.fr\/espagnol\/index.php?rest_route=\/wp\/v2\/pages\/1132\/revisions\/2677"}],"up":[{"embeddable":true,"href":"https:\/\/site.ac-martinique.fr\/espagnol\/index.php?rest_route=\/wp\/v2\/pages\/1838"}],"wp:attachment":[{"href":"https:\/\/site.ac-martinique.fr\/espagnol\/index.php?rest_route=%2Fwp%2Fv2%2Fmedia&parent=1132"}],"curies":[{"name":"wp","href":"https:\/\/api.w.org\/{rel}","templated":true}]}}