{"id":2171,"date":"2021-04-24T01:35:35","date_gmt":"2021-04-24T00:35:35","guid":{"rendered":"https:\/\/site.ac-martinique.fr\/espagnol\/?page_id=2171"},"modified":"2025-10-15T13:21:00","modified_gmt":"2025-10-15T12:21:00","slug":"baccalaureat","status":"publish","type":"page","link":"https:\/\/site.ac-martinique.fr\/espagnol\/?page_id=2171","title":{"rendered":"Baccalaur\u00e9at"},"content":{"rendered":"\n<p class=\"has-text-align-center has-vivid-red-color has-cyan-bluish-gray-background-color has-text-color has-background\"><strong>Les \u00e9preuves communes du Baccalaur\u00e9at (EC1, EC2, EC3) sont remplac\u00e9es par le contr\u00f4le continu en langues vivantes. <\/strong><\/p>\n\n\n\n<p class=\"has-text-align-center\"><mark style=\"background-color:#0693e3\" class=\"has-inline-color has-white-color\">Rentr\u00e9e 2023 &#8211; Nouvelles modalit\u00e9s du Baccalaur\u00e9at <\/mark><\/p>\n\n\n\n<p><strong>\u00c9preuves de sp\u00e9cialit\u00e9<\/strong><\/p>\n\n\n\n<p>Les \u00e9preuves se d\u00e9rouleront d\u00e9sormais en Juin<\/p>\n\n\n\n<p>19, 20 et 21 juin 2024<\/p>\n\n\n\n<p><strong>Grand Oral<\/strong><\/p>\n\n\n\n<p>Pr\u00e9sentation d&rsquo;une question 10mn + entretien avec le jury 10mn. <\/p>\n\n\n\n<p>Suppression des 5mn sur l&rsquo;orientation <\/p>\n\n\n\n<p>Entre le 24 juin et le 03 juillet 2024<\/p>\n\n\n\n<p><a href=\"https:\/\/www.education.gouv.fr\/bo\/2023\/Hebdo36\/MENE2324950N\" target=\"_blank\" rel=\"noreferrer noopener\">B.O. n\u00b036 du 28 septembre 2023<\/a><\/p>\n\n\n\n<hr class=\"wp-block-separator has-alpha-channel-opacity\"\/>\n\n\n\n<hr class=\"wp-block-separator has-css-opacity is-style-wide\"\/>\n\n\n\n<h4 class=\"wp-block-heading has-text-align-center\" id=\"banque-de-sujets\"><a href=\"http:\/\/quandjepasselebac.education.fr\/revisions-la-banque-nationale-de-sujets\/\" target=\"_blank\" rel=\"noreferrer noopener\">Banque de sujets<\/a><\/h4>\n\n\n\n<hr class=\"wp-block-separator has-css-opacity is-style-wide\"\/>\n\n\n\n<h3 class=\"wp-block-heading has-text-align-center\" id=\"attestation-de-langues-vivantes\">Attestation de langues vivantes<\/h3>\n\n\n\n<p><strong>L\u2019attestation de langues vivantes<\/strong>&nbsp;permet \u00e0 chaque candidat de disposer d\u2019un document pr\u00e9cisant le niveau de comp\u00e9tence qu\u2019il a atteint dans sa langue vivante A et dans sa langue vivante B au moment de pr\u00e9senter le baccalaur\u00e9at.&nbsp;<\/p>\n\n\n\n<p>Fond\u00e9e sur les normes d\u00e9finies par le cadre europ\u00e9en commun de r\u00e9f\u00e9rence pour les langues (CECRL), cette attestation permet au candidat de se situer au regard des niveaux officiels allant de A1 \u00e0 C2. L\u2019attestation offre la possibilit\u00e9 au candidat de disposer d\u2019une \u00e9valuation reposant sur un cadre reconnu et partag\u00e9 avec les \u00e9tablissements d\u2019enseignement sup\u00e9rieur, ce qui renforce sa lisibilit\u00e9.&nbsp;<\/p>\n\n\n\n<p>Le niveau indiqu\u00e9 dans l\u2019attestation de langues vivantes dans chacune des activit\u00e9s langagi\u00e8res est appr\u00e9ci\u00e9 par les professeurs de langue vivante A et de langue vivante B dans le livret scolaire de leurs \u00e9l\u00e8ves en fin de cycle terminal sans que les candidats aient \u00e0 subir une \u00e9valuation suppl\u00e9mentaire, d\u00e9di\u00e9e \u00e0 cette attestation.<\/p>\n\n\n\n<p>BO n\u00b011 du 16 mars 2023 \/ Note de service du 22\/02\/2023<\/p>\n\n\n\n<p><strong><mark>Quel que soit le statut du candidat, les enseignants s\u2019appuient sur les grilles d\u2019\u00e9valuation publi\u00e9es sur le site&nbsp;<a href=\"https:\/\/eduscol.education.fr\/document\/46426\/download\" target=\"_blank\" rel=\"noreferrer noopener\">\u00c9duscol<\/a>&nbsp;dans la page d\u00e9di\u00e9e aux modalit\u00e9s d\u2019\u00e9valuation des langues vivantes au baccalaur\u00e9at g\u00e9n\u00e9ral et au baccalaur\u00e9at technologique.<\/mark><\/strong><\/p>\n\n\n\n<p>Toutes les informations dans <a href=\"https:\/\/site.ac-martinique.fr\/espagnol\/?p=3055\" data-type=\"link\" data-id=\"https:\/\/site.ac-martinique.fr\/espagnol\/?p=3055\" target=\"_blank\" rel=\"noreferrer noopener\">l&rsquo;article ici<\/a><\/p>\n\n\n\n<hr class=\"wp-block-separator has-css-opacity is-style-wide\"\/>\n\n\n\n<h2 class=\"wp-block-heading has-text-align-center\" id=\"enseignement-de-specialite-eds-llcer\">Enseignement de sp\u00e9cialit\u00e9 EDS LLCER<\/h2>\n\n\n\n<div class=\"wp-block-columns is-layout-flex wp-container-core-columns-is-layout-abceabcf wp-block-columns-is-layout-flex\">\n<div class=\"wp-block-column is-layout-flow wp-block-column-is-layout-flow\">\n<h3 class=\"wp-block-heading\" id=\"premiere\">Premi\u00e8re<\/h3>\n\n\n\n<p class=\"has-vivid-red-color has-white-background-color has-text-color has-background\"><strong>NOUVEAUTE pour l&rsquo;EDS abandonn\u00e9 &gt; Contr\u00f4le continu (moyenne des moyennes)<\/strong>. Une \u00e9preuve ponctuelle peut \u00eatre organis\u00e9e si la moyenne de l&rsquo;\u00e9l\u00e8ve n&rsquo;est pas significative.<\/p>\n\n\n\n<h4 class=\"wp-block-heading\" id=\"anciennes-modalites-de-l-epreuve-si-abandon-de-l-enseignement-de-specialite\"><a rel=\"noreferrer noopener\" href=\"https:\/\/eduscol.education.fr\/document\/53259\/download\" target=\"_blank\">Grille d&rsquo;\u00e9valuation 1\u00e8re<\/a><\/h4>\n<\/div>\n\n\n\n<div class=\"wp-block-column is-layout-flow wp-block-column-is-layout-flow\">\n<h3 class=\"wp-block-heading\" id=\"terminale\">Terminale<\/h3>\n\n\n\n<p>Une \u00e9preuve \u00e9crite et une \u00e9preuve orale<\/p>\n\n\n\n<p>3 \u0153uvres int\u00e9grales (dont 2 \u0153uvres litt\u00e9raires et imp\u00e9rativement 1 \u0153uvre filmique), \u00e0 raison d&rsquo;1 \u0153uvre par th\u00e9matique, doivent \u00eatre \u00e9tudi\u00e9es pendant l\u2019ann\u00e9e et obligatoirement choisies par les professeurs dans le programme limitatif.<\/p>\n\n\n\n<h4 class=\"wp-block-heading\" id=\"modalites-des-epreuves-de-specialite-en-tle\"><a href=\"https:\/\/eduscol.education.fr\/document\/52914\/download\" target=\"_blank\" rel=\"noreferrer noopener\">Modalit\u00e9s des \u00e9preuves de sp\u00e9cialit\u00e9 en Tle<\/a><\/h4>\n\n\n\n<h4 class=\"wp-block-heading\" id=\"grille-d-evaluation-ee-eo\"><a href=\"https:\/\/eduscol.education.fr\/document\/53262\/download\" target=\"_blank\" rel=\"noreferrer noopener\">Grille d&rsquo;\u00e9valuation Tle<\/a><\/h4>\n\n\n\n<p><\/p>\n<\/div>\n<\/div>\n\n\n\n<hr class=\"wp-block-separator has-css-opacity\"\/>\n\n\n\n<h3 class=\"wp-block-heading has-text-align-center\">Annales des \u00e9preuves du Baccalaur\u00e9at LLCER Espagnol<\/h3>\n\n\n\n<p>Pour la session 2021 du baccalaur\u00e9at g\u00e9n\u00e9ral et technologique, les \u00e9preuves des enseignements de sp\u00e9cialit\u00e9 ont \u00e9t\u00e9 am\u00e9nag\u00e9es en raison du contexte sanitaire. Ainsi, deux sujets au choix ont \u00e9t\u00e9 propos\u00e9s pour certains enseignements afin de tenir compte des conditions particuli\u00e8res de pr\u00e9paration.&nbsp;<\/p>\n\n\n\n<p>Les \u00e9preuves normales, s&rsquo;agissant des enseignements de sp\u00e9cialit\u00e9,&nbsp;correspondent aux \u00e9preuves initialement pr\u00e9vues au mois de mars, finalement annul\u00e9es et aux \u00e9preuves du mois de juin pr\u00e9sent\u00e9es par les candidats individuels.<\/p>\n\n\n\n<p>Tous les sujets sur Eduscol <a rel=\"noreferrer noopener\" href=\"https:\/\/eduscol.education.fr\/3067\/annales-des-epreuves-du-baccalaureat\" target=\"_blank\">en cliquant ici<\/a><\/p>\n\n\n\n<hr class=\"wp-block-separator has-alpha-channel-opacity\"\/>\n\n\n\n<h3 class=\"wp-block-heading has-black-color has-white-background-color has-text-color has-background\" id=\"epreuve-orale-de-controle\">Epreuve orale de contr\u00f4le<\/h3>\n\n\n\n<p>Le candidat est re\u00e7u s&rsquo;il obtient au moins, \u00e0 l&rsquo;issue de ces oraux, une note moyenne de 10\/20 \u00e0 l&rsquo;ensemble des \u00e9preuves. <strong>Si les notes obtenues \u00e0 l\u2019oral sont sup\u00e9rieures aux notes initiales obtenues \u00e0 l\u2019\u00e9crit dans ces enseignements, elles s\u2019y substituent<\/strong> et le jury recalcule la note globale \u00e0 l\u2019examen en tenant compte de la meilleure note dans chaque enseignement.<\/p>\n\n\n\n<p>Un certificat de fin d&rsquo;\u00e9tudes secondaires (C.F.E.S.) est d\u00e9livr\u00e9 aux candidats ajourn\u00e9s \u00e0 l&rsquo;issue des \u00e9preuves du second groupe.<\/p>\n\n\n\n<p class=\"has-vivid-red-color has-text-color\"><strong>Enseignement de sp\u00e9cialit\u00e9 LLCER ESPAGNOL : \u00c9preuve orale de contr\u00f4le<\/strong><\/p>\n\n\n\n<p>Dur\u00e9e : 20 minutes. Temps de pr\u00e9paration : 20 minutes.<\/p>\n\n\n\n<p>L&rsquo;\u00e9valuation prend appui sur un document d\u00e9couvert par le candidat au moment de l&rsquo;\u00e9preuve. Ce document se rapporte \u00e0 l&rsquo;une des th\u00e9matiques du programme et peut relever de genres tr\u00e8s diff\u00e9rents (image publicitaire, dessin humoristique, photographie, reproduction d&rsquo;une \u0153uvre plastique, slogan, titre d&rsquo;article de presse, question invitant le candidat \u00e0 prendre position sur un sujet d&rsquo;actualit\u00e9 ou un ph\u00e9nom\u00e8ne de soci\u00e9t\u00e9, etc.).<\/p>\n\n\n\n<p>L&rsquo;examinateur propose au candidat deux documents. Chaque document est en lien avec une des th\u00e9matiques du cycle terminal. Le candidat choisit l&rsquo;un de ces documents et dispose ensuite de 20 minutes pour organiser ses id\u00e9es et pr\u00e9parer son propos. Le document, qui ne donne pas lieu \u00e0 un commentaire formel, doit permettre au candidat de prendre la parole librement. Cette prise de parole en continu, qui n&rsquo;exc\u00e8de pas 10 minutes, sert d&rsquo;amorce \u00e0 une conversation conduite par l&rsquo;examinateur, qui prend notamment appui sur l&rsquo;expos\u00e9 du candidat. Cette phase d&rsquo;interaction n&rsquo;exc\u00e8de pas 10 minutes. Pour chaque candidat, l&rsquo;examinateur conduit son \u00e9valuation \u00e0 partir de la fiche d&rsquo;\u00e9valuation et de notation <a href=\"https:\/\/cache.media.education.gouv.fr\/file\/SPE6-MENJS-31-7-2020\/42\/6\/spe311_annexe_OK_1313426.pdf\">ici<\/a>.<\/p>\n\n\n\n<p>Les \u00e9l\u00e8ves obtenant une note \u00e9gale ou sup\u00e9rieure \u00e0 8 et inf\u00e9rieure \u00e0 10 sur 20 \u00e0 la premi\u00e8re s\u00e9rie d\u2019\u00e9preuves du baccalaur\u00e9at peuvent demander un rattrapage. Il consiste en <strong>deux \u00e9preuves orales<\/strong>. Le candidat est interrog\u00e9 dans les enseignements qui ont fait l\u2019objet d\u2019une \u00e9preuve terminale \u00e9crite : <strong>fran\u00e7ais, philosophie, et les deux enseignements de sp\u00e9cialit\u00e9 suivis en terminale<\/strong>.<\/p>\n\n\n\n<hr class=\"wp-block-separator has-css-opacity is-style-wide\"\/>\n\n\n\n<h3 class=\"wp-block-heading has-text-align-center has-vivid-cyan-blue-color has-text-color\" id=\"anciennes-modalites\">Anciennes modalit\u00e9s<\/h3>\n\n\n\n<hr class=\"wp-block-separator has-css-opacity is-style-wide\"\/>\n\n\n\n<p class=\"has-text-align-center has-black-color has-cyan-bluish-gray-background-color has-text-color has-background\"><strong>Ci-dessous, les modalit\u00e9s et grilles d&rsquo;\u00e9valuation pour les \u00e9preuves communes (avant 2021) du tronc commun (EC1-2-3)<\/strong><\/p>\n\n\n\n<hr class=\"wp-block-separator has-css-opacity\"\/>\n\n\n\n<hr class=\"wp-block-separator has-css-opacity\"\/>\n\n\n\n<h4 class=\"wp-block-heading has-text-align-center\" id=\"modalites-des-evaluations-communes-avant-la-rentree-2021\"><a rel=\"noreferrer noopener\" href=\"https:\/\/www.education.gouv.fr\/bo\/20\/Special7\/MENE2019489N.htm\" target=\"_blank\">Modalit\u00e9s des \u00e9valuations communes<\/a> (avant la rentr\u00e9e 2021)<\/h4>\n\n\n\n<h4 class=\"wp-block-heading has-text-align-center\" id=\"grilles-d-evaluation-des-ec\"><a href=\"https:\/\/cache.media.education.gouv.fr\/file\/SPE6-MENJS-31-7-2020\/42\/8\/spe474_annexe_OK_1313428.pdf\" target=\"_blank\" rel=\"noreferrer noopener\">Grilles d&rsquo;\u00e9valuation des EC<\/a><\/h4>\n\n\n\n<h4 class=\"wp-block-heading has-text-align-center\" id=\"tutoriel-video-presentation-et-utilisation-des-grilles\"><a href=\"https:\/\/langues.ac-versailles.fr\/spip.php?article1048\" target=\"_blank\" rel=\"noreferrer noopener\">Tutoriel vid\u00e9o : pr\u00e9sentation et utilisation des grilles<\/a><\/h4>\n\n\n\n<hr class=\"wp-block-separator has-css-opacity is-style-wide\"\/>\n\n\n\n<h4 class=\"wp-block-heading has-text-align-center\" id=\"modalites-d-organisation-de-l-examen-du-baccalaureat-general-et-technologique-de-la-session-2021-pour-l-annee-scolaire-2020-2021-dans-le-contexte-de-l-epidemie-de-covid-19\"><a href=\"https:\/\/www.education.gouv.fr\/bo\/21\/Hebdo23\/MENE2117192N.htm\" target=\"_blank\" rel=\"noreferrer noopener\">Modalit\u00e9s d&rsquo;organisation de l&rsquo;examen du baccalaur\u00e9at g\u00e9n\u00e9ral et technologique de la session 2021, pour l&rsquo;ann\u00e9e scolaire 2020-2021, dans le contexte de l&rsquo;\u00e9pid\u00e9mie de Covid-19<\/a><\/h4>\n\n\n\n<hr class=\"wp-block-separator has-css-opacity\"\/>\n\n\n\n<h4 class=\"wp-block-heading has-text-align-center\" id=\"sujets-zero-et-specimens\"><a href=\"https:\/\/eduscol.education.fr\/1987\/sujets-zero-et-specimens-pour-le-baccalaureat-gt\" target=\"_blank\" rel=\"noreferrer noopener\">Sujets z\u00e9ro et sp\u00e9cimens<\/a><\/h4>\n\n\n\n<hr class=\"wp-block-separator has-css-opacity is-style-wide\"\/>\n","protected":false},"excerpt":{"rendered":"<p>Les \u00e9preuves communes du Baccalaur\u00e9at (EC1, EC2, EC3) sont remplac\u00e9es par le contr\u00f4le continu en langues vivantes. Rentr\u00e9e 2023 &#8211; Nouvelles modalit\u00e9s du Baccalaur\u00e9at \u00c9preuves de sp\u00e9cialit\u00e9 Les \u00e9preuves se [&hellip;]<\/p>\n","protected":false},"author":70,"featured_media":0,"parent":0,"menu_order":0,"comment_status":"closed","ping_status":"closed","template":"","meta":{"footnotes":""},"class_list":["post-2171","page","type-page","status-publish","hentry"],"_links":{"self":[{"href":"https:\/\/site.ac-martinique.fr\/espagnol\/index.php?rest_route=\/wp\/v2\/pages\/2171","targetHints":{"allow":["GET"]}}],"collection":[{"href":"https:\/\/site.ac-martinique.fr\/espagnol\/index.php?rest_route=\/wp\/v2\/pages"}],"about":[{"href":"https:\/\/site.ac-martinique.fr\/espagnol\/index.php?rest_route=\/wp\/v2\/types\/page"}],"author":[{"embeddable":true,"href":"https:\/\/site.ac-martinique.fr\/espagnol\/index.php?rest_route=\/wp\/v2\/users\/70"}],"replies":[{"embeddable":true,"href":"https:\/\/site.ac-martinique.fr\/espagnol\/index.php?rest_route=%2Fwp%2Fv2%2Fcomments&post=2171"}],"version-history":[{"count":41,"href":"https:\/\/site.ac-martinique.fr\/espagnol\/index.php?rest_route=\/wp\/v2\/pages\/2171\/revisions"}],"predecessor-version":[{"id":3502,"href":"https:\/\/site.ac-martinique.fr\/espagnol\/index.php?rest_route=\/wp\/v2\/pages\/2171\/revisions\/3502"}],"wp:attachment":[{"href":"https:\/\/site.ac-martinique.fr\/espagnol\/index.php?rest_route=%2Fwp%2Fv2%2Fmedia&parent=2171"}],"curies":[{"name":"wp","href":"https:\/\/api.w.org\/{rel}","templated":true}]}}