{"id":2175,"date":"2021-04-24T01:35:35","date_gmt":"2021-04-24T00:35:35","guid":{"rendered":"https:\/\/site.ac-martinique.fr\/espagnol\/?page_id=2175"},"modified":"2025-09-01T20:43:50","modified_gmt":"2025-09-01T19:43:50","slug":"paf","status":"publish","type":"page","link":"https:\/\/site.ac-martinique.fr\/espagnol\/?page_id=2175","title":{"rendered":"PAF &#8211; Plan acad\u00e9mique de formation"},"content":{"rendered":"\n<p>Le Plan Acad\u00e9mique de Formation (<strong>PAF<\/strong>) pour l&rsquo;ann\u00e9e scolaire 2025\/2026 a \u00e9t\u00e9 publi\u00e9.<\/p>\n\n\n\n<p>Les inscriptions sont ouvertes du&nbsp;<strong>30 juin au 26 septembre 2025<\/strong>&nbsp;pour les dispositifs \u00e0 candidature individuelle.<\/p>\n\n\n\n<h4 class=\"wp-block-heading\">Dispositifs du PAF Espagnol<\/h4>\n\n\n\n<ul class=\"wp-block-list\">\n<li class=\"has-vivid-cyan-blue-color has-text-color has-link-color wp-elements-2cf858932a4695a43887c42c0b935f16\"><strong>25A0310209 : D\u00e9marrer avec ELEA<\/strong><\/li>\n\n\n\n<li class=\"has-vivid-purple-color has-text-color has-link-color wp-elements-445dc507711a9ca8ecf671b3a407e5c5\"><strong>25A0310251 : L\u2019\u00e9valuation en classe d\u2019Espagnol<\/strong><\/li>\n\n\n\n<li class=\"has-vivid-cyan-blue-color has-text-color has-link-color wp-elements-7d6b446b1a374df320a8615d8f7d7f07\"><strong>25A0310252 : Le travail de groupes<\/strong><\/li>\n\n\n\n<li class=\"has-vivid-purple-color has-text-color has-link-color wp-elements-ff1a61287cc2226362b4560c632c4768\"><strong>25A0310258 : Les nouveaux programmes<\/strong>\n<ul class=\"wp-block-list\">\n<li><strong>Module 39252 : Nouveaux programmes Coll\u00e8ge<\/strong><\/li>\n\n\n\n<li><strong>Module 39253 : Nouveaux programmes Lyc\u00e9e<\/strong><\/li>\n<\/ul>\n<\/li>\n\n\n\n<li class=\"has-vivid-cyan-blue-color has-text-color has-link-color wp-elements-64e9bba1b4efe5e1f8025e310009850e\"><strong>25A0310260 : Outils num\u00e9riques en classe d\u2019Espagnol<\/strong>\n<ul class=\"wp-block-list\">\n<li><strong>Module 39256 : Initiation webradio<\/strong><\/li>\n\n\n\n<li><strong>Module 39257 : Perfectionnement webradi<\/strong>o<\/li>\n\n\n\n<li><strong>Module 39257 : Intelligence artificielle<\/strong><\/li>\n\n\n\n<li><strong>Module 39257 : Utilisation de La Digitale<\/strong><\/li>\n<\/ul>\n<\/li>\n\n\n\n<li class=\"has-vivid-purple-color has-text-color has-link-color wp-elements-ed3e8ebb43f89d174e2a5d4802dc5797\"><strong>25A0310257 : Professionnalisation<\/strong><\/li>\n\n\n\n<li class=\"has-vivid-cyan-blue-color has-text-color has-link-color wp-elements-319b6b3b4c3b4c3c9eeecea88041157e\"><strong>25A0310253 : DNL<\/strong>\n<ul class=\"wp-block-list\">\n<li><strong>Module 39246 : Pr\u00e9paration \u00e0 la certification<\/strong><\/li>\n\n\n\n<li><strong>Module 39247 : Renforcement linguistique<\/strong><\/li>\n<\/ul>\n<\/li>\n\n\n\n<li class=\"has-vivid-purple-color has-text-color has-link-color wp-elements-12aed105d477d8de9725c3b927ea47ee\"><strong>25A0310283 : Pr\u00e9pa concours, Agr\u00e9gation interne<\/strong>\n<ul class=\"wp-block-list\">\n<li><strong>Module 39320 : Pr\u00e9paration \u00e9preuves \u00e9crites<\/strong><\/li>\n\n\n\n<li><strong>Module 39321 : Pr\u00e9paration \u00e9preuves orales<\/strong><\/li>\n<\/ul>\n<\/li>\n\n\n\n<li class=\"has-vivid-cyan-blue-color has-text-color has-link-color wp-elements-b780500552074ab6d7105eb9bbc0a779\"><strong>25A0310254 : Pr\u00e9pa concours, CAPES\/CAPLP<\/strong><\/li>\n<\/ul>\n\n\n\n<p><\/p>\n\n\n\n<h2 class=\"wp-block-heading\">D\u00e9tails des dispositifs<\/h2>\n\n\n\n<ul class=\"wp-block-list\">\n<li><strong>25A0310209 : D\u00e9marrer avec ELEA<\/strong>\n<ul class=\"wp-block-list\">\n<li>6h, \u00e0 distance<\/li>\n<\/ul>\n<\/li>\n\n\n\n<li><strong>25A0310251 : L\u2019\u00e9valuation en classe d\u2019Espagnol<\/strong>\n<ul class=\"wp-block-list\">\n<li>9h en pr\u00e9sentiel<\/li>\n\n\n\n<li>Dates pr\u00e9visionnelles : 18\/11\/2025, 02\/12\/2025, 06\/01\/2026<\/li>\n<\/ul>\n<\/li>\n\n\n\n<li><strong>25A0310252 : Le travail de groupes<\/strong>\n<ul class=\"wp-block-list\">\n<li>6h, Hybride<\/li>\n\n\n\n<li>Dates pr\u00e9visionnelles : 20-27\/01\/2025<\/li>\n<\/ul>\n<\/li>\n\n\n\n<li><strong>25A0310258 : Les nouveaux programmes<\/strong>\n<ul class=\"wp-block-list\">\n<li><strong>Module 39252 : Nouveaux programmes Coll\u00e8ge<\/strong>\n<ul class=\"wp-block-list\">\n<li>3h en pr\u00e9sentiel<\/li>\n\n\n\n<li>Date pr\u00e9visionnelle : 07\/10\/2025<\/li>\n\n\n\n<li><strong>Module 39253 : Nouveaux programmes Lyc\u00e9e<\/strong>\n<ul class=\"wp-block-list\">\n<li>3h en pr\u00e9sentiel<\/li>\n\n\n\n<li>Date pr\u00e9visionnelle : 14\/10\/2025<\/li>\n<\/ul>\n<\/li>\n<\/ul>\n<\/li>\n<\/ul>\n<\/li>\n\n\n\n<li><strong>25A0310260 : Outils num\u00e9riques en classe d\u2019Espagnol<\/strong>\n<ul class=\"wp-block-list\">\n<li><strong>Module 39256 : Initiation webradio<\/strong>\n<ul class=\"wp-block-list\">\n<li>3h \u00e0 distance<\/li>\n\n\n\n<li>Date pr\u00e9visionnelle : 04\/11\/2025<\/li>\n<\/ul>\n<\/li>\n\n\n\n<li><strong>Module 39257 : Perfectionnement webradi<\/strong>o\n<ul class=\"wp-block-list\">\n<li>3h en pr\u00e9sentiel<\/li>\n\n\n\n<li>Date pr\u00e9visionnelle : 13\/01\/2026<\/li>\n<\/ul>\n<\/li>\n\n\n\n<li><strong>Module 39257 : Intelligence artificielle<\/strong>\n<ul class=\"wp-block-list\">\n<li>6h, hybride<\/li>\n\n\n\n<li>Date pr\u00e9visionnelle : 25\/11\/25, 09\/12\/25<\/li>\n<\/ul>\n<\/li>\n\n\n\n<li><strong>Module 39257 : Utilisation de La Digitale<\/strong>\n<ul class=\"wp-block-list\">\n<li>3h \u00e0 distance<\/li>\n\n\n\n<li>Date pr\u00e9visionnelle : 03\/03\/2026<\/li>\n<\/ul>\n<\/li>\n<\/ul>\n<\/li>\n\n\n\n<li><strong>25A0310257 : Professionnalisation<\/strong>\n<ul class=\"wp-block-list\">\n<li>18h en pr\u00e9sentiel<\/li>\n\n\n\n<li>Dates pr\u00e9visionnelles : 30\/09\/2025, 04-25\/11\/2025, 09\/12\/2025, 13\/01\/2026, 3\/03\/2026<\/li>\n<\/ul>\n<\/li>\n\n\n\n<li><strong>25A0310253 : DNL<\/strong>\n<ul class=\"wp-block-list\">\n<li><strong>Module 39246 : Pr\u00e9paration \u00e0 la certification<\/strong>\n<ul class=\"wp-block-list\">\n<li>12h, hybride<\/li>\n\n\n\n<li>Dates pr\u00e9visionnelles : 26\/11\/25, 10\/12\/25, 21\/01\/26, 11\/03\/26<\/li>\n\n\n\n<li><strong>Module 39247 : Renforcement linguistique<\/strong>\n<ul class=\"wp-block-list\">\n<li>24h, hybride<\/li>\n\n\n\n<li>Dates pr\u00e9visionnelles : 05-12-19\/11\/2025, 03\/12\/25, 07-14-28\/01\/26, 25\/02\/26<\/li>\n<\/ul>\n<\/li>\n<\/ul>\n<\/li>\n<\/ul>\n<\/li>\n\n\n\n<li><strong>25A0310283 : Pr\u00e9pa concours, Agr\u00e9gation interne<\/strong>\n<ul class=\"wp-block-list\">\n<li><strong>Module 39320 : Pr\u00e9paration \u00e9preuves \u00e9crites<\/strong>\n<ul class=\"wp-block-list\">\n<li>48h, hybride<\/li>\n\n\n\n<li>Dates pr\u00e9visionnelles : 20-27\/09\/2025, 04-11-18\/10\/2025, 08-15-22-29\/11\/2025, 06-13\/12\/2025, 10\/01\/2026<\/li>\n\n\n\n<li><strong>Module 39321 : Pr\u00e9paration \u00e9preuves orales<\/strong>\n<ul class=\"wp-block-list\">\n<li>15h, hybride<\/li>\n\n\n\n<li>Dates pr\u00e9visionnelles : 28\/02\/2026, 07-14-21-28\/03\/2026<\/li>\n<\/ul>\n<\/li>\n<\/ul>\n<\/li>\n<\/ul>\n<\/li>\n\n\n\n<li><strong>25A0310254 : Pr\u00e9pa concours, CAPES\/CAPLP<\/strong>\n<ul class=\"wp-block-list\">\n<li>12h, hybride<\/li>\n<\/ul>\n<\/li>\n<\/ul>\n\n\n\n<hr class=\"wp-block-separator has-alpha-channel-opacity\"\/>\n\n\n\n<h2 class=\"wp-block-heading\">Le PAF pour l\u2019Espagnol<\/h2>\n\n\n\n<p><object data=\"https:\/\/site.ac-martinique.fr\/espagnol\/wp-content\/uploads\/sites\/14\/2025\/07\/PAF-2D-ESPAGNOL-2526.pdf\" type=\"application\/pdf\"><\/object><a href=\"https:\/\/site.ac-martinique.fr\/espagnol\/wp-content\/uploads\/sites\/14\/2025\/07\/PAF-2D-ESPAGNOL-2526.pdf\" target=\"_blank\" rel=\"noreferrer noopener\">PAF 2D ESPAGNOL 25:26<\/a><\/p>\n\n\n\n<h2 class=\"wp-block-heading\">Le PAF complet<\/h2>\n\n\n\n<p><object data=\"https:\/\/site.ac-martinique.fr\/espagnol\/wp-content\/uploads\/sites\/14\/2025\/07\/PAF-2D-2526.pdf\" type=\"application\/pdf\"><\/object><a href=\"https:\/\/site.ac-martinique.fr\/espagnol\/wp-content\/uploads\/sites\/14\/2025\/07\/PAF-2D-2526.pdf\">PAF 2D \u2013 25:26<\/a><a href=\"https:\/\/site.ac-martinique.fr\/espagnol\/wp-content\/uploads\/sites\/14\/2025\/07\/PAF-2D-2526.pdf\">T\u00e9l\u00e9charger<\/a><\/p>\n\n\n\n<h2 class=\"wp-block-heading\">Le PAF transverse<\/h2>\n\n\n\n<p><object data=\"https:\/\/site.ac-martinique.fr\/espagnol\/wp-content\/uploads\/sites\/14\/2025\/07\/PAF-Transverse.pdf\" type=\"application\/pdf\"><\/object><a href=\"https:\/\/site.ac-martinique.fr\/espagnol\/wp-content\/uploads\/sites\/14\/2025\/07\/PAF-Transverse.pdf\">PAF Transverse<\/a><a href=\"https:\/\/site.ac-martinique.fr\/espagnol\/wp-content\/uploads\/sites\/14\/2025\/07\/PAF-Transverse.pdf\">T\u00e9l\u00e9charger<\/a><\/p>\n\n\n\n<h2 class=\"wp-block-heading\">Tutoriel d\u2019inscription<\/h2>\n\n\n\n<p><object data=\"https:\/\/site.ac-martinique.fr\/espagnol\/wp-content\/uploads\/sites\/14\/2025\/07\/tutoriel-pour-l-inscription-individuelle-aux-actions-de-formation-17398.pdf\" type=\"application\/pdf\"><\/object><a href=\"https:\/\/site.ac-martinique.fr\/espagnol\/wp-content\/uploads\/sites\/14\/2025\/07\/tutoriel-pour-l-inscription-individuelle-aux-actions-de-formation-17398.pdf\">tutoriel-pour-l-inscription-individuelle-aux-actions-de-formation-17398<\/a><a href=\"https:\/\/site.ac-martinique.fr\/espagnol\/wp-content\/uploads\/sites\/14\/2025\/07\/tutoriel-pour-l-inscription-individuelle-aux-actions-de-formation-17398.pdf\">T\u00e9l\u00e9charger<\/a><\/p>\n\n\n\n<hr class=\"wp-block-separator has-alpha-channel-opacity\"\/>\n\n\n\n<h2 class=\"wp-block-heading\">Archives<\/h2>\n\n\n\n<h4 class=\"wp-block-heading\">PAF 2024\/2025<\/h4>\n\n\n\n<div style=\"width: 100%;\"><div style=\"position: relative; padding-bottom: 56.25%; padding-top: 0; height: 0;\"><iframe loading=\"lazy\" title=\"PAF ESPAGNOL 24\/25\" frameborder=\"0\" width=\"1200px\" height=\"675px\" style=\"position: absolute; top: 0; left: 0; width: 100%; height: 100%;\" src=\"https:\/\/view.genially.com\/66858955cd605600148c3faa\" type=\"text\/html\" allowscriptaccess=\"always\" allowfullscreen=\"true\" scrolling=\"yes\" allownetworking=\"all\"><\/iframe> <\/div> <\/div>\n\n\n\n<h3 class=\"wp-block-heading\">Les diff\u00e9rents dispositifs pour l&rsquo;ann\u00e9e scolaire 2024\/2025<\/h3>\n\n\n\n<figure class=\"wp-block-gallery has-nested-images columns-default is-cropped wp-block-gallery-1 is-layout-flex wp-block-gallery-is-layout-flex\">\n<figure class=\"wp-block-image size-large\"><a href=\"https:\/\/site.ac-martinique.fr\/espagnol\/wp-content\/uploads\/sites\/14\/2024\/07\/Diff-peda.png\" target=\"_blank\" rel=\"noreferrer noopener\"><img loading=\"lazy\" decoding=\"async\" width=\"1024\" height=\"762\" data-id=\"3353\" src=\"https:\/\/site.ac-martinique.fr\/espagnol\/wp-content\/uploads\/sites\/14\/2024\/07\/Diff-peda-1024x762.png\" alt=\"\" class=\"wp-image-3353\" srcset=\"https:\/\/site.ac-martinique.fr\/espagnol\/wp-content\/uploads\/sites\/14\/2024\/07\/Diff-peda-1024x762.png 1024w, https:\/\/site.ac-martinique.fr\/espagnol\/wp-content\/uploads\/sites\/14\/2024\/07\/Diff-peda-300x223.png 300w, https:\/\/site.ac-martinique.fr\/espagnol\/wp-content\/uploads\/sites\/14\/2024\/07\/Diff-peda-768x572.png 768w, https:\/\/site.ac-martinique.fr\/espagnol\/wp-content\/uploads\/sites\/14\/2024\/07\/Diff-peda-750x558.png 750w, https:\/\/site.ac-martinique.fr\/espagnol\/wp-content\/uploads\/sites\/14\/2024\/07\/Diff-peda.png 1464w\" sizes=\"auto, (max-width: 1024px) 100vw, 1024px\" \/><\/a><\/figure>\n\n\n\n<figure class=\"wp-block-image size-large\"><a href=\"https:\/\/site.ac-martinique.fr\/espagnol\/wp-content\/uploads\/sites\/14\/2024\/07\/Evaluation.png\" target=\"_blank\" rel=\"noreferrer noopener\"><img loading=\"lazy\" decoding=\"async\" width=\"1024\" height=\"795\" data-id=\"3348\" src=\"https:\/\/site.ac-martinique.fr\/espagnol\/wp-content\/uploads\/sites\/14\/2024\/07\/Evaluation-1024x795.png\" alt=\"\" class=\"wp-image-3348\" srcset=\"https:\/\/site.ac-martinique.fr\/espagnol\/wp-content\/uploads\/sites\/14\/2024\/07\/Evaluation-1024x795.png 1024w, https:\/\/site.ac-martinique.fr\/espagnol\/wp-content\/uploads\/sites\/14\/2024\/07\/Evaluation-300x233.png 300w, https:\/\/site.ac-martinique.fr\/espagnol\/wp-content\/uploads\/sites\/14\/2024\/07\/Evaluation-768x596.png 768w, https:\/\/site.ac-martinique.fr\/espagnol\/wp-content\/uploads\/sites\/14\/2024\/07\/Evaluation-750x582.png 750w, https:\/\/site.ac-martinique.fr\/espagnol\/wp-content\/uploads\/sites\/14\/2024\/07\/Evaluation.png 1464w\" sizes=\"auto, (max-width: 1024px) 100vw, 1024px\" \/><\/a><\/figure>\n\n\n\n<figure class=\"wp-block-image size-large\"><a href=\"https:\/\/site.ac-martinique.fr\/espagnol\/wp-content\/uploads\/sites\/14\/2024\/07\/Professionnalisation.png\" target=\"_blank\" rel=\"noreferrer noopener\"><img loading=\"lazy\" decoding=\"async\" width=\"1024\" height=\"841\" data-id=\"3347\" src=\"https:\/\/site.ac-martinique.fr\/espagnol\/wp-content\/uploads\/sites\/14\/2024\/07\/Professionnalisation-1024x841.png\" alt=\"\" class=\"wp-image-3347\" srcset=\"https:\/\/site.ac-martinique.fr\/espagnol\/wp-content\/uploads\/sites\/14\/2024\/07\/Professionnalisation-1024x841.png 1024w, https:\/\/site.ac-martinique.fr\/espagnol\/wp-content\/uploads\/sites\/14\/2024\/07\/Professionnalisation-300x246.png 300w, https:\/\/site.ac-martinique.fr\/espagnol\/wp-content\/uploads\/sites\/14\/2024\/07\/Professionnalisation-768x631.png 768w, https:\/\/site.ac-martinique.fr\/espagnol\/wp-content\/uploads\/sites\/14\/2024\/07\/Professionnalisation-750x616.png 750w, https:\/\/site.ac-martinique.fr\/espagnol\/wp-content\/uploads\/sites\/14\/2024\/07\/Professionnalisation.png 1464w\" sizes=\"auto, (max-width: 1024px) 100vw, 1024px\" \/><\/a><\/figure>\n\n\n\n<figure class=\"wp-block-image size-large\"><a href=\"https:\/\/site.ac-martinique.fr\/espagnol\/wp-content\/uploads\/sites\/14\/2024\/07\/BTS.png\" target=\"_blank\" rel=\"noreferrer noopener\"><img loading=\"lazy\" decoding=\"async\" width=\"1024\" height=\"832\" data-id=\"3352\" src=\"https:\/\/site.ac-martinique.fr\/espagnol\/wp-content\/uploads\/sites\/14\/2024\/07\/BTS-1024x832.png\" alt=\"\" class=\"wp-image-3352\" srcset=\"https:\/\/site.ac-martinique.fr\/espagnol\/wp-content\/uploads\/sites\/14\/2024\/07\/BTS-1024x832.png 1024w, https:\/\/site.ac-martinique.fr\/espagnol\/wp-content\/uploads\/sites\/14\/2024\/07\/BTS-300x244.png 300w, https:\/\/site.ac-martinique.fr\/espagnol\/wp-content\/uploads\/sites\/14\/2024\/07\/BTS-768x624.png 768w, https:\/\/site.ac-martinique.fr\/espagnol\/wp-content\/uploads\/sites\/14\/2024\/07\/BTS-750x610.png 750w, https:\/\/site.ac-martinique.fr\/espagnol\/wp-content\/uploads\/sites\/14\/2024\/07\/BTS.png 1464w\" sizes=\"auto, (max-width: 1024px) 100vw, 1024px\" \/><\/a><\/figure>\n\n\n\n<figure class=\"wp-block-image size-large\"><a href=\"https:\/\/site.ac-martinique.fr\/espagnol\/wp-content\/uploads\/sites\/14\/2024\/07\/LP.png\" target=\"_blank\" rel=\"noreferrer noopener\"><img loading=\"lazy\" decoding=\"async\" width=\"1024\" height=\"846\" data-id=\"3351\" src=\"https:\/\/site.ac-martinique.fr\/espagnol\/wp-content\/uploads\/sites\/14\/2024\/07\/LP-1024x846.png\" alt=\"\" class=\"wp-image-3351\" srcset=\"https:\/\/site.ac-martinique.fr\/espagnol\/wp-content\/uploads\/sites\/14\/2024\/07\/LP-1024x846.png 1024w, https:\/\/site.ac-martinique.fr\/espagnol\/wp-content\/uploads\/sites\/14\/2024\/07\/LP-300x248.png 300w, https:\/\/site.ac-martinique.fr\/espagnol\/wp-content\/uploads\/sites\/14\/2024\/07\/LP-768x635.png 768w, https:\/\/site.ac-martinique.fr\/espagnol\/wp-content\/uploads\/sites\/14\/2024\/07\/LP-750x620.png 750w, https:\/\/site.ac-martinique.fr\/espagnol\/wp-content\/uploads\/sites\/14\/2024\/07\/LP.png 1488w\" sizes=\"auto, (max-width: 1024px) 100vw, 1024px\" \/><\/a><\/figure>\n\n\n\n<figure class=\"wp-block-image size-large\"><a href=\"https:\/\/site.ac-martinique.fr\/espagnol\/wp-content\/uploads\/sites\/14\/2024\/07\/travail-de-groupes.png\" target=\"_blank\" rel=\"noreferrer noopener\"><img loading=\"lazy\" decoding=\"async\" width=\"1024\" height=\"816\" data-id=\"3349\" src=\"https:\/\/site.ac-martinique.fr\/espagnol\/wp-content\/uploads\/sites\/14\/2024\/07\/travail-de-groupes-1024x816.png\" alt=\"\" class=\"wp-image-3349\" srcset=\"https:\/\/site.ac-martinique.fr\/espagnol\/wp-content\/uploads\/sites\/14\/2024\/07\/travail-de-groupes-1024x816.png 1024w, https:\/\/site.ac-martinique.fr\/espagnol\/wp-content\/uploads\/sites\/14\/2024\/07\/travail-de-groupes-300x239.png 300w, https:\/\/site.ac-martinique.fr\/espagnol\/wp-content\/uploads\/sites\/14\/2024\/07\/travail-de-groupes-768x612.png 768w, https:\/\/site.ac-martinique.fr\/espagnol\/wp-content\/uploads\/sites\/14\/2024\/07\/travail-de-groupes-750x597.png 750w, https:\/\/site.ac-martinique.fr\/espagnol\/wp-content\/uploads\/sites\/14\/2024\/07\/travail-de-groupes.png 1474w\" sizes=\"auto, (max-width: 1024px) 100vw, 1024px\" \/><\/a><\/figure>\n\n\n\n<figure class=\"wp-block-image size-large\"><a href=\"https:\/\/site.ac-martinique.fr\/espagnol\/wp-content\/uploads\/sites\/14\/2024\/07\/Renforcement-linguistique.png\" target=\"_blank\" rel=\"noreferrer noopener\"><img loading=\"lazy\" decoding=\"async\" width=\"1024\" height=\"817\" data-id=\"3346\" src=\"https:\/\/site.ac-martinique.fr\/espagnol\/wp-content\/uploads\/sites\/14\/2024\/07\/Renforcement-linguistique-1024x817.png\" alt=\"\" class=\"wp-image-3346\" srcset=\"https:\/\/site.ac-martinique.fr\/espagnol\/wp-content\/uploads\/sites\/14\/2024\/07\/Renforcement-linguistique-1024x817.png 1024w, https:\/\/site.ac-martinique.fr\/espagnol\/wp-content\/uploads\/sites\/14\/2024\/07\/Renforcement-linguistique-300x239.png 300w, https:\/\/site.ac-martinique.fr\/espagnol\/wp-content\/uploads\/sites\/14\/2024\/07\/Renforcement-linguistique-768x613.png 768w, https:\/\/site.ac-martinique.fr\/espagnol\/wp-content\/uploads\/sites\/14\/2024\/07\/Renforcement-linguistique-750x598.png 750w, https:\/\/site.ac-martinique.fr\/espagnol\/wp-content\/uploads\/sites\/14\/2024\/07\/Renforcement-linguistique.png 1464w\" sizes=\"auto, (max-width: 1024px) 100vw, 1024px\" \/><\/a><\/figure>\n\n\n\n<figure class=\"wp-block-image size-large\"><a href=\"https:\/\/site.ac-martinique.fr\/espagnol\/wp-content\/uploads\/sites\/14\/2024\/07\/ELEA-etape-1.png\" target=\"_blank\" rel=\"noreferrer noopener\"><img loading=\"lazy\" decoding=\"async\" width=\"1024\" height=\"795\" data-id=\"3345\" src=\"https:\/\/site.ac-martinique.fr\/espagnol\/wp-content\/uploads\/sites\/14\/2024\/07\/ELEA-etape-1-1024x795.png\" alt=\"\" class=\"wp-image-3345\" srcset=\"https:\/\/site.ac-martinique.fr\/espagnol\/wp-content\/uploads\/sites\/14\/2024\/07\/ELEA-etape-1-1024x795.png 1024w, https:\/\/site.ac-martinique.fr\/espagnol\/wp-content\/uploads\/sites\/14\/2024\/07\/ELEA-etape-1-300x233.png 300w, https:\/\/site.ac-martinique.fr\/espagnol\/wp-content\/uploads\/sites\/14\/2024\/07\/ELEA-etape-1-768x596.png 768w, https:\/\/site.ac-martinique.fr\/espagnol\/wp-content\/uploads\/sites\/14\/2024\/07\/ELEA-etape-1-750x582.png 750w, https:\/\/site.ac-martinique.fr\/espagnol\/wp-content\/uploads\/sites\/14\/2024\/07\/ELEA-etape-1.png 1464w\" sizes=\"auto, (max-width: 1024px) 100vw, 1024px\" \/><\/a><\/figure>\n\n\n\n<figure class=\"wp-block-image size-large\"><a href=\"https:\/\/site.ac-martinique.fr\/espagnol\/wp-content\/uploads\/sites\/14\/2024\/07\/Cervantes.png\" target=\"_blank\" rel=\"noreferrer noopener\"><img loading=\"lazy\" decoding=\"async\" width=\"1024\" height=\"849\" data-id=\"3350\" src=\"https:\/\/site.ac-martinique.fr\/espagnol\/wp-content\/uploads\/sites\/14\/2024\/07\/Cervantes-1024x849.png\" alt=\"\" class=\"wp-image-3350\" srcset=\"https:\/\/site.ac-martinique.fr\/espagnol\/wp-content\/uploads\/sites\/14\/2024\/07\/Cervantes-1024x849.png 1024w, https:\/\/site.ac-martinique.fr\/espagnol\/wp-content\/uploads\/sites\/14\/2024\/07\/Cervantes-300x249.png 300w, https:\/\/site.ac-martinique.fr\/espagnol\/wp-content\/uploads\/sites\/14\/2024\/07\/Cervantes-768x637.png 768w, https:\/\/site.ac-martinique.fr\/espagnol\/wp-content\/uploads\/sites\/14\/2024\/07\/Cervantes-750x622.png 750w, https:\/\/site.ac-martinique.fr\/espagnol\/wp-content\/uploads\/sites\/14\/2024\/07\/Cervantes.png 1474w\" sizes=\"auto, (max-width: 1024px) 100vw, 1024px\" \/><\/a><\/figure>\n<\/figure>\n\n\n\n<p><\/p>\n\n\n\n<div data-wp-interactive=\"core\/file\" class=\"wp-block-file\"><object data-wp-bind--hidden=\"!state.hasPdfPreview\" hidden class=\"wp-block-file__embed\" data=\"https:\/\/site.ac-martinique.fr\/espagnol\/wp-content\/uploads\/sites\/14\/2024\/07\/PAF-2024-2025-Espagnol.pdf\" type=\"application\/pdf\" style=\"width:100%;height:300px\" aria-label=\"Contenu embarqu\u00e9 PAF 2024 2025 Espagnol.\"><\/object><a id=\"wp-block-file--media-da992779-d85d-48b1-95e8-2fd386679a91\" href=\"https:\/\/site.ac-martinique.fr\/espagnol\/wp-content\/uploads\/sites\/14\/2024\/07\/PAF-2024-2025-Espagnol.pdf\" target=\"_blank\" rel=\"noreferrer noopener\">PAF 2024 2025 Espagnol<span class=\"fr-link__detail\">PDF \u2013 310 Ko<\/span><\/a><\/div>\n\n\n\n<p><\/p>\n\n\n\n<p><\/p>\n\n\n\n<p><\/p>\n\n\n\n<p><\/p>\n\n\n\n<h2 class=\"wp-block-heading\">Archives<\/h2>\n\n\n\n<h2 class=\"wp-block-heading\">PAF 2023\/2024<\/h2>\n\n\n\n<div style=\"width: 100%;\"><div style=\"position: relative; padding-bottom: 56.25%; padding-top: 0; height: 0;\"><iframe loading=\"lazy\" title=\"PAF Espagnol 23\/24\" frameborder=\"0\" width=\"1200\" height=\"675\" style=\"position: absolute; top: 0; left: 0; width: 100%; height: 100%;\" src=\"https:\/\/view.genial.ly\/649b667a44aa800017838574\" type=\"text\/html\" allowscriptaccess=\"always\" allowfullscreen=\"true\" scrolling=\"yes\" allownetworking=\"all\"><\/iframe> <\/div> <\/div>\n\n\n\n<h3 class=\"wp-block-heading\">Les diff\u00e9rents dispositifs pour l&rsquo;ann\u00e9e scolaire 2023\/2024<\/h3>\n\n\n\n<figure class=\"wp-block-gallery has-nested-images columns-default is-cropped wp-block-gallery-2 is-layout-flex wp-block-gallery-is-layout-flex\">\n<figure class=\"wp-block-image size-large\"><a href=\"https:\/\/site.ac-martinique.fr\/espagnol\/wp-content\/uploads\/sites\/14\/2023\/08\/PAF-Renf-ling.jpg\"><img loading=\"lazy\" decoding=\"async\" width=\"884\" height=\"726\" data-id=\"3137\" src=\"https:\/\/site.ac-martinique.fr\/espagnol\/wp-content\/uploads\/sites\/14\/2023\/08\/PAF-Renf-ling.jpg\" alt=\"\" class=\"wp-image-3137\" srcset=\"https:\/\/site.ac-martinique.fr\/espagnol\/wp-content\/uploads\/sites\/14\/2023\/08\/PAF-Renf-ling.jpg 884w, https:\/\/site.ac-martinique.fr\/espagnol\/wp-content\/uploads\/sites\/14\/2023\/08\/PAF-Renf-ling-300x246.jpg 300w, https:\/\/site.ac-martinique.fr\/espagnol\/wp-content\/uploads\/sites\/14\/2023\/08\/PAF-Renf-ling-768x631.jpg 768w, https:\/\/site.ac-martinique.fr\/espagnol\/wp-content\/uploads\/sites\/14\/2023\/08\/PAF-Renf-ling-750x616.jpg 750w\" sizes=\"auto, (max-width: 884px) 100vw, 884px\" \/><\/a><figcaption class=\"wp-element-caption\">Renforcement linguistique<\/figcaption><\/figure>\n\n\n\n<figure class=\"wp-block-image size-large\"><a href=\"https:\/\/site.ac-martinique.fr\/espagnol\/wp-content\/uploads\/sites\/14\/2023\/08\/PAF-Diff-Ped.jpg\"><img loading=\"lazy\" decoding=\"async\" width=\"970\" height=\"766\" data-id=\"3136\" src=\"https:\/\/site.ac-martinique.fr\/espagnol\/wp-content\/uploads\/sites\/14\/2023\/08\/PAF-Diff-Ped.jpg\" alt=\"\" class=\"wp-image-3136\" srcset=\"https:\/\/site.ac-martinique.fr\/espagnol\/wp-content\/uploads\/sites\/14\/2023\/08\/PAF-Diff-Ped.jpg 970w, https:\/\/site.ac-martinique.fr\/espagnol\/wp-content\/uploads\/sites\/14\/2023\/08\/PAF-Diff-Ped-300x237.jpg 300w, https:\/\/site.ac-martinique.fr\/espagnol\/wp-content\/uploads\/sites\/14\/2023\/08\/PAF-Diff-Ped-768x606.jpg 768w, https:\/\/site.ac-martinique.fr\/espagnol\/wp-content\/uploads\/sites\/14\/2023\/08\/PAF-Diff-Ped-750x592.jpg 750w\" sizes=\"auto, (max-width: 970px) 100vw, 970px\" \/><\/a><figcaption class=\"wp-element-caption\">La diff\u00e9renciation p\u00e9dagogique<\/figcaption><\/figure>\n\n\n\n<figure class=\"wp-block-image size-large\"><a href=\"https:\/\/site.ac-martinique.fr\/espagnol\/wp-content\/uploads\/sites\/14\/2023\/08\/PAF-Eval.jpg\"><img loading=\"lazy\" decoding=\"async\" width=\"963\" height=\"767\" data-id=\"3135\" src=\"https:\/\/site.ac-martinique.fr\/espagnol\/wp-content\/uploads\/sites\/14\/2023\/08\/PAF-Eval.jpg\" alt=\"\" class=\"wp-image-3135\" srcset=\"https:\/\/site.ac-martinique.fr\/espagnol\/wp-content\/uploads\/sites\/14\/2023\/08\/PAF-Eval.jpg 963w, https:\/\/site.ac-martinique.fr\/espagnol\/wp-content\/uploads\/sites\/14\/2023\/08\/PAF-Eval-300x239.jpg 300w, https:\/\/site.ac-martinique.fr\/espagnol\/wp-content\/uploads\/sites\/14\/2023\/08\/PAF-Eval-768x612.jpg 768w, https:\/\/site.ac-martinique.fr\/espagnol\/wp-content\/uploads\/sites\/14\/2023\/08\/PAF-Eval-750x597.jpg 750w\" sizes=\"auto, (max-width: 963px) 100vw, 963px\" \/><\/a><figcaption class=\"wp-element-caption\">L&rsquo;\u00e9valuation<\/figcaption><\/figure>\n\n\n\n<figure class=\"wp-block-image size-large\"><a href=\"https:\/\/site.ac-martinique.fr\/espagnol\/wp-content\/uploads\/sites\/14\/2023\/08\/PAF-Trav-gpe.jpg\"><img loading=\"lazy\" decoding=\"async\" width=\"961\" height=\"787\" data-id=\"3134\" src=\"https:\/\/site.ac-martinique.fr\/espagnol\/wp-content\/uploads\/sites\/14\/2023\/08\/PAF-Trav-gpe.jpg\" alt=\"\" class=\"wp-image-3134\" srcset=\"https:\/\/site.ac-martinique.fr\/espagnol\/wp-content\/uploads\/sites\/14\/2023\/08\/PAF-Trav-gpe.jpg 961w, https:\/\/site.ac-martinique.fr\/espagnol\/wp-content\/uploads\/sites\/14\/2023\/08\/PAF-Trav-gpe-300x246.jpg 300w, https:\/\/site.ac-martinique.fr\/espagnol\/wp-content\/uploads\/sites\/14\/2023\/08\/PAF-Trav-gpe-768x629.jpg 768w, https:\/\/site.ac-martinique.fr\/espagnol\/wp-content\/uploads\/sites\/14\/2023\/08\/PAF-Trav-gpe-750x614.jpg 750w\" sizes=\"auto, (max-width: 961px) 100vw, 961px\" \/><\/a><figcaption class=\"wp-element-caption\">Le travail de groupes<\/figcaption><\/figure>\n\n\n\n<figure class=\"wp-block-image size-large\"><a href=\"https:\/\/site.ac-martinique.fr\/espagnol\/wp-content\/uploads\/sites\/14\/2023\/08\/PAF-LP.jpg\"><img loading=\"lazy\" decoding=\"async\" width=\"855\" height=\"737\" data-id=\"3133\" src=\"https:\/\/site.ac-martinique.fr\/espagnol\/wp-content\/uploads\/sites\/14\/2023\/08\/PAF-LP.jpg\" alt=\"\" class=\"wp-image-3133\" srcset=\"https:\/\/site.ac-martinique.fr\/espagnol\/wp-content\/uploads\/sites\/14\/2023\/08\/PAF-LP.jpg 855w, https:\/\/site.ac-martinique.fr\/espagnol\/wp-content\/uploads\/sites\/14\/2023\/08\/PAF-LP-300x259.jpg 300w, https:\/\/site.ac-martinique.fr\/espagnol\/wp-content\/uploads\/sites\/14\/2023\/08\/PAF-LP-768x662.jpg 768w, https:\/\/site.ac-martinique.fr\/espagnol\/wp-content\/uploads\/sites\/14\/2023\/08\/PAF-LP-750x646.jpg 750w\" sizes=\"auto, (max-width: 855px) 100vw, 855px\" \/><\/a><figcaption class=\"wp-element-caption\">Enseigner en LP<\/figcaption><\/figure>\n\n\n\n<figure class=\"wp-block-image size-large\"><a href=\"https:\/\/site.ac-martinique.fr\/espagnol\/wp-content\/uploads\/sites\/14\/2023\/08\/PAF-BTS.jpg\"><img loading=\"lazy\" decoding=\"async\" width=\"857\" height=\"720\" data-id=\"3132\" src=\"https:\/\/site.ac-martinique.fr\/espagnol\/wp-content\/uploads\/sites\/14\/2023\/08\/PAF-BTS.jpg\" alt=\"\" class=\"wp-image-3132\" srcset=\"https:\/\/site.ac-martinique.fr\/espagnol\/wp-content\/uploads\/sites\/14\/2023\/08\/PAF-BTS.jpg 857w, https:\/\/site.ac-martinique.fr\/espagnol\/wp-content\/uploads\/sites\/14\/2023\/08\/PAF-BTS-300x252.jpg 300w, https:\/\/site.ac-martinique.fr\/espagnol\/wp-content\/uploads\/sites\/14\/2023\/08\/PAF-BTS-768x645.jpg 768w, https:\/\/site.ac-martinique.fr\/espagnol\/wp-content\/uploads\/sites\/14\/2023\/08\/PAF-BTS-750x630.jpg 750w\" sizes=\"auto, (max-width: 857px) 100vw, 857px\" \/><\/a><figcaption class=\"wp-element-caption\">Enseigner en BTS<\/figcaption><\/figure>\n\n\n\n<figure class=\"wp-block-image size-large\"><a href=\"https:\/\/site.ac-martinique.fr\/espagnol\/wp-content\/uploads\/sites\/14\/2023\/08\/PAF-Cervantes.jpg\"><img loading=\"lazy\" decoding=\"async\" width=\"861\" height=\"760\" data-id=\"3131\" src=\"https:\/\/site.ac-martinique.fr\/espagnol\/wp-content\/uploads\/sites\/14\/2023\/08\/PAF-Cervantes.jpg\" alt=\"\" class=\"wp-image-3131\" srcset=\"https:\/\/site.ac-martinique.fr\/espagnol\/wp-content\/uploads\/sites\/14\/2023\/08\/PAF-Cervantes.jpg 861w, https:\/\/site.ac-martinique.fr\/espagnol\/wp-content\/uploads\/sites\/14\/2023\/08\/PAF-Cervantes-300x265.jpg 300w, https:\/\/site.ac-martinique.fr\/espagnol\/wp-content\/uploads\/sites\/14\/2023\/08\/PAF-Cervantes-768x678.jpg 768w, https:\/\/site.ac-martinique.fr\/espagnol\/wp-content\/uploads\/sites\/14\/2023\/08\/PAF-Cervantes-750x662.jpg 750w\" sizes=\"auto, (max-width: 861px) 100vw, 861px\" \/><\/a><figcaption class=\"wp-element-caption\">Examinateurs Cervantes<\/figcaption><\/figure>\n\n\n\n<figure class=\"wp-block-image size-large\"><a href=\"https:\/\/site.ac-martinique.fr\/espagnol\/wp-content\/uploads\/sites\/14\/2023\/07\/PAF-23-24-Prepa-concours.jpg\"><img loading=\"lazy\" decoding=\"async\" width=\"855\" height=\"677\" data-id=\"3105\" src=\"https:\/\/site.ac-martinique.fr\/espagnol\/wp-content\/uploads\/sites\/14\/2023\/07\/PAF-23-24-Prepa-concours.jpg\" alt=\"\" class=\"wp-image-3105\" srcset=\"https:\/\/site.ac-martinique.fr\/espagnol\/wp-content\/uploads\/sites\/14\/2023\/07\/PAF-23-24-Prepa-concours.jpg 855w, https:\/\/site.ac-martinique.fr\/espagnol\/wp-content\/uploads\/sites\/14\/2023\/07\/PAF-23-24-Prepa-concours-300x238.jpg 300w, https:\/\/site.ac-martinique.fr\/espagnol\/wp-content\/uploads\/sites\/14\/2023\/07\/PAF-23-24-Prepa-concours-768x608.jpg 768w, https:\/\/site.ac-martinique.fr\/espagnol\/wp-content\/uploads\/sites\/14\/2023\/07\/PAF-23-24-Prepa-concours-750x594.jpg 750w\" sizes=\"auto, (max-width: 855px) 100vw, 855px\" \/><\/a><figcaption class=\"wp-element-caption\">Pr\u00e9paration aux concours internes CAPES et CAPLP<\/figcaption><\/figure>\n\n\n\n<figure class=\"wp-block-image size-large\"><a href=\"https:\/\/site.ac-martinique.fr\/espagnol\/wp-content\/uploads\/sites\/14\/2023\/07\/PAF-23-24-DNL.jpg\"><img loading=\"lazy\" decoding=\"async\" width=\"863\" height=\"677\" data-id=\"3104\" src=\"https:\/\/site.ac-martinique.fr\/espagnol\/wp-content\/uploads\/sites\/14\/2023\/07\/PAF-23-24-DNL.jpg\" alt=\"\" class=\"wp-image-3104\" srcset=\"https:\/\/site.ac-martinique.fr\/espagnol\/wp-content\/uploads\/sites\/14\/2023\/07\/PAF-23-24-DNL.jpg 863w, https:\/\/site.ac-martinique.fr\/espagnol\/wp-content\/uploads\/sites\/14\/2023\/07\/PAF-23-24-DNL-300x235.jpg 300w, https:\/\/site.ac-martinique.fr\/espagnol\/wp-content\/uploads\/sites\/14\/2023\/07\/PAF-23-24-DNL-768x602.jpg 768w, https:\/\/site.ac-martinique.fr\/espagnol\/wp-content\/uploads\/sites\/14\/2023\/07\/PAF-23-24-DNL-750x588.jpg 750w\" sizes=\"auto, (max-width: 863px) 100vw, 863px\" \/><\/a><figcaption class=\"wp-element-caption\">DNL Espagnol, pr\u00e9paration \u00e0 la certification<\/figcaption><\/figure>\n<\/figure>\n\n\n\n<div data-wp-interactive=\"core\/file\" class=\"wp-block-file\"><object data-wp-bind--hidden=\"!state.hasPdfPreview\" hidden class=\"wp-block-file__embed\" data=\"https:\/\/site.ac-martinique.fr\/espagnol\/wp-content\/uploads\/sites\/14\/2023\/08\/PAF-ESPAGNOL-23-24.pdf\" type=\"application\/pdf\" style=\"width:100%;height:300px\" aria-label=\"Contenu embarqu\u00e9 PAF ESPAGNOL 23 24.\"><\/object><a id=\"wp-block-file--media-8452933b-84ba-4459-9149-de7cf7ca151a\" href=\"https:\/\/site.ac-martinique.fr\/espagnol\/wp-content\/uploads\/sites\/14\/2023\/08\/PAF-ESPAGNOL-23-24.pdf\">PAF ESPAGNOL 23 24<span class=\"fr-link__detail\">PDF \u2013 2 Mo<\/span><\/a><a href=\"https:\/\/site.ac-martinique.fr\/espagnol\/wp-content\/uploads\/sites\/14\/2023\/08\/PAF-ESPAGNOL-23-24.pdf\" class=\"wp-block-file__button wp-element-button\" download aria-describedby=\"wp-block-file--media-8452933b-84ba-4459-9149-de7cf7ca151a\">T\u00e9l\u00e9charger<\/a><\/div>\n\n\n\n<h3 class=\"wp-block-heading\">Tutoriel inscription au PAF<\/h3>\n\n\n\n<div data-wp-interactive=\"core\/file\" class=\"wp-block-file\"><object data-wp-bind--hidden=\"!state.hasPdfPreview\" hidden class=\"wp-block-file__embed\" data=\"https:\/\/site.ac-martinique.fr\/espagnol\/wp-content\/uploads\/sites\/14\/2022\/06\/TUTORIEL-INSCRIPTION-AU-PAF-VIA-GAIA-28.06.2022.pdf\" type=\"application\/pdf\" style=\"width:100%;height:600px\" aria-label=\"Contenu embarqu\u00e9 TUTORIEL-INSCRIPTION-AU-PAF-VIA-GAIA-28.06.2022.\"><\/object><a id=\"wp-block-file--media-242a2ded-36a0-46ad-b384-216984ffca42\" href=\"https:\/\/site.ac-martinique.fr\/espagnol\/wp-content\/uploads\/sites\/14\/2022\/06\/TUTORIEL-INSCRIPTION-AU-PAF-VIA-GAIA-28.06.2022.pdf\">TUTORIEL-INSCRIPTION-AU-PAF-VIA-GAIA-28.06.2022<span class=\"fr-link__detail\">PDF \u2013 534 Ko<\/span><\/a><a href=\"https:\/\/site.ac-martinique.fr\/espagnol\/wp-content\/uploads\/sites\/14\/2022\/06\/TUTORIEL-INSCRIPTION-AU-PAF-VIA-GAIA-28.06.2022.pdf\" class=\"wp-block-file__button wp-element-button\" download aria-describedby=\"wp-block-file--media-242a2ded-36a0-46ad-b384-216984ffca42\">T\u00e9l\u00e9charger<\/a><\/div>\n\n\n\n<h2 class=\"wp-block-heading\">PAF 2022\/2023<\/h2>\n\n\n\n<div style=\"width: 100%;\"><div style=\"position: relative; padding-bottom: 56.25%; padding-top: 0; height: 0;\"><iframe loading=\"lazy\" frameborder=\"0\" width=\"1200\" height=\"675\" style=\"position: absolute; top: 0; left: 0; width: 100%; height: 100%;\" src=\"https:\/\/view.genial.ly\/62bd9b9a33f3f9001a686007\" type=\"text\/html\" allowscriptaccess=\"always\" allowfullscreen=\"true\" scrolling=\"yes\" allownetworking=\"all\"><\/iframe> <\/div> <\/div>\n\n\n\n<h3 class=\"wp-block-heading\">PAF 2022\/2023 \u00ab\u00a0Certifications, examens professionnels, concours\u00a0\u00bb<\/h3>\n\n\n\n<p><a href=\"https:\/\/site.ac-martinique.fr\/espagnol\/?p=2984\">Consulter l&rsquo;article ici<\/a> qui vous pr\u00e9sente les dispositifs du PAF \u00ab\u00a0Certifications, examens professionnels, concours\u00a0\u00bb. Le PAF \u00ab\u00a0Formation continue\u00a0\u00bb sera publi\u00e9 d\u00e9but juillet 2022.<\/p>\n\n\n\n<hr class=\"wp-block-separator has-alpha-channel-opacity\"\/>\n\n\n\n<p>Tutoriel pour l&rsquo;inscription au PAF<\/p>\n\n\n\n<h3 class=\"wp-block-heading\">PAF 2021\/2022 \u00ab\u00a0Formation continue\u00a0\u00bb<\/h3>\n\n\n\n<p><a href=\"https:\/\/site.ac-martinique.fr\/espagnol\/?p=2714\">Consulter l&rsquo;article ici<\/a> qui vous pr\u00e9sente les dispositifs du PAF pour la formation continue et \u00e0 destination des enseignants d&rsquo;Espagnol de l&rsquo;acad\u00e9mie.<\/p>\n\n\n\n<div class=\"wp-block-file\"><a id=\"wp-block-file--media-223fcd12-6a13-45bf-bfd8-e077a9c98844\" href=\"https:\/\/site.ac-martinique.fr\/espagnol\/wp-content\/uploads\/sites\/14\/2021\/07\/PAF-Espagnol-2021-2022-1.pdf\" target=\"_blank\" rel=\"noreferrer noopener\">PAF pour les professeurs d&rsquo;Espagnol<span class=\"fr-link__detail\">PDF \u2013 511 Ko<\/span><\/a><\/div>\n\n\n\n<div class=\"wp-block-file\"><a id=\"wp-block-file--media-58d004bb-650d-4ed6-a4c8-1dff037969a8\" href=\"https:\/\/site.ac-martinique.fr\/espagnol\/wp-content\/uploads\/sites\/14\/2021\/07\/PAF-2nde-degr\u00e9-2021-2022-1.pdf\" target=\"_blank\" rel=\"noreferrer noopener\">PAF 2021 2022 2nd degr\u00e9<span class=\"fr-link__detail\">PDF \u2013 3 Mo<\/span><\/a><\/div>\n\n\n\n<div class=\"wp-block-buttons is-layout-flex wp-block-buttons-is-layout-flex\">\n<div class=\"wp-block-button has-custom-width wp-block-button__width-50 is-style-outline is-style-outline--3\"><a class=\"wp-block-button__link has-white-color has-text-color has-background wp-element-button\" href=\"https:\/\/extranet.ac-martinique.fr\/login\/ct_logon_mixte.jsp?CT_ORIG_URL=https%3A%2F%2Fextranet.ac-martinique.fr%2Farena%2F&amp;ct_orig_uri=%2Farena%2F\" style=\"border-radius:27px;background-color:#472366\" target=\"_blank\" rel=\"noreferrer noopener\">Inscription aux formations du PAF &#8211; GAIA<\/a><\/div>\n<\/div>\n\n\n\n<hr class=\"wp-block-separator has-text-color has-vivid-red-color has-css-opacity has-vivid-red-background-color has-background\"\/>\n\n\n\n<h3 class=\"wp-block-heading\">PAF 2021\/2022 \u00ab\u00a0Certifications, examens, concours\u00a0\u00bb<\/h3>\n\n\n\n<p><a href=\"https:\/\/site.ac-martinique.fr\/espagnol\/?p=2493\">Consulter l&rsquo;article ici<\/a> qui vous explique les changements concernant la publication double du PAF.<\/p>\n\n\n\n<div class=\"wp-block-file\"><a id=\"wp-block-file--media-2f098502-cb91-4c5b-9da2-59080589ad9b\" href=\"https:\/\/site.ac-martinique.fr\/espagnol\/wp-content\/uploads\/sites\/14\/2021\/06\/PAF-21-22-certif-exam-conc.pdf\" target=\"_blank\" rel=\"noreferrer noopener\">Focus sur 4 formations sp\u00e9cifiques \u00e0 l&rsquo;Espagnol PAF-21-22-certif-exam-conc<span class=\"fr-link__detail\">PDF \u2013 468 Ko<\/span><\/a><\/div>\n\n\n\n<div class=\"wp-block-file\"><a id=\"wp-block-file--media-c8301f6d-6e8c-4fa2-a7a8-db034625b825\" href=\"https:\/\/site.ac-martinique.fr\/espagnol\/wp-content\/uploads\/sites\/14\/2021\/06\/PAF-CERTIFICATIONS-EXAMENS-CONCOURS-2021-2022.pdf\" target=\"_blank\" rel=\"noreferrer noopener\">Version compl\u00e8te du PAF \u00ab\u00a0CERTIFICATIONS, EXAMENS, CONCOURS\u00a0\u00bb, 2021-2022<span class=\"fr-link__detail\">PDF \u2013 576 Ko<\/span><\/a><\/div>\n\n\n\n<hr class=\"wp-block-separator has-text-color has-vivid-red-color has-css-opacity has-vivid-red-background-color has-background is-style-wide\"\/>\n\n\n\n<p><\/p>\n\n\n\n<h4 class=\"wp-block-heading\">PAF 2020\/2021<\/h4>\n\n\n\n<p>Retrouvez ci-dessous toutes les formations pr\u00e9vues au PAF Espagnol pour cette ann\u00e9e scolaire.<\/p>\n\n\n\n<div class=\"wp-block-file\"><a id=\"wp-block-file--media-008235bf-7731-41af-b103-6014f474147b\" href=\"https:\/\/site.ac-martinique.fr\/espagnol\/wp-content\/uploads\/sites\/14\/2021\/05\/PAF-ESPAGNOL-20-21.pdf\" target=\"_blank\" rel=\"noreferrer noopener\">PAF-ESPAGNOL-20-21<span class=\"fr-link__detail\">PDF \u2013 82 Ko<\/span><\/a><\/div>\n","protected":false},"excerpt":{"rendered":"<p>Le Plan Acad\u00e9mique de Formation (PAF) pour l&rsquo;ann\u00e9e scolaire 2025\/2026 a \u00e9t\u00e9 publi\u00e9. Les inscriptions sont ouvertes du&nbsp;30 juin au 26 septembre 2025&nbsp;pour les dispositifs \u00e0 candidature individuelle. Dispositifs du [&hellip;]<\/p>\n","protected":false},"author":70,"featured_media":0,"parent":0,"menu_order":0,"comment_status":"closed","ping_status":"closed","template":"","meta":{"footnotes":""},"class_list":["post-2175","page","type-page","status-publish","hentry"],"_links":{"self":[{"href":"https:\/\/site.ac-martinique.fr\/espagnol\/index.php?rest_route=\/wp\/v2\/pages\/2175","targetHints":{"allow":["GET"]}}],"collection":[{"href":"https:\/\/site.ac-martinique.fr\/espagnol\/index.php?rest_route=\/wp\/v2\/pages"}],"about":[{"href":"https:\/\/site.ac-martinique.fr\/espagnol\/index.php?rest_route=\/wp\/v2\/types\/page"}],"author":[{"embeddable":true,"href":"https:\/\/site.ac-martinique.fr\/espagnol\/index.php?rest_route=\/wp\/v2\/users\/70"}],"replies":[{"embeddable":true,"href":"https:\/\/site.ac-martinique.fr\/espagnol\/index.php?rest_route=%2Fwp%2Fv2%2Fcomments&post=2175"}],"version-history":[{"count":28,"href":"https:\/\/site.ac-martinique.fr\/espagnol\/index.php?rest_route=\/wp\/v2\/pages\/2175\/revisions"}],"predecessor-version":[{"id":3483,"href":"https:\/\/site.ac-martinique.fr\/espagnol\/index.php?rest_route=\/wp\/v2\/pages\/2175\/revisions\/3483"}],"wp:attachment":[{"href":"https:\/\/site.ac-martinique.fr\/espagnol\/index.php?rest_route=%2Fwp%2Fv2%2Fmedia&parent=2175"}],"curies":[{"name":"wp","href":"https:\/\/api.w.org\/{rel}","templated":true}]}}