{"id":202,"date":"2022-02-02T00:00:09","date_gmt":"2022-02-02T04:00:09","guid":{"rendered":"https:\/\/site.ac-martinique.fr\/fluxrss-structures\/?page_id=202"},"modified":"2022-02-02T00:00:09","modified_gmt":"2022-02-02T04:00:09","slug":"actualite-des-sites-des-structures-de-lacademie-de-martinique","status":"publish","type":"page","link":"https:\/\/site.ac-martinique.fr\/fluxrss-structures\/","title":{"rendered":"Actualit\u00e9 des sites des structures de l\u2019acad\u00e9mie de Martinique"},"content":{"rendered":"\n<div class=\"wp-block-columns is-layout-flex wp-container-core-columns-is-layout-abceabcf wp-block-columns-is-layout-flex\">\n<div class=\"wp-block-column is-layout-flow wp-block-column-is-layout-flow\" style=\"--col-width:100%;flex-basis:100%\"><div class=\"wp-rss-template-container\" data-wpra-template=\"default\" data-template-ctx=\"eyJsaW1pdCI6MTAwLCJpc0FsbCI6dHJ1ZSwidGVtcGxhdGUiOiJkZWZhdWx0IiwicGFnaW5hdGlvbiI6dHJ1ZX0=\">\n    <div class=\"wp-rss-aggregator wpra-list-template  \" data-page=\"1\">\n    \n    \n<ul class=\"wpra-item-list rss-aggregator wpra-item-list--bullets wpra-item-list--default\"\n    start=\"1\">\n                        <li class=\"wpra-item feed-item \">\n            \n            \n\n    <a  href=\"https:\/\/site.ac-martinique.fr\/circonscription-trinite\/?p=6426\" target=\"_blank\" rel=\"nofollow\" class=\"\">Carnaval \u00e0 Hector Sainte-Rose : Une belle collaboration pour c\u00e9l\u00e9brer notre patrimoine<\/a>\n\n\n\n\n\n\n<div class=\"wprss-feed-meta\">\n            <span class=\"feed-source\">\n            Source:\n\n                            Circonscription Trinit\u00e9\n                    <\/span>\n    \n            <span class=\"feed-date\">\n            Published on 2025-02-21\n        <\/span>\n    \n    <\/div>\n\n\n\n\n\n            \n        <\/li>\n                    <li class=\"wpra-item feed-item \">\n            \n            \n\n    <a  href=\"https:\/\/site.ac-martinique.fr\/circonscription-trinite\/?p=6432\" target=\"_blank\" rel=\"nofollow\" class=\"\">New\u2019s Ultima<\/a>\n\n\n\n\n\n\n<div class=\"wprss-feed-meta\">\n            <span class=\"feed-source\">\n            Source:\n\n                            Circonscription Trinit\u00e9\n                    <\/span>\n    \n            <span class=\"feed-date\">\n            Published on 2025-02-21\n        <\/span>\n    \n    <\/div>\n\n\n\n\n\n            \n        <\/li>\n                    <li class=\"wpra-item feed-item \">\n            \n            \n\n    <a  href=\"https:\/\/site.ac-martinique.fr\/missionnumerique1d\/?p=1666\" target=\"_blank\" rel=\"nofollow\" class=\"\">Formation des ERUNs de Martinique aux kits robotiques : une journ\u00e9e immersive !<\/a>\n\n\n\n\n\n\n<div class=\"wprss-feed-meta\">\n            <span class=\"feed-source\">\n            Source:\n\n                            Mission Num\u00e9rique 1D\n                    <\/span>\n    \n            <span class=\"feed-date\">\n            Published on 2025-02-20\n        <\/span>\n    \n    <\/div>\n\n\n\n\n\n            \n        <\/li>\n                    <li class=\"wpra-item feed-item \">\n            \n            \n\n    <a  href=\"https:\/\/site.ac-martinique.fr\/drane\/?p=5399\" target=\"_blank\" rel=\"nofollow\" class=\"\">Pix arrive \u00e0 l\u2019\u00e9cole avec Pix Junior<\/a>\n\n\n\n\n\n\n<div class=\"wprss-feed-meta\">\n            <span class=\"feed-source\">\n            Source:\n\n                            DRANE\n                    <\/span>\n    \n            <span class=\"feed-date\">\n            Published on 2025-02-19\n        <\/span>\n    \n    <\/div>\n\n\n\n\n\n            \n        <\/li>\n                    <li class=\"wpra-item feed-item \">\n            \n            \n\n    <a  href=\"https:\/\/site.ac-martinique.fr\/drane\/?p=5393\" target=\"_blank\" rel=\"nofollow\" class=\"\">Parentalit\u00e9 num\u00e9rique : Pix vous accompagne !<\/a>\n\n\n\n\n\n\n<div class=\"wprss-feed-meta\">\n            <span class=\"feed-source\">\n            Source:\n\n                            DRANE\n                    <\/span>\n    \n            <span class=\"feed-date\">\n            Published on 2025-02-18\n        <\/span>\n    \n    <\/div>\n\n\n\n\n\n            \n        <\/li>\n                    <li class=\"wpra-item feed-item \">\n            \n            \n\n    <a  href=\"https:\/\/site.ac-martinique.fr\/circonscription-trinite\/?p=6414\" target=\"_blank\" rel=\"nofollow\" class=\"\">Les Grands de l\u2019\u00e9cole Mano C\u00e9saire en visite \u00e0 Popot Kannaval<\/a>\n\n\n\n\n\n\n<div class=\"wprss-feed-meta\">\n            <span class=\"feed-source\">\n            Source:\n\n                            Circonscription Trinit\u00e9\n                    <\/span>\n    \n            <span class=\"feed-date\">\n            Published on 2025-02-17\n        <\/span>\n    \n    <\/div>\n\n\n\n\n\n            \n        <\/li>\n                    <li class=\"wpra-item feed-item \">\n            \n            \n\n    <a  href=\"https:\/\/site.ac-martinique.fr\/circonscription-trinite\/?p=6402\" target=\"_blank\" rel=\"nofollow\" class=\"\">Nettoyage de plage par les \u00e9l\u00e8ves de Christiane LANGE<\/a>\n\n\n\n\n\n\n<div class=\"wprss-feed-meta\">\n            <span class=\"feed-source\">\n            Source:\n\n                            Circonscription Trinit\u00e9\n                    <\/span>\n    \n            <span class=\"feed-date\">\n            Published on 2025-02-17\n        <\/span>\n    \n    <\/div>\n\n\n\n\n\n            \n        <\/li>\n                    <li class=\"wpra-item feed-item \">\n            \n            \n\n    <a  href=\"https:\/\/site.ac-martinique.fr\/circonscription-trinite\/?p=6410\" target=\"_blank\" rel=\"nofollow\" class=\"\">Caf\u00e9 des parents \u00e0 Christiane LANGE : \u00ab Nos enfants et les \u00e9crans \u00bb<\/a>\n\n\n\n\n\n\n<div class=\"wprss-feed-meta\">\n            <span class=\"feed-source\">\n            Source:\n\n                            Circonscription Trinit\u00e9\n                    <\/span>\n    \n            <span class=\"feed-date\">\n            Published on 2025-02-17\n        <\/span>\n    \n    <\/div>\n\n\n\n\n\n            \n        <\/li>\n                    <li class=\"wpra-item feed-item \">\n            \n            \n\n    <a  href=\"https:\/\/site.ac-martinique.fr\/circonscription-trinite\/?p=6394\" target=\"_blank\" rel=\"nofollow\" class=\"\">Robert Platon en visite des Popot Kannaval<\/a>\n\n\n\n\n\n\n<div class=\"wprss-feed-meta\">\n            <span class=\"feed-source\">\n            Source:\n\n                            Circonscription Trinit\u00e9\n                    <\/span>\n    \n            <span class=\"feed-date\">\n            Published on 2025-02-11\n        <\/span>\n    \n    <\/div>\n\n\n\n\n\n            \n        <\/li>\n                    <li class=\"wpra-item feed-item \">\n            \n            \n\n    <a  href=\"https:\/\/site.ac-martinique.fr\/circonscription-trinite\/?p=6379\" target=\"_blank\" rel=\"nofollow\" class=\"\">Non au Harc\u00e8lement \u00e0 Christiane LANGE<\/a>\n\n\n\n\n\n\n<div class=\"wprss-feed-meta\">\n            <span class=\"feed-source\">\n            Source:\n\n                            Circonscription Trinit\u00e9\n                    <\/span>\n    \n            <span class=\"feed-date\">\n            Published on 2025-02-11\n        <\/span>\n    \n    <\/div>\n\n\n\n\n\n            \n        <\/li>\n                    <li class=\"wpra-item feed-item \">\n            \n            \n\n    <a  href=\"https:\/\/site.ac-martinique.fr\/missionnumerique1d\/?p=1562\" target=\"_blank\" rel=\"nofollow\" class=\"\">Safer Internet Day<\/a>\n\n\n\n\n\n\n<div class=\"wprss-feed-meta\">\n            <span class=\"feed-source\">\n            Source:\n\n                            Mission Num\u00e9rique 1D\n                    <\/span>\n    \n            <span class=\"feed-date\">\n            Published on 2025-02-11\n        <\/span>\n    \n    <\/div>\n\n\n\n\n\n            \n        <\/li>\n                    <li class=\"wpra-item feed-item \">\n            \n            \n\n    <a  href=\"https:\/\/site.ac-martinique.fr\/missionnumerique1d\/?p=1621\" target=\"_blank\" rel=\"nofollow\" class=\"\">Ateliers num\u00e9riques en classe<\/a>\n\n\n\n\n\n\n<div class=\"wprss-feed-meta\">\n            <span class=\"feed-source\">\n            Source:\n\n                            Mission Num\u00e9rique 1D\n                    <\/span>\n    \n            <span class=\"feed-date\">\n            Published on 2025-02-11\n        <\/span>\n    \n    <\/div>\n\n\n\n\n\n            \n        <\/li>\n                    <li class=\"wpra-item feed-item \">\n            \n            \n\n    <a  href=\"https:\/\/site.ac-martinique.fr\/circonscription-trinite\/?p=6376\" target=\"_blank\" rel=\"nofollow\" class=\"\">Une loi \u00e0 l\u2019initiative des \u00e9l\u00e8ves de l\u2019\u00e9cole de Bellevue !<\/a>\n\n\n\n\n\n\n<div class=\"wprss-feed-meta\">\n            <span class=\"feed-source\">\n            Source:\n\n                            Circonscription Trinit\u00e9\n                    <\/span>\n    \n            <span class=\"feed-date\">\n            Published on 2025-02-11\n        <\/span>\n    \n    <\/div>\n\n\n\n\n\n            \n        <\/li>\n                    <li class=\"wpra-item feed-item \">\n            \n            \n\n    <a  href=\"https:\/\/site.ac-martinique.fr\/circonscription-trinite\/?p=6371\" target=\"_blank\" rel=\"nofollow\" class=\"\">Caf\u00e9 des parents \u00e0 Robert Platon<\/a>\n\n\n\n\n\n\n<div class=\"wprss-feed-meta\">\n            <span class=\"feed-source\">\n            Source:\n\n                            Circonscription Trinit\u00e9\n                    <\/span>\n    \n            <span class=\"feed-date\">\n            Published on 2025-02-10\n        <\/span>\n    \n    <\/div>\n\n\n\n\n\n            \n        <\/li>\n                    <li class=\"wpra-item feed-item \">\n            \n            \n\n    <a  href=\"https:\/\/site.ac-martinique.fr\/circonscription-trinite\/?p=6364\" target=\"_blank\" rel=\"nofollow\" class=\"\">RESEAU ROBERT 3 : Liaison GS-CP  Rallye Math\u2019sport<\/a>\n\n\n\n\n\n\n<div class=\"wprss-feed-meta\">\n            <span class=\"feed-source\">\n            Source:\n\n                            Circonscription Trinit\u00e9\n                    <\/span>\n    \n            <span class=\"feed-date\">\n            Published on 2025-02-10\n        <\/span>\n    \n    <\/div>\n\n\n\n\n\n            \n        <\/li>\n                    <li class=\"wpra-item feed-item \">\n            \n            \n\n    <a  href=\"https:\/\/site.ac-martinique.fr\/drane\/?p=5364\" target=\"_blank\" rel=\"nofollow\" class=\"\">SAFER INTERNET DAY 2025 \u2013 L\u2019IA et nous, quel futur ensemble ?<\/a>\n\n\n\n\n\n\n<div class=\"wprss-feed-meta\">\n            <span class=\"feed-source\">\n            Source:\n\n                            DRANE\n                    <\/span>\n    \n            <span class=\"feed-date\">\n            Published on 2025-02-07\n        <\/span>\n    \n    <\/div>\n\n\n\n\n\n            \n        <\/li>\n                    <li class=\"wpra-item feed-item \">\n            \n            \n\n    <a  href=\"https:\/\/site.ac-martinique.fr\/circonscription-trinite\/?p=6355\" target=\"_blank\" rel=\"nofollow\" class=\"\">Parlement des enfants \u00e0 l\u2019\u00e9cole de Bellevue soutenu par le D\u00e9put\u00e9 Jiovanny William<\/a>\n\n\n\n\n\n\n<div class=\"wprss-feed-meta\">\n            <span class=\"feed-source\">\n            Source:\n\n                            Circonscription Trinit\u00e9\n                    <\/span>\n    \n            <span class=\"feed-date\">\n            Published on 2025-02-03\n        <\/span>\n    \n    <\/div>\n\n\n\n\n\n            \n        <\/li>\n                    <li class=\"wpra-item feed-item \">\n            \n            \n\n    <a  href=\"https:\/\/site.ac-martinique.fr\/circonscription-trinite\/?p=6352\" target=\"_blank\" rel=\"nofollow\" class=\"\">Ultima Vestris Steps \u00e0 l\u2019Espace Interg\u00e9n\u00e9rationnel de la Ville de Trinit\u00e9<\/a>\n\n\n\n\n\n\n<div class=\"wprss-feed-meta\">\n            <span class=\"feed-source\">\n            Source:\n\n                            Circonscription Trinit\u00e9\n                    <\/span>\n    \n            <span class=\"feed-date\">\n            Published on 2025-02-03\n        <\/span>\n    \n    <\/div>\n\n\n\n\n\n            \n        <\/li>\n                    <li class=\"wpra-item feed-item \">\n            \n            \n\n    <a  href=\"https:\/\/site.ac-martinique.fr\/missionnumerique1d\/?p=1488\" target=\"_blank\" rel=\"nofollow\" class=\"\">M@ths en vie : ancrer les maths dans le r\u00e9el<\/a>\n\n\n\n\n\n\n<div class=\"wprss-feed-meta\">\n            <span class=\"feed-source\">\n            Source:\n\n                            Mission Num\u00e9rique 1D\n                    <\/span>\n    \n            <span class=\"feed-date\">\n            Published on 2025-01-27\n        <\/span>\n    \n    <\/div>\n\n\n\n\n\n            \n        <\/li>\n                    <li class=\"wpra-item feed-item \">\n            \n            \n\n    <a  href=\"https:\/\/site.ac-martinique.fr\/circonscription-marigot\/?p=2157\" target=\"_blank\" rel=\"nofollow\" class=\"\">\u00ab\u00a0Mets tes baskets et bats la maladie\u00a0\u00bb ELA \u00e0 l\u2019\u00e9cole Berteau MARIE-ROSE<\/a>\n\n\n\n\n\n\n<div class=\"wprss-feed-meta\">\n            <span class=\"feed-source\">\n            Source:\n\n                            Circonscription Marigot\n                    <\/span>\n    \n            <span class=\"feed-date\">\n            Published on 2025-01-24\n        <\/span>\n    \n    <\/div>\n\n\n\n\n\n            \n        <\/li>\n                    <li class=\"wpra-item feed-item \">\n            \n            \n\n    <a  href=\"https:\/\/site.ac-martinique.fr\/circonscription-marigot\/?p=2150\" target=\"_blank\" rel=\"nofollow\" class=\"\">Les \u00e9l\u00e8ves de Berteau MARIE-ROSE &amp; les sciences au lyc\u00e9e Joseph PERNOCK (France-Antilles)<\/a>\n\n\n\n\n\n\n<div class=\"wprss-feed-meta\">\n            <span class=\"feed-source\">\n            Source:\n\n                            Circonscription Marigot\n                    <\/span>\n    \n            <span class=\"feed-date\">\n            Published on 2025-01-24\n        <\/span>\n    \n    <\/div>\n\n\n\n\n\n            \n        <\/li>\n                    <li class=\"wpra-item feed-item \">\n            \n            \n\n    <a  href=\"https:\/\/site.ac-martinique.fr\/circonscription-marigot\/?p=2140\" target=\"_blank\" rel=\"nofollow\" class=\"\">Kontan w\u00e8 zot bitasion senjak \u2013 l\u00e9kol Senjak ek Valantine BR\u00c9DAS.<\/a>\n\n\n\n\n\n\n<div class=\"wprss-feed-meta\">\n            <span class=\"feed-source\">\n            Source:\n\n                            Circonscription Marigot\n                    <\/span>\n    \n            <span class=\"feed-date\">\n            Published on 2025-01-23\n        <\/span>\n    \n    <\/div>\n\n\n\n\n\n            \n        <\/li>\n                    <li class=\"wpra-item feed-item \">\n            \n            \n\n    <a  href=\"https:\/\/site.ac-martinique.fr\/circonscription-lamentin\/?p=4522\" target=\"_blank\" rel=\"nofollow\" class=\"\">Jeu, Set et Match au tournoi ITF<\/a>\n\n\n\n\n\n\n<div class=\"wprss-feed-meta\">\n            <span class=\"feed-source\">\n            Source:\n\n                            Circonscription Lamentin\n                    <\/span>\n    \n            <span class=\"feed-date\">\n            Published on 2025-01-20\n        <\/span>\n    \n    <\/div>\n\n\n\n\n\n            \n        <\/li>\n                    <li class=\"wpra-item feed-item \">\n            \n            \n\n    <a  href=\"https:\/\/site.ac-martinique.fr\/missionnumerique1d\/?p=1553\" target=\"_blank\" rel=\"nofollow\" class=\"\">Le num\u00e9rique au service des langues vivantes : Une nouvelle approche pour les \u00e9valuations<\/a>\n\n\n\n\n\n\n<div class=\"wprss-feed-meta\">\n            <span class=\"feed-source\">\n            Source:\n\n                            Mission Num\u00e9rique 1D\n                    <\/span>\n    \n            <span class=\"feed-date\">\n            Published on 2025-01-20\n        <\/span>\n    \n    <\/div>\n\n\n\n\n\n            \n        <\/li>\n                    <li class=\"wpra-item feed-item \">\n            \n            \n\n    <a  href=\"https:\/\/site.ac-martinique.fr\/ash\/?p=3151\" target=\"_blank\" rel=\"nofollow\" class=\"\">\u00ab\u00a0Enti\u00e8rement \u00e0 part\u00a0\u00bb, une pi\u00e8ce de th\u00e9\u00e2tre sur la r\u00e9alit\u00e9 de l\u2019insertion professionnelle des personnes en situation de handicap<\/a>\n\n\n\n\n\n\n<div class=\"wprss-feed-meta\">\n            <span class=\"feed-source\">\n            Source:\n\n                            ASH\n                    <\/span>\n    \n            <span class=\"feed-date\">\n            Published on 2025-01-15\n        <\/span>\n    \n    <\/div>\n\n\n\n\n\n            \n        <\/li>\n                    <li class=\"wpra-item feed-item \">\n            \n            \n\n    <a  href=\"https:\/\/site.ac-martinique.fr\/circonscription-trinite\/?p=6346\" target=\"_blank\" rel=\"nofollow\" class=\"\">Visite du D\u00e9put\u00e9 Jiovanny William  \u00e0 l\u2019\u00e9cole de Bellevue<\/a>\n\n\n\n\n\n\n<div class=\"wprss-feed-meta\">\n            <span class=\"feed-source\">\n            Source:\n\n                            Circonscription Trinit\u00e9\n                    <\/span>\n    \n            <span class=\"feed-date\">\n            Published on 2025-01-13\n        <\/span>\n    \n    <\/div>\n\n\n\n\n\n            \n        <\/li>\n                    <li class=\"wpra-item feed-item \">\n            \n            \n\n    <a  href=\"https:\/\/site.ac-martinique.fr\/drane\/?p=5347\" target=\"_blank\" rel=\"nofollow\" class=\"\">La Nuit du Code 2025<\/a>\n\n\n\n\n\n\n<div class=\"wprss-feed-meta\">\n            <span class=\"feed-source\">\n            Source:\n\n                            DRANE\n                    <\/span>\n    \n            <span class=\"feed-date\">\n            Published on 2025-01-09\n        <\/span>\n    \n    <\/div>\n\n\n\n\n\n            \n        <\/li>\n                    <li class=\"wpra-item feed-item \">\n            \n            \n\n    <a  href=\"https:\/\/site.ac-martinique.fr\/circonscription-trinite\/?p=6335\" target=\"_blank\" rel=\"nofollow\" class=\"\">Le No\u00ebl de l\u2019\u00e9cole Mano CESAIRE<\/a>\n\n\n\n\n\n\n<div class=\"wprss-feed-meta\">\n            <span class=\"feed-source\">\n            Source:\n\n                            Circonscription Trinit\u00e9\n                    <\/span>\n    \n            <span class=\"feed-date\">\n            Published on 2025-01-09\n        <\/span>\n    \n    <\/div>\n\n\n\n\n\n            \n        <\/li>\n                    <li class=\"wpra-item feed-item \">\n            \n            \n\n    <a  href=\"https:\/\/site.ac-martinique.fr\/ash\/?p=3145\" target=\"_blank\" rel=\"nofollow\" class=\"\">Les ACM vous convient aux op\u00e9rations \u00ab\u00a0J\u00e9n\u00e8s-D 2025\u00a0\u00bb et \u00ab\u00a0Tous en jeux, en nou jw\u00e9 ansanm\u00a0\u00bb<\/a>\n\n\n\n\n\n\n<div class=\"wprss-feed-meta\">\n            <span class=\"feed-source\">\n            Source:\n\n                            ASH\n                    <\/span>\n    \n            <span class=\"feed-date\">\n            Published on 2025-01-08\n        <\/span>\n    \n    <\/div>\n\n\n\n\n\n            \n        <\/li>\n                    <li class=\"wpra-item feed-item \">\n            \n            \n\n    <a  href=\"https:\/\/site.ac-martinique.fr\/missionnumerique1d\/?p=1536\" target=\"_blank\" rel=\"nofollow\" class=\"\">LOGILEX by La Digitale<\/a>\n\n\n\n\n\n\n<div class=\"wprss-feed-meta\">\n            <span class=\"feed-source\">\n            Source:\n\n                            Mission Num\u00e9rique 1D\n                    <\/span>\n    \n            <span class=\"feed-date\">\n            Published on 2025-01-06\n        <\/span>\n    \n    <\/div>\n\n\n\n\n\n            \n        <\/li>\n                    <li class=\"wpra-item feed-item \">\n            \n            \n\n    <a  href=\"https:\/\/site.ac-martinique.fr\/circonscription-trinite\/?p=6327\" target=\"_blank\" rel=\"nofollow\" class=\"\">Un merveilleux cadeau pour les \u00e9l\u00e8ves d\u2019H\u00e9l\u00e8ne Pid\u00e9ri<\/a>\n\n\n\n\n\n\n<div class=\"wprss-feed-meta\">\n            <span class=\"feed-source\">\n            Source:\n\n                            Circonscription Trinit\u00e9\n                    <\/span>\n    \n            <span class=\"feed-date\">\n            Published on 2025-01-06\n        <\/span>\n    \n    <\/div>\n\n\n\n\n\n            \n        <\/li>\n                    <li class=\"wpra-item feed-item \">\n            \n            \n\n    <a  href=\"https:\/\/site.ac-martinique.fr\/circonscription-trinite\/?p=6304\" target=\"_blank\" rel=\"nofollow\" class=\"\">Matin\u00e9e patrimoine \u00e0 la maternelle Les Coraux<\/a>\n\n\n\n\n\n\n<div class=\"wprss-feed-meta\">\n            <span class=\"feed-source\">\n            Source:\n\n                            Circonscription Trinit\u00e9\n                    <\/span>\n    \n            <span class=\"feed-date\">\n            Published on 2025-01-06\n        <\/span>\n    \n    <\/div>\n\n\n\n\n\n            \n        <\/li>\n                    <li class=\"wpra-item feed-item \">\n            \n            \n\n    <a  href=\"https:\/\/site.ac-martinique.fr\/circonscription-trinite\/?p=6315\" target=\"_blank\" rel=\"nofollow\" class=\"\">Moment de partage \u00e0 Emile Capgras<\/a>\n\n\n\n\n\n\n<div class=\"wprss-feed-meta\">\n            <span class=\"feed-source\">\n            Source:\n\n                            Circonscription Trinit\u00e9\n                    <\/span>\n    \n            <span class=\"feed-date\">\n            Published on 2025-01-06\n        <\/span>\n    \n    <\/div>\n\n\n\n\n\n            \n        <\/li>\n                    <li class=\"wpra-item feed-item \">\n            \n            \n\n    <a  href=\"https:\/\/site.ac-martinique.fr\/circonscription-marigot\/?p=2093\" target=\"_blank\" rel=\"nofollow\" class=\"\">Portail Famille \u00e0 SAINTE-MARIE<\/a>\n\n\n\n\n\n\n<div class=\"wprss-feed-meta\">\n            <span class=\"feed-source\">\n            Source:\n\n                            Circonscription Marigot\n                    <\/span>\n    \n            <span class=\"feed-date\">\n            Published on 2024-12-20\n        <\/span>\n    \n    <\/div>\n\n\n\n\n\n            \n        <\/li>\n                    <li class=\"wpra-item feed-item \">\n            \n            \n\n    <a  href=\"https:\/\/site.ac-martinique.fr\/circonscription-marigot\/?p=2082\" target=\"_blank\" rel=\"nofollow\" class=\"\">\u00c9cole Berteau MARIE-ROSE \u00e0 l\u2019IMS<\/a>\n\n\n\n\n\n\n<div class=\"wprss-feed-meta\">\n            <span class=\"feed-source\">\n            Source:\n\n                            Circonscription Marigot\n                    <\/span>\n    \n            <span class=\"feed-date\">\n            Published on 2024-12-19\n        <\/span>\n    \n    <\/div>\n\n\n\n\n\n            \n        <\/li>\n                    <li class=\"wpra-item feed-item \">\n            \n            \n\n    <a  href=\"https:\/\/site.ac-martinique.fr\/circonscription-trinite\/?p=6297\" target=\"_blank\" rel=\"nofollow\" class=\"\">Hygi\u00e8ne et sant\u00e9 \u00e0 la maternelle Auguste R\u00c9JON<\/a>\n\n\n\n\n\n\n<div class=\"wprss-feed-meta\">\n            <span class=\"feed-source\">\n            Source:\n\n                            Circonscription Trinit\u00e9\n                    <\/span>\n    \n            <span class=\"feed-date\">\n            Published on 2024-12-17\n        <\/span>\n    \n    <\/div>\n\n\n\n\n\n            \n        <\/li>\n                    <li class=\"wpra-item feed-item \">\n            \n            \n\n    <a  href=\"https:\/\/site.ac-martinique.fr\/circonscription-trinite\/?p=6293\" target=\"_blank\" rel=\"nofollow\" class=\"\">Projet jardin partag\u00e9 \u00e0 Auguste Rejon maternelle<\/a>\n\n\n\n\n\n\n<div class=\"wprss-feed-meta\">\n            <span class=\"feed-source\">\n            Source:\n\n                            Circonscription Trinit\u00e9\n                    <\/span>\n    \n            <span class=\"feed-date\">\n            Published on 2024-12-17\n        <\/span>\n    \n    <\/div>\n\n\n\n\n\n            \n        <\/li>\n                    <li class=\"wpra-item feed-item \">\n            \n            \n\n    <a  href=\"https:\/\/site.ac-martinique.fr\/missionnumerique1d\/?p=1511\" target=\"_blank\" rel=\"nofollow\" class=\"\">FacePrivacy : Prot\u00e9gez le droit \u00e0 l\u2019image de vos \u00e9l\u00e8ves en un clic<\/a>\n\n\n\n\n\n\n<div class=\"wprss-feed-meta\">\n            <span class=\"feed-source\">\n            Source:\n\n                            Mission Num\u00e9rique 1D\n                    <\/span>\n    \n            <span class=\"feed-date\">\n            Published on 2024-12-16\n        <\/span>\n    \n    <\/div>\n\n\n\n\n\n            \n        <\/li>\n                    <li class=\"wpra-item feed-item \">\n            \n            \n\n    <a  href=\"https:\/\/site.ac-martinique.fr\/circonscription-lamentin\/?p=4504\" target=\"_blank\" rel=\"nofollow\" class=\"\">Une premi\u00e8re : \u00e9valuations diagnostiques num\u00e9riques en LVE pour les CM2<\/a>\n\n\n\n\n\n\n<div class=\"wprss-feed-meta\">\n            <span class=\"feed-source\">\n            Source:\n\n                            Circonscription Lamentin\n                    <\/span>\n    \n            <span class=\"feed-date\">\n            Published on 2024-12-16\n        <\/span>\n    \n    <\/div>\n\n\n\n\n\n            \n        <\/li>\n                    <li class=\"wpra-item feed-item \">\n            \n            \n\n    <a  href=\"https:\/\/site.ac-martinique.fr\/circonscription-lamentin\/?p=4485\" target=\"_blank\" rel=\"nofollow\" class=\"\">Journ\u00e9e \u00ab\u00a0Non Au Harc\u00e8lement\u00a0\u00bb \u00e0 l\u2019\u00e9cole Gondeau Palmiste B<\/a>\n\n\n\n\n\n\n<div class=\"wprss-feed-meta\">\n            <span class=\"feed-source\">\n            Source:\n\n                            Circonscription Lamentin\n                    <\/span>\n    \n            <span class=\"feed-date\">\n            Published on 2024-12-13\n        <\/span>\n    \n    <\/div>\n\n\n\n\n\n            \n        <\/li>\n                    <li class=\"wpra-item feed-item \">\n            \n            \n\n    <a  href=\"https:\/\/site.ac-martinique.fr\/circonscription-marigot\/?p=2064\" target=\"_blank\" rel=\"nofollow\" class=\"\">Kr\u00e9yol ka ouv\u00e8 lapot Ritjil\u00e9<\/a>\n\n\n\n\n\n\n<div class=\"wprss-feed-meta\">\n            <span class=\"feed-source\">\n            Source:\n\n                            Circonscription Marigot\n                    <\/span>\n    \n            <span class=\"feed-date\">\n            Published on 2024-12-13\n        <\/span>\n    \n    <\/div>\n\n\n\n\n\n            \n        <\/li>\n                    <li class=\"wpra-item feed-item \">\n            \n            \n\n    <a  href=\"https:\/\/site.ac-martinique.fr\/circonscription-marigot\/?p=2055\" target=\"_blank\" rel=\"nofollow\" class=\"\">PARLEMENT DES ENFANTS A L\u2019ECOLE LEON CECILE EN PRESENCE DE MARCELLIN NADEAU<\/a>\n\n\n\n\n\n\n<div class=\"wprss-feed-meta\">\n            <span class=\"feed-source\">\n            Source:\n\n                            Circonscription Marigot\n                    <\/span>\n    \n            <span class=\"feed-date\">\n            Published on 2024-12-11\n        <\/span>\n    \n    <\/div>\n\n\n\n\n\n            \n        <\/li>\n                    <li class=\"wpra-item feed-item \">\n            \n            \n\n    <a  href=\"https:\/\/site.ac-martinique.fr\/circonscription-lamentin\/?p=4473\" target=\"_blank\" rel=\"nofollow\" class=\"\">\u00ab Savoir rouler \u00e0 v\u00e9lo \u00bb : des enseignants aux \u00e9l\u00e8ves<\/a>\n\n\n\n\n\n\n<div class=\"wprss-feed-meta\">\n            <span class=\"feed-source\">\n            Source:\n\n                            Circonscription Lamentin\n                    <\/span>\n    \n            <span class=\"feed-date\">\n            Published on 2024-12-09\n        <\/span>\n    \n    <\/div>\n\n\n\n\n\n            \n        <\/li>\n                    <li class=\"wpra-item feed-item \">\n            \n            \n\n    <a  href=\"https:\/\/site.ac-martinique.fr\/circonscription-lamentin\/?p=4468\" target=\"_blank\" rel=\"nofollow\" class=\"\">Le guide pour enseigner la construction du nombre \u00e0 l\u2019\u00e9cole maternelle<\/a>\n\n\n\n\n\n\n<div class=\"wprss-feed-meta\">\n            <span class=\"feed-source\">\n            Source:\n\n                            Circonscription Lamentin\n                    <\/span>\n    \n            <span class=\"feed-date\">\n            Published on 2024-12-09\n        <\/span>\n    \n    <\/div>\n\n\n\n\n\n            \n        <\/li>\n                    <li class=\"wpra-item feed-item \">\n            \n            \n\n    <a  href=\"https:\/\/site.ac-martinique.fr\/circonscription-trinite\/?p=6286\" target=\"_blank\" rel=\"nofollow\" class=\"\">Ma classe aux jeux \u00e0 Auguste REJON<\/a>\n\n\n\n\n\n\n<div class=\"wprss-feed-meta\">\n            <span class=\"feed-source\">\n            Source:\n\n                            Circonscription Trinit\u00e9\n                    <\/span>\n    \n            <span class=\"feed-date\">\n            Published on 2024-12-09\n        <\/span>\n    \n    <\/div>\n\n\n\n\n\n            \n        <\/li>\n                    <li class=\"wpra-item feed-item \">\n            \n            \n\n    <a  href=\"https:\/\/site.ac-martinique.fr\/circonscription-trinite\/?p=6279\" target=\"_blank\" rel=\"nofollow\" class=\"\">T\u00e9l\u00e9thon \u00e0 Auguste REJON \u00e9l\u00e9mentaire<\/a>\n\n\n\n\n\n\n<div class=\"wprss-feed-meta\">\n            <span class=\"feed-source\">\n            Source:\n\n                            Circonscription Trinit\u00e9\n                    <\/span>\n    \n            <span class=\"feed-date\">\n            Published on 2024-12-09\n        <\/span>\n    \n    <\/div>\n\n\n\n\n\n            \n        <\/li>\n                    <li class=\"wpra-item feed-item \">\n            \n            \n\n    <a  href=\"https:\/\/site.ac-martinique.fr\/ash\/?p=3077\" target=\"_blank\" rel=\"nofollow\" class=\"\">Regroupement CAPPEI 24-25<\/a>\n\n\n\n\n\n\n<div class=\"wprss-feed-meta\">\n            <span class=\"feed-source\">\n            Source:\n\n                            ASH\n                    <\/span>\n    \n            <span class=\"feed-date\">\n            Published on 2024-12-08\n        <\/span>\n    \n    <\/div>\n\n\n\n\n\n            \n        <\/li>\n                    <li class=\"wpra-item feed-item \">\n            \n            \n\n    <a  href=\"https:\/\/site.ac-martinique.fr\/edd\/?p=2411\" target=\"_blank\" rel=\"nofollow\" class=\"\">Colloque pluridisciplinaire, \u00celes Tropicales et Biodiversit\u00e9s du 9 au 13 D\u00e9cembre 2024<\/a>\n\n\n\n\n\n\n<div class=\"wprss-feed-meta\">\n            <span class=\"feed-source\">\n            Source:\n\n                            EDD\n                    <\/span>\n    \n            <span class=\"feed-date\">\n            Published on 2024-12-06\n        <\/span>\n    \n    <\/div>\n\n\n\n\n\n            \n        <\/li>\n                    <li class=\"wpra-item feed-item \">\n            \n            \n\n    <a  href=\"https:\/\/site.ac-martinique.fr\/circonscription-trinite\/?p=6270\" target=\"_blank\" rel=\"nofollow\" class=\"\">Telethon \u00e0 Ultima Vestris<\/a>\n\n\n\n\n\n\n<div class=\"wprss-feed-meta\">\n            <span class=\"feed-source\">\n            Source:\n\n                            Circonscription Trinit\u00e9\n                    <\/span>\n    \n            <span class=\"feed-date\">\n            Published on 2024-12-02\n        <\/span>\n    \n    <\/div>\n\n\n\n\n\n            \n        <\/li>\n                    <li class=\"wpra-item feed-item \">\n            \n            \n\n    <a  href=\"https:\/\/site.ac-martinique.fr\/circonscription-trinite\/?p=6263\" target=\"_blank\" rel=\"nofollow\" class=\"\">CROSS de l\u2019association ELEA \u00e0  Roberto Platon<\/a>\n\n\n\n\n\n\n<div class=\"wprss-feed-meta\">\n            <span class=\"feed-source\">\n            Source:\n\n                            Circonscription Trinit\u00e9\n                    <\/span>\n    \n            <span class=\"feed-date\">\n            Published on 2024-12-02\n        <\/span>\n    \n    <\/div>\n\n\n\n\n\n            \n        <\/li>\n                    <li class=\"wpra-item feed-item \">\n            \n            \n\n    <a  href=\"https:\/\/site.ac-martinique.fr\/circonscription-trinite\/?p=6257\" target=\"_blank\" rel=\"nofollow\" class=\"\">Rencontre d\u2019artiste \u00e0 Ultima Vestris<\/a>\n\n\n\n\n\n\n<div class=\"wprss-feed-meta\">\n            <span class=\"feed-source\">\n            Source:\n\n                            Circonscription Trinit\u00e9\n                    <\/span>\n    \n            <span class=\"feed-date\">\n            Published on 2024-12-02\n        <\/span>\n    \n    <\/div>\n\n\n\n\n\n            \n        <\/li>\n                    <li class=\"wpra-item feed-item \">\n            \n            \n\n    <a  href=\"https:\/\/site.ac-martinique.fr\/sstrm\/2024\/11\/27\/menaces-diag-surete\/\" target=\"_blank\" rel=\"nofollow\" class=\"\">Menaces\/Diag suret\u00e9<\/a>\n\n\n\n\n\n\n<div class=\"wprss-feed-meta\">\n            <span class=\"feed-source\">\n            Source:\n\n                            SSTRM\n                    <\/span>\n    \n            <span class=\"feed-date\">\n            Published on 2024-11-27\n        <\/span>\n    \n    <\/div>\n\n\n\n\n\n            \n        <\/li>\n                    <li class=\"wpra-item feed-item \">\n            \n            \n\n    <a  href=\"https:\/\/site.ac-martinique.fr\/circonscription-trinite\/?p=6229\" target=\"_blank\" rel=\"nofollow\" class=\"\">Spectacle Madou siwo \u00e9pi bon zepis de Michel HOUDIN<\/a>\n\n\n\n\n\n\n<div class=\"wprss-feed-meta\">\n            <span class=\"feed-source\">\n            Source:\n\n                            Circonscription Trinit\u00e9\n                    <\/span>\n    \n            <span class=\"feed-date\">\n            Published on 2024-11-26\n        <\/span>\n    \n    <\/div>\n\n\n\n\n\n            \n        <\/li>\n                    <li class=\"wpra-item feed-item \">\n            \n            \n\n    <a  href=\"https:\/\/site.ac-martinique.fr\/circonscription-trinite\/?p=6219\" target=\"_blank\" rel=\"nofollow\" class=\"\">Journ\u00e9e de la tenue traditionnelle au Robert et \u00e0 Trinit\u00e9<\/a>\n\n\n\n\n\n\n<div class=\"wprss-feed-meta\">\n            <span class=\"feed-source\">\n            Source:\n\n                            Circonscription Trinit\u00e9\n                    <\/span>\n    \n            <span class=\"feed-date\">\n            Published on 2024-11-26\n        <\/span>\n    \n    <\/div>\n\n\n\n\n\n            \n        <\/li>\n                    <li class=\"wpra-item feed-item \">\n            \n            \n\n    <a  href=\"https:\/\/site.ac-martinique.fr\/circonscription-trinite\/?p=6236\" target=\"_blank\" rel=\"nofollow\" class=\"\">Semaine des droits de l\u2019enfant \u00e0 la maternelle Auguste Rejon<\/a>\n\n\n\n\n\n\n<div class=\"wprss-feed-meta\">\n            <span class=\"feed-source\">\n            Source:\n\n                            Circonscription Trinit\u00e9\n                    <\/span>\n    \n            <span class=\"feed-date\">\n            Published on 2024-11-26\n        <\/span>\n    \n    <\/div>\n\n\n\n\n\n            \n        <\/li>\n                    <li class=\"wpra-item feed-item \">\n            \n            \n\n    <a  href=\"https:\/\/site.ac-martinique.fr\/missionnumerique1d\/?p=1503\" target=\"_blank\" rel=\"nofollow\" class=\"\">D\u00e9couvrez le portail primaire de la Forge : des ressources \u00e9ducatives gratuites pour les enseignants<\/a>\n\n\n\n\n\n\n<div class=\"wprss-feed-meta\">\n            <span class=\"feed-source\">\n            Source:\n\n                            Mission Num\u00e9rique 1D\n                    <\/span>\n    \n            <span class=\"feed-date\">\n            Published on 2024-11-25\n        <\/span>\n    \n    <\/div>\n\n\n\n\n\n            \n        <\/li>\n                    <li class=\"wpra-item feed-item \">\n            \n            \n\n    <a  href=\"https:\/\/site.ac-martinique.fr\/circonscription-lamentin\/?p=4457\" target=\"_blank\" rel=\"nofollow\" class=\"\">D\u00e9couvrez le portail primaire de la Forge des communs num\u00e9riques<\/a>\n\n\n\n\n\n\n<div class=\"wprss-feed-meta\">\n            <span class=\"feed-source\">\n            Source:\n\n                            Circonscription Lamentin\n                    <\/span>\n    \n            <span class=\"feed-date\">\n            Published on 2024-11-25\n        <\/span>\n    \n    <\/div>\n\n\n\n\n\n            \n        <\/li>\n                    <li class=\"wpra-item feed-item \">\n            \n            \n\n    <a  href=\"https:\/\/site.ac-martinique.fr\/circonscription-trinite\/?p=6215\" target=\"_blank\" rel=\"nofollow\" class=\"\">Du nouveau \u00e0 Ultima Vestris<\/a>\n\n\n\n\n\n\n<div class=\"wprss-feed-meta\">\n            <span class=\"feed-source\">\n            Source:\n\n                            Circonscription Trinit\u00e9\n                    <\/span>\n    \n            <span class=\"feed-date\">\n            Published on 2024-11-25\n        <\/span>\n    \n    <\/div>\n\n\n\n\n\n            \n        <\/li>\n                    <li class=\"wpra-item feed-item \">\n            \n            \n\n    <a  href=\"https:\/\/site.ac-martinique.fr\/drane\/?p=5227\" target=\"_blank\" rel=\"nofollow\" class=\"\">Semaine du Num\u00e9rique et des Sciences Informatiques 2024<\/a>\n\n\n\n\n\n\n<div class=\"wprss-feed-meta\">\n            <span class=\"feed-source\">\n            Source:\n\n                            DRANE\n                    <\/span>\n    \n            <span class=\"feed-date\">\n            Published on 2024-11-19\n        <\/span>\n    \n    <\/div>\n\n\n\n\n\n            \n        <\/li>\n                    <li class=\"wpra-item feed-item \">\n            \n            \n\n    <a  href=\"https:\/\/site.ac-martinique.fr\/circonscription-trinite\/?p=6205\" target=\"_blank\" rel=\"nofollow\" class=\"\">Sauvons nos tortues Marines !<\/a>\n\n\n\n\n\n\n<div class=\"wprss-feed-meta\">\n            <span class=\"feed-source\">\n            Source:\n\n                            Circonscription Trinit\u00e9\n                    <\/span>\n    \n            <span class=\"feed-date\">\n            Published on 2024-11-18\n        <\/span>\n    \n    <\/div>\n\n\n\n\n\n            \n        <\/li>\n                    <li class=\"wpra-item feed-item \">\n            \n            \n\n    <a  href=\"https:\/\/site.ac-martinique.fr\/circonscription-marigot\/?p=2003\" target=\"_blank\" rel=\"nofollow\" class=\"\">Les \u00e9coles unies contre le harc\u00e8lement \u2013 07\/11\/2024<\/a>\n\n\n\n\n\n\n<div class=\"wprss-feed-meta\">\n            <span class=\"feed-source\">\n            Source:\n\n                            Circonscription Marigot\n                    <\/span>\n    \n            <span class=\"feed-date\">\n            Published on 2024-11-13\n        <\/span>\n    \n    <\/div>\n\n\n\n\n\n            \n        <\/li>\n                    <li class=\"wpra-item feed-item \">\n            \n            \n\n    <a  href=\"https:\/\/site.ac-martinique.fr\/circonscription-trinite\/?p=6185\" target=\"_blank\" rel=\"nofollow\" class=\"\">Action  citoyenne \u00e0 la maternelle Auguste Rejon<\/a>\n\n\n\n\n\n\n<div class=\"wprss-feed-meta\">\n            <span class=\"feed-source\">\n            Source:\n\n                            Circonscription Trinit\u00e9\n                    <\/span>\n    \n            <span class=\"feed-date\">\n            Published on 2024-11-12\n        <\/span>\n    \n    <\/div>\n\n\n\n\n\n            \n        <\/li>\n                    <li class=\"wpra-item feed-item \">\n            \n            \n\n    <a  href=\"https:\/\/site.ac-martinique.fr\/circonscription-trinite\/?p=6193\" target=\"_blank\" rel=\"nofollow\" class=\"\">Journ\u00e9e  NAH dans les \u00e9coles du Robert<\/a>\n\n\n\n\n\n\n<div class=\"wprss-feed-meta\">\n            <span class=\"feed-source\">\n            Source:\n\n                            Circonscription Trinit\u00e9\n                    <\/span>\n    \n            <span class=\"feed-date\">\n            Published on 2024-11-12\n        <\/span>\n    \n    <\/div>\n\n\n\n\n\n            \n        <\/li>\n                    <li class=\"wpra-item feed-item \">\n            \n            \n\n    <a  href=\"https:\/\/site.ac-martinique.fr\/missionnumerique1d\/?p=1478\" target=\"_blank\" rel=\"nofollow\" class=\"\">Smart Enseigno : progresser en maths en s\u2019amusant.\u00a0<\/a>\n\n\n\n\n\n\n<div class=\"wprss-feed-meta\">\n            <span class=\"feed-source\">\n            Source:\n\n                            Mission Num\u00e9rique 1D\n                    <\/span>\n    \n            <span class=\"feed-date\">\n            Published on 2024-11-11\n        <\/span>\n    \n    <\/div>\n\n\n\n\n\n            \n        <\/li>\n                    <li class=\"wpra-item feed-item \">\n            \n            \n\n    <a  href=\"https:\/\/site.ac-martinique.fr\/pole-maths\/?p=5166\" target=\"_blank\" rel=\"nofollow\" class=\"\">Pr\u00e9sentation de la mission<\/a>\n\n\n\n\n\n\n<div class=\"wprss-feed-meta\">\n            <span class=\"feed-source\">\n            Source:\n\n                            Pole Maths\n                    <\/span>\n    \n            <span class=\"feed-date\">\n            Published on 2024-11-07\n        <\/span>\n    \n    <\/div>\n\n\n\n\n\n            \n        <\/li>\n                    <li class=\"wpra-item feed-item \">\n            \n            \n\n    <a  href=\"https:\/\/site.ac-martinique.fr\/circonscription-trinite\/?p=6175\" target=\"_blank\" rel=\"nofollow\" class=\"\">Quand la dict\u00e9e rime avec solidarit\u00e9 \u00e0 Auguste R\u00e9jon<\/a>\n\n\n\n\n\n\n<div class=\"wprss-feed-meta\">\n            <span class=\"feed-source\">\n            Source:\n\n                            Circonscription Trinit\u00e9\n                    <\/span>\n    \n            <span class=\"feed-date\">\n            Published on 2024-11-04\n        <\/span>\n    \n    <\/div>\n\n\n\n\n\n            \n        <\/li>\n                    <li class=\"wpra-item feed-item \">\n            \n            \n\n    <a  href=\"https:\/\/site.ac-martinique.fr\/circonscription-trinite\/?p=6167\" target=\"_blank\" rel=\"nofollow\" class=\"\">Octobre rose \u00e0 Auguste R\u00e9jon<\/a>\n\n\n\n\n\n\n<div class=\"wprss-feed-meta\">\n            <span class=\"feed-source\">\n            Source:\n\n                            Circonscription Trinit\u00e9\n                    <\/span>\n    \n            <span class=\"feed-date\">\n            Published on 2024-11-04\n        <\/span>\n    \n    <\/div>\n\n\n\n\n\n            \n        <\/li>\n                    <li class=\"wpra-item feed-item \">\n            \n            \n\n    <a  href=\"https:\/\/site.ac-martinique.fr\/circonscription-marigot\/?p=1873\" target=\"_blank\" rel=\"nofollow\" class=\"\">Octobre Rose \u00e0 l\u2019\u00e9cole de Baignoire<\/a>\n\n\n\n\n\n\n<div class=\"wprss-feed-meta\">\n            <span class=\"feed-source\">\n            Source:\n\n                            Circonscription Marigot\n                    <\/span>\n    \n            <span class=\"feed-date\">\n            Published on 2024-11-04\n        <\/span>\n    \n    <\/div>\n\n\n\n\n\n            \n        <\/li>\n                    <li class=\"wpra-item feed-item \">\n            \n            \n\n    <a  href=\"https:\/\/site.ac-martinique.fr\/circonscription-trinite\/?p=6161\" target=\"_blank\" rel=\"nofollow\" class=\"\">Assistant\u2019s day \u00e0 l\u2019\u00e9cole Robert Platon<\/a>\n\n\n\n\n\n\n<div class=\"wprss-feed-meta\">\n            <span class=\"feed-source\">\n            Source:\n\n                            Circonscription Trinit\u00e9\n                    <\/span>\n    \n            <span class=\"feed-date\">\n            Published on 2024-11-04\n        <\/span>\n    \n    <\/div>\n\n\n\n\n\n            \n        <\/li>\n                    <li class=\"wpra-item feed-item \">\n            \n            \n\n    <a  href=\"https:\/\/site.ac-martinique.fr\/circonscription-marigot\/?p=1870\" target=\"_blank\" rel=\"nofollow\" class=\"\">D\u00e9clic lecture\u00a0: un partenariat \u00e9ducatif novateur entre la m\u00e9diath\u00e8que du Lorrain et l\u2019\u00e9cole Isidore Pierre-Louis<\/a>\n\n\n\n\n\n\n<div class=\"wprss-feed-meta\">\n            <span class=\"feed-source\">\n            Source:\n\n                            Circonscription Marigot\n                    <\/span>\n    \n            <span class=\"feed-date\">\n            Published on 2024-11-01\n        <\/span>\n    \n    <\/div>\n\n\n\n\n\n            \n        <\/li>\n                    <li class=\"wpra-item feed-item \">\n            \n            \n\n    <a  href=\"https:\/\/site.ac-martinique.fr\/edd\/?p=2383\" target=\"_blank\" rel=\"nofollow\" class=\"\">Info EDD : Publication de l\u2019ensemble des rep\u00e8res et attendus de fin de cycle<\/a>\n\n\n\n\n\n\n<div class=\"wprss-feed-meta\">\n            <span class=\"feed-source\">\n            Source:\n\n                            EDD\n                    <\/span>\n    \n            <span class=\"feed-date\">\n            Published on 2024-11-01\n        <\/span>\n    \n    <\/div>\n\n\n\n\n\n            \n        <\/li>\n                    <li class=\"wpra-item feed-item \">\n            \n            \n\n    <a  href=\"https:\/\/site.ac-martinique.fr\/circonscription-marigot\/?p=1849\" target=\"_blank\" rel=\"nofollow\" class=\"\">Lis-moi une histoire \u2013 \u00e9cole Berteau MARIE-ROSE<\/a>\n\n\n\n\n\n\n<div class=\"wprss-feed-meta\">\n            <span class=\"feed-source\">\n            Source:\n\n                            Circonscription Marigot\n                    <\/span>\n    \n            <span class=\"feed-date\">\n            Published on 2024-10-15\n        <\/span>\n    \n    <\/div>\n\n\n\n\n\n            \n        <\/li>\n                    <li class=\"wpra-item feed-item \">\n            \n            \n\n    <a  href=\"https:\/\/site.ac-martinique.fr\/missionnumerique1d\/?p=1469\" target=\"_blank\" rel=\"nofollow\" class=\"\">CodeWeek : C\u2019est la semaine du codage !<\/a>\n\n\n\n\n\n\n<div class=\"wprss-feed-meta\">\n            <span class=\"feed-source\">\n            Source:\n\n                            Mission Num\u00e9rique 1D\n                    <\/span>\n    \n            <span class=\"feed-date\">\n            Published on 2024-10-15\n        <\/span>\n    \n    <\/div>\n\n\n\n\n\n            \n        <\/li>\n                    <li class=\"wpra-item feed-item \">\n            \n            \n\n    <a  href=\"https:\/\/site.ac-martinique.fr\/circonscription-lamentin\/?p=4452\" target=\"_blank\" rel=\"nofollow\" class=\"\">Projet webradio<\/a>\n\n\n\n\n\n\n<div class=\"wprss-feed-meta\">\n            <span class=\"feed-source\">\n            Source:\n\n                            Circonscription Lamentin\n                    <\/span>\n    \n            <span class=\"feed-date\">\n            Published on 2024-10-14\n        <\/span>\n    \n    <\/div>\n\n\n\n\n\n            \n        <\/li>\n                    <li class=\"wpra-item feed-item \">\n            \n            \n\n    <a  href=\"https:\/\/site.ac-martinique.fr\/ash\/?p=2567\" target=\"_blank\" rel=\"nofollow\" class=\"\">Les 60\u00e8me Journ\u00e9es P\u00e9dagogiques des professeurs et \u00e9ducateurs d\u2019aveugles et d\u2019amblyopes<\/a>\n\n\n\n\n\n\n<div class=\"wprss-feed-meta\">\n            <span class=\"feed-source\">\n            Source:\n\n                            ASH\n                    <\/span>\n    \n            <span class=\"feed-date\">\n            Published on 2024-10-12\n        <\/span>\n    \n    <\/div>\n\n\n\n\n\n            \n        <\/li>\n                    <li class=\"wpra-item feed-item \">\n            \n            \n\n    <a  href=\"https:\/\/site.ac-martinique.fr\/circonscription-marigot\/?p=1840\" target=\"_blank\" rel=\"nofollow\" class=\"\">Journ\u00e9e du Sport Scolaire \u00e0 l\u2019\u00c9cole Maternelle Carabin : un moment de partage et de d\u00e9couverte<\/a>\n\n\n\n\n\n\n<div class=\"wprss-feed-meta\">\n            <span class=\"feed-source\">\n            Source:\n\n                            Circonscription Marigot\n                    <\/span>\n    \n            <span class=\"feed-date\">\n            Published on 2024-10-10\n        <\/span>\n    \n    <\/div>\n\n\n\n\n\n            \n        <\/li>\n                    <li class=\"wpra-item feed-item \">\n            \n            \n\n    <a  href=\"https:\/\/site.ac-martinique.fr\/circonscription-marigot\/?p=1831\" target=\"_blank\" rel=\"nofollow\" class=\"\">Rentr\u00e9e en musique \u00e0 l\u2019\u00e9cole L\u00e9on C\u00e9cile<\/a>\n\n\n\n\n\n\n<div class=\"wprss-feed-meta\">\n            <span class=\"feed-source\">\n            Source:\n\n                            Circonscription Marigot\n                    <\/span>\n    \n            <span class=\"feed-date\">\n            Published on 2024-10-10\n        <\/span>\n    \n    <\/div>\n\n\n\n\n\n            \n        <\/li>\n                    <li class=\"wpra-item feed-item \">\n            \n            \n\n    <a  href=\"https:\/\/site.ac-martinique.fr\/circonscription-trinite\/?p=6145\" target=\"_blank\" rel=\"nofollow\" class=\"\">Initiation au tibwa \u00e0 Couronne Lourel<\/a>\n\n\n\n\n\n\n<div class=\"wprss-feed-meta\">\n            <span class=\"feed-source\">\n            Source:\n\n                            Circonscription Trinit\u00e9\n                    <\/span>\n    \n            <span class=\"feed-date\">\n            Published on 2024-10-07\n        <\/span>\n    \n    <\/div>\n\n\n\n\n\n            \n        <\/li>\n                    <li class=\"wpra-item feed-item \">\n            \n            \n\n    <a  href=\"https:\/\/site.ac-martinique.fr\/circonscription-marigot\/?p=1811\" target=\"_blank\" rel=\"nofollow\" class=\"\">Sportons-nous bien \u00e0 l\u2019\u00e9cole de Recul\u00e9e<\/a>\n\n\n\n\n\n\n<div class=\"wprss-feed-meta\">\n            <span class=\"feed-source\">\n            Source:\n\n                            Circonscription Marigot\n                    <\/span>\n    \n            <span class=\"feed-date\">\n            Published on 2024-10-07\n        <\/span>\n    \n    <\/div>\n\n\n\n\n\n            \n        <\/li>\n                    <li class=\"wpra-item feed-item \">\n            \n            \n\n    <a  href=\"https:\/\/site.ac-martinique.fr\/drane\/?p=5168\" target=\"_blank\" rel=\"nofollow\" class=\"\">La Code Week 2024<\/a>\n\n\n\n\n\n\n<div class=\"wprss-feed-meta\">\n            <span class=\"feed-source\">\n            Source:\n\n                            DRANE\n                    <\/span>\n    \n            <span class=\"feed-date\">\n            Published on 2024-10-02\n        <\/span>\n    \n    <\/div>\n\n\n\n\n\n            \n        <\/li>\n                    <li class=\"wpra-item feed-item \">\n            \n            \n\n    <a  href=\"https:\/\/site.ac-martinique.fr\/ash\/?p=2448\" target=\"_blank\" rel=\"nofollow\" class=\"\">C\u2019est la vie D\u00e9cryptage : SCOLARITE ET HANDICAP : Zozime Nathalie, Rectorat et Houtrique Emilie, MdphScolarit\u00e9 et handicap: interview<\/a>\n\n\n\n\n\n\n<div class=\"wprss-feed-meta\">\n            <span class=\"feed-source\">\n            Source:\n\n                            ASH\n                    <\/span>\n    \n            <span class=\"feed-date\">\n            Published on 2024-09-30\n        <\/span>\n    \n    <\/div>\n\n\n\n\n\n            \n        <\/li>\n                    <li class=\"wpra-item feed-item \">\n            \n            \n\n    <a  href=\"https:\/\/site.ac-martinique.fr\/circonscription-trinite\/?p=6133\" target=\"_blank\" rel=\"nofollow\" class=\"\">Journ\u00e9e du sport \u00e0 Ultima Vestris<\/a>\n\n\n\n\n\n\n<div class=\"wprss-feed-meta\">\n            <span class=\"feed-source\">\n            Source:\n\n                            Circonscription Trinit\u00e9\n                    <\/span>\n    \n            <span class=\"feed-date\">\n            Published on 2024-09-30\n        <\/span>\n    \n    <\/div>\n\n\n\n\n\n            \n        <\/li>\n                    <li class=\"wpra-item feed-item \">\n            \n            \n\n    <a  href=\"https:\/\/site.ac-martinique.fr\/ep\/?p=160\" target=\"_blank\" rel=\"nofollow\" class=\"\">Quoi de neuf dans le r\u00e9seau H. NERO ?<\/a>\n\n\n\n\n\n\n<div class=\"wprss-feed-meta\">\n            <span class=\"feed-source\">\n            Source:\n\n                            Education Prioritaire\n                    <\/span>\n    \n            <span class=\"feed-date\">\n            Published on 2024-09-29\n        <\/span>\n    \n    <\/div>\n\n\n\n\n\n            \n        <\/li>\n                    <li class=\"wpra-item feed-item \">\n            \n            \n\n    <a  href=\"https:\/\/site.ac-martinique.fr\/circonscription-lamentin\/?p=4419\" target=\"_blank\" rel=\"nofollow\" class=\"\">Semaine du sport \u00e0 l\u2019\u00e9cole Maternelle D-Petit Manoir<\/a>\n\n\n\n\n\n\n<div class=\"wprss-feed-meta\">\n            <span class=\"feed-source\">\n            Source:\n\n                            Circonscription Lamentin\n                    <\/span>\n    \n            <span class=\"feed-date\">\n            Published on 2024-09-27\n        <\/span>\n    \n    <\/div>\n\n\n\n\n\n            \n        <\/li>\n                    <li class=\"wpra-item feed-item \">\n            \n            \n\n    <a  href=\"https:\/\/site.ac-martinique.fr\/pole-langues\/?p=4564\" target=\"_blank\" rel=\"nofollow\" class=\"\">C\u00e9r\u00e9monie des habilit\u00e9s LVRC<\/a>\n\n\n\n\n\n\n<div class=\"wprss-feed-meta\">\n            <span class=\"feed-source\">\n            Source:\n\n                            Pole Langues\n                    <\/span>\n    \n            <span class=\"feed-date\">\n            Published on 2024-09-23\n        <\/span>\n    \n    <\/div>\n\n\n\n\n\n            \n        <\/li>\n                    <li class=\"wpra-item feed-item \">\n            \n            \n\n    <a  href=\"https:\/\/site.ac-martinique.fr\/circonscription-trinite\/?p=6122\" target=\"_blank\" rel=\"nofollow\" class=\"\">C\u00e9r\u00e9monie des habilit\u00e9s LVRC<\/a>\n\n\n\n\n\n\n<div class=\"wprss-feed-meta\">\n            <span class=\"feed-source\">\n            Source:\n\n                            Circonscription Trinit\u00e9\n                    <\/span>\n    \n            <span class=\"feed-date\">\n            Published on 2024-09-23\n        <\/span>\n    \n    <\/div>\n\n\n\n\n\n            \n        <\/li>\n                    <li class=\"wpra-item feed-item \">\n            \n            \n\n    <a  href=\"https:\/\/site.ac-martinique.fr\/circonscription-trinite\/?p=6117\" target=\"_blank\" rel=\"nofollow\" class=\"\">Cl\u00f4ture de  \u201cMa classe aux jeux\u201d \u00e0 Auguste REJON<\/a>\n\n\n\n\n\n\n<div class=\"wprss-feed-meta\">\n            <span class=\"feed-source\">\n            Source:\n\n                            Circonscription Trinit\u00e9\n                    <\/span>\n    \n            <span class=\"feed-date\">\n            Published on 2024-09-23\n        <\/span>\n    \n    <\/div>\n\n\n\n\n\n            \n        <\/li>\n                    <li class=\"wpra-item feed-item \">\n            \n            \n\n    <a  href=\"https:\/\/site.ac-martinique.fr\/ash\/?p=2407\" target=\"_blank\" rel=\"nofollow\" class=\"\">Conf\u00e9rence sur l\u2019\u00e9ducation des jeunes sourds<\/a>\n\n\n\n\n\n\n<div class=\"wprss-feed-meta\">\n            <span class=\"feed-source\">\n            Source:\n\n                            ASH\n                    <\/span>\n    \n            <span class=\"feed-date\">\n            Published on 2024-09-19\n        <\/span>\n    \n    <\/div>\n\n\n\n\n\n            \n        <\/li>\n                    <li class=\"wpra-item feed-item \">\n            \n            \n\n    <a  href=\"https:\/\/site.ac-martinique.fr\/circonscription-trinite\/?p=6110\" target=\"_blank\" rel=\"nofollow\" class=\"\">Caf\u00e9 des parents \u00e0 la maternelle Mano C\u00e9saire<\/a>\n\n\n\n\n\n\n<div class=\"wprss-feed-meta\">\n            <span class=\"feed-source\">\n            Source:\n\n                            Circonscription Trinit\u00e9\n                    <\/span>\n    \n            <span class=\"feed-date\">\n            Published on 2024-09-16\n        <\/span>\n    \n    <\/div>\n\n\n\n\n\n            \n        <\/li>\n                    <li class=\"wpra-item feed-item \">\n            \n            \n\n    <a  href=\"https:\/\/site.ac-martinique.fr\/drane\/?p=5103\" target=\"_blank\" rel=\"nofollow\" class=\"\">\u00c9L\u00c9A est sur Colibri<\/a>\n\n\n\n\n\n\n<div class=\"wprss-feed-meta\">\n            <span class=\"feed-source\">\n            Source:\n\n                            DRANE\n                    <\/span>\n    \n            <span class=\"feed-date\">\n            Published on 2024-09-10\n        <\/span>\n    \n    <\/div>\n\n\n\n\n\n            \n        <\/li>\n                    <li class=\"wpra-item feed-item \">\n            \n            \n\n    <a  href=\"https:\/\/site.ac-martinique.fr\/ash\/?p=2343\" target=\"_blank\" rel=\"nofollow\" class=\"\">Cartographies des dispositifs ULIS<\/a>\n\n\n\n\n\n\n<div class=\"wprss-feed-meta\">\n            <span class=\"feed-source\">\n            Source:\n\n                            ASH\n                    <\/span>\n    \n            <span class=\"feed-date\">\n            Published on 2024-09-09\n        <\/span>\n    \n    <\/div>\n\n\n\n\n\n            \n        <\/li>\n                    <li class=\"wpra-item feed-item \">\n            \n            \n\n    <a  href=\"https:\/\/site.ac-martinique.fr\/bia\/?p=15\" target=\"_blank\" rel=\"nofollow\" class=\"\">Examen<\/a>\n\n\n\n\n\n\n<div class=\"wprss-feed-meta\">\n            <span class=\"feed-source\">\n            Source:\n\n                            BIA\n                    <\/span>\n    \n            <span class=\"feed-date\">\n            Published on 2024-09-06\n        <\/span>\n    \n    <\/div>\n\n\n\n\n\n            \n        <\/li>\n                    <li class=\"wpra-item feed-item \">\n            \n            \n\n    <a  href=\"https:\/\/site.ac-martinique.fr\/bia\/?p=12\" target=\"_blank\" rel=\"nofollow\" class=\"\">Inscription<\/a>\n\n\n\n\n\n\n<div class=\"wprss-feed-meta\">\n            <span class=\"feed-source\">\n            Source:\n\n                            BIA\n                    <\/span>\n    \n            <span class=\"feed-date\">\n            Published on 2024-09-06\n        <\/span>\n    \n    <\/div>\n\n\n\n\n\n            \n        <\/li>\n                    <li class=\"wpra-item feed-item \">\n            \n            \n\n    <a  href=\"https:\/\/site.ac-martinique.fr\/bia\/?p=1\" target=\"_blank\" rel=\"nofollow\" class=\"\">BIA \u2013 Aide<\/a>\n\n\n\n\n\n\n<div class=\"wprss-feed-meta\">\n            <span class=\"feed-source\">\n            Source:\n\n                            BIA\n                    <\/span>\n    \n            <span class=\"feed-date\">\n            Published on 2024-09-06\n        <\/span>\n    \n    <\/div>\n\n\n\n\n\n            \n        <\/li>\n                    <li class=\"wpra-item feed-item \">\n            \n            \n\n    <a  href=\"https:\/\/site.ac-martinique.fr\/ash\/?p=1224\" target=\"_blank\" rel=\"nofollow\" class=\"\">Inscription au CAPPEI session 2024<\/a>\n\n\n\n\n\n\n<div class=\"wprss-feed-meta\">\n            <span class=\"feed-source\">\n            Source:\n\n                            ASH\n                    <\/span>\n    \n            <span class=\"feed-date\">\n            Published on 2024-09-06\n        <\/span>\n    \n    <\/div>\n\n\n\n\n\n            \n        <\/li>\n                    <li class=\"wpra-item feed-item \">\n            \n            \n\n    <a  href=\"https:\/\/site.ac-martinique.fr\/drane\/?p=5130\" target=\"_blank\" rel=\"nofollow\" class=\"\">Lancement de l\u2019outil num\u00e9rique MIA Seconde pour la rem\u00e9diation en fran\u00e7ais et math\u00e9matiques : une \u00e9tude scientifique en cours dans les classes de 2nde<\/a>\n\n\n\n\n\n\n<div class=\"wprss-feed-meta\">\n            <span class=\"feed-source\">\n            Source:\n\n                            DRANE\n                    <\/span>\n    \n            <span class=\"feed-date\">\n            Published on 2024-09-05\n        <\/span>\n    \n    <\/div>\n\n\n\n\n\n            \n        <\/li>\n                    <li class=\"wpra-item feed-item \">\n            \n            \n\n    <a  href=\"https:\/\/site.ac-martinique.fr\/drane\/?p=5121\" target=\"_blank\" rel=\"nofollow\" class=\"\">Classe virtuelle Outre-mer, ma CV pour un usage avec les \u00e9l\u00e8ves<\/a>\n\n\n\n\n\n\n<div class=\"wprss-feed-meta\">\n            <span class=\"feed-source\">\n            Source:\n\n                            DRANE\n                    <\/span>\n    \n            <span class=\"feed-date\">\n            Published on 2024-09-03\n        <\/span>\n    \n    <\/div>\n\n\n\n\n\n            \n        <\/li>\n                    <li class=\"wpra-item feed-item \">\n            \n            \n\n    <a  href=\"https:\/\/site.ac-martinique.fr\/drane\/?p=5117\" target=\"_blank\" rel=\"nofollow\" class=\"\">Les \u00e9valuations nationales 2024<\/a>\n\n\n\n\n\n\n<div class=\"wprss-feed-meta\">\n            <span class=\"feed-source\">\n            Source:\n\n                            DRANE\n                    <\/span>\n    \n            <span class=\"feed-date\">\n            Published on 2024-09-02\n        <\/span>\n    \n    <\/div>\n\n\n\n\n\n            \n        <\/li>\n                    <li class=\"wpra-item feed-item \">\n            \n            \n\n    <a  href=\"https:\/\/site.ac-martinique.fr\/circonscription-trinite\/?p=6084\" target=\"_blank\" rel=\"nofollow\" class=\"\">Une rentr\u00e9e pluvieuse mais heureuse !<\/a>\n\n\n\n\n\n\n<div class=\"wprss-feed-meta\">\n            <span class=\"feed-source\">\n            Source:\n\n                            Circonscription Trinit\u00e9\n                    <\/span>\n    \n            <span class=\"feed-date\">\n            Published on 2024-09-02\n        <\/span>\n    \n    <\/div>\n\n\n\n\n\n            \n        <\/li>\n                    <li class=\"wpra-item feed-item \">\n            \n            \n\n    <a  href=\"https:\/\/site.ac-martinique.fr\/circonscription-trinite\/?p=6077\" target=\"_blank\" rel=\"nofollow\" class=\"\">Nos \u00e9l\u00e8ves sont aux JO !<\/a>\n\n\n\n\n\n\n<div class=\"wprss-feed-meta\">\n            <span class=\"feed-source\">\n            Source:\n\n                            Circonscription Trinit\u00e9\n                    <\/span>\n    \n            <span class=\"feed-date\">\n            Published on 2024-09-02\n        <\/span>\n    \n    <\/div>\n\n\n\n\n\n            \n        <\/li>\n        <\/ul>\n\n            <div class=\"nav-links\">\n            <div class=\"nav-previous alignleft\">\n            <a data-wpra-shortcode=\"shortcode\" data-wpra-page=\"2\">\n                Older posts            <\/a>\n        <\/div>\n        <\/div>\n\n        \n<\/div>\n\n<\/div>\n<\/div>\n<\/div>\n","protected":false},"excerpt":{"rendered":"","protected":false},"author":206,"featured_media":0,"parent":0,"menu_order":0,"comment_status":"closed","ping_status":"closed","template":"","meta":{"footnotes":""},"class_list":["post-202","page","type-page","status-publish","hentry"],"_links":{"self":[{"href":"https:\/\/site.ac-martinique.fr\/fluxrss-structures\/index.php?rest_route=\/wp\/v2\/pages\/202","targetHints":{"allow":["GET"]}}],"collection":[{"href":"https:\/\/site.ac-martinique.fr\/fluxrss-structures\/index.php?rest_route=\/wp\/v2\/pages"}],"about":[{"href":"https:\/\/site.ac-martinique.fr\/fluxrss-structures\/index.php?rest_route=\/wp\/v2\/types\/page"}],"author":[{"embeddable":true,"href":"https:\/\/site.ac-martinique.fr\/fluxrss-structures\/index.php?rest_route=\/wp\/v2\/users\/206"}],"replies":[{"embeddable":true,"href":"https:\/\/site.ac-martinique.fr\/fluxrss-structures\/index.php?rest_route=%2Fwp%2Fv2%2Fcomments&post=202"}],"version-history":[{"count":1,"href":"https:\/\/site.ac-martinique.fr\/fluxrss-structures\/index.php?rest_route=\/wp\/v2\/pages\/202\/revisions"}],"predecessor-version":[{"id":204,"href":"https:\/\/site.ac-martinique.fr\/fluxrss-structures\/index.php?rest_route=\/wp\/v2\/pages\/202\/revisions\/204"}],"wp:attachment":[{"href":"https:\/\/site.ac-martinique.fr\/fluxrss-structures\/index.php?rest_route=%2Fwp%2Fv2%2Fmedia&parent=202"}],"curies":[{"name":"wp","href":"https:\/\/api.w.org\/{rel}","templated":true}]}}