{"id":4207,"date":"2021-08-22T22:32:18","date_gmt":"2021-08-22T21:32:18","guid":{"rendered":"https:\/\/site.ac-martinique.fr\/histoire-geographie\/?page_id=4207"},"modified":"2022-12-14T08:10:56","modified_gmt":"2022-12-14T12:10:56","slug":"edd-3","status":"publish","type":"page","link":"https:\/\/site.ac-martinique.fr\/histoire-geographie\/?page_id=4207","title":{"rendered":"EDD"},"content":{"rendered":"\n<figure class=\"wp-block-pullquote\"><blockquote><p>Education au D\u00e9veloppement durable<\/p><cite>Principes, modalit\u00e9s, ressources<\/cite><\/blockquote><\/figure>\n\n\n<div class=\"wp-block-image\">\n<figure class=\"aligncenter size-full is-resized\"><img loading=\"lazy\" decoding=\"async\" src=\"https:\/\/site.ac-martinique.fr\/histoire-geographie\/wp-content\/uploads\/sites\/15\/2021\/08\/logo.png\" alt=\"\" class=\"wp-image-4844\" width=\"322\" height=\"161\" srcset=\"https:\/\/site.ac-martinique.fr\/histoire-geographie\/wp-content\/uploads\/sites\/15\/2021\/08\/logo.png 600w, https:\/\/site.ac-martinique.fr\/histoire-geographie\/wp-content\/uploads\/sites\/15\/2021\/08\/logo-300x150.png 300w\" sizes=\"auto, (max-width: 322px) 100vw, 322px\" \/><\/figure>\n<\/div>\n\n\n<p class=\"has-drop-cap has-small-font-size\">L&rsquo;\u00e9ducation au d\u00e9veloppement durable (EDD) permet d&rsquo;appr\u00e9hender le monde contemporain dans sa complexit\u00e9, en prenant en compte les interactions existant entre l&rsquo;environnement, la soci\u00e9t\u00e9, l&rsquo;\u00e9conomie et la culture. L&rsquo;Acad\u00e9mie de Martinique est engag\u00e9e pleinement dans cette probl\u00e9matique.<\/p>\n\n\n\n<div style=\"height:100px\" aria-hidden=\"true\" class=\"wp-block-spacer\"><\/div>\n\n\n\n<div class=\"wp-block-group alignfull\"><div class=\"wp-block-group__inner-container is-layout-flow wp-block-group-is-layout-flow\">\n<div class=\"wp-block-columns alignwide are-vertically-aligned-top tw-cols-card tw-cols-card-shadow tw-stretched-media is-layout-flex wp-container-core-columns-is-layout-d0b3c9c8 wp-block-columns-is-layout-flex\">\n<div class=\"wp-block-column is-vertically-aligned-top is-layout-flow wp-block-column-is-layout-flow\">\n<p class=\"has-text-align-center\"><strong><a href=\"https:\/\/site.ac-martinique.fr\/histoire-geographie\/?p=5688\" target=\"_blank\" rel=\"noreferrer noopener\">ACTUALITES DE L&rsquo;EDD<\/a><\/strong><\/p>\n\n\n<div class=\"wp-block-image\">\n<figure class=\"aligncenter size-full is-resized\"><a href=\"https:\/\/site.ac-martinique.fr\/histoire-geographie\/wp-content\/uploads\/sites\/15\/2021\/08\/EVENEMENTS.jpg\"><img loading=\"lazy\" decoding=\"async\" src=\"https:\/\/site.ac-martinique.fr\/histoire-geographie\/wp-content\/uploads\/sites\/15\/2021\/08\/EVENEMENTS.jpg\" alt=\"\" class=\"wp-image-4853\" width=\"130\" height=\"130\" srcset=\"https:\/\/site.ac-martinique.fr\/histoire-geographie\/wp-content\/uploads\/sites\/15\/2021\/08\/EVENEMENTS.jpg 980w, https:\/\/site.ac-martinique.fr\/histoire-geographie\/wp-content\/uploads\/sites\/15\/2021\/08\/EVENEMENTS-300x300.jpg 300w, https:\/\/site.ac-martinique.fr\/histoire-geographie\/wp-content\/uploads\/sites\/15\/2021\/08\/EVENEMENTS-150x150.jpg 150w, https:\/\/site.ac-martinique.fr\/histoire-geographie\/wp-content\/uploads\/sites\/15\/2021\/08\/EVENEMENTS-768x768.jpg 768w, https:\/\/site.ac-martinique.fr\/histoire-geographie\/wp-content\/uploads\/sites\/15\/2021\/08\/EVENEMENTS-75x75.jpg 75w\" sizes=\"auto, (max-width: 130px) 100vw, 130px\" \/><\/a><\/figure>\n<\/div>\n\n\n<p class=\"has-small-font-size\"><strong>ACTUALITES\/EVENEMENTS-<\/strong> Suivez toute l&rsquo;actualit\u00e9 de l&rsquo;EDD dans l&rsquo;Acad\u00e9mie&#8230;<\/p>\n\n\n\n<p class=\"has-text-align-right has-text-color\" style=\"color:#6c864b;font-size:11px\"><strong><a href=\"https:\/\/site.ac-martinique.fr\/histoire-geographie\/?p=5688\">lire la suite<\/a><\/strong><\/p>\n<\/div>\n<\/div>\n<\/div><\/div>\n\n\n\n<p><\/p>\n\n\n\n<div style=\"height:100px\" aria-hidden=\"true\" class=\"wp-block-spacer\"><\/div>\n\n\n\n<p class=\"has-text-align-center\"><strong>LES INDISPENSABLES DE L&rsquo;EDD<\/strong><\/p>\n\n\n\n<div class=\"wp-block-columns is-layout-flex wp-container-core-columns-is-layout-d0b3c9c8 wp-block-columns-is-layout-flex\">\n<div class=\"wp-block-column is-layout-flow wp-block-column-is-layout-flow\">\n<div class=\"wp-block-group has-transparent-background-color has-background tw-shadow\"><div class=\"wp-block-group__inner-container is-layout-flow wp-block-group-is-layout-flow\"><div class=\"wp-block-image\">\n<figure class=\"aligncenter size-full is-resized\"><img loading=\"lazy\" decoding=\"async\" src=\"https:\/\/site.ac-martinique.fr\/histoire-geographie\/wp-content\/uploads\/sites\/15\/2021\/08\/E3D.jpg\" alt=\"\" class=\"wp-image-4677\" width=\"202\" height=\"106\" srcset=\"https:\/\/site.ac-martinique.fr\/histoire-geographie\/wp-content\/uploads\/sites\/15\/2021\/08\/E3D.jpg 756w, https:\/\/site.ac-martinique.fr\/histoire-geographie\/wp-content\/uploads\/sites\/15\/2021\/08\/E3D-300x158.jpg 300w\" sizes=\"auto, (max-width: 202px) 100vw, 202px\" \/><\/figure>\n<\/div>\n\n\n<p class=\"has-small-font-size\"><strong>LABELLISATION E3D- <\/strong>Dans la dynamique de g\u00e9n\u00e9ralisation de l&rsquo;\u00e9ducation au d\u00e9veloppement durable, la labellisation \u00ab E3D \u00bb est attribu\u00e9e aux \u00e9tablissements d&rsquo;enseignement scolaire qui entrent dans une d\u00e9marche globale de d\u00e9veloppement durable&#8230; <\/p>\n\n\n\n<p class=\"has-text-align-right has-text-color\" style=\"color:#6c864b;font-size:11px\"><strong><a rel=\"noreferrer noopener\" href=\"https:\/\/site.ac-martinique.fr\/histoire-geographie\/?p=4858\" target=\"_blank\">lire la suite<\/a><\/strong><\/p>\n<\/div><\/div>\n<\/div>\n\n\n\n<div class=\"wp-block-column is-layout-flow wp-block-column-is-layout-flow\">\n<div class=\"wp-block-group has-transparent-background-color has-background tw-shadow\"><div class=\"wp-block-group__inner-container is-layout-flow wp-block-group-is-layout-flow\"><div class=\"wp-block-image\">\n<figure class=\"aligncenter size-full is-resized\"><a href=\"https:\/\/site.ac-martinique.fr\/histoire-geographie\/wp-content\/uploads\/sites\/15\/2022\/06\/eco-ecole.png\"><img loading=\"lazy\" decoding=\"async\" src=\"https:\/\/site.ac-martinique.fr\/histoire-geographie\/wp-content\/uploads\/sites\/15\/2022\/06\/eco-ecole.png\" alt=\"\" class=\"wp-image-6098\" width=\"122\" height=\"120\" srcset=\"https:\/\/site.ac-martinique.fr\/histoire-geographie\/wp-content\/uploads\/sites\/15\/2022\/06\/eco-ecole.png 226w, https:\/\/site.ac-martinique.fr\/histoire-geographie\/wp-content\/uploads\/sites\/15\/2022\/06\/eco-ecole-75x75.png 75w\" sizes=\"auto, (max-width: 122px) 100vw, 122px\" \/><\/a><\/figure>\n<\/div>\n\n\n<p class=\"has-small-font-size\"><strong>LABELLISATION Eco-Ecole-<\/strong> Eco-Ecole est la version fran\u00e7aise&nbsp;d\u2019Eco-Schools, programme international d\u2019\u00e9ducation au d\u00e9veloppement durable (EDD),&nbsp;d\u00e9velopp\u00e9 par la&nbsp;<a rel=\"noreferrer noopener\" href=\"https:\/\/www.fee.global\/\" target=\"_blank\">Foundation for Environmental Education<\/a>. <\/p>\n\n\n\n<p class=\"has-text-align-right has-text-color\" style=\"color:#6c864b;font-size:11px\"><a href=\"https:\/\/site.ac-martinique.fr\/histoire-geographie\/?p=6101\" target=\"_blank\" rel=\"noreferrer noopener\">lire la suite<\/a><\/p>\n<\/div><\/div>\n<\/div>\n<\/div>\n\n\n\n<div class=\"wp-block-group alignfull\"><div class=\"wp-block-group__inner-container is-layout-flow wp-block-group-is-layout-flow\">\n<div class=\"wp-block-columns alignwide are-vertically-aligned-top tw-cols-card tw-cols-card-shadow tw-stretched-media is-layout-flex wp-container-core-columns-is-layout-d0b3c9c8 wp-block-columns-is-layout-flex\">\n<div class=\"wp-block-column is-vertically-aligned-top is-layout-flow wp-block-column-is-layout-flow\"><div class=\"wp-block-image\">\n<figure class=\"aligncenter size-full is-resized\"><a href=\"https:\/\/site.ac-martinique.fr\/histoire-geographie\/wp-content\/uploads\/sites\/15\/2021\/08\/3-spheres.png\"><img loading=\"lazy\" decoding=\"async\" src=\"https:\/\/site.ac-martinique.fr\/histoire-geographie\/wp-content\/uploads\/sites\/15\/2021\/08\/3-spheres.png\" alt=\"\" class=\"wp-image-4854\" width=\"102\" height=\"97\"\/><\/a><\/figure>\n<\/div>\n\n\n<p class=\"has-small-font-size\"><strong>POLITIQUE EDUCATIVE\/ RESSOURCES-<\/strong> L&rsquo;\u00e9ducation au d\u00e9veloppement durable (EDD) permet d&rsquo;appr\u00e9hender la complexit\u00e9 du monde dans ses dimensions scientifiques, \u00e9thiques et civiques. Transversale&#8230;<\/p>\n\n\n\n<p class=\"has-text-align-right has-text-color\" style=\"color:#6c864b;font-size:11px\"><strong>lire la suite<\/strong><\/p>\n<\/div>\n\n\n\n<div class=\"wp-block-column is-vertically-aligned-top is-layout-flow wp-block-column-is-layout-flow\"><div class=\"wp-block-image\">\n<figure class=\"aligncenter size-full is-resized\"><img loading=\"lazy\" decoding=\"async\" src=\"https:\/\/site.ac-martinique.fr\/histoire-geographie\/wp-content\/uploads\/sites\/15\/2021\/08\/logo-ecodelegues-2020.jpg\" alt=\"\" class=\"wp-image-4849\" width=\"129\" height=\"153\" srcset=\"https:\/\/site.ac-martinique.fr\/histoire-geographie\/wp-content\/uploads\/sites\/15\/2021\/08\/logo-ecodelegues-2020.jpg 383w, https:\/\/site.ac-martinique.fr\/histoire-geographie\/wp-content\/uploads\/sites\/15\/2021\/08\/logo-ecodelegues-2020-253x300.jpg 253w\" sizes=\"auto, (max-width: 129px) 100vw, 129px\" \/><\/figure>\n<\/div>\n\n\n<p class=\"has-small-font-size\"><strong>ECO-DELEGUES- <\/strong>Les&nbsp;\u00e9co-d\u00e9l\u00e9gu\u00e9s&nbsp;sont \u00e0 la fois des co-pilotes et des ambassadeurs des projets p\u00e9dagogiques &#8230;<\/p>\n\n\n\n<p class=\"has-text-align-right has-text-color\" style=\"color:#6c864b;font-size:11px\"><strong><a href=\"https:\/\/site.ac-martinique.fr\/histoire-geographie\/?p=4676\" target=\"_blank\" rel=\"noreferrer noopener\">lire la suite<\/a><\/strong><\/p>\n<\/div>\n<\/div>\n<\/div><\/div>\n\n\n\n<div style=\"height:100px\" aria-hidden=\"true\" class=\"wp-block-spacer\"><\/div>\n\n\n\n<p class=\"has-text-align-center\"><strong>L&rsquo;EDD DANS L&rsquo;ACADEMIE DE MARTINIQUE, LA MISSION CHLORDECONE<\/strong><\/p>\n\n\n<div class=\"wp-block-image\">\n<figure class=\"aligncenter size-full\"><a href=\"https:\/\/site.ac-martinique.fr\/histoire-geographie\/wp-content\/uploads\/sites\/15\/2022\/12\/MISSION-CHLOREDECONE.png\"><img loading=\"lazy\" decoding=\"async\" width=\"406\" height=\"202\" src=\"https:\/\/site.ac-martinique.fr\/histoire-geographie\/wp-content\/uploads\/sites\/15\/2022\/12\/MISSION-CHLOREDECONE.png\" alt=\"\" class=\"wp-image-6428\" srcset=\"https:\/\/site.ac-martinique.fr\/histoire-geographie\/wp-content\/uploads\/sites\/15\/2022\/12\/MISSION-CHLOREDECONE.png 406w, https:\/\/site.ac-martinique.fr\/histoire-geographie\/wp-content\/uploads\/sites\/15\/2022\/12\/MISSION-CHLOREDECONE-300x149.png 300w\" sizes=\"auto, (max-width: 406px) 100vw, 406px\" \/><\/a><\/figure>\n<\/div>\n\n\n<p>MISSION CHLORDECONE- L&rsquo;Acad\u00e9mie de Martinique s&rsquo;engage dans la sensibilisation face \u00e0 la probl\u00e9matique de la chlord\u00e9cone aux Antilles. Retrouvez les actualit\u00e9s, ressources disponibles sur cette th\u00e9matique. <\/p>\n\n\n\n<p class=\"has-text-align-right\"><a href=\"https:\/\/site.ac-martinique.fr\/histoire-geographie\/?p=6430\" target=\"_blank\" rel=\"noreferrer noopener\">Acc\u00e9der \u00e0 l&rsquo;article consacr\u00e9<\/a><\/p>\n\n\n\n<div style=\"height:100px\" aria-hidden=\"true\" class=\"wp-block-spacer\"><\/div>\n\n\n\n<p class=\"has-text-align-center\"><strong>LES MANIFESTATIONS DE L&rsquo;EDD<\/strong><\/p>\n\n\n\n<div class=\"wp-block-columns is-layout-flex wp-container-core-columns-is-layout-d0b3c9c8 wp-block-columns-is-layout-flex\">\n<div class=\"wp-block-column is-layout-flow wp-block-column-is-layout-flow\" style=\"--col-width:66.66%;flex-basis:66.66%\">\n<div class=\"wp-block-group has-transparent-background-color has-background tw-shadow\"><div class=\"wp-block-group__inner-container is-layout-flow wp-block-group-is-layout-flow\">\n<figure class=\"wp-block-image size-full is-resized\"><a href=\"https:\/\/site.ac-martinique.fr\/histoire-geographie\/wp-content\/uploads\/sites\/15\/2022\/09\/seminaire-EDD-sobriete-numerique.jpg\"><img loading=\"lazy\" decoding=\"async\" src=\"https:\/\/site.ac-martinique.fr\/histoire-geographie\/wp-content\/uploads\/sites\/15\/2022\/09\/seminaire-EDD-sobriete-numerique.jpg\" alt=\"\" class=\"wp-image-6230\" width=\"193\" height=\"273\" srcset=\"https:\/\/site.ac-martinique.fr\/histoire-geographie\/wp-content\/uploads\/sites\/15\/2022\/09\/seminaire-EDD-sobriete-numerique.jpg 284w, https:\/\/site.ac-martinique.fr\/histoire-geographie\/wp-content\/uploads\/sites\/15\/2022\/09\/seminaire-EDD-sobriete-numerique-212x300.jpg 212w\" sizes=\"auto, (max-width: 193px) 100vw, 193px\" \/><\/a><\/figure>\n\n\n\n<p class=\"has-small-font-size\"><strong>SEMINAIRE-<\/strong> Les 20 et 21 octobre 2022 Le r\u00e9seau Canop\u00e9 organise le s\u00e9minaire Climat, Num\u00e9rique, Education. <\/p>\n\n\n\n<p class=\"has-text-align-right has-text-color has-small-font-size\" style=\"color:#6c864b\"><a href=\"https:\/\/site.ac-martinique.fr\/histoire-geographie\/?p=6232\" target=\"_blank\" rel=\"noreferrer noopener\">Acc\u00e9der \u00e0 l&rsquo;article d\u00e9di\u00e9<\/a><\/p>\n<\/div><\/div>\n<\/div>\n\n\n\n<div class=\"wp-block-column is-layout-flow wp-block-column-is-layout-flow\" style=\"--col-width:33.33%;flex-basis:33.33%\"><\/div>\n<\/div>\n\n\n\n<div class=\"wp-block-columns is-layout-flex wp-container-core-columns-is-layout-d0b3c9c8 wp-block-columns-is-layout-flex\">\n<div class=\"wp-block-column is-layout-flow wp-block-column-is-layout-flow\" style=\"--col-width:33.33%;flex-basis:33.33%\"><\/div>\n\n\n\n<div class=\"wp-block-column is-layout-flow wp-block-column-is-layout-flow\" style=\"--col-width:66.66%;flex-basis:66.66%\">\n<div class=\"wp-block-group has-transparent-background-color has-background tw-shadow\"><div class=\"wp-block-group__inner-container is-layout-flow wp-block-group-is-layout-flow\"><div class=\"wp-block-image\">\n<figure class=\"aligncenter is-resized\" id=\"block-3d57f25e-e40a-4aeb-83e6-56f000fa875a\"><img loading=\"lazy\" decoding=\"async\" src=\"https:\/\/site.ac-martinique.fr\/histoire-geographie\/wp-content\/uploads\/sites\/15\/2022\/02\/zones-humides-1024x313.png\" alt=\"L\u2019attribut alt de cette image est vide, son nom de fichier est zones-humides-1024x313.png.\" width=\"199\" height=\"60\"\/><\/figure>\n<\/div>\n\n\n<p class=\"has-small-font-size\" id=\"block-ea2f49f1-8e4a-4425-8a24-b02f5fd55201\"><strong>ODE f\u00e9vrier 2022- <\/strong>Le 2 f\u00e9vrier est la journ\u00e9e mondiale des zones humides. A cette occasion, l&rsquo;ODE Martinique organise et met en avant des manifestations.<\/p>\n\n\n\n<p class=\"has-small-font-size\" id=\"block-cb99334f-6274-4c53-8751-2c5c98a6b4fc\">Lire le programme en cliquant<a href=\"https:\/\/site.ac-martinique.fr\/histoire-geographie\/?p=5688\" target=\"_blank\" rel=\"noreferrer noopener\"> ici<\/a><\/p>\n<\/div><\/div>\n<\/div>\n<\/div>\n\n\n\n<div class=\"wp-block-group alignfull\"><div class=\"wp-block-group__inner-container is-layout-flow wp-block-group-is-layout-flow\">\n<div class=\"wp-block-columns alignwide are-vertically-aligned-top tw-cols-card tw-cols-card-shadow tw-stretched-media is-layout-flex wp-container-core-columns-is-layout-d0b3c9c8 wp-block-columns-is-layout-flex\">\n<div class=\"wp-block-column is-vertically-aligned-top is-layout-flow wp-block-column-is-layout-flow\"><div class=\"wp-block-image\">\n<figure class=\"aligncenter size-full is-resized\"><a href=\"https:\/\/site.ac-martinique.fr\/histoire-geographie\/wp-content\/uploads\/sites\/15\/2021\/12\/GRAINE-DE-REPORTER_TARA_Logo.png\"><img loading=\"lazy\" decoding=\"async\" src=\"https:\/\/site.ac-martinique.fr\/histoire-geographie\/wp-content\/uploads\/sites\/15\/2021\/12\/GRAINE-DE-REPORTER_TARA_Logo.png\" alt=\"\" class=\"wp-image-5578\" width=\"193\" height=\"193\" srcset=\"https:\/\/site.ac-martinique.fr\/histoire-geographie\/wp-content\/uploads\/sites\/15\/2021\/12\/GRAINE-DE-REPORTER_TARA_Logo.png 400w, https:\/\/site.ac-martinique.fr\/histoire-geographie\/wp-content\/uploads\/sites\/15\/2021\/12\/GRAINE-DE-REPORTER_TARA_Logo-300x300.png 300w, https:\/\/site.ac-martinique.fr\/histoire-geographie\/wp-content\/uploads\/sites\/15\/2021\/12\/GRAINE-DE-REPORTER_TARA_Logo-150x150.png 150w, https:\/\/site.ac-martinique.fr\/histoire-geographie\/wp-content\/uploads\/sites\/15\/2021\/12\/GRAINE-DE-REPORTER_TARA_Logo-75x75.png 75w\" sizes=\"auto, (max-width: 193px) 100vw, 193px\" \/><\/a><\/figure>\n<\/div>\n\n\n<p class=\"has-small-font-size\"><strong>OCEANS ET CLIMATS GRAINES DE REPORTERS-<\/strong> Retrouvez ici des Ressources \u00e0 destination des enseignants participant au projet.<\/p>\n\n\n\n<p class=\"has-text-align-right has-text-color\" style=\"color:#6c864b;font-size:11px\"><a href=\"https:\/\/site.ac-martinique.fr\/histoire-geographie\/?p=5577\" target=\"_blank\" rel=\"noreferrer noopener\"><strong>Lire la suite<\/strong><\/a><\/p>\n<\/div>\n\n\n\n<div class=\"wp-block-column is-vertically-aligned-top is-layout-flow wp-block-column-is-layout-flow\"><div class=\"wp-block-image\">\n<figure class=\"aligncenter size-full is-resized\"><a href=\"https:\/\/site.ac-martinique.fr\/histoire-geographie\/wp-content\/uploads\/sites\/15\/2021\/12\/fondation-tara-ocean.png\"><img decoding=\"async\" src=\"https:\/\/site.ac-martinique.fr\/histoire-geographie\/wp-content\/uploads\/sites\/15\/2021\/12\/fondation-tara-ocean-edited.png\" alt=\"\" class=\"wp-image-5582\" width=\"244\"\/><\/a><\/figure>\n<\/div>\n\n\n<p class=\"has-small-font-size\"><strong>PLASTIQUE A LA LOUPE-<\/strong> <em>Plastique \u00e0 la loupe<\/em>&nbsp;est une op\u00e9ration p\u00e9dagogique au service de l\u2019\u00e9ducation \u00e0 la science et au d\u00e9veloppement durable. <\/p>\n\n\n\n<p class=\"has-text-align-right has-text-color\" style=\"color:#6c864b;font-size:11px\"><strong>Lire la suite<\/strong><\/p>\n<\/div>\n<\/div>\n<\/div><\/div>\n\n\n\n<div class=\"wp-block-columns is-layout-flex wp-container-core-columns-is-layout-d0b3c9c8 wp-block-columns-is-layout-flex\">\n<div class=\"wp-block-column is-layout-flow wp-block-column-is-layout-flow\"><\/div>\n\n\n\n<div class=\"wp-block-column is-layout-flow wp-block-column-is-layout-flow\">\n<div class=\"wp-block-group has-transparent-background-color has-background tw-shadow\"><div class=\"wp-block-group__inner-container is-layout-flow wp-block-group-is-layout-flow\">\n<figure class=\"wp-block-image size-large\"><a href=\"https:\/\/site.ac-martinique.fr\/histoire-geographie\/wp-content\/uploads\/sites\/15\/2021\/12\/littoral-2020.jpg\"><img loading=\"lazy\" decoding=\"async\" width=\"1024\" height=\"557\" src=\"https:\/\/site.ac-martinique.fr\/histoire-geographie\/wp-content\/uploads\/sites\/15\/2021\/12\/littoral-2020-1024x557.jpg\" alt=\"\" class=\"wp-image-5583\" srcset=\"https:\/\/site.ac-martinique.fr\/histoire-geographie\/wp-content\/uploads\/sites\/15\/2021\/12\/littoral-2020-1024x557.jpg 1024w, https:\/\/site.ac-martinique.fr\/histoire-geographie\/wp-content\/uploads\/sites\/15\/2021\/12\/littoral-2020-300x163.jpg 300w, https:\/\/site.ac-martinique.fr\/histoire-geographie\/wp-content\/uploads\/sites\/15\/2021\/12\/littoral-2020-768x418.jpg 768w, https:\/\/site.ac-martinique.fr\/histoire-geographie\/wp-content\/uploads\/sites\/15\/2021\/12\/littoral-2020-1140x620.jpg 1140w, https:\/\/site.ac-martinique.fr\/histoire-geographie\/wp-content\/uploads\/sites\/15\/2021\/12\/littoral-2020-1320x718.jpg 1320w, https:\/\/site.ac-martinique.fr\/histoire-geographie\/wp-content\/uploads\/sites\/15\/2021\/12\/littoral-2020.jpg 1484w\" sizes=\"auto, (max-width: 1024px) 100vw, 1024px\" \/><\/a><\/figure>\n\n\n\n<p class=\"has-small-font-size\"><strong>LITTORAL 2020 Dlo la te Dlo Lanm\u00e8<\/strong>&#8211; La Martinique dispose d\u2019une grande diversit\u00e9 de milieux aquatiques : pour les pr\u00e9server, il est essentiel de mieux comprendre les liens entre les habitants de la Martinique et ces milieux.<\/p>\n\n\n\n<p class=\"has-text-align-right has-text-color\" style=\"color:#6c864b;font-size:11px\"><strong>Lire la suite<\/strong><\/p>\n<\/div><\/div>\n<\/div>\n<\/div>\n","protected":false},"excerpt":{"rendered":"<p>Education au D\u00e9veloppement durable Principes, modalit\u00e9s, ressources L&rsquo;\u00e9ducation au d\u00e9veloppement durable (EDD) permet d&rsquo;appr\u00e9hender le monde contemporain dans sa complexit\u00e9, en prenant en compte les interactions existant entre l&rsquo;environnement, la soci\u00e9t\u00e9, l&rsquo;\u00e9conomie et la culture. L&rsquo;Acad\u00e9mie de Martinique est engag\u00e9e pleinement dans cette probl\u00e9matique. ACTUALITES DE L&rsquo;EDD ACTUALITES\/EVENEMENTS- Suivez toute l&rsquo;actualit\u00e9 de l&rsquo;EDD dans l&rsquo;Acad\u00e9mie&#8230; lire la suite LES INDISPENSABLES DE L&rsquo;EDD LABELLISATION E3D- Dans la dynamique de g\u00e9n\u00e9ralisation de l&rsquo;\u00e9ducation au d\u00e9veloppement durable, la labellisation \u00ab E3D \u00bb est attribu\u00e9e aux \u00e9tablissements d&rsquo;enseignement scolaire qui entrent dans une d\u00e9marche globale de d\u00e9veloppement durable&#8230; lire la suite LABELLISATION Eco-Ecole- Eco-Ecole est la version fran\u00e7aise&nbsp;d\u2019Eco-Schools, programme international d\u2019\u00e9ducation au d\u00e9veloppement durable (EDD),&nbsp;d\u00e9velopp\u00e9 par la&nbsp;Foundation for Environmental Education. lire la suite POLITIQUE EDUCATIVE\/ RESSOURCES- L&rsquo;\u00e9ducation au d\u00e9veloppement durable (EDD) permet d&rsquo;appr\u00e9hender la complexit\u00e9 du monde dans ses dimensions scientifiques, \u00e9thiques et civiques. Transversale&#8230; lire la suite ECO-DELEGUES- Les&nbsp;\u00e9co-d\u00e9l\u00e9gu\u00e9s&nbsp;sont \u00e0 la fois des co-pilotes et des ambassadeurs des projets p\u00e9dagogiques &#8230; lire la suite L&rsquo;EDD DANS L&rsquo;ACADEMIE DE MARTINIQUE, LA MISSION CHLORDECONE MISSION CHLORDECONE- L&rsquo;Acad\u00e9mie de Martinique s&rsquo;engage dans la sensibilisation face \u00e0 la probl\u00e9matique de la chlord\u00e9cone aux Antilles. Retrouvez les actualit\u00e9s, ressources disponibles sur cette th\u00e9matique. Acc\u00e9der \u00e0 l&rsquo;article consacr\u00e9 LES MANIFESTATIONS DE L&rsquo;EDD SEMINAIRE- Les 20 et 21 octobre 2022 Le r\u00e9seau Canop\u00e9 organise le s\u00e9minaire Climat, Num\u00e9rique, Education. Acc\u00e9der \u00e0 l&rsquo;article d\u00e9di\u00e9 ODE f\u00e9vrier 2022- Le 2 f\u00e9vrier est la journ\u00e9e mondiale des zones humides. A cette occasion, l&rsquo;ODE Martinique organise et met en avant des manifestations. Lire le programme en cliquant ici OCEANS ET CLIMATS GRAINES DE REPORTERS- Retrouvez ici des Ressources \u00e0 destination des enseignants participant au projet. Lire la suite PLASTIQUE A LA LOUPE- Plastique \u00e0 la loupe&nbsp;est une op\u00e9ration p\u00e9dagogique au service de l\u2019\u00e9ducation \u00e0 la science et au d\u00e9veloppement durable. Lire la suite LITTORAL 2020 Dlo la te Dlo Lanm\u00e8&#8211; La Martinique dispose d\u2019une grande diversit\u00e9 de milieux aquatiques : pour les pr\u00e9server, il est essentiel de mieux comprendre les liens entre les habitants de la Martinique et ces milieux. Lire la suite<\/p>\n","protected":false},"author":71,"featured_media":0,"parent":0,"menu_order":0,"comment_status":"closed","ping_status":"closed","template":"","meta":{"footnotes":""},"class_list":["post-4207","page","type-page","status-publish","hentry"],"_links":{"self":[{"href":"https:\/\/site.ac-martinique.fr\/histoire-geographie\/index.php?rest_route=\/wp\/v2\/pages\/4207","targetHints":{"allow":["GET"]}}],"collection":[{"href":"https:\/\/site.ac-martinique.fr\/histoire-geographie\/index.php?rest_route=\/wp\/v2\/pages"}],"about":[{"href":"https:\/\/site.ac-martinique.fr\/histoire-geographie\/index.php?rest_route=\/wp\/v2\/types\/page"}],"author":[{"embeddable":true,"href":"https:\/\/site.ac-martinique.fr\/histoire-geographie\/index.php?rest_route=\/wp\/v2\/users\/71"}],"replies":[{"embeddable":true,"href":"https:\/\/site.ac-martinique.fr\/histoire-geographie\/index.php?rest_route=%2Fwp%2Fv2%2Fcomments&post=4207"}],"version-history":[{"count":16,"href":"https:\/\/site.ac-martinique.fr\/histoire-geographie\/index.php?rest_route=\/wp\/v2\/pages\/4207\/revisions"}],"predecessor-version":[{"id":6435,"href":"https:\/\/site.ac-martinique.fr\/histoire-geographie\/index.php?rest_route=\/wp\/v2\/pages\/4207\/revisions\/6435"}],"wp:attachment":[{"href":"https:\/\/site.ac-martinique.fr\/histoire-geographie\/index.php?rest_route=%2Fwp%2Fv2%2Fmedia&parent=4207"}],"curies":[{"name":"wp","href":"https:\/\/api.w.org\/{rel}","templated":true}]}}