{"id":2261,"date":"2014-06-19T18:13:18","date_gmt":"2014-06-19T17:13:18","guid":{"rendered":"http:\/\/site.ac-martinique.fr\/lettreshistoire\/?page_id=440"},"modified":"2021-06-16T16:44:11","modified_gmt":"2021-06-16T15:44:11","slug":"1ere-bac-pro-3","status":"publish","type":"page","link":"https:\/\/site.ac-martinique.fr\/lettres-histoire\/?page_id=2261","title":{"rendered":"1\u00e8re Bac Pro"},"content":{"rendered":"<div style=\"text-align: left\">\n<h5 style=\"text-align: center\"><\/h5>\n<h5 style=\"text-align: center\"><em><span style=\"color: #0000ff\"><strong>RESSOURCES ACAD\u00c9MIQUES PAR OBJET D\u2019\u00c9TUDE :<\/strong><\/span><\/em><\/h5>\n<hr \/>\n<h5 style=\"text-align: center\"><\/h5>\n<h5 style=\"text-align: center\"><span style=\"color: #800080\"><em>\u00ab\u00a0Du c\u00f4t\u00e9 de l&rsquo;imaginaire\u00a0\u00bb<\/em><\/span><\/h5>\n<\/div>\n<ul>\n<li><a href=\"http:\/\/site.ac-martinique.fr\/lettreshistoire\/wp-content\/uploads\/2014\/05\/TRINITE-SequenceCommune-IMAGINAIRE.pdf\">Une s\u00e9quence propos\u00e9e par l&rsquo;\u00e9quipe p\u00e9dagogique du LP de Trinit\u00e9.<\/a><\/li>\n<li><a href=\"http:\/\/site.ac-martinique.fr\/lettreshistoire\/wp-content\/uploads\/2014\/05\/IMAGINAIRE-StJAMES.pdf\" target=\"_blank\" rel=\"noopener\">Une s\u00e9quence propos\u00e9e par l&rsquo;\u00e9quipe p\u00e9dagogique du LP Saint James.<\/a><\/li>\n<li><a href=\"http:\/\/site.ac-martinique.fr\/lettreshistoire\/wp-content\/uploads\/2014\/05\/seqce-imaginaire-2.zip\" target=\"_blank\" rel=\"noopener\">Une s\u00e9quence \u00e9labor\u00e9e par Mmes CLAVOT, QUARMENIL et REGINA.<\/a><\/li>\n<li><a href=\"http:\/\/site.ac-martinique.fr\/lettreshistoire\/wp-content\/uploads\/2014\/05\/DELINDE1.pdf\" target=\"_blank\" rel=\"noopener\">Une s\u00e9quence propos\u00e9e par M. DELINDE.<\/a><\/li>\n<li><a href=\"http:\/\/site.ac-martinique.fr\/lettreshistoire\/wp-content\/uploads\/2014\/05\/NADINE-Marie-julie.pdf\" target=\"_blank\" rel=\"noopener\">Une s\u00e9quence propos\u00e9e par Mme MARIE-JULIE.<\/a><\/li>\n<\/ul>\n<h5 style=\"text-align: center\"><span style=\"color: #800080\"><strong><em>\u00a0Les philosophes des Lumi\u00e8res et le combat contre l&rsquo;injustice.<\/em><\/strong><\/span><\/h5>\n<ul>\n<li><a href=\"http:\/\/site.ac-martinique.fr\/lettreshistoire\/wp-content\/uploads\/2014\/05\/BRAFINELes.pdf\" target=\"_blank\" rel=\"noopener\">Une s\u00e9quence \u00e9labor\u00e9e par Mme BRAFINE (LP Aliker).<\/a><\/li>\n<\/ul>\n<h5 style=\"text-align: center\">\u00a0\u00a0\u00a0\u00a0\u00a0\u00a0\u00a0\u00a0 \u00a0\u00a0\u00a0\u00a0\u00a0 \u00a0\u00a0\u00a0\u00a0\u00a0\u00a0\u00a0\u00a0 <em><span style=\"color: #800080\">L&rsquo;homme face aux avanc\u00e9es scientifiques et techniques : enthousiasmes et interrogations.<\/span><\/em><\/h5>\n<p style=\"text-align: left\" align=\"center\">Equipe p\u00e9dagogique du LP Petit Manoir.<\/p>\n<ul>\n<li><a href=\"http:\/\/site.ac-martinique.fr\/lettreshistoire\/wp-content\/uploads\/2014\/05\/SCIENCES-PetitManoir.pdf\" target=\"_blank\" rel=\"noopener\">1\u00e8re proposition. <\/a><\/li>\n<li><a href=\"http:\/\/site.ac-martinique.fr\/lettreshistoire\/wp-content\/uploads\/2014\/05\/S1.pdf\" target=\"_blank\" rel=\"noopener\">2nde proposition.<\/a><\/li>\n<\/ul>\n<div><\/div>\n<div><\/div>\n<div><\/div>\n<div align=\"justify\"><a href=\"http:\/\/site.ac-martinique.fr\/lettreshistoire\/wp-content\/uploads\/2014\/05\/SEQ-TICE-Homme-face-aux-avancees1.pptx\" target=\"_blank\" rel=\"noopener\">Une s\u00e9quence r\u00e9alis\u00e9e lors de la formation\u00a0\u00ab\u00a0Enseigner les Lettres avec les TICE\u00a0\u00bb anim\u00e9e par Laura FRANCOISE.\u00a0(Elle permet de valider certaines aptitudes du nouveau B2i).\u00a0 \u00a0\u00a0<\/a><\/div>\n<div><\/div>\n<div><\/div>\n<div><\/div>\n<div><\/div>\n<div><\/div>\n<h5 style=\"text-align: center\"><span style=\"color: #0000ff\"><em><strong>\u00a0\u00a0\u00a0\u00a0\u00a0\u00a0\u00a0\u00a0 QUELQUES INDICATIONS BIBLIOGRAPHIQUES<\/strong><\/em><\/span><\/h5>\n<h5 style=\"text-align: center\"><span style=\"color: #0000ff\"><em><strong>\u00a0\u00a0\u00a0\u00a0\u00a0\u00a0\u00a0\u00a0\u00a0\u00a0\u00a0\u00a0\u00a0\u00a0\u00a0\u00a0\u00a0\u00a0\u00a0 OU SITOGRAPHIQUES<\/strong><\/em><\/span><\/h5>\n<div align=\"center\">\n<hr \/>\n<\/div>\n<div align=\"center\"><\/div>\n<div align=\"center\"><a href=\"http:\/\/eduscol.education.fr\/pid23218-cid50211\/ressources-en-francais.html\" target=\"_blank\" rel=\"noopener\">\u00a0<\/a><\/div>\n<div align=\"center\"><a href=\"http:\/\/eduscol.education.fr\/pid23218-cid50211\/ressources-en-francais.html\" target=\"_blank\" rel=\"noopener\">Des ressources pour faire la classe en Premi\u00e8re Bac Pro 3 ans sur le site d&rsquo;Eduscol.<\/a><\/div>\n<p align=\"justify\"><a href=\"http:\/\/cms.ac-martinique.fr\/discipline\/histlettres\/file\/Interlignes_43.pdf\">\u00a0<\/a><\/p>\n<p align=\"justify\"><a href=\"http:\/\/site.ac-martinique.fr\/lettreshistoire\/wp-content\/uploads\/2014\/05\/Interlignes_431.pdf\" target=\"_blank\" rel=\"noopener\">La revue Interlignes num\u00e9ro 43\u00a0 sur les dispositifs transversaux.<\/a><\/p>\n","protected":false},"excerpt":{"rendered":"<p>RESSOURCES ACAD\u00c9MIQUES PAR OBJET D\u2019\u00c9TUDE : \u00ab\u00a0Du c\u00f4t\u00e9 de l&rsquo;imaginaire\u00a0\u00bb Une s\u00e9quence propos\u00e9e par l&rsquo;\u00e9quipe p\u00e9dagogique du LP de Trinit\u00e9. Une s\u00e9quence propos\u00e9e par l&rsquo;\u00e9quipe p\u00e9dagogique du LP Saint James. Une s\u00e9quence \u00e9labor\u00e9e par Mmes CLAVOT, QUARMENIL et REGINA. Une s\u00e9quence propos\u00e9e par M. DELINDE. Une s\u00e9quence propos\u00e9e par Mme MARIE-JULIE. \u00a0Les philosophes des Lumi\u00e8res &hellip; <a href=\"https:\/\/site.ac-martinique.fr\/lettres-histoire\/?page_id=2261\" class=\"more-link\">Continuer la lecture de <span class=\"screen-reader-text\">1\u00e8re Bac Pro<\/span>  <span class=\"meta-nav\">&rarr;<\/span><\/a><\/p>\n","protected":false},"author":0,"featured_media":0,"parent":393,"menu_order":0,"comment_status":"closed","ping_status":"closed","template":"","meta":{"footnotes":""},"class_list":["post-2261","page","type-page","status-publish","hentry"],"_links":{"self":[{"href":"https:\/\/site.ac-martinique.fr\/lettres-histoire\/index.php?rest_route=\/wp\/v2\/pages\/2261","targetHints":{"allow":["GET"]}}],"collection":[{"href":"https:\/\/site.ac-martinique.fr\/lettres-histoire\/index.php?rest_route=\/wp\/v2\/pages"}],"about":[{"href":"https:\/\/site.ac-martinique.fr\/lettres-histoire\/index.php?rest_route=\/wp\/v2\/types\/page"}],"replies":[{"embeddable":true,"href":"https:\/\/site.ac-martinique.fr\/lettres-histoire\/index.php?rest_route=%2Fwp%2Fv2%2Fcomments&post=2261"}],"version-history":[{"count":1,"href":"https:\/\/site.ac-martinique.fr\/lettres-histoire\/index.php?rest_route=\/wp\/v2\/pages\/2261\/revisions"}],"predecessor-version":[{"id":2678,"href":"https:\/\/site.ac-martinique.fr\/lettres-histoire\/index.php?rest_route=\/wp\/v2\/pages\/2261\/revisions\/2678"}],"up":[{"embeddable":true,"href":"https:\/\/site.ac-martinique.fr\/lettres-histoire\/index.php?rest_route=\/wp\/v2\/pages\/393"}],"wp:attachment":[{"href":"https:\/\/site.ac-martinique.fr\/lettres-histoire\/index.php?rest_route=%2Fwp%2Fv2%2Fmedia&parent=2261"}],"curies":[{"name":"wp","href":"https:\/\/api.w.org\/{rel}","templated":true}]}}