{"id":2267,"date":"2019-12-15T15:15:34","date_gmt":"2019-12-15T14:15:34","guid":{"rendered":"http:\/\/site.ac-martinique.fr\/lettreshistoire\/?page_id=1742"},"modified":"2021-09-14T00:41:53","modified_gmt":"2021-09-13T23:41:53","slug":"lectures-3","status":"publish","type":"page","link":"https:\/\/site.ac-martinique.fr\/lettres-histoire\/?page_id=2267","title":{"rendered":"Lectures"},"content":{"rendered":"<ul>\n<li><a href=\"https:\/\/lib.isiaccess.com\/process\/reader\/book.php?ean=9782380941210&amp;page=1&amp;iad=9\" target=\"_blank\" rel=\"noopener\"><em>Initiation aux \u00e9tudes historiques<\/em> de Reine-Marie B\u00e9rard, B\u00e9n\u00e9dicte Girault et Catherine Rideau-Kikuchi.<\/a><\/li>\n<\/ul>\n<ul>\n<li><a href=\"https:\/\/site.ac-martinique.fr\/lettres-histoire\/wp-content\/uploads\/sites\/17\/2021\/04\/VDEF_Eduquer_a_lesprit_critique_CSEN.pdf\" target=\"_blank\" rel=\"noopener\">Document-ressource du <em>Conseil Scientifique de l&rsquo;Education Nationale<\/em> sur l&rsquo;\u00e9ducation \u00e0 l&rsquo;esprit critique de nos \u00e9l\u00e8ves.<\/a><\/li>\n<\/ul>\n<ul>\n<li><a href=\"http:\/\/Retrouvez en cliquant ici de nombreuses ressources Canop\u00e9 (outils, webinaires\u2026) pour susciter l\u2019attention des \u00e9l\u00e8ves pour un engagement optimal m\u00eame en distanciel.\" target=\"_blank\" rel=\"noopener\" data-wplink-url-error=\"true\">Ressources Canop\u00e9 (outils, webinaires\u2026) pour susciter l\u2019attention des \u00e9l\u00e8ves pour un engagement optimal m\u00eame en distanciel.<\/a><\/li>\n<\/ul>\n<ul>\n<li><a href=\"https:\/\/eduscol.education.fr\/2362\/en-2021-fetons-la-fontaine\" target=\"_blank\" rel=\"noopener\">En 2021, f\u00eatons la Fontaine ! De nombreuses ressources Eduscol sur les <em>Fables<\/em> de la Fontaine.<\/a><\/li>\n<\/ul>\n<ul>\n<li><a href=\"https:\/\/cache.media.eduscol.education.fr\/file\/Programmes\/52\/6\/Livre_Terminologie_grammaticale_web_1308526.pdf\" target=\"_blank\" rel=\"noopener\">Le nouvel ouvrage de terminologie grammaticale.<\/a><\/li>\n<\/ul>\n<ul>\n<li><a href=\"http:\/\/site.ac-martinique.fr\/lettreshistoire\/wp-content\/uploads\/2019\/12\/113-novembre-2016.pdf\" target=\"_blank\" rel=\"noopener\">La diff\u00e9renciation p\u00e9dagogique en classe.<\/a><\/li>\n<\/ul>\n<ul>\n<li><a href=\"http:\/\/site.ac-martinique.fr\/lettreshistoire\/wp-content\/uploads\/2019\/03\/STAGE-COMMENT-ENSEIGNER-LA-SHOAH3984.pdf\" target=\"_blank\" rel=\"noopener\"><strong>Compte rendu du s\u00e9minaire <em>\u00ab\u00a0Comment enseigner la Shoah?\u00a0\u00bb <\/em>anim\u00e9 par MM. PERRIN et TARRICONE les 18 et 19\/02\/19<\/strong>\u00a0\u00a0<em>(Travail r\u00e9alis\u00e9 par Mmes PANDOR et JACQUET-CREDITES )<\/em><\/a><\/li>\n<\/ul>\n<ul>\n<li><strong>Conf\u00e9rence d&rsquo;Anne Vibert (Martinique, 5 Mars 2015) :<\/strong><\/li>\n<\/ul>\n<p>\u2013 <strong><em><a href=\"http:\/\/site.ac-martinique.fr\/lettreshistoire\/wp-content\/uploads\/2015\/06\/Lapproche-de-la-lecture-au-LP.pdf\" target=\"_blank\" rel=\"noopener\">L\u2019approche de la lecture en LP (Diaporama)<\/a>,<\/em><\/strong><\/p>\n<p>\u2013 <em><strong><a href=\"http:\/\/site.ac-martinique.fr\/lettreshistoire\/wp-content\/uploads\/2015\/06\/Lapproche-des-textes-au-lyc-%C2%AEe-professionnel-VF.pdf\" target=\"_blank\" rel=\"noopener\">Comment favoriser l\u2019appropriation des textes en lyc\u00e9e professionnel?\u00a0<\/a><\/strong><\/em><\/p>\n<ul>\n<li><strong> Les outils de d\u00e9tection et de prise en charge p\u00e9dagogique face aux difficult\u00e9s de lecture et d\u2019\u00e9criture en classe de lyc\u00e9e professionnel (Martinique, 5 d\u00e9cembre 2016)<\/strong><\/li>\n<\/ul>\n<p>&#8211;\u00a0<a href=\"http:\/\/site.ac-martinique.fr\/missionmaitrisedelalangue\/?page_id=517\">Intervention de Monsieur Optaly, conseiller p\u00e9dagogique de primaire<\/a>.<\/p>\n<p>&#8211; <a href=\"http:\/\/site.ac-martinique.fr\/lettreshistoire\/wp-content\/uploads\/2016\/12\/Atelier-de-reapprentissage-de-la-lecture-LP.ppt\">Intervention de Mme Gaudion-Daenninkx, conseill\u00e8re p\u00e9dagogique pour l\u2019enseignement primaire et en charge du dispositif MORELEC (mission contre le d\u00e9crochage) au Lyc\u00e9e polyvalent Joseph Pernock.<\/a><\/p>\n<p>&#8211; <a href=\"http:\/\/site.ac-martinique.fr\/lettreshistoire\/wp-content\/uploads\/2017\/01\/La-reponse-argumentee.ppt\">Intervention de Mme Jacqueline Julien, IEN \u00a0sur la circonscription du Marin :\u00a0Argumentation, exemple d\u2019une pratique accompagn\u00e9e \u00e0 partir de \u00ab\u00a0mon cahier du tourisme\u00a0\u00bb<\/a>.<\/p>\n<p>&#8211;\u00a0<a href=\"http:\/\/site.ac-martinique.fr\/lettreshistoire\/wp-content\/uploads\/2016\/12\/COMMENT-INCITER-LES-JEUNES-A-FREQUENTER-LES-BIBLIOTHEQUES.pdf\">L\u2019incitation \u00e0 la lecture: Intervention de Madame Esther Eloidin, professeur documentaliste du lyc\u00e9e Montg\u00e9rald du Marin<\/a>.<\/p>\n<p>&#8211; <a href=\"http:\/\/site.ac-martinique.fr\/lettreshistoire\/wp-content\/uploads\/2016\/12\/Fiche-Action-Biblioboxx-Mme-Giraudel-de-Fremont.pdf\">Un exemple d&rsquo;exp\u00e9rimentation r\u00e9alis\u00e9e par Mme Giraudel de Fremont : BiblioboXX<\/a>.<\/p>\n<p>&#8211;\u00a0<a href=\"http:\/\/site.ac-martinique.fr\/lettreshistoire\/wp-content\/uploads\/2017\/01\/Ecrire-en-LP-une-experimentation.pdf\">L\u2019\u00e9criture de soi\u00a0: Intervention de Madame Laura Fran\u00e7oise, PLP Lettres-Histoire au LP La Trinit\u00e9<\/a>.<\/p>\n","protected":false},"excerpt":{"rendered":"<p>Initiation aux \u00e9tudes historiques de Reine-Marie B\u00e9rard, B\u00e9n\u00e9dicte Girault et Catherine Rideau-Kikuchi. Document-ressource du Conseil Scientifique de l&rsquo;Education Nationale sur l&rsquo;\u00e9ducation \u00e0 l&rsquo;esprit critique de nos \u00e9l\u00e8ves. Ressources Canop\u00e9 (outils, webinaires\u2026) pour susciter l\u2019attention des \u00e9l\u00e8ves pour un engagement optimal m\u00eame en distanciel. En 2021, f\u00eatons la Fontaine ! De nombreuses ressources Eduscol sur les &hellip; <a href=\"https:\/\/site.ac-martinique.fr\/lettres-histoire\/?page_id=2267\" class=\"more-link\">Continuer la lecture de <span class=\"screen-reader-text\">Lectures<\/span>  <span class=\"meta-nav\">&rarr;<\/span><\/a><\/p>\n","protected":false},"author":0,"featured_media":0,"parent":384,"menu_order":0,"comment_status":"closed","ping_status":"closed","template":"","meta":{"footnotes":""},"class_list":["post-2267","page","type-page","status-publish","hentry"],"_links":{"self":[{"href":"https:\/\/site.ac-martinique.fr\/lettres-histoire\/index.php?rest_route=\/wp\/v2\/pages\/2267","targetHints":{"allow":["GET"]}}],"collection":[{"href":"https:\/\/site.ac-martinique.fr\/lettres-histoire\/index.php?rest_route=\/wp\/v2\/pages"}],"about":[{"href":"https:\/\/site.ac-martinique.fr\/lettres-histoire\/index.php?rest_route=\/wp\/v2\/types\/page"}],"replies":[{"embeddable":true,"href":"https:\/\/site.ac-martinique.fr\/lettres-histoire\/index.php?rest_route=%2Fwp%2Fv2%2Fcomments&post=2267"}],"version-history":[{"count":5,"href":"https:\/\/site.ac-martinique.fr\/lettres-histoire\/index.php?rest_route=\/wp\/v2\/pages\/2267\/revisions"}],"predecessor-version":[{"id":2776,"href":"https:\/\/site.ac-martinique.fr\/lettres-histoire\/index.php?rest_route=\/wp\/v2\/pages\/2267\/revisions\/2776"}],"up":[{"embeddable":true,"href":"https:\/\/site.ac-martinique.fr\/lettres-histoire\/index.php?rest_route=\/wp\/v2\/pages\/384"}],"wp:attachment":[{"href":"https:\/\/site.ac-martinique.fr\/lettres-histoire\/index.php?rest_route=%2Fwp%2Fv2%2Fmedia&parent=2267"}],"curies":[{"name":"wp","href":"https:\/\/api.w.org\/{rel}","templated":true}]}}