{"id":666,"date":"2017-02-05T23:18:40","date_gmt":"2017-02-05T22:18:40","guid":{"rendered":"\/lettres\/?page_id=666"},"modified":"2018-06-26T14:58:58","modified_gmt":"2018-06-26T13:58:58","slug":"webradio-au-college-du-robert","status":"publish","type":"page","link":"https:\/\/site.ac-martinique.fr\/lettres\/?page_id=666","title":{"rendered":"WebRadio au Coll\u00e8ge du Robert"},"content":{"rendered":"<p><a href=\"\/lettres\/wp-content\/uploads\/sites\/16\/2017\/02\/Dispatcher.jpeg\"><img loading=\"lazy\" decoding=\"async\" class=\"wp-image-683 aligncenter\" src=\"\/lettres\/wp-content\/uploads\/sites\/16\/2017\/02\/Dispatcher-300x169.jpeg\" alt=\"dispatcher\" width=\"375\" height=\"211\" srcset=\"https:\/\/site.ac-martinique.fr\/lettres\/wp-content\/uploads\/sites\/16\/2017\/02\/Dispatcher-300x169.jpeg 300w, https:\/\/site.ac-martinique.fr\/lettres\/wp-content\/uploads\/sites\/16\/2017\/02\/Dispatcher-600x338.jpeg 600w, https:\/\/site.ac-martinique.fr\/lettres\/wp-content\/uploads\/sites\/16\/2017\/02\/Dispatcher.jpeg 650w\" sizes=\"auto, (max-width: 375px) 100vw, 375px\" \/><\/a><\/p>\n<p>Les \u00e9l\u00e8ves de l\u2019atelier webradio du coll\u00e8ge Paul Symphor ont eu l\u2019honneur de recevoir deux personnalit\u00e9s tr\u00e8s diff\u00e9rentes : E.SY KENNENGA et JEAN-FRANCOIS COPE.<\/p>\n<p>Ces deux rencontres pr\u00e9par\u00e9es au pr\u00e9alable, ont \u00e9t\u00e9 tr\u00e8s enrichissantes tant au niveau p\u00e9dagogique qu\u2019humain.<\/p>\n<p>L\u2019atelier se compose\u00a0 de dix \u00e9l\u00e8ves de la 6e \u00e0 la 4e. Certains ont d\u00e9but\u00e9 l\u2019ann\u00e9e derni\u00e8re et continuent \u00e0 jouer les journalistes en herbe.<\/p>\n<p><a href=\"\/lettres\/wp-content\/uploads\/sites\/16\/2017\/02\/paul.jpg\"><img loading=\"lazy\" decoding=\"async\" class=\"size-medium wp-image-681 aligncenter\" src=\"\/lettres\/wp-content\/uploads\/sites\/16\/2017\/02\/paul-300x169.jpg\" alt=\"paul\" width=\"300\" height=\"169\" srcset=\"https:\/\/site.ac-martinique.fr\/lettres\/wp-content\/uploads\/sites\/16\/2017\/02\/paul-300x169.jpg 300w, https:\/\/site.ac-martinique.fr\/lettres\/wp-content\/uploads\/sites\/16\/2017\/02\/paul-600x338.jpg 600w, https:\/\/site.ac-martinique.fr\/lettres\/wp-content\/uploads\/sites\/16\/2017\/02\/paul.jpg 960w\" sizes=\"auto, (max-width: 300px) 100vw, 300px\" \/><\/a>Les coll\u00e9giens se r\u00e9unissent deux fois par semaine et souvent, ils\u00a0 restent dans l\u2019\u00e9tablissement,\u00a0 le vendredi apr\u00e8s-midi pour certains enregistrements.<\/p>\n<p style=\"text-align: right;\">Mme RIFFLART<\/p>\n<p style=\"text-align: left;\"><strong>\u00c9couter les interviews :<\/strong><\/p>\n<audio class=\"wp-audio-shortcode\" id=\"audio-666-1\" preload=\"none\" style=\"width: 100%;\" controls=\"controls\"><source type=\"audio\/mpeg\" src=\"\/lettres\/wp-content\/uploads\/sites\/16\/2017\/02\/E.SY-KENNENGA.mp3?_=1\" \/><a href=\"\/lettres\/wp-content\/uploads\/sites\/16\/2017\/02\/E.SY-KENNENGA.mp3\">\/lettres\/wp-content\/uploads\/sites\/16\/2017\/02\/E.SY-KENNENGA.mp3<\/a><\/audio>\n<audio class=\"wp-audio-shortcode\" id=\"audio-666-2\" preload=\"none\" style=\"width: 100%;\" controls=\"controls\"><source type=\"audio\/mpeg\" src=\"\/lettres\/wp-content\/uploads\/sites\/16\/2017\/02\/Jean-Fran\u00e7ois-Cop\u00e9.mp3?_=2\" \/><a href=\"\/lettres\/wp-content\/uploads\/sites\/16\/2017\/02\/Jean-Fran\u00e7ois-Cop\u00e9.mp3\">\/lettres\/wp-content\/uploads\/sites\/16\/2017\/02\/Jean-Fran\u00e7ois-Cop\u00e9.mp3<\/a><\/audio>\n<p>&nbsp;<\/p>\n<p>Durant la semaine du num\u00e9rique les \u00e9l\u00e8ves ont invit\u00e9 Alain Bidard.\u200b Ce r\u00e9alisateur martiniquais remarquable, a \u00e9t\u00e9 r\u00e9compens\u00e9 pour son film anim\u00e9 de science- fiction, Battledream Chronicle. Il\u00a0 a d\u00e9croch\u00e9 le premier prix du jury et le prix du public lors du Caribbean Tales International Film Festival de Toronto le lundi 12 septembre 2016.<\/p>\n<p>Son long m\u00e9trage anim\u00e9 Battledream Chronicle a re\u00e7u \u00e9galement un deuxi\u00e8me prix\u00a0 au Br\u00e9sil.<\/p>\n<p>\u00c9couter son interview :<\/p>\n<audio class=\"wp-audio-shortcode\" id=\"audio-666-3\" preload=\"none\" style=\"width: 100%;\" controls=\"controls\"><source type=\"audio\/mpeg\" src=\"\/lettres\/wp-content\/uploads\/sites\/16\/2017\/02\/Alain_BIDARD.mp3?_=3\" \/><a href=\"\/lettres\/wp-content\/uploads\/sites\/16\/2017\/02\/Alain_BIDARD.mp3\">\/lettres\/wp-content\/uploads\/sites\/16\/2017\/02\/Alain_BIDARD.mp3<\/a><\/audio>\n<p>&nbsp;<\/p>\n<p>https:\/\/soundcloud.com\/rci-radio-caraibes\/atelier-webradio-college-paul-symphor-robert<\/p>\n<p>&nbsp;<\/p>\n<p><strong>\u00c9mission sur le poisson-lion :<\/strong><\/p>\n<audio class=\"wp-audio-shortcode\" id=\"audio-666-4\" preload=\"none\" style=\"width: 100%;\" controls=\"controls\"><source type=\"audio\/mpeg\" src=\"\/lettres\/wp-content\/uploads\/sites\/16\/2017\/03\/FR.mp3?_=4\" \/><a href=\"\/lettres\/wp-content\/uploads\/sites\/16\/2017\/03\/FR.mp3\">\/lettres\/wp-content\/uploads\/sites\/16\/2017\/03\/FR.mp3<\/a><\/audio>\n<p>D\u00e9couvrez l&rsquo;interview de Francette Rosamond.<\/p>\n<p>Editrice de presse, elle est a fond\u00e9 Inter-Entreprises, l\u2019unique magazine \u00e9conomique diffus\u00e9 en Martinique, en Guadeloupe et en Guyane. C\u2019est le magazine \u00e9conomique le plus influent des Antilles-Guyane fran\u00e7aises. Francette Rosamond est donc une sp\u00e9cialiste de l\u2019\u00e9conomie.<\/p>\n<p><strong>Lauz\u00e9a :<\/strong><\/p>\n<p>Nous avons eu l&rsquo;honneur de recevoir, un des\u00a0fondateurs de la chocolaterie\u00a0<i>FRERES LAUZEA, <\/i>le d\u00e9licieux Thierry Lauz\u00e9a. D\u00e9licieux par sa gentillesse, sa g\u00e9n\u00e9rosit\u00e9 et son professionnalisme. Transformation des f\u00e8ves, p\u00e2tes de fruits, cocoa et bien\u00a0d&rsquo;autres friandises \u00a0ont ravi notre \u00e9coute. Au cours de cette \u00e9mission, nous avons pu d\u00e9couvrir cet artisan chocolatier martiniquais et les coulisses de son \u0153uvre. Bref, une \u00e9mission tr\u00e8s all\u00e9chante !<\/p>\n<audio class=\"wp-audio-shortcode\" id=\"audio-666-5\" preload=\"none\" style=\"width: 100%;\" controls=\"controls\"><source type=\"audio\/mpeg\" src=\"\/lettres\/wp-content\/uploads\/sites\/16\/2017\/04\/LAUZEA_2_L.mp3?_=5\" \/><a href=\"\/lettres\/wp-content\/uploads\/sites\/16\/2017\/04\/LAUZEA_2_L.mp3\">\/lettres\/wp-content\/uploads\/sites\/16\/2017\/04\/LAUZEA_2_L.mp3<\/a><\/audio>\n<p>&nbsp;<\/p>\n<p><strong>Professeur PHILIT :<\/strong><\/p>\n<p>Nous avons eu l\u2019honneur d\u2019avoir un entretien t\u00e9l\u00e9phonique avec le professeur PHILIT, pneumologue \u00e0 l\u2019h\u00f4pital cardio-pneumologique de Lyon.<\/p>\n<p>Il s\u2019occupe, notamment, des patients qui ont besoin d\u2019une greffe et qui n\u00e9cessitent une surveillance apr\u00e8s cette complexe op\u00e9ration.<\/p>\n<p>Ainsi, il suit depuis des ann\u00e9es Jonathan DRUTEL, double transplant\u00e9, c\u0153ur-poumons, qui a couru le marathon de Paris, au d\u00e9but du mois d\u2019Avril.<\/p>\n<p>Les nombreuses informations pr\u00e9cises du professeur PHILIT, sur la greffe et la mucoviscidose ont v\u00e9ritablement \u00e9clair\u00e9 notre culture scientifique.<\/p>\n<p>Les \u00e9l\u00e8ves de l\u2019atelier webradio du coll\u00e8ge Paul Symphor, le remercient pour sa g\u00e9n\u00e9rosit\u00e9, sa gentillesse et la clart\u00e9 de ses propos.<\/p>\n<audio class=\"wp-audio-shortcode\" id=\"audio-666-6\" preload=\"none\" style=\"width: 100%;\" controls=\"controls\"><source type=\"audio\/mpeg\" src=\"\/lettres\/wp-content\/uploads\/sites\/16\/2017\/05\/Professeur_PHILIT.mp3?_=6\" \/><a href=\"\/lettres\/wp-content\/uploads\/sites\/16\/2017\/05\/Professeur_PHILIT.mp3\">\/lettres\/wp-content\/uploads\/sites\/16\/2017\/05\/Professeur_PHILIT.mp3<\/a><\/audio>\n<p>&nbsp;<\/p>\n<p><strong>Jonathan DRUTEL :<\/strong><\/p>\n<p>Jonathan DRUTEL, premier double transplant\u00e9, c\u0153ur-poumons, \u00e0 courir le marathon de Paris, le 09 avril 2017, a r\u00e9pondu \u00e0 nos questions sur sa maladie, la mucoviscidose, les greffes subies et son exploit sportif.<\/p>\n<p>Cette entrevue t\u00e9l\u00e9phonique pourrait se r\u00e9sumer en une phrase \u00ab\u00a0CROIRE EN SES REVES\u00a0\u00bb. Merci Jonathan et \u00e0 tr\u00e8s bient\u00f4t pour ton prochain d\u00e9fi !<\/p>\n<audio class=\"wp-audio-shortcode\" id=\"audio-666-7\" preload=\"none\" style=\"width: 100%;\" controls=\"controls\"><source type=\"audio\/mpeg\" src=\"\/lettres\/wp-content\/uploads\/sites\/16\/2017\/05\/Jonathan_DRUTEL.mp3?_=7\" \/><a href=\"\/lettres\/wp-content\/uploads\/sites\/16\/2017\/05\/Jonathan_DRUTEL.mp3\">\/lettres\/wp-content\/uploads\/sites\/16\/2017\/05\/Jonathan_DRUTEL.mp3<\/a><\/audio>\n<p>&nbsp;<\/p>\n<p><strong>Lucien JEAN-BAPTISTE\u00a0:<\/strong><\/p>\n<p>Les \u00e9l\u00e8ves de l&rsquo;atelier webradio interviewent Lucien Jean-Baptiste, com\u00e9dien et r\u00e9alisateur : Ouverture d&rsquo;esprit, g\u00e9n\u00e9rosit\u00e9 et professionnalisme le caract\u00e9risent. Merci, monsieur Jean-Baptiste.<\/p>\n<audio class=\"wp-audio-shortcode\" id=\"audio-666-8\" preload=\"none\" style=\"width: 100%;\" controls=\"controls\"><source type=\"audio\/mpeg\" src=\"\/lettres\/wp-content\/uploads\/sites\/16\/2017\/02\/Lucien_JEAN-BAPTISTE.mp3?_=8\" \/><a href=\"\/lettres\/wp-content\/uploads\/sites\/16\/2017\/02\/Lucien_JEAN-BAPTISTE.mp3\">\/lettres\/wp-content\/uploads\/sites\/16\/2017\/02\/Lucien_JEAN-BAPTISTE.mp3<\/a><\/audio>\n<p>&nbsp;<\/p>\n<p><strong>Club Med\u00a0:<\/strong><\/p>\n<p>Les \u00e9l\u00e8ves de l&rsquo;atelier webradio du Coll\u00e8ge Paul Symphor se sont plong\u00e9s dans les coulisses du Club Med. Ils ont pu ainsi s&rsquo;immerger dans le monde \u00e9conomique et professionnel et d\u00e9couvrir le secteur du tourisme.<\/p>\n<audio class=\"wp-audio-shortcode\" id=\"audio-666-9\" preload=\"none\" style=\"width: 100%;\" controls=\"controls\"><source type=\"audio\/mpeg\" src=\"\/lettres\/wp-content\/uploads\/sites\/16\/2018\/02\/le_club-med.mp3?_=9\" \/><a href=\"\/lettres\/wp-content\/uploads\/sites\/16\/2018\/02\/le_club-med.mp3\">\/lettres\/wp-content\/uploads\/sites\/16\/2018\/02\/le_club-med.mp3<\/a><\/audio>\n<p>&nbsp;<\/p>\n<p><strong>Alice Gautreau :<\/strong><\/p>\n<p>Bonjour \u00e0 tous,<\/p>\n<p>Pour cette nouvelle \u00e9mission, nous recevons une personnalit\u00e9 remarquable : Alice Gautreau.<\/p>\n<p>C&rsquo;est en \u00e9coutant France-Inter, que j&rsquo;ai d\u00e9couvert SOS M\u00e9diterran\u00e9e, association europ\u00e9enne de sauvetage. Elle op\u00e8re avec le navire l&rsquo; Aquarius en Mer M\u00e9diterran\u00e9e Centrale afin de sauver de la noyade les migrants qui fuient leur pays. On estime aujourd&rsquo;hui, que plusieurs milliers de personnes sont mortes noy\u00e9es depuis des ann\u00e9es.<\/p>\n<p>Alice Gautreau, sage-femme et membre de l&rsquo;\u00e9quipage, a accept\u00e9 de r\u00e9pondre aux questions des \u00e9l\u00e8ves de l&rsquo;atelier webradio.<\/p>\n<audio class=\"wp-audio-shortcode\" id=\"audio-666-10\" preload=\"none\" style=\"width: 100%;\" controls=\"controls\"><source type=\"audio\/mpeg\" src=\"\/lettres\/wp-content\/uploads\/sites\/16\/2018\/04\/Alice-Gautreau1.mp3?_=10\" \/><a href=\"\/lettres\/wp-content\/uploads\/sites\/16\/2018\/04\/Alice-Gautreau1.mp3\">\/lettres\/wp-content\/uploads\/sites\/16\/2018\/04\/Alice-Gautreau1.mp3<\/a><\/audio>\n<p>&nbsp;<\/p>\n<p><strong>Les jouets :<\/strong><\/p>\n<p>Bonjour chers auditeurs,<\/p>\n<p>Pour cette derni\u00e8re \u00e9mission, nous avons d\u00e9cid\u00e9 de jouer.<\/p>\n<p>Bonne \u00e9mission \u00e0 tous et excellentes vacances !!<\/p>\n<audio class=\"wp-audio-shortcode\" id=\"audio-666-11\" preload=\"none\" style=\"width: 100%;\" controls=\"controls\"><source type=\"audio\/mpeg\" src=\"\/lettres\/wp-content\/uploads\/sites\/16\/2018\/06\/Les_jouets.mp3?_=11\" \/><a href=\"\/lettres\/wp-content\/uploads\/sites\/16\/2018\/06\/Les_jouets.mp3\">\/lettres\/wp-content\/uploads\/sites\/16\/2018\/06\/Les_jouets.mp3<\/a><\/audio>\n","protected":false},"excerpt":{"rendered":"<p>Les \u00e9l\u00e8ves de l\u2019atelier webradio du coll\u00e8ge Paul Symphor ont eu l\u2019honneur de recevoir deux personnalit\u00e9s tr\u00e8s diff\u00e9rentes : E.SY KENNENGA et JEAN-FRANCOIS COPE. Ces deux rencontres pr\u00e9par\u00e9es au pr\u00e9alable, ont \u00e9t\u00e9 tr\u00e8s enrichissantes tant au niveau p\u00e9dagogique qu\u2019humain. L\u2019atelier &hellip; <a href=\"https:\/\/site.ac-martinique.fr\/lettres\/?page_id=666\">Continuer la lecture <span class=\"meta-nav\">&rarr;<\/span><\/a><\/p>\n","protected":false},"author":72,"featured_media":0,"parent":11,"menu_order":0,"comment_status":"closed","ping_status":"closed","template":"","meta":{"footnotes":""},"class_list":["post-666","page","type-page","status-publish","hentry"],"_links":{"self":[{"href":"https:\/\/site.ac-martinique.fr\/lettres\/index.php?rest_route=\/wp\/v2\/pages\/666","targetHints":{"allow":["GET"]}}],"collection":[{"href":"https:\/\/site.ac-martinique.fr\/lettres\/index.php?rest_route=\/wp\/v2\/pages"}],"about":[{"href":"https:\/\/site.ac-martinique.fr\/lettres\/index.php?rest_route=\/wp\/v2\/types\/page"}],"author":[{"embeddable":true,"href":"https:\/\/site.ac-martinique.fr\/lettres\/index.php?rest_route=\/wp\/v2\/users\/72"}],"replies":[{"embeddable":true,"href":"https:\/\/site.ac-martinique.fr\/lettres\/index.php?rest_route=%2Fwp%2Fv2%2Fcomments&post=666"}],"version-history":[{"count":18,"href":"https:\/\/site.ac-martinique.fr\/lettres\/index.php?rest_route=\/wp\/v2\/pages\/666\/revisions"}],"predecessor-version":[{"id":806,"href":"https:\/\/site.ac-martinique.fr\/lettres\/index.php?rest_route=\/wp\/v2\/pages\/666\/revisions\/806"}],"up":[{"embeddable":true,"href":"https:\/\/site.ac-martinique.fr\/lettres\/index.php?rest_route=\/wp\/v2\/pages\/11"}],"wp:attachment":[{"href":"https:\/\/site.ac-martinique.fr\/lettres\/index.php?rest_route=%2Fwp%2Fv2%2Fmedia&parent=666"}],"curies":[{"name":"wp","href":"https:\/\/api.w.org\/{rel}","templated":true}]}}