{"id":2508,"date":"2022-05-12T11:18:31","date_gmt":"2022-05-12T15:18:31","guid":{"rendered":"https:\/\/site.ac-martinique.fr\/lyc-andrealiker\/?page_id=2508"},"modified":"2026-02-06T09:39:15","modified_gmt":"2026-02-06T13:39:15","slug":"acceuil","status":"publish","type":"page","link":"https:\/\/site.ac-martinique.fr\/lyc-andrealiker\/","title":{"rendered":"Accueil"},"content":{"rendered":"\n<p class=\"has-large-font-size\"><strong>ATELIERS PARCOURSUP<\/strong><\/p>\n\n\n\n<div data-wp-interactive=\"core\/file\" class=\"wp-block-file\"><object data-wp-bind--hidden=\"!state.hasPdfPreview\" hidden class=\"wp-block-file__embed\" data=\"https:\/\/site.ac-martinique.fr\/lyc-andrealiker\/wp-content\/uploads\/sites\/33\/2026\/02\/ATELIERS-_PARCOURSUP_2026_pour_Eleve_de_Terminale_CIO-de-FDF-LP-Aliker.pdf\" type=\"application\/pdf\" style=\"width:100%;height:600px\" aria-label=\"Contenu embarqu\u00e9 ATELIERS _PARCOURSUP_2026_pour_Eleve_de_Terminale_CIO-de-FDF-LP Aliker.\"><\/object><a id=\"wp-block-file--media-91d66c85-a5cb-4863-a009-601b40b2ab6c\" href=\"https:\/\/site.ac-martinique.fr\/lyc-andrealiker\/wp-content\/uploads\/sites\/33\/2026\/02\/ATELIERS-_PARCOURSUP_2026_pour_Eleve_de_Terminale_CIO-de-FDF-LP-Aliker.pdf\">ATELIERS _PARCOURSUP_2026_pour_Eleve_de_Terminale_CIO-de-FDF-LP Aliker<\/a><a href=\"https:\/\/site.ac-martinique.fr\/lyc-andrealiker\/wp-content\/uploads\/sites\/33\/2026\/02\/ATELIERS-_PARCOURSUP_2026_pour_Eleve_de_Terminale_CIO-de-FDF-LP-Aliker.pdf\" class=\"wp-block-file__button wp-element-button\" download aria-describedby=\"wp-block-file--media-91d66c85-a5cb-4863-a009-601b40b2ab6c\">T\u00e9l\u00e9charger<\/a><\/div>\n\n\n\n<p><\/p>\n\n\n\n<figure class=\"wp-block-image size-large\"><a href=\"https:\/\/site.ac-martinique.fr\/lyc-andrealiker\/wp-content\/uploads\/sites\/33\/2026\/01\/09_29_37.png\"><img loading=\"lazy\" decoding=\"async\" width=\"683\" height=\"1024\" src=\"https:\/\/site.ac-martinique.fr\/lyc-andrealiker\/wp-content\/uploads\/sites\/33\/2026\/01\/09_29_37-683x1024.png\" alt=\"\" class=\"wp-image-3828\" srcset=\"https:\/\/site.ac-martinique.fr\/lyc-andrealiker\/wp-content\/uploads\/sites\/33\/2026\/01\/09_29_37-683x1024.png 683w, https:\/\/site.ac-martinique.fr\/lyc-andrealiker\/wp-content\/uploads\/sites\/33\/2026\/01\/09_29_37-200x300.png 200w, https:\/\/site.ac-martinique.fr\/lyc-andrealiker\/wp-content\/uploads\/sites\/33\/2026\/01\/09_29_37-768x1152.png 768w, https:\/\/site.ac-martinique.fr\/lyc-andrealiker\/wp-content\/uploads\/sites\/33\/2026\/01\/09_29_37.png 1024w\" sizes=\"auto, (max-width: 683px) 100vw, 683px\" \/><\/a><\/figure>\n\n\n\n<p><\/p>\n\n\n\n<p><\/p>\n\n\n\n<p style=\"font-size:26px\"><strong>Invitation au webinaire sur le TDAH<\/strong><\/p>\n\n\n\n<p>Chers parents,<\/p>\n\n\n\n<p>L\u2019UPEEM Martinique a le plaisir de vous convier \u00e0 un webinaire sur le TDAH (Trouble du D\u00e9ficit de l\u2019Attention avec ou sans Hyperactivit\u00e9) :<\/p>\n\n\n\n<p> Th\u00e8me : Mieux comprendre pour mieux accompagner son enfant<br> Intervenant : Gr\u00e9gory LAPU, neuropsychologue<br> Date : Mardi 14 octobre<br> Heure : 18h00<br> En ligne via ZOOM<\/p>\n\n\n\n<p> Ce temps d\u2019\u00e9change permettra d\u2019apporter des r\u00e9ponses \u00e0 vos questions et de partager des conseils concrets pour accompagner au mieux les enfants concern\u00e9s.<\/p>\n\n\n\n<p> Inscription : Scanner le QR code sur l\u2019affiche ou cliquer sur le lien d\u2019inscription ( Le lien zoom se trouve dans le Google forms)<\/p>\n\n\n\n<p><a href=\"https:\/\/forms.gle\/YejyweGuDqNKNCxU6\">https:\/\/forms.gle\/YejyweGuDqNKNCxU6<\/a><\/p>\n\n\n\n<p>&nbsp;Infos : 0696 92 22 82 \u2013&nbsp;<a href=\"mailto:affaires.scolaires@upeem.org\" target=\"_blank\" rel=\"noreferrer noopener\">affaires.scolaires@upeem.org<\/a><\/p>\n\n\n\n<p>Nous vous attendons nombreux.ses pour ce moment d\u2019information et de partage !<\/p>\n\n\n\n<p>N&rsquo;h\u00e9sitez pas \u00e0 nous suivre sur les r\u00e9seaux sociaux<\/p>\n\n\n\n<p><a href=\"https:\/\/www.facebook.com\/Upem.divini.yich.nou\" target=\"_blank\" rel=\"noreferrer noopener\">https:\/\/www.facebook.com\/Upem.divini.yich.nou<\/a><\/p>\n\n\n\n<p class=\"has-medium-font-size\"><a href=\"https:\/\/www.instagram.com\/upeem.martinique\/\">https:\/\/www.instagram.com\/upeem.martinique<\/a><\/p>\n\n\n\n<figure class=\"wp-block-image size-large\"><a href=\"https:\/\/site.ac-martinique.fr\/lyc-andrealiker\/wp-content\/uploads\/sites\/33\/2025\/10\/368F9F-68EA5A00-E1-11F0C70.jpg\"><img loading=\"lazy\" decoding=\"async\" width=\"1024\" height=\"1024\" src=\"https:\/\/site.ac-martinique.fr\/lyc-andrealiker\/wp-content\/uploads\/sites\/33\/2025\/10\/368F9F-68EA5A00-E1-11F0C70-1024x1024.jpg\" alt=\"\" class=\"wp-image-3821\" srcset=\"https:\/\/site.ac-martinique.fr\/lyc-andrealiker\/wp-content\/uploads\/sites\/33\/2025\/10\/368F9F-68EA5A00-E1-11F0C70-1024x1024.jpg 1024w, https:\/\/site.ac-martinique.fr\/lyc-andrealiker\/wp-content\/uploads\/sites\/33\/2025\/10\/368F9F-68EA5A00-E1-11F0C70-300x300.jpg 300w, https:\/\/site.ac-martinique.fr\/lyc-andrealiker\/wp-content\/uploads\/sites\/33\/2025\/10\/368F9F-68EA5A00-E1-11F0C70-150x150.jpg 150w, https:\/\/site.ac-martinique.fr\/lyc-andrealiker\/wp-content\/uploads\/sites\/33\/2025\/10\/368F9F-68EA5A00-E1-11F0C70-768x768.jpg 768w, https:\/\/site.ac-martinique.fr\/lyc-andrealiker\/wp-content\/uploads\/sites\/33\/2025\/10\/368F9F-68EA5A00-E1-11F0C70-75x75.jpg 75w, https:\/\/site.ac-martinique.fr\/lyc-andrealiker\/wp-content\/uploads\/sites\/33\/2025\/10\/368F9F-68EA5A00-E1-11F0C70.jpg 1080w\" sizes=\"auto, (max-width: 1024px) 100vw, 1024px\" \/><\/a><\/figure>\n\n\n\n<p class=\"has-medium-font-size\"><\/p>\n\n\n\n<p>____________________________________________________________________________________________________<\/p>\n\n\n\n<p class=\"has-medium-font-size\"><strong>Convocation \u00e0 l\u2019Assembl\u00e9e G\u00e9n\u00e9rale des parents d\u2019\u00e9l\u00e8ves<\/strong><\/p>\n\n\n\n<div data-wp-interactive=\"core\/file\" class=\"wp-block-file\"><object data-wp-bind--hidden=\"!state.hasPdfPreview\" hidden class=\"wp-block-file__embed\" data=\"https:\/\/site.ac-martinique.fr\/lyc-andrealiker\/wp-content\/uploads\/sites\/33\/2025\/09\/convocation.pdf\" type=\"application\/pdf\" style=\"width:100%;height:600px\" aria-label=\"Contenu embarqu\u00e9 convocation.\"><\/object><a id=\"wp-block-file--media-93f132eb-f5d5-4b71-ac3b-cd0a2e676790\" href=\"https:\/\/site.ac-martinique.fr\/lyc-andrealiker\/wp-content\/uploads\/sites\/33\/2025\/09\/convocation.pdf\">convocation<\/a><a href=\"https:\/\/site.ac-martinique.fr\/lyc-andrealiker\/wp-content\/uploads\/sites\/33\/2025\/09\/convocation.pdf\" class=\"wp-block-file__button wp-element-button\" download aria-describedby=\"wp-block-file--media-93f132eb-f5d5-4b71-ac3b-cd0a2e676790\">T\u00e9l\u00e9charger<\/a><\/div>\n\n\n\n<p><\/p>\n\n\n\n<p><\/p>\n\n\n\n<p>RENTR\u00c9E DES \u00c9L\u00c8VES<\/p>\n\n\n\n<div data-wp-interactive=\"core\/file\" class=\"wp-block-file\"><object data-wp-bind--hidden=\"!state.hasPdfPreview\" hidden class=\"wp-block-file__embed\" data=\"https:\/\/site.ac-martinique.fr\/lyc-andrealiker\/wp-content\/uploads\/sites\/33\/2025\/08\/TABLEAU-CALENDRIER-RENTREE-DES-ELEVES-2025-2026-MEDIAS.pdf\" type=\"application\/pdf\" style=\"width:100%;height:600px\" aria-label=\"Contenu embarqu\u00e9 TABLEAU CALENDRIER RENTREE DES ELEVES 2025-2026 MEDIAS.\"><\/object><a id=\"wp-block-file--media-96e98cf4-0b86-493d-9f9a-2ffbeaa48a59\" href=\"https:\/\/site.ac-martinique.fr\/lyc-andrealiker\/wp-content\/uploads\/sites\/33\/2025\/08\/TABLEAU-CALENDRIER-RENTREE-DES-ELEVES-2025-2026-MEDIAS.pdf\">TABLEAU CALENDRIER RENTREE DES ELEVES 2025-2026 MEDIAS<\/a><a href=\"https:\/\/site.ac-martinique.fr\/lyc-andrealiker\/wp-content\/uploads\/sites\/33\/2025\/08\/TABLEAU-CALENDRIER-RENTREE-DES-ELEVES-2025-2026-MEDIAS.pdf\" class=\"wp-block-file__button wp-element-button\" download aria-describedby=\"wp-block-file--media-96e98cf4-0b86-493d-9f9a-2ffbeaa48a59\">T\u00e9l\u00e9charger<\/a><\/div>\n\n\n\n<p>____________________________________________________________________________________________________<\/p>\n\n\n\n<p>RENTR\u00c9E DES PERSONNELS<\/p>\n\n\n\n<div data-wp-interactive=\"core\/file\" class=\"wp-block-file\"><object data-wp-bind--hidden=\"!state.hasPdfPreview\" hidden class=\"wp-block-file__embed\" data=\"https:\/\/site.ac-martinique.fr\/lyc-andrealiker\/wp-content\/uploads\/sites\/33\/2025\/08\/RENTREE-DES-PERSONNELS-ET-ENSEIGNANTS-2025-2026-MEDIAS.pdf\" type=\"application\/pdf\" style=\"width:100%;height:600px\" aria-label=\"Contenu embarqu\u00e9 RENTR\u00c9E DES PERSONNELS  ET ENSEIGNANTS 2025-2026 - M\u00c9DIAS.\"><\/object><a id=\"wp-block-file--media-75eb7646-56fd-45c3-8fdf-1f619c39bad6\" href=\"https:\/\/site.ac-martinique.fr\/lyc-andrealiker\/wp-content\/uploads\/sites\/33\/2025\/08\/RENTREE-DES-PERSONNELS-ET-ENSEIGNANTS-2025-2026-MEDIAS.pdf\">RENTR\u00c9E DES PERSONNELS  ET ENSEIGNANTS 2025-2026 &#8211; M\u00c9DIAS<\/a><a href=\"https:\/\/site.ac-martinique.fr\/lyc-andrealiker\/wp-content\/uploads\/sites\/33\/2025\/08\/RENTREE-DES-PERSONNELS-ET-ENSEIGNANTS-2025-2026-MEDIAS.pdf\" class=\"wp-block-file__button wp-element-button\" download aria-describedby=\"wp-block-file--media-75eb7646-56fd-45c3-8fdf-1f619c39bad6\">T\u00e9l\u00e9charger<\/a><\/div>\n\n\n\n<p><\/p>\n\n\n\n<p>____________________________________________________________________________________________________<\/p>\n\n\n\n<p><strong>La ligne t\u00e9l\u00e9phonique du lyc\u00e9e est actuellement inaccessible,<\/strong><\/p>\n\n\n\n<p><strong>Vous pouvez nous joindre \u00e0 l&rsquo;adresse suivante : <a class=\"\">ce.9720515c@ac-martinique.fr<\/a><\/strong><\/p>\n\n\n\n<p><strong>Nous nous excusons pour la g\u00eane occasionn\u00e9e.<\/strong><\/p>\n\n\n\n<p class=\"has-medium-font-size\">____________________________________________________________________________________________________<\/p>\n\n\n\n<p class=\"has-large-font-size\"><strong>BOURSE<\/strong><\/p>\n\n\n\n<p>Madame, Monsieur<br>Chers parents,<br>Nous avons le plaisir de vous informer que les Bourses du 1er trimestre et du 2\u00e8me trimestre 2024\/2025 ont \u00e9t\u00e9 mises en paiement ce jour.<br>Nous comprenons que cette attente a \u00e9t\u00e9 longue et qu\u2019elle a pu occasionner des d\u00e9sagr\u00e9ments, dont nous nous excusons.<br>Nous sommes ravis que cette situation soit enfin r\u00e9solue.<br>Nous demeurons \u00e0 votre disposition.<br>Cordialement.<br>La Secr\u00e9taire G\u00e9n\u00e9rale<\/p>\n\n\n\n<p><\/p>\n\n\n\n<p>____________________________________________________________________________________________________<\/p>\n\n\n\n<p><strong>MENU DU MOIS DE JUIN 2025<\/strong><\/p>\n\n\n\n<div data-wp-interactive=\"core\/file\" class=\"wp-block-file\"><object data-wp-bind--hidden=\"!state.hasPdfPreview\" hidden class=\"wp-block-file__embed\" data=\"https:\/\/site.ac-martinique.fr\/lyc-andrealiker\/wp-content\/uploads\/sites\/33\/2025\/06\/972-06-2025-Menu-LC-4.pdf\" type=\"application\/pdf\" style=\"width:100%;height:600px\" aria-label=\"Contenu embarqu\u00e9 972-06-2025-Menu-LC-4.\"><\/object><a id=\"wp-block-file--media-5e85d511-0012-4cf1-9f94-cb37f2335329\" href=\"https:\/\/site.ac-martinique.fr\/lyc-andrealiker\/wp-content\/uploads\/sites\/33\/2025\/06\/972-06-2025-Menu-LC-4.pdf\">972-06-2025-Menu-LC-4<\/a><a href=\"https:\/\/site.ac-martinique.fr\/lyc-andrealiker\/wp-content\/uploads\/sites\/33\/2025\/06\/972-06-2025-Menu-LC-4.pdf\" class=\"wp-block-file__button wp-element-button\" download aria-describedby=\"wp-block-file--media-5e85d511-0012-4cf1-9f94-cb37f2335329\">T\u00e9l\u00e9charger<\/a><\/div>\n\n\n\n<p>____________________________________________________________________________________________________<\/p>\n\n\n\n<p><strong>FORUM FIPE DE L\u2019INSERTION PROFESSIONNELLE ET DE LA POURSUITE D\u2019\u00c9TUDES<\/strong><\/p>\n\n\n\n<div data-wp-interactive=\"core\/file\" class=\"wp-block-file\"><object data-wp-bind--hidden=\"!state.hasPdfPreview\" hidden class=\"wp-block-file__embed\" data=\"https:\/\/site.ac-martinique.fr\/lyc-andrealiker\/wp-content\/uploads\/sites\/33\/2025\/01\/Flyer-FIPE-29012025-1.pdf\" type=\"application\/pdf\" style=\"width:100%;height:600px\" aria-label=\"Contenu embarqu\u00e9 Flyer FIPE - 29012025 (1).\"><\/object><a id=\"wp-block-file--media-ea81b25c-2153-4ab8-9d25-39c09989c852\" href=\"https:\/\/site.ac-martinique.fr\/lyc-andrealiker\/wp-content\/uploads\/sites\/33\/2025\/01\/Flyer-FIPE-29012025-1.pdf\">Flyer FIPE &#8211; 29012025 (1)<\/a><a href=\"https:\/\/site.ac-martinique.fr\/lyc-andrealiker\/wp-content\/uploads\/sites\/33\/2025\/01\/Flyer-FIPE-29012025-1.pdf\" class=\"wp-block-file__button wp-element-button\" download aria-describedby=\"wp-block-file--media-ea81b25c-2153-4ab8-9d25-39c09989c852\">T\u00e9l\u00e9charger<\/a><\/div>\n\n\n\n<p><\/p>\n\n\n\n<p class=\"has-large-font-size\"><strong>PROCEDURE EDUCONNECT<\/strong><\/p>\n\n\n\n<p><a href=\"https:\/\/educonnect.education.gouv.fr\">https:\/\/educonnect.education.gouv.fr<\/a><\/p>\n\n\n\n<div data-wp-interactive=\"core\/file\" class=\"wp-block-file\"><object data-wp-bind--hidden=\"!state.hasPdfPreview\" hidden class=\"wp-block-file__embed\" data=\"https:\/\/site.ac-martinique.fr\/lyc-andrealiker\/wp-content\/uploads\/sites\/33\/2024\/09\/Procedure-EDUCONNECT.pdf\" type=\"application\/pdf\" style=\"width:100%;height:600px\" aria-label=\"Contenu embarqu\u00e9 Proc\u00e9dure EDUCONNECT.\"><\/object><a id=\"wp-block-file--media-02bd30e2-e003-48a6-898c-a9485d7a1da6\" href=\"https:\/\/site.ac-martinique.fr\/lyc-andrealiker\/wp-content\/uploads\/sites\/33\/2024\/09\/Procedure-EDUCONNECT.pdf\">Proc\u00e9dure EDUCONNECT<\/a><a href=\"https:\/\/site.ac-martinique.fr\/lyc-andrealiker\/wp-content\/uploads\/sites\/33\/2024\/09\/Procedure-EDUCONNECT.pdf\" class=\"wp-block-file__button wp-element-button\" download aria-describedby=\"wp-block-file--media-02bd30e2-e003-48a6-898c-a9485d7a1da6\">T\u00e9l\u00e9charger<\/a><\/div>\n\n\n\n<p><\/p>\n\n\n\n<p><\/p>\n\n\n\n<p><\/p>\n\n\n\n<p><\/p>\n\n\n\n<p class=\"has-large-font-size\"><strong>RENTR\u00c9E DES \u00c9L\u00c8VES 2024-2025<\/strong><\/p>\n\n\n\n<div data-wp-interactive=\"core\/file\" class=\"wp-block-file\"><object data-wp-bind--hidden=\"!state.hasPdfPreview\" hidden class=\"wp-block-file__embed\" data=\"https:\/\/site.ac-martinique.fr\/lyc-andrealiker\/wp-content\/uploads\/sites\/33\/2024\/08\/RENTREE-DES-ELEVES-2024-2025.pdf\" type=\"application\/pdf\" style=\"width:100%;height:600px\" aria-label=\"Contenu embarqu\u00e9 RENTR\u00c9E DES \u00c9L\u00c8VES 2024-2025.\"><\/object><a id=\"wp-block-file--media-b2ec6d87-e8cb-4ffd-bc6d-395414ea370d\" href=\"https:\/\/site.ac-martinique.fr\/lyc-andrealiker\/wp-content\/uploads\/sites\/33\/2024\/08\/RENTREE-DES-ELEVES-2024-2025.pdf\">RENTR\u00c9E DES \u00c9L\u00c8VES 2024-2025<\/a><a href=\"https:\/\/site.ac-martinique.fr\/lyc-andrealiker\/wp-content\/uploads\/sites\/33\/2024\/08\/RENTREE-DES-ELEVES-2024-2025.pdf\" class=\"wp-block-file__button wp-element-button\" download aria-describedby=\"wp-block-file--media-b2ec6d87-e8cb-4ffd-bc6d-395414ea370d\">T\u00e9l\u00e9charger<\/a><\/div>\n\n\n\n<p><\/p>\n\n\n\n<p><\/p>\n\n\n\n<p class=\"has-large-font-size\"><strong>TARIF DEMI-PENSION PAR CLASSE<\/strong><\/p>\n\n\n\n<div data-wp-interactive=\"core\/file\" class=\"wp-block-file\"><object data-wp-bind--hidden=\"!state.hasPdfPreview\" hidden class=\"wp-block-file__embed\" data=\"https:\/\/site.ac-martinique.fr\/lyc-andrealiker\/wp-content\/uploads\/sites\/33\/2024\/08\/Tarif-1er-trimestre-3.pdf\" type=\"application\/pdf\" style=\"width:100%;height:600px\" aria-label=\"Contenu embarqu\u00e9 Tarif 1er trimestre.\"><\/object><a id=\"wp-block-file--media-2e1eac11-52a4-4285-9da6-87b85bff2acf\" href=\"https:\/\/site.ac-martinique.fr\/lyc-andrealiker\/wp-content\/uploads\/sites\/33\/2024\/08\/Tarif-1er-trimestre-3.pdf\">Tarif 1er trimestre<\/a><a href=\"https:\/\/site.ac-martinique.fr\/lyc-andrealiker\/wp-content\/uploads\/sites\/33\/2024\/08\/Tarif-1er-trimestre-3.pdf\" class=\"wp-block-file__button wp-element-button\" download aria-describedby=\"wp-block-file--media-2e1eac11-52a4-4285-9da6-87b85bff2acf\">T\u00e9l\u00e9charger<\/a><\/div>\n\n\n\n<p><\/p>\n\n\n\n<p class=\"has-large-font-size\"><strong>DNB DATE DE REPORT<\/strong><\/p>\n\n\n\n<div data-wp-interactive=\"core\/file\" class=\"wp-block-file\"><object data-wp-bind--hidden=\"!state.hasPdfPreview\" hidden class=\"wp-block-file__embed\" data=\"https:\/\/site.ac-martinique.fr\/lyc-andrealiker\/wp-content\/uploads\/sites\/33\/2024\/07\/DNB-DATE-DE-REPORT.pdf\" type=\"application\/pdf\" style=\"width:100%;height:600px\" aria-label=\"Contenu embarqu\u00e9 DNB-DATE-DE-REPORT.\"><\/object><a id=\"wp-block-file--media-51094ce6-c7f7-4c07-906a-69fc731220af\" href=\"https:\/\/site.ac-martinique.fr\/lyc-andrealiker\/wp-content\/uploads\/sites\/33\/2024\/07\/DNB-DATE-DE-REPORT.pdf\">DNB-DATE-DE-REPORT<\/a><a href=\"https:\/\/site.ac-martinique.fr\/lyc-andrealiker\/wp-content\/uploads\/sites\/33\/2024\/07\/DNB-DATE-DE-REPORT.pdf\" class=\"wp-block-file__button wp-element-button\" download aria-describedby=\"wp-block-file--media-51094ce6-c7f7-4c07-906a-69fc731220af\">T\u00e9l\u00e9charger<\/a><\/div>\n\n\n\n<p>___________________________________________________________________________________________________<\/p>\n\n\n\n<p class=\"has-medium-font-size\"><strong>En raison du passage de l&rsquo;ouragan BERYL, les \u00e9preuves du DNB pr\u00e9vues demain lundi 01 juillet sont report\u00e9es \u00e0 une date ult\u00e9rieure. Les \u00e9preuves du mardi 02 sont maintenues.<br>Merci de votre compr\u00e9hension.<br>La proviseure<\/strong><\/p>\n\n\n\n<div data-wp-interactive=\"core\/file\" class=\"wp-block-file\"><object data-wp-bind--hidden=\"!state.hasPdfPreview\" hidden class=\"wp-block-file__embed\" data=\"https:\/\/site.ac-martinique.fr\/lyc-andrealiker\/wp-content\/uploads\/sites\/33\/2024\/07\/20240630_CP-Passage-en-vigilance-jaune-BERYL-.pdf\" type=\"application\/pdf\" style=\"width:100%;height:600px\" aria-label=\"Contenu embarqu\u00e9 20240630_CP-Passage-en-vigilance-jaune-BERYL-.\"><\/object><a id=\"wp-block-file--media-79fc2ed0-ddb9-468e-a85a-cf8aa04229eb\" href=\"https:\/\/site.ac-martinique.fr\/lyc-andrealiker\/wp-content\/uploads\/sites\/33\/2024\/07\/20240630_CP-Passage-en-vigilance-jaune-BERYL-.pdf\">20240630_CP-Passage-en-vigilance-jaune-BERYL-<\/a><a href=\"https:\/\/site.ac-martinique.fr\/lyc-andrealiker\/wp-content\/uploads\/sites\/33\/2024\/07\/20240630_CP-Passage-en-vigilance-jaune-BERYL-.pdf\" class=\"wp-block-file__button wp-element-button\" download aria-describedby=\"wp-block-file--media-79fc2ed0-ddb9-468e-a85a-cf8aa04229eb\">T\u00e9l\u00e9charger<\/a><\/div>\n\n\n\n<div data-wp-interactive=\"core\/file\" class=\"wp-block-file\"><object data-wp-bind--hidden=\"!state.hasPdfPreview\" hidden class=\"wp-block-file__embed\" data=\"https:\/\/site.ac-martinique.fr\/lyc-andrealiker\/wp-content\/uploads\/sites\/33\/2024\/07\/REPORT-epreuves-du-1er-juillet-DNB-24.pdf\" type=\"application\/pdf\" style=\"width:100%;height:600px\" aria-label=\"Contenu embarqu\u00e9 REPORT-epreuves-du-1er-juillet-DNB-24.\"><\/object><a id=\"wp-block-file--media-e1c8232b-077f-48ea-a680-7c027d4ca628\" href=\"https:\/\/site.ac-martinique.fr\/lyc-andrealiker\/wp-content\/uploads\/sites\/33\/2024\/07\/REPORT-epreuves-du-1er-juillet-DNB-24.pdf\">REPORT-epreuves-du-1er-juillet-DNB-24<\/a><a href=\"https:\/\/site.ac-martinique.fr\/lyc-andrealiker\/wp-content\/uploads\/sites\/33\/2024\/07\/REPORT-epreuves-du-1er-juillet-DNB-24.pdf\" class=\"wp-block-file__button wp-element-button\" download aria-describedby=\"wp-block-file--media-e1c8232b-077f-48ea-a680-7c027d4ca628\">T\u00e9l\u00e9charger<\/a><\/div>\n\n\n\n<p>______________________________________________________________________________________<\/p>\n\n\n\n<p>CALENDRIER D&rsquo;INSCRIPTION ET DE REINSCRIPTION 2024-2025<\/p>\n\n\n\n<div data-wp-interactive=\"core\/file\" class=\"wp-block-file\"><object data-wp-bind--hidden=\"!state.hasPdfPreview\" hidden class=\"wp-block-file__embed\" data=\"https:\/\/site.ac-martinique.fr\/lyc-andrealiker\/wp-content\/uploads\/sites\/33\/2024\/06\/Calendrier-Dinscription.pdf\" type=\"application\/pdf\" style=\"width:100%;height:600px\" aria-label=\"Contenu embarqu\u00e9 Calendrier-Dinscription.\"><\/object><a id=\"wp-block-file--media-a17521d8-2a2d-421f-bd07-9faad2abfdee\" href=\"https:\/\/site.ac-martinique.fr\/lyc-andrealiker\/wp-content\/uploads\/sites\/33\/2024\/06\/Calendrier-Dinscription.pdf\">Calendrier-Dinscription<\/a><a href=\"https:\/\/site.ac-martinique.fr\/lyc-andrealiker\/wp-content\/uploads\/sites\/33\/2024\/06\/Calendrier-Dinscription.pdf\" class=\"wp-block-file__button wp-element-button\" download aria-describedby=\"wp-block-file--media-a17521d8-2a2d-421f-bd07-9faad2abfdee\">T\u00e9l\u00e9charger<\/a><\/div>\n\n\n\n<p><\/p>\n\n\n\n<p><\/p>\n\n\n\n<h2 class=\"wp-block-heading has-medium-font-size\">D\u00e9gustation des produits de notre jardin<\/h2>\n\n\n\n<figure class=\"wp-block-image size-large\"><a href=\"https:\/\/site.ac-martinique.fr\/lyc-andrealiker\/wp-content\/uploads\/sites\/33\/2024\/05\/IMG_3636.jpeg\"><img loading=\"lazy\" decoding=\"async\" width=\"741\" height=\"1024\" src=\"https:\/\/site.ac-martinique.fr\/lyc-andrealiker\/wp-content\/uploads\/sites\/33\/2024\/05\/IMG_3636-741x1024.jpeg\" alt=\"\" class=\"wp-image-3486\" srcset=\"https:\/\/site.ac-martinique.fr\/lyc-andrealiker\/wp-content\/uploads\/sites\/33\/2024\/05\/IMG_3636-741x1024.jpeg 741w, https:\/\/site.ac-martinique.fr\/lyc-andrealiker\/wp-content\/uploads\/sites\/33\/2024\/05\/IMG_3636-217x300.jpeg 217w, https:\/\/site.ac-martinique.fr\/lyc-andrealiker\/wp-content\/uploads\/sites\/33\/2024\/05\/IMG_3636.jpeg 750w\" sizes=\"auto, (max-width: 741px) 100vw, 741px\" \/><\/a><\/figure>\n\n\n\n<p><strong>BOURSES NATIONALES<\/strong><\/p>\n\n\n\n<div data-wp-interactive=\"core\/file\" class=\"wp-block-file\"><object data-wp-bind--hidden=\"!state.hasPdfPreview\" hidden class=\"wp-block-file__embed\" data=\"https:\/\/site.ac-martinique.fr\/lyc-andrealiker\/wp-content\/uploads\/sites\/33\/2024\/04\/Bourses-nationales.pdf\" type=\"application\/pdf\" style=\"width:100%;height:600px\" aria-label=\"Contenu embarqu\u00e9 Bourses-nationales.\"><\/object><a id=\"wp-block-file--media-de76819b-450f-4ed6-9611-dcaef00fe9bb\" href=\"https:\/\/site.ac-martinique.fr\/lyc-andrealiker\/wp-content\/uploads\/sites\/33\/2024\/04\/Bourses-nationales.pdf\">Bourses-nationales<\/a><a href=\"https:\/\/site.ac-martinique.fr\/lyc-andrealiker\/wp-content\/uploads\/sites\/33\/2024\/04\/Bourses-nationales.pdf\" class=\"wp-block-file__button wp-element-button\" download aria-describedby=\"wp-block-file--media-de76819b-450f-4ed6-9611-dcaef00fe9bb\">T\u00e9l\u00e9charger<\/a><\/div>\n\n\n\n<p><strong>Carte de voeux <\/strong><\/p>\n\n\n\n<figure class=\"wp-block-video\"><video height=\"1434\" style=\"aspect-ratio: 1080 \/ 1434;\" width=\"1080\" controls src=\"https:\/\/site.ac-martinique.fr\/lyc-andrealiker\/wp-content\/uploads\/sites\/33\/2024\/01\/Carte-de-voeux-A.-Aliker-2024-1.mov\"><\/video><\/figure>\n\n\n\n<p>_______________________________________________________________________________________________________<\/p>\n\n\n\n<p>Championnat de France<br>Groupe des individuels<br>Cat\u00e9gorie F\u00e9d\u00e9ral des 16-17 ans<br>Mayra JEANNOT class\u00e9e 36\u00e8me sur les 40 meilleures gymnastes de France<br>F\u00c9LICITATIONS !!!<\/p>\n\n\n\n<figure class=\"wp-block-image size-large\"><a href=\"https:\/\/site.ac-martinique.fr\/lyc-andrealiker\/wp-content\/uploads\/sites\/33\/2024\/01\/PHOTO-2024-01-17-07-31-18.jpg\"><img loading=\"lazy\" decoding=\"async\" width=\"682\" height=\"1024\" src=\"https:\/\/site.ac-martinique.fr\/lyc-andrealiker\/wp-content\/uploads\/sites\/33\/2024\/01\/PHOTO-2024-01-17-07-31-18-682x1024.jpg\" alt=\"\" class=\"wp-image-3458\" srcset=\"https:\/\/site.ac-martinique.fr\/lyc-andrealiker\/wp-content\/uploads\/sites\/33\/2024\/01\/PHOTO-2024-01-17-07-31-18-682x1024.jpg 682w, https:\/\/site.ac-martinique.fr\/lyc-andrealiker\/wp-content\/uploads\/sites\/33\/2024\/01\/PHOTO-2024-01-17-07-31-18-200x300.jpg 200w, https:\/\/site.ac-martinique.fr\/lyc-andrealiker\/wp-content\/uploads\/sites\/33\/2024\/01\/PHOTO-2024-01-17-07-31-18-768x1153.jpg 768w, https:\/\/site.ac-martinique.fr\/lyc-andrealiker\/wp-content\/uploads\/sites\/33\/2024\/01\/PHOTO-2024-01-17-07-31-18-1023x1536.jpg 1023w, https:\/\/site.ac-martinique.fr\/lyc-andrealiker\/wp-content\/uploads\/sites\/33\/2024\/01\/PHOTO-2024-01-17-07-31-18.jpg 1066w\" sizes=\"auto, (max-width: 682px) 100vw, 682px\" \/><\/a><\/figure>\n\n\n\n<figure class=\"wp-block-image size-large\"><a href=\"https:\/\/site.ac-martinique.fr\/lyc-andrealiker\/wp-content\/uploads\/sites\/33\/2024\/01\/PHOTO-2024-01-12-04-57-48.jpg\"><img loading=\"lazy\" decoding=\"async\" width=\"724\" height=\"1024\" src=\"https:\/\/site.ac-martinique.fr\/lyc-andrealiker\/wp-content\/uploads\/sites\/33\/2024\/01\/PHOTO-2024-01-12-04-57-48-724x1024.jpg\" alt=\"\" class=\"wp-image-3454\" srcset=\"https:\/\/site.ac-martinique.fr\/lyc-andrealiker\/wp-content\/uploads\/sites\/33\/2024\/01\/PHOTO-2024-01-12-04-57-48-724x1024.jpg 724w, https:\/\/site.ac-martinique.fr\/lyc-andrealiker\/wp-content\/uploads\/sites\/33\/2024\/01\/PHOTO-2024-01-12-04-57-48-212x300.jpg 212w, https:\/\/site.ac-martinique.fr\/lyc-andrealiker\/wp-content\/uploads\/sites\/33\/2024\/01\/PHOTO-2024-01-12-04-57-48-768x1086.jpg 768w, https:\/\/site.ac-martinique.fr\/lyc-andrealiker\/wp-content\/uploads\/sites\/33\/2024\/01\/PHOTO-2024-01-12-04-57-48-1087x1536.jpg 1087w, https:\/\/site.ac-martinique.fr\/lyc-andrealiker\/wp-content\/uploads\/sites\/33\/2024\/01\/PHOTO-2024-01-12-04-57-48.jpg 1132w\" sizes=\"auto, (max-width: 724px) 100vw, 724px\" \/><\/a><\/figure>\n\n\n\n<h2 class=\"wp-block-heading\">Allez Mayra !!! Les repr\u00e9sentants des \u00e9l\u00e8ves du Lyc\u00e9e Andr\u00e9 ALIKER \u00e9lus au CA, CVL et MDL Encouragent Mayra JEANNOT \u00e9leve de 1 OTM s\u00e9lectionn\u00e9e au Championnat de France de Gymnastique Rythmique dimanche 14 janvier 2024.<\/h2>\n\n\n\n<figure class=\"wp-block-image size-large\"><a href=\"https:\/\/site.ac-martinique.fr\/lyc-andrealiker\/wp-content\/uploads\/sites\/33\/2024\/01\/PHOTO-2024-01-12-04-58-02.jpg\"><img loading=\"lazy\" decoding=\"async\" width=\"1024\" height=\"768\" src=\"https:\/\/site.ac-martinique.fr\/lyc-andrealiker\/wp-content\/uploads\/sites\/33\/2024\/01\/PHOTO-2024-01-12-04-58-02-1024x768.jpg\" alt=\"\" class=\"wp-image-3455\" srcset=\"https:\/\/site.ac-martinique.fr\/lyc-andrealiker\/wp-content\/uploads\/sites\/33\/2024\/01\/PHOTO-2024-01-12-04-58-02-1024x768.jpg 1024w, https:\/\/site.ac-martinique.fr\/lyc-andrealiker\/wp-content\/uploads\/sites\/33\/2024\/01\/PHOTO-2024-01-12-04-58-02-300x225.jpg 300w, https:\/\/site.ac-martinique.fr\/lyc-andrealiker\/wp-content\/uploads\/sites\/33\/2024\/01\/PHOTO-2024-01-12-04-58-02-768x576.jpg 768w, https:\/\/site.ac-martinique.fr\/lyc-andrealiker\/wp-content\/uploads\/sites\/33\/2024\/01\/PHOTO-2024-01-12-04-58-02-1140x855.jpg 1140w, https:\/\/site.ac-martinique.fr\/lyc-andrealiker\/wp-content\/uploads\/sites\/33\/2024\/01\/PHOTO-2024-01-12-04-58-02.jpg 1280w\" sizes=\"auto, (max-width: 1024px) 100vw, 1024px\" \/><\/a><\/figure>\n\n\n\n<p><\/p>\n\n\n\n<p>_______________________________________________________________________________________________________<\/p>\n\n\n\n<h2 class=\"wp-block-heading\">Nos \u00e9l\u00e8ves ont du talent ! <\/h2>\n\n\n\n<div class=\"wp-block-group is-nowrap is-layout-flex wp-container-core-group-is-layout-6c531013 wp-block-group-is-layout-flex\">\n<figure class=\"wp-block-gallery has-nested-images columns-default is-cropped wp-block-gallery-1 is-layout-flex wp-block-gallery-is-layout-flex\">\n<figure class=\"wp-block-image size-large\"><a href=\"https:\/\/site.ac-martinique.fr\/lyc-andrealiker\/wp-content\/uploads\/sites\/33\/2023\/11\/Nos-jeunes-ont-du-talents-1.jpg\"><img loading=\"lazy\" decoding=\"async\" width=\"722\" height=\"1024\" data-id=\"3429\" src=\"https:\/\/site.ac-martinique.fr\/lyc-andrealiker\/wp-content\/uploads\/sites\/33\/2023\/11\/Nos-jeunes-ont-du-talents-1-722x1024.jpg\" alt=\"\" class=\"wp-image-3429\" srcset=\"https:\/\/site.ac-martinique.fr\/lyc-andrealiker\/wp-content\/uploads\/sites\/33\/2023\/11\/Nos-jeunes-ont-du-talents-1-722x1024.jpg 722w, https:\/\/site.ac-martinique.fr\/lyc-andrealiker\/wp-content\/uploads\/sites\/33\/2023\/11\/Nos-jeunes-ont-du-talents-1-212x300.jpg 212w, https:\/\/site.ac-martinique.fr\/lyc-andrealiker\/wp-content\/uploads\/sites\/33\/2023\/11\/Nos-jeunes-ont-du-talents-1-768x1089.jpg 768w, https:\/\/site.ac-martinique.fr\/lyc-andrealiker\/wp-content\/uploads\/sites\/33\/2023\/11\/Nos-jeunes-ont-du-talents-1-1083x1536.jpg 1083w, https:\/\/site.ac-martinique.fr\/lyc-andrealiker\/wp-content\/uploads\/sites\/33\/2023\/11\/Nos-jeunes-ont-du-talents-1-1140x1617.jpg 1140w, https:\/\/site.ac-martinique.fr\/lyc-andrealiker\/wp-content\/uploads\/sites\/33\/2023\/11\/Nos-jeunes-ont-du-talents-1.jpg 1410w\" sizes=\"auto, (max-width: 722px) 100vw, 722px\" \/><\/a><\/figure>\n<\/figure>\n\n\n\n<figure class=\"wp-block-image size-full\"><a href=\"https:\/\/site.ac-martinique.fr\/lyc-andrealiker\/wp-content\/uploads\/sites\/33\/2023\/11\/WhatsApp-Image-2023-11-28-at-13.20.34.jpeg\"><img loading=\"lazy\" decoding=\"async\" width=\"724\" height=\"1024\" src=\"https:\/\/site.ac-martinique.fr\/lyc-andrealiker\/wp-content\/uploads\/sites\/33\/2023\/11\/WhatsApp-Image-2023-11-28-at-13.20.34.jpeg\" alt=\"\" class=\"wp-image-3422\" srcset=\"https:\/\/site.ac-martinique.fr\/lyc-andrealiker\/wp-content\/uploads\/sites\/33\/2023\/11\/WhatsApp-Image-2023-11-28-at-13.20.34.jpeg 724w, https:\/\/site.ac-martinique.fr\/lyc-andrealiker\/wp-content\/uploads\/sites\/33\/2023\/11\/WhatsApp-Image-2023-11-28-at-13.20.34-212x300.jpeg 212w\" sizes=\"auto, (max-width: 724px) 100vw, 724px\" \/><\/a><\/figure>\n<\/div>\n\n\n\n<hr class=\"wp-block-separator has-alpha-channel-opacity is-style-tw-asterisks\"\/>\n\n\n\n<h2 class=\"wp-block-heading\"><\/h2>\n\n\n\n<hr class=\"wp-block-separator has-alpha-channel-opacity\"\/>\n\n\n\n<figure class=\"wp-block-image size-full\"><a href=\"https:\/\/site.ac-martinique.fr\/lyc-andrealiker\/wp-content\/uploads\/sites\/33\/2023\/10\/LIEN.png\"><img loading=\"lazy\" decoding=\"async\" width=\"951\" height=\"479\" src=\"https:\/\/site.ac-martinique.fr\/lyc-andrealiker\/wp-content\/uploads\/sites\/33\/2023\/10\/LIEN.png\" alt=\"\" class=\"wp-image-3350\" srcset=\"https:\/\/site.ac-martinique.fr\/lyc-andrealiker\/wp-content\/uploads\/sites\/33\/2023\/10\/LIEN.png 951w, https:\/\/site.ac-martinique.fr\/lyc-andrealiker\/wp-content\/uploads\/sites\/33\/2023\/10\/LIEN-300x151.png 300w, https:\/\/site.ac-martinique.fr\/lyc-andrealiker\/wp-content\/uploads\/sites\/33\/2023\/10\/LIEN-768x387.png 768w\" sizes=\"auto, (max-width: 951px) 100vw, 951px\" \/><\/a><figcaption class=\"wp-element-caption\">Un lien a \u00e9t\u00e9 envoy\u00e9 par sms aux parents des \u00e9l\u00e8ves concern\u00e9s afin de remplir la charte d&rsquo;engagement.<\/figcaption><\/figure>\n\n\n\n<p>Un ordinateur portable et ses accessoires (bloc d&rsquo;alimentation, souris et sacoche de protection) sont mis \u00e0 disposition des \u00e9l\u00e8ves des classes de seconde, de premi\u00e8re et de CAP par la Collectivit\u00e9 Territoriale de Martinique (CTM). Pour b\u00e9n\u00e9ficier du pr\u00eat de mat\u00e9riel, l&rsquo;\u00e9l\u00e8ve b\u00e9n\u00e9ficiaire et un responsable l\u00e9gal<strong> <\/strong>doivent accepter les conditions de la pr\u00e9sente charte <a href=\"http:\/\/Ghostwriter-Wien.com\" style=\"color: #464646; text-decoration: none;\">Ghostwriter<\/a>\n\n\n\n<p>_______________________________________________________________________________________________________<\/p>\n\n\n\n<p><\/p>\n\n\n\n<p>_______________________________________________________________________________________________________<\/p>\n\n\n\n<p><\/p>\n\n\n\n<div class=\"wp-block-group\"><div class=\"wp-block-group__inner-container is-layout-constrained wp-block-group-is-layout-constrained\">\n<div data-wp-interactive=\"core\/file\" class=\"wp-block-file\"><object data-wp-bind--hidden=\"!state.hasPdfPreview\" hidden class=\"wp-block-file__embed\" data=\"https:\/\/site.ac-martinique.fr\/lyc-andrealiker\/wp-content\/uploads\/sites\/33\/2023\/10\/LYCEE-DES-METIERS-DU-TRANSPORT.pdf\" type=\"application\/pdf\" style=\"width:100%;height:600px\" aria-label=\"Contenu embarqu\u00e9 LYCEE-DES-METIERS-DU-TRANSPORT.\"><\/object><a id=\"wp-block-file--media-ad52afcf-e231-449c-a477-6783da1c8f1c\" href=\"https:\/\/site.ac-martinique.fr\/lyc-andrealiker\/wp-content\/uploads\/sites\/33\/2023\/10\/LYCEE-DES-METIERS-DU-TRANSPORT.pdf\">LYCEE-DES-METIERS-DU-TRANSPORT<\/a><a href=\"https:\/\/site.ac-martinique.fr\/lyc-andrealiker\/wp-content\/uploads\/sites\/33\/2023\/10\/LYCEE-DES-METIERS-DU-TRANSPORT.pdf\" class=\"wp-block-file__button wp-element-button\" download aria-describedby=\"wp-block-file--media-ad52afcf-e231-449c-a477-6783da1c8f1c\">T\u00e9l\u00e9charger<\/a><\/div>\n\n\n\n<p>_______________________________________________________________________________________________________<\/p>\n\n\n\n<p><\/p>\n\n\n\n<p>Parents,<br>Vos codes et identifiants EDUCONNECT ont \u00e9t\u00e9 remis \u00e0 vos enfants la semaine de rentr\u00e9e. Assurez-vous qu&rsquo;ils vous les remettent.<br>Trop de parents ne se sont toujours pas connect\u00e9s. Les informations vous sont communiqu\u00e9es sur COLIBRI et PRONOTES qui sont accessibles uniquement via EDUCONNECT.<\/p>\n\n\n\n<p>La Proviseure<\/p>\n\n\n\n<p><\/p>\n\n\n\n<p>_______________________________________________________________________________________________________<\/p>\n<\/div><\/div>\n\n\n\n<p><strong>CALENDRIER DE RENTR\u00c9E DES \u00c9L\u00c8VES<\/strong><\/p>\n\n\n\n<div data-wp-interactive=\"core\/file\" class=\"wp-block-file\"><object data-wp-bind--hidden=\"!state.hasPdfPreview\" hidden class=\"wp-block-file__embed\" data=\"https:\/\/site.ac-martinique.fr\/lyc-andrealiker\/wp-content\/uploads\/sites\/33\/2023\/08\/CALENDRIER-DE-RENTREE-DES-ELEVES-ANNEE-SCOLAIRE-2023-2024.pdf\" type=\"application\/pdf\" style=\"width:100%;height:600px\" aria-label=\"Contenu embarqu\u00e9 CALENDRIER-DE-RENTREE-DES-ELEVES-ANNEE-SCOLAIRE-2023-2024.\"><\/object><a id=\"wp-block-file--media-284cac24-9eef-4f58-aaa2-4e2eb65be737\" href=\"https:\/\/site.ac-martinique.fr\/lyc-andrealiker\/wp-content\/uploads\/sites\/33\/2023\/08\/CALENDRIER-DE-RENTREE-DES-ELEVES-ANNEE-SCOLAIRE-2023-2024.pdf\">CALENDRIER-DE-RENTREE-DES-ELEVES-ANNEE-SCOLAIRE-2023-2024<\/a><a href=\"https:\/\/site.ac-martinique.fr\/lyc-andrealiker\/wp-content\/uploads\/sites\/33\/2023\/08\/CALENDRIER-DE-RENTREE-DES-ELEVES-ANNEE-SCOLAIRE-2023-2024.pdf\" class=\"wp-block-file__button wp-element-button\" download aria-describedby=\"wp-block-file--media-284cac24-9eef-4f58-aaa2-4e2eb65be737\">T\u00e9l\u00e9charger<\/a><\/div>\n\n\n\n<p>________________________________________________________________________________________________________________<\/p>\n\n\n\n<p><\/p>\n\n\n\n<p><strong>RENTR\u00c9E DES PERSONNELS<\/strong><\/p>\n\n\n\n<h2 class=\"wp-block-heading\"><\/h2>\n\n\n\n<h2 class=\"wp-block-heading\"><\/h2>\n\n\n\n<div class=\"wp-block-group is-nowrap is-layout-flex wp-container-core-group-is-layout-6c531013 wp-block-group-is-layout-flex\"><\/div>\n\n\n\n<div class=\"wp-block-group is-nowrap is-layout-flex wp-container-core-group-is-layout-6c531013 wp-block-group-is-layout-flex\"><\/div>\n\n\n\n<div class=\"wp-block-group is-nowrap is-layout-flex wp-container-core-group-is-layout-6c531013 wp-block-group-is-layout-flex\"><\/div>\n\n\n\n<h2 class=\"wp-block-heading\"><\/h2>\n\n\n\n<h2 class=\"wp-block-heading\"><\/h2>\n\n\n\n<h2 class=\"wp-block-heading\"><\/h2>\n\n\n\n<h2 class=\"wp-block-heading\"><\/h2>\n\n\n\n<p><\/p>\n\n\n\n<h2 class=\"wp-block-heading has-small-font-size\"><\/h2>\n","protected":false},"excerpt":{"rendered":"<p>ATELIERS PARCOURSUP Invitation au webinaire sur le TDAH Chers parents, L\u2019UPEEM Martinique a le plaisir de vous convier \u00e0 un webinaire sur le TDAH (Trouble du D\u00e9ficit de l\u2019Attention avec ou sans Hyperactivit\u00e9) : Th\u00e8me : Mieux comprendre pour mieux accompagner son enfant Intervenant : Gr\u00e9gory LAPU, neuropsychologue Date : Mardi 14 octobre Heure : 18h00 En ligne via ZOOM Ce temps d\u2019\u00e9change permettra d\u2019apporter des r\u00e9ponses \u00e0 vos questions et de partager des conseils concrets pour accompagner au mieux les enfants concern\u00e9s. Inscription : Scanner le QR code sur l\u2019affiche ou cliquer sur le lien d\u2019inscription ( Le lien zoom se trouve dans le Google forms) https:\/\/forms.gle\/YejyweGuDqNKNCxU6 &nbsp;Infos : 0696 92 22 82 \u2013&nbsp;affaires.scolaires@upeem.org Nous vous attendons nombreux.ses pour ce moment d\u2019information et de partage ! N&rsquo;h\u00e9sitez pas \u00e0 nous suivre sur les r\u00e9seaux sociaux https:\/\/www.facebook.com\/Upem.divini.yich.nou https:\/\/www.instagram.com\/upeem.martinique ____________________________________________________________________________________________________ Convocation \u00e0 l\u2019Assembl\u00e9e G\u00e9n\u00e9rale des parents d\u2019\u00e9l\u00e8ves RENTR\u00c9E DES \u00c9L\u00c8VES ____________________________________________________________________________________________________ RENTR\u00c9E DES PERSONNELS ____________________________________________________________________________________________________ La ligne t\u00e9l\u00e9phonique du lyc\u00e9e est actuellement inaccessible, Vous pouvez nous joindre \u00e0 l&rsquo;adresse suivante : ce.9720515c@ac-martinique.fr Nous nous excusons pour la g\u00eane occasionn\u00e9e. ____________________________________________________________________________________________________ BOURSE Madame, MonsieurChers parents,Nous avons le plaisir de vous informer que les Bourses du 1er trimestre et du 2\u00e8me trimestre 2024\/2025 ont \u00e9t\u00e9 mises en paiement ce jour.Nous comprenons que cette attente a \u00e9t\u00e9 longue et qu\u2019elle a pu occasionner des d\u00e9sagr\u00e9ments, dont nous nous excusons.Nous sommes ravis que cette situation soit enfin r\u00e9solue.Nous demeurons \u00e0 votre disposition.Cordialement.La Secr\u00e9taire G\u00e9n\u00e9rale ____________________________________________________________________________________________________ MENU DU MOIS DE JUIN 2025 ____________________________________________________________________________________________________ FORUM FIPE DE L\u2019INSERTION PROFESSIONNELLE ET DE LA POURSUITE D\u2019\u00c9TUDES PROCEDURE EDUCONNECT https:\/\/educonnect.education.gouv.fr RENTR\u00c9E DES \u00c9L\u00c8VES 2024-2025 TARIF DEMI-PENSION PAR CLASSE DNB DATE DE REPORT ___________________________________________________________________________________________________ En raison du passage de l&rsquo;ouragan BERYL, les \u00e9preuves du DNB pr\u00e9vues demain lundi 01 juillet sont report\u00e9es \u00e0 une date ult\u00e9rieure. Les \u00e9preuves du mardi 02 sont maintenues.Merci de votre compr\u00e9hension.La proviseure ______________________________________________________________________________________ CALENDRIER D&rsquo;INSCRIPTION ET DE REINSCRIPTION 2024-2025 D\u00e9gustation des produits de notre jardin BOURSES NATIONALES Carte de voeux _______________________________________________________________________________________________________ Championnat de FranceGroupe des individuelsCat\u00e9gorie F\u00e9d\u00e9ral des 16-17 ansMayra JEANNOT class\u00e9e 36\u00e8me sur les 40 meilleures gymnastes de FranceF\u00c9LICITATIONS !!! Allez Mayra !!! Les repr\u00e9sentants des \u00e9l\u00e8ves du Lyc\u00e9e Andr\u00e9 ALIKER \u00e9lus au CA, CVL et MDL Encouragent Mayra JEANNOT \u00e9leve de 1 OTM s\u00e9lectionn\u00e9e au Championnat de France de Gymnastique Rythmique dimanche 14 janvier 2024. _______________________________________________________________________________________________________ Nos \u00e9l\u00e8ves ont du talent ! Un ordinateur portable et ses accessoires (bloc d&rsquo;alimentation, souris et sacoche de protection) sont mis \u00e0 disposition des \u00e9l\u00e8ves des classes de seconde, de premi\u00e8re et de CAP par la Collectivit\u00e9 Territoriale de Martinique (CTM). Pour b\u00e9n\u00e9ficier du pr\u00eat de mat\u00e9riel, l&rsquo;\u00e9l\u00e8ve b\u00e9n\u00e9ficiaire et un responsable l\u00e9gal doivent accepter les conditions de la pr\u00e9sente charte Ghostwriter _______________________________________________________________________________________________________ _______________________________________________________________________________________________________ _______________________________________________________________________________________________________ Parents,Vos codes et identifiants EDUCONNECT ont \u00e9t\u00e9 remis \u00e0 vos enfants la semaine de rentr\u00e9e. Assurez-vous qu&rsquo;ils vous les remettent.Trop de parents ne se sont toujours pas connect\u00e9s. Les informations vous sont communiqu\u00e9es sur COLIBRI et PRONOTES qui sont accessibles uniquement via EDUCONNECT. La Proviseure _______________________________________________________________________________________________________ CALENDRIER DE RENTR\u00c9E DES \u00c9L\u00c8VES ________________________________________________________________________________________________________________ RENTR\u00c9E DES PERSONNELS<\/p>\n","protected":false},"author":91,"featured_media":0,"parent":0,"menu_order":0,"comment_status":"closed","ping_status":"closed","template":"","meta":{"footnotes":""},"class_list":["post-2508","page","type-page","status-publish","hentry"],"_links":{"self":[{"href":"https:\/\/site.ac-martinique.fr\/lyc-andrealiker\/index.php?rest_route=\/wp\/v2\/pages\/2508","targetHints":{"allow":["GET"]}}],"collection":[{"href":"https:\/\/site.ac-martinique.fr\/lyc-andrealiker\/index.php?rest_route=\/wp\/v2\/pages"}],"about":[{"href":"https:\/\/site.ac-martinique.fr\/lyc-andrealiker\/index.php?rest_route=\/wp\/v2\/types\/page"}],"author":[{"embeddable":true,"href":"https:\/\/site.ac-martinique.fr\/lyc-andrealiker\/index.php?rest_route=\/wp\/v2\/users\/91"}],"replies":[{"embeddable":true,"href":"https:\/\/site.ac-martinique.fr\/lyc-andrealiker\/index.php?rest_route=%2Fwp%2Fv2%2Fcomments&post=2508"}],"version-history":[{"count":76,"href":"https:\/\/site.ac-martinique.fr\/lyc-andrealiker\/index.php?rest_route=\/wp\/v2\/pages\/2508\/revisions"}],"predecessor-version":[{"id":3842,"href":"https:\/\/site.ac-martinique.fr\/lyc-andrealiker\/index.php?rest_route=\/wp\/v2\/pages\/2508\/revisions\/3842"}],"wp:attachment":[{"href":"https:\/\/site.ac-martinique.fr\/lyc-andrealiker\/index.php?rest_route=%2Fwp%2Fv2%2Fmedia&parent=2508"}],"curies":[{"name":"wp","href":"https:\/\/api.w.org\/{rel}","templated":true}]}}