{"id":3319,"date":"2023-10-18T09:25:27","date_gmt":"2023-10-18T13:25:27","guid":{"rendered":"https:\/\/site.ac-martinique.fr\/lyc-andrealiker\/?page_id=3319"},"modified":"2023-11-29T20:04:23","modified_gmt":"2023-11-30T00:04:23","slug":"ouverture-a-linternational","status":"publish","type":"page","link":"https:\/\/site.ac-martinique.fr\/lyc-andrealiker\/?page_id=3319","title":{"rendered":"Ouverture \u00e0 l&rsquo;international"},"content":{"rendered":"\n<p><strong>Nos \u00e9tudiants de 1\u00e8re ann\u00e9e de BTS GTLA sur le salon FORMEO aujourd&rsquo;hui<\/strong><\/p>\n\n\n\n<p>En pleine explication des attendus de la formation aupr\u00e8s des lyc\u00e9ens de l&rsquo;acad\u00e9mie<\/p>\n\n\n\n<figure class=\"wp-block-gallery has-nested-images columns-1 tw-gutter-large wp-block-gallery-1 is-layout-flex wp-block-gallery-is-layout-flex\">\n<figure class=\"wp-block-image size-large\"><a href=\"https:\/\/site.ac-martinique.fr\/lyc-andrealiker\/wp-content\/uploads\/sites\/33\/2023\/11\/1.jpg\"><img loading=\"lazy\" decoding=\"async\" width=\"1024\" height=\"768\" data-id=\"3433\" src=\"https:\/\/site.ac-martinique.fr\/lyc-andrealiker\/wp-content\/uploads\/sites\/33\/2023\/11\/1-1024x768.jpg\" alt=\"\" class=\"wp-image-3433\" srcset=\"https:\/\/site.ac-martinique.fr\/lyc-andrealiker\/wp-content\/uploads\/sites\/33\/2023\/11\/1-1024x768.jpg 1024w, https:\/\/site.ac-martinique.fr\/lyc-andrealiker\/wp-content\/uploads\/sites\/33\/2023\/11\/1-300x225.jpg 300w, https:\/\/site.ac-martinique.fr\/lyc-andrealiker\/wp-content\/uploads\/sites\/33\/2023\/11\/1-768x576.jpg 768w, https:\/\/site.ac-martinique.fr\/lyc-andrealiker\/wp-content\/uploads\/sites\/33\/2023\/11\/1-1536x1152.jpg 1536w, https:\/\/site.ac-martinique.fr\/lyc-andrealiker\/wp-content\/uploads\/sites\/33\/2023\/11\/1-1140x855.jpg 1140w, https:\/\/site.ac-martinique.fr\/lyc-andrealiker\/wp-content\/uploads\/sites\/33\/2023\/11\/1.jpg 1600w\" sizes=\"auto, (max-width: 1024px) 100vw, 1024px\" \/><\/a><\/figure>\n\n\n\n<figure class=\"wp-block-image size-large\"><a href=\"https:\/\/site.ac-martinique.fr\/lyc-andrealiker\/wp-content\/uploads\/sites\/33\/2023\/11\/2.jpg\"><img loading=\"lazy\" decoding=\"async\" width=\"1024\" height=\"768\" data-id=\"3432\" src=\"https:\/\/site.ac-martinique.fr\/lyc-andrealiker\/wp-content\/uploads\/sites\/33\/2023\/11\/2-1024x768.jpg\" alt=\"\" class=\"wp-image-3432\" srcset=\"https:\/\/site.ac-martinique.fr\/lyc-andrealiker\/wp-content\/uploads\/sites\/33\/2023\/11\/2-1024x768.jpg 1024w, https:\/\/site.ac-martinique.fr\/lyc-andrealiker\/wp-content\/uploads\/sites\/33\/2023\/11\/2-300x225.jpg 300w, https:\/\/site.ac-martinique.fr\/lyc-andrealiker\/wp-content\/uploads\/sites\/33\/2023\/11\/2-768x576.jpg 768w, https:\/\/site.ac-martinique.fr\/lyc-andrealiker\/wp-content\/uploads\/sites\/33\/2023\/11\/2-1536x1152.jpg 1536w, https:\/\/site.ac-martinique.fr\/lyc-andrealiker\/wp-content\/uploads\/sites\/33\/2023\/11\/2-1140x855.jpg 1140w, https:\/\/site.ac-martinique.fr\/lyc-andrealiker\/wp-content\/uploads\/sites\/33\/2023\/11\/2.jpg 1600w\" sizes=\"auto, (max-width: 1024px) 100vw, 1024px\" \/><\/a><\/figure>\n\n\n\n<figure class=\"wp-block-image size-large\"><a href=\"https:\/\/site.ac-martinique.fr\/lyc-andrealiker\/wp-content\/uploads\/sites\/33\/2023\/11\/3.jpg\"><img loading=\"lazy\" decoding=\"async\" width=\"1024\" height=\"768\" data-id=\"3434\" src=\"https:\/\/site.ac-martinique.fr\/lyc-andrealiker\/wp-content\/uploads\/sites\/33\/2023\/11\/3-1024x768.jpg\" alt=\"\" class=\"wp-image-3434\" srcset=\"https:\/\/site.ac-martinique.fr\/lyc-andrealiker\/wp-content\/uploads\/sites\/33\/2023\/11\/3-1024x768.jpg 1024w, https:\/\/site.ac-martinique.fr\/lyc-andrealiker\/wp-content\/uploads\/sites\/33\/2023\/11\/3-300x225.jpg 300w, https:\/\/site.ac-martinique.fr\/lyc-andrealiker\/wp-content\/uploads\/sites\/33\/2023\/11\/3-768x576.jpg 768w, https:\/\/site.ac-martinique.fr\/lyc-andrealiker\/wp-content\/uploads\/sites\/33\/2023\/11\/3-1536x1152.jpg 1536w, https:\/\/site.ac-martinique.fr\/lyc-andrealiker\/wp-content\/uploads\/sites\/33\/2023\/11\/3-1140x855.jpg 1140w, https:\/\/site.ac-martinique.fr\/lyc-andrealiker\/wp-content\/uploads\/sites\/33\/2023\/11\/3.jpg 1600w\" sizes=\"auto, (max-width: 1024px) 100vw, 1024px\" \/><\/a><\/figure>\n\n\n\n<figure class=\"wp-block-image size-large\"><a href=\"https:\/\/site.ac-martinique.fr\/lyc-andrealiker\/wp-content\/uploads\/sites\/33\/2023\/11\/4.jpg\"><img loading=\"lazy\" decoding=\"async\" width=\"1024\" height=\"768\" data-id=\"3435\" src=\"https:\/\/site.ac-martinique.fr\/lyc-andrealiker\/wp-content\/uploads\/sites\/33\/2023\/11\/4-1024x768.jpg\" alt=\"\" class=\"wp-image-3435\" srcset=\"https:\/\/site.ac-martinique.fr\/lyc-andrealiker\/wp-content\/uploads\/sites\/33\/2023\/11\/4-1024x768.jpg 1024w, https:\/\/site.ac-martinique.fr\/lyc-andrealiker\/wp-content\/uploads\/sites\/33\/2023\/11\/4-300x225.jpg 300w, https:\/\/site.ac-martinique.fr\/lyc-andrealiker\/wp-content\/uploads\/sites\/33\/2023\/11\/4-768x576.jpg 768w, https:\/\/site.ac-martinique.fr\/lyc-andrealiker\/wp-content\/uploads\/sites\/33\/2023\/11\/4-1536x1152.jpg 1536w, https:\/\/site.ac-martinique.fr\/lyc-andrealiker\/wp-content\/uploads\/sites\/33\/2023\/11\/4-1140x855.jpg 1140w, https:\/\/site.ac-martinique.fr\/lyc-andrealiker\/wp-content\/uploads\/sites\/33\/2023\/11\/4.jpg 1600w\" sizes=\"auto, (max-width: 1024px) 100vw, 1024px\" \/><\/a><\/figure>\n<\/figure>\n\n\n\n<p><\/p>\n\n\n\n<p><\/p>\n\n\n\n<p><strong>Les \u00e9tudiants de BTS GTLA du Lyc\u00e9e Andr\u00e9 ALIKER \u00e0 la 1\u00e8re Conf\u00e9rence sur la Connectivit\u00e9 de la Grande Cara\u00efbe.<br>H\u00f4tel Karib\u00e9a Sainte-Luce, Martinique<\/strong>.<\/p>\n\n\n\n<figure class=\"wp-block-image size-large\"><a href=\"https:\/\/site.ac-martinique.fr\/lyc-andrealiker\/wp-content\/uploads\/sites\/33\/2023\/10\/1.jpg\"><img loading=\"lazy\" decoding=\"async\" width=\"1024\" height=\"768\" src=\"https:\/\/site.ac-martinique.fr\/lyc-andrealiker\/wp-content\/uploads\/sites\/33\/2023\/10\/1-1024x768.jpg\" alt=\"\" class=\"wp-image-3329\" srcset=\"https:\/\/site.ac-martinique.fr\/lyc-andrealiker\/wp-content\/uploads\/sites\/33\/2023\/10\/1-1024x768.jpg 1024w, https:\/\/site.ac-martinique.fr\/lyc-andrealiker\/wp-content\/uploads\/sites\/33\/2023\/10\/1-300x225.jpg 300w, https:\/\/site.ac-martinique.fr\/lyc-andrealiker\/wp-content\/uploads\/sites\/33\/2023\/10\/1-768x576.jpg 768w, https:\/\/site.ac-martinique.fr\/lyc-andrealiker\/wp-content\/uploads\/sites\/33\/2023\/10\/1-1140x855.jpg 1140w, https:\/\/site.ac-martinique.fr\/lyc-andrealiker\/wp-content\/uploads\/sites\/33\/2023\/10\/1.jpg 1280w\" sizes=\"auto, (max-width: 1024px) 100vw, 1024px\" \/><\/a><\/figure>\n\n\n\n<figure class=\"wp-block-image size-large\"><a href=\"https:\/\/site.ac-martinique.fr\/lyc-andrealiker\/wp-content\/uploads\/sites\/33\/2023\/10\/2.jpg\"><img loading=\"lazy\" decoding=\"async\" width=\"1024\" height=\"768\" src=\"https:\/\/site.ac-martinique.fr\/lyc-andrealiker\/wp-content\/uploads\/sites\/33\/2023\/10\/2-1024x768.jpg\" alt=\"\" class=\"wp-image-3330\" srcset=\"https:\/\/site.ac-martinique.fr\/lyc-andrealiker\/wp-content\/uploads\/sites\/33\/2023\/10\/2-1024x768.jpg 1024w, https:\/\/site.ac-martinique.fr\/lyc-andrealiker\/wp-content\/uploads\/sites\/33\/2023\/10\/2-300x225.jpg 300w, https:\/\/site.ac-martinique.fr\/lyc-andrealiker\/wp-content\/uploads\/sites\/33\/2023\/10\/2-768x576.jpg 768w, https:\/\/site.ac-martinique.fr\/lyc-andrealiker\/wp-content\/uploads\/sites\/33\/2023\/10\/2-1140x855.jpg 1140w, https:\/\/site.ac-martinique.fr\/lyc-andrealiker\/wp-content\/uploads\/sites\/33\/2023\/10\/2.jpg 1280w\" sizes=\"auto, (max-width: 1024px) 100vw, 1024px\" \/><\/a><\/figure>\n\n\n\n<figure class=\"wp-block-image size-large\"><a href=\"https:\/\/site.ac-martinique.fr\/lyc-andrealiker\/wp-content\/uploads\/sites\/33\/2023\/10\/3.jpg\"><img loading=\"lazy\" decoding=\"async\" width=\"1024\" height=\"768\" src=\"https:\/\/site.ac-martinique.fr\/lyc-andrealiker\/wp-content\/uploads\/sites\/33\/2023\/10\/3-1024x768.jpg\" alt=\"\" class=\"wp-image-3331\" srcset=\"https:\/\/site.ac-martinique.fr\/lyc-andrealiker\/wp-content\/uploads\/sites\/33\/2023\/10\/3-1024x768.jpg 1024w, https:\/\/site.ac-martinique.fr\/lyc-andrealiker\/wp-content\/uploads\/sites\/33\/2023\/10\/3-300x225.jpg 300w, https:\/\/site.ac-martinique.fr\/lyc-andrealiker\/wp-content\/uploads\/sites\/33\/2023\/10\/3-768x576.jpg 768w, https:\/\/site.ac-martinique.fr\/lyc-andrealiker\/wp-content\/uploads\/sites\/33\/2023\/10\/3-1140x855.jpg 1140w, https:\/\/site.ac-martinique.fr\/lyc-andrealiker\/wp-content\/uploads\/sites\/33\/2023\/10\/3.jpg 1280w\" sizes=\"auto, (max-width: 1024px) 100vw, 1024px\" \/><\/a><\/figure>\n\n\n\n<figure class=\"wp-block-image size-large\"><a href=\"https:\/\/site.ac-martinique.fr\/lyc-andrealiker\/wp-content\/uploads\/sites\/33\/2023\/10\/4.jpg\"><img loading=\"lazy\" decoding=\"async\" width=\"1024\" height=\"768\" src=\"https:\/\/site.ac-martinique.fr\/lyc-andrealiker\/wp-content\/uploads\/sites\/33\/2023\/10\/4-1024x768.jpg\" alt=\"\" class=\"wp-image-3332\" srcset=\"https:\/\/site.ac-martinique.fr\/lyc-andrealiker\/wp-content\/uploads\/sites\/33\/2023\/10\/4-1024x768.jpg 1024w, https:\/\/site.ac-martinique.fr\/lyc-andrealiker\/wp-content\/uploads\/sites\/33\/2023\/10\/4-300x225.jpg 300w, https:\/\/site.ac-martinique.fr\/lyc-andrealiker\/wp-content\/uploads\/sites\/33\/2023\/10\/4-768x576.jpg 768w, https:\/\/site.ac-martinique.fr\/lyc-andrealiker\/wp-content\/uploads\/sites\/33\/2023\/10\/4-1140x855.jpg 1140w, https:\/\/site.ac-martinique.fr\/lyc-andrealiker\/wp-content\/uploads\/sites\/33\/2023\/10\/4.jpg 1280w\" sizes=\"auto, (max-width: 1024px) 100vw, 1024px\" \/><\/a><\/figure>\n\n\n\n<figure class=\"wp-block-image size-large\"><a href=\"https:\/\/site.ac-martinique.fr\/lyc-andrealiker\/wp-content\/uploads\/sites\/33\/2023\/10\/5.jpg\"><img loading=\"lazy\" decoding=\"async\" width=\"1024\" height=\"768\" src=\"https:\/\/site.ac-martinique.fr\/lyc-andrealiker\/wp-content\/uploads\/sites\/33\/2023\/10\/5-1024x768.jpg\" alt=\"\" class=\"wp-image-3333\" srcset=\"https:\/\/site.ac-martinique.fr\/lyc-andrealiker\/wp-content\/uploads\/sites\/33\/2023\/10\/5-1024x768.jpg 1024w, https:\/\/site.ac-martinique.fr\/lyc-andrealiker\/wp-content\/uploads\/sites\/33\/2023\/10\/5-300x225.jpg 300w, https:\/\/site.ac-martinique.fr\/lyc-andrealiker\/wp-content\/uploads\/sites\/33\/2023\/10\/5-768x576.jpg 768w, https:\/\/site.ac-martinique.fr\/lyc-andrealiker\/wp-content\/uploads\/sites\/33\/2023\/10\/5-1140x855.jpg 1140w, https:\/\/site.ac-martinique.fr\/lyc-andrealiker\/wp-content\/uploads\/sites\/33\/2023\/10\/5.jpg 1280w\" sizes=\"auto, (max-width: 1024px) 100vw, 1024px\" \/><\/a><\/figure>\n\n\n\n<figure class=\"wp-block-image size-full\"><a href=\"https:\/\/site.ac-martinique.fr\/lyc-andrealiker\/wp-content\/uploads\/sites\/33\/2023\/10\/6.jpg\"><img loading=\"lazy\" decoding=\"async\" width=\"1024\" height=\"768\" src=\"https:\/\/site.ac-martinique.fr\/lyc-andrealiker\/wp-content\/uploads\/sites\/33\/2023\/10\/6.jpg\" alt=\"\" class=\"wp-image-3340\" srcset=\"https:\/\/site.ac-martinique.fr\/lyc-andrealiker\/wp-content\/uploads\/sites\/33\/2023\/10\/6.jpg 1024w, https:\/\/site.ac-martinique.fr\/lyc-andrealiker\/wp-content\/uploads\/sites\/33\/2023\/10\/6-300x225.jpg 300w, https:\/\/site.ac-martinique.fr\/lyc-andrealiker\/wp-content\/uploads\/sites\/33\/2023\/10\/6-768x576.jpg 768w\" sizes=\"auto, (max-width: 1024px) 100vw, 1024px\" \/><\/a><\/figure>\n\n\n\n<figure class=\"wp-block-image size-full\"><a href=\"https:\/\/site.ac-martinique.fr\/lyc-andrealiker\/wp-content\/uploads\/sites\/33\/2023\/10\/7.jpg\"><img loading=\"lazy\" decoding=\"async\" width=\"1024\" height=\"768\" src=\"https:\/\/site.ac-martinique.fr\/lyc-andrealiker\/wp-content\/uploads\/sites\/33\/2023\/10\/7.jpg\" alt=\"\" class=\"wp-image-3341\" srcset=\"https:\/\/site.ac-martinique.fr\/lyc-andrealiker\/wp-content\/uploads\/sites\/33\/2023\/10\/7.jpg 1024w, https:\/\/site.ac-martinique.fr\/lyc-andrealiker\/wp-content\/uploads\/sites\/33\/2023\/10\/7-300x225.jpg 300w, https:\/\/site.ac-martinique.fr\/lyc-andrealiker\/wp-content\/uploads\/sites\/33\/2023\/10\/7-768x576.jpg 768w\" sizes=\"auto, (max-width: 1024px) 100vw, 1024px\" \/><\/a><\/figure>\n\n\n\n<figure class=\"wp-block-image size-large\"><a href=\"https:\/\/site.ac-martinique.fr\/lyc-andrealiker\/wp-content\/uploads\/sites\/33\/2023\/10\/8.jpg\"><img loading=\"lazy\" decoding=\"async\" width=\"1280\" height=\"960\" src=\"https:\/\/site.ac-martinique.fr\/lyc-andrealiker\/wp-content\/uploads\/sites\/33\/2023\/10\/8-1024x768.jpg\" alt=\"\" class=\"wp-image-3342\" srcset=\"https:\/\/site.ac-martinique.fr\/lyc-andrealiker\/wp-content\/uploads\/sites\/33\/2023\/10\/8-1024x768.jpg 1024w, https:\/\/site.ac-martinique.fr\/lyc-andrealiker\/wp-content\/uploads\/sites\/33\/2023\/10\/8-300x225.jpg 300w, https:\/\/site.ac-martinique.fr\/lyc-andrealiker\/wp-content\/uploads\/sites\/33\/2023\/10\/8-768x576.jpg 768w, https:\/\/site.ac-martinique.fr\/lyc-andrealiker\/wp-content\/uploads\/sites\/33\/2023\/10\/8-1140x855.jpg 1140w, https:\/\/site.ac-martinique.fr\/lyc-andrealiker\/wp-content\/uploads\/sites\/33\/2023\/10\/8.jpg 1280w\" sizes=\"auto, (max-width: 1280px) 100vw, 1280px\" \/><\/a><\/figure>\n\n\n\n<figure class=\"wp-block-image size-large\"><a href=\"https:\/\/site.ac-martinique.fr\/lyc-andrealiker\/wp-content\/uploads\/sites\/33\/2023\/10\/thumbnail_PHOTO-2023-10-18-14-13-21.jpg\"><img loading=\"lazy\" decoding=\"async\" width=\"1024\" height=\"768\" src=\"https:\/\/site.ac-martinique.fr\/lyc-andrealiker\/wp-content\/uploads\/sites\/33\/2023\/10\/thumbnail_PHOTO-2023-10-18-14-13-21-1024x768.jpg\" alt=\"\" class=\"wp-image-3347\" srcset=\"https:\/\/site.ac-martinique.fr\/lyc-andrealiker\/wp-content\/uploads\/sites\/33\/2023\/10\/thumbnail_PHOTO-2023-10-18-14-13-21-1024x768.jpg 1024w, https:\/\/site.ac-martinique.fr\/lyc-andrealiker\/wp-content\/uploads\/sites\/33\/2023\/10\/thumbnail_PHOTO-2023-10-18-14-13-21-300x225.jpg 300w, https:\/\/site.ac-martinique.fr\/lyc-andrealiker\/wp-content\/uploads\/sites\/33\/2023\/10\/thumbnail_PHOTO-2023-10-18-14-13-21-768x576.jpg 768w, https:\/\/site.ac-martinique.fr\/lyc-andrealiker\/wp-content\/uploads\/sites\/33\/2023\/10\/thumbnail_PHOTO-2023-10-18-14-13-21-1140x855.jpg 1140w, https:\/\/site.ac-martinique.fr\/lyc-andrealiker\/wp-content\/uploads\/sites\/33\/2023\/10\/thumbnail_PHOTO-2023-10-18-14-13-21.jpg 1280w\" sizes=\"auto, (max-width: 1024px) 100vw, 1024px\" \/><\/a><\/figure>\n\n\n\n<figure class=\"wp-block-image size-large\"><a href=\"https:\/\/site.ac-martinique.fr\/lyc-andrealiker\/wp-content\/uploads\/sites\/33\/2023\/10\/PHOTO-2023-10-18-14-13-20.jpg\"><img loading=\"lazy\" decoding=\"async\" width=\"1024\" height=\"768\" src=\"https:\/\/site.ac-martinique.fr\/lyc-andrealiker\/wp-content\/uploads\/sites\/33\/2023\/10\/PHOTO-2023-10-18-14-13-20-1024x768.jpg\" alt=\"\" class=\"wp-image-3345\" srcset=\"https:\/\/site.ac-martinique.fr\/lyc-andrealiker\/wp-content\/uploads\/sites\/33\/2023\/10\/PHOTO-2023-10-18-14-13-20-1024x768.jpg 1024w, https:\/\/site.ac-martinique.fr\/lyc-andrealiker\/wp-content\/uploads\/sites\/33\/2023\/10\/PHOTO-2023-10-18-14-13-20-300x225.jpg 300w, https:\/\/site.ac-martinique.fr\/lyc-andrealiker\/wp-content\/uploads\/sites\/33\/2023\/10\/PHOTO-2023-10-18-14-13-20-768x576.jpg 768w, https:\/\/site.ac-martinique.fr\/lyc-andrealiker\/wp-content\/uploads\/sites\/33\/2023\/10\/PHOTO-2023-10-18-14-13-20-1140x855.jpg 1140w, https:\/\/site.ac-martinique.fr\/lyc-andrealiker\/wp-content\/uploads\/sites\/33\/2023\/10\/PHOTO-2023-10-18-14-13-20.jpg 1280w\" sizes=\"auto, (max-width: 1024px) 100vw, 1024px\" \/><\/a><\/figure>\n","protected":false},"excerpt":{"rendered":"<p>Nos \u00e9tudiants de 1\u00e8re ann\u00e9e de BTS GTLA sur le salon FORMEO aujourd&rsquo;hui En pleine explication des attendus de la formation aupr\u00e8s des lyc\u00e9ens de l&rsquo;acad\u00e9mie Les \u00e9tudiants de BTS GTLA du Lyc\u00e9e Andr\u00e9 ALIKER \u00e0 la 1\u00e8re Conf\u00e9rence sur la Connectivit\u00e9 de la Grande Cara\u00efbe.H\u00f4tel Karib\u00e9a Sainte-Luce, Martinique.<\/p>\n","protected":false},"author":319,"featured_media":0,"parent":0,"menu_order":0,"comment_status":"closed","ping_status":"closed","template":"","meta":{"footnotes":""},"class_list":["post-3319","page","type-page","status-publish","hentry"],"_links":{"self":[{"href":"https:\/\/site.ac-martinique.fr\/lyc-andrealiker\/index.php?rest_route=\/wp\/v2\/pages\/3319","targetHints":{"allow":["GET"]}}],"collection":[{"href":"https:\/\/site.ac-martinique.fr\/lyc-andrealiker\/index.php?rest_route=\/wp\/v2\/pages"}],"about":[{"href":"https:\/\/site.ac-martinique.fr\/lyc-andrealiker\/index.php?rest_route=\/wp\/v2\/types\/page"}],"author":[{"embeddable":true,"href":"https:\/\/site.ac-martinique.fr\/lyc-andrealiker\/index.php?rest_route=\/wp\/v2\/users\/319"}],"replies":[{"embeddable":true,"href":"https:\/\/site.ac-martinique.fr\/lyc-andrealiker\/index.php?rest_route=%2Fwp%2Fv2%2Fcomments&post=3319"}],"version-history":[{"count":7,"href":"https:\/\/site.ac-martinique.fr\/lyc-andrealiker\/index.php?rest_route=\/wp\/v2\/pages\/3319\/revisions"}],"predecessor-version":[{"id":3436,"href":"https:\/\/site.ac-martinique.fr\/lyc-andrealiker\/index.php?rest_route=\/wp\/v2\/pages\/3319\/revisions\/3436"}],"wp:attachment":[{"href":"https:\/\/site.ac-martinique.fr\/lyc-andrealiker\/index.php?rest_route=%2Fwp%2Fv2%2Fmedia&parent=3319"}],"curies":[{"name":"wp","href":"https:\/\/api.w.org\/{rel}","templated":true}]}}