{"id":1017,"date":"2023-09-22T10:03:30","date_gmt":"2023-09-22T14:03:30","guid":{"rendered":"https:\/\/site.ac-martinique.fr\/lyc-bellevue\/?page_id=1017"},"modified":"2024-12-06T20:28:49","modified_gmt":"2024-12-07T00:28:49","slug":"federation-de-parents-deleves","status":"publish","type":"page","link":"https:\/\/site.ac-martinique.fr\/lyc-bellevue\/?page_id=1017","title":{"rendered":"F\u00e9d\u00e9ration de Parents d&rsquo;\u00e9l\u00e8ves"},"content":{"rendered":"\n<p>Les associations de parents d\u2019\u00e9l\u00e8ves ont pour mission la d\u00e9fense des int\u00e9r\u00eats moraux et mat\u00e9riels communs \u00e0 tous les parents d\u2019\u00e9l\u00e8ves. Cette ann\u00e9e, les \u00e9lections des repr\u00e9sentants des Parents d&rsquo;\u00e9l\u00e8ves se tiendront le <strong>vendredi 13 octobre 2023<\/strong>. Ci-dessous, la liste des f\u00e9d\u00e9rations pr\u00e9sentes au Lyc\u00e9e par ordre alphab\u00e9tique.<\/p>\n\n\n\n<div class=\"wp-block-media-text has-media-on-the-right is-stacked-on-mobile\" style=\"grid-template-columns:auto 27%\"><div class=\"wp-block-media-text__content\">\n<p class=\"has-text-color has-medium-font-size\" style=\"color:#025699\"><strong>FCPE (&nbsp;F\u00e9d\u00e9ration des Conseils de Parents d\u2019\u00c9l\u00e8ves)<\/strong><\/p>\n\n\n\n<p><a href=\"https:\/\/site.ac-martinique.fr\/lyc-bellevue\/wp-content\/uploads\/sites\/127\/2023\/10\/profession-de-foi-2023-FCPE-972-Lycee-Bellevue-1.pdf\">Profession de foi de la FCPE<\/a><\/p>\n<\/div><figure class=\"wp-block-media-text__media\"><a href=\"https:\/\/site.ac-martinique.fr\/lyc-bellevue\/wp-content\/uploads\/sites\/127\/2023\/10\/profession-de-foi-2023-FCPE-972-Lycee-Bellevue-1.pdf\"><img loading=\"lazy\" decoding=\"async\" width=\"597\" height=\"840\" src=\"https:\/\/site.ac-martinique.fr\/lyc-bellevue\/wp-content\/uploads\/sites\/127\/2023\/10\/fcpe-1.png\" alt=\"\" class=\"wp-image-1170 size-full\" srcset=\"https:\/\/site.ac-martinique.fr\/lyc-bellevue\/wp-content\/uploads\/sites\/127\/2023\/10\/fcpe-1.png 597w, https:\/\/site.ac-martinique.fr\/lyc-bellevue\/wp-content\/uploads\/sites\/127\/2023\/10\/fcpe-1-213x300.png 213w\" sizes=\"auto, (max-width: 597px) 100vw, 597px\" \/><\/a><\/figure><\/div>\n\n\n\n<div class=\"wp-block-media-text has-media-on-the-right is-stacked-on-mobile\" style=\"grid-template-columns:auto 27%\"><div class=\"wp-block-media-text__content\">\n<p class=\"has-text-color has-medium-font-size\" style=\"color:#025699\"><strong>PEEP (F\u00e9d\u00e9ration des parents d&rsquo;\u00e9l\u00e8ves de l&rsquo;enseignement public)<\/strong><\/p>\n\n\n\n<p><\/p>\n<\/div><figure class=\"wp-block-media-text__media\"><a href=\"https:\/\/site.ac-martinique.fr\/lyc-bellevue\/wp-content\/uploads\/sites\/127\/2023\/10\/profession-de-foi-2023-FCPE-972-Lycee-Bellevue-1.pdf\"><img loading=\"lazy\" decoding=\"async\" width=\"364\" height=\"138\" src=\"https:\/\/site.ac-martinique.fr\/lyc-bellevue\/wp-content\/uploads\/sites\/127\/2023\/10\/peep.png\" alt=\"\" class=\"wp-image-1174 size-full\" srcset=\"https:\/\/site.ac-martinique.fr\/lyc-bellevue\/wp-content\/uploads\/sites\/127\/2023\/10\/peep.png 364w, https:\/\/site.ac-martinique.fr\/lyc-bellevue\/wp-content\/uploads\/sites\/127\/2023\/10\/peep-300x114.png 300w\" sizes=\"auto, (max-width: 364px) 100vw, 364px\" \/><\/a><\/figure><\/div>\n\n\n\n<div class=\"wp-block-media-text has-media-on-the-right is-stacked-on-mobile\" style=\"grid-template-columns:auto 27%\"><div class=\"wp-block-media-text__content\">\n<p class=\"has-text-color has-medium-font-size\" style=\"color:#025699\"><strong>UPEM (L&rsquo;Union des Parents d\u2019\u00c9l\u00e8ves de&nbsp;Martinique)<\/strong><\/p>\n\n\n\n<p><a href=\"https:\/\/site.ac-martinique.fr\/lyc-bellevue\/wp-content\/uploads\/sites\/127\/2023\/10\/Presentation-UPEEM-V2-BELLEVUE.pdf\">Pr\u00e9sentation de l&rsquo;UPEEM<\/a><\/p>\n<\/div><figure class=\"wp-block-media-text__media\"><a href=\"https:\/\/site.ac-martinique.fr\/lyc-bellevue\/wp-content\/uploads\/sites\/127\/2023\/10\/profession-de-foi-2023-FCPE-972-Lycee-Bellevue-1.pdf\"><img loading=\"lazy\" decoding=\"async\" width=\"629\" height=\"888\" src=\"https:\/\/site.ac-martinique.fr\/lyc-bellevue\/wp-content\/uploads\/sites\/127\/2023\/10\/upeem.png\" alt=\"\" class=\"wp-image-1173 size-full\" srcset=\"https:\/\/site.ac-martinique.fr\/lyc-bellevue\/wp-content\/uploads\/sites\/127\/2023\/10\/upeem.png 629w, https:\/\/site.ac-martinique.fr\/lyc-bellevue\/wp-content\/uploads\/sites\/127\/2023\/10\/upeem-213x300.png 213w\" sizes=\"auto, (max-width: 629px) 100vw, 629px\" \/><\/a><\/figure><\/div>\n\n\n\n<h2 class=\"wp-block-heading\">Conseils de classe: information et accompagnement des parents<\/h2>\n\n\n\n<h3 class=\"wp-block-heading has-text-color has-link-color wp-elements-7379e2ab3bc68a437ff6cd09a32c163c\" style=\"color:#025699\"><strong>Les Conseils de Classe approchent : Soyez inform\u00e9s et accompagn\u00e9s !<\/strong><\/h3>\n\n\n\n<p>Pourquoi est-ce un moment important pour vous ?<br>\u00a0* Comprendre <strong>les progr\u00e8s<\/strong> de votre enfant : Quels sont <strong>ses points forts<\/strong> ? Quelles sont les mati\u00e8res o\u00f9 il a <strong>besoin d&rsquo;un peu plus d&rsquo;aide<\/strong> ?<br>\u00a0* <strong>\u00c9changer<\/strong> avec l&rsquo;\u00e9cole : Poser vos <strong>questions<\/strong>, partager vos <strong>inqui\u00e9tudes<\/strong> avec <strong>votre parent d\u00e9l\u00e9gu\u00e9<\/strong> et trouver des <strong>solutions<\/strong> ensemble.<br>\u00a0* Pr\u00e9parer l&rsquo;<strong>avenir<\/strong> : Discuter des <strong>choix d&rsquo;orientation<\/strong> et des <strong>projets pour l&rsquo;ann\u00e9e \u00e0 venir<\/strong> de votre enfant.<\/p>\n\n\n\n<h3 class=\"wp-block-heading has-text-color has-link-color wp-elements-67de4375b7d3e7ee99122aebe203568a\" style=\"color:#025699\"><strong>Le r\u00f4le de votre parent d\u00e9l\u00e9gu\u00e9 UPEEM : votre repr\u00e9sentant au Conseil de Classe. (CC).<\/strong><\/h3>\n\n\n\n<p class=\"has-text-color has-link-color wp-elements-bae3c435852ebf2ee4e0345353d1429f\" style=\"color:#000000\">\u00a0Son r\u00f4le est essentiel :<br>\u00a0* <strong><em>Il vous informe<\/em><\/strong> : Il vous tient au courant des d\u00e9cisions prises lors du conseil et vous explique les \u00e9valuations de votre enfant.<br>\u00a0* <strong><em>Il vous \u00e9coute<\/em><\/strong> : Il est l\u00e0 pour recueillir vos questions et vos remarques.<br>\u00a0* <strong><em>Il fait le lien et s&rsquo;implique<\/em><\/strong> : Il participe activement aux discussions et d\u00e9fend les int\u00e9r\u00eats de votre enfant.<\/p>\n\n\n\n<p class=\"has-text-color has-link-color wp-elements-b08022336c8a0221e43837c0255e3712\" style=\"color:#025699\"><br><strong>Comment vous pouvez participer ?<\/strong><\/p>\n\n\n\n<p class=\"has-foreground-color has-text-color has-link-color wp-elements-8c4a198933e5e85d4df49a3265c89e79\"><br>Communiquez avec votre parent d\u00e9l\u00e9gu\u00e9 <strong>via ce questionnaire \u00e0 remplir<\/strong>.<\/p>\n\n\n\n<p>En \u00e9tant un parent impliqu\u00e9, vous contribuez \u00e0 la r\u00e9ussite de votre enfant.<\/p>\n\n\n\n<p class=\"has-medium-font-size\"><strong>Lien pour le formulaire :\u00a0<a href=\"https:\/\/forms.gle\/AMLoVfjaKK1nwbn5A\" target=\"_blank\" rel=\"noreferrer noopener\">https:\/\/forms.gle\/AMLoVfjaKK1nwbn5A<\/a><\/strong> <\/p>\n\n\n\n<div class=\"wp-block-cover is-light\"><span aria-hidden=\"true\" class=\"wp-block-cover__background has-background-dim-80 has-background-dim\" style=\"background-color:#efebe2\"><\/span><img loading=\"lazy\" decoding=\"async\" width=\"1020\" height=\"533\" sizes=\"auto, (max-width: 799px) 200vw, (max-width: 1020px) 100vw, 1020px\" class=\"wp-block-cover__image-background wp-image-2371\" alt=\"\" src=\"https:\/\/site.ac-martinique.fr\/lyc-bellevue\/wp-content\/uploads\/sites\/127\/2024\/12\/Excellence-operationnelle.jpg\" data-object-fit=\"cover\" srcset=\"https:\/\/site.ac-martinique.fr\/lyc-bellevue\/wp-content\/uploads\/sites\/127\/2024\/12\/Excellence-operationnelle.jpg 1020w, https:\/\/site.ac-martinique.fr\/lyc-bellevue\/wp-content\/uploads\/sites\/127\/2024\/12\/Excellence-operationnelle-300x157.jpg 300w\" \/><div class=\"wp-block-cover__inner-container has-global-padding is-layout-constrained wp-block-cover-is-layout-constrained\">\n<p class=\"has-text-align-center has-large-font-size\"><strong>Ensemble, construisons l&rsquo;avenir de votre enfant !<\/strong><\/p>\n\n\n\n<p class=\"has-text-align-center\"><em><strong>Divini ich nou s\u00e9 divini peyi&rsquo;a<\/strong><\/em><\/p>\n\n\n\n<p class=\"has-text-align-center\">L&rsquo;\u00e9quipe UPEEM<\/p>\n<\/div><\/div>\n\n\n\n<h2 class=\"wp-block-heading\">Webinaire: Accompagner l&rsquo;apr\u00e8s-bac avec les ressources de l&rsquo;ONISEP<\/h2>\n\n\n\n<p>La FCPE Martinique organise un webinaire, ouvert \u00e0 tous les parents,\u00a0sur la th\u00e9matique\u00a0<strong>\u00ab\u00a0Accompagner l\u2019apr\u00e8s-bac avec les ressources de l\u2019ONISEP\u00a0\u00bb<\/strong>\u00a0le:<\/p>\n\n\n\n<p class=\"has-text-color has-link-color wp-elements-4af11b2e1583e9819c38d3d39df5c8a4\" style=\"color:#f20303\"><strong>Jeudi 12 d\u00e9cembre 2024<\/strong>\u00a0<strong>\u00e0 18h30<\/strong><\/p>\n\n\n\n<p>Inscription\u00a0<strong>obligatoire\u00a0<\/strong>:\u00a0<a href=\"https:\/\/urlr.me\/HGEaJ8\" target=\"_blank\" rel=\"noreferrer noopener\">https:\/\/urlr.me\/HGEaJ8<\/a><\/p>\n\n\n\n<p>En cas de difficult\u00e9 lors de l&rsquo;inscription depuis un t\u00e9l\u00e9phone portable, recharger la page ou privil\u00e9gier l&rsquo;inscription via un ordinateur.<br>\ud83c\udfaf\u00a0En 2024-25 j&rsquo;adh\u00e8re \u00e0 la FCPE Martinique :\u00a0<a href=\"https:\/\/www.fcpe-adhesion.fr\/972\/adhesion\" target=\"_blank\" rel=\"noreferrer noopener\">https:\/\/www.fcpe-adhesion.fr\/972\/adhesion<\/a><\/p>\n\n\n\n<figure class=\"wp-block-image aligncenter size-full\"><a href=\"https:\/\/events.teams.microsoft.com\/event\/1dd3259c-e907-4e6b-8c83-4875fc472390@dafb300e-7edc-49c2-a481-4906bf0ca00c\" target=\"_blank\" rel=\" noreferrer noopener\"><img loading=\"lazy\" decoding=\"async\" width=\"618\" height=\"771\" src=\"https:\/\/site.ac-martinique.fr\/lyc-bellevue\/wp-content\/uploads\/sites\/127\/2024\/12\/Webinaire-ONISEP.png\" alt=\"\" class=\"wp-image-2375\" srcset=\"https:\/\/site.ac-martinique.fr\/lyc-bellevue\/wp-content\/uploads\/sites\/127\/2024\/12\/Webinaire-ONISEP.png 618w, https:\/\/site.ac-martinique.fr\/lyc-bellevue\/wp-content\/uploads\/sites\/127\/2024\/12\/Webinaire-ONISEP-240x300.png 240w\" sizes=\"auto, (max-width: 618px) 100vw, 618px\" \/><\/a><\/figure>\n\n\n\n<div class=\"wp-block-file aligncenter\"><a id=\"wp-block-file--media-2a84e9c6-3004-4a43-85c1-07e6ffeedd77\" href=\"https:\/\/site.ac-martinique.fr\/lyc-bellevue\/wp-content\/uploads\/sites\/127\/2024\/12\/Accompagner-lapres-bac-avec-les-ressources-de-lONISEP-121224.pdf\" target=\"_blank\" rel=\"noreferrer noopener\">Accompagner l\u2019apr\u00e8s-bac avec les ressources de l\u2019ONISEP 121224<\/a><a href=\"https:\/\/site.ac-martinique.fr\/lyc-bellevue\/wp-content\/uploads\/sites\/127\/2024\/12\/Accompagner-lapres-bac-avec-les-ressources-de-lONISEP-121224.pdf\" class=\"wp-block-file__button wp-element-button\" download aria-describedby=\"wp-block-file--media-2a84e9c6-3004-4a43-85c1-07e6ffeedd77\">T\u00e9l\u00e9charger<\/a><\/div>\n\n\n\n<p class=\"has-text-align-center has-text-color has-link-color has-medium-font-size wp-elements-84f3327c12adde99ff72bf84db1eb505\" style=\"color:#025699\"><\/p>\n\n\n\n<p class=\"has-text-color has-link-color has-medium-font-size wp-elements-dda92e1bb98a92ba3b8bebbc2d9d016d\" style=\"color:#025699\"><\/p>\n\n\n\n<p><\/p>\n\n\n\n<p><\/p>\n\n\n\n<p><\/p>\n\n\n\n<p><\/p>\n\n\n\n<p><\/p>\n\n\n\n<p><\/p>\n\n\n\n<p><\/p>\n","protected":false},"excerpt":{"rendered":"<p>Les associations de parents d\u2019\u00e9l\u00e8ves ont pour mission la d\u00e9fense des int\u00e9r\u00eats moraux et mat\u00e9riels communs \u00e0 tous les parents d\u2019\u00e9l\u00e8ves. Cette ann\u00e9e, les \u00e9lections des repr\u00e9sentants des Parents d&rsquo;\u00e9l\u00e8ves se tiendront le vendredi 13 octobre 2023. Ci-dessous, la liste des f\u00e9d\u00e9rations pr\u00e9sentes au Lyc\u00e9e par ordre alphab\u00e9tique. FCPE (&nbsp;F\u00e9d\u00e9ration des Conseils de Parents d\u2019\u00c9l\u00e8ves) &hellip; <\/p>\n<p class=\"link-more\"><a href=\"https:\/\/site.ac-martinique.fr\/lyc-bellevue\/?page_id=1017\" class=\"more-link\">Lire la suite de<span class=\"screen-reader-text\">\u00ab\u00a0F\u00e9d\u00e9ration de Parents d&rsquo;\u00e9l\u00e8ves\u00a0\u00bb<\/span><\/a><\/p>\n","protected":false},"author":416,"featured_media":1391,"parent":565,"menu_order":0,"comment_status":"closed","ping_status":"closed","template":"","meta":{"_uag_custom_page_level_css":"","inspiro_hide_title":false,"footnotes":""},"class_list":["post-1017","page","type-page","status-publish","has-post-thumbnail","hentry"],"yoast_head":"<!-- This site is optimized with the Yoast SEO plugin v27.5 - https:\/\/yoast.com\/product\/yoast-seo-wordpress\/ -->\n<title>F\u00e9d\u00e9ration de Parents d&#039;\u00e9l\u00e8ves - Bienvenue au lyc\u00e9e de Bellevue<\/title>\n<meta name=\"robots\" content=\"index, follow, max-snippet:-1, max-image-preview:large, max-video-preview:-1\" \/>\n<link rel=\"canonical\" href=\"https:\/\/site.ac-martinique.fr\/lyc-bellevue\/?page_id=1017\" \/>\n<meta property=\"og:locale\" content=\"fr_FR\" \/>\n<meta property=\"og:type\" content=\"article\" \/>\n<meta property=\"og:title\" content=\"F\u00e9d\u00e9ration de Parents d&#039;\u00e9l\u00e8ves - Bienvenue au lyc\u00e9e de Bellevue\" \/>\n<meta property=\"og:description\" content=\"Les associations de parents d\u2019\u00e9l\u00e8ves ont pour mission la d\u00e9fense des int\u00e9r\u00eats moraux et mat\u00e9riels communs \u00e0 tous les parents d\u2019\u00e9l\u00e8ves. Cette ann\u00e9e, les \u00e9lections des repr\u00e9sentants des Parents d&rsquo;\u00e9l\u00e8ves se tiendront le vendredi 13 octobre 2023. Ci-dessous, la liste des f\u00e9d\u00e9rations pr\u00e9sentes au Lyc\u00e9e par ordre alphab\u00e9tique. FCPE (&nbsp;F\u00e9d\u00e9ration des Conseils de Parents d\u2019\u00c9l\u00e8ves) &hellip; Lire la suite de\u00ab\u00a0F\u00e9d\u00e9ration de Parents d&rsquo;\u00e9l\u00e8ves\u00a0\u00bb\" \/>\n<meta property=\"og:url\" content=\"https:\/\/site.ac-martinique.fr\/lyc-bellevue\/?page_id=1017\" \/>\n<meta property=\"og:site_name\" content=\"Bienvenue au lyc\u00e9e de Bellevue\" \/>\n<meta property=\"article:modified_time\" content=\"2024-12-07T00:28:49+00:00\" \/>\n<meta property=\"og:image\" content=\"https:\/\/site.ac-martinique.fr\/lyc-bellevue\/wp-content\/uploads\/sites\/127\/2023\/11\/problem-2731501_1280.jpg\" \/>\n\t<meta property=\"og:image:width\" content=\"1280\" \/>\n\t<meta property=\"og:image:height\" content=\"672\" \/>\n\t<meta property=\"og:image:type\" content=\"image\/jpeg\" \/>\n<meta name=\"twitter:card\" content=\"summary_large_image\" \/>\n<meta name=\"twitter:label1\" content=\"Dur\u00e9e de lecture estim\u00e9e\" \/>\n\t<meta name=\"twitter:data1\" content=\"2 minutes\" \/>\n<script type=\"application\/ld+json\" class=\"yoast-schema-graph\">{\"@context\":\"https:\\\/\\\/schema.org\",\"@graph\":[{\"@type\":\"WebPage\",\"@id\":\"https:\\\/\\\/site.ac-martinique.fr\\\/lyc-bellevue\\\/?page_id=1017\",\"url\":\"https:\\\/\\\/site.ac-martinique.fr\\\/lyc-bellevue\\\/?page_id=1017\",\"name\":\"F\u00e9d\u00e9ration de Parents d'\u00e9l\u00e8ves - Bienvenue au lyc\u00e9e de Bellevue\",\"isPartOf\":{\"@id\":\"https:\\\/\\\/site.ac-martinique.fr\\\/lyc-bellevue\\\/#website\"},\"primaryImageOfPage\":{\"@id\":\"https:\\\/\\\/site.ac-martinique.fr\\\/lyc-bellevue\\\/?page_id=1017#primaryimage\"},\"image\":{\"@id\":\"https:\\\/\\\/site.ac-martinique.fr\\\/lyc-bellevue\\\/?page_id=1017#primaryimage\"},\"thumbnailUrl\":\"https:\\\/\\\/site.ac-martinique.fr\\\/lyc-bellevue\\\/wp-content\\\/uploads\\\/sites\\\/127\\\/2023\\\/11\\\/problem-2731501_1280.jpg\",\"datePublished\":\"2023-09-22T14:03:30+00:00\",\"dateModified\":\"2024-12-07T00:28:49+00:00\",\"breadcrumb\":{\"@id\":\"https:\\\/\\\/site.ac-martinique.fr\\\/lyc-bellevue\\\/?page_id=1017#breadcrumb\"},\"inLanguage\":\"fr-FR\",\"potentialAction\":[{\"@type\":\"ReadAction\",\"target\":[\"https:\\\/\\\/site.ac-martinique.fr\\\/lyc-bellevue\\\/?page_id=1017\"]}]},{\"@type\":\"ImageObject\",\"inLanguage\":\"fr-FR\",\"@id\":\"https:\\\/\\\/site.ac-martinique.fr\\\/lyc-bellevue\\\/?page_id=1017#primaryimage\",\"url\":\"https:\\\/\\\/site.ac-martinique.fr\\\/lyc-bellevue\\\/wp-content\\\/uploads\\\/sites\\\/127\\\/2023\\\/11\\\/problem-2731501_1280.jpg\",\"contentUrl\":\"https:\\\/\\\/site.ac-martinique.fr\\\/lyc-bellevue\\\/wp-content\\\/uploads\\\/sites\\\/127\\\/2023\\\/11\\\/problem-2731501_1280.jpg\",\"width\":1280,\"height\":672},{\"@type\":\"BreadcrumbList\",\"@id\":\"https:\\\/\\\/site.ac-martinique.fr\\\/lyc-bellevue\\\/?page_id=1017#breadcrumb\",\"itemListElement\":[{\"@type\":\"ListItem\",\"position\":1,\"name\":\"Accueil\",\"item\":\"https:\\\/\\\/site.ac-martinique.fr\\\/lyc-bellevue\\\/\"},{\"@type\":\"ListItem\",\"position\":2,\"name\":\"Le Lyc\u00e9e\",\"item\":\"https:\\\/\\\/site.ac-martinique.fr\\\/lyc-bellevue\\\/?page_id=565\"},{\"@type\":\"ListItem\",\"position\":3,\"name\":\"F\u00e9d\u00e9ration de Parents d&rsquo;\u00e9l\u00e8ves\"}]},{\"@type\":\"WebSite\",\"@id\":\"https:\\\/\\\/site.ac-martinique.fr\\\/lyc-bellevue\\\/#website\",\"url\":\"https:\\\/\\\/site.ac-martinique.fr\\\/lyc-bellevue\\\/\",\"name\":\"Bienvenue au lyc\u00e9e de Bellevue\",\"description\":\"L&#039;Excellence dans la diversit\u00e9\",\"publisher\":{\"@id\":\"https:\\\/\\\/site.ac-martinique.fr\\\/lyc-bellevue\\\/#organization\"},\"potentialAction\":[{\"@type\":\"SearchAction\",\"target\":{\"@type\":\"EntryPoint\",\"urlTemplate\":\"https:\\\/\\\/site.ac-martinique.fr\\\/lyc-bellevue\\\/?s={search_term_string}\"},\"query-input\":{\"@type\":\"PropertyValueSpecification\",\"valueRequired\":true,\"valueName\":\"search_term_string\"}}],\"inLanguage\":\"fr-FR\"},{\"@type\":\"Organization\",\"@id\":\"https:\\\/\\\/site.ac-martinique.fr\\\/lyc-bellevue\\\/#organization\",\"name\":\"Bienvenue au lyc\u00e9e de Bellevue\",\"url\":\"https:\\\/\\\/site.ac-martinique.fr\\\/lyc-bellevue\\\/\",\"logo\":{\"@type\":\"ImageObject\",\"inLanguage\":\"fr-FR\",\"@id\":\"https:\\\/\\\/site.ac-martinique.fr\\\/lyc-bellevue\\\/#\\\/schema\\\/logo\\\/image\\\/\",\"url\":\"https:\\\/\\\/site.ac-martinique.fr\\\/lyc-bellevue\\\/wp-content\\\/uploads\\\/sites\\\/127\\\/2023\\\/05\\\/cropped-logo_bellevue_revu_bellevue_bleu_martinique_juste_les_lettres-removebg-preview-1.png\",\"contentUrl\":\"https:\\\/\\\/site.ac-martinique.fr\\\/lyc-bellevue\\\/wp-content\\\/uploads\\\/sites\\\/127\\\/2023\\\/05\\\/cropped-logo_bellevue_revu_bellevue_bleu_martinique_juste_les_lettres-removebg-preview-1.png\",\"width\":485,\"height\":513,\"caption\":\"Bienvenue au lyc\u00e9e de Bellevue\"},\"image\":{\"@id\":\"https:\\\/\\\/site.ac-martinique.fr\\\/lyc-bellevue\\\/#\\\/schema\\\/logo\\\/image\\\/\"}}]}<\/script>\n<!-- \/ Yoast SEO plugin. -->","yoast_head_json":{"title":"F\u00e9d\u00e9ration de Parents d'\u00e9l\u00e8ves - Bienvenue au lyc\u00e9e de Bellevue","robots":{"index":"index","follow":"follow","max-snippet":"max-snippet:-1","max-image-preview":"max-image-preview:large","max-video-preview":"max-video-preview:-1"},"canonical":"https:\/\/site.ac-martinique.fr\/lyc-bellevue\/?page_id=1017","og_locale":"fr_FR","og_type":"article","og_title":"F\u00e9d\u00e9ration de Parents d'\u00e9l\u00e8ves - Bienvenue au lyc\u00e9e de Bellevue","og_description":"Les associations de parents d\u2019\u00e9l\u00e8ves ont pour mission la d\u00e9fense des int\u00e9r\u00eats moraux et mat\u00e9riels communs \u00e0 tous les parents d\u2019\u00e9l\u00e8ves. Cette ann\u00e9e, les \u00e9lections des repr\u00e9sentants des Parents d&rsquo;\u00e9l\u00e8ves se tiendront le vendredi 13 octobre 2023. Ci-dessous, la liste des f\u00e9d\u00e9rations pr\u00e9sentes au Lyc\u00e9e par ordre alphab\u00e9tique. FCPE (&nbsp;F\u00e9d\u00e9ration des Conseils de Parents d\u2019\u00c9l\u00e8ves) &hellip; Lire la suite de\u00ab\u00a0F\u00e9d\u00e9ration de Parents d&rsquo;\u00e9l\u00e8ves\u00a0\u00bb","og_url":"https:\/\/site.ac-martinique.fr\/lyc-bellevue\/?page_id=1017","og_site_name":"Bienvenue au lyc\u00e9e de Bellevue","article_modified_time":"2024-12-07T00:28:49+00:00","og_image":[{"width":1280,"height":672,"url":"https:\/\/site.ac-martinique.fr\/lyc-bellevue\/wp-content\/uploads\/sites\/127\/2023\/11\/problem-2731501_1280.jpg","type":"image\/jpeg"}],"twitter_card":"summary_large_image","twitter_misc":{"Dur\u00e9e de lecture estim\u00e9e":"2 minutes"},"schema":{"@context":"https:\/\/schema.org","@graph":[{"@type":"WebPage","@id":"https:\/\/site.ac-martinique.fr\/lyc-bellevue\/?page_id=1017","url":"https:\/\/site.ac-martinique.fr\/lyc-bellevue\/?page_id=1017","name":"F\u00e9d\u00e9ration de Parents d'\u00e9l\u00e8ves - Bienvenue au lyc\u00e9e de Bellevue","isPartOf":{"@id":"https:\/\/site.ac-martinique.fr\/lyc-bellevue\/#website"},"primaryImageOfPage":{"@id":"https:\/\/site.ac-martinique.fr\/lyc-bellevue\/?page_id=1017#primaryimage"},"image":{"@id":"https:\/\/site.ac-martinique.fr\/lyc-bellevue\/?page_id=1017#primaryimage"},"thumbnailUrl":"https:\/\/site.ac-martinique.fr\/lyc-bellevue\/wp-content\/uploads\/sites\/127\/2023\/11\/problem-2731501_1280.jpg","datePublished":"2023-09-22T14:03:30+00:00","dateModified":"2024-12-07T00:28:49+00:00","breadcrumb":{"@id":"https:\/\/site.ac-martinique.fr\/lyc-bellevue\/?page_id=1017#breadcrumb"},"inLanguage":"fr-FR","potentialAction":[{"@type":"ReadAction","target":["https:\/\/site.ac-martinique.fr\/lyc-bellevue\/?page_id=1017"]}]},{"@type":"ImageObject","inLanguage":"fr-FR","@id":"https:\/\/site.ac-martinique.fr\/lyc-bellevue\/?page_id=1017#primaryimage","url":"https:\/\/site.ac-martinique.fr\/lyc-bellevue\/wp-content\/uploads\/sites\/127\/2023\/11\/problem-2731501_1280.jpg","contentUrl":"https:\/\/site.ac-martinique.fr\/lyc-bellevue\/wp-content\/uploads\/sites\/127\/2023\/11\/problem-2731501_1280.jpg","width":1280,"height":672},{"@type":"BreadcrumbList","@id":"https:\/\/site.ac-martinique.fr\/lyc-bellevue\/?page_id=1017#breadcrumb","itemListElement":[{"@type":"ListItem","position":1,"name":"Accueil","item":"https:\/\/site.ac-martinique.fr\/lyc-bellevue\/"},{"@type":"ListItem","position":2,"name":"Le Lyc\u00e9e","item":"https:\/\/site.ac-martinique.fr\/lyc-bellevue\/?page_id=565"},{"@type":"ListItem","position":3,"name":"F\u00e9d\u00e9ration de Parents d&rsquo;\u00e9l\u00e8ves"}]},{"@type":"WebSite","@id":"https:\/\/site.ac-martinique.fr\/lyc-bellevue\/#website","url":"https:\/\/site.ac-martinique.fr\/lyc-bellevue\/","name":"Bienvenue au lyc\u00e9e de Bellevue","description":"L&#039;Excellence dans la diversit\u00e9","publisher":{"@id":"https:\/\/site.ac-martinique.fr\/lyc-bellevue\/#organization"},"potentialAction":[{"@type":"SearchAction","target":{"@type":"EntryPoint","urlTemplate":"https:\/\/site.ac-martinique.fr\/lyc-bellevue\/?s={search_term_string}"},"query-input":{"@type":"PropertyValueSpecification","valueRequired":true,"valueName":"search_term_string"}}],"inLanguage":"fr-FR"},{"@type":"Organization","@id":"https:\/\/site.ac-martinique.fr\/lyc-bellevue\/#organization","name":"Bienvenue au lyc\u00e9e de Bellevue","url":"https:\/\/site.ac-martinique.fr\/lyc-bellevue\/","logo":{"@type":"ImageObject","inLanguage":"fr-FR","@id":"https:\/\/site.ac-martinique.fr\/lyc-bellevue\/#\/schema\/logo\/image\/","url":"https:\/\/site.ac-martinique.fr\/lyc-bellevue\/wp-content\/uploads\/sites\/127\/2023\/05\/cropped-logo_bellevue_revu_bellevue_bleu_martinique_juste_les_lettres-removebg-preview-1.png","contentUrl":"https:\/\/site.ac-martinique.fr\/lyc-bellevue\/wp-content\/uploads\/sites\/127\/2023\/05\/cropped-logo_bellevue_revu_bellevue_bleu_martinique_juste_les_lettres-removebg-preview-1.png","width":485,"height":513,"caption":"Bienvenue au lyc\u00e9e de Bellevue"},"image":{"@id":"https:\/\/site.ac-martinique.fr\/lyc-bellevue\/#\/schema\/logo\/image\/"}}]}},"uagb_featured_image_src":{"full":["https:\/\/site.ac-martinique.fr\/lyc-bellevue\/wp-content\/uploads\/sites\/127\/2023\/11\/problem-2731501_1280.jpg",1280,672,false],"thumbnail":["https:\/\/site.ac-martinique.fr\/lyc-bellevue\/wp-content\/uploads\/sites\/127\/2023\/11\/problem-2731501_1280-150x150.jpg",150,150,true],"medium":["https:\/\/site.ac-martinique.fr\/lyc-bellevue\/wp-content\/uploads\/sites\/127\/2023\/11\/problem-2731501_1280-300x158.jpg",300,158,true],"medium_large":["https:\/\/site.ac-martinique.fr\/lyc-bellevue\/wp-content\/uploads\/sites\/127\/2023\/11\/problem-2731501_1280-768x403.jpg",768,403,true],"large":["https:\/\/site.ac-martinique.fr\/lyc-bellevue\/wp-content\/uploads\/sites\/127\/2023\/11\/problem-2731501_1280-1024x538.jpg",950,499,true],"1536x1536":["https:\/\/site.ac-martinique.fr\/lyc-bellevue\/wp-content\/uploads\/sites\/127\/2023\/11\/problem-2731501_1280.jpg",1280,672,false],"2048x2048":["https:\/\/site.ac-martinique.fr\/lyc-bellevue\/wp-content\/uploads\/sites\/127\/2023\/11\/problem-2731501_1280.jpg",1280,672,false],"inspiro-featured-image":["https:\/\/site.ac-martinique.fr\/lyc-bellevue\/wp-content\/uploads\/sites\/127\/2023\/11\/problem-2731501_1280.jpg",1280,672,false],"inspiro-loop":["https:\/\/site.ac-martinique.fr\/lyc-bellevue\/wp-content\/uploads\/sites\/127\/2023\/11\/problem-2731501_1280-950x320.jpg",950,320,true],"inspiro-loop@2x":["https:\/\/site.ac-martinique.fr\/lyc-bellevue\/wp-content\/uploads\/sites\/127\/2023\/11\/problem-2731501_1280-1280x640.jpg",1280,640,true]},"uagb_author_info":{"display_name":"Kevin NTONE","author_link":"https:\/\/site.ac-martinique.fr\/lyc-bellevue\/?author=416"},"uagb_comment_info":0,"uagb_excerpt":"Les associations de parents d\u2019\u00e9l\u00e8ves ont pour mission la d\u00e9fense des int\u00e9r\u00eats moraux et mat\u00e9riels communs \u00e0 tous les parents d\u2019\u00e9l\u00e8ves. Cette ann\u00e9e, les \u00e9lections des repr\u00e9sentants des Parents d&rsquo;\u00e9l\u00e8ves se tiendront le vendredi 13 octobre 2023. Ci-dessous, la liste des f\u00e9d\u00e9rations pr\u00e9sentes au Lyc\u00e9e par ordre alphab\u00e9tique. FCPE (&nbsp;F\u00e9d\u00e9ration des Conseils de Parents d\u2019\u00c9l\u00e8ves)\u2026","_links":{"self":[{"href":"https:\/\/site.ac-martinique.fr\/lyc-bellevue\/index.php?rest_route=\/wp\/v2\/pages\/1017","targetHints":{"allow":["GET"]}}],"collection":[{"href":"https:\/\/site.ac-martinique.fr\/lyc-bellevue\/index.php?rest_route=\/wp\/v2\/pages"}],"about":[{"href":"https:\/\/site.ac-martinique.fr\/lyc-bellevue\/index.php?rest_route=\/wp\/v2\/types\/page"}],"author":[{"embeddable":true,"href":"https:\/\/site.ac-martinique.fr\/lyc-bellevue\/index.php?rest_route=\/wp\/v2\/users\/416"}],"replies":[{"embeddable":true,"href":"https:\/\/site.ac-martinique.fr\/lyc-bellevue\/index.php?rest_route=%2Fwp%2Fv2%2Fcomments&post=1017"}],"version-history":[{"count":10,"href":"https:\/\/site.ac-martinique.fr\/lyc-bellevue\/index.php?rest_route=\/wp\/v2\/pages\/1017\/revisions"}],"predecessor-version":[{"id":2376,"href":"https:\/\/site.ac-martinique.fr\/lyc-bellevue\/index.php?rest_route=\/wp\/v2\/pages\/1017\/revisions\/2376"}],"up":[{"embeddable":true,"href":"https:\/\/site.ac-martinique.fr\/lyc-bellevue\/index.php?rest_route=\/wp\/v2\/pages\/565"}],"wp:featuredmedia":[{"embeddable":true,"href":"https:\/\/site.ac-martinique.fr\/lyc-bellevue\/index.php?rest_route=\/wp\/v2\/media\/1391"}],"wp:attachment":[{"href":"https:\/\/site.ac-martinique.fr\/lyc-bellevue\/index.php?rest_route=%2Fwp%2Fv2%2Fmedia&parent=1017"}],"curies":[{"name":"wp","href":"https:\/\/api.w.org\/{rel}","templated":true}]}}