{"id":1083,"date":"2023-10-09T15:13:01","date_gmt":"2023-10-09T19:13:01","guid":{"rendered":"https:\/\/site.ac-martinique.fr\/lyc-bellevue\/?page_id=1083"},"modified":"2025-01-13T21:45:53","modified_gmt":"2025-01-14T01:45:53","slug":"erasmus-3","status":"publish","type":"page","link":"https:\/\/site.ac-martinique.fr\/lyc-bellevue\/?page_id=1083","title":{"rendered":"Erasmus +"},"content":{"rendered":"\n<div class=\"wp-block-media-text is-stacked-on-mobile is-style-tw-hard-shadow\"><figure class=\"wp-block-media-text__media\"><a href=\"https:\/\/site.ac-martinique.fr\/lyc-bellevue\/wp-content\/uploads\/sites\/127\/2023\/10\/Erasmuscharte2021_2027.pdf\" target=\"_blank\" rel=\"noreferrer noopener\"><img loading=\"lazy\" decoding=\"async\" width=\"1024\" height=\"693\" src=\"https:\/\/site.ac-martinique.fr\/lyc-bellevue\/wp-content\/uploads\/sites\/127\/2023\/10\/charte-1024x693.png\" alt=\"\" class=\"wp-image-1157 size-full\" srcset=\"https:\/\/site.ac-martinique.fr\/lyc-bellevue\/wp-content\/uploads\/sites\/127\/2023\/10\/charte-1024x693.png 1024w, https:\/\/site.ac-martinique.fr\/lyc-bellevue\/wp-content\/uploads\/sites\/127\/2023\/10\/charte-300x203.png 300w, https:\/\/site.ac-martinique.fr\/lyc-bellevue\/wp-content\/uploads\/sites\/127\/2023\/10\/charte-768x520.png 768w, https:\/\/site.ac-martinique.fr\/lyc-bellevue\/wp-content\/uploads\/sites\/127\/2023\/10\/charte.png 1194w\" sizes=\"auto, (max-width: 1024px) 100vw, 1024px\" \/><\/a><\/figure><div class=\"wp-block-media-text__content\">\n<h2 class=\"wp-block-heading has-text-color has-medium-font-size\" style=\"color:#003c85cf;font-style:normal;font-weight:100\"><strong>CHARTE ERASMUS 2021 \u2013 2027<\/strong><\/h2>\n\n\n\n<p>A compter du 1er janvier 2014, le programme Education et Formation Tout au Long de la Vie et le programme Jeunesse en Action c\u00e8dent la place \u00e0 une nouvelle g\u00e9n\u00e9ration d\u2019actions de mobilit\u00e9 et de coop\u00e9ration pour une dur\u00e9e de 7 ans&nbsp;: c\u2019est le programme <strong>Erasmus+.<\/strong><br><br>Dans le cadre de ce programme, notre \u00e9tablissement a obtenu la charte 2014- 2020 puis la nouvelle Charte Erasmus pour la p\u00e9riode 2021\/2027.<\/p>\n\n\n\n<p><a href=\"https:\/\/site.ac-martinique.fr\/lyc-bellevue\/wp-content\/uploads\/sites\/127\/2023\/10\/Erasmuscharte2021_2027.pdf\" target=\"_blank\" rel=\"noreferrer noopener\">Lire la suite<\/a><\/p>\n<\/div><\/div>\n\n\n\n<div style=\"height:100px\" aria-hidden=\"true\" class=\"wp-block-spacer\"><\/div>\n\n\n\n<div class=\"wp-block-media-text has-media-on-the-right is-stacked-on-mobile\"><div class=\"wp-block-media-text__content\">\n<h2 class=\"wp-block-heading has-text-color has-medium-font-size\" style=\"color:#003c85cf\"><strong>ACCREDITATION ERASMUS<\/strong><\/h2>\n\n\n\n<p>Le Lyc\u00e9e de Bellevue a obtenu l&rsquo;Accr\u00e9ditation Erasmus, pr\u00e9alable indispensable pour acc\u00e9der aux possibilit\u00e9s de financement simplifi\u00e9es des activit\u00e9s de mobilit\u00e9 Erasmus+ des apprenants et personnels.<\/p>\n\n\n\n<p>L\u2019accr\u00e9ditation Erasmus, une fois obtenue, est valable jusqu&rsquo;en 2027. Elle ouvre la possibilit\u00e9 de candidater annuellement pour l\u2019obtention de financements Erasmus+ pour la mobilit\u00e9.\u00a0\u00a0<\/p>\n<\/div><figure class=\"wp-block-media-text__media\"><a href=\"https:\/\/site.ac-martinique.fr\/lyc-bellevue\/?attachment_id=2394\" target=\"_blank\" rel=\" noreferrer noopener\"><img loading=\"lazy\" decoding=\"async\" width=\"1024\" height=\"722\" src=\"https:\/\/site.ac-martinique.fr\/lyc-bellevue\/wp-content\/uploads\/sites\/127\/2025\/01\/Accreditation-scolaire-2021.2027-1024x722.png\" alt=\"\" class=\"wp-image-2394 size-full\" srcset=\"https:\/\/site.ac-martinique.fr\/lyc-bellevue\/wp-content\/uploads\/sites\/127\/2025\/01\/Accreditation-scolaire-2021.2027-1024x722.png 1024w, https:\/\/site.ac-martinique.fr\/lyc-bellevue\/wp-content\/uploads\/sites\/127\/2025\/01\/Accreditation-scolaire-2021.2027-300x212.png 300w, https:\/\/site.ac-martinique.fr\/lyc-bellevue\/wp-content\/uploads\/sites\/127\/2025\/01\/Accreditation-scolaire-2021.2027.png 1225w\" sizes=\"auto, (max-width: 1024px) 100vw, 1024px\" \/><\/a><\/figure><\/div>\n\n\n\n<div style=\"height:100px\" aria-hidden=\"true\" class=\"wp-block-spacer\"><\/div>\n\n\n\n<div class=\"wp-block-media-text is-stacked-on-mobile\"><figure class=\"wp-block-media-text__media\"><a href=\"https:\/\/site.ac-martinique.fr\/lyc-bellevue\/wp-content\/uploads\/sites\/127\/2025\/01\/Plan_Erasmus_Plus_Lycee_Bellevue-1.pdf\" target=\"_blank\" rel=\" noreferrer noopener\"><img loading=\"lazy\" decoding=\"async\" width=\"1024\" height=\"572\" src=\"https:\/\/site.ac-martinique.fr\/lyc-bellevue\/wp-content\/uploads\/sites\/127\/2025\/01\/Plan-Erasmus-Lycee-1024x572.png\" alt=\"\" class=\"wp-image-2395 size-full\" srcset=\"https:\/\/site.ac-martinique.fr\/lyc-bellevue\/wp-content\/uploads\/sites\/127\/2025\/01\/Plan-Erasmus-Lycee-1024x572.png 1024w, https:\/\/site.ac-martinique.fr\/lyc-bellevue\/wp-content\/uploads\/sites\/127\/2025\/01\/Plan-Erasmus-Lycee-300x168.png 300w, https:\/\/site.ac-martinique.fr\/lyc-bellevue\/wp-content\/uploads\/sites\/127\/2025\/01\/Plan-Erasmus-Lycee.png 1567w\" sizes=\"auto, (max-width: 1024px) 100vw, 1024px\" \/><\/a><\/figure><div class=\"wp-block-media-text__content\">\n<h2 class=\"wp-block-heading has-text-color has-medium-font-size\" style=\"color:#003c85cf\"><strong>PLAN ERASMUS<\/strong> + ENSEIGNEMENT SCOLAIRE<\/h2>\n\n\n\n<p>Les organismes accr\u00e9dit\u00e9s adh\u00e8rent aux\u00a0<strong>standards de qualit\u00e9 Erasmus<\/strong>\u00a0qui visent \u00e0 garantir une pr\u00e9paration et un d\u00e9roulement de qualit\u00e9 des mobilit\u00e9s ainsi que la reconnaissance des acquis d&rsquo;apprentissage pour les participants.<\/p>\n\n\n\n<p>L&rsquo;accr\u00e9ditation s\u2019appuie sur le\u00a0<strong>Plan Erasmus<\/strong>\u00a0qui d\u00e9crit la strat\u00e9gie de mise en \u0153uvre dans la dur\u00e9e de mobilit\u00e9s de qualit\u00e9. Le Plan Erasmus s\u2019inscrit dans le projet de d\u00e9veloppement de l\u2019organisme.<\/p>\n<\/div><\/div>\n\n\n\n<div style=\"height:100px\" aria-hidden=\"true\" class=\"wp-block-spacer\"><\/div>\n\n\n\n<div class=\"wp-block-media-text has-media-on-the-right is-stacked-on-mobile is-style-tw-hard-shadow\"><div class=\"wp-block-media-text__content\">\n<h2 class=\"wp-block-heading has-text-color has-medium-font-size\" style=\"color:#003c85cf;font-style:normal;font-weight:100\"><strong>DECLARATION DE STRATEGIE ERASMUS+<\/strong><\/h2>\n\n\n\n<p>L&rsquo;un des axes du projet d&rsquo;\u00e9tablissement du lyc\u00e9e de Bellevue est \u00ab\u00a0Mobilit\u00e9 et Ouverture \u00e0 l\u2019international\u00a0\u00bb. Nous voulons nous appuyer sur les atouts d&rsquo;un environnement tropical, v\u00e9ritable bassin de recherches th\u00e9oriques d&rsquo;int\u00e9r\u00eat international et foyer de mise en \u0153uvre de bonnes pratiques professionnelles. Il convient aussi d&rsquo;att\u00e9nuer les handicaps de l&rsquo;insularit\u00e9, de l&rsquo;\u00e9loignement, de l&rsquo;\u00e9troitesse du march\u00e9 local et de l&rsquo;absence d&#8217;emplois \u00e0 haut niveau technologique.<\/p>\n\n\n\n<p><a href=\"https:\/\/site.ac-martinique.fr\/lyc-bellevue\/wp-content\/uploads\/sites\/127\/2023\/10\/STRATEGIE-ERASMUS-.pdf\" target=\"_blank\" rel=\"noreferrer noopener\">Lire la suite<\/a><\/p>\n<\/div><figure class=\"wp-block-media-text__media\"><img loading=\"lazy\" decoding=\"async\" width=\"1024\" height=\"684\" src=\"https:\/\/site.ac-martinique.fr\/lyc-bellevue\/wp-content\/uploads\/sites\/127\/2023\/10\/0008_bellevue_par_Cobee-07_WEB.jpg\" alt=\"\" class=\"wp-image-1128 size-full\" srcset=\"https:\/\/site.ac-martinique.fr\/lyc-bellevue\/wp-content\/uploads\/sites\/127\/2023\/10\/0008_bellevue_par_Cobee-07_WEB.jpg 1024w, https:\/\/site.ac-martinique.fr\/lyc-bellevue\/wp-content\/uploads\/sites\/127\/2023\/10\/0008_bellevue_par_Cobee-07_WEB-300x200.jpg 300w, https:\/\/site.ac-martinique.fr\/lyc-bellevue\/wp-content\/uploads\/sites\/127\/2023\/10\/0008_bellevue_par_Cobee-07_WEB-768x513.jpg 768w\" sizes=\"auto, (max-width: 1024px) 100vw, 1024px\" \/><\/figure><\/div>\n\n\n\n<div style=\"height:100px\" aria-hidden=\"true\" class=\"wp-block-spacer\"><\/div>\n","protected":false},"excerpt":{"rendered":"<p>CHARTE ERASMUS 2021 \u2013 2027 A compter du 1er janvier 2014, le programme Education et Formation Tout au Long de la Vie et le programme Jeunesse en Action c\u00e8dent la place \u00e0 une nouvelle g\u00e9n\u00e9ration d\u2019actions de mobilit\u00e9 et de coop\u00e9ration pour une dur\u00e9e de 7 ans&nbsp;: c\u2019est le programme Erasmus+. Dans le cadre de &hellip; <\/p>\n<p class=\"link-more\"><a href=\"https:\/\/site.ac-martinique.fr\/lyc-bellevue\/?page_id=1083\" class=\"more-link\">Lire la suite de<span class=\"screen-reader-text\">\u00ab\u00a0Erasmus +\u00a0\u00bb<\/span><\/a><\/p>\n","protected":false},"author":417,"featured_media":1089,"parent":27,"menu_order":0,"comment_status":"closed","ping_status":"closed","template":"","meta":{"_uag_custom_page_level_css":"","inspiro_hide_title":false,"footnotes":""},"class_list":["post-1083","page","type-page","status-publish","has-post-thumbnail","hentry"],"yoast_head":"<!-- This site is optimized with the Yoast SEO plugin v27.5 - https:\/\/yoast.com\/product\/yoast-seo-wordpress\/ -->\n<title>Erasmus + - Bienvenue au lyc\u00e9e de Bellevue<\/title>\n<meta name=\"robots\" content=\"index, follow, max-snippet:-1, max-image-preview:large, max-video-preview:-1\" \/>\n<link rel=\"canonical\" href=\"https:\/\/site.ac-martinique.fr\/lyc-bellevue\/?page_id=1083\" \/>\n<meta property=\"og:locale\" content=\"fr_FR\" \/>\n<meta property=\"og:type\" content=\"article\" \/>\n<meta property=\"og:title\" content=\"Erasmus + - Bienvenue au lyc\u00e9e de Bellevue\" \/>\n<meta property=\"og:description\" content=\"CHARTE ERASMUS 2021 \u2013 2027 A compter du 1er janvier 2014, le programme Education et Formation Tout au Long de la Vie et le programme Jeunesse en Action c\u00e8dent la place \u00e0 une nouvelle g\u00e9n\u00e9ration d\u2019actions de mobilit\u00e9 et de coop\u00e9ration pour une dur\u00e9e de 7 ans&nbsp;: c\u2019est le programme Erasmus+. Dans le cadre de &hellip; Lire la suite de\u00ab\u00a0Erasmus +\u00a0\u00bb\" \/>\n<meta property=\"og:url\" content=\"https:\/\/site.ac-martinique.fr\/lyc-bellevue\/?page_id=1083\" \/>\n<meta property=\"og:site_name\" content=\"Bienvenue au lyc\u00e9e de Bellevue\" \/>\n<meta property=\"article:modified_time\" content=\"2025-01-14T01:45:53+00:00\" \/>\n<meta property=\"og:image\" content=\"https:\/\/site.ac-martinique.fr\/lyc-bellevue\/wp-content\/uploads\/sites\/127\/2023\/10\/erasmus-plus-logo.jpg\" \/>\n\t<meta property=\"og:image:width\" content=\"1130\" \/>\n\t<meta property=\"og:image:height\" content=\"340\" \/>\n\t<meta property=\"og:image:type\" content=\"image\/jpeg\" \/>\n<meta name=\"twitter:card\" content=\"summary_large_image\" \/>\n<meta name=\"twitter:label1\" content=\"Dur\u00e9e de lecture estim\u00e9e\" \/>\n\t<meta name=\"twitter:data1\" content=\"3 minutes\" \/>\n<script type=\"application\/ld+json\" class=\"yoast-schema-graph\">{\"@context\":\"https:\\\/\\\/schema.org\",\"@graph\":[{\"@type\":\"WebPage\",\"@id\":\"https:\\\/\\\/site.ac-martinique.fr\\\/lyc-bellevue\\\/?page_id=1083\",\"url\":\"https:\\\/\\\/site.ac-martinique.fr\\\/lyc-bellevue\\\/?page_id=1083\",\"name\":\"Erasmus + - Bienvenue au lyc\u00e9e de Bellevue\",\"isPartOf\":{\"@id\":\"https:\\\/\\\/site.ac-martinique.fr\\\/lyc-bellevue\\\/#website\"},\"primaryImageOfPage\":{\"@id\":\"https:\\\/\\\/site.ac-martinique.fr\\\/lyc-bellevue\\\/?page_id=1083#primaryimage\"},\"image\":{\"@id\":\"https:\\\/\\\/site.ac-martinique.fr\\\/lyc-bellevue\\\/?page_id=1083#primaryimage\"},\"thumbnailUrl\":\"https:\\\/\\\/site.ac-martinique.fr\\\/lyc-bellevue\\\/wp-content\\\/uploads\\\/sites\\\/127\\\/2023\\\/10\\\/erasmus-plus-logo.jpg\",\"datePublished\":\"2023-10-09T19:13:01+00:00\",\"dateModified\":\"2025-01-14T01:45:53+00:00\",\"breadcrumb\":{\"@id\":\"https:\\\/\\\/site.ac-martinique.fr\\\/lyc-bellevue\\\/?page_id=1083#breadcrumb\"},\"inLanguage\":\"fr-FR\",\"potentialAction\":[{\"@type\":\"ReadAction\",\"target\":[\"https:\\\/\\\/site.ac-martinique.fr\\\/lyc-bellevue\\\/?page_id=1083\"]}]},{\"@type\":\"ImageObject\",\"inLanguage\":\"fr-FR\",\"@id\":\"https:\\\/\\\/site.ac-martinique.fr\\\/lyc-bellevue\\\/?page_id=1083#primaryimage\",\"url\":\"https:\\\/\\\/site.ac-martinique.fr\\\/lyc-bellevue\\\/wp-content\\\/uploads\\\/sites\\\/127\\\/2023\\\/10\\\/erasmus-plus-logo.jpg\",\"contentUrl\":\"https:\\\/\\\/site.ac-martinique.fr\\\/lyc-bellevue\\\/wp-content\\\/uploads\\\/sites\\\/127\\\/2023\\\/10\\\/erasmus-plus-logo.jpg\",\"width\":1130,\"height\":340},{\"@type\":\"BreadcrumbList\",\"@id\":\"https:\\\/\\\/site.ac-martinique.fr\\\/lyc-bellevue\\\/?page_id=1083#breadcrumb\",\"itemListElement\":[{\"@type\":\"ListItem\",\"position\":1,\"name\":\"Accueil\",\"item\":\"https:\\\/\\\/site.ac-martinique.fr\\\/lyc-bellevue\\\/\"},{\"@type\":\"ListItem\",\"position\":2,\"name\":\"International\",\"item\":\"https:\\\/\\\/site.ac-martinique.fr\\\/lyc-bellevue\\\/?page_id=27\"},{\"@type\":\"ListItem\",\"position\":3,\"name\":\"Erasmus +\"}]},{\"@type\":\"WebSite\",\"@id\":\"https:\\\/\\\/site.ac-martinique.fr\\\/lyc-bellevue\\\/#website\",\"url\":\"https:\\\/\\\/site.ac-martinique.fr\\\/lyc-bellevue\\\/\",\"name\":\"Bienvenue au lyc\u00e9e de Bellevue\",\"description\":\"L&#039;Excellence dans la diversit\u00e9\",\"publisher\":{\"@id\":\"https:\\\/\\\/site.ac-martinique.fr\\\/lyc-bellevue\\\/#organization\"},\"potentialAction\":[{\"@type\":\"SearchAction\",\"target\":{\"@type\":\"EntryPoint\",\"urlTemplate\":\"https:\\\/\\\/site.ac-martinique.fr\\\/lyc-bellevue\\\/?s={search_term_string}\"},\"query-input\":{\"@type\":\"PropertyValueSpecification\",\"valueRequired\":true,\"valueName\":\"search_term_string\"}}],\"inLanguage\":\"fr-FR\"},{\"@type\":\"Organization\",\"@id\":\"https:\\\/\\\/site.ac-martinique.fr\\\/lyc-bellevue\\\/#organization\",\"name\":\"Bienvenue au lyc\u00e9e de Bellevue\",\"url\":\"https:\\\/\\\/site.ac-martinique.fr\\\/lyc-bellevue\\\/\",\"logo\":{\"@type\":\"ImageObject\",\"inLanguage\":\"fr-FR\",\"@id\":\"https:\\\/\\\/site.ac-martinique.fr\\\/lyc-bellevue\\\/#\\\/schema\\\/logo\\\/image\\\/\",\"url\":\"https:\\\/\\\/site.ac-martinique.fr\\\/lyc-bellevue\\\/wp-content\\\/uploads\\\/sites\\\/127\\\/2023\\\/05\\\/cropped-logo_bellevue_revu_bellevue_bleu_martinique_juste_les_lettres-removebg-preview-1.png\",\"contentUrl\":\"https:\\\/\\\/site.ac-martinique.fr\\\/lyc-bellevue\\\/wp-content\\\/uploads\\\/sites\\\/127\\\/2023\\\/05\\\/cropped-logo_bellevue_revu_bellevue_bleu_martinique_juste_les_lettres-removebg-preview-1.png\",\"width\":485,\"height\":513,\"caption\":\"Bienvenue au lyc\u00e9e de Bellevue\"},\"image\":{\"@id\":\"https:\\\/\\\/site.ac-martinique.fr\\\/lyc-bellevue\\\/#\\\/schema\\\/logo\\\/image\\\/\"}}]}<\/script>\n<!-- \/ Yoast SEO plugin. -->","yoast_head_json":{"title":"Erasmus + - Bienvenue au lyc\u00e9e de Bellevue","robots":{"index":"index","follow":"follow","max-snippet":"max-snippet:-1","max-image-preview":"max-image-preview:large","max-video-preview":"max-video-preview:-1"},"canonical":"https:\/\/site.ac-martinique.fr\/lyc-bellevue\/?page_id=1083","og_locale":"fr_FR","og_type":"article","og_title":"Erasmus + - Bienvenue au lyc\u00e9e de Bellevue","og_description":"CHARTE ERASMUS 2021 \u2013 2027 A compter du 1er janvier 2014, le programme Education et Formation Tout au Long de la Vie et le programme Jeunesse en Action c\u00e8dent la place \u00e0 une nouvelle g\u00e9n\u00e9ration d\u2019actions de mobilit\u00e9 et de coop\u00e9ration pour une dur\u00e9e de 7 ans&nbsp;: c\u2019est le programme Erasmus+. Dans le cadre de &hellip; Lire la suite de\u00ab\u00a0Erasmus +\u00a0\u00bb","og_url":"https:\/\/site.ac-martinique.fr\/lyc-bellevue\/?page_id=1083","og_site_name":"Bienvenue au lyc\u00e9e de Bellevue","article_modified_time":"2025-01-14T01:45:53+00:00","og_image":[{"width":1130,"height":340,"url":"https:\/\/site.ac-martinique.fr\/lyc-bellevue\/wp-content\/uploads\/sites\/127\/2023\/10\/erasmus-plus-logo.jpg","type":"image\/jpeg"}],"twitter_card":"summary_large_image","twitter_misc":{"Dur\u00e9e de lecture estim\u00e9e":"3 minutes"},"schema":{"@context":"https:\/\/schema.org","@graph":[{"@type":"WebPage","@id":"https:\/\/site.ac-martinique.fr\/lyc-bellevue\/?page_id=1083","url":"https:\/\/site.ac-martinique.fr\/lyc-bellevue\/?page_id=1083","name":"Erasmus + - Bienvenue au lyc\u00e9e de Bellevue","isPartOf":{"@id":"https:\/\/site.ac-martinique.fr\/lyc-bellevue\/#website"},"primaryImageOfPage":{"@id":"https:\/\/site.ac-martinique.fr\/lyc-bellevue\/?page_id=1083#primaryimage"},"image":{"@id":"https:\/\/site.ac-martinique.fr\/lyc-bellevue\/?page_id=1083#primaryimage"},"thumbnailUrl":"https:\/\/site.ac-martinique.fr\/lyc-bellevue\/wp-content\/uploads\/sites\/127\/2023\/10\/erasmus-plus-logo.jpg","datePublished":"2023-10-09T19:13:01+00:00","dateModified":"2025-01-14T01:45:53+00:00","breadcrumb":{"@id":"https:\/\/site.ac-martinique.fr\/lyc-bellevue\/?page_id=1083#breadcrumb"},"inLanguage":"fr-FR","potentialAction":[{"@type":"ReadAction","target":["https:\/\/site.ac-martinique.fr\/lyc-bellevue\/?page_id=1083"]}]},{"@type":"ImageObject","inLanguage":"fr-FR","@id":"https:\/\/site.ac-martinique.fr\/lyc-bellevue\/?page_id=1083#primaryimage","url":"https:\/\/site.ac-martinique.fr\/lyc-bellevue\/wp-content\/uploads\/sites\/127\/2023\/10\/erasmus-plus-logo.jpg","contentUrl":"https:\/\/site.ac-martinique.fr\/lyc-bellevue\/wp-content\/uploads\/sites\/127\/2023\/10\/erasmus-plus-logo.jpg","width":1130,"height":340},{"@type":"BreadcrumbList","@id":"https:\/\/site.ac-martinique.fr\/lyc-bellevue\/?page_id=1083#breadcrumb","itemListElement":[{"@type":"ListItem","position":1,"name":"Accueil","item":"https:\/\/site.ac-martinique.fr\/lyc-bellevue\/"},{"@type":"ListItem","position":2,"name":"International","item":"https:\/\/site.ac-martinique.fr\/lyc-bellevue\/?page_id=27"},{"@type":"ListItem","position":3,"name":"Erasmus +"}]},{"@type":"WebSite","@id":"https:\/\/site.ac-martinique.fr\/lyc-bellevue\/#website","url":"https:\/\/site.ac-martinique.fr\/lyc-bellevue\/","name":"Bienvenue au lyc\u00e9e de Bellevue","description":"L&#039;Excellence dans la diversit\u00e9","publisher":{"@id":"https:\/\/site.ac-martinique.fr\/lyc-bellevue\/#organization"},"potentialAction":[{"@type":"SearchAction","target":{"@type":"EntryPoint","urlTemplate":"https:\/\/site.ac-martinique.fr\/lyc-bellevue\/?s={search_term_string}"},"query-input":{"@type":"PropertyValueSpecification","valueRequired":true,"valueName":"search_term_string"}}],"inLanguage":"fr-FR"},{"@type":"Organization","@id":"https:\/\/site.ac-martinique.fr\/lyc-bellevue\/#organization","name":"Bienvenue au lyc\u00e9e de Bellevue","url":"https:\/\/site.ac-martinique.fr\/lyc-bellevue\/","logo":{"@type":"ImageObject","inLanguage":"fr-FR","@id":"https:\/\/site.ac-martinique.fr\/lyc-bellevue\/#\/schema\/logo\/image\/","url":"https:\/\/site.ac-martinique.fr\/lyc-bellevue\/wp-content\/uploads\/sites\/127\/2023\/05\/cropped-logo_bellevue_revu_bellevue_bleu_martinique_juste_les_lettres-removebg-preview-1.png","contentUrl":"https:\/\/site.ac-martinique.fr\/lyc-bellevue\/wp-content\/uploads\/sites\/127\/2023\/05\/cropped-logo_bellevue_revu_bellevue_bleu_martinique_juste_les_lettres-removebg-preview-1.png","width":485,"height":513,"caption":"Bienvenue au lyc\u00e9e de Bellevue"},"image":{"@id":"https:\/\/site.ac-martinique.fr\/lyc-bellevue\/#\/schema\/logo\/image\/"}}]}},"uagb_featured_image_src":{"full":["https:\/\/site.ac-martinique.fr\/lyc-bellevue\/wp-content\/uploads\/sites\/127\/2023\/10\/erasmus-plus-logo.jpg",1130,340,false],"thumbnail":["https:\/\/site.ac-martinique.fr\/lyc-bellevue\/wp-content\/uploads\/sites\/127\/2023\/10\/erasmus-plus-logo-150x150.jpg",150,150,true],"medium":["https:\/\/site.ac-martinique.fr\/lyc-bellevue\/wp-content\/uploads\/sites\/127\/2023\/10\/erasmus-plus-logo-300x90.jpg",300,90,true],"medium_large":["https:\/\/site.ac-martinique.fr\/lyc-bellevue\/wp-content\/uploads\/sites\/127\/2023\/10\/erasmus-plus-logo-768x231.jpg",768,231,true],"large":["https:\/\/site.ac-martinique.fr\/lyc-bellevue\/wp-content\/uploads\/sites\/127\/2023\/10\/erasmus-plus-logo-1024x308.jpg",950,286,true],"1536x1536":["https:\/\/site.ac-martinique.fr\/lyc-bellevue\/wp-content\/uploads\/sites\/127\/2023\/10\/erasmus-plus-logo.jpg",1130,340,false],"2048x2048":["https:\/\/site.ac-martinique.fr\/lyc-bellevue\/wp-content\/uploads\/sites\/127\/2023\/10\/erasmus-plus-logo.jpg",1130,340,false],"inspiro-featured-image":["https:\/\/site.ac-martinique.fr\/lyc-bellevue\/wp-content\/uploads\/sites\/127\/2023\/10\/erasmus-plus-logo.jpg",1130,340,false],"inspiro-loop":["https:\/\/site.ac-martinique.fr\/lyc-bellevue\/wp-content\/uploads\/sites\/127\/2023\/10\/erasmus-plus-logo-950x320.jpg",950,320,true],"inspiro-loop@2x":["https:\/\/site.ac-martinique.fr\/lyc-bellevue\/wp-content\/uploads\/sites\/127\/2023\/10\/erasmus-plus-logo.jpg",1130,340,false]},"uagb_author_info":{"display_name":"Nathalie OXYBEL","author_link":"https:\/\/site.ac-martinique.fr\/lyc-bellevue\/?author=417"},"uagb_comment_info":0,"uagb_excerpt":"CHARTE ERASMUS 2021 \u2013 2027 A compter du 1er janvier 2014, le programme Education et Formation Tout au Long de la Vie et le programme Jeunesse en Action c\u00e8dent la place \u00e0 une nouvelle g\u00e9n\u00e9ration d\u2019actions de mobilit\u00e9 et de coop\u00e9ration pour une dur\u00e9e de 7 ans&nbsp;: c\u2019est le programme Erasmus+. Dans le cadre de\u2026","_links":{"self":[{"href":"https:\/\/site.ac-martinique.fr\/lyc-bellevue\/index.php?rest_route=\/wp\/v2\/pages\/1083","targetHints":{"allow":["GET"]}}],"collection":[{"href":"https:\/\/site.ac-martinique.fr\/lyc-bellevue\/index.php?rest_route=\/wp\/v2\/pages"}],"about":[{"href":"https:\/\/site.ac-martinique.fr\/lyc-bellevue\/index.php?rest_route=\/wp\/v2\/types\/page"}],"author":[{"embeddable":true,"href":"https:\/\/site.ac-martinique.fr\/lyc-bellevue\/index.php?rest_route=\/wp\/v2\/users\/417"}],"replies":[{"embeddable":true,"href":"https:\/\/site.ac-martinique.fr\/lyc-bellevue\/index.php?rest_route=%2Fwp%2Fv2%2Fcomments&post=1083"}],"version-history":[{"count":35,"href":"https:\/\/site.ac-martinique.fr\/lyc-bellevue\/index.php?rest_route=\/wp\/v2\/pages\/1083\/revisions"}],"predecessor-version":[{"id":2398,"href":"https:\/\/site.ac-martinique.fr\/lyc-bellevue\/index.php?rest_route=\/wp\/v2\/pages\/1083\/revisions\/2398"}],"up":[{"embeddable":true,"href":"https:\/\/site.ac-martinique.fr\/lyc-bellevue\/index.php?rest_route=\/wp\/v2\/pages\/27"}],"wp:featuredmedia":[{"embeddable":true,"href":"https:\/\/site.ac-martinique.fr\/lyc-bellevue\/index.php?rest_route=\/wp\/v2\/media\/1089"}],"wp:attachment":[{"href":"https:\/\/site.ac-martinique.fr\/lyc-bellevue\/index.php?rest_route=%2Fwp%2Fv2%2Fmedia&parent=1083"}],"curies":[{"name":"wp","href":"https:\/\/api.w.org\/{rel}","templated":true}]}}