{"id":1179,"date":"2023-10-09T20:32:24","date_gmt":"2023-10-10T00:32:24","guid":{"rendered":"https:\/\/site.ac-martinique.fr\/lyc-bellevue\/?page_id=1179"},"modified":"2025-06-24T15:08:44","modified_gmt":"2025-06-24T19:08:44","slug":"la-maison-de-louverture-caribeenne-europeenne-et-internationale-mocei","status":"publish","type":"page","link":"https:\/\/site.ac-martinique.fr\/lyc-bellevue\/?page_id=1179","title":{"rendered":"MOCEI"},"content":{"rendered":"\n<p class=\"has-luminous-vivid-amber-background-color has-background\"><strong>La Maison de l&rsquo;Ouverture Carib\u00e9enne, Europ\u00e9enne et Internationale<\/strong> (<strong>MOCEI<\/strong>) est l&rsquo;espace d\u00e9di\u00e9 \u00e0 l&rsquo;information et \u00e0 l&rsquo;accompagnement des \u00e9l\u00e8ves et des personnels souhaitant partir en mobilit\u00e9. C&rsquo;est \u00e9galement l\u00e0 que se tiennent une partie des r\u00e9unions du club Bel&rsquo;Mun (Club de mod\u00e9lisation des d\u00e9bats des Nations Unies) et du Club Erasmus (Club des \u00e9l\u00e8ves int\u00e9ress\u00e9s par les mobilit\u00e9s)<\/p>\n\n\n\n<p>Les \u00e9l\u00e8ves et les personnels int\u00e9ress\u00e9s par une mobilit\u00e9 et souhaitant avoir des informations sur les diff\u00e9rentes options offertes ainsi que sur les modalit\u00e9s d&rsquo;inscription peuvent prendre rendez-vous avec un enseignant r\u00e9f\u00e9rent selon le planning ci-dessous.<\/p>\n\n\n\n<p><\/p>\n\n\n\n<p><strong>Pour prendre rendez-vous, cliquez sur l&rsquo;image ci-dessous :<\/strong><\/p>\n\n\n\n<figure class=\"wp-block-image aligncenter size-full has-custom-border is-style-tw-border\"><a href=\"https:\/\/zcal.co\/i\/u7OWNYS9\"><img loading=\"lazy\" decoding=\"async\" width=\"347\" height=\"145\" src=\"https:\/\/site.ac-martinique.fr\/lyc-bellevue\/wp-content\/uploads\/sites\/127\/2024\/04\/images-2.png\" alt=\"\" class=\"has-border-color has-secondary-border-color wp-image-1725\" srcset=\"https:\/\/site.ac-martinique.fr\/lyc-bellevue\/wp-content\/uploads\/sites\/127\/2024\/04\/images-2.png 347w, https:\/\/site.ac-martinique.fr\/lyc-bellevue\/wp-content\/uploads\/sites\/127\/2024\/04\/images-2-300x125.png 300w\" sizes=\"auto, (max-width: 347px) 100vw, 347px\" \/><\/a><\/figure>\n\n\n\n<div style=\"height:47px\" aria-hidden=\"true\" class=\"wp-block-spacer\"><\/div>\n\n\n\n<h2 class=\"wp-block-heading has-text-color has-link-color has-medium-font-size wp-elements-b69f88b704b12a0be0c4d12275bf0143\" style=\"color:#003c85cf\"><strong>Le journal de l&rsquo;Europe du LGT Bellevue<\/strong><\/h2>\n\n\n\n<p>Le Journal de l\u2019Europe du LGT Bellevue est une initiative qui entre dans le cadre du projet Jean MONNET et qui vise \u00e0 mieux faire conna\u00eetre l\u2019institution \u00e0 la communaut\u00e9 scolaire. C\u2019est un trimestriel dont l\u2019objectif est de sensibiliser la communaut\u00e9 scolaire \u00e0 l\u2019Union Europ\u00e9enne.<\/p>\n\n\n\n<figure class=\"wp-block-image aligncenter size-large is-resized is-style-tw-hard-shadow tw-block-animation tw-animation-scale-in\"><a href=\"https:\/\/site.ac-martinique.fr\/lyc-bellevue\/?page_id=2513\" target=\"_blank\" rel=\" noreferrer noopener\"><img loading=\"lazy\" decoding=\"async\" width=\"791\" height=\"1024\" src=\"https:\/\/site.ac-martinique.fr\/lyc-bellevue\/wp-content\/uploads\/sites\/127\/2025\/06\/1-791x1024.png\" alt=\"\" class=\"wp-image-2514\" style=\"width:350px\" srcset=\"https:\/\/site.ac-martinique.fr\/lyc-bellevue\/wp-content\/uploads\/sites\/127\/2025\/06\/1-791x1024.png 791w, https:\/\/site.ac-martinique.fr\/lyc-bellevue\/wp-content\/uploads\/sites\/127\/2025\/06\/1-232x300.png 232w, https:\/\/site.ac-martinique.fr\/lyc-bellevue\/wp-content\/uploads\/sites\/127\/2025\/06\/1.png 1545w\" sizes=\"auto, (max-width: 791px) 100vw, 791px\" \/><\/a><\/figure>\n","protected":false},"excerpt":{"rendered":"<p>La Maison de l&rsquo;Ouverture Carib\u00e9enne, Europ\u00e9enne et Internationale (MOCEI) est l&rsquo;espace d\u00e9di\u00e9 \u00e0 l&rsquo;information et \u00e0 l&rsquo;accompagnement des \u00e9l\u00e8ves et des personnels souhaitant partir en mobilit\u00e9. C&rsquo;est \u00e9galement l\u00e0 que se tiennent une partie des r\u00e9unions du club Bel&rsquo;Mun (Club de mod\u00e9lisation des d\u00e9bats des Nations Unies) et du Club Erasmus (Club des \u00e9l\u00e8ves int\u00e9ress\u00e9s &hellip; <\/p>\n<p class=\"link-more\"><a href=\"https:\/\/site.ac-martinique.fr\/lyc-bellevue\/?page_id=1179\" class=\"more-link\">Lire la suite de<span class=\"screen-reader-text\">\u00ab\u00a0MOCEI\u00a0\u00bb<\/span><\/a><\/p>\n","protected":false},"author":417,"featured_media":870,"parent":27,"menu_order":0,"comment_status":"closed","ping_status":"closed","template":"","meta":{"_uag_custom_page_level_css":"","inspiro_hide_title":false,"footnotes":""},"class_list":["post-1179","page","type-page","status-publish","has-post-thumbnail","hentry"],"yoast_head":"<!-- This site is optimized with the Yoast SEO plugin v27.5 - https:\/\/yoast.com\/product\/yoast-seo-wordpress\/ -->\n<title>MOCEI - Bienvenue au lyc\u00e9e de Bellevue<\/title>\n<meta name=\"robots\" content=\"index, follow, max-snippet:-1, max-image-preview:large, max-video-preview:-1\" \/>\n<link rel=\"canonical\" href=\"https:\/\/site.ac-martinique.fr\/lyc-bellevue\/?page_id=1179\" \/>\n<meta property=\"og:locale\" content=\"fr_FR\" \/>\n<meta property=\"og:type\" content=\"article\" \/>\n<meta property=\"og:title\" content=\"MOCEI - Bienvenue au lyc\u00e9e de Bellevue\" \/>\n<meta property=\"og:description\" content=\"La Maison de l&rsquo;Ouverture Carib\u00e9enne, Europ\u00e9enne et Internationale (MOCEI) est l&rsquo;espace d\u00e9di\u00e9 \u00e0 l&rsquo;information et \u00e0 l&rsquo;accompagnement des \u00e9l\u00e8ves et des personnels souhaitant partir en mobilit\u00e9. C&rsquo;est \u00e9galement l\u00e0 que se tiennent une partie des r\u00e9unions du club Bel&rsquo;Mun (Club de mod\u00e9lisation des d\u00e9bats des Nations Unies) et du Club Erasmus (Club des \u00e9l\u00e8ves int\u00e9ress\u00e9s &hellip; Lire la suite de\u00ab\u00a0MOCEI\u00a0\u00bb\" \/>\n<meta property=\"og:url\" content=\"https:\/\/site.ac-martinique.fr\/lyc-bellevue\/?page_id=1179\" \/>\n<meta property=\"og:site_name\" content=\"Bienvenue au lyc\u00e9e de Bellevue\" \/>\n<meta property=\"article:modified_time\" content=\"2025-06-24T19:08:44+00:00\" \/>\n<meta property=\"og:image\" content=\"https:\/\/site.ac-martinique.fr\/lyc-bellevue\/wp-content\/uploads\/sites\/127\/2023\/06\/IMG_7437-1-e1696898816172.jpg\" \/>\n\t<meta property=\"og:image:width\" content=\"1393\" \/>\n\t<meta property=\"og:image:height\" content=\"1152\" \/>\n\t<meta property=\"og:image:type\" content=\"image\/jpeg\" \/>\n<meta name=\"twitter:card\" content=\"summary_large_image\" \/>\n<meta name=\"twitter:label1\" content=\"Dur\u00e9e de lecture estim\u00e9e\" \/>\n\t<meta name=\"twitter:data1\" content=\"2 minutes\" \/>\n<script type=\"application\/ld+json\" class=\"yoast-schema-graph\">{\"@context\":\"https:\\\/\\\/schema.org\",\"@graph\":[{\"@type\":\"WebPage\",\"@id\":\"https:\\\/\\\/site.ac-martinique.fr\\\/lyc-bellevue\\\/?page_id=1179\",\"url\":\"https:\\\/\\\/site.ac-martinique.fr\\\/lyc-bellevue\\\/?page_id=1179\",\"name\":\"MOCEI - Bienvenue au lyc\u00e9e de Bellevue\",\"isPartOf\":{\"@id\":\"https:\\\/\\\/site.ac-martinique.fr\\\/lyc-bellevue\\\/#website\"},\"primaryImageOfPage\":{\"@id\":\"https:\\\/\\\/site.ac-martinique.fr\\\/lyc-bellevue\\\/?page_id=1179#primaryimage\"},\"image\":{\"@id\":\"https:\\\/\\\/site.ac-martinique.fr\\\/lyc-bellevue\\\/?page_id=1179#primaryimage\"},\"thumbnailUrl\":\"https:\\\/\\\/site.ac-martinique.fr\\\/lyc-bellevue\\\/wp-content\\\/uploads\\\/sites\\\/127\\\/2023\\\/06\\\/IMG_7437-1-e1696898816172.jpg\",\"datePublished\":\"2023-10-10T00:32:24+00:00\",\"dateModified\":\"2025-06-24T19:08:44+00:00\",\"breadcrumb\":{\"@id\":\"https:\\\/\\\/site.ac-martinique.fr\\\/lyc-bellevue\\\/?page_id=1179#breadcrumb\"},\"inLanguage\":\"fr-FR\",\"potentialAction\":[{\"@type\":\"ReadAction\",\"target\":[\"https:\\\/\\\/site.ac-martinique.fr\\\/lyc-bellevue\\\/?page_id=1179\"]}]},{\"@type\":\"ImageObject\",\"inLanguage\":\"fr-FR\",\"@id\":\"https:\\\/\\\/site.ac-martinique.fr\\\/lyc-bellevue\\\/?page_id=1179#primaryimage\",\"url\":\"https:\\\/\\\/site.ac-martinique.fr\\\/lyc-bellevue\\\/wp-content\\\/uploads\\\/sites\\\/127\\\/2023\\\/06\\\/IMG_7437-1-e1696898816172.jpg\",\"contentUrl\":\"https:\\\/\\\/site.ac-martinique.fr\\\/lyc-bellevue\\\/wp-content\\\/uploads\\\/sites\\\/127\\\/2023\\\/06\\\/IMG_7437-1-e1696898816172.jpg\",\"width\":1393,\"height\":1152},{\"@type\":\"BreadcrumbList\",\"@id\":\"https:\\\/\\\/site.ac-martinique.fr\\\/lyc-bellevue\\\/?page_id=1179#breadcrumb\",\"itemListElement\":[{\"@type\":\"ListItem\",\"position\":1,\"name\":\"Accueil\",\"item\":\"https:\\\/\\\/site.ac-martinique.fr\\\/lyc-bellevue\\\/\"},{\"@type\":\"ListItem\",\"position\":2,\"name\":\"International\",\"item\":\"https:\\\/\\\/site.ac-martinique.fr\\\/lyc-bellevue\\\/?page_id=27\"},{\"@type\":\"ListItem\",\"position\":3,\"name\":\"MOCEI\"}]},{\"@type\":\"WebSite\",\"@id\":\"https:\\\/\\\/site.ac-martinique.fr\\\/lyc-bellevue\\\/#website\",\"url\":\"https:\\\/\\\/site.ac-martinique.fr\\\/lyc-bellevue\\\/\",\"name\":\"Bienvenue au lyc\u00e9e de Bellevue\",\"description\":\"L&#039;Excellence dans la diversit\u00e9\",\"publisher\":{\"@id\":\"https:\\\/\\\/site.ac-martinique.fr\\\/lyc-bellevue\\\/#organization\"},\"potentialAction\":[{\"@type\":\"SearchAction\",\"target\":{\"@type\":\"EntryPoint\",\"urlTemplate\":\"https:\\\/\\\/site.ac-martinique.fr\\\/lyc-bellevue\\\/?s={search_term_string}\"},\"query-input\":{\"@type\":\"PropertyValueSpecification\",\"valueRequired\":true,\"valueName\":\"search_term_string\"}}],\"inLanguage\":\"fr-FR\"},{\"@type\":\"Organization\",\"@id\":\"https:\\\/\\\/site.ac-martinique.fr\\\/lyc-bellevue\\\/#organization\",\"name\":\"Bienvenue au lyc\u00e9e de Bellevue\",\"url\":\"https:\\\/\\\/site.ac-martinique.fr\\\/lyc-bellevue\\\/\",\"logo\":{\"@type\":\"ImageObject\",\"inLanguage\":\"fr-FR\",\"@id\":\"https:\\\/\\\/site.ac-martinique.fr\\\/lyc-bellevue\\\/#\\\/schema\\\/logo\\\/image\\\/\",\"url\":\"https:\\\/\\\/site.ac-martinique.fr\\\/lyc-bellevue\\\/wp-content\\\/uploads\\\/sites\\\/127\\\/2023\\\/05\\\/cropped-logo_bellevue_revu_bellevue_bleu_martinique_juste_les_lettres-removebg-preview-1.png\",\"contentUrl\":\"https:\\\/\\\/site.ac-martinique.fr\\\/lyc-bellevue\\\/wp-content\\\/uploads\\\/sites\\\/127\\\/2023\\\/05\\\/cropped-logo_bellevue_revu_bellevue_bleu_martinique_juste_les_lettres-removebg-preview-1.png\",\"width\":485,\"height\":513,\"caption\":\"Bienvenue au lyc\u00e9e de Bellevue\"},\"image\":{\"@id\":\"https:\\\/\\\/site.ac-martinique.fr\\\/lyc-bellevue\\\/#\\\/schema\\\/logo\\\/image\\\/\"}}]}<\/script>\n<!-- \/ Yoast SEO plugin. -->","yoast_head_json":{"title":"MOCEI - Bienvenue au lyc\u00e9e de Bellevue","robots":{"index":"index","follow":"follow","max-snippet":"max-snippet:-1","max-image-preview":"max-image-preview:large","max-video-preview":"max-video-preview:-1"},"canonical":"https:\/\/site.ac-martinique.fr\/lyc-bellevue\/?page_id=1179","og_locale":"fr_FR","og_type":"article","og_title":"MOCEI - Bienvenue au lyc\u00e9e de Bellevue","og_description":"La Maison de l&rsquo;Ouverture Carib\u00e9enne, Europ\u00e9enne et Internationale (MOCEI) est l&rsquo;espace d\u00e9di\u00e9 \u00e0 l&rsquo;information et \u00e0 l&rsquo;accompagnement des \u00e9l\u00e8ves et des personnels souhaitant partir en mobilit\u00e9. C&rsquo;est \u00e9galement l\u00e0 que se tiennent une partie des r\u00e9unions du club Bel&rsquo;Mun (Club de mod\u00e9lisation des d\u00e9bats des Nations Unies) et du Club Erasmus (Club des \u00e9l\u00e8ves int\u00e9ress\u00e9s &hellip; Lire la suite de\u00ab\u00a0MOCEI\u00a0\u00bb","og_url":"https:\/\/site.ac-martinique.fr\/lyc-bellevue\/?page_id=1179","og_site_name":"Bienvenue au lyc\u00e9e de Bellevue","article_modified_time":"2025-06-24T19:08:44+00:00","og_image":[{"width":1393,"height":1152,"url":"https:\/\/site.ac-martinique.fr\/lyc-bellevue\/wp-content\/uploads\/sites\/127\/2023\/06\/IMG_7437-1-e1696898816172.jpg","type":"image\/jpeg"}],"twitter_card":"summary_large_image","twitter_misc":{"Dur\u00e9e de lecture estim\u00e9e":"2 minutes"},"schema":{"@context":"https:\/\/schema.org","@graph":[{"@type":"WebPage","@id":"https:\/\/site.ac-martinique.fr\/lyc-bellevue\/?page_id=1179","url":"https:\/\/site.ac-martinique.fr\/lyc-bellevue\/?page_id=1179","name":"MOCEI - Bienvenue au lyc\u00e9e de Bellevue","isPartOf":{"@id":"https:\/\/site.ac-martinique.fr\/lyc-bellevue\/#website"},"primaryImageOfPage":{"@id":"https:\/\/site.ac-martinique.fr\/lyc-bellevue\/?page_id=1179#primaryimage"},"image":{"@id":"https:\/\/site.ac-martinique.fr\/lyc-bellevue\/?page_id=1179#primaryimage"},"thumbnailUrl":"https:\/\/site.ac-martinique.fr\/lyc-bellevue\/wp-content\/uploads\/sites\/127\/2023\/06\/IMG_7437-1-e1696898816172.jpg","datePublished":"2023-10-10T00:32:24+00:00","dateModified":"2025-06-24T19:08:44+00:00","breadcrumb":{"@id":"https:\/\/site.ac-martinique.fr\/lyc-bellevue\/?page_id=1179#breadcrumb"},"inLanguage":"fr-FR","potentialAction":[{"@type":"ReadAction","target":["https:\/\/site.ac-martinique.fr\/lyc-bellevue\/?page_id=1179"]}]},{"@type":"ImageObject","inLanguage":"fr-FR","@id":"https:\/\/site.ac-martinique.fr\/lyc-bellevue\/?page_id=1179#primaryimage","url":"https:\/\/site.ac-martinique.fr\/lyc-bellevue\/wp-content\/uploads\/sites\/127\/2023\/06\/IMG_7437-1-e1696898816172.jpg","contentUrl":"https:\/\/site.ac-martinique.fr\/lyc-bellevue\/wp-content\/uploads\/sites\/127\/2023\/06\/IMG_7437-1-e1696898816172.jpg","width":1393,"height":1152},{"@type":"BreadcrumbList","@id":"https:\/\/site.ac-martinique.fr\/lyc-bellevue\/?page_id=1179#breadcrumb","itemListElement":[{"@type":"ListItem","position":1,"name":"Accueil","item":"https:\/\/site.ac-martinique.fr\/lyc-bellevue\/"},{"@type":"ListItem","position":2,"name":"International","item":"https:\/\/site.ac-martinique.fr\/lyc-bellevue\/?page_id=27"},{"@type":"ListItem","position":3,"name":"MOCEI"}]},{"@type":"WebSite","@id":"https:\/\/site.ac-martinique.fr\/lyc-bellevue\/#website","url":"https:\/\/site.ac-martinique.fr\/lyc-bellevue\/","name":"Bienvenue au lyc\u00e9e de Bellevue","description":"L&#039;Excellence dans la diversit\u00e9","publisher":{"@id":"https:\/\/site.ac-martinique.fr\/lyc-bellevue\/#organization"},"potentialAction":[{"@type":"SearchAction","target":{"@type":"EntryPoint","urlTemplate":"https:\/\/site.ac-martinique.fr\/lyc-bellevue\/?s={search_term_string}"},"query-input":{"@type":"PropertyValueSpecification","valueRequired":true,"valueName":"search_term_string"}}],"inLanguage":"fr-FR"},{"@type":"Organization","@id":"https:\/\/site.ac-martinique.fr\/lyc-bellevue\/#organization","name":"Bienvenue au lyc\u00e9e de Bellevue","url":"https:\/\/site.ac-martinique.fr\/lyc-bellevue\/","logo":{"@type":"ImageObject","inLanguage":"fr-FR","@id":"https:\/\/site.ac-martinique.fr\/lyc-bellevue\/#\/schema\/logo\/image\/","url":"https:\/\/site.ac-martinique.fr\/lyc-bellevue\/wp-content\/uploads\/sites\/127\/2023\/05\/cropped-logo_bellevue_revu_bellevue_bleu_martinique_juste_les_lettres-removebg-preview-1.png","contentUrl":"https:\/\/site.ac-martinique.fr\/lyc-bellevue\/wp-content\/uploads\/sites\/127\/2023\/05\/cropped-logo_bellevue_revu_bellevue_bleu_martinique_juste_les_lettres-removebg-preview-1.png","width":485,"height":513,"caption":"Bienvenue au lyc\u00e9e de Bellevue"},"image":{"@id":"https:\/\/site.ac-martinique.fr\/lyc-bellevue\/#\/schema\/logo\/image\/"}}]}},"uagb_featured_image_src":{"full":["https:\/\/site.ac-martinique.fr\/lyc-bellevue\/wp-content\/uploads\/sites\/127\/2023\/06\/IMG_7437-1-e1696898816172.jpg",1393,1152,false],"thumbnail":["https:\/\/site.ac-martinique.fr\/lyc-bellevue\/wp-content\/uploads\/sites\/127\/2023\/06\/IMG_7437-1-e1696898816172-150x150.jpg",150,150,true],"medium":["https:\/\/site.ac-martinique.fr\/lyc-bellevue\/wp-content\/uploads\/sites\/127\/2023\/06\/IMG_7437-1-e1696898816172-300x248.jpg",300,248,true],"medium_large":["https:\/\/site.ac-martinique.fr\/lyc-bellevue\/wp-content\/uploads\/sites\/127\/2023\/06\/IMG_7437-1-e1696898816172-768x635.jpg",768,635,true],"large":["https:\/\/site.ac-martinique.fr\/lyc-bellevue\/wp-content\/uploads\/sites\/127\/2023\/06\/IMG_7437-1-e1696898816172-1024x847.jpg",950,786,true],"1536x1536":["https:\/\/site.ac-martinique.fr\/lyc-bellevue\/wp-content\/uploads\/sites\/127\/2023\/06\/IMG_7437-1-1229x1536.jpg",1229,1536,true],"2048x2048":["https:\/\/site.ac-martinique.fr\/lyc-bellevue\/wp-content\/uploads\/sites\/127\/2023\/06\/IMG_7437-1-e1696898816172.jpg",1393,1152,false],"inspiro-featured-image":["https:\/\/site.ac-martinique.fr\/lyc-bellevue\/wp-content\/uploads\/sites\/127\/2023\/06\/IMG_7437-1-e1696898816172.jpg",1393,1152,false],"inspiro-loop":["https:\/\/site.ac-martinique.fr\/lyc-bellevue\/wp-content\/uploads\/sites\/127\/2023\/06\/IMG_7437-1-e1696898816172-950x320.jpg",950,320,true],"inspiro-loop@2x":["https:\/\/site.ac-martinique.fr\/lyc-bellevue\/wp-content\/uploads\/sites\/127\/2023\/06\/IMG_7437-1-e1696898816172-1393x640.jpg",1393,640,true]},"uagb_author_info":{"display_name":"Nathalie OXYBEL","author_link":"https:\/\/site.ac-martinique.fr\/lyc-bellevue\/?author=417"},"uagb_comment_info":0,"uagb_excerpt":"La Maison de l&rsquo;Ouverture Carib\u00e9enne, Europ\u00e9enne et Internationale (MOCEI) est l&rsquo;espace d\u00e9di\u00e9 \u00e0 l&rsquo;information et \u00e0 l&rsquo;accompagnement des \u00e9l\u00e8ves et des personnels souhaitant partir en mobilit\u00e9. C&rsquo;est \u00e9galement l\u00e0 que se tiennent une partie des r\u00e9unions du club Bel&rsquo;Mun (Club de mod\u00e9lisation des d\u00e9bats des Nations Unies) et du Club Erasmus (Club des \u00e9l\u00e8ves int\u00e9ress\u00e9s\u2026","_links":{"self":[{"href":"https:\/\/site.ac-martinique.fr\/lyc-bellevue\/index.php?rest_route=\/wp\/v2\/pages\/1179","targetHints":{"allow":["GET"]}}],"collection":[{"href":"https:\/\/site.ac-martinique.fr\/lyc-bellevue\/index.php?rest_route=\/wp\/v2\/pages"}],"about":[{"href":"https:\/\/site.ac-martinique.fr\/lyc-bellevue\/index.php?rest_route=\/wp\/v2\/types\/page"}],"author":[{"embeddable":true,"href":"https:\/\/site.ac-martinique.fr\/lyc-bellevue\/index.php?rest_route=\/wp\/v2\/users\/417"}],"replies":[{"embeddable":true,"href":"https:\/\/site.ac-martinique.fr\/lyc-bellevue\/index.php?rest_route=%2Fwp%2Fv2%2Fcomments&post=1179"}],"version-history":[{"count":23,"href":"https:\/\/site.ac-martinique.fr\/lyc-bellevue\/index.php?rest_route=\/wp\/v2\/pages\/1179\/revisions"}],"predecessor-version":[{"id":2565,"href":"https:\/\/site.ac-martinique.fr\/lyc-bellevue\/index.php?rest_route=\/wp\/v2\/pages\/1179\/revisions\/2565"}],"up":[{"embeddable":true,"href":"https:\/\/site.ac-martinique.fr\/lyc-bellevue\/index.php?rest_route=\/wp\/v2\/pages\/27"}],"wp:featuredmedia":[{"embeddable":true,"href":"https:\/\/site.ac-martinique.fr\/lyc-bellevue\/index.php?rest_route=\/wp\/v2\/media\/870"}],"wp:attachment":[{"href":"https:\/\/site.ac-martinique.fr\/lyc-bellevue\/index.php?rest_route=%2Fwp%2Fv2%2Fmedia&parent=1179"}],"curies":[{"name":"wp","href":"https:\/\/api.w.org\/{rel}","templated":true}]}}