{"id":1757,"date":"2024-05-02T15:19:25","date_gmt":"2024-05-02T19:19:25","guid":{"rendered":"https:\/\/site.ac-martinique.fr\/lyc-bellevue\/?page_id=1757"},"modified":"2025-06-21T00:26:36","modified_gmt":"2025-06-21T04:26:36","slug":"erasmus-secondaire","status":"publish","type":"page","link":"https:\/\/site.ac-martinique.fr\/lyc-bellevue\/?page_id=1757","title":{"rendered":"Bellevue Enseignement Sup\u00e9rieur (B&rsquo;SUP)"},"content":{"rendered":"\n<p>Pour l&rsquo;enseignement sup\u00e9rieur, les actions li\u00e9es \u00e0 l&rsquo;international rel\u00e8vent <strong>du programme Erasmus +<\/strong> Enseignement sup\u00e9rieur (mobilit\u00e9s \u00e9tudiants et personnels) pilot\u00e9 par la DDFPT.<\/p>\n\n\n\n<div class=\"wp-block-media-text is-stacked-on-mobile\"><figure class=\"wp-block-media-text__media\"><img loading=\"lazy\" decoding=\"async\" width=\"307\" height=\"164\" src=\"https:\/\/site.ac-martinique.fr\/lyc-bellevue\/wp-content\/uploads\/sites\/127\/2023\/05\/images-27.jpg\" alt=\"\" class=\"wp-image-643 size-full\" srcset=\"https:\/\/site.ac-martinique.fr\/lyc-bellevue\/wp-content\/uploads\/sites\/127\/2023\/05\/images-27.jpg 307w, https:\/\/site.ac-martinique.fr\/lyc-bellevue\/wp-content\/uploads\/sites\/127\/2023\/05\/images-27-300x160.jpg 300w\" sizes=\"auto, (max-width: 307px) 100vw, 307px\" \/><\/figure><div class=\"wp-block-media-text__content\">\n<h2 class=\"wp-block-heading has-text-color has-medium-font-size\" style=\"color:#003c85cf;font-style:normal;font-weight:100\"><strong>PROGRAMME DE MOBILITE ERASMUS+<\/strong> (Enseignement Sup\u00e9rieur)<\/h2>\n\n\n\n<p>Chaque ann\u00e9e, Le Lyc\u00e9e de Bellevue favorise la mobilit\u00e9 internationale pour les \u00e9tudiants et les personnels gr\u00e2ce \u00e0 des bourses attribu\u00e9es par l&rsquo;Union Europ\u00e9enne via l&rsquo;Agence Erasmus+ France, Education Formation, sise \u00e0 Bordeaux&nbsp; <a href=\"https:\/\/www.google.com\/maps\/place\/\/data=!4m2!3m1!1s0xd552878927db605:0x1a57209da0844698?sa=X&amp;ved=2ahUKEwjN8YGk9JWEAxVkRjABHcrpBOYQ4kB6BAg3EAA\">9 Rue des Gamins, 33000 Bordeaux<\/a>. <\/p>\n\n\n\n<p><a href=\"https:\/\/site.ac-martinique.fr\/lyc-bellevue\/wp-content\/uploads\/sites\/127\/2023\/10\/PROGRAMME-DE-MOBILITE-ERASMUS-.pdf\" target=\"_blank\" rel=\"noreferrer noopener\">Lire la suite<\/a><\/p>\n<\/div><\/div>\n\n\n\n<div style=\"height:100px\" aria-hidden=\"true\" class=\"wp-block-spacer\"><\/div>\n\n\n\n<div class=\"wp-block-media-text has-media-on-the-right is-stacked-on-mobile\"><div class=\"wp-block-media-text__content\">\n<h2 class=\"wp-block-heading has-text-color has-medium-font-size\" style=\"color:#003c85cf;font-style:normal;font-weight:100\"><strong>LES CRITERES DE SELECTION ET LES MODALITES D&rsquo;ACCES AU PROGRAMME ERASMUS<\/strong><\/h2>\n\n\n\n<p><strong><u>Les \u00e9tudiants<\/u><\/strong>&nbsp;:<\/p>\n\n\n\n<p>Tous les \u00e9tudiant(e)s peuvent se porter candidats \u00e0 une bourse Erasmus + leur permettant d&rsquo;effectuer leur p\u00e9riode de stage dans un des pays de l\u2019Union Europ\u00e9enne. L&rsquo;information est faite par voie \u00e9crite (note) et orale (r\u00e9union) sur l&rsquo;existence de la bourse Erasmus, la dur\u00e9e du stage, la proc\u00e9dure \u00e0 suivre pour \u00eatre candidat.<\/p>\n\n\n\n<p><strong><u>Les Personnels&nbsp;:<\/u><\/strong> <\/p>\n\n\n\n<p>Le chef d&rsquo;\u00e9tablissement en fonction des orientations du projet d&rsquo;\u00e9tablissement et notamment de son volet international propose \u00e0 certains personnels de renforcer\/diversifier leur acquis ou de cr\u00e9er des coop\u00e9rations hors nos murs de mani\u00e8re \u00e0 soutenir et p\u00e9renniser ce projet. Tous les personnels peuvent aussi postuler en adressant au chef d&rsquo;\u00e9tablissement sa demande motiv\u00e9e.<\/p>\n\n\n\n<p><a href=\"https:\/\/site.ac-martinique.fr\/lyc-bellevue\/wp-content\/uploads\/sites\/127\/2023\/10\/LES-CRITERES-DE-SELECTION.pdf\" target=\"_blank\" rel=\"noreferrer noopener\">Lire la suite<\/a><\/p>\n<\/div><figure class=\"wp-block-media-text__media\"><video controls src=\"https:\/\/site.ac-martinique.fr\/lyc-bellevue\/wp-content\/uploads\/sites\/127\/2023\/10\/WhatsApp-Video-2023-10-08-at-21.08.31-1.mp4\"><\/video><\/figure><\/div>\n\n\n\n<div style=\"height:100px\" aria-hidden=\"true\" class=\"wp-block-spacer\"><\/div>\n\n\n\n<div class=\"wp-block-uagb-container uagb-block-2a937d07 alignnone uagb-is-root-container\">\n<div class=\"wp-block-uagb-container uagb-block-832466dc\">\n<h2 class=\"wp-block-heading has-text-color has-medium-font-size\" style=\"color:#003c85cf;font-style:normal;font-weight:100\"><strong>TOURIME ET PATRIMOINE: UN \u00ab\u00a0BIP\u00a0\u00bb POUR L&rsquo;ENSEIGNEMENT DU TOURISME<\/strong><\/h2>\n\n\n<p><iframe width=\"560\" height=\"315\" src=https:\/\/app.heygen.com\/embeds\/61150543ebb943bfbaa52e9e906eae50 title=\"HeyGen video player\" frameborder=\"0\" allow=\"encrypted-media; fullscreen;\" allowfullscreen><\/iframe><\/p>\n<\/div>\n<\/div>\n\n\n\n<div style=\"height:100px\" aria-hidden=\"true\" class=\"wp-block-spacer\"><\/div>\n\n\n\n<h2 class=\"wp-block-heading has-text-color has-medium-font-size\" style=\"color:#003c85cf;font-style:normal;font-weight:100\"><strong>NOS MOBILITES PEDAGOGIQUES<\/strong><\/h2>\n\n\n\n<h2 class=\"wp-block-heading has-small-font-size\">MOBILIT\u00c9S 2023-2024<\/h2>\n\n\n\n<p>En 2023-2024, nos \u00e9tudiants de BTS Tourisme et BTS NDRC sont all\u00e9s en Espagne, \u00e0 Malte, en Irlande et en Bulgarie.<\/p>\n\n\n\n<h3 class=\"wp-block-heading\">Malte &#8211; Ta\u00efna et Aurely chez Sixt<\/h3>\n\n\n\n<figure class=\"wp-block-gallery aligncenter has-nested-images columns-2 is-cropped wp-block-gallery-1 is-layout-flex wp-block-gallery-is-layout-flex\">\n<figure class=\"wp-block-image size-large is-style-tw-frame\"><img loading=\"lazy\" decoding=\"async\" width=\"768\" height=\"1024\" data-id=\"2493\" src=\"https:\/\/site.ac-martinique.fr\/lyc-bellevue\/wp-content\/uploads\/sites\/127\/2025\/06\/1000063025-768x1024.jpg\" alt=\"\" class=\"wp-image-2493\" srcset=\"https:\/\/site.ac-martinique.fr\/lyc-bellevue\/wp-content\/uploads\/sites\/127\/2025\/06\/1000063025-768x1024.jpg 768w, https:\/\/site.ac-martinique.fr\/lyc-bellevue\/wp-content\/uploads\/sites\/127\/2025\/06\/1000063025-225x300.jpg 225w, https:\/\/site.ac-martinique.fr\/lyc-bellevue\/wp-content\/uploads\/sites\/127\/2025\/06\/1000063025.jpg 859w\" sizes=\"auto, (max-width: 768px) 100vw, 768px\" \/><\/figure>\n\n\n\n<figure class=\"wp-block-image size-large is-style-tw-frame\"><img loading=\"lazy\" decoding=\"async\" width=\"1024\" height=\"974\" data-id=\"2494\" src=\"https:\/\/site.ac-martinique.fr\/lyc-bellevue\/wp-content\/uploads\/sites\/127\/2025\/06\/1000063026-1024x974.jpg\" alt=\"\" class=\"wp-image-2494\" srcset=\"https:\/\/site.ac-martinique.fr\/lyc-bellevue\/wp-content\/uploads\/sites\/127\/2025\/06\/1000063026-1024x974.jpg 1024w, https:\/\/site.ac-martinique.fr\/lyc-bellevue\/wp-content\/uploads\/sites\/127\/2025\/06\/1000063026-300x285.jpg 300w, https:\/\/site.ac-martinique.fr\/lyc-bellevue\/wp-content\/uploads\/sites\/127\/2025\/06\/1000063026.jpg 1600w\" sizes=\"auto, (max-width: 1024px) 100vw, 1024px\" \/><\/figure>\n<\/figure>\n\n\n\n<p><\/p>\n\n\n\n<h3 class=\"wp-block-heading\"><strong>Bulgarie &#8211; Mailye, Lovevern et Laureen \u00e0 l&rsquo;h\u00f4tel Laguna Beach de Albena<\/strong><\/h3>\n\n\n\n<figure class=\"wp-block-gallery aligncenter has-nested-images columns-default is-cropped wp-block-gallery-2 is-layout-flex wp-block-gallery-is-layout-flex\">\n<figure class=\"wp-block-image size-large is-style-tw-frame\"><img loading=\"lazy\" decoding=\"async\" width=\"1024\" height=\"461\" data-id=\"2507\" src=\"https:\/\/site.ac-martinique.fr\/lyc-bellevue\/wp-content\/uploads\/sites\/127\/2025\/06\/IMG-20240527-WA0002-1024x461.jpg\" alt=\"\" class=\"wp-image-2507\" srcset=\"https:\/\/site.ac-martinique.fr\/lyc-bellevue\/wp-content\/uploads\/sites\/127\/2025\/06\/IMG-20240527-WA0002-1024x461.jpg 1024w, https:\/\/site.ac-martinique.fr\/lyc-bellevue\/wp-content\/uploads\/sites\/127\/2025\/06\/IMG-20240527-WA0002-300x135.jpg 300w, https:\/\/site.ac-martinique.fr\/lyc-bellevue\/wp-content\/uploads\/sites\/127\/2025\/06\/IMG-20240527-WA0002-2000x901.jpg 2000w, https:\/\/site.ac-martinique.fr\/lyc-bellevue\/wp-content\/uploads\/sites\/127\/2025\/06\/IMG-20240527-WA0002.jpg 2016w\" sizes=\"auto, (max-width: 1024px) 100vw, 1024px\" \/><\/figure>\n\n\n\n<figure class=\"wp-block-image size-large is-style-tw-frame\"><img loading=\"lazy\" decoding=\"async\" width=\"1024\" height=\"768\" data-id=\"2501\" src=\"https:\/\/site.ac-martinique.fr\/lyc-bellevue\/wp-content\/uploads\/sites\/127\/2025\/06\/IMG-20240528-WA0017-1024x768.jpg\" alt=\"\" class=\"wp-image-2501\" srcset=\"https:\/\/site.ac-martinique.fr\/lyc-bellevue\/wp-content\/uploads\/sites\/127\/2025\/06\/IMG-20240528-WA0017-1024x768.jpg 1024w, https:\/\/site.ac-martinique.fr\/lyc-bellevue\/wp-content\/uploads\/sites\/127\/2025\/06\/IMG-20240528-WA0017-300x225.jpg 300w, https:\/\/site.ac-martinique.fr\/lyc-bellevue\/wp-content\/uploads\/sites\/127\/2025\/06\/IMG-20240528-WA0017-2000x1500.jpg 2000w\" sizes=\"auto, (max-width: 1024px) 100vw, 1024px\" \/><\/figure>\n<\/figure>\n\n\n\n<p><\/p>\n\n\n\n<h3 class=\"wp-block-heading\">Irlande &#8211; Lauhelie, Yafreisi et Malia \u00e0 Dublin <\/h3>\n\n\n\n<figure class=\"wp-block-gallery aligncenter has-nested-images columns-default is-cropped wp-block-gallery-3 is-layout-flex wp-block-gallery-is-layout-flex\">\n<figure class=\"wp-block-image size-large is-style-tw-frame\"><img loading=\"lazy\" decoding=\"async\" width=\"768\" height=\"1024\" data-id=\"2506\" src=\"https:\/\/site.ac-martinique.fr\/lyc-bellevue\/wp-content\/uploads\/sites\/127\/2025\/06\/IMG-20240528-WA0009-768x1024.jpg\" alt=\"\" class=\"wp-image-2506\" srcset=\"https:\/\/site.ac-martinique.fr\/lyc-bellevue\/wp-content\/uploads\/sites\/127\/2025\/06\/IMG-20240528-WA0009-768x1024.jpg 768w, https:\/\/site.ac-martinique.fr\/lyc-bellevue\/wp-content\/uploads\/sites\/127\/2025\/06\/IMG-20240528-WA0009-225x300.jpg 225w, https:\/\/site.ac-martinique.fr\/lyc-bellevue\/wp-content\/uploads\/sites\/127\/2025\/06\/IMG-20240528-WA0009.jpg 1200w\" sizes=\"auto, (max-width: 768px) 100vw, 768px\" \/><\/figure>\n\n\n\n<figure class=\"wp-block-image size-large is-style-tw-frame\"><img loading=\"lazy\" decoding=\"async\" width=\"768\" height=\"1024\" data-id=\"2505\" src=\"https:\/\/site.ac-martinique.fr\/lyc-bellevue\/wp-content\/uploads\/sites\/127\/2025\/06\/IMG-20240528-WA0010-1-768x1024.jpg\" alt=\"\" class=\"wp-image-2505\" srcset=\"https:\/\/site.ac-martinique.fr\/lyc-bellevue\/wp-content\/uploads\/sites\/127\/2025\/06\/IMG-20240528-WA0010-1-768x1024.jpg 768w, https:\/\/site.ac-martinique.fr\/lyc-bellevue\/wp-content\/uploads\/sites\/127\/2025\/06\/IMG-20240528-WA0010-1-225x300.jpg 225w, https:\/\/site.ac-martinique.fr\/lyc-bellevue\/wp-content\/uploads\/sites\/127\/2025\/06\/IMG-20240528-WA0010-1.jpg 1200w\" sizes=\"auto, (max-width: 768px) 100vw, 768px\" \/><\/figure>\n\n\n\n<figure class=\"wp-block-image size-large is-style-tw-frame\"><img loading=\"lazy\" decoding=\"async\" width=\"576\" height=\"1024\" data-id=\"2551\" src=\"https:\/\/site.ac-martinique.fr\/lyc-bellevue\/wp-content\/uploads\/sites\/127\/2025\/06\/Malia-BTS-NDRC-576x1024.jpg\" alt=\"\" class=\"wp-image-2551\" srcset=\"https:\/\/site.ac-martinique.fr\/lyc-bellevue\/wp-content\/uploads\/sites\/127\/2025\/06\/Malia-BTS-NDRC-576x1024.jpg 576w, https:\/\/site.ac-martinique.fr\/lyc-bellevue\/wp-content\/uploads\/sites\/127\/2025\/06\/Malia-BTS-NDRC-169x300.jpg 169w, https:\/\/site.ac-martinique.fr\/lyc-bellevue\/wp-content\/uploads\/sites\/127\/2025\/06\/Malia-BTS-NDRC.jpg 900w\" sizes=\"auto, (max-width: 576px) 100vw, 576px\" \/><\/figure>\n<\/figure>\n\n\n\n<p><\/p>\n\n\n\n<h3 class=\"wp-block-heading\">Espagne &#8211; Angie \u00e0 Valence<\/h3>\n\n\n\n<figure class=\"wp-block-gallery aligncenter has-nested-images columns-default is-cropped wp-block-gallery-4 is-layout-flex wp-block-gallery-is-layout-flex\">\n<figure class=\"wp-block-image size-large is-style-tw-frame\"><img loading=\"lazy\" decoding=\"async\" width=\"768\" height=\"1024\" data-id=\"2503\" src=\"https:\/\/site.ac-martinique.fr\/lyc-bellevue\/wp-content\/uploads\/sites\/127\/2025\/06\/IMG-20240528-WA0012-768x1024.jpg\" alt=\"\" class=\"wp-image-2503\" srcset=\"https:\/\/site.ac-martinique.fr\/lyc-bellevue\/wp-content\/uploads\/sites\/127\/2025\/06\/IMG-20240528-WA0012-768x1024.jpg 768w, https:\/\/site.ac-martinique.fr\/lyc-bellevue\/wp-content\/uploads\/sites\/127\/2025\/06\/IMG-20240528-WA0012-225x300.jpg 225w, https:\/\/site.ac-martinique.fr\/lyc-bellevue\/wp-content\/uploads\/sites\/127\/2025\/06\/IMG-20240528-WA0012.jpg 1200w\" sizes=\"auto, (max-width: 768px) 100vw, 768px\" \/><\/figure>\n\n\n\n<figure class=\"wp-block-image size-large is-style-tw-frame\"><img loading=\"lazy\" decoding=\"async\" width=\"768\" height=\"1024\" data-id=\"2502\" src=\"https:\/\/site.ac-martinique.fr\/lyc-bellevue\/wp-content\/uploads\/sites\/127\/2025\/06\/IMG-20240528-WA0014-768x1024.jpg\" alt=\"\" class=\"wp-image-2502\" srcset=\"https:\/\/site.ac-martinique.fr\/lyc-bellevue\/wp-content\/uploads\/sites\/127\/2025\/06\/IMG-20240528-WA0014-768x1024.jpg 768w, https:\/\/site.ac-martinique.fr\/lyc-bellevue\/wp-content\/uploads\/sites\/127\/2025\/06\/IMG-20240528-WA0014-225x300.jpg 225w, https:\/\/site.ac-martinique.fr\/lyc-bellevue\/wp-content\/uploads\/sites\/127\/2025\/06\/IMG-20240528-WA0014.jpg 1200w\" sizes=\"auto, (max-width: 768px) 100vw, 768px\" \/><\/figure>\n<\/figure>\n\n\n\n<p><\/p>\n","protected":false},"excerpt":{"rendered":"<p>Pour l&rsquo;enseignement sup\u00e9rieur, les actions li\u00e9es \u00e0 l&rsquo;international rel\u00e8vent du programme Erasmus + Enseignement sup\u00e9rieur (mobilit\u00e9s \u00e9tudiants et personnels) pilot\u00e9 par la DDFPT. PROGRAMME DE MOBILITE ERASMUS+ (Enseignement Sup\u00e9rieur) Chaque ann\u00e9e, Le Lyc\u00e9e de Bellevue favorise la mobilit\u00e9 internationale pour les \u00e9tudiants et les personnels gr\u00e2ce \u00e0 des bourses attribu\u00e9es par l&rsquo;Union Europ\u00e9enne via l&rsquo;Agence &hellip; <\/p>\n<p class=\"link-more\"><a href=\"https:\/\/site.ac-martinique.fr\/lyc-bellevue\/?page_id=1757\" class=\"more-link\">Lire la suite de<span class=\"screen-reader-text\">\u00ab\u00a0Bellevue Enseignement Sup\u00e9rieur (B&rsquo;SUP)\u00a0\u00bb<\/span><\/a><\/p>\n","protected":false},"author":417,"featured_media":1378,"parent":0,"menu_order":0,"comment_status":"closed","ping_status":"closed","template":"","meta":{"_uag_custom_page_level_css":"","inspiro_hide_title":false,"footnotes":""},"class_list":["post-1757","page","type-page","status-publish","has-post-thumbnail","hentry"],"yoast_head":"<!-- This site is optimized with the Yoast SEO plugin v27.5 - https:\/\/yoast.com\/product\/yoast-seo-wordpress\/ -->\n<title>Bellevue Enseignement Sup\u00e9rieur (B&#039;SUP) - Bienvenue au lyc\u00e9e de Bellevue<\/title>\n<meta name=\"robots\" content=\"index, follow, max-snippet:-1, max-image-preview:large, max-video-preview:-1\" \/>\n<link rel=\"canonical\" href=\"https:\/\/site.ac-martinique.fr\/lyc-bellevue\/?page_id=1757\" \/>\n<meta property=\"og:locale\" content=\"fr_FR\" \/>\n<meta property=\"og:type\" content=\"article\" \/>\n<meta property=\"og:title\" content=\"Bellevue Enseignement Sup\u00e9rieur (B&#039;SUP) - Bienvenue au lyc\u00e9e de Bellevue\" \/>\n<meta property=\"og:description\" content=\"Pour l&rsquo;enseignement sup\u00e9rieur, les actions li\u00e9es \u00e0 l&rsquo;international rel\u00e8vent du programme Erasmus + Enseignement sup\u00e9rieur (mobilit\u00e9s \u00e9tudiants et personnels) pilot\u00e9 par la DDFPT. PROGRAMME DE MOBILITE ERASMUS+ (Enseignement Sup\u00e9rieur) Chaque ann\u00e9e, Le Lyc\u00e9e de Bellevue favorise la mobilit\u00e9 internationale pour les \u00e9tudiants et les personnels gr\u00e2ce \u00e0 des bourses attribu\u00e9es par l&rsquo;Union Europ\u00e9enne via l&rsquo;Agence &hellip; Lire la suite de\u00ab\u00a0Bellevue Enseignement Sup\u00e9rieur (B&rsquo;SUP)\u00a0\u00bb\" \/>\n<meta property=\"og:url\" content=\"https:\/\/site.ac-martinique.fr\/lyc-bellevue\/?page_id=1757\" \/>\n<meta property=\"og:site_name\" content=\"Bienvenue au lyc\u00e9e de Bellevue\" \/>\n<meta property=\"article:modified_time\" content=\"2025-06-21T04:26:36+00:00\" \/>\n<meta property=\"og:image\" content=\"https:\/\/site.ac-martinique.fr\/lyc-bellevue\/wp-content\/uploads\/sites\/127\/2023\/11\/Belmund-Lycee-de-Bellevue-1.png\" \/>\n\t<meta property=\"og:image:width\" content=\"1280\" \/>\n\t<meta property=\"og:image:height\" content=\"640\" \/>\n\t<meta property=\"og:image:type\" content=\"image\/png\" \/>\n<meta name=\"twitter:card\" content=\"summary_large_image\" \/>\n<meta name=\"twitter:label1\" content=\"Dur\u00e9e de lecture estim\u00e9e\" \/>\n\t<meta name=\"twitter:data1\" content=\"4 minutes\" \/>\n<script type=\"application\/ld+json\" class=\"yoast-schema-graph\">{\"@context\":\"https:\\\/\\\/schema.org\",\"@graph\":[{\"@type\":\"WebPage\",\"@id\":\"https:\\\/\\\/site.ac-martinique.fr\\\/lyc-bellevue\\\/?page_id=1757\",\"url\":\"https:\\\/\\\/site.ac-martinique.fr\\\/lyc-bellevue\\\/?page_id=1757\",\"name\":\"Bellevue Enseignement Sup\u00e9rieur (B'SUP) - Bienvenue au lyc\u00e9e de Bellevue\",\"isPartOf\":{\"@id\":\"https:\\\/\\\/site.ac-martinique.fr\\\/lyc-bellevue\\\/#website\"},\"primaryImageOfPage\":{\"@id\":\"https:\\\/\\\/site.ac-martinique.fr\\\/lyc-bellevue\\\/?page_id=1757#primaryimage\"},\"image\":{\"@id\":\"https:\\\/\\\/site.ac-martinique.fr\\\/lyc-bellevue\\\/?page_id=1757#primaryimage\"},\"thumbnailUrl\":\"https:\\\/\\\/site.ac-martinique.fr\\\/lyc-bellevue\\\/wp-content\\\/uploads\\\/sites\\\/127\\\/2023\\\/11\\\/Belmund-Lycee-de-Bellevue-1.png\",\"datePublished\":\"2024-05-02T19:19:25+00:00\",\"dateModified\":\"2025-06-21T04:26:36+00:00\",\"breadcrumb\":{\"@id\":\"https:\\\/\\\/site.ac-martinique.fr\\\/lyc-bellevue\\\/?page_id=1757#breadcrumb\"},\"inLanguage\":\"fr-FR\",\"potentialAction\":[{\"@type\":\"ReadAction\",\"target\":[\"https:\\\/\\\/site.ac-martinique.fr\\\/lyc-bellevue\\\/?page_id=1757\"]}]},{\"@type\":\"ImageObject\",\"inLanguage\":\"fr-FR\",\"@id\":\"https:\\\/\\\/site.ac-martinique.fr\\\/lyc-bellevue\\\/?page_id=1757#primaryimage\",\"url\":\"https:\\\/\\\/site.ac-martinique.fr\\\/lyc-bellevue\\\/wp-content\\\/uploads\\\/sites\\\/127\\\/2023\\\/11\\\/Belmund-Lycee-de-Bellevue-1.png\",\"contentUrl\":\"https:\\\/\\\/site.ac-martinique.fr\\\/lyc-bellevue\\\/wp-content\\\/uploads\\\/sites\\\/127\\\/2023\\\/11\\\/Belmund-Lycee-de-Bellevue-1.png\",\"width\":1280,\"height\":640},{\"@type\":\"BreadcrumbList\",\"@id\":\"https:\\\/\\\/site.ac-martinique.fr\\\/lyc-bellevue\\\/?page_id=1757#breadcrumb\",\"itemListElement\":[{\"@type\":\"ListItem\",\"position\":1,\"name\":\"Accueil\",\"item\":\"https:\\\/\\\/site.ac-martinique.fr\\\/lyc-bellevue\\\/\"},{\"@type\":\"ListItem\",\"position\":2,\"name\":\"Bellevue Enseignement Sup\u00e9rieur (B&rsquo;SUP)\"}]},{\"@type\":\"WebSite\",\"@id\":\"https:\\\/\\\/site.ac-martinique.fr\\\/lyc-bellevue\\\/#website\",\"url\":\"https:\\\/\\\/site.ac-martinique.fr\\\/lyc-bellevue\\\/\",\"name\":\"Bienvenue au lyc\u00e9e de Bellevue\",\"description\":\"L&#039;Excellence dans la diversit\u00e9\",\"publisher\":{\"@id\":\"https:\\\/\\\/site.ac-martinique.fr\\\/lyc-bellevue\\\/#organization\"},\"potentialAction\":[{\"@type\":\"SearchAction\",\"target\":{\"@type\":\"EntryPoint\",\"urlTemplate\":\"https:\\\/\\\/site.ac-martinique.fr\\\/lyc-bellevue\\\/?s={search_term_string}\"},\"query-input\":{\"@type\":\"PropertyValueSpecification\",\"valueRequired\":true,\"valueName\":\"search_term_string\"}}],\"inLanguage\":\"fr-FR\"},{\"@type\":\"Organization\",\"@id\":\"https:\\\/\\\/site.ac-martinique.fr\\\/lyc-bellevue\\\/#organization\",\"name\":\"Bienvenue au lyc\u00e9e de Bellevue\",\"url\":\"https:\\\/\\\/site.ac-martinique.fr\\\/lyc-bellevue\\\/\",\"logo\":{\"@type\":\"ImageObject\",\"inLanguage\":\"fr-FR\",\"@id\":\"https:\\\/\\\/site.ac-martinique.fr\\\/lyc-bellevue\\\/#\\\/schema\\\/logo\\\/image\\\/\",\"url\":\"https:\\\/\\\/site.ac-martinique.fr\\\/lyc-bellevue\\\/wp-content\\\/uploads\\\/sites\\\/127\\\/2023\\\/05\\\/cropped-logo_bellevue_revu_bellevue_bleu_martinique_juste_les_lettres-removebg-preview-1.png\",\"contentUrl\":\"https:\\\/\\\/site.ac-martinique.fr\\\/lyc-bellevue\\\/wp-content\\\/uploads\\\/sites\\\/127\\\/2023\\\/05\\\/cropped-logo_bellevue_revu_bellevue_bleu_martinique_juste_les_lettres-removebg-preview-1.png\",\"width\":485,\"height\":513,\"caption\":\"Bienvenue au lyc\u00e9e de Bellevue\"},\"image\":{\"@id\":\"https:\\\/\\\/site.ac-martinique.fr\\\/lyc-bellevue\\\/#\\\/schema\\\/logo\\\/image\\\/\"}}]}<\/script>\n<!-- \/ Yoast SEO plugin. -->","yoast_head_json":{"title":"Bellevue Enseignement Sup\u00e9rieur (B'SUP) - Bienvenue au lyc\u00e9e de Bellevue","robots":{"index":"index","follow":"follow","max-snippet":"max-snippet:-1","max-image-preview":"max-image-preview:large","max-video-preview":"max-video-preview:-1"},"canonical":"https:\/\/site.ac-martinique.fr\/lyc-bellevue\/?page_id=1757","og_locale":"fr_FR","og_type":"article","og_title":"Bellevue Enseignement Sup\u00e9rieur (B'SUP) - Bienvenue au lyc\u00e9e de Bellevue","og_description":"Pour l&rsquo;enseignement sup\u00e9rieur, les actions li\u00e9es \u00e0 l&rsquo;international rel\u00e8vent du programme Erasmus + Enseignement sup\u00e9rieur (mobilit\u00e9s \u00e9tudiants et personnels) pilot\u00e9 par la DDFPT. PROGRAMME DE MOBILITE ERASMUS+ (Enseignement Sup\u00e9rieur) Chaque ann\u00e9e, Le Lyc\u00e9e de Bellevue favorise la mobilit\u00e9 internationale pour les \u00e9tudiants et les personnels gr\u00e2ce \u00e0 des bourses attribu\u00e9es par l&rsquo;Union Europ\u00e9enne via l&rsquo;Agence &hellip; Lire la suite de\u00ab\u00a0Bellevue Enseignement Sup\u00e9rieur (B&rsquo;SUP)\u00a0\u00bb","og_url":"https:\/\/site.ac-martinique.fr\/lyc-bellevue\/?page_id=1757","og_site_name":"Bienvenue au lyc\u00e9e de Bellevue","article_modified_time":"2025-06-21T04:26:36+00:00","og_image":[{"width":1280,"height":640,"url":"https:\/\/site.ac-martinique.fr\/lyc-bellevue\/wp-content\/uploads\/sites\/127\/2023\/11\/Belmund-Lycee-de-Bellevue-1.png","type":"image\/png"}],"twitter_card":"summary_large_image","twitter_misc":{"Dur\u00e9e de lecture estim\u00e9e":"4 minutes"},"schema":{"@context":"https:\/\/schema.org","@graph":[{"@type":"WebPage","@id":"https:\/\/site.ac-martinique.fr\/lyc-bellevue\/?page_id=1757","url":"https:\/\/site.ac-martinique.fr\/lyc-bellevue\/?page_id=1757","name":"Bellevue Enseignement Sup\u00e9rieur (B'SUP) - Bienvenue au lyc\u00e9e de Bellevue","isPartOf":{"@id":"https:\/\/site.ac-martinique.fr\/lyc-bellevue\/#website"},"primaryImageOfPage":{"@id":"https:\/\/site.ac-martinique.fr\/lyc-bellevue\/?page_id=1757#primaryimage"},"image":{"@id":"https:\/\/site.ac-martinique.fr\/lyc-bellevue\/?page_id=1757#primaryimage"},"thumbnailUrl":"https:\/\/site.ac-martinique.fr\/lyc-bellevue\/wp-content\/uploads\/sites\/127\/2023\/11\/Belmund-Lycee-de-Bellevue-1.png","datePublished":"2024-05-02T19:19:25+00:00","dateModified":"2025-06-21T04:26:36+00:00","breadcrumb":{"@id":"https:\/\/site.ac-martinique.fr\/lyc-bellevue\/?page_id=1757#breadcrumb"},"inLanguage":"fr-FR","potentialAction":[{"@type":"ReadAction","target":["https:\/\/site.ac-martinique.fr\/lyc-bellevue\/?page_id=1757"]}]},{"@type":"ImageObject","inLanguage":"fr-FR","@id":"https:\/\/site.ac-martinique.fr\/lyc-bellevue\/?page_id=1757#primaryimage","url":"https:\/\/site.ac-martinique.fr\/lyc-bellevue\/wp-content\/uploads\/sites\/127\/2023\/11\/Belmund-Lycee-de-Bellevue-1.png","contentUrl":"https:\/\/site.ac-martinique.fr\/lyc-bellevue\/wp-content\/uploads\/sites\/127\/2023\/11\/Belmund-Lycee-de-Bellevue-1.png","width":1280,"height":640},{"@type":"BreadcrumbList","@id":"https:\/\/site.ac-martinique.fr\/lyc-bellevue\/?page_id=1757#breadcrumb","itemListElement":[{"@type":"ListItem","position":1,"name":"Accueil","item":"https:\/\/site.ac-martinique.fr\/lyc-bellevue\/"},{"@type":"ListItem","position":2,"name":"Bellevue Enseignement Sup\u00e9rieur (B&rsquo;SUP)"}]},{"@type":"WebSite","@id":"https:\/\/site.ac-martinique.fr\/lyc-bellevue\/#website","url":"https:\/\/site.ac-martinique.fr\/lyc-bellevue\/","name":"Bienvenue au lyc\u00e9e de Bellevue","description":"L&#039;Excellence dans la diversit\u00e9","publisher":{"@id":"https:\/\/site.ac-martinique.fr\/lyc-bellevue\/#organization"},"potentialAction":[{"@type":"SearchAction","target":{"@type":"EntryPoint","urlTemplate":"https:\/\/site.ac-martinique.fr\/lyc-bellevue\/?s={search_term_string}"},"query-input":{"@type":"PropertyValueSpecification","valueRequired":true,"valueName":"search_term_string"}}],"inLanguage":"fr-FR"},{"@type":"Organization","@id":"https:\/\/site.ac-martinique.fr\/lyc-bellevue\/#organization","name":"Bienvenue au lyc\u00e9e de Bellevue","url":"https:\/\/site.ac-martinique.fr\/lyc-bellevue\/","logo":{"@type":"ImageObject","inLanguage":"fr-FR","@id":"https:\/\/site.ac-martinique.fr\/lyc-bellevue\/#\/schema\/logo\/image\/","url":"https:\/\/site.ac-martinique.fr\/lyc-bellevue\/wp-content\/uploads\/sites\/127\/2023\/05\/cropped-logo_bellevue_revu_bellevue_bleu_martinique_juste_les_lettres-removebg-preview-1.png","contentUrl":"https:\/\/site.ac-martinique.fr\/lyc-bellevue\/wp-content\/uploads\/sites\/127\/2023\/05\/cropped-logo_bellevue_revu_bellevue_bleu_martinique_juste_les_lettres-removebg-preview-1.png","width":485,"height":513,"caption":"Bienvenue au lyc\u00e9e de Bellevue"},"image":{"@id":"https:\/\/site.ac-martinique.fr\/lyc-bellevue\/#\/schema\/logo\/image\/"}}]}},"uagb_featured_image_src":{"full":["https:\/\/site.ac-martinique.fr\/lyc-bellevue\/wp-content\/uploads\/sites\/127\/2023\/11\/Belmund-Lycee-de-Bellevue-1.png",1280,640,false],"thumbnail":["https:\/\/site.ac-martinique.fr\/lyc-bellevue\/wp-content\/uploads\/sites\/127\/2023\/11\/Belmund-Lycee-de-Bellevue-1-150x150.png",150,150,true],"medium":["https:\/\/site.ac-martinique.fr\/lyc-bellevue\/wp-content\/uploads\/sites\/127\/2023\/11\/Belmund-Lycee-de-Bellevue-1-300x150.png",300,150,true],"medium_large":["https:\/\/site.ac-martinique.fr\/lyc-bellevue\/wp-content\/uploads\/sites\/127\/2023\/11\/Belmund-Lycee-de-Bellevue-1-768x384.png",768,384,true],"large":["https:\/\/site.ac-martinique.fr\/lyc-bellevue\/wp-content\/uploads\/sites\/127\/2023\/11\/Belmund-Lycee-de-Bellevue-1-1024x512.png",950,475,true],"1536x1536":["https:\/\/site.ac-martinique.fr\/lyc-bellevue\/wp-content\/uploads\/sites\/127\/2023\/11\/Belmund-Lycee-de-Bellevue-1.png",1280,640,false],"2048x2048":["https:\/\/site.ac-martinique.fr\/lyc-bellevue\/wp-content\/uploads\/sites\/127\/2023\/11\/Belmund-Lycee-de-Bellevue-1.png",1280,640,false],"inspiro-featured-image":["https:\/\/site.ac-martinique.fr\/lyc-bellevue\/wp-content\/uploads\/sites\/127\/2023\/11\/Belmund-Lycee-de-Bellevue-1.png",1280,640,false],"inspiro-loop":["https:\/\/site.ac-martinique.fr\/lyc-bellevue\/wp-content\/uploads\/sites\/127\/2023\/11\/Belmund-Lycee-de-Bellevue-1-950x320.png",950,320,true],"inspiro-loop@2x":["https:\/\/site.ac-martinique.fr\/lyc-bellevue\/wp-content\/uploads\/sites\/127\/2023\/11\/Belmund-Lycee-de-Bellevue-1.png",1280,640,false]},"uagb_author_info":{"display_name":"Nathalie OXYBEL","author_link":"https:\/\/site.ac-martinique.fr\/lyc-bellevue\/?author=417"},"uagb_comment_info":0,"uagb_excerpt":"Pour l&rsquo;enseignement sup\u00e9rieur, les actions li\u00e9es \u00e0 l&rsquo;international rel\u00e8vent du programme Erasmus + Enseignement sup\u00e9rieur (mobilit\u00e9s \u00e9tudiants et personnels) pilot\u00e9 par la DDFPT. PROGRAMME DE MOBILITE ERASMUS+ (Enseignement Sup\u00e9rieur) Chaque ann\u00e9e, Le Lyc\u00e9e de Bellevue favorise la mobilit\u00e9 internationale pour les \u00e9tudiants et les personnels gr\u00e2ce \u00e0 des bourses attribu\u00e9es par l&rsquo;Union Europ\u00e9enne via l&rsquo;Agence\u2026","_links":{"self":[{"href":"https:\/\/site.ac-martinique.fr\/lyc-bellevue\/index.php?rest_route=\/wp\/v2\/pages\/1757","targetHints":{"allow":["GET"]}}],"collection":[{"href":"https:\/\/site.ac-martinique.fr\/lyc-bellevue\/index.php?rest_route=\/wp\/v2\/pages"}],"about":[{"href":"https:\/\/site.ac-martinique.fr\/lyc-bellevue\/index.php?rest_route=\/wp\/v2\/types\/page"}],"author":[{"embeddable":true,"href":"https:\/\/site.ac-martinique.fr\/lyc-bellevue\/index.php?rest_route=\/wp\/v2\/users\/417"}],"replies":[{"embeddable":true,"href":"https:\/\/site.ac-martinique.fr\/lyc-bellevue\/index.php?rest_route=%2Fwp%2Fv2%2Fcomments&post=1757"}],"version-history":[{"count":14,"href":"https:\/\/site.ac-martinique.fr\/lyc-bellevue\/index.php?rest_route=\/wp\/v2\/pages\/1757\/revisions"}],"predecessor-version":[{"id":2554,"href":"https:\/\/site.ac-martinique.fr\/lyc-bellevue\/index.php?rest_route=\/wp\/v2\/pages\/1757\/revisions\/2554"}],"wp:featuredmedia":[{"embeddable":true,"href":"https:\/\/site.ac-martinique.fr\/lyc-bellevue\/index.php?rest_route=\/wp\/v2\/media\/1378"}],"wp:attachment":[{"href":"https:\/\/site.ac-martinique.fr\/lyc-bellevue\/index.php?rest_route=%2Fwp%2Fv2%2Fmedia&parent=1757"}],"curies":[{"name":"wp","href":"https:\/\/api.w.org\/{rel}","templated":true}]}}