{"id":3107,"date":"2023-09-18T21:20:49","date_gmt":"2023-09-18T20:20:49","guid":{"rendered":"https:\/\/site.ac-martinique.fr\/lyc-dumasjeanjoseph\/?page_id=3107"},"modified":"2025-09-22T15:53:45","modified_gmt":"2025-09-22T14:53:45","slug":"informations-de-derniere-minute","status":"publish","type":"page","link":"https:\/\/site.ac-martinique.fr\/lyc-dumasjeanjoseph\/?page_id=3107","title":{"rendered":"Informations pratiques"},"content":{"rendered":"\n<p><\/p>\n\n\n\n<ul class=\"wp-block-list\">\n<li><strong>Calendrier scolaire pour l&rsquo;ann\u00e9e 2025-2026 :<\/strong><\/li>\n<\/ul>\n\n\n\n<figure class=\"wp-block-table\"><table class=\"has-fixed-layout\"><tbody><tr><th>P\u00e9riode<\/th><th>Dates<\/th><\/tr><tr><td>Pr\u00e9-rentr\u00e9e des enseignants<\/td><td>vendredi 29 ao\u00fbt 2025<\/td><\/tr><tr><td>Rentr\u00e9e des \u00e9l\u00e8ves<\/td><td>lundi 1er&nbsp;septembre 2025<\/td><\/tr><tr><td>Cong\u00e9s de Toussaint<\/td><td>du samedi 18&nbsp;octobre au lundi 03&nbsp;novembre 2025<\/td><\/tr><tr><td>Cong\u00e9s de No\u00ebl<\/td><td>du samedi 20&nbsp;d\u00e9cembre 2025&nbsp;au lundi&nbsp;05&nbsp;janvier 2026<\/td><\/tr><tr><td>Cong\u00e9s de Carnaval<\/td><td>du samedi 7&nbsp;f\u00e9vrier au lundi 23 f\u00e9vrier 2026<\/td><\/tr><tr><td>Cong\u00e9s de P\u00e2ques<\/td><td>du jeudi 2 avril&nbsp;au lundi 20 avril 2026<\/td><\/tr><tr><td>D\u00e9but des grandes vacances<\/td><td>samedi 04&nbsp;juillet 2026<\/td><\/tr><\/tbody><\/table><\/figure>\n\n\n\n<p><strong>Les classes vaqueront le vendredi 15&nbsp;mai 2025&nbsp;et le samedi 16 mai 2026.<\/strong><\/p>\n\n\n\n<p>Le d\u00e9part en vacances a lieu apr\u00e8s la classe des jours indiqu\u00e9s.<\/p>\n\n\n\n<p>La reprise des cours s&rsquo;effectue le matin des jours indiqu\u00e9s.<\/p>\n\n\n\n<p>Les vacances d\u00e9butant le samedi, pour les \u00e9l\u00e8ves qui n&rsquo;ont pas cours ce jour-l\u00e0, le d\u00e9part a lieu le vendredi apr\u00e8s les cours.<\/p>\n\n\n\n<p>Mise \u00e0 jour : septembre 2025<\/p>\n\n\n\n<ul class=\"wp-block-list\">\n<li><strong><a href=\"https:\/\/site.ac-martinique.fr\/lyc-dumasjeanjoseph\/wp-content\/uploads\/sites\/41\/2025\/09\/25-calendrier-des-pfmp-et-stages-2025-2026.pdf\" data-type=\"link\" data-id=\"https:\/\/site.ac-martinique.fr\/lyc-dumasjeanjoseph\/wp-content\/uploads\/sites\/41\/2023\/09\/Calendrier-des-pfmp-et-stages-2023-2024-3.pdf\" target=\"_blank\" rel=\"noreferrer noopener\">Calendrier des PFMP pour l&rsquo;ann\u00e9e 2025-2026.<\/a><\/strong><\/li>\n<\/ul>\n\n\n\n<p><\/p>\n\n<div class=\"twitter-share\"><a href=\"https:\/\/twitter.com\/intent\/tweet?via=lp_djj\" class=\"twitter-share-button\">Tweet<\/a><\/div>\n","protected":false},"excerpt":{"rendered":"<p>P\u00e9riode Dates Pr\u00e9-rentr\u00e9e des enseignants vendredi 29 ao\u00fbt 2025 Rentr\u00e9e des \u00e9l\u00e8ves lundi 1er&nbsp;septembre 2025 Cong\u00e9s de Toussaint du samedi 18&nbsp;octobre au lundi 03&nbsp;novembre 2025 Cong\u00e9s de No\u00ebl du samedi 20&nbsp;d\u00e9cembre 2025&nbsp;au lundi&nbsp;05&nbsp;janvier 2026 Cong\u00e9s de Carnaval du samedi 7&nbsp;f\u00e9vrier au lundi 23 f\u00e9vrier 2026 Cong\u00e9s de P\u00e2ques du jeudi 2 avril&nbsp;au lundi 20 avril 2026 D\u00e9but des grandes vacances samedi 04&nbsp;juillet 2026 Les classes vaqueront le vendredi 15&nbsp;mai 2025&nbsp;et le samedi 16 mai 2026. Le d\u00e9part en vacances a lieu apr\u00e8s la classe des jours indiqu\u00e9s. La reprise des cours s&rsquo;effectue le matin des jours indiqu\u00e9s. Les vacances d\u00e9butant le samedi, pour les \u00e9l\u00e8ves qui n&rsquo;ont pas cours ce jour-l\u00e0, le d\u00e9part a lieu le vendredi apr\u00e8s les cours. Mise \u00e0 jour : septembre 2025<\/p>\n","protected":false},"author":73,"featured_media":0,"parent":0,"menu_order":0,"comment_status":"closed","ping_status":"closed","template":"","meta":{"footnotes":""},"class_list":["post-3107","page","type-page","status-publish","hentry"],"_links":{"self":[{"href":"https:\/\/site.ac-martinique.fr\/lyc-dumasjeanjoseph\/index.php?rest_route=\/wp\/v2\/pages\/3107","targetHints":{"allow":["GET"]}}],"collection":[{"href":"https:\/\/site.ac-martinique.fr\/lyc-dumasjeanjoseph\/index.php?rest_route=\/wp\/v2\/pages"}],"about":[{"href":"https:\/\/site.ac-martinique.fr\/lyc-dumasjeanjoseph\/index.php?rest_route=\/wp\/v2\/types\/page"}],"author":[{"embeddable":true,"href":"https:\/\/site.ac-martinique.fr\/lyc-dumasjeanjoseph\/index.php?rest_route=\/wp\/v2\/users\/73"}],"replies":[{"embeddable":true,"href":"https:\/\/site.ac-martinique.fr\/lyc-dumasjeanjoseph\/index.php?rest_route=%2Fwp%2Fv2%2Fcomments&post=3107"}],"version-history":[{"count":3,"href":"https:\/\/site.ac-martinique.fr\/lyc-dumasjeanjoseph\/index.php?rest_route=\/wp\/v2\/pages\/3107\/revisions"}],"predecessor-version":[{"id":5085,"href":"https:\/\/site.ac-martinique.fr\/lyc-dumasjeanjoseph\/index.php?rest_route=\/wp\/v2\/pages\/3107\/revisions\/5085"}],"wp:attachment":[{"href":"https:\/\/site.ac-martinique.fr\/lyc-dumasjeanjoseph\/index.php?rest_route=%2Fwp%2Fv2%2Fmedia&parent=3107"}],"curies":[{"name":"wp","href":"https:\/\/api.w.org\/{rel}","templated":true}]}}