{"id":3197,"date":"2023-09-19T17:42:23","date_gmt":"2023-09-19T16:42:23","guid":{"rendered":"https:\/\/site.ac-martinique.fr\/lyc-dumasjeanjoseph\/?page_id=3197"},"modified":"2023-09-24T16:16:20","modified_gmt":"2023-09-24T15:16:20","slug":"fonds-sociaux","status":"publish","type":"page","link":"https:\/\/site.ac-martinique.fr\/lyc-dumasjeanjoseph\/?page_id=3197","title":{"rendered":"Fonds sociaux"},"content":{"rendered":"\n<p><strong>Qu&rsquo;est-ce que le fonds social ?<\/strong><\/p>\n\n\n\n<p>Le fonds social est une aide qui vous permet de faire face \u00e0 des d\u00e9penses de scolarit\u00e9 ou de vie scolaire.<\/p>\n\n\n\n<p>Il peut s&rsquo;agir, notamment, des d\u00e9penses suivantes&nbsp;:<\/p>\n\n\n\n<ul class=\"wp-block-list\">\n<li>Transport et sorties scolaires<\/li>\n\n\n\n<li>Soins de l&rsquo;enfant (soins bucco-dentaires, achat de lunettes, d&rsquo;appareils auditifs, etc.)<\/li>\n\n\n\n<li>V\u00eatements de travail<\/li>\n\n\n\n<li>\u00c9quipements professionnel ou sportif<\/li>\n\n\n\n<li>Manuels ou fournitures scolaires<\/li>\n<\/ul>\n\n\n\n<p><strong>Quelles sont les conditions pour b\u00e9n\u00e9ficier du fonds social ?<\/strong><\/p>\n\n\n\n<p>Pour b\u00e9n\u00e9ficier du fonds social, votre enfant doit \u00eatre scolaris\u00e9 dans l&rsquo;une des classes ou structures suivantes\u00a0:<\/p>\n\n\n\n<ul class=\"wp-block-list\">\n<li>Coll\u00e8ge ou lyc\u00e9e public<\/li>\n\n\n\n<li>Coll\u00e8ge ou lyc\u00e9e priv\u00e9 sous contrat<\/li>\n\n\n\n<li>Classe de niveau coll\u00e8ge ou lyc\u00e9e au Centre national d&rsquo;enseignement \u00e0 distance (Cned)<\/li>\n\n\n\n<li>\u00c9tablissement r\u00e9gional d&rsquo;enseignement adapt\u00e9 (EREA)<\/li>\n<\/ul>\n\n\n\n<p>En principe, si votre enfant est inscrit dans une classe pr\u00e9paratoire de lyc\u00e9e, vous ne pouvez pas b\u00e9n\u00e9ficier du fonds social. Toutefois, le chef d&rsquo;\u00e9tablissement peut exceptionnellement d\u00e9cider de vous accorder l&rsquo;aide.<\/p>\n\n\n\n<p><strong>Comment demander une aide? <\/strong><\/p>\n\n\n\n<p>Le chef d&rsquo;\u00e9tablissement vous informe \u00e0 la rentr\u00e9e de la possibilit\u00e9 de b\u00e9n\u00e9ficier de cette aide.<\/p>\n\n\n\n<p>Vous devez retirer un dossier au secr\u00e9tariat de l&rsquo;\u00e9tablissement et le retourner, avec les justificatifs r\u00e9clam\u00e9s.<\/p>\n\n<div class=\"twitter-share\"><a href=\"https:\/\/twitter.com\/intent\/tweet?via=lp_djj\" class=\"twitter-share-button\">Tweet<\/a><\/div>\n","protected":false},"excerpt":{"rendered":"<p>Qu&rsquo;est-ce que le fonds social ? Le fonds social est une aide qui vous permet de faire face \u00e0 des d\u00e9penses de scolarit\u00e9 ou de vie scolaire. Il peut s&rsquo;agir, notamment, des d\u00e9penses suivantes&nbsp;: Quelles sont les conditions pour b\u00e9n\u00e9ficier du fonds social ? Pour b\u00e9n\u00e9ficier du fonds social, votre enfant doit \u00eatre scolaris\u00e9 dans l&rsquo;une des classes ou structures suivantes\u00a0: En principe, si votre enfant est inscrit dans une classe pr\u00e9paratoire de lyc\u00e9e, vous ne pouvez pas b\u00e9n\u00e9ficier du fonds social. Toutefois, le chef d&rsquo;\u00e9tablissement peut exceptionnellement d\u00e9cider de vous accorder l&rsquo;aide. Comment demander une aide? Le chef d&rsquo;\u00e9tablissement vous informe \u00e0 la rentr\u00e9e de la possibilit\u00e9 de b\u00e9n\u00e9ficier de cette aide. Vous devez retirer un dossier au secr\u00e9tariat de l&rsquo;\u00e9tablissement et le retourner, avec les justificatifs r\u00e9clam\u00e9s.<\/p>\n","protected":false},"author":73,"featured_media":0,"parent":0,"menu_order":0,"comment_status":"closed","ping_status":"closed","template":"","meta":{"footnotes":""},"class_list":["post-3197","page","type-page","status-publish","hentry"],"_links":{"self":[{"href":"https:\/\/site.ac-martinique.fr\/lyc-dumasjeanjoseph\/index.php?rest_route=\/wp\/v2\/pages\/3197","targetHints":{"allow":["GET"]}}],"collection":[{"href":"https:\/\/site.ac-martinique.fr\/lyc-dumasjeanjoseph\/index.php?rest_route=\/wp\/v2\/pages"}],"about":[{"href":"https:\/\/site.ac-martinique.fr\/lyc-dumasjeanjoseph\/index.php?rest_route=\/wp\/v2\/types\/page"}],"author":[{"embeddable":true,"href":"https:\/\/site.ac-martinique.fr\/lyc-dumasjeanjoseph\/index.php?rest_route=\/wp\/v2\/users\/73"}],"replies":[{"embeddable":true,"href":"https:\/\/site.ac-martinique.fr\/lyc-dumasjeanjoseph\/index.php?rest_route=%2Fwp%2Fv2%2Fcomments&post=3197"}],"version-history":[{"count":2,"href":"https:\/\/site.ac-martinique.fr\/lyc-dumasjeanjoseph\/index.php?rest_route=\/wp\/v2\/pages\/3197\/revisions"}],"predecessor-version":[{"id":3410,"href":"https:\/\/site.ac-martinique.fr\/lyc-dumasjeanjoseph\/index.php?rest_route=\/wp\/v2\/pages\/3197\/revisions\/3410"}],"wp:attachment":[{"href":"https:\/\/site.ac-martinique.fr\/lyc-dumasjeanjoseph\/index.php?rest_route=%2Fwp%2Fv2%2Fmedia&parent=3197"}],"curies":[{"name":"wp","href":"https:\/\/api.w.org\/{rel}","templated":true}]}}