{"id":503,"date":"2024-01-23T16:01:25","date_gmt":"2024-01-23T20:01:25","guid":{"rendered":"https:\/\/site.ac-martinique.fr\/lyc-fanon\/?page_id=503"},"modified":"2024-09-02T10:53:17","modified_gmt":"2024-09-02T14:53:17","slug":"calendrier-horaires-detailles-du-lycee","status":"publish","type":"page","link":"https:\/\/site.ac-martinique.fr\/lyc-fanon\/?page_id=503","title":{"rendered":"Calendrier \/ horaires d\u00e9taill\u00e9s du lyc\u00e9e"},"content":{"rendered":"\n<figure class=\"wp-block-image size-large is-resized\"><img loading=\"lazy\" decoding=\"async\" width=\"1024\" height=\"724\" src=\"https:\/\/site.ac-martinique.fr\/lyc-fanon\/wp-content\/uploads\/sites\/138\/2024\/09\/calendrier-scolaire-2024-2025-martinique-1024x724.jpg\" alt=\"Calendrier scolaire 2024 - 2025\" class=\"wp-image-2378\" style=\"width:1026px;height:auto\" srcset=\"https:\/\/site.ac-martinique.fr\/lyc-fanon\/wp-content\/uploads\/sites\/138\/2024\/09\/calendrier-scolaire-2024-2025-martinique-1024x724.jpg 1024w, https:\/\/site.ac-martinique.fr\/lyc-fanon\/wp-content\/uploads\/sites\/138\/2024\/09\/calendrier-scolaire-2024-2025-martinique-300x212.jpg 300w, https:\/\/site.ac-martinique.fr\/lyc-fanon\/wp-content\/uploads\/sites\/138\/2024\/09\/calendrier-scolaire-2024-2025-martinique.jpg 1754w\" sizes=\"auto, (max-width: 1024px) 100vw, 1024px\" \/><\/figure>\n\n\n\n<h3 class=\"wp-block-heading\">Jours f\u00e9ri\u00e9s<\/h3>\n\n\n\n<p>En plus des vacances,<strong> le calendrier scolaire 2024-2025 compte 11 jours f\u00e9ri\u00e9s<\/strong> :<\/p>\n\n\n\n<ul class=\"wp-block-list\">\n<li>Vendredi 1<sup>er<\/sup> novembre 2024 : La Toussaint.<\/li>\n\n\n\n<li>Lundi 11 novembre 2024 : Armistice 1918.<\/li>\n\n\n\n<li>Mercredi 25 d\u00e9cembre 2024 : No\u00ebl.<\/li>\n\n\n\n<li>Mercredi 1<sup>er<\/sup> janvier 2025 : Jour de l&rsquo;An.<\/li>\n\n\n\n<li>Lundi 21 avril 2025 : Lundi de P\u00e2ques.<\/li>\n\n\n\n<li>Jeudi 1<sup>er<\/sup> mai 2025 : F\u00eate du Travail.<\/li>\n\n\n\n<li>Jeudi 8 mai 2025 : Victoire de 1945.<\/li>\n\n\n\n<li>Jeudi 22 mai 2025 : Abolition de l&rsquo;esclavage.<\/li>\n\n\n\n<li>Jeudi 29 mai 2025 : Ascension.<\/li>\n\n\n\n<li>Lundi 9 juin 2025 : Lundi de Pentec\u00f4te.<\/li>\n\n\n\n<li>Lundi 14 juillet 2025 : F\u00eate Nationale.<\/li>\n\n\n\n<li>Vendredi 15 ao\u00fbt 2025 : Assomption.<\/li>\n<\/ul>\n\n\n\n<p class=\"has-text-align-center has-medium-font-size\"><strong>Horaire d&rsquo;ouverture du portail \u00ab acc\u00e8s parking bus \u00bb<\/strong><\/p>\n\n\n\n<figure class=\"wp-block-image size-large\"><img loading=\"lazy\" decoding=\"async\" width=\"1024\" height=\"882\" src=\"https:\/\/site.ac-martinique.fr\/lyc-fanon\/wp-content\/uploads\/sites\/138\/2024\/01\/Horaires-douverture-du-portail-bus-1024x882.png\" alt=\"\" class=\"wp-image-586\" srcset=\"https:\/\/site.ac-martinique.fr\/lyc-fanon\/wp-content\/uploads\/sites\/138\/2024\/01\/Horaires-douverture-du-portail-bus-1024x882.png 1024w, https:\/\/site.ac-martinique.fr\/lyc-fanon\/wp-content\/uploads\/sites\/138\/2024\/01\/Horaires-douverture-du-portail-bus-300x259.png 300w, https:\/\/site.ac-martinique.fr\/lyc-fanon\/wp-content\/uploads\/sites\/138\/2024\/01\/Horaires-douverture-du-portail-bus.png 1323w\" sizes=\"auto, (max-width: 1024px) 100vw, 1024px\" \/><\/figure>\n\n\n\n<p><strong>Note : <\/strong>les demandes d&rsquo;acc\u00e8s exceptionnelles par le portail de la conciergerie, seront trait\u00e9es par la direction de l&rsquo;\u00e9tablissement.<\/p>\n\n\n\n<p class=\"has-text-align-center has-medium-font-size\"><strong>Fonctionnement de la sonnerie<\/strong><\/p>\n\n\n\n<p>Rappel : en fin de demi journ\u00e9e, les sonneries retentissent \u00e0 11H35, 12H35 et 17H05.<\/p>\n\n\n\n<p><u>IL EST IMP\u00c9RATIF DE RESPECTER CES HORAIRES<\/u><\/p>\n\n\n\n<p>Le d\u00e9part des bus est fix\u00e9 \u00e0 12H50 le mercredi midi et 17H20 l&rsquo;apr\u00e8s midi.<\/p>\n","protected":false},"excerpt":{"rendered":"<p>Jours f\u00e9ri\u00e9s En plus des vacances, le calendrier scolaire 2024-2025 compte 11 jours f\u00e9ri\u00e9s : Horaire d&rsquo;ouverture du portail \u00ab acc\u00e8s parking bus \u00bb Note : les demandes d&rsquo;acc\u00e8s exceptionnelles par le portail de la conciergerie, seront trait\u00e9es par la direction de l&rsquo;\u00e9tablissement. Fonctionnement de la sonnerie Rappel : en fin de demi journ\u00e9e, les &hellip; <\/p>\n<p class=\"link-more\"><a href=\"https:\/\/site.ac-martinique.fr\/lyc-fanon\/?page_id=503\" class=\"more-link\">Lire la suite de<span class=\"screen-reader-text\">\u00ab\u00a0Calendrier \/ horaires d\u00e9taill\u00e9s du lyc\u00e9e\u00a0\u00bb<\/span><\/a><\/p>\n","protected":false},"author":464,"featured_media":0,"parent":0,"menu_order":0,"comment_status":"closed","ping_status":"closed","template":"","meta":{"inspiro_hide_title":false,"footnotes":""},"class_list":["post-503","page","type-page","status-publish","hentry"],"_links":{"self":[{"href":"https:\/\/site.ac-martinique.fr\/lyc-fanon\/index.php?rest_route=\/wp\/v2\/pages\/503","targetHints":{"allow":["GET"]}}],"collection":[{"href":"https:\/\/site.ac-martinique.fr\/lyc-fanon\/index.php?rest_route=\/wp\/v2\/pages"}],"about":[{"href":"https:\/\/site.ac-martinique.fr\/lyc-fanon\/index.php?rest_route=\/wp\/v2\/types\/page"}],"author":[{"embeddable":true,"href":"https:\/\/site.ac-martinique.fr\/lyc-fanon\/index.php?rest_route=\/wp\/v2\/users\/464"}],"replies":[{"embeddable":true,"href":"https:\/\/site.ac-martinique.fr\/lyc-fanon\/index.php?rest_route=%2Fwp%2Fv2%2Fcomments&post=503"}],"version-history":[{"count":9,"href":"https:\/\/site.ac-martinique.fr\/lyc-fanon\/index.php?rest_route=\/wp\/v2\/pages\/503\/revisions"}],"predecessor-version":[{"id":2380,"href":"https:\/\/site.ac-martinique.fr\/lyc-fanon\/index.php?rest_route=\/wp\/v2\/pages\/503\/revisions\/2380"}],"wp:attachment":[{"href":"https:\/\/site.ac-martinique.fr\/lyc-fanon\/index.php?rest_route=%2Fwp%2Fv2%2Fmedia&parent=503"}],"curies":[{"name":"wp","href":"https:\/\/api.w.org\/{rel}","templated":true}]}}