{"id":38,"date":"2021-07-07T10:30:32","date_gmt":"2021-07-07T14:30:32","guid":{"rendered":"https:\/\/site.ac-martinique.fr\/lyc-josephgaillard\/?page_id=38"},"modified":"2021-07-07T10:30:32","modified_gmt":"2021-07-07T14:30:32","slug":"un-peu-dhistoire","status":"publish","type":"page","link":"https:\/\/site.ac-martinique.fr\/lyc-josephgaillard\/?page_id=38","title":{"rendered":"UN PEU D&rsquo;HISTOIRE"},"content":{"rendered":"\n<p>Le Groupe technique sis initialement au bassin de radoub, devient Lyc\u00e9e Technique en 1962.<\/p>\n\n\n\n<p>Monsieur Patrick GAST (Proviseur du Lyc\u00e9e G\u00e9n\u00e9ral et Technologique de La Pointe des N\u00e8gres), Madame Flora LUGIERY et Monsieur Daniel MARLET (Proviseurs adjoints) ont eu le plaisir d\u2019annoncer officiellement le changement de d\u00e9nomination du Lyc\u00e9e le Mercredi 7 D\u00e9cembre 2005.<\/p>\n\n\n\n<p>La c\u00e9r\u00e9monie a eu lieu au LGT Pointe des N\u00e8gres sous la pr\u00e9sidence de Madame Jo\u00eblle LE MORZELLEC (Recteur de l\u2019Acad\u00e9mie de la Martinique) et de Monsieur Alfred MARIE-JEANNE (Pr\u00e9sident du Conseil R\u00e9gional de la Martinique).<\/p>\n\n\n\n<p>Le Lyc\u00e9e a \u00e9t\u00e9 alors rebaptis\u00e9 Lyc\u00e9e G\u00e9n\u00e9ral et Technologique JOSEPH GAILLARD en hommage \u00e0 son premier proviseur.<\/p>\n\n\n\n<h2 class=\"wp-block-heading\"><strong>Qui \u00e9tait Mr Joseph Gaillard ?<\/strong><\/h2>\n\n\n\n<figure class=\"wp-block-image\"><img decoding=\"async\" src=\"http:\/\/localhost\/wordpress\/wp-content\/uploads\/2021\/01\/JosephGailard-lhomme.jpg\" alt=\"\" class=\"wp-image-289\" \/><figcaption>Joseph GAILLARD est le premier proviseur du lyc\u00e9e technique<\/figcaption><\/figure>\n\n\n\n<p>Issu d\u2019une famille tr\u00e8s modeste de Saint-Esprit, Joseph GAILLARD est n\u00e9 le 25 mai 1915.<\/p>\n\n\n\n<p>Ing\u00e9nieur de l\u2019Ecole Nationale Sup\u00e9rieure des Arts et M\u00e9tiers en 1938, Ing\u00e9nieur de l\u2019Ecole Sup\u00e9rieur de l\u2019Electrom\u00e9canique de Lille, il a \u00e9t\u00e9 professeur de Techniques automobile, de math\u00e9matiques, de physique et de dessin industriel.<\/p>\n\n\n\n<p>En 1962, il est le premier proviseur du lyc\u00e9e technique (pr\u00e9c\u00e9dent nom du lyc\u00e9e Joseph GAILLARD). Il le restera jusqu\u2019en 1980.<\/p>\n\n\n\n<p>Joseph GAILLARD est fait Officier des palmes Acad\u00e9miques en 1963 et re\u00e7oit en 1978 la croix de Chevalier de l\u2019Ordre du M\u00e9rite.<\/p>\n\n\n\n<p>Il s\u2019est \u00e9teint en 1982 \u00e0 l\u2019\u00e2ge de 67 ans.<\/p>\n\n\n\n<p>Pour en savoir plus sur son histoire et son \u0153uvre, une vid\u00e9o :<br><\/p>\n","protected":false},"excerpt":{"rendered":"<p>Le Groupe technique sis initialement au bassin de radoub, devient Lyc\u00e9e Technique en 1962. Monsieur Patrick GAST (Proviseur du Lyc\u00e9e G\u00e9n\u00e9ral et Technologique de La Pointe des N\u00e8gres), Madame Flora LUGIERY et Monsieur Daniel MARLET (Proviseurs adjoints) ont eu le plaisir d\u2019annoncer officiellement le changement de d\u00e9nomination du Lyc\u00e9e le Mercredi 7 D\u00e9cembre 2005. La [&hellip;]<\/p>\n","protected":false},"author":246,"featured_media":0,"parent":0,"menu_order":0,"comment_status":"closed","ping_status":"closed","template":"","meta":{"ocean_post_layout":"","ocean_both_sidebars_style":"","ocean_both_sidebars_content_width":0,"ocean_both_sidebars_sidebars_width":0,"ocean_sidebar":"","ocean_second_sidebar":"","ocean_disable_margins":"enable","ocean_add_body_class":"","ocean_shortcode_before_top_bar":"","ocean_shortcode_after_top_bar":"","ocean_shortcode_before_header":"","ocean_shortcode_after_header":"","ocean_has_shortcode":"","ocean_shortcode_after_title":"","ocean_shortcode_before_footer_widgets":"","ocean_shortcode_after_footer_widgets":"","ocean_shortcode_before_footer_bottom":"","ocean_shortcode_after_footer_bottom":"","ocean_display_top_bar":"default","ocean_display_header":"default","ocean_header_style":"","ocean_center_header_left_menu":"","ocean_custom_header_template":"","ocean_custom_logo":0,"ocean_custom_retina_logo":0,"ocean_custom_logo_max_width":0,"ocean_custom_logo_tablet_max_width":0,"ocean_custom_logo_mobile_max_width":0,"ocean_custom_logo_max_height":0,"ocean_custom_logo_tablet_max_height":0,"ocean_custom_logo_mobile_max_height":0,"ocean_header_custom_menu":"","ocean_menu_typo_font_family":"","ocean_menu_typo_font_subset":"","ocean_menu_typo_font_size":0,"ocean_menu_typo_font_size_tablet":0,"ocean_menu_typo_font_size_mobile":0,"ocean_menu_typo_font_size_unit":"px","ocean_menu_typo_font_weight":"","ocean_menu_typo_font_weight_tablet":"","ocean_menu_typo_font_weight_mobile":"","ocean_menu_typo_transform":"","ocean_menu_typo_transform_tablet":"","ocean_menu_typo_transform_mobile":"","ocean_menu_typo_line_height":0,"ocean_menu_typo_line_height_tablet":0,"ocean_menu_typo_line_height_mobile":0,"ocean_menu_typo_line_height_unit":"","ocean_menu_typo_spacing":0,"ocean_menu_typo_spacing_tablet":0,"ocean_menu_typo_spacing_mobile":0,"ocean_menu_typo_spacing_unit":"","ocean_menu_link_color":"","ocean_menu_link_color_hover":"","ocean_menu_link_color_active":"","ocean_menu_link_background":"","ocean_menu_link_hover_background":"","ocean_menu_link_active_background":"","ocean_menu_social_links_bg":"","ocean_menu_social_hover_links_bg":"","ocean_menu_social_links_color":"","ocean_menu_social_hover_links_color":"","ocean_disable_title":"default","ocean_disable_heading":"default","ocean_post_title":"","ocean_post_subheading":"","ocean_post_title_style":"","ocean_post_title_background_color":"","ocean_post_title_background":0,"ocean_post_title_bg_image_position":"","ocean_post_title_bg_image_attachment":"","ocean_post_title_bg_image_repeat":"","ocean_post_title_bg_image_size":"","ocean_post_title_height":0,"ocean_post_title_bg_overlay":0.5,"ocean_post_title_bg_overlay_color":"","ocean_disable_breadcrumbs":"default","ocean_breadcrumbs_color":"","ocean_breadcrumbs_separator_color":"","ocean_breadcrumbs_links_color":"","ocean_breadcrumbs_links_hover_color":"","ocean_display_footer_widgets":"default","ocean_display_footer_bottom":"default","ocean_custom_footer_template":"","footnotes":""},"class_list":["post-38","page","type-page","status-publish","hentry","entry"],"_links":{"self":[{"href":"https:\/\/site.ac-martinique.fr\/lyc-josephgaillard\/index.php?rest_route=\/wp\/v2\/pages\/38","targetHints":{"allow":["GET"]}}],"collection":[{"href":"https:\/\/site.ac-martinique.fr\/lyc-josephgaillard\/index.php?rest_route=\/wp\/v2\/pages"}],"about":[{"href":"https:\/\/site.ac-martinique.fr\/lyc-josephgaillard\/index.php?rest_route=\/wp\/v2\/types\/page"}],"author":[{"embeddable":true,"href":"https:\/\/site.ac-martinique.fr\/lyc-josephgaillard\/index.php?rest_route=\/wp\/v2\/users\/246"}],"replies":[{"embeddable":true,"href":"https:\/\/site.ac-martinique.fr\/lyc-josephgaillard\/index.php?rest_route=%2Fwp%2Fv2%2Fcomments&post=38"}],"version-history":[{"count":1,"href":"https:\/\/site.ac-martinique.fr\/lyc-josephgaillard\/index.php?rest_route=\/wp\/v2\/pages\/38\/revisions"}],"predecessor-version":[{"id":40,"href":"https:\/\/site.ac-martinique.fr\/lyc-josephgaillard\/index.php?rest_route=\/wp\/v2\/pages\/38\/revisions\/40"}],"wp:attachment":[{"href":"https:\/\/site.ac-martinique.fr\/lyc-josephgaillard\/index.php?rest_route=%2Fwp%2Fv2%2Fmedia&parent=38"}],"curies":[{"name":"wp","href":"https:\/\/api.w.org\/{rel}","templated":true}]}}