{"id":5647,"date":"2025-03-16T11:28:51","date_gmt":"2025-03-16T15:28:51","guid":{"rendered":"https:\/\/site.ac-martinique.fr\/lyc-lajetee\/?page_id=5647"},"modified":"2025-06-17T17:06:33","modified_gmt":"2025-06-17T21:06:33","slug":"__trashed","status":"publish","type":"page","link":"https:\/\/site.ac-martinique.fr\/lyc-lajetee\/?page_id=5647","title":{"rendered":"Mobilit\u00e9s et projets"},"content":{"rendered":"\n<figure class=\"wp-block-image size-large\"><a href=\"https:\/\/site.ac-martinique.fr\/lyc-lajetee\/wp-content\/uploads\/sites\/35\/2025\/03\/Banniere-Voyage-1.png\"><img loading=\"lazy\" decoding=\"async\" width=\"1024\" height=\"256\" src=\"https:\/\/site.ac-martinique.fr\/lyc-lajetee\/wp-content\/uploads\/sites\/35\/2025\/03\/Banniere-Voyage-1-1024x256.png\" alt=\"\" class=\"wp-image-5650\" srcset=\"https:\/\/site.ac-martinique.fr\/lyc-lajetee\/wp-content\/uploads\/sites\/35\/2025\/03\/Banniere-Voyage-1-1024x256.png 1024w, https:\/\/site.ac-martinique.fr\/lyc-lajetee\/wp-content\/uploads\/sites\/35\/2025\/03\/Banniere-Voyage-1-300x75.png 300w, https:\/\/site.ac-martinique.fr\/lyc-lajetee\/wp-content\/uploads\/sites\/35\/2025\/03\/Banniere-Voyage-1-768x192.png 768w, https:\/\/site.ac-martinique.fr\/lyc-lajetee\/wp-content\/uploads\/sites\/35\/2025\/03\/Banniere-Voyage-1-1536x384.png 1536w, https:\/\/site.ac-martinique.fr\/lyc-lajetee\/wp-content\/uploads\/sites\/35\/2025\/03\/Banniere-Voyage-1.png 1584w\" sizes=\"auto, (max-width: 1024px) 100vw, 1024px\" \/><\/a><\/figure>\n\n\n\n<p><em>Dans le cadre de projets men\u00e9s avec les enseignants, nos \u00e9l\u00e8ves sont en contact avec d&rsquo;autres en Europe et \u00e0 l&rsquo;International. Nous partageons leurs enrichissantes exp\u00e9riences. <\/em><\/p>\n\n\n\n<p class=\"has-white-color has-text-color has-background has-link-color has-medium-font-size wp-elements-dfd2990dec354cb6603ec105e22bbe34\" style=\"background-color:#081290\"><strong>Projets eTwinning<\/strong><\/p>\n\n\n\n<p><strong><mark style=\"background-color:rgba(0, 0, 0, 0)\" class=\"has-inline-color has-red-color\">D\u00e9p\u00f4t d\u2019une demande de mobilit\u00e9s de courte dur\u00e9e (KA122-SCH)<\/mark><\/strong> &#8211; L\u2019\u00e9quipe p\u00e9dagogique d\u2019Espagnol a d\u00e9pos\u00e9 en f\u00e9vrier 2025 une demande aupr\u00e8s d\u2019Erasmus. Le projet intitul\u00e9 \u00ab\u00a0Les expressions artistiques au-del\u00e0 de nos fronti\u00e8res insulaires\u00a0\u00bb devrait se d\u00e9rouler sur 18 mois, du <strong>01\/06\/2025 au 30\/11\/2026 <\/strong>et permettre <strong>2 voyages p\u00e9dagogiques vers Santa Cruz de la Palma aux \u00eeles Canaries<\/strong>.<\/p>\n\n\n\n<p class=\"has-medium-orange-color has-text-color has-link-color wp-elements-957c8ae6006f8397ce6f822ac264a743\"><strong>Les mobilit\u00e9s pr\u00e9vues&nbsp;(dates pr\u00e9visionnelles)<\/strong> :<\/p>\n\n\n\n<ul class=\"wp-block-list\">\n<li><strong>Du 12 au 19 mai 2025<\/strong>&nbsp;: Santa Cruz de la Palma vers la Martinique<\/li>\n\n\n\n<li><strong>Du 11 au 24 octobre 2025<\/strong>&nbsp;: Martinique vers Santa Cruz de la Palma<\/li>\n\n\n\n<li><strong>Du 21 mars au 03 avril 2026<\/strong>&nbsp;: Martinique vers Santa Cruz de la Palma                                          <\/li>\n<\/ul>\n\n\n\n<p>Il s\u2019agit d\u2019un projet hybride dans la mesure o\u00f9 il associe des \u00e9changes virtuels gr\u00e2ce \u00e0 la plateforme Etwinning avec des mobilit\u00e9s physiques. Le projet etwinning intitul\u00e9 \u00ab&nbsp;<strong>Teatro sin fronteras&nbsp;<\/strong>\u00bb a \u00e9t\u00e9 ouvert en octobre 2024 et permet d\u00e9j\u00e0 les premiers \u00e9changes et activit\u00e9s avec le partenaire du projet&nbsp;: La Escuela de Arte Manolo Blahnik. Les \u00e9l\u00e8ves de la Premi\u00e8re Enseignement de sp\u00e9cialit\u00e9 LLCER Espagnol ont ainsi pu enregistrer en d\u00e9cembre 2024, une \u00e9mission de radio \u00e0 3 voix avec un \u00e9tablissement de Madrid en plus de celui de Santa Cruz de la Palma.&nbsp; <a href=\"https:\/\/www3.gobiernodecanarias.org\/medusa\/edublog\/eamanoloblahnik\/naufragos-en-utopia-un-puente-de-voces-entre-la-palma-madrid-y-martinica\/\" data-type=\"link\" data-id=\"https:\/\/www3.gobiernodecanarias.org\/medusa\/edublog\/eamanoloblahnik\/naufragos-en-utopia-un-puente-de-voces-entre-la-palma-madrid-y-martinica\/\">Pour \u00e9couter l\u2019enregistrement<\/a><\/p>\n\n\n\n<figure class=\"wp-block-gallery has-nested-images columns-default is-cropped wp-block-gallery-1 is-layout-flex wp-block-gallery-is-layout-flex\">\n<figure class=\"wp-block-image size-large\"><a href=\"https:\/\/site.ac-martinique.fr\/lyc-lajetee\/wp-content\/uploads\/sites\/35\/2025\/03\/ERASMUS-logo-1-433134773-3.jpg\"><img loading=\"lazy\" decoding=\"async\" width=\"1024\" height=\"216\" data-id=\"5665\" src=\"https:\/\/site.ac-martinique.fr\/lyc-lajetee\/wp-content\/uploads\/sites\/35\/2025\/03\/ERASMUS-logo-1-433134773-3-1024x216.jpg\" alt=\"\" class=\"wp-image-5665\" srcset=\"https:\/\/site.ac-martinique.fr\/lyc-lajetee\/wp-content\/uploads\/sites\/35\/2025\/03\/ERASMUS-logo-1-433134773-3-1024x216.jpg 1024w, https:\/\/site.ac-martinique.fr\/lyc-lajetee\/wp-content\/uploads\/sites\/35\/2025\/03\/ERASMUS-logo-1-433134773-3-300x63.jpg 300w, https:\/\/site.ac-martinique.fr\/lyc-lajetee\/wp-content\/uploads\/sites\/35\/2025\/03\/ERASMUS-logo-1-433134773-3-768x162.jpg 768w, https:\/\/site.ac-martinique.fr\/lyc-lajetee\/wp-content\/uploads\/sites\/35\/2025\/03\/ERASMUS-logo-1-433134773-3-1536x324.jpg 1536w, https:\/\/site.ac-martinique.fr\/lyc-lajetee\/wp-content\/uploads\/sites\/35\/2025\/03\/ERASMUS-logo-1-433134773-3.jpg 1786w\" sizes=\"auto, (max-width: 1024px) 100vw, 1024px\" \/><\/a><\/figure>\n<\/figure>\n\n\n\n<p><strong><mark style=\"background-color:rgba(0, 0, 0, 0)\" class=\"has-inline-color has-red-color\">D\u00e9cembre 2024<\/mark> &#8211; Visite d&rsquo;\u00e9l\u00e8ves de Salou<\/strong> &#8211; En marge d\u2019une mobilit\u00e9<strong> Erasmus+<\/strong> dans le cadre d\u2019un projet avec le LNA de Sainte-Marie, quelques \u00e9l\u00e8ves de l\u2019IES Jaume I ont pu \u00e9changer avec nos \u00e9l\u00e8ves de la Premi\u00e8re sp\u00e9cialit\u00e9 Espagnol en d\u00e9cembre 2024. Ils ont \u00e9galement contribu\u00e9 \u00e0 l\u2019entra\u00eenement de nos \u00e9l\u00e8ves afin d\u2019am\u00e9liorer leur phonologie. <a href=\"https:\/\/www3.gobiernodecanarias.org\/medusa\/edublog\/eamanoloblahnik\/naufragos-en-utopia-un-puente-de-voces-entre-la-palma-madrid-y-martinica\/\" data-type=\"link\" data-id=\"https:\/\/www3.gobiernodecanarias.org\/medusa\/edublog\/eamanoloblahnik\/naufragos-en-utopia-un-puente-de-voces-entre-la-palma-madrid-y-martinica\/\">Ecoutez l&rsquo;\u00e9mission enregistr\u00e9e<\/a><\/p>\n\n\n\n<figure class=\"wp-block-gallery has-nested-images columns-default is-cropped wp-block-gallery-2 is-layout-flex wp-block-gallery-is-layout-flex\">\n<figure class=\"wp-block-image size-large\"><a href=\"https:\/\/site.ac-martinique.fr\/lyc-lajetee\/wp-content\/uploads\/sites\/35\/2025\/03\/Eleve-voyage1.png\"><img loading=\"lazy\" decoding=\"async\" width=\"436\" height=\"255\" data-id=\"5652\" src=\"https:\/\/site.ac-martinique.fr\/lyc-lajetee\/wp-content\/uploads\/sites\/35\/2025\/03\/Eleve-voyage1.png\" alt=\"Les \u00e9l\u00e8ves de Martinique en visioconf\u00e9rence avec Santa Cruz de la Palma pour pr\u00e9parer l\u2019enregistrement de l\u2019\u00e9mission de radio\" class=\"wp-image-5652\" srcset=\"https:\/\/site.ac-martinique.fr\/lyc-lajetee\/wp-content\/uploads\/sites\/35\/2025\/03\/Eleve-voyage1.png 436w, https:\/\/site.ac-martinique.fr\/lyc-lajetee\/wp-content\/uploads\/sites\/35\/2025\/03\/Eleve-voyage1-300x175.png 300w\" sizes=\"auto, (max-width: 436px) 100vw, 436px\" \/><\/a><figcaption class=\"wp-element-caption\"><em><em><strong>Les \u00e9l\u00e8ves de la Premi\u00e8re sp\u00e9cialit\u00e9 Espagnol, des \u00e9l\u00e8ves de l\u2019IES Jaume I, une professeure de Salou et M. MARINE du LPO La Jet\u00e9e<\/strong><\/em><\/em><\/figcaption><\/figure>\n\n\n\n<figure class=\"wp-block-image size-large\"><a href=\"https:\/\/site.ac-martinique.fr\/lyc-lajetee\/wp-content\/uploads\/sites\/35\/2025\/03\/Eleves-voyage.png\"><img loading=\"lazy\" decoding=\"async\" width=\"452\" height=\"275\" data-id=\"5653\" src=\"https:\/\/site.ac-martinique.fr\/lyc-lajetee\/wp-content\/uploads\/sites\/35\/2025\/03\/Eleves-voyage.png\" alt=\"\" class=\"wp-image-5653\" srcset=\"https:\/\/site.ac-martinique.fr\/lyc-lajetee\/wp-content\/uploads\/sites\/35\/2025\/03\/Eleves-voyage.png 452w, https:\/\/site.ac-martinique.fr\/lyc-lajetee\/wp-content\/uploads\/sites\/35\/2025\/03\/Eleves-voyage-300x183.png 300w\" sizes=\"auto, (max-width: 452px) 100vw, 452px\" \/><\/a><figcaption class=\"wp-element-caption\"><em><strong>Les \u00e9l\u00e8ves de Martinique en visioconf\u00e9rence avec Santa Cruz de la Palma pour pr\u00e9parer l\u2019enregistrement de l\u2019\u00e9mission de radio<\/strong><\/em><\/figcaption><\/figure>\n<\/figure>\n\n\n\n<p><strong><mark style=\"background-color:rgba(0, 0, 0, 0)\" class=\"has-inline-color has-red-color\">Projet Etwinning \u00ab\u00a0Iles durables, amiti\u00e9s durables\u00a0\u00bb (2023\/2024)<\/mark><\/strong> &#8211;  En partenariat avec l\u2019IES Puerto Cabras Rafael Ben\u00edtez (Fuerteventura, Iles Canaries), l\u2019\u00e9quipe p\u00e9dagogique d\u2019Espagnol a men\u00e9 un projet sur toute l\u2019ann\u00e9e scolaire 2023\/2024 autour de la th\u00e9matique de l\u2019eau dans les r\u00e9gions europ\u00e9ennes ultrap\u00e9riph\u00e9riques. L\u2019objectif de ce projet \u00e9tait de faire les \u00e9l\u00e8ves utiliser les langues \u00e9trang\u00e8res (espagnol et fran\u00e7ais) dans un contexte r\u00e9el de communication dans le but de visibiliser, appr\u00e9cier et prot\u00e9ger les ressources hydriques de leurs \u00eeles (Fuerteventura et Martinique).  Les objectifs du projet\u00a0:<\/p>\n\n\n\n<ul class=\"wp-block-list\">\n<li> Am\u00e9liorer le niveau en langue \u00e9trang\u00e8re (fran\u00e7ais \/ espagnol)<\/li>\n\n\n\n<li>Sensibiliser \u00e0 prot\u00e9ger les ressources hydriques<\/li>\n\n\n\n<li>Favoriser l&#8217;emploi responsable des nouvelles technologies pour travailler de mani\u00e8re collaborative avec d&rsquo;autres pays et \u00e9tablir des liens interculturels<\/li>\n<\/ul>\n\n\n\n<figure class=\"wp-block-gallery has-nested-images columns-default is-cropped wp-block-gallery-3 is-layout-flex wp-block-gallery-is-layout-flex\">\n<figure class=\"wp-block-image size-large\"><a href=\"https:\/\/site.ac-martinique.fr\/lyc-lajetee\/wp-content\/uploads\/sites\/35\/2025\/03\/Et1.png\"><img loading=\"lazy\" decoding=\"async\" width=\"374\" height=\"306\" data-id=\"5666\" src=\"https:\/\/site.ac-martinique.fr\/lyc-lajetee\/wp-content\/uploads\/sites\/35\/2025\/03\/Et1.png\" alt=\"\" class=\"wp-image-5666\" srcset=\"https:\/\/site.ac-martinique.fr\/lyc-lajetee\/wp-content\/uploads\/sites\/35\/2025\/03\/Et1.png 374w, https:\/\/site.ac-martinique.fr\/lyc-lajetee\/wp-content\/uploads\/sites\/35\/2025\/03\/Et1-300x245.png 300w\" sizes=\"auto, (max-width: 374px) 100vw, 374px\" \/><\/a><\/figure>\n\n\n\n<figure class=\"wp-block-image size-large\"><a href=\"https:\/\/site.ac-martinique.fr\/lyc-lajetee\/wp-content\/uploads\/sites\/35\/2025\/03\/et2.png\"><img loading=\"lazy\" decoding=\"async\" width=\"264\" height=\"266\" data-id=\"5667\" src=\"https:\/\/site.ac-martinique.fr\/lyc-lajetee\/wp-content\/uploads\/sites\/35\/2025\/03\/et2.png\" alt=\"\" class=\"wp-image-5667\" srcset=\"https:\/\/site.ac-martinique.fr\/lyc-lajetee\/wp-content\/uploads\/sites\/35\/2025\/03\/et2.png 264w, https:\/\/site.ac-martinique.fr\/lyc-lajetee\/wp-content\/uploads\/sites\/35\/2025\/03\/et2-150x150.png 150w\" sizes=\"auto, (max-width: 264px) 100vw, 264px\" \/><\/a><\/figure>\n\n\n\n<figure class=\"wp-block-image size-large\"><a href=\"https:\/\/site.ac-martinique.fr\/lyc-lajetee\/wp-content\/uploads\/sites\/35\/2025\/03\/et3.png\"><img loading=\"lazy\" decoding=\"async\" width=\"232\" height=\"264\" data-id=\"5668\" src=\"https:\/\/site.ac-martinique.fr\/lyc-lajetee\/wp-content\/uploads\/sites\/35\/2025\/03\/et3.png\" alt=\"\" class=\"wp-image-5668\"\/><\/a><\/figure>\n<\/figure>\n\n\n\n<p><\/p>\n","protected":false},"excerpt":{"rendered":"<p>Dans le cadre de projets men\u00e9s avec les enseignants, nos \u00e9l\u00e8ves sont en contact avec d&rsquo;autres en Europe et \u00e0 l&rsquo;International. Nous partageons leurs enrichissantes exp\u00e9riences. Projets eTwinning D\u00e9p\u00f4t d\u2019une demande de mobilit\u00e9s de courte dur\u00e9e (KA122-SCH) &#8211; L\u2019\u00e9quipe p\u00e9dagogique d\u2019Espagnol a d\u00e9pos\u00e9 en f\u00e9vrier 2025 une demande aupr\u00e8s d\u2019Erasmus. Le projet intitul\u00e9 \u00ab\u00a0Les expressions &hellip; <a href=\"https:\/\/site.ac-martinique.fr\/lyc-lajetee\/?page_id=5647\" class=\"more-link\">Continuer la lecture de <span class=\"screen-reader-text\">Mobilit\u00e9s et projets<\/span> <span class=\"meta-nav\">&rarr;<\/span><\/a><\/p>\n","protected":false},"author":95,"featured_media":0,"parent":0,"menu_order":0,"comment_status":"closed","ping_status":"closed","template":"","meta":{"footnotes":""},"class_list":["post-5647","page","type-page","status-publish","hentry"],"_links":{"self":[{"href":"https:\/\/site.ac-martinique.fr\/lyc-lajetee\/index.php?rest_route=\/wp\/v2\/pages\/5647","targetHints":{"allow":["GET"]}}],"collection":[{"href":"https:\/\/site.ac-martinique.fr\/lyc-lajetee\/index.php?rest_route=\/wp\/v2\/pages"}],"about":[{"href":"https:\/\/site.ac-martinique.fr\/lyc-lajetee\/index.php?rest_route=\/wp\/v2\/types\/page"}],"author":[{"embeddable":true,"href":"https:\/\/site.ac-martinique.fr\/lyc-lajetee\/index.php?rest_route=\/wp\/v2\/users\/95"}],"replies":[{"embeddable":true,"href":"https:\/\/site.ac-martinique.fr\/lyc-lajetee\/index.php?rest_route=%2Fwp%2Fv2%2Fcomments&post=5647"}],"version-history":[{"count":5,"href":"https:\/\/site.ac-martinique.fr\/lyc-lajetee\/index.php?rest_route=\/wp\/v2\/pages\/5647\/revisions"}],"predecessor-version":[{"id":5847,"href":"https:\/\/site.ac-martinique.fr\/lyc-lajetee\/index.php?rest_route=\/wp\/v2\/pages\/5647\/revisions\/5847"}],"wp:attachment":[{"href":"https:\/\/site.ac-martinique.fr\/lyc-lajetee\/index.php?rest_route=%2Fwp%2Fv2%2Fmedia&parent=5647"}],"curies":[{"name":"wp","href":"https:\/\/api.w.org\/{rel}","templated":true}]}}