{"id":5768,"date":"2025-06-05T10:30:22","date_gmt":"2025-06-05T14:30:22","guid":{"rendered":"https:\/\/site.ac-martinique.fr\/lyc-lajetee\/?page_id=5768"},"modified":"2025-06-23T17:15:54","modified_gmt":"2025-06-23T21:15:54","slug":"__trashed-2","status":"publish","type":"page","link":"https:\/\/site.ac-martinique.fr\/lyc-lajetee\/?page_id=5768","title":{"rendered":"Rentr\u00e9e scolaire 2025-2026"},"content":{"rendered":"\n<p><em>Vous trouverez ici tous les documents et renseignements pour inscrire sereinement vos enfants au lyc\u00e9e polyvalent de la Jet\u00e9e.<\/em><\/p>\n\n\n\n<p class=\"has-dark-gray-color has-text-color has-link-color wp-elements-53dbc0c06d744f3dd2ba59895a3265d6\"><strong>Note aux parents<\/strong> &#8211; Vous \u00eates inform\u00e9s(es) que la p\u00e9riode d&rsquo;inscription et r\u00e9inscription au LPO du Fran\u00e7ois s&rsquo;ouvrira le <mark style=\"background-color:rgba(0, 0, 0, 0)\" class=\"has-inline-color has-medium-orange-color\"><strong>lundi 23 juin 2025<\/strong><\/mark>. Pour en savoir plus cliquez<a href=\"https:\/\/site.ac-martinique.fr\/lyc-lajetee\/wp-content\/uploads\/sites\/35\/2025\/06\/NOTE-AUX-PARENTS-DU-LPO-LA-JETEE.pdf\"> <strong>ici<\/strong><\/a><\/p>\n\n\n\n<p><strong>Recommandation avant inscription<\/strong> &#8211; T\u00e9l\u00e9charger le document<strong> <a href=\"https:\/\/site.ac-martinique.fr\/lyc-lajetee\/wp-content\/uploads\/sites\/35\/2025\/06\/Recommandations-importantes-avant-inscription.pdf\">ici<\/a><\/strong><\/p>\n\n\n\n<p><strong>Calendrier d&rsquo;inscription et de r\u00e9inscription 2025-2026<\/strong>. T\u00e9l\u00e9charger le document<a href=\"https:\/\/site.ac-martinique.fr\/lyc-lajetee\/wp-content\/uploads\/sites\/35\/2025\/06\/CALENDRIER-INSCRIPTION-ET-REINSCRIPTION.pdf\"> <strong>ici<\/strong><\/a><\/p>\n\n\n\n<p><strong>R\u00e9inscription des anciens \u00e9l\u00e8ves.<\/strong> T\u00e9l\u00e9charger le document<a href=\"https:\/\/site.ac-martinique.fr\/lyc-lajetee\/wp-content\/uploads\/sites\/35\/2025\/06\/Reinscription-des-anciens-eleves.pdf\"> <strong>ici<\/strong><\/a><\/p>\n\n\n\n<p><strong>Inscription voie professionnelle <\/strong>&#8211; 3<sup>e<\/sup> Pr\u00e9pa M\u00e9tiers &#8211; 2<sup>nde<\/sup> g\u00e9n\u00e9rales &#8211; 2<sup>nde<\/sup> Bac Pro &#8211; 1<sup>ere<\/sup> CAP &#8211; 1<sup>ere<\/sup> BTS. T\u00e9l\u00e9charger le document<strong> <a href=\"https:\/\/site.ac-martinique.fr\/lyc-lajetee\/wp-content\/uploads\/sites\/35\/2025\/06\/Inscription-Voie-Prof-CAP-BAC-PRO-3PMET-BTS.pdf\">ici<\/a><\/strong><\/p>\n\n\n\n<p><strong>Inscription des nouveaux \u00e9l\u00e8ves et \u00e9tudiants<\/strong> &#8211; 3<sup>e<\/sup> Pr\u00e9pa M\u00e9tiers &#8211; 2<sup>nde<\/sup> g\u00e9n\u00e9rales &#8211; 2<sup>nde<\/sup> Bac Pro &#8211; 1<sup>ere<\/sup> CAP &#8211; 1<sup>ere<\/sup> BTS. T\u00e9l\u00e9charger le document <a href=\"https:\/\/site.ac-martinique.fr\/lyc-lajetee\/wp-content\/uploads\/sites\/35\/2025\/06\/Inscription-nouveaux-eleves-2degene-1CAP-2deBACPRO-1BTS-3PreMET.pdf\"><strong>ici<\/strong><\/a><\/p>\n\n\n\n<p><strong><mark style=\"background-color:rgba(0, 0, 0, 0)\" class=\"has-inline-color has-dark-gray-color\">Inscription des \u00e9l\u00e8ves de 2nde g\u00e9n\u00e9rales et technologique<\/mark><\/strong> &#8211; T\u00e9l\u00e9charger le document <a href=\"https:\/\/site.ac-martinique.fr\/lyc-lajetee\/wp-content\/uploads\/sites\/35\/2025\/06\/Inscription-2de-Gene-et-Techn.pdf\"><strong>ici<\/strong><\/a><\/p>\n\n\n\n<p><strong>Inscription des premi\u00e8res g\u00e9n\u00e9rales et technologique<\/strong> &#8211; T\u00e9l\u00e9charger le document <a href=\"https:\/\/site.ac-martinique.fr\/lyc-lajetee\/wp-content\/uploads\/sites\/35\/2025\/06\/Inscription-Premiere-Generale-et-Technologique-1.pdf\"> <strong>ici<\/strong><\/a><\/p>\n\n\n\n<p><strong>Inscription des terminales g\u00e9n\u00e9rales et technologique<\/strong> &#8211; T\u00e9l\u00e9charger le document <a href=\"https:\/\/site.ac-martinique.fr\/lyc-lajetee\/wp-content\/uploads\/sites\/35\/2025\/06\/Inscription-Terminale-Gene-et-Techn.pdf\"><strong>ici<\/strong><\/a><\/p>\n\n\n\n<p><strong><mark style=\"background-color:rgba(0, 0, 0, 0)\" class=\"has-inline-color has-light-orange-color\">Documents pour l&rsquo;ensemble des \u00e9l\u00e8ves<\/mark><\/strong><\/p>\n\n\n\n<p><strong>Autorisation parentale sortie des \u00e9l\u00e8ves demi-pensionnaires <\/strong>&#8211; T\u00e9l\u00e9charger <a href=\"https:\/\/site.ac-martinique.fr\/lyc-lajetee\/wp-content\/uploads\/sites\/35\/2025\/06\/Autorisation-parentale-sortie-des-eleves-DP-durant-pause-meridienne.pdf\"><strong>ici<\/strong><\/a><\/p>\n\n\n\n<p><strong><mark style=\"background-color:rgba(0, 0, 0, 0)\" class=\"has-inline-color has-medium-orange-color\">INFIRMERIE<\/mark><\/strong> &#8211; Dans le cadre de l\u2019inscription au lyc\u00e9e des \u00e9l\u00e8ves entrant en&nbsp;2<sup>nde<\/sup> Professionnelle, nous vous prions de joindre au questionnaire m\u00e9dical un certificat de vaccination \u00e0 jour, \u00e9tabli par votre m\u00e9decin traitant. Ce document est indispensable pour compl\u00e9ter le dossier m\u00e9dical de l\u2019\u00e9l\u00e8ve conform\u00e9ment \u00e0 la r\u00e9glementation en vigueur.<\/p>\n\n\n\n<p><strong>Fiche d&rsquo;infirmerie<\/strong> 2025-2026 \u00e0 t\u00e9l\u00e9charger <strong><mark style=\"background-color:rgba(0, 0, 0, 0)\" class=\"has-inline-color has-medium-orange-color\"><a href=\"https:\/\/site.ac-martinique.fr\/lyc-lajetee\/wp-content\/uploads\/sites\/35\/2025\/06\/FICHE-DINFIRMERIE-2025-2026.pdf\">ici<\/a><\/mark><\/strong><\/p>\n\n\n\n<p><strong>Service m\u00e9dical<\/strong> en faveur des \u00e9l\u00e8ves \u00e0 t\u00e9l\u00e9charger<strong><mark style=\"background-color:rgba(0, 0, 0, 0)\" class=\"has-inline-color has-medium-orange-color\"><a href=\"https:\/\/site.ac-martinique.fr\/lyc-lajetee\/wp-content\/uploads\/sites\/35\/2025\/06\/service-medical-en-faveur-des-eleves.pdf\"> ici<\/a><\/mark><\/strong><\/p>\n\n\n\n<p><strong><mark style=\"background-color:rgba(0, 0, 0, 0)\" class=\"has-inline-color has-medium-orange-color\">INTENDANCE <\/mark><\/strong>&#8211; Informations aux familles et grille des tarifs (demi pension, internat, perte du carnet de correspondance ..). A t\u00e9l\u00e9charger<a href=\"https:\/\/site.ac-martinique.fr\/lyc-lajetee\/wp-content\/uploads\/sites\/35\/2025\/06\/INFORMATION-INTENDANCE-LYCEE-DE-LA-JETEE-2025-2026.pdf\"> <strong>ici<\/strong><\/a><\/p>\n\n\n\n<p><strong>Fiche inscription Intendance<\/strong> (\u00e0 remettre lors de l&rsquo;inscription) \u00e0 t\u00e9l\u00e9charger <strong><a href=\"https:\/\/site.ac-martinique.fr\/lyc-lajetee\/wp-content\/uploads\/sites\/35\/2025\/06\/FICHE-INSCRIPTION-INTENDANCE-2025-2026-LYCEE-DE-LA-JETEE.pdf\">ici<\/a><\/strong><\/p>\n\n\n\n<p><strong>Payer en ligne la cantine<\/strong> : t\u00e9l\u00e9charger les instructions pour l&rsquo;appli <strong>TURBO SELF<\/strong>. Cliquez<a href=\"https:\/\/site.ac-martinique.fr\/lyc-lajetee\/wp-content\/uploads\/sites\/35\/2025\/06\/Turbo-self-paiement-en-ligne-modifie.pdf\"> <\/a><strong><a href=\"https:\/\/site.ac-martinique.fr\/lyc-lajetee\/wp-content\/uploads\/sites\/35\/2025\/06\/Turbo-self-paiement-en-ligne-modifie.pdf\">ici<\/a><\/strong><\/p>\n\n\n\n<p><mark style=\"background-color:rgba(0, 0, 0, 0)\" class=\"has-inline-color has-red-color\"> <strong>Bourse scolaire<\/strong><\/mark>  &#8211; Faire la demande de bourse,  cliquez <strong><a href=\"https:\/\/site.ac-martinique.fr\/lyc-lajetee\/?page_id=5803\">ici<\/a><\/strong><\/p>\n\n\n\n<p><strong><mark style=\"background-color:rgba(0, 0, 0, 0)\" class=\"has-inline-color has-light-orange-color\">Documents pour les \u00e9l\u00e8ves de la section h\u00f4tellerie-restauration <\/mark><\/strong><\/p>\n\n\n\n<p><strong>Charte de la section h\u00f4tellerie-restauration <\/strong>&#8211; T\u00e9l\u00e9charger <strong><a href=\"https:\/\/site.ac-martinique.fr\/lyc-lajetee\/wp-content\/uploads\/sites\/35\/2025\/06\/Charte-de-la-section-hotellerie-restau.pdf\">ici<\/a><\/strong><\/p>\n\n\n\n<p><\/p>\n","protected":false},"excerpt":{"rendered":"<p>Vous trouverez ici tous les documents et renseignements pour inscrire sereinement vos enfants au lyc\u00e9e polyvalent de la Jet\u00e9e. Note aux parents &#8211; Vous \u00eates inform\u00e9s(es) que la p\u00e9riode d&rsquo;inscription et r\u00e9inscription au LPO du Fran\u00e7ois s&rsquo;ouvrira le lundi 23 juin 2025. Pour en savoir plus cliquez ici Recommandation avant inscription &#8211; T\u00e9l\u00e9charger le document &hellip; <a href=\"https:\/\/site.ac-martinique.fr\/lyc-lajetee\/?page_id=5768\" class=\"more-link\">Continuer la lecture de <span class=\"screen-reader-text\">Rentr\u00e9e scolaire 2025-2026<\/span> <span class=\"meta-nav\">&rarr;<\/span><\/a><\/p>\n","protected":false},"author":95,"featured_media":5780,"parent":0,"menu_order":0,"comment_status":"closed","ping_status":"closed","template":"","meta":{"footnotes":""},"class_list":["post-5768","page","type-page","status-publish","has-post-thumbnail","hentry"],"_links":{"self":[{"href":"https:\/\/site.ac-martinique.fr\/lyc-lajetee\/index.php?rest_route=\/wp\/v2\/pages\/5768","targetHints":{"allow":["GET"]}}],"collection":[{"href":"https:\/\/site.ac-martinique.fr\/lyc-lajetee\/index.php?rest_route=\/wp\/v2\/pages"}],"about":[{"href":"https:\/\/site.ac-martinique.fr\/lyc-lajetee\/index.php?rest_route=\/wp\/v2\/types\/page"}],"author":[{"embeddable":true,"href":"https:\/\/site.ac-martinique.fr\/lyc-lajetee\/index.php?rest_route=\/wp\/v2\/users\/95"}],"replies":[{"embeddable":true,"href":"https:\/\/site.ac-martinique.fr\/lyc-lajetee\/index.php?rest_route=%2Fwp%2Fv2%2Fcomments&post=5768"}],"version-history":[{"count":7,"href":"https:\/\/site.ac-martinique.fr\/lyc-lajetee\/index.php?rest_route=\/wp\/v2\/pages\/5768\/revisions"}],"predecessor-version":[{"id":5874,"href":"https:\/\/site.ac-martinique.fr\/lyc-lajetee\/index.php?rest_route=\/wp\/v2\/pages\/5768\/revisions\/5874"}],"wp:featuredmedia":[{"embeddable":true,"href":"https:\/\/site.ac-martinique.fr\/lyc-lajetee\/index.php?rest_route=\/wp\/v2\/media\/5780"}],"wp:attachment":[{"href":"https:\/\/site.ac-martinique.fr\/lyc-lajetee\/index.php?rest_route=%2Fwp%2Fv2%2Fmedia&parent=5768"}],"curies":[{"name":"wp","href":"https:\/\/api.w.org\/{rel}","templated":true}]}}