{"id":691,"date":"2016-04-16T14:58:13","date_gmt":"2016-04-16T13:58:13","guid":{"rendered":"https:\/\/site.ac-martinique.fr\/lyc-latrinite\/?page_id=691"},"modified":"2023-07-13T19:11:14","modified_gmt":"2023-07-14T00:11:14","slug":"infirmerie","status":"publish","type":"page","link":"https:\/\/site.ac-martinique.fr\/lyc-latrinite\/?page_id=691","title":{"rendered":"Infirmerie"},"content":{"rendered":"<ul>\n<li><span style=\"color: #ff0000;\"><strong>Permanence de l&rsquo;Infirmerie pour les examens de Juin 2019<\/strong> :<a href=\"https:\/\/site.ac-martinique.fr\/lyc-latrinite\/wp-content\/uploads\/sites\/43\/2019\/06\/Horaire-infirmerie-LP-LA-TRINITE-juin-2019.pdf\">Horaire infirmerie LP LA TRINITE juin 2019<\/a><\/span><\/li>\n<li><\/li>\n<li>Campagne pour la lutte contre le surpoids et l&rsquo;ob\u00e9sit\u00e9:<\/li>\n<\/ul>\n<p><a href=\"https:\/\/site.ac-martinique.fr\/lyc-latrinite\/wp-content\/uploads\/sites\/43\/2019\/04\/Affiche-campagne-enfants-2019-A.pdf\">Affiche campagne enfants 2019 A<\/a><\/p>\n<ul>\n<li>\n<div class=\"gmail_default\">Rappels :<\/div>\n<div class=\"gmail_default\"><\/div>\n<div class=\"gmail_default\">Les \u00e9l\u00e8ves du LP la Trinit\u00e9 ont particip\u00e9 \u00e0 plusieurs actions dans la cadre du CESC ( Comit\u00e9 d&rsquo;Education de \u00e0 la\u00a0 Sant\u00e9 et \u00e0 la Citoyennet\u00e9) pilot\u00e9es par Mme SCHMISSER, infirmi\u00e8re au LP La Trinit\u00e9. Etaient invit\u00e9s des classes du LGT, du coll\u00e8ge beaus\u00e9jour et 2 primaires de Pierre Cirille.<\/div>\n<div class=\"gmail_default\"><\/div>\n<div class=\"gmail_default\">Semaine SOP-SEP du 04 au 08\/02\/2019:<\/div>\n<div class=\"gmail_default\"><b>Action citoyenne et solidaire lors de la Semaine Olympique et Paralympique<\/b>, sur les valeurs du sport, le handicap et la solidarit\u00e9. Mme Anita Fatis , championne paralympique, nous a fait l&rsquo;honneur de sa pr\u00e9sence. Anita est atteinte de scl\u00e9rose en plaques , tout comme l&rsquo;infirmi\u00e8re du LP. Sensibilisation lors d&rsquo;une conf\u00e9rence , implication pendant une matin\u00e9e sportive,\u00a0 enfin le 3\u00e8me jour D\u00e9fi nage, l&rsquo;infirmi\u00e8re du LP , Anita Fatis, la marraine des actions et K\u00e9sia, jeune nageuse Handisport ,ont fait la\u00a0 travers\u00e9e entre l&rsquo;\u00eelet oscar et l&rsquo;\u00eelet Thierry, Aller et retour. Mme Coutand Proviseur adjointe du LP faisait partie des sauveteurs en mer (SNSM)<\/div>\n<div class=\"gmail_default\"><\/div>\n<div class=\"gmail_default\">En images&#8230;..<\/div>\n<\/li>\n<li><a href=\"https:\/\/site.ac-martinique.fr\/lyc-latrinite\/wp-content\/uploads\/sites\/43\/2019\/04\/FA-01.jpg\"><img loading=\"lazy\" decoding=\"async\" class=\"alignnone size-medium wp-image-1879\" src=\"https:\/\/site.ac-martinique.fr\/lyc-latrinite\/wp-content\/uploads\/sites\/43\/2019\/04\/FA-01-195x300.jpg\" alt=\"\" width=\"195\" height=\"300\" srcset=\"https:\/\/site.ac-martinique.fr\/lyc-latrinite\/wp-content\/uploads\/sites\/43\/2019\/04\/FA-01-195x300.jpg 195w, https:\/\/site.ac-martinique.fr\/lyc-latrinite\/wp-content\/uploads\/sites\/43\/2019\/04\/FA-01.jpg 622w\" sizes=\"auto, (max-width: 195px) 100vw, 195px\" \/><\/a><\/li>\n<\/ul>\n<ul>\n<li>A l&rsquo;initiative de l&rsquo;infirmi\u00e8re,\u00a07 \u00e9l\u00e8ves du LP et 2 \u00e9l\u00e8ves du LGT ont particip\u00e9 \u00e0 la journ\u00e9e acad\u00e9mique de sensibilisation aux sports, \u00e0 la sant\u00e9 et \u00e0 la nutrition, encadr\u00e9s par 2 AED des 2 \u00e9tablissements et un parent d&rsquo;\u00e9l\u00e8ve LP.Une \u00e9l\u00e8ve s&rsquo;est d\u00e9marqu\u00e9e, Sarah LIMIER de 1ASSPS. Elle a accompagn\u00e9 ses camarades dans le but de travailler sur un dossier de conduite d&rsquo;une action d&rsquo;\u00e9ducation \u00e0 la sant\u00e9, sur le th\u00e8me de l&rsquo;ob\u00e9sit\u00e9.Les \u00e9l\u00e8ves ont appr\u00e9ci\u00e9s cette journ\u00e9e sportive \u00e0 St LuceLe reste en image\u2026.Lien pour plus d\u2019images\u00a0:<a href=\"http:\/\/www.ac-martinique.fr\/cid138671\/journe%01e-de-sensibilisation-aux-sports-a%EF%BF%BD-la-sante%01-et-a%EF%BF%BD-la-nutrition.html\">http:\/\/www.ac-martinique.fr\/cid138671\/journe%01e-de-sensibilisation-aux-sports-a%EF%BF%BD-la-sante%01-et-a%EF%BF%BD-la-nutrition.html<\/a><a href=\"https:\/\/site.ac-martinique.fr\/lyc-latrinite\/wp-content\/uploads\/sites\/43\/2019\/02\/IMG-20190201-WA0015-001.jpg\"><img loading=\"lazy\" decoding=\"async\" class=\"alignnone size-medium wp-image-1817\" src=\"https:\/\/site.ac-martinique.fr\/lyc-latrinite\/wp-content\/uploads\/sites\/43\/2019\/02\/IMG-20190201-WA0015-001-300x202.jpg\" alt=\"\" width=\"300\" height=\"202\" srcset=\"https:\/\/site.ac-martinique.fr\/lyc-latrinite\/wp-content\/uploads\/sites\/43\/2019\/02\/IMG-20190201-WA0015-001-300x202.jpg 300w, https:\/\/site.ac-martinique.fr\/lyc-latrinite\/wp-content\/uploads\/sites\/43\/2019\/02\/IMG-20190201-WA0015-001-768x517.jpg 768w, https:\/\/site.ac-martinique.fr\/lyc-latrinite\/wp-content\/uploads\/sites\/43\/2019\/02\/IMG-20190201-WA0015-001.jpg 800w\" sizes=\"auto, (max-width: 300px) 100vw, 300px\" \/><\/a><\/li>\n<\/ul>\n<p><a href=\"https:\/\/site.ac-martinique.fr\/lyc-latrinite\/wp-content\/uploads\/sites\/43\/2019\/02\/JASSN-2019.jpg\"><img loading=\"lazy\" decoding=\"async\" class=\"alignnone size-medium wp-image-1818\" src=\"https:\/\/site.ac-martinique.fr\/lyc-latrinite\/wp-content\/uploads\/sites\/43\/2019\/02\/JASSN-2019-300x169.jpg\" alt=\"\" width=\"300\" height=\"169\" srcset=\"https:\/\/site.ac-martinique.fr\/lyc-latrinite\/wp-content\/uploads\/sites\/43\/2019\/02\/JASSN-2019-300x169.jpg 300w, https:\/\/site.ac-martinique.fr\/lyc-latrinite\/wp-content\/uploads\/sites\/43\/2019\/02\/JASSN-2019-768x432.jpg 768w, https:\/\/site.ac-martinique.fr\/lyc-latrinite\/wp-content\/uploads\/sites\/43\/2019\/02\/JASSN-2019.jpg 800w\" sizes=\"auto, (max-width: 300px) 100vw, 300px\" \/><\/a><\/p>\n<ul>\n<li><b><strong>Dans le cadre \u00a0de la semaine olympique et paralympique qui se tiendra du 04 au 06 f\u00e9vrier 2019 au LP La Trinit\u00e9, plusieurs actions sont mise en place<\/strong><\/b><b><strong>Cette op\u00e9ration permet<\/strong><\/b><b><strong>\u00a0d\u2019associer des pratiques physiques et sportives \u00e0 l\u2019\u00e9ducation morale. C\u2019est l\u2019occasion de travailler des th\u00e9matiques comme le fair-play, les valeurs du sport et de l\u2019olympisme, ou encore de l\u2019\u00e9galit\u00e9, de la sant\u00e9 et l\u2019inclusion d\u2019\u00e9l\u00e8ves en situation de handicap.<\/strong><\/b><b><strong>La conf\u00e9rence et la matin\u00e9e sportive et solidaire, s\u2019adressent aux \u00e9l\u00e8ves des 3 \u00e9tablissements de la cit\u00e9 scolaire F.FANON, ainsi que deux classes de primaire de l\u2019\u00e9cole \u00e9l\u00e9mentaire Pierre-C<\/strong><\/b>irille<b><strong>\u00a0qui y sont invit\u00e9es.<\/strong><\/b><b><strong><a href=\"https:\/\/site.ac-martinique.fr\/lyc-latrinite\/wp-content\/uploads\/sites\/43\/2019\/01\/J1-sep.jpg\"><img loading=\"lazy\" decoding=\"async\" class=\"alignnone size-medium wp-image-1794\" src=\"https:\/\/site.ac-martinique.fr\/lyc-latrinite\/wp-content\/uploads\/sites\/43\/2019\/01\/J1-sep-233x300.jpg\" alt=\"\" width=\"233\" height=\"300\" srcset=\"https:\/\/site.ac-martinique.fr\/lyc-latrinite\/wp-content\/uploads\/sites\/43\/2019\/01\/J1-sep-233x300.jpg 233w, https:\/\/site.ac-martinique.fr\/lyc-latrinite\/wp-content\/uploads\/sites\/43\/2019\/01\/J1-sep-768x987.jpg 768w, https:\/\/site.ac-martinique.fr\/lyc-latrinite\/wp-content\/uploads\/sites\/43\/2019\/01\/J1-sep-796x1024.jpg 796w\" sizes=\"auto, (max-width: 233px) 100vw, 233px\" \/><\/a> \u00a0\u00a0<a href=\"https:\/\/site.ac-martinique.fr\/lyc-latrinite\/wp-content\/uploads\/sites\/43\/2019\/01\/sep.jpg\"><img loading=\"lazy\" decoding=\"async\" class=\"alignnone size-medium wp-image-1795\" src=\"https:\/\/site.ac-martinique.fr\/lyc-latrinite\/wp-content\/uploads\/sites\/43\/2019\/01\/sep-233x300.jpg\" alt=\"\" width=\"233\" height=\"300\" srcset=\"https:\/\/site.ac-martinique.fr\/lyc-latrinite\/wp-content\/uploads\/sites\/43\/2019\/01\/sep-233x300.jpg 233w, https:\/\/site.ac-martinique.fr\/lyc-latrinite\/wp-content\/uploads\/sites\/43\/2019\/01\/sep-768x987.jpg 768w, https:\/\/site.ac-martinique.fr\/lyc-latrinite\/wp-content\/uploads\/sites\/43\/2019\/01\/sep-796x1024.jpg 796w\" sizes=\"auto, (max-width: 233px) 100vw, 233px\" \/><\/a><\/strong><\/b><\/li>\n<\/ul>\n<ul>\n<li>Bonjour chers coll\u00e8gues,En ce 07 janvier 2019 tr\u00e8s perturb\u00e9 comme l&rsquo;on pouvait s&rsquo;y attendre, je vous souhaite une tr\u00e8s bonne ann\u00e9e 2019, tous mes v\u0153ux d&rsquo;\u00e9panouissement personnel et professionnel\u00a0et surtout la sant\u00e9 qui nous est ch\u00e8re.Je vous transmets mes futures actions CESC pour ce 2\u00e8me trimestre.J&rsquo;imagine qu&rsquo;avec cette mobilisation des \u00e9l\u00e8ves, qui ,je l&rsquo;esp\u00e8re ne va pas s&rsquo;\u00e9terniser dans la dur\u00e9e, votre implication et votre temps pr\u00e9cieux pour rattraper tous ces cours perdus ne vont pas m&rsquo;aider \u00e0 r\u00e9quisitionner des classes pour mes actions, mais je souhaite tout de m\u00eame de la collaboration et de la compr\u00e9hension de tous afin que je puisse \u00e9galement atteindre mes objectifs professionnels en faveur des \u00e9l\u00e8ves du LP.Un mail plus explicite pour l&rsquo;action du 04 et 05 f\u00e9vrier 2019, suit celui-ci.Les inscriptions de vos classes aux action pr\u00e9vues sont ouvertes. Particuli\u00e8rement les sections \u00ab\u00a0soins \u00e0 la personne\u00a0\u00bb pour le 04\/02, les coll\u00e8gues d&rsquo;EPS pour le 05\/02, les sections CAP pour le 22\/02.Participation \u00e0 la semaine olympique et paralympique du 04 au 09 f\u00e9vrier 2019 en impliquant les \u00e9l\u00e8ves, du primaire au BTS.Sensibilisation \u00e0 la maladie de la scl\u00e9rose en plaquesRencontres avec des personnes \u00e0 mobilit\u00e9 r\u00e9duite (MPR) et \u00e9l\u00e8ves en situation de handicap.Les enseignants d\u2019EPS organisent une mini olympiade sur le plateau sportif sur le th\u00e8me\u00a0: \u00ab\u00a0Vaincre ensemble la scl\u00e9rose en plaques\u00a0\u00bb<strong>D\u00e9fi\u00a0: marcher pour ceux qui ne peuvent plus<\/strong>Vente de tee-shirt \u00e0 l\u2019inscription\u00a0: les fonds r\u00e9colt\u00e9s seront revers\u00e9s \u00e0 l\u2019association avant fin f\u00e9vrier 2019 et le reste \u00e0 la fondation ARSEP (Association pour la recherche sur la <strong>S<\/strong>cl\u00e9rose <strong>E<\/strong>n <strong>P<\/strong>laques)\n<p><strong>Lien Association Scl\u00e9rose des sables\u00a0: <\/strong><a href=\"https:\/\/www.helloasso.com\/associations\/sclerose-des-sables\/collectes\/sclerose-des-sables-trek-elles-marchent\"><strong>https:\/\/www.helloasso.com\/associations\/sclerose-des-sables\/collectes\/sclerose-des-sables-trek-elles-marchent<\/strong><\/a><\/p>\n<p><strong><u>Programme pr\u00e9visionnel\u00a0:<\/u><\/strong><\/p>\n<p><strong><u>Lundi 04 f\u00e9vrier 2019<\/u><\/strong>\u00a0: Intervention d\u2019Anita Fatis, nageuse de l\u2019\u00e9quipe de France handisport, en faveur des classes de soins \u00e0 la personne, pr\u00e9voir la salle RMJ ou salle en rdc (Personne \u00e0 Mobilit\u00e9 r\u00e9duite)<\/p>\n<p><strong><u>Mardi 05 d\u00e9cembre 2019<\/u><\/strong>: Matin\u00e9e de sensibilisation \u00e0 la SEP et mobilisation des \u00e9l\u00e8ves sur la plateau sportif de la cit\u00e9 scolaire F. FANON, Animation sportives diverses. 2 classes de primaire sont invit\u00e9es en partenariat avec le LP LA TRINITE.<\/p>\n<p><strong><u>Mercredi 06 f\u00e9vrier 2019<\/u><\/strong>\u00a0: <strong>D\u00e9fi nage<\/strong>, l\u2019infirmi\u00e8re du LP, Anita Fatis et d\u2019autres invit\u00e9s pr\u00e9voient de faire la travers\u00e9e de l\u2019\u00eelet Oscar et l\u2019\u00eelet Thierry au Fran\u00e7ois \u00e0 la nage.<\/p>\n<p>Idem, j&rsquo;attends les inscriptions de vos classes d\u00e8s que possible avec engagement financier de la part des \u00e9l\u00e8ves pour le 05\/02\/19 (achats tee-shirt, le prix sera fix\u00e9 en fonction de l&rsquo;offre du sponsor, max 10\u20ac)<\/p>\n<p>Pour le 04\/02\/19, priorit\u00e9 aux classes CAP AEPE, Bac Pro ASSP, BTS ESF, DEAS&#8230; (Si stage, possibilit\u00e9 d&rsquo;attestation de pr\u00e9sence pour l&rsquo;apr\u00e8s-midi), et participation le lendemain \u00e0 la mobilisation sportive, si possible!<\/p>\n<p>Pour le 06\/02\/19, cela concerne les profs d&rsquo;EPS, si vous avez dans vos classes, des nageurs en club, merci de me le faire savoir.<\/p>\n<p>Je reste \u00e0 votre disposition pour tout renseignement compl\u00e9mentaire.<\/p>\n<p>Bon courage pour la suite<\/p>\n<p>Marylou, L&rsquo;infirmi\u00e8re<\/li>\n<li><a href=\"https:\/\/site.ac-martinique.fr\/lyc-latrinite\/wp-content\/uploads\/sites\/43\/2018\/12\/Remerciements-EFS-donc-du-sang-Octobre-2018-Cit\u00e9-scolaire-F-FANON.pdf\">Remerciements EFS-donc du sang Octobre 2018 Cit\u00e9 scolaire F FANON<\/a><\/li>\n<li>Horaires du Service du Promotion de la Sant\u00e9 en Faveur des El\u00e8ves.\u00a0<a href=\"https:\/\/site.ac-martinique.fr\/lyc-latrinite\/wp-content\/uploads\/sites\/43\/2018\/10\/Horaire-Infirmerie-2018-2019.pdf\">Horaire Infirmerie 2018 2019<\/a><\/li>\n<\/ul>\n<ul>\n<li><a href=\"https:\/\/site.ac-martinique.fr\/lyc-latrinite\/wp-content\/uploads\/sites\/43\/2018\/10\/R\u00e9pondre-aux-Besoins-Educatifs-Particuliers-des-El\u00e8ves-1.pdf\">R\u00e9pondre aux Besoins Educatifs Particuliers des El\u00e8ves<\/a><\/li>\n<\/ul>\n<ul>\n<li><a href=\"https:\/\/site.ac-martinique.fr\/lyc-latrinite\/wp-content\/uploads\/sites\/43\/2018\/10\/la-dictee-d-Ela-1.pdf\" target=\"_blank\" rel=\"noopener\">la Dict\u00e9e d&rsquo;Ela<\/a>.<a href=\"https:\/\/site.ac-martinique.fr\/lyc-latrinite\/wp-content\/uploads\/sites\/43\/2018\/11\/Action-dict\u00e9e-ELA.jpg\"><img loading=\"lazy\" decoding=\"async\" class=\"alignnone size-medium wp-image-1617\" src=\"https:\/\/site.ac-martinique.fr\/lyc-latrinite\/wp-content\/uploads\/sites\/43\/2018\/11\/Action-dict\u00e9e-ELA-300x169.jpg\" alt=\"\" width=\"300\" height=\"169\" srcset=\"https:\/\/site.ac-martinique.fr\/lyc-latrinite\/wp-content\/uploads\/sites\/43\/2018\/11\/Action-dict\u00e9e-ELA-300x169.jpg 300w, https:\/\/site.ac-martinique.fr\/lyc-latrinite\/wp-content\/uploads\/sites\/43\/2018\/11\/Action-dict\u00e9e-ELA-768x432.jpg 768w, https:\/\/site.ac-martinique.fr\/lyc-latrinite\/wp-content\/uploads\/sites\/43\/2018\/11\/Action-dict\u00e9e-ELA.jpg 800w\" sizes=\"auto, (max-width: 300px) 100vw, 300px\" \/><\/a><\/li>\n<\/ul>\n<p><strong><u>Lundi 15 Octobre 2018<\/u><\/strong><\/p>\n<p><strong>LP LA TRINITE<\/strong><\/p>\n<p>Les \u00e9l\u00e8ves de plus de 2 000 \u00e9tablissements scolaires, du primaire au secondaire, ont planch\u00e9 sur un texte in\u00e9dit \u00e9crit par Alice Zeniter (Prix Goncourt des Lyc\u00e9ens en 2017) intitul\u00e9\u00ab\u00a0Leucodystrophie\u00a0\u00bb,empreint du combat des personnes affect\u00e9es par une forme de leucodystrophie. Ces maladies g\u00e9n\u00e9tiques rares d\u00e9truisent la my\u00e9line (gaine des nerfs) du syst\u00e8me nerveux et qui engendrent des situations de handicap tr\u00e8s lourd.<\/p>\n<p>Cette mobilisation a permis \u00e0 4 classes du LP LA TRINITE (1AEPE, 1ASSPD, 1PGA et TPTEB) d\u2019\u00e9changer sur les valeurs de solidarit\u00e9 et de respect, des malades et des personnes en situation de Handicap, malades et\/ou atteints de trouble des apprentissages, au sein de l&rsquo;EPLE.<\/p>\n<p>Cette sensibilisation a d\u00e9but\u00e9 avec un reportage vid\u00e9o sur les malades et les aidants , suivie ensuite de la dict\u00e9e d&rsquo;ELA, lue par Mme PREVOTEAU (AESH) au CDI avec la collaboration de Mme RAUD, la documentaliste et Mme SCHMISSER , l&rsquo;infirmi\u00e8re du lyc\u00e9e , elle-m\u00eame en situation d&rsquo;handicap. Elle a insist\u00e9 sur l&rsquo;importance du respect des personnes en difficult\u00e9s, la solidarit\u00e9 et la r\u00e9ussite pour tous.<\/p>\n<p><strong>* A propos d\u2019ELA\u00a0: <\/strong>Fond\u00e9e en 1992, l\u2019Association Europ\u00e9enne contre les Leucodystrophies (ELA), parrain\u00e9e depuis 18 ans par Zin\u00e9dine Zidane, regroupe des familles qui se mobilisent pour vaincre ces maladies g\u00e9n\u00e9tiques rares qui d\u00e9truisent la my\u00e9line (la gaine des nerfs) du syst\u00e8me nerveux. Chaque semaine en France, 3 \u00e0 6 enfants naissent atteints de ces pathologies qui entrainent progressivement la perte des fonctions vitales : la vue, l&rsquo;ou\u00efe, la m\u00e9moire, la locomotion\u2026 L\u2019Association, reconnue d\u2019utilit\u00e9 publique depuis 1996, a 4 missions principales :<\/p>\n<ul>\n<li>Financer la recherche m\u00e9dicale<\/li>\n<li>Informer et accompagner les familles concern\u00e9es<\/li>\n<li>Sensibiliser l\u2019opinion publique<\/li>\n<li>D\u00e9velopper son action au plan international<\/li>\n<\/ul>\n<p>&#8212;<\/p>\n<p><strong><em>Marylou SCHMISSER<\/em><\/strong><\/p>\n<p><strong><em>Infirmi\u00e8re LP la Trinit\u00e9<\/em><\/strong><\/p>\n<p><strong><em>0696289822<\/em><\/strong><\/p>\n","protected":false},"excerpt":{"rendered":"<p>Permanence de l&rsquo;Infirmerie pour les examens de Juin 2019 :Horaire infirmerie LP LA TRINITE juin 2019 Campagne pour la lutte contre le surpoids et l&rsquo;ob\u00e9sit\u00e9: Affiche campagne enfants 2019 A Rappels : Les \u00e9l\u00e8ves du LP la Trinit\u00e9 ont particip\u00e9 \u00e0 plusieurs actions dans la cadre du CESC ( Comit\u00e9 d&rsquo;Education de \u00e0 la\u00a0 Sant\u00e9 &hellip; <a href=\"https:\/\/site.ac-martinique.fr\/lyc-latrinite\/?page_id=691\" class=\"more-link\">Continuer la lecture de <span class=\"screen-reader-text\">Infirmerie<\/span>  <span class=\"meta-nav\">&rarr;<\/span><\/a><\/p>\n","protected":false},"author":106,"featured_media":0,"parent":657,"menu_order":9,"comment_status":"closed","ping_status":"closed","template":"","meta":{"footnotes":""},"class_list":["post-691","page","type-page","status-publish","hentry"],"_links":{"self":[{"href":"https:\/\/site.ac-martinique.fr\/lyc-latrinite\/index.php?rest_route=\/wp\/v2\/pages\/691","targetHints":{"allow":["GET"]}}],"collection":[{"href":"https:\/\/site.ac-martinique.fr\/lyc-latrinite\/index.php?rest_route=\/wp\/v2\/pages"}],"about":[{"href":"https:\/\/site.ac-martinique.fr\/lyc-latrinite\/index.php?rest_route=\/wp\/v2\/types\/page"}],"author":[{"embeddable":true,"href":"https:\/\/site.ac-martinique.fr\/lyc-latrinite\/index.php?rest_route=\/wp\/v2\/users\/106"}],"replies":[{"embeddable":true,"href":"https:\/\/site.ac-martinique.fr\/lyc-latrinite\/index.php?rest_route=%2Fwp%2Fv2%2Fcomments&post=691"}],"version-history":[{"count":23,"href":"https:\/\/site.ac-martinique.fr\/lyc-latrinite\/index.php?rest_route=\/wp\/v2\/pages\/691\/revisions"}],"predecessor-version":[{"id":3601,"href":"https:\/\/site.ac-martinique.fr\/lyc-latrinite\/index.php?rest_route=\/wp\/v2\/pages\/691\/revisions\/3601"}],"up":[{"embeddable":true,"href":"https:\/\/site.ac-martinique.fr\/lyc-latrinite\/index.php?rest_route=\/wp\/v2\/pages\/657"}],"wp:attachment":[{"href":"https:\/\/site.ac-martinique.fr\/lyc-latrinite\/index.php?rest_route=%2Fwp%2Fv2%2Fmedia&parent=691"}],"curies":[{"name":"wp","href":"https:\/\/api.w.org\/{rel}","templated":true}]}}