{"id":1158,"date":"2018-05-08T06:46:14","date_gmt":"2018-05-08T12:16:14","guid":{"rendered":"\/lyc-paulettenardal\/?page_id=1158"},"modified":"2021-03-24T15:37:49","modified_gmt":"2021-03-24T19:37:49","slug":"parcours-personnalises","status":"publish","type":"page","link":"https:\/\/site.ac-martinique.fr\/lyc-paulettenardal\/?page_id=1158","title":{"rendered":"Service social"},"content":{"rendered":"<p>Le service social du lyc\u00e9e est au service des \u00e9l\u00e8ves.<\/p>\n<p style=\"text-align: center\"><strong>ASSISTANTE SOCIALE<\/strong> : Mme Ariane FITTE-DUVAL<\/p>\n<p style=\"text-align: center\"><strong>PERMANENCES<\/strong> :<br \/>\n MERCREDI matin de 8h \u00e0 12h30 <br \/>\n et JEUDI matin sur rendez-vous (voir modalit\u00e9s en fin de texte)<\/p>\n<p>Le service social en faveur des \u00e9l\u00e8ves soutient les lyc\u00e9ens ayant des difficult\u00e9s d&rsquo;ordre personnel, psychologique, familial et\/ou mat\u00e9riel.<\/p>\n<p>L\u2019assistante de service social est tenue au <strong>secret professionnel<\/strong> (article 226-13 du Code P\u00e9nal) et est donc garante de la confidentialit\u00e9 des entretiens.<\/p>\n<table style=\"width: 339.917px\">\n<tbody>\n<tr>\n<td style=\"width: 340.917px\"><strong>R\u00f4les et missions de l&rsquo;assistante sociale <br \/>\n <\/strong><\/td>\n<\/tr>\n<\/tbody>\n<\/table>\n<table>\n<tbody>\n<tr>\n<td>\n<div>Elle a un r\u00f4le d\u2019<strong>\u00e9coute<\/strong>, de <strong>conseil<\/strong>, <strong>d\u2019aide et de suivi aupr\u00e8s des \u00e9l\u00e8ves et de leur famille.<\/strong> Elle est \u00e0 leur disposition pour les conseiller, les accompagner dans la r\u00e9solution de leurs difficult\u00e9s, et les informer de leurs droits et obligations.<\/div>\n<div>Elle <strong>soutient et accompagne les parents<\/strong> dans leur fonction \u00e9ducative et leur parentalit\u00e9.<\/div>\n<div>Elle aide les \u00e9l\u00e8ves \u00e0 construire leurs <strong>projets personnels<\/strong> et les accompagne dans la r\u00e9solution de leurs <strong>difficult\u00e9s personnelles et familiales.<\/strong><\/div>\n<div>Elle aide et oriente les \u00e9l\u00e8ves qui pr\u00e9sentent un <strong>mal-\u00eatre, une souffrance psychologique ou des difficult\u00e9s relationnelles,<\/strong> tant au sein de l\u2019<strong>\u00e9tablissement<\/strong> que dans la <strong>famille. <\/strong><\/div>\n<div><strong><br \/>\n Elle informe &#8211; conseille &#8211; oriente &#8211; accompagne\u00a0 les \u00e9l\u00e8ves en difficult\u00e9 et leur famille.<br \/>\n <\/strong><\/div>\n<div>Elle contribue \u00e0 r\u00e9soudre les <strong>difficult\u00e9s li\u00e9es \u00e0 la scolarit\u00e9 :<\/strong> absent\u00e9isme, \u00e9chec scolaire, d\u00e9scolarisation, orientation scolaire, int\u00e9gration scolaire en lien avec l\u2019\u00e9quipe \u00e9ducative, la famille et les services ext\u00e9rieurs si besoin.<\/div>\n<div>Elle a un r\u00f4le de <strong>pr\u00e9vention et de protection <\/strong>de l\u2019enfant <strong>et de l&rsquo;adolescent<\/strong> en danger ou en risque de l\u2019\u00eatre (pr\u00e9vention des conduites \u00e0 risques).<\/div>\n<div>Elle participe \u00e0 <strong>l\u2019\u00e9ducation \u00e0 la sant\u00e9 et \u00e0 la citoyennet\u00e9.<\/strong><\/div>\n<div>Elle participe \u00e0 <strong>l\u2019\u00e9valuation et la r\u00e9partition des aides financi\u00e8res<\/strong> concernant la scolarit\u00e9 du jeune (restauration, \u00e9quipement, transport, voyages).<\/div>\n<div>\u00a0<\/div>\n<\/td>\n<\/tr>\n<\/tbody>\n<\/table>\n<table style=\"width: 194.917px\">\n<tbody>\n<tr>\n<td style=\"width: 185.917px\"><strong>Ses moyens d\u2019actions<\/strong><\/td>\n<\/tr>\n<\/tbody>\n<\/table>\n<div>\n<table style=\"width: 680.917px\">\n<tbody>\n<tr>\n<td style=\"width: 680.917px\">Elle travaille dans le cadre d\u2019une prise en charge individuelle (entretiens, visites \u00e0 domicile) et\/ou collective.<\/p>\n<div>Pour mener \u00e0 bien ses missions, l\u2019assistante sociale scolaire travaille en \u00e9troite relation avec les membres de la communaut\u00e9 \u00e9ducative (principal, CPE, enseignants, infirmi\u00e8re\u2026) mais \u00e9galement avec des partenaires ext\u00e9rieurs (Conseil D\u00e9partemental, Associations\u2026) et en lien avec les parents.<\/div>\n<div>Elle peut rencontrer l\u2019\u00e9l\u00e8ve \u00e0 sa propre demande, \u00e0 celle de l\u2019\u00e9quipe \u00e9ducative ou de la famille. Les \u00e9l\u00e8ves peuvent \u00e9galement se pr\u00e9senter librement pour \u00eatre re\u00e7us, de pr\u00e9f\u00e9rence en dehors de leurs heures de cours. Les familles sont re\u00e7ues sur rendez-vous.<\/div>\n<div>Elle instruit par ailleurs les dossiers de <span style=\"text-decoration: underline\">demande d&rsquo;aides financi\u00e8res<\/span> sur les fonds sociaux (*) pour les familles \u00e9ligibles (crit\u00e8res sociaux ou familles qui rencontrent soudainement des difficult\u00e9s).<\/div>\n<div>\u00a0<\/div>\n<\/td>\n<\/tr>\n<\/tbody>\n<\/table>\n<\/div>\n<table style=\"width: 294.917px\">\n<tbody>\n<tr>\n<td style=\"width: 284.917px\"><strong>Quand et comment la contacter ?<\/strong><\/td>\n<\/tr>\n<\/tbody>\n<\/table>\n<div>\n<table style=\"width: 680.917px\">\n<tbody>\n<tr>\n<td style=\"width: 680.917px\">Le service social en faveur des \u00e9l\u00e8ves est assur\u00e9 au lyc\u00e9e Nardal par : <strong>Mme FITTE-DUVAL Ariane<\/strong> <\/p>\n<ul>\n<li>Pr\u00e9sence sur place le mercredi matin (8h-12h30), jeudi matin sur RDV,<br \/>\n vendredi par t\u00e9l\u00e9phone (semaine paire : 8h-14h)<\/li>\n<li>Cahier de prise de RDV disponible au secr\u00e9tariat \u00e0 disposition des parents et \u00e9l\u00e8ves<\/li>\n<li>Courriel :\u00a0 ariane.fitte-duval@ac-martinique.fr<\/li>\n<li>T\u00e9l\u00e9phone : 0596 77 35 00 (standard ; demander le poste 119).<\/li>\n<\/ul>\n<\/td>\n<\/tr>\n<\/tbody>\n<\/table>\n<\/div>\n<p><strong>(*) Le FONDS SOCIAL LYC\u00c9EN<\/strong> : Les fonds sociaux sont destin\u00e9s \u00e0 venir en aide aux \u00e9l\u00e8ves et \u00e0 leur famille pour assumer les d\u00e9penses li\u00e9es \u00e0 la scolarit\u00e9.\u00a0\u00c0 ce titre, toute difficult\u00e9 ou changement de situation (ch\u00f4mage, rupture familiale, &#8230;) est \u00e0 signaler au service social par les int\u00e9ress\u00e9s, les professeurs, &#8230;<br \/>\n Les dossiers sont instruits par l&rsquo;assistante de service social et examin\u00e9s en Commission, pr\u00e9sid\u00e9e par le chef d&rsquo;\u00e9tablissement.<\/p>\n<p><em>NB<\/em> : Le bureau de l&rsquo;assistante de service social se trouve au b\u00e2timent administratif, pr\u00e8s du CDI.<\/p>\n<p style=\"text-align: center\"><img decoding=\"async\" class=\"alignleft\" src=\"\/lyc-paulettenardal\/wp-content\/uploads\/sites\/38\/2021\/03\/DSE_Crous972.png\" alt=\"\" width=\"243\" height=\"134\" \/><\/p>\n<p style=\"text-align: center\">\u00c9tudiant(e)s et futurs \u00e9tudiant(e)s,\u00a0 <br \/>\n pensez \u00e0 votre <span style=\"color: #ff0000\"><strong>DOSSIER SOCIAL \u00c9TUDIANT<\/strong><\/span> <br \/>\navant le <span style=\"color: #ff0000\">15 mai 2021<\/span> !<\/p>\n","protected":false},"excerpt":{"rendered":"<p>Le service social du lyc\u00e9e est au service des \u00e9l\u00e8ves. ASSISTANTE SOCIALE : Mme Ariane FITTE-DUVAL PERMANENCES : MERCREDI matin &hellip; <\/p>\n<p class=\"link-more\"><a href=\"https:\/\/site.ac-martinique.fr\/lyc-paulettenardal\/?page_id=1158\" class=\"more-link\">Lire la suite&#8230;<span class=\"screen-reader-text\"> \u00ab\u00a0Service social\u00a0\u00bb<\/span><\/a><\/p>\n","protected":false},"author":187,"featured_media":0,"parent":0,"menu_order":0,"comment_status":"closed","ping_status":"closed","template":"","meta":{"footnotes":""},"class_list":["post-1158","page","type-page","status-publish","hentry"],"_links":{"self":[{"href":"https:\/\/site.ac-martinique.fr\/lyc-paulettenardal\/index.php?rest_route=\/wp\/v2\/pages\/1158","targetHints":{"allow":["GET"]}}],"collection":[{"href":"https:\/\/site.ac-martinique.fr\/lyc-paulettenardal\/index.php?rest_route=\/wp\/v2\/pages"}],"about":[{"href":"https:\/\/site.ac-martinique.fr\/lyc-paulettenardal\/index.php?rest_route=\/wp\/v2\/types\/page"}],"author":[{"embeddable":true,"href":"https:\/\/site.ac-martinique.fr\/lyc-paulettenardal\/index.php?rest_route=\/wp\/v2\/users\/187"}],"replies":[{"embeddable":true,"href":"https:\/\/site.ac-martinique.fr\/lyc-paulettenardal\/index.php?rest_route=%2Fwp%2Fv2%2Fcomments&post=1158"}],"version-history":[{"count":15,"href":"https:\/\/site.ac-martinique.fr\/lyc-paulettenardal\/index.php?rest_route=\/wp\/v2\/pages\/1158\/revisions"}],"predecessor-version":[{"id":3232,"href":"https:\/\/site.ac-martinique.fr\/lyc-paulettenardal\/index.php?rest_route=\/wp\/v2\/pages\/1158\/revisions\/3232"}],"wp:attachment":[{"href":"https:\/\/site.ac-martinique.fr\/lyc-paulettenardal\/index.php?rest_route=%2Fwp%2Fv2%2Fmedia&parent=1158"}],"curies":[{"name":"wp","href":"https:\/\/api.w.org\/{rel}","templated":true}]}}