{"id":2291,"date":"2019-07-27T23:06:23","date_gmt":"2019-07-28T03:06:23","guid":{"rendered":"\/lyc-paulettenardal\/?page_id=2291"},"modified":"2021-03-24T15:37:51","modified_gmt":"2021-03-24T19:37:51","slug":"conseil-de-la-vie-lyceenne","status":"publish","type":"page","link":"https:\/\/site.ac-martinique.fr\/lyc-paulettenardal\/?page_id=2291","title":{"rendered":"Le Conseil de la Vie Lyc\u00e9enne"},"content":{"rendered":"<header class=\"cartouche\">\n<p class=\"publication\"><strong>Un C.V.L., qu\u2019est-ce que c\u2019est\u00a0?<\/strong><\/p>\n<\/header>\n<div class=\"main\">\n<div class=\"chapo\">\n<p>Le Conseil de la Vie Lyc\u00e9enne (C.V.L.) est une des instances officielles des lyc\u00e9es. C\u2019est une instance de dialogue entre les lyc\u00e9ens et l\u2019\u00e9quipe \u00e9ducative de l\u2019\u00e9tablissement.<\/p>\n<p><strong>Sa composition<\/strong><\/p>\n<p>Le C.V.L. est une instance paritaire. Il est compos\u00e9 de 10 \u00e9l\u00e8ves et de 10 adultes.<\/p>\n<p>Les 10 \u00e9l\u00e8ves sont \u00e9lus par leurs pairs. La dur\u00e9e d\u2019un mandat est de deux ans, 5 \u00e9l\u00e8ves sont \u00e9lus tous les ans.<\/p>\n<p>Les 10 membres adultes ne sont pas \u00e9lus, ce sont des volontaires qui ont un r\u00f4le consultatif, d\u2019accompagnement. Ils se r\u00e9partissent comme suit\u00a0:<\/p>\n<p>&#8211; 5 enseignants ou personnels d\u2019\u00e9ducation (C.P.E., surveillants)<br class=\"autobr\" \/><br \/>\n &#8211; 3 personnels administratifs, sociaux et de sant\u00e9, techniques, ouvriers et de service (ATOSS)<br class=\"autobr\" \/><br \/>\n &#8211; 2 repr\u00e9sentants des parents d\u2019\u00e9l\u00e8ves.<\/p>\n<p>Le C.V.L. est pr\u00e9sid\u00e9 par le chef d\u2019\u00e9tablissement.<\/p>\n<p>Au sein du C.V.L., les lyc\u00e9ens \u00e9lisent un repr\u00e9sentant titulaire et un suppl\u00e9ant au Conseil d\u2019Administration (C.A.). Cet \u00e9l\u00e8ve assure les fonctions de vice pr\u00e9sident du C.V.L. aux cot\u00e9s du chef d\u2019\u00e9tablissement et il est charg\u00e9 de pr\u00e9senter les avis, propositions et compte-rendus de s\u00e9ance du C.V.L. au C.A..<\/p>\n<p><strong>Les attributions des C.V.L.<\/strong><\/p>\n<p>Le C.V.L. doit obligatoirement \u00eatre consult\u00e9 sur les sujets li\u00e9s \u00e0 la vie du lyc\u00e9e\u00a0:<\/p>\n<p>&#8211; les principes g\u00e9n\u00e9raux de l\u2019organisation des \u00e9tudes et du temps scolaire,<br class=\"autobr\" \/><br \/>\n &#8211; l\u2019\u00e9laboration et la modification du projet d\u2019\u00e9tablissement et du r\u00e8glement int\u00e9rieur,<br class=\"autobr\" \/><br \/>\n &#8211; les questions de restauration et d\u2019internat,<br class=\"autobr\" \/><br \/>\n &#8211; les modalit\u00e9s g\u00e9n\u00e9rales d\u2019organisation du travail personnel, de l\u2019accompagnement personnalis\u00e9,<br class=\"autobr\" \/><br \/>\n &#8211; les dispositifs d\u2019accompagnement des changements d\u2019orientation,<br class=\"autobr\" \/><br \/>\n &#8211; le soutien et l\u2019aide aux \u00e9l\u00e8ves,<br class=\"autobr\" \/><br \/>\n &#8211; les \u00e9changes linguistiques et culturels en partenariat avec les \u00e9tablissement d\u2019enseignement europ\u00e9ens et \u00e9trangers,<br class=\"autobr\" \/><br \/>\n &#8211; l\u2019information li\u00e9e \u00e0 l\u2019orientation, aux \u00e9tudes scolaires et universitaires et aux carri\u00e8res professionnelles,<br class=\"autobr\" \/><br \/>\n &#8211; l\u2019am\u00e9nagement des espaces destin\u00e9s \u00e0 la vie lyc\u00e9enne,<br class=\"autobr\" \/><br \/>\n &#8211; l\u2019organisation des activit\u00e9s sportives, culturelles et p\u00e9riscolaires.<\/p>\n<p>Il peut aussi faire des propositions sur\u00a0:<\/p>\n<p>&#8211; la formation des repr\u00e9sentants des \u00e9l\u00e8ves,\u00a0<br \/>\n &#8211; les conditions d\u2019utilisation des fonds lyc\u00e9ens.<\/p>\n<p><strong>Fonctionnement du C.V.L.<\/strong><\/p>\n<p>Le C.V.L est r\u00e9uni avant chaque conseil d\u2019administration, sur convocation du chef d\u2019\u00e9tablissement. Il peut aussi se r\u00e9unir en s\u00e9ance extraordinaire si la moiti\u00e9 des \u00e9lus lyc\u00e9ens le demande. L\u2019ordre du jour est fix\u00e9 par le chef d\u2019\u00e9tablissement et il y inscrit tous les points demand\u00e9s par au moins la moiti\u00e9 des membres et qui rel\u00e8ve de ses attributions. \u00c0 chaque s\u00e9ance, le CVL \u00e9met des avis et fait des propositions. Il pr\u00e9pare aussi un compte-rendu de s\u00e9ance. L\u2019ensemble est port\u00e9 \u00e0 la connaissance du conseil d\u2019administration et peut \u00eatre affich\u00e9 dans le lyc\u00e9e.<\/p>\n<\/div>\n<\/div>\n","protected":false},"excerpt":{"rendered":"<p>Un C.V.L., qu\u2019est-ce que c\u2019est\u00a0? Le Conseil de la Vie Lyc\u00e9enne (C.V.L.) est une des instances officielles des lyc\u00e9es. C\u2019est &hellip; <\/p>\n<p class=\"link-more\"><a href=\"https:\/\/site.ac-martinique.fr\/lyc-paulettenardal\/?page_id=2291\" class=\"more-link\">Lire la suite&#8230;<span class=\"screen-reader-text\"> \u00ab\u00a0Le Conseil de la Vie Lyc\u00e9enne\u00a0\u00bb<\/span><\/a><\/p>\n","protected":false},"author":187,"featured_media":0,"parent":0,"menu_order":0,"comment_status":"closed","ping_status":"closed","template":"","meta":{"footnotes":""},"class_list":["post-2291","page","type-page","status-publish","hentry"],"_links":{"self":[{"href":"https:\/\/site.ac-martinique.fr\/lyc-paulettenardal\/index.php?rest_route=\/wp\/v2\/pages\/2291","targetHints":{"allow":["GET"]}}],"collection":[{"href":"https:\/\/site.ac-martinique.fr\/lyc-paulettenardal\/index.php?rest_route=\/wp\/v2\/pages"}],"about":[{"href":"https:\/\/site.ac-martinique.fr\/lyc-paulettenardal\/index.php?rest_route=\/wp\/v2\/types\/page"}],"author":[{"embeddable":true,"href":"https:\/\/site.ac-martinique.fr\/lyc-paulettenardal\/index.php?rest_route=\/wp\/v2\/users\/187"}],"replies":[{"embeddable":true,"href":"https:\/\/site.ac-martinique.fr\/lyc-paulettenardal\/index.php?rest_route=%2Fwp%2Fv2%2Fcomments&post=2291"}],"version-history":[{"count":3,"href":"https:\/\/site.ac-martinique.fr\/lyc-paulettenardal\/index.php?rest_route=\/wp\/v2\/pages\/2291\/revisions"}],"predecessor-version":[{"id":3244,"href":"https:\/\/site.ac-martinique.fr\/lyc-paulettenardal\/index.php?rest_route=\/wp\/v2\/pages\/2291\/revisions\/3244"}],"wp:attachment":[{"href":"https:\/\/site.ac-martinique.fr\/lyc-paulettenardal\/index.php?rest_route=%2Fwp%2Fv2%2Fmedia&parent=2291"}],"curies":[{"name":"wp","href":"https:\/\/api.w.org\/{rel}","templated":true}]}}