{"id":3050,"date":"2021-03-03T23:32:24","date_gmt":"2021-03-03T22:32:24","guid":{"rendered":"\/lyc-raymondneris\/?page_id=3050"},"modified":"2021-06-08T00:15:57","modified_gmt":"2021-06-07T23:15:57","slug":"actions-et-projets-20202021","status":"publish","type":"page","link":"https:\/\/site.ac-martinique.fr\/lyc-raymondneris\/?page_id=3050","title":{"rendered":"Actions et Projets 2020\/2021"},"content":{"rendered":"<ul>\n<li><strong><a href=\"https:\/\/site.ac-martinique.fr\/lyc-raymondneris\/?p=3282\" target=\"_blank\" rel=\"noopener\">Participation au concours ti-Jo Mauvois<\/a><\/strong><\/li>\n<li>\u00a0<\/li>\n<li><a href=\"https:\/\/site.ac-martinique.fr\/lyc-raymondneris\/?p=2513\" target=\"_blank\" rel=\"noopener\"><strong>Le cheveu cr\u00e9pu au fil du temps<\/strong><\/a><\/li>\n<li>\u00a0<\/li>\n<li><a href=\"https:\/\/viaatv.tv\/les-talents-de-martinique-lycee-du-marin\/\" target=\"_blank\" rel=\"noopener\"><strong>Nos \u00e9l\u00e8ves de 1\u00e8re Bac Pro Boulanger P\u00e2tissier dans les talents de Martinique\u00a0<\/strong><\/a><\/li>\n<li>\u00a0<\/li>\n<li><a href=\"https:\/\/site.ac-martinique.fr\/lyc-raymondneris\/?page_id=3327\" target=\"_blank\" rel=\"noopener\"><strong>Projet sur l&rsquo;environnement\u00a0\u00a0<\/strong><\/a><\/li>\n<li>\u00a0<\/li>\n<li><a href=\"https:\/\/site.ac-martinique.fr\/lyc-raymondneris\/?page_id=3320\" target=\"_blank\" rel=\"noopener\"><strong>Concours vid\u00e9o sant\u00e9 et s\u00e9curit\u00e9 au travail\u00a0<\/strong><\/a><\/li>\n<li>\u00a0<\/li>\n<li><span style=\"color: #000000\"><a style=\"color: #000000\" href=\"\/lyc-raymondneris\/?p=3059\" target=\"_blank\" rel=\"noopener\"><strong>Passage entre l&rsquo;art et la mode<\/strong><\/a><\/span><\/li>\n<li>\u00a0<\/li>\n<li><b><span style=\"color: #000000\"><a style=\"color: #000000\" href=\"\/lyc-raymondneris\/?p=3036\" target=\"_blank\" rel=\"noopener\">Hisse tes <\/a><\/span><\/b><span style=\"color: #000000\"><a style=\"color: #000000\" href=\"\/lyc-raymondneris\/?p=3036\" target=\"_blank\" rel=\"noopener\"><b>r\u00eaves<\/b><b>\u00a0<\/b><\/a><\/span><\/li>\n<li>\u00a0<\/li>\n<li><span style=\"color: #000000\"><a style=\"color: #000000\" href=\"\/lyc-raymondneris\/?p=3046\" target=\"_blank\" rel=\"noopener\"><strong>Avenir professionnel autour d&rsquo;un petit d\u00e9jeuner<\/strong><\/a><\/span><\/li>\n<li>\u00a0<\/li>\n<li><span style=\"color: #000000\"><a style=\"color: #000000\" href=\"\/lyc-raymondneris\/?p=3026\" target=\"_blank\" rel=\"noopener\"><strong>Prise en main d&rsquo;un navire et navigation<\/strong><\/a><\/span><\/li>\n<\/ul>\n\n\n<p><\/p>\n","protected":false},"excerpt":{"rendered":"<p>Participation au concours ti-Jo Mauvois \u00a0 Le cheveu cr\u00e9pu au fil du temps \u00a0 Nos \u00e9l\u00e8ves de 1\u00e8re Bac Pro Boulanger P\u00e2tissier dans les talents de Martinique\u00a0 \u00a0 Projet sur l&rsquo;environnement\u00a0\u00a0 \u00a0 Concours vid\u00e9o sant\u00e9 et s\u00e9curit\u00e9 au travail\u00a0 \u00a0 &hellip; <a href=\"https:\/\/site.ac-martinique.fr\/lyc-raymondneris\/?page_id=3050\">Continuer la lecture <span class=\"meta-nav\">&rarr;<\/span><\/a><\/p>\n","protected":false},"author":101,"featured_media":0,"parent":0,"menu_order":0,"comment_status":"closed","ping_status":"closed","template":"","meta":{"footnotes":""},"class_list":["post-3050","page","type-page","status-publish","hentry"],"_links":{"self":[{"href":"https:\/\/site.ac-martinique.fr\/lyc-raymondneris\/index.php?rest_route=\/wp\/v2\/pages\/3050","targetHints":{"allow":["GET"]}}],"collection":[{"href":"https:\/\/site.ac-martinique.fr\/lyc-raymondneris\/index.php?rest_route=\/wp\/v2\/pages"}],"about":[{"href":"https:\/\/site.ac-martinique.fr\/lyc-raymondneris\/index.php?rest_route=\/wp\/v2\/types\/page"}],"author":[{"embeddable":true,"href":"https:\/\/site.ac-martinique.fr\/lyc-raymondneris\/index.php?rest_route=\/wp\/v2\/users\/101"}],"replies":[{"embeddable":true,"href":"https:\/\/site.ac-martinique.fr\/lyc-raymondneris\/index.php?rest_route=%2Fwp%2Fv2%2Fcomments&post=3050"}],"version-history":[{"count":10,"href":"https:\/\/site.ac-martinique.fr\/lyc-raymondneris\/index.php?rest_route=\/wp\/v2\/pages\/3050\/revisions"}],"predecessor-version":[{"id":3344,"href":"https:\/\/site.ac-martinique.fr\/lyc-raymondneris\/index.php?rest_route=\/wp\/v2\/pages\/3050\/revisions\/3344"}],"wp:attachment":[{"href":"https:\/\/site.ac-martinique.fr\/lyc-raymondneris\/index.php?rest_route=%2Fwp%2Fv2%2Fmedia&parent=3050"}],"curies":[{"name":"wp","href":"https:\/\/api.w.org\/{rel}","templated":true}]}}