{"id":4062,"date":"2022-06-21T22:57:14","date_gmt":"2022-06-21T21:57:14","guid":{"rendered":"https:\/\/site.ac-martinique.fr\/lyc-raymondneris\/?page_id=4062"},"modified":"2022-06-23T12:50:25","modified_gmt":"2022-06-23T11:50:25","slug":"les-talents-de-la-martinique","status":"publish","type":"page","link":"https:\/\/site.ac-martinique.fr\/lyc-raymondneris\/?page_id=4062","title":{"rendered":"LES TALENTS DE LA MARTINIQUE 2022"},"content":{"rendered":"\n<p>La deuxi\u00e8me \u00e9dition des talents de la Martinique organis\u00e9e par la Collectivit\u00e9 Territoriale de la Martinique et Via ATV est sur le th\u00e8me de la mode, de la coiffure et de l&rsquo;esth\u00e9tique.<br>Nos \u00e9l\u00e8ves de CAP M\u00e9tiers de la coiffure et MC3C de notre lyc\u00e9e ont particip\u00e9 \u00e0 cet \u00e9v\u00e8nement, encadr\u00e9s par Mesdames GIRIER DUFOURNIER et LORENZI.<\/p>\n\n\n\n<figure class=\"wp-block-gallery has-nested-images columns-default is-cropped wp-block-gallery-1 is-layout-flex wp-block-gallery-is-layout-flex\">\n<figure class=\"wp-block-image size-large\"><a href=\"https:\/\/site.ac-martinique.fr\/lyc-raymondneris\/wp-content\/uploads\/sites\/40\/2022\/06\/WhatsApp-Image-2022-06-20-at-16.15.37-5.jpeg\"><img loading=\"lazy\" decoding=\"async\" width=\"768\" height=\"1024\" data-id=\"4138\" src=\"https:\/\/site.ac-martinique.fr\/lyc-raymondneris\/wp-content\/uploads\/sites\/40\/2022\/06\/WhatsApp-Image-2022-06-20-at-16.15.37-5.jpeg\" alt=\"\" class=\"wp-image-4138\" srcset=\"https:\/\/site.ac-martinique.fr\/lyc-raymondneris\/wp-content\/uploads\/sites\/40\/2022\/06\/WhatsApp-Image-2022-06-20-at-16.15.37-5.jpeg 768w, https:\/\/site.ac-martinique.fr\/lyc-raymondneris\/wp-content\/uploads\/sites\/40\/2022\/06\/WhatsApp-Image-2022-06-20-at-16.15.37-5-225x300.jpeg 225w\" sizes=\"auto, (max-width: 768px) 100vw, 768px\" \/><\/a><\/figure>\n\n\n\n<figure class=\"wp-block-image size-large\"><a href=\"https:\/\/site.ac-martinique.fr\/lyc-raymondneris\/wp-content\/uploads\/sites\/40\/2022\/06\/WhatsApp-Image-2022-06-20-at-16.15.37-6.jpeg\"><img loading=\"lazy\" decoding=\"async\" width=\"768\" height=\"1024\" data-id=\"4139\" src=\"https:\/\/site.ac-martinique.fr\/lyc-raymondneris\/wp-content\/uploads\/sites\/40\/2022\/06\/WhatsApp-Image-2022-06-20-at-16.15.37-6.jpeg\" alt=\"\" class=\"wp-image-4139\" srcset=\"https:\/\/site.ac-martinique.fr\/lyc-raymondneris\/wp-content\/uploads\/sites\/40\/2022\/06\/WhatsApp-Image-2022-06-20-at-16.15.37-6.jpeg 768w, https:\/\/site.ac-martinique.fr\/lyc-raymondneris\/wp-content\/uploads\/sites\/40\/2022\/06\/WhatsApp-Image-2022-06-20-at-16.15.37-6-225x300.jpeg 225w\" sizes=\"auto, (max-width: 768px) 100vw, 768px\" \/><\/a><\/figure>\n\n\n\n<figure class=\"wp-block-image size-large\"><a href=\"https:\/\/site.ac-martinique.fr\/lyc-raymondneris\/wp-content\/uploads\/sites\/40\/2022\/06\/WhatsApp-Image-2022-06-20-at-16.15.37-3.jpeg\"><img loading=\"lazy\" decoding=\"async\" width=\"768\" height=\"1024\" data-id=\"4140\" src=\"https:\/\/site.ac-martinique.fr\/lyc-raymondneris\/wp-content\/uploads\/sites\/40\/2022\/06\/WhatsApp-Image-2022-06-20-at-16.15.37-3.jpeg\" alt=\"\" class=\"wp-image-4140\" srcset=\"https:\/\/site.ac-martinique.fr\/lyc-raymondneris\/wp-content\/uploads\/sites\/40\/2022\/06\/WhatsApp-Image-2022-06-20-at-16.15.37-3.jpeg 768w, https:\/\/site.ac-martinique.fr\/lyc-raymondneris\/wp-content\/uploads\/sites\/40\/2022\/06\/WhatsApp-Image-2022-06-20-at-16.15.37-3-225x300.jpeg 225w\" sizes=\"auto, (max-width: 768px) 100vw, 768px\" \/><\/a><\/figure>\n<\/figure>\n\n\n\n<p> <a rel=\"noreferrer noopener\" href=\"https:\/\/viaatv.tv\/les-talents-de-martinique-mode-lycee-raymond-neris\/\" target=\"_blank\"><strong>Voir les pr\u00e9paratifs avec Via ATV <\/strong><\/a><\/p>\n\n\n\n<p><a rel=\"noreferrer noopener\" href=\"https:\/\/site.ac-martinique.fr\/lyc-raymondneris\/wp-content\/uploads\/sites\/40\/2022\/06\/Preparations-des-coiffures-pour-lemission-les-talents-de.pdf\" target=\"_blank\"><strong>Voir les Coiffures des \u00e9l\u00e8ves du Lp Raymond N\u00e9ris<\/strong><\/a><\/p>\n\n\n\n<p><a href=\"https:\/\/site.ac-martinique.fr\/lyc-raymondneris\/wp-content\/uploads\/sites\/40\/2022\/06\/VIDEO-2022-06-14-16-07-32.mp4\" target=\"_blank\" rel=\"noreferrer noopener\"><strong>Voir la bande annonce de l&rsquo;\u00e9mission<\/strong><\/a><\/p>\n\n\n\n<p>Lundi 20 juin 2022, le pr\u00e9sident de la Collectivit\u00e9 de Martinique, Serge Letchimie a re\u00e7u nos \u00e9l\u00e8ves  afin de leur pr\u00e9senter en avant premi\u00e8re le mini film cl\u00f4turant les \u00e9pisodes sur les talents : le sc\u00e9nario r\u00e9alis\u00e9 par Monsieur Fabrice Paimba met en avant les pr\u00e9paratifs d&rsquo;un mariage avec tous les corps de m\u00e9tiers (fleuriste, d\u00e9corateur, mode, coiffure et maquillage, sans oublier la danse !)<\/p>\n\n\n\n<figure class=\"wp-block-gallery has-nested-images columns-default is-cropped wp-block-gallery-2 is-layout-flex wp-block-gallery-is-layout-flex\">\n<figure class=\"wp-block-image size-large\"><a href=\"https:\/\/site.ac-martinique.fr\/lyc-raymondneris\/wp-content\/uploads\/sites\/40\/2022\/06\/WhatsApp-Image-2022-06-20-at-14.50.36-1.jpeg\"><img loading=\"lazy\" decoding=\"async\" width=\"1024\" height=\"768\" data-id=\"4074\" src=\"https:\/\/site.ac-martinique.fr\/lyc-raymondneris\/wp-content\/uploads\/sites\/40\/2022\/06\/WhatsApp-Image-2022-06-20-at-14.50.36-1.jpeg\" alt=\"\" class=\"wp-image-4074\" srcset=\"https:\/\/site.ac-martinique.fr\/lyc-raymondneris\/wp-content\/uploads\/sites\/40\/2022\/06\/WhatsApp-Image-2022-06-20-at-14.50.36-1.jpeg 1024w, https:\/\/site.ac-martinique.fr\/lyc-raymondneris\/wp-content\/uploads\/sites\/40\/2022\/06\/WhatsApp-Image-2022-06-20-at-14.50.36-1-300x225.jpeg 300w, https:\/\/site.ac-martinique.fr\/lyc-raymondneris\/wp-content\/uploads\/sites\/40\/2022\/06\/WhatsApp-Image-2022-06-20-at-14.50.36-1-768x576.jpeg 768w\" sizes=\"auto, (max-width: 1024px) 100vw, 1024px\" \/><\/a><\/figure>\n\n\n\n<figure class=\"wp-block-image size-large\"><a href=\"https:\/\/site.ac-martinique.fr\/lyc-raymondneris\/wp-content\/uploads\/sites\/40\/2022\/06\/WhatsApp-Image-2022-06-20-at-14.50.36-2.jpeg\"><img loading=\"lazy\" decoding=\"async\" width=\"1024\" height=\"768\" data-id=\"4075\" src=\"https:\/\/site.ac-martinique.fr\/lyc-raymondneris\/wp-content\/uploads\/sites\/40\/2022\/06\/WhatsApp-Image-2022-06-20-at-14.50.36-2.jpeg\" alt=\"\" class=\"wp-image-4075\" srcset=\"https:\/\/site.ac-martinique.fr\/lyc-raymondneris\/wp-content\/uploads\/sites\/40\/2022\/06\/WhatsApp-Image-2022-06-20-at-14.50.36-2.jpeg 1024w, https:\/\/site.ac-martinique.fr\/lyc-raymondneris\/wp-content\/uploads\/sites\/40\/2022\/06\/WhatsApp-Image-2022-06-20-at-14.50.36-2-300x225.jpeg 300w, https:\/\/site.ac-martinique.fr\/lyc-raymondneris\/wp-content\/uploads\/sites\/40\/2022\/06\/WhatsApp-Image-2022-06-20-at-14.50.36-2-768x576.jpeg 768w\" sizes=\"auto, (max-width: 1024px) 100vw, 1024px\" \/><\/a><\/figure>\n\n\n\n<figure class=\"wp-block-image size-large\"><a href=\"https:\/\/site.ac-martinique.fr\/lyc-raymondneris\/wp-content\/uploads\/sites\/40\/2022\/06\/WhatsApp-Image-2022-06-20-at-14.50.36.jpeg\"><img loading=\"lazy\" decoding=\"async\" width=\"1024\" height=\"768\" data-id=\"4076\" src=\"https:\/\/site.ac-martinique.fr\/lyc-raymondneris\/wp-content\/uploads\/sites\/40\/2022\/06\/WhatsApp-Image-2022-06-20-at-14.50.36.jpeg\" alt=\"\" class=\"wp-image-4076\" srcset=\"https:\/\/site.ac-martinique.fr\/lyc-raymondneris\/wp-content\/uploads\/sites\/40\/2022\/06\/WhatsApp-Image-2022-06-20-at-14.50.36.jpeg 1024w, https:\/\/site.ac-martinique.fr\/lyc-raymondneris\/wp-content\/uploads\/sites\/40\/2022\/06\/WhatsApp-Image-2022-06-20-at-14.50.36-300x225.jpeg 300w, https:\/\/site.ac-martinique.fr\/lyc-raymondneris\/wp-content\/uploads\/sites\/40\/2022\/06\/WhatsApp-Image-2022-06-20-at-14.50.36-768x576.jpeg 768w\" sizes=\"auto, (max-width: 1024px) 100vw, 1024px\" \/><\/a><\/figure>\n\n\n\n<figure class=\"wp-block-image size-large\"><a href=\"https:\/\/site.ac-martinique.fr\/lyc-raymondneris\/wp-content\/uploads\/sites\/40\/2022\/06\/WhatsApp-Image-2022-06-20-at-14.50.36-2-1.jpeg\"><img loading=\"lazy\" decoding=\"async\" width=\"1024\" height=\"768\" data-id=\"4077\" src=\"https:\/\/site.ac-martinique.fr\/lyc-raymondneris\/wp-content\/uploads\/sites\/40\/2022\/06\/WhatsApp-Image-2022-06-20-at-14.50.36-2-1.jpeg\" alt=\"\" class=\"wp-image-4077\" srcset=\"https:\/\/site.ac-martinique.fr\/lyc-raymondneris\/wp-content\/uploads\/sites\/40\/2022\/06\/WhatsApp-Image-2022-06-20-at-14.50.36-2-1.jpeg 1024w, https:\/\/site.ac-martinique.fr\/lyc-raymondneris\/wp-content\/uploads\/sites\/40\/2022\/06\/WhatsApp-Image-2022-06-20-at-14.50.36-2-1-300x225.jpeg 300w, https:\/\/site.ac-martinique.fr\/lyc-raymondneris\/wp-content\/uploads\/sites\/40\/2022\/06\/WhatsApp-Image-2022-06-20-at-14.50.36-2-1-768x576.jpeg 768w\" sizes=\"auto, (max-width: 1024px) 100vw, 1024px\" \/><\/a><\/figure>\n\n\n\n<figure class=\"wp-block-image size-large\"><a href=\"https:\/\/site.ac-martinique.fr\/lyc-raymondneris\/wp-content\/uploads\/sites\/40\/2022\/06\/WhatsApp-Image-2022-06-20-at-14.27.18.jpeg\"><img loading=\"lazy\" decoding=\"async\" width=\"1024\" height=\"768\" data-id=\"4078\" src=\"https:\/\/site.ac-martinique.fr\/lyc-raymondneris\/wp-content\/uploads\/sites\/40\/2022\/06\/WhatsApp-Image-2022-06-20-at-14.27.18.jpeg\" alt=\"\" class=\"wp-image-4078\" srcset=\"https:\/\/site.ac-martinique.fr\/lyc-raymondneris\/wp-content\/uploads\/sites\/40\/2022\/06\/WhatsApp-Image-2022-06-20-at-14.27.18.jpeg 1024w, https:\/\/site.ac-martinique.fr\/lyc-raymondneris\/wp-content\/uploads\/sites\/40\/2022\/06\/WhatsApp-Image-2022-06-20-at-14.27.18-300x225.jpeg 300w, https:\/\/site.ac-martinique.fr\/lyc-raymondneris\/wp-content\/uploads\/sites\/40\/2022\/06\/WhatsApp-Image-2022-06-20-at-14.27.18-768x576.jpeg 768w\" sizes=\"auto, (max-width: 1024px) 100vw, 1024px\" \/><\/a><\/figure>\n\n\n\n<figure class=\"wp-block-image size-large\"><a href=\"https:\/\/site.ac-martinique.fr\/lyc-raymondneris\/wp-content\/uploads\/sites\/40\/2022\/06\/WhatsApp-Image-2022-06-20-at-14.25.41.jpeg\"><img loading=\"lazy\" decoding=\"async\" width=\"1024\" height=\"768\" data-id=\"4079\" src=\"https:\/\/site.ac-martinique.fr\/lyc-raymondneris\/wp-content\/uploads\/sites\/40\/2022\/06\/WhatsApp-Image-2022-06-20-at-14.25.41.jpeg\" alt=\"\" class=\"wp-image-4079\" srcset=\"https:\/\/site.ac-martinique.fr\/lyc-raymondneris\/wp-content\/uploads\/sites\/40\/2022\/06\/WhatsApp-Image-2022-06-20-at-14.25.41.jpeg 1024w, https:\/\/site.ac-martinique.fr\/lyc-raymondneris\/wp-content\/uploads\/sites\/40\/2022\/06\/WhatsApp-Image-2022-06-20-at-14.25.41-300x225.jpeg 300w, https:\/\/site.ac-martinique.fr\/lyc-raymondneris\/wp-content\/uploads\/sites\/40\/2022\/06\/WhatsApp-Image-2022-06-20-at-14.25.41-768x576.jpeg 768w\" sizes=\"auto, (max-width: 1024px) 100vw, 1024px\" \/><\/a><\/figure>\n\n\n\n<figure class=\"wp-block-image size-large\"><a href=\"https:\/\/site.ac-martinique.fr\/lyc-raymondneris\/wp-content\/uploads\/sites\/40\/2022\/06\/groupe-coif.jpg\"><img loading=\"lazy\" decoding=\"async\" width=\"320\" height=\"240\" data-id=\"4080\" src=\"https:\/\/site.ac-martinique.fr\/lyc-raymondneris\/wp-content\/uploads\/sites\/40\/2022\/06\/groupe-coif.jpg\" alt=\"\" class=\"wp-image-4080\" srcset=\"https:\/\/site.ac-martinique.fr\/lyc-raymondneris\/wp-content\/uploads\/sites\/40\/2022\/06\/groupe-coif.jpg 320w, https:\/\/site.ac-martinique.fr\/lyc-raymondneris\/wp-content\/uploads\/sites\/40\/2022\/06\/groupe-coif-300x225.jpg 300w\" sizes=\"auto, (max-width: 320px) 100vw, 320px\" \/><\/a><\/figure>\n<\/figure>\n","protected":false},"excerpt":{"rendered":"<p>La deuxi\u00e8me \u00e9dition des talents de la Martinique organis\u00e9e par la Collectivit\u00e9 Territoriale de la Martinique et Via ATV est sur le th\u00e8me de la mode, de la coiffure et de l&rsquo;esth\u00e9tique.Nos \u00e9l\u00e8ves de CAP M\u00e9tiers de la coiffure et &hellip; <a href=\"https:\/\/site.ac-martinique.fr\/lyc-raymondneris\/?page_id=4062\">Continuer la lecture <span class=\"meta-nav\">&rarr;<\/span><\/a><\/p>\n","protected":false},"author":101,"featured_media":0,"parent":0,"menu_order":0,"comment_status":"closed","ping_status":"closed","template":"","meta":{"footnotes":""},"class_list":["post-4062","page","type-page","status-publish","hentry"],"_links":{"self":[{"href":"https:\/\/site.ac-martinique.fr\/lyc-raymondneris\/index.php?rest_route=\/wp\/v2\/pages\/4062","targetHints":{"allow":["GET"]}}],"collection":[{"href":"https:\/\/site.ac-martinique.fr\/lyc-raymondneris\/index.php?rest_route=\/wp\/v2\/pages"}],"about":[{"href":"https:\/\/site.ac-martinique.fr\/lyc-raymondneris\/index.php?rest_route=\/wp\/v2\/types\/page"}],"author":[{"embeddable":true,"href":"https:\/\/site.ac-martinique.fr\/lyc-raymondneris\/index.php?rest_route=\/wp\/v2\/users\/101"}],"replies":[{"embeddable":true,"href":"https:\/\/site.ac-martinique.fr\/lyc-raymondneris\/index.php?rest_route=%2Fwp%2Fv2%2Fcomments&post=4062"}],"version-history":[{"count":10,"href":"https:\/\/site.ac-martinique.fr\/lyc-raymondneris\/index.php?rest_route=\/wp\/v2\/pages\/4062\/revisions"}],"predecessor-version":[{"id":4185,"href":"https:\/\/site.ac-martinique.fr\/lyc-raymondneris\/index.php?rest_route=\/wp\/v2\/pages\/4062\/revisions\/4185"}],"wp:attachment":[{"href":"https:\/\/site.ac-martinique.fr\/lyc-raymondneris\/index.php?rest_route=%2Fwp%2Fv2%2Fmedia&parent=4062"}],"curies":[{"name":"wp","href":"https:\/\/api.w.org\/{rel}","templated":true}]}}