{"id":1213,"date":"2020-09-10T17:17:07","date_gmt":"2020-09-10T20:17:07","guid":{"rendered":"https:\/\/site.ac-martinique.fr\/philosophie\/?page_id=1213"},"modified":"2021-04-02T12:30:39","modified_gmt":"2021-04-02T15:30:39","slug":"laccompagnement-personnalise","status":"publish","type":"page","link":"https:\/\/site.ac-martinique.fr\/philosophie\/?page_id=1213","title":{"rendered":"L&#8217;Accompagnement personnalis\u00e9"},"content":{"rendered":"<div class=\"header\">\n<div class=\"logo\"><\/div>\n<h1 class=\"title\">La philosophie dans l\u2019accompagnement personnalis\u00e9 en classe terminale\u00a0: cadre r\u00e9glementaire et suggestions<\/h1>\n<\/div>\n<div class=\"body clear\">\n<div class=\"text \">\n<p><strong>Ce document propose aux professeurs de philosophie de l\u2019acad\u00e9mie de Martinique un rappel du cadre r\u00e9glementaire g\u00e9n\u00e9ral de l\u2019accompagnement personnalis\u00e9 en classe terminale, ainsi que des suggestions et des conseils pour sa mise en oeuvre \u00e0 compter de la rentr\u00e9e de septembre 2012.<\/strong><\/p>\n<h3 class=\"spip\">Textes r\u00e9glementaires de r\u00e9f\u00e9rence\u00a0:<\/h3>\n<p><strong><a class=\"spip_out\" href=\"http:\/\/www.education.gouv.fr\/cid50480\/mene0929859a.html\" rel=\"external\">Arr\u00eat\u00e9s des 27-1 et 1-2-2010<\/a> \u2013 J .O. des 28-1 et 3-2-2010 \u2013 <a class=\"spip_out\" href=\"http:\/\/www.education.gouv.fr\/pid23791\/special-n-1-du-4-fevrier-2010.html\" rel=\"external\">B.O. sp\u00e9cial n\u00b01 du 4 f\u00e9vrier 2010<\/a> (extrait)\u00a0:<\/strong><\/p>\n<p>\u00ab\u00a0<strong>Article 4\u00a0:<\/strong> L\u2019accompagnement personnalis\u00e9 s\u2019adresse \u00e0 tous les \u00e9l\u00e8ves selon leurs besoins. Il comprend des actions coordonn\u00e9es de soutien, d\u2019approfondissement, d\u2019aide m\u00e9thodologique et d\u2019aide \u00e0 l\u2019orientation, pour favoriser la ma\u00eetrise progressive par l\u2019\u00e9l\u00e8ve de son parcours de formation et d\u2019orientation. Il prend notamment la forme de travaux interdisciplinaires. En classe terminale, l\u2019accompagnement personnalis\u00e9 prend appui prioritairement sur les enseignements sp\u00e9cifiques de chaque s\u00e9rie.<\/p>\n<p>L\u2019horaire de l\u2019accompagnement personnalis\u00e9 est de 72 heures annuelles\u00a0; il peut \u00eatre utilis\u00e9 sur la base de deux heures hebdomadaires.<\/p>\n<p>L\u2019accompagnement personnalis\u00e9 est plac\u00e9 sous la responsabilit\u00e9 des professeurs, en particulier du professeur principal.<\/p>\n<p>Conform\u00e9ment aux dispositions de l\u2019article R. 421-41-3 du code de l\u2019\u00c9ducation susvis\u00e9, les modalit\u00e9s d\u2019organisation de cet accompagnement personnalis\u00e9 font l\u2019objet de propositions du conseil p\u00e9dagogique soumises \u00e0 l\u2019approbation du conseil d\u2019administration par le chef d\u2019\u00e9tablissement.\u00a0\u00bb<\/p>\n<p><strong><a class=\"spip_out\" href=\"http:\/\/www.legifrance.gouv.fr\/affichTexte.do?cidTexte=JORFTEXT000024614069\" rel=\"external\">Arr\u00eat\u00e9 du 29-09-2011<\/a> (s\u00e9rie ST2S)\u00a0: article 3 (texte identique \u00e0 celui de l\u2019article cit\u00e9 ci-dessus). <\/strong><\/p>\n<p><strong><a class=\"spip_out\" href=\"http:\/\/www.education.gouv.fr\/cid50471\/mene1002847c.html\" rel=\"external\">Circulaire n\u00b02010-013 du 29 janvier 2010<\/a> &#8211; <a class=\"spip_out\" href=\"http:\/\/www.education.gouv.fr\/pid23791\/special-n-1-du-4-fevrier-2010.html\" rel=\"external\">B.O. sp\u00e9cial n\u00b01 du 4 f\u00e9vrier 2010<\/a> (extrait)\u00a0:<\/strong><\/p>\n<p>\u00ab\u00a0L\u2019accompagnement personnalis\u00e9 comprend des activit\u00e9s coordonn\u00e9es de soutien, d\u2019approfondissement, d\u2019aide m\u00e9thodologique et d\u2019aide \u00e0 l\u2019orientation, pour favoriser la ma\u00eetrise par l\u2019\u00e9l\u00e8ve de son parcours de formation et d\u2019orientation. Il s\u2019appuie sur les technologies de l\u2019information et de la communication pour l\u2019\u00e9ducation (TICE). Il prend notamment la forme de travaux interdisciplinaires.<\/p>\n<p>L\u2019accompagnement comprend, \u00e0 l\u2019initiative des \u00e9quipes p\u00e9dagogiques, des activit\u00e9s comportant notamment\u00a0:<\/p>\n<p><img loading=\"lazy\" decoding=\"async\" class=\"puce\" src=\"https:\/\/philosophie.dis.ac-guyane.fr\/squelettes-dist\/puce.gif\" alt=\"-\" width=\"8\" height=\"11\" \/>\u00a0le travail sur les comp\u00e9tences de base\u00a0: compr\u00e9hension du travail attendu et organisation personnelle pour y r\u00e9pondre, expression et communication \u00e9crites et orales, prise de notes, analyse et traitement d\u2019une question, capacit\u00e9 \u00e0 argumenter, recherche documentaire, ma\u00eetrise et utilisation responsable des technologies de l\u2019information et de la communication, activit\u00e9s contribuant au renforcement de la culture g\u00e9n\u00e9rale (conf\u00e9rences), aide m\u00e9thodologique \u00e0 l\u2019\u00e9crit comme \u00e0 l\u2019oral, etc.\u00a0;<\/p>\n<p><img loading=\"lazy\" decoding=\"async\" class=\"puce\" src=\"https:\/\/philosophie.dis.ac-guyane.fr\/squelettes-dist\/puce.gif\" alt=\"-\" width=\"8\" height=\"11\" \/>\u00a0les travaux interdisciplinaires\u00a0: th\u00e8mes de travail choisis par les \u00e9l\u00e8ves ou les professeurs\u00a0; projets individuels ou collectifs\u00a0;<\/p>\n<p><img loading=\"lazy\" decoding=\"async\" class=\"puce\" src=\"https:\/\/philosophie.dis.ac-guyane.fr\/squelettes-dist\/puce.gif\" alt=\"-\" width=\"8\" height=\"11\" \/>\u00a0la construction d\u2019un parcours de formation et d\u2019orientation r\u00e9fl\u00e9chi prenant appui sur le passeport orientation formation, l\u2019orientation active, la pr\u00e9paration \u00e0 l\u2019enseignement sup\u00e9rieur, la participation de repr\u00e9sentants des diff\u00e9rentes branches d\u2019activit\u00e9 professionnelle, la d\u00e9couverte in situ des m\u00e9tiers, etc. L\u2019accompagnement tient compte des entretiens personnalis\u00e9s d\u2019orientation conduits par les professeurs principaux avec le concours des conseillers d\u2019orientation-psychologues. Les parents sont associ\u00e9s \u00e0 ces entretiens.<\/p>\n<p>Les diff\u00e9rentes formes et modalit\u00e9s de l\u2019accompagnement personnalis\u00e9 peuvent \u00eatre propos\u00e9es aux \u00e9l\u00e8ves, selon l\u2019\u00e9volution des besoins de ces derniers, \u00e0 des moments et \u00e0 des rythmes diff\u00e9rents tout au long de leur scolarit\u00e9.<\/p>\n<p>L\u2019accompagnement personnalis\u00e9 (\u2026) en classe terminale, prend appui sur les enseignements sp\u00e9cifiques, et sur les enseignements constituant les dominantes disciplinaires des s\u00e9ries concern\u00e9es. Il contribue \u00e0 la pr\u00e9paration \u00e0 l\u2019enseignement sup\u00e9rieur.\u00a0\u00bb<\/p>\n<h3 class=\"spip\">Conseils et suggestions\u00a0:<\/h3>\n<p>L\u2019accompagnement personnalis\u00e9 en classe terminale \u00ab\u00a0prend appui sur les enseignements sp\u00e9cifiques \u00e0 chaque s\u00e9rie\u00a0\u00bb, au nombre desquels figure la philosophie dans toutes les s\u00e9ries du baccalaur\u00e9at g\u00e9n\u00e9ral. Il tient \u00e9galement compte des \u00ab\u00a0dominantes disciplinaires des s\u00e9ries concern\u00e9es\u00a0\u00bb.<\/p>\n<p>Le principe p\u00e9dagogique de l\u2019accompagnement personnalis\u00e9 en classe terminale consiste \u00e0 trouver des entr\u00e9es disciplinaires permettant de travailler des comp\u00e9tences disciplinaires et transversales de base qui sont celles\u00a0:<\/p>\n<ul class=\"spip\">\n<li>de l\u2019\u00e9l\u00e8ve de terminale pr\u00e9parant l\u2019examen du baccalaur\u00e9at\u00a0;<\/li>\n<li>du futur \u00e9tudiant.<\/li>\n<\/ul>\n<p>Il peut, notamment mais pas exclusivement, prendre la forme de travaux interdisciplinaires sur th\u00e8mes et donner lieu \u00e0 des projets individuels ou collectifs.<\/p>\n<p><strong>Les exemples pr\u00e9sent\u00e9s ci-dessous ne constituent que des suggestions et ne sont pas exclusifs d\u2019autres propositions<\/strong>, qu\u2019il vous appartient de porter \u00e9ventuellement \u00e0 la connaissance de l\u2019ensemble des coll\u00e8gues par la voie d\u2019un espace collaboratif prochainement ouvert \u00e0 cet effet sur le site disciplinaire de philosophie de l\u2019acad\u00e9mie.<\/p>\n<p><strong>Trois types d\u2019activit\u00e9s peuvent \u00eatre mises en place\u00a0:<\/strong><\/p>\n<ul class=\"spip\">\n<li>Soutien et rem\u00e9diation\u00a0: il ne s\u2019agit pas de faire r\u00e9p\u00e9ter aux \u00e9l\u00e8ves qui rencontrent des difficult\u00e9s les exercices (dissertation et explication de texte) qu\u2019ils peinent \u00e0 r\u00e9ussir. Tout au contraire, il s\u2019agit d\u2019intervenir au c\u0153ur des habitudes et des m\u00e9thodes de travail personnelles des \u00e9l\u00e8ves, en leur proposant des activit\u00e9s permettant de les am\u00e9liorer, activit\u00e9s que bien souvent l\u2019on n\u2019a pas le temps de r\u00e9aliser en classe. Il peut \u00eatre utile par exemple de faire retravailler une dissertation ou une explication de texte r\u00e9alis\u00e9e par les \u00e9l\u00e8ves puis corrig\u00e9e et rendue par le professeur \u00e0 partir de leurs brouillons. Peuvent \u00e9galement \u00eatre propos\u00e9s, individuellement ou en groupes, des travaux de r\u00e9\u00e9criture d\u2019un ou plusieurs paragraphes des copies r\u00e9alis\u00e9es par les \u00e9l\u00e8ves, l\u2019am\u00e9lioration du devoir qui en r\u00e9sulte pouvant donner lieu \u00e0 une r\u00e9\u00e9valuation de la note, dans un esprit qui serait celui d\u2019une notation de la seconde chance, De fa\u00e7on tr\u00e8s ponctuelle, un exercice de correction d\u2019un ou deux lots de trois ou quatre copies anonymes sur un m\u00eame sujet (on \u00e9vitera scrupuleusement celles des classes de l\u2019ann\u00e9e en cours) peut permettre aux \u00e9l\u00e8ves de mieux comprendre ce qui est attendu d\u2019eux et d\u2019assimiler les crit\u00e8res de l\u2019\u00e9valuation dont leurs travaux font l\u2019objet. L\u2019oral de travail, qui consiste \u00e0 demander \u00e0 chaque \u00e9l\u00e8ve d\u2019expliciter et d\u2019analyser les op\u00e9rations qu\u2019il a accomplies pour obtenir le r\u00e9sultat auquel il est parvenu, est dans le contexte de l\u2019accompagnement personnalis\u00e9 une ressource utile en ce qu\u2019il permet d\u2019apprendre aux \u00e9l\u00e8ves \u00e0 rep\u00e9rer, \u00e0 analyser et \u00e0 corriger eux-m\u00eames leurs erreurs. En revanche, on \u00e9vitera soigneusement de recourir \u00e0 des exercices qui, par leur caract\u00e8re faussement partiel (par exemple r\u00e9diger exclusivement une introduction ou une conclusion de dissertation sur un sujet donn\u00e9, exercices qui supposent, pour \u00eatre r\u00e9ussis, d\u2019avoir pr\u00e9alablement travaill\u00e9 \u00e0 la r\u00e9alisation de la dissertation dans son ensemble), accroissent la difficult\u00e9 au lieu de la r\u00e9duire.<\/li>\n<\/ul>\n<ul class=\"spip\">\n<li>Approfondissement\u00a0: il s\u2019agit de proposer des activit\u00e9s permettant aux \u00e9l\u00e8ves de se projeter dans le travail de l\u2019\u00e9tudiant qu\u2019ils sont appel\u00e9s \u00e0 devenir. Par exemple, on pourra proposer la r\u00e9alisation de fiches de lecture \u00e0 partir d\u2019\u0153uvres de philosophie, qu\u2019on aura avantage \u00e0 choisir parmi celles des auteurs au programme, ou bien apprendre aux \u00e9l\u00e8ves comment composer une bibliographie ou un recueil de textes de r\u00e9f\u00e9rences pour un sujet de dissertation donn\u00e9. Si les travaux interdisciplinaires sont encourag\u00e9s, on \u00e9vitera soigneusement de les proposer sous forme d\u2019activit\u00e9s de recherches th\u00e9matiques \u00e0 r\u00e9aliser, qui rel\u00e8vent des Travaux Personnels Encadr\u00e9s en classe de premi\u00e8re, o\u00f9 elles ont toute leur place, mais non de l\u2019accompagnement personnalis\u00e9.<\/li>\n<\/ul>\n<ul class=\"spip\">\n<li>Orientation\u00a0: il ne s\u2019agit pas pour le professeur de philosophie d\u2019endosser le r\u00f4le du Conseiller d\u2019Orientation Psychologue, mais il s\u2019agit de trouver des activit\u00e9s philosophiques permettant de d\u00e9velopper chez les \u00e9l\u00e8ves une r\u00e9flexion inform\u00e9e et pr\u00e9cise sur leurs choix d\u2019orientation. Par exemple, il peut \u00eatre utile de proposer \u00e0 quelques \u00e9l\u00e8ves qui envisagent une orientation vers des \u00e9tudes de philosophie ou de sciences humaines d\u2019assister \u00e0 un cours de philosophie dans une Universit\u00e9 voisine, pourvu que ce cours ait \u00e9t\u00e9 soigneusement choisi de fa\u00e7on \u00e0 \u00eatre accessible \u00e0 des \u00e9l\u00e8ves de classe terminale, en collaboration \u00e9troite avec l\u2019enseignant universitaire, et qu\u2019il fasse l\u2019objet d\u2019une pr\u00e9paration et d\u2019une reprise.<\/li>\n<\/ul>\n<p>Les professeurs de philosophie engag\u00e9s dans l\u2019accompagnement personnalis\u00e9 ne sont nullement tenus de proposer forc\u00e9ment les trois types d\u2019activit\u00e9s. Il est d\u00e9j\u00e0 profitable d\u2019en conduire un ou deux, en fonction des ressources disponibles.<\/p>\n<p>Au demeurant, l\u2019accompagnement personnalis\u00e9 ne saurait \u00eatre con\u00e7u comme un enseignement isol\u00e9 du cours de philosophie suivi par les \u00e9l\u00e8ves. Les activit\u00e9s propos\u00e9es dans ce cadre, qu\u2019elles rel\u00e8vent du soutien et de l\u2019aide m\u00e9thodique, de l\u2019approfondissement ou de l\u2019orientation, prennent appui sur les contenus disciplinaires issus du cours de philosophie, que le professeur de philosophie intervenant en accompagnement personnalis\u00e9 en soit ou non \u00e9galement en charge. Dans le cas o\u00f9 les professeurs sont diff\u00e9rents, une concertation au sein de l\u2019\u00e9quipe disciplinaire de philosophie permet d\u2019assurer une continuit\u00e9 p\u00e9dagogique d\u2019ensemble, tant du point de vue de l\u2019articulation des contenus et des activit\u00e9s que de l\u2019\u00e9valuation. Le profit tir\u00e9 par les \u00e9l\u00e8ves des activit\u00e9s r\u00e9alis\u00e9es en accompagnement personnalis\u00e9 doit en effet \u00eatre r\u00e9investi en cours de philosophie. C\u2019est par cons\u00e9quent dans le cours de philosophie que les acquis et les progr\u00e8s r\u00e9alis\u00e9s par les \u00e9l\u00e8ves en accompagnement personnalis\u00e9 sous la conduite d\u2019un professeur de philosophie feront l\u2019objet d\u2019une \u00e9valuation, en concertation entre les professeurs concern\u00e9s s\u2019ils sont diff\u00e9rents. Cette \u00e9valuation n\u2019est pas n\u00e9cessairement distincte de celle des exercices habituellement demand\u00e9s aux \u00e9l\u00e8ves en cours de philosophie.<\/p>\n<p>R\u00e9f\u00e9rences\u00a0:<\/p>\n<ul class=\"spip\">\n<li><a class=\"spip_out\" href=\"http:\/\/www.education.gouv.fr\/cid50480\/mene0929859a.html\" rel=\"external\">Arr\u00eat\u00e9s des 27-1 et 1-2-2010<\/a>\u2013 J .O. des 28-1 et 3-2-2010<\/li>\n<\/ul>\n<ul class=\"spip\">\n<li><a class=\"spip_out\" href=\"http:\/\/www.education.gouv.fr\/cid50471\/mene1002847c.html\" rel=\"external\">Circulaire n\u00b02010-013 du 29 janvier 2010<\/a><\/li>\n<\/ul>\n<ul class=\"spip\">\n<li><a class=\"spip_out\" href=\"http:\/\/www.education.gouv.fr\/pid23791\/special-n-1-du-4-fevrier-2010.html\" rel=\"external\">B.O. sp\u00e9cial n\u00b01 du 4 f\u00e9vrier 2010<\/a><\/li>\n<\/ul>\n<ul class=\"spip\">\n<li><a class=\"spip_out\" href=\"http:\/\/media.education.gouv.fr\/file\/2012\/96\/8\/Rapport-IG-Suivi-de-la-mise-en-oeuvre-de-la-reforme-du-lycee-d-enseignement-general-et-technologique_209968.pdf\" rel=\"external\">Suivi de la mise en \u0153uvre de la r\u00e9forme du lyc\u00e9e d\u2019enseignement g\u00e9n\u00e9ral et technologique &#8211; Rapport conjoint IGEN &#8211; IGAENR &#8211; Janvier 2012<\/a><\/li>\n<\/ul>\n<ul class=\"spip\">\n<li><a class=\"spip_out\" href=\"http:\/\/philo.discipline.ac-lille.fr\/ressources-pedagogiques\/la-philosophie-dans-la-reforme-du-lycee-en-terminale\/bilan-de-la-reforme-du-lycee-en-classes-de-seconde-et-en-premiere-des-enseignements-a-tirer\/file.2012-01-15.0459430396\/view\" rel=\"external\">Suivi de la mise en \u0153uvre de la r\u00e9forme des lyc\u00e9es &#8211; Rapport n\u00b0\u00a02011-010- F\u00e9vrier 2011 &#8211; Inspection g\u00e9n\u00e9rale de l\u2019\u00c9ducation nationale &#8211; Inspection g\u00e9n\u00e9rale de l\u2019administration de l\u2019\u00c9ducation nationale et de la Recherche<\/a><\/li>\n<\/ul>\n<div align=\"right\">Eric LE COQUIL, IA-IPR de philosophie<\/div>\n<\/div>\n<\/div>\n<p>&nbsp;<\/p>\n<p>&nbsp;<\/p>\n","protected":false},"excerpt":{"rendered":"<p>La philosophie dans l\u2019accompagnement personnalis\u00e9 en classe terminale\u00a0: cadre r\u00e9glementaire et suggestions Ce document propose aux professeurs de philosophie de l\u2019acad\u00e9mie de Martinique un rappel du cadre r\u00e9glementaire g\u00e9n\u00e9ral de l\u2019accompagnement personnalis\u00e9 en classe terminale, ainsi que des suggestions et &hellip; <a href=\"https:\/\/site.ac-martinique.fr\/philosophie\/?page_id=1213\">Continuer la lecture <span class=\"meta-nav\">&rarr;<\/span><\/a><\/p>\n","protected":false},"author":76,"featured_media":0,"parent":1211,"menu_order":1,"comment_status":"closed","ping_status":"closed","template":"","meta":{"footnotes":""},"class_list":["post-1213","page","type-page","status-publish","hentry"],"_links":{"self":[{"href":"https:\/\/site.ac-martinique.fr\/philosophie\/index.php?rest_route=\/wp\/v2\/pages\/1213","targetHints":{"allow":["GET"]}}],"collection":[{"href":"https:\/\/site.ac-martinique.fr\/philosophie\/index.php?rest_route=\/wp\/v2\/pages"}],"about":[{"href":"https:\/\/site.ac-martinique.fr\/philosophie\/index.php?rest_route=\/wp\/v2\/types\/page"}],"author":[{"embeddable":true,"href":"https:\/\/site.ac-martinique.fr\/philosophie\/index.php?rest_route=\/wp\/v2\/users\/76"}],"replies":[{"embeddable":true,"href":"https:\/\/site.ac-martinique.fr\/philosophie\/index.php?rest_route=%2Fwp%2Fv2%2Fcomments&post=1213"}],"version-history":[{"count":5,"href":"https:\/\/site.ac-martinique.fr\/philosophie\/index.php?rest_route=\/wp\/v2\/pages\/1213\/revisions"}],"predecessor-version":[{"id":1604,"href":"https:\/\/site.ac-martinique.fr\/philosophie\/index.php?rest_route=\/wp\/v2\/pages\/1213\/revisions\/1604"}],"up":[{"embeddable":true,"href":"https:\/\/site.ac-martinique.fr\/philosophie\/index.php?rest_route=\/wp\/v2\/pages\/1211"}],"wp:attachment":[{"href":"https:\/\/site.ac-martinique.fr\/philosophie\/index.php?rest_route=%2Fwp%2Fv2%2Fmedia&parent=1213"}],"curies":[{"name":"wp","href":"https:\/\/api.w.org\/{rel}","templated":true}]}}