{"id":1590,"date":"2020-09-11T18:08:09","date_gmt":"2020-09-11T21:08:09","guid":{"rendered":"https:\/\/site.ac-martinique.fr\/philosophie\/?page_id=1590"},"modified":"2021-04-02T12:30:39","modified_gmt":"2021-04-02T15:30:39","slug":"mise-en-oeuvre-de-la-specialite","status":"publish","type":"page","link":"https:\/\/site.ac-martinique.fr\/philosophie\/?page_id=1590","title":{"rendered":"Mise en oeuvre de la sp\u00e9cialit\u00e9"},"content":{"rendered":"<div class=\"text \">\n<p>Vous trouverez \u00e0 la fin de cet article un document, provenant du site <a class=\"spip_out\" href=\"https:\/\/eduscol.education.fr\/cid144169\/hlp-bac-2021.html\" rel=\"external\">eduscol<\/a>, clarifiant les modalit\u00e9s de la mise en oeuvre de la sp\u00e9cialit\u00e9 et de l\u2019\u00e9valuation.<\/p>\n<p>Monsieur Franck Leli\u00e8vre, IA-IPR de Philosophie pour l\u2019acad\u00e9mie de Martinique, a voulu souligner quelques informations particuli\u00e8rement importantes.<\/p>\n<p>\u00ab\u00a0Dans l\u2019int\u00e9r\u00eat des \u00e9l\u00e8ves, il est requis qu\u2019un seul professeur de Lettres et un seul professeur de Philosophie intervienne pour une m\u00eame classe tout au long de l\u2019ann\u00e9e, de mani\u00e8re \u00e0 favoriser l\u2019unit\u00e9 et la continuit\u00e9 intellectuelle et p\u00e9dagogique de l\u2019enseignement\u00a0\u00bb.<\/p>\n<p>\u00ab\u00a0Le travail de coop\u00e9ration des professeurs de Lettres et de Philosophie ne consiste pas en une r\u00e9partition formelle des t\u00e2ches\u00a0\u00bb. Il revient aux \u00e9tablissements d\u2019am\u00e9nager les moments d\u2019\u00e9changes et de pr\u00e9paration partag\u00e9e\u00a0\u00bb pour une \u00ab\u00a0coop\u00e9ration fr\u00e9quente et r\u00e9guli\u00e8re entre le professeur de Lettres et le professeur de Philosophie\u00a0\u00bb<\/p>\n<p>Document \u00e0 consulter : <a href=\"https:\/\/site.ac-martinique.fr\/philosophie\/wp-content\/uploads\/sites\/20\/2020\/09\/MiseenoeuvreHLP.pdf\">Mise en oeuvre de la sp\u00e9cialit\u00e9<\/a><\/p>\n<\/div>\n","protected":false},"excerpt":{"rendered":"<p>Vous trouverez \u00e0 la fin de cet article un document, provenant du site eduscol, clarifiant les modalit\u00e9s de la mise en oeuvre de la sp\u00e9cialit\u00e9 et de l\u2019\u00e9valuation. Monsieur Franck Leli\u00e8vre, IA-IPR de Philosophie pour l\u2019acad\u00e9mie de Martinique, a voulu &hellip; <a href=\"https:\/\/site.ac-martinique.fr\/philosophie\/?page_id=1590\">Continuer la lecture <span class=\"meta-nav\">&rarr;<\/span><\/a><\/p>\n","protected":false},"author":76,"featured_media":0,"parent":1207,"menu_order":2,"comment_status":"closed","ping_status":"closed","template":"","meta":{"footnotes":""},"class_list":["post-1590","page","type-page","status-publish","hentry"],"_links":{"self":[{"href":"https:\/\/site.ac-martinique.fr\/philosophie\/index.php?rest_route=\/wp\/v2\/pages\/1590","targetHints":{"allow":["GET"]}}],"collection":[{"href":"https:\/\/site.ac-martinique.fr\/philosophie\/index.php?rest_route=\/wp\/v2\/pages"}],"about":[{"href":"https:\/\/site.ac-martinique.fr\/philosophie\/index.php?rest_route=\/wp\/v2\/types\/page"}],"author":[{"embeddable":true,"href":"https:\/\/site.ac-martinique.fr\/philosophie\/index.php?rest_route=\/wp\/v2\/users\/76"}],"replies":[{"embeddable":true,"href":"https:\/\/site.ac-martinique.fr\/philosophie\/index.php?rest_route=%2Fwp%2Fv2%2Fcomments&post=1590"}],"version-history":[{"count":3,"href":"https:\/\/site.ac-martinique.fr\/philosophie\/index.php?rest_route=\/wp\/v2\/pages\/1590\/revisions"}],"predecessor-version":[{"id":1904,"href":"https:\/\/site.ac-martinique.fr\/philosophie\/index.php?rest_route=\/wp\/v2\/pages\/1590\/revisions\/1904"}],"up":[{"embeddable":true,"href":"https:\/\/site.ac-martinique.fr\/philosophie\/index.php?rest_route=\/wp\/v2\/pages\/1207"}],"wp:attachment":[{"href":"https:\/\/site.ac-martinique.fr\/philosophie\/index.php?rest_route=%2Fwp%2Fv2%2Fmedia&parent=1590"}],"curies":[{"name":"wp","href":"https:\/\/api.w.org\/{rel}","templated":true}]}}