{"id":1660,"date":"2020-09-12T13:11:39","date_gmt":"2020-09-12T16:11:39","guid":{"rendered":"https:\/\/site.ac-martinique.fr\/philosophie\/?page_id=1660"},"modified":"2021-04-02T12:30:39","modified_gmt":"2021-04-02T15:30:39","slug":"descriptif-des-epreuves-de-lagregation-interne-et-du-caerpa-section-philosophie","status":"publish","type":"page","link":"https:\/\/site.ac-martinique.fr\/philosophie\/?page_id=1660","title":{"rendered":"Descriptif des \u00e9preuves de l\u2019agr\u00e9gation interne et du CAERPA section philosophie"},"content":{"rendered":"<div class=\"text \">\n<p>Les \u00e9preuves sont not\u00e9es de 0 \u00e0 20. Pour toutes les \u00e9preuves, la note z\u00e9ro est \u00e9liminatoire.<\/p>\n<p>Le fait de ne pas participer \u00e0 une \u00e9preuve ou \u00e0 une partie d\u2019\u00e9preuve, de s\u2019y pr\u00e9senter en retard apr\u00e8s l\u2019ouverture des enveloppes contenant les sujets, de rendre une copie blanche, d\u2019omettre de rendre la copie \u00e0 la fin de l\u2019\u00e9preuve, de ne pas respecter les choix faits au moment de l\u2019inscription ou de ne pas remettre au jury un dossier ou un rapport ou tout document devant \u00eatre fourni par le candidat dans le d\u00e9lai et selon les modalit\u00e9s pr\u00e9vus pour chaque concours entra\u00eene l\u2019\u00e9limination du candidat.<\/p>\n<h3 class=\"spip\">\u00c9preuves \u00e9crites d\u2019admissibilit\u00e9<\/h3>\n<p>Le programme des \u00e9preuves \u00e9crites fait l\u2019objet d\u2019une publication sur le site internet du minist\u00e8re charg\u00e9 de l\u2019\u00c9ducation nationale.<\/p>\n<p><strong>Composition de philosophie\u00a0: explication de texte<\/strong><\/p>\n<ul class=\"spip\">\n<li>Dur\u00e9e\u00a0: 6 heures 30<\/li>\n<li>Coefficient 3<\/li>\n<\/ul>\n<p>Le candidat a le choix entre deux textes qui se rapportent \u00e0 une m\u00eame notion du programme de philosophie en vigueur dans les classes terminales. La notion qui constitue le programme de cette \u00e9preuve est fix\u00e9e chaque ann\u00e9e.<\/p>\n<p><strong>Composition de philosophie\u00a0: dissertation<\/strong><\/p>\n<ul class=\"spip\">\n<li>Dur\u00e9e\u00a0: 7 heures<\/li>\n<li>Coefficient 3<\/li>\n<\/ul>\n<p>Le sujet de la dissertation se rapporte \u00e0 l\u2019une des notions du programme de philosophie en vigueur dans les classes terminales. La notion qui constitue le programme de cette \u00e9preuve est fix\u00e9e chaque ann\u00e9e, elle est obligatoirement diff\u00e9rente de celle retenue pour le programme de la premi\u00e8re composition de philosophie.<\/p>\n<h3 class=\"spip\">\u00c9preuves d\u2019admission<\/h3>\n<p><strong>Le\u00e7on de philosophie sur un sujet relatif au programme de philosophie en vigueur dans les classes terminales<\/strong><\/p>\n<ul class=\"spip\">\n<li>Dur\u00e9e de la pr\u00e9paration\u00a0: 5 heures<\/li>\n<li>Dur\u00e9e de l\u2019\u00e9preuve\u00a0: 40 minutes<\/li>\n<li>Coefficient 3<\/li>\n<\/ul>\n<p>Pour la pr\u00e9paration de la le\u00e7on, les ouvrages et documents demand\u00e9s par les candidats seront, dans la mesure du possible, mis \u00e0 leur disposition. Sont exclues de la consultation les encyclop\u00e9dies et anthologies th\u00e9matiques.<\/p>\n<p><strong>Explication d\u2019un texte fran\u00e7ais ou en fran\u00e7ais ou traduit en fran\u00e7ais tir\u00e9 d\u2019un auteur figurant au programme de philosophie en vigueur dans les classes terminales<\/strong><\/p>\n<ul class=\"spip\">\n<li>Dur\u00e9e de la pr\u00e9paration\u00a0: 2 heures 30<\/li>\n<li>Dur\u00e9e de l\u2019\u00e9preuve\u00a0: 50 minutes (explication\u00a0: 30 minutes\u00a0; entretien\u00a0: 20 minutes)<\/li>\n<li>Coefficient 3<\/li>\n<\/ul>\n<p>L\u2019explication est suivie d\u2019un entretien avec le jury, qui doit en particulier permettre au candidat, en d\u00e9gageant le sens et la port\u00e9e du texte, de montrer en quoi et comment il pourrait contribuer \u00e0 l\u2019\u00e9tude de notions inscrites au programme des classes terminales<\/p>\n<p>Voir la page sur <a class=\"spip_out\" href=\"http:\/\/www.education.gouv.fr\/cid51529\/agregation-interne-section-philosophie.html\" rel=\"external\">http:\/\/www.education.gouv.fr\/<\/a>.<\/p>\n<\/div>\n","protected":false},"excerpt":{"rendered":"<p>Les \u00e9preuves sont not\u00e9es de 0 \u00e0 20. Pour toutes les \u00e9preuves, la note z\u00e9ro est \u00e9liminatoire. Le fait de ne pas participer \u00e0 une \u00e9preuve ou \u00e0 une partie d\u2019\u00e9preuve, de s\u2019y pr\u00e9senter en retard apr\u00e8s l\u2019ouverture des enveloppes &hellip; <a href=\"https:\/\/site.ac-martinique.fr\/philosophie\/?page_id=1660\">Continuer la lecture <span class=\"meta-nav\">&rarr;<\/span><\/a><\/p>\n","protected":false},"author":76,"featured_media":0,"parent":1635,"menu_order":4,"comment_status":"closed","ping_status":"closed","template":"","meta":{"footnotes":""},"class_list":["post-1660","page","type-page","status-publish","hentry"],"_links":{"self":[{"href":"https:\/\/site.ac-martinique.fr\/philosophie\/index.php?rest_route=\/wp\/v2\/pages\/1660","targetHints":{"allow":["GET"]}}],"collection":[{"href":"https:\/\/site.ac-martinique.fr\/philosophie\/index.php?rest_route=\/wp\/v2\/pages"}],"about":[{"href":"https:\/\/site.ac-martinique.fr\/philosophie\/index.php?rest_route=\/wp\/v2\/types\/page"}],"author":[{"embeddable":true,"href":"https:\/\/site.ac-martinique.fr\/philosophie\/index.php?rest_route=\/wp\/v2\/users\/76"}],"replies":[{"embeddable":true,"href":"https:\/\/site.ac-martinique.fr\/philosophie\/index.php?rest_route=%2Fwp%2Fv2%2Fcomments&post=1660"}],"version-history":[{"count":2,"href":"https:\/\/site.ac-martinique.fr\/philosophie\/index.php?rest_route=\/wp\/v2\/pages\/1660\/revisions"}],"predecessor-version":[{"id":1662,"href":"https:\/\/site.ac-martinique.fr\/philosophie\/index.php?rest_route=\/wp\/v2\/pages\/1660\/revisions\/1662"}],"up":[{"embeddable":true,"href":"https:\/\/site.ac-martinique.fr\/philosophie\/index.php?rest_route=\/wp\/v2\/pages\/1635"}],"wp:attachment":[{"href":"https:\/\/site.ac-martinique.fr\/philosophie\/index.php?rest_route=%2Fwp%2Fv2%2Fmedia&parent=1660"}],"curies":[{"name":"wp","href":"https:\/\/api.w.org\/{rel}","templated":true}]}}