{"id":2432,"date":"2020-11-13T18:03:50","date_gmt":"2020-11-13T21:03:50","guid":{"rendered":"https:\/\/site.ac-martinique.fr\/philosophie\/?page_id=2432"},"modified":"2021-04-02T12:30:40","modified_gmt":"2021-04-02T15:30:40","slug":"lettre-de-f-lelievre-sur-la-continuite-pedagogique-les-sujets-des-series-technologiques-et-les-ressources-en-ligne","status":"publish","type":"page","link":"https:\/\/site.ac-martinique.fr\/philosophie\/?page_id=2432","title":{"rendered":"Lettre de F. Leli\u00e8vre sur : la continuit\u00e9 p\u00e9dagogique, les sujets des s\u00e9ries technologiques et les ressources en ligne."},"content":{"rendered":"<p>Ch\u00e8res et chers coll\u00e8gues,<\/p>\n<p>Les conditions particuli\u00e8rement difficiles dans lesquelles il nous faut travailler me conduisent \u00e0 m&#8217;adresser collectivement \u00e0 vous, en vous souhaitant individuellement meilleure sant\u00e9 et la plus grande satisfaction possible dans vos m\u00e9tiers eu \u00e9gard aux circonstances.<\/p>\n<p>Je souhaite \u00e9galement un bon r\u00e9tablissement \u00e0 celles ou ceux d&#8217;entre vous qui pourraient \u00eatre malades ou, pour raisons m\u00e9dicales, dans l&#8217;incapacit\u00e9 d&#8217;assurer les cours en pr\u00e9sence des \u00e9l\u00e8ves.<\/p>\n<p>Un sociologue allemand a parl\u00e9, il y a quelques ann\u00e9es, de &#8220;la soci\u00e9t\u00e9 du risque&#8221;.<\/p>\n<p>Nous y sommes.<\/p>\n<p>Je ne peux que renouveler mes encouragements et mon incitation \u00e0 la solidarit\u00e9, en vous transmettant une s\u00e9rie cons\u00e9quente d&#8217;informations et un appel \u00e0 partage et contributions. Celui-ci est d&#8217;ores et d\u00e9j\u00e0 en cours.<\/p>\n<p>Je vous informerai ult\u00e9rieurement sur la mise en \u0153uvre des formations pr\u00e9vues au PAF.<\/p>\n<p><strong><u>S&#8217;agissant de la continuit\u00e9 p\u00e9dagogique<\/u><\/strong> :<\/p>\n<p>Une circulaire a \u00e9t\u00e9 publi\u00e9e hier qui trace le cadre de l&#8217;organisation des cours dans les semaines \u00e0 venir :<\/p>\n<p><a href=\"https:\/\/www.education.gouv.fr\/bo\/20\/Hebdo43\/MENE2030573C.htm\">https:\/\/www.education.gouv.fr\/bo\/20\/Hebdo43\/MENE2030573C.htm<\/a>.<\/p>\n<p>Vous trouverez ci-dessous le passage qui me semble le plus important en pr\u00e9cisant qu&#8217;<strong>il s&#8217;agit de faire en sorte que chaque \u00e9l\u00e8ve b\u00e9n\u00e9ficie \u00e9galement de la totalit\u00e9 des apprentissages dispens\u00e9s.<\/strong><\/p>\n<p>Cela implique une coordination de ce qui se fait en pr\u00e9sence des \u00e9l\u00e8ves et en leur absence (physique ou virtuelle) : autrement dit, il vous faut arriver \u00e0 faire en sorte que vous ne fassiez pas deux fois le m\u00eame cours en pr\u00e9sence et \u00e0 distance (doublement du temps de travail) ni que lors d&#8217;une division de vos classes vos \u00e9l\u00e8ves ne disposent au final sur le m\u00eame temps que d&#8217;une moiti\u00e9 du cours (perte de la moiti\u00e9 de l&#8217;enseignement re\u00e7u par l&#8217;\u00e9l\u00e8ve). Cela suppose donc des formes d&#8217;enseignement qui int\u00e8grent dans votre mise en \u0153uvre didactique des moments de travail en autonomie et y trouvent une place effective et formatrice. Plusieurs organisations sont envisageables.\u00a0 Je souhaite que vous puissiez tirer parti de votre exp\u00e9rience de mars dernier et d&#8217;un travail de concertation au sein des \u00e9quipes de professeurs de philosophie ou dans vos \u00e9tablissements.<\/p>\n<p>L&#8217;ampleur et l&#8217;amplitude du confinement ou des phases d&#8217;enseignement hybride ne sera pas certainement sans cons\u00e9quences sur les modalit\u00e9s d&#8217;obtention du baccalaur\u00e9at et sur l&#8217;\u00e9valuation finale. Je ne saurais donc trop vous conseiller de disposer d&#8217;une quantit\u00e9 de devoirs suffisants pour pouvoir \u00e9valuer \u00e9quitablement le travail et le niveau de comp\u00e9tences atteint par vos \u00e9l\u00e8ves. Une concertation entre coll\u00e8gues et au sein de vos conseils p\u00e9dagogiques est recommand\u00e9e. Elle sera indispensable pour la coordination des formes d&#8217;\u00e9valuation et de leur \u00e9quit\u00e9, malgr\u00e9 la diversit\u00e9 des enseignants et de leur mani\u00e8re de traiter les cours, afin d&#8217;\u00e9viter une h\u00e9t\u00e9rog\u00e9n\u00e9it\u00e9 des pratiques contraire au principe d&#8217;\u00e9galit\u00e9 des chances pour nos \u00e9l\u00e8ves.<\/p>\n<p>&#8220;Lorsqu&#8217;il est n\u00e9cessaire de modifier l&#8217;organisation de l&#8217;\u00e9tablissement afin de r\u00e9pondre aux conditions du protocole sanitaire, il est demand\u00e9 \u00e0 chaque chef d&#8217;\u00e9tablissement d&#8217;\u00e9tablir un plan de continuit\u00e9 p\u00e9dagogique, applicable jusqu&#8217;aux prochains cong\u00e9s scolaires, qu&#8217;il pourra activer apr\u00e8s accord de l&#8217;autorit\u00e9 acad\u00e9mique. Ce plan, \u00e9tabli en concertation avec tous les acteurs au sein des \u00e9tablissements, peut s&#8217;appuyer sur les travaux men\u00e9s notamment au sein du conseil p\u00e9dagogique. Il d\u00e9finit les modalit\u00e9s p\u00e9dagogiques retenues, \u00e0 partir des principes suivants\u00a0:<\/p>\n<p><strong>tout \u00e9l\u00e8ve scolaris\u00e9 b\u00e9n\u00e9ficie des apprentissages obligatoires<\/strong>, sous forme de cours, en pr\u00e9sence au sein de l&#8217;\u00e9tablissement, \u00e0 distance ou de travail en autonomie, sur l&#8217;int\u00e9gralit\u00e9 du temps scolaire\u00a0;<\/p>\n<p><strong>l&#8217;organisation retenue garantit \u00e0 chaque \u00e9l\u00e8ve de b\u00e9n\u00e9ficier d&#8217;un maximum de cours au sein de l&#8217;\u00e9tablissement. En tout \u00e9tat de cause, le nombre d&#8217;heures de cours suivies en pr\u00e9sentiel ne peut \u00eatre inf\u00e9rieur \u00e0 50% d&#8217;ici aux prochains cong\u00e9s scolaires\u00a0<\/strong>;<\/p>\n<p>les \u00e9l\u00e8ves d&#8217;une m\u00eame classe et d&#8217;un m\u00eame niveau (d&#8217;une m\u00eame s\u00e9rie) b\u00e9n\u00e9ficient d&#8217;une organisation similaire au sein de l&#8217;\u00e9tablissement\u00a0;<\/p>\n<p>une organisation particuli\u00e8re peut \u00eatre propos\u00e9e aux \u00e9l\u00e8ves les plus en difficult\u00e9 ou n\u00e9cessitant un accompagnement en pr\u00e9sentiel permanent\u00a0;<\/p>\n<p>en lyc\u00e9e professionnel, les enseignements professionnels et les enseignements g\u00e9n\u00e9raux sont concern\u00e9s par la nouvelle organisation. Une attention particuli\u00e8re est n\u00e9anmoins port\u00e9e \u00e0 l&#8217;exercice des gestes professionnels de chacune des sp\u00e9cialit\u00e9s de dipl\u00f4me\u00a0;<\/p>\n<p>des objectifs sont fix\u00e9s, en termes de fonctionnement et d&#8217;apprentissage, pour la dur\u00e9e du plan mis en place. Au terme de cette p\u00e9riode, le chef d&#8217;\u00e9tablissement et l&#8217;\u00e9quipe p\u00e9dagogique \u00e9valuent la situation et la progression effective des \u00e9l\u00e8ves\u00a0;<\/p>\n<p>le chef d&#8217;\u00e9tablissement veille \u00e0 la r\u00e9gularit\u00e9 et \u00e0 l&#8217;harmonisation des pratiques d&#8217;\u00e9valuations, notamment pour les disciplines \u00e9valu\u00e9es aux examens dans le cadre du contr\u00f4le continu\u00a0;<\/p>\n<p>le chef d&#8217;\u00e9tablissement veille \u00e0 ce que les professeurs assurent effectivement la continuit\u00e9 p\u00e9dagogique pour les \u00e9l\u00e8ves qui sont \u00e0 distance, \u00e0 due proportion de la quotit\u00e9 horaire de leur discipline, dans le cadre de classes virtuelles et de travail en autonomie. Il organise \u00e9galement la continuit\u00e9 de l&#8217;activit\u00e9 administrative et le suivi des \u00e9l\u00e8ves les plus fragiles par les \u00e9quipes de vie scolaire.<\/p>\n<p><strong>L&#8217;objectif est d&#8217;assurer la poursuite r\u00e9guli\u00e8re des apprentissages pour tous les \u00e9l\u00e8ves, dans toutes les disciplines.&#8221;<\/strong><\/p>\n<p><strong><u>Sur le sujet 3 des s\u00e9ries technologiques<\/u><\/strong><strong>.<\/strong><\/p>\n<p>Vous \u00eates nombreux, lors de mes visites en \u00e9tablissements, des r\u00e9unions d&#8217;\u00e9quipe ou directement par mail, \u00e0 nous interroger sur les \u00e9preuves de philosophie en tronc commun, notamment celles de <strong>la voie technologique<\/strong>. Nous savons depuis la parution du B.O. sp\u00e9cial n\u00b02 du 13 f\u00e9vrier 2020 portant d\u00e9finition de ces \u00e9preuves que le sujet 3 en particulier adopte une forme nouvelle. Nous attendons la publication des sujets z\u00e9ros montrant par l&#8217;exemple ce que l&#8217;on entend par les \u00e9l\u00e9ments d&#8217;analyse (questions A), de synth\u00e8se (questions B), de commentaire (questions C). La publication de ces sujets z\u00e9ros, pr\u00eats depuis le mois de juin, est retard\u00e9e en raison d&#8217;un embouteillage dans le processus de validation. Les inspections de philosophie en accord avec le doyen du groupe philosophie de l&#8217;inspection g\u00e9n\u00e9rale ont d\u00e9cid\u00e9 de les communiquer sans plus attendre. Vous les trouverez en pi\u00e8ce jointe du pr\u00e9sent message. Comme vous pouvez le constater, il s&#8217;agit de versions de travail encore en attente de validation d\u00e9finitive. Mais les \u00e9ventuelles modifications ne seront que de d\u00e9tail et les sujets en cours de conception suivent la forme et l&#8217;esprit dont ces deux sujets fournissent un exemple.<\/p>\n<p>Le principe de cette \u00e9preuve sur texte est de demander aux candidats de la voie technologique un v\u00e9ritable travail d&#8217;explication de texte, comme pour la voie g\u00e9n\u00e9rale, tout en leur proposant le choix entre une composition libre (option n\u00b02) ou une composition guid\u00e9e (option n\u00b01). Cette derni\u00e8re consiste \u00e0 r\u00e9pondre dans l&#8217;ordre \u00e0 une s\u00e9rie de questions suivant l&#8217;ordre de la d\u00e9couverte plut\u00f4t que l&#8217;ordre de l&#8217;exposition. Les deux changements notables par rapport \u00e0 la pr\u00e9c\u00e9dente pr\u00e9sentation de l&#8217;\u00e9preuve sur texte dit sujet 3 sont : 1) que l&#8217;id\u00e9e principale n&#8217;est plus donn\u00e9e en quelque sorte dans les questions, mais bel et bien \u00e0 d\u00e9couvrir, et 2) que le dernier groupe de questions (moment C) ne peut plus \u00eatre interpr\u00e9t\u00e9 comme un essai ou une petite dissertation \u00e0 partir d&#8217;une question en lien avec le texte, mais <strong>constitue une v\u00e9ritable question de commentaire<\/strong> (o\u00f9 il s&#8217;agit de d\u00e9gager du texte le probl\u00e8me dont il est <em>ici<\/em> question).<\/p>\n<p>Ce point est essentiel.\u00a0 : n\u00e9gativement\u00a0: <strong>cette nouvelle question n\u2019est plus une question de dissertation mais une question de commentaire qui reste en relation \u00e9troite avec le texte que l\u2019on s\u2019efforce de comprendre<\/strong>\u00a0;\u00a0 positivement,<strong> cette partie \u00ab\u00a0C\u00a0\u00bb comporte deux moments\u00a0<\/strong>: a\/ <strong>un moment d\u2019\u00e9lucidation conceptuelle<\/strong>, portant sur un \u00e9l\u00e9ment majeur du texte\u00a0; b\/ <strong>un moment de commentaire plus g\u00e9n\u00e9ral<\/strong>, dans lequel il est demand\u00e9 au candidat d\u2019examiner l\u2019apport sp\u00e9cifique du texte, par une question du type \u00ab\u00a0quel sens ce texte permet-il de donner \u00e0 l\u2019id\u00e9e XXX\u00a0?\u00a0\u00bb.<\/p>\n<p><em>S&#8217;il faut entrer dans plus de d\u00e9tails, il faut remarque que 1) la th\u00e8se ou l&#8217;id\u00e9e principale et la d\u00e9marche ou l&#8217;argumentation ne sont plus d&#8217;abord demand\u00e9es mais d\u00e9duites dans le moment B (\u00e9l\u00e9ments de synth\u00e8se) \u00e0 partir : a. des \u00e9l\u00e9ments d&#8217;analyse (A) qui auront port\u00e9 l&#8217;attention du candidat sur des termes et expressions significatifs, mais \u00e9galement b. \u00e0 partir de la premi\u00e8re question du moment B qui demande au candidat &#8220;quelle est la question \u00e0 laquelle le texte tente de r\u00e9pondre&#8221;. L&#8217;ordre analyse-synth\u00e8se reprend ainsi la d\u00e9marche ordinairement suivie par les professeurs de philosophie dans leurs classes quand ils apprennent \u00e0 leurs \u00e9l\u00e8ves que la th\u00e8se ou id\u00e9e principale \u00e0 trouver est \u00e0 la fois ce que le texte cherche \u00e0 montrer et la r\u00e9ponse \u00e0 une question qu&#8217;il se pose. Les questions du moment A sont du type de celles que le professeur pose en classe \u00e0 ses \u00e9l\u00e8ves pour leur indiquer les points saillants du texte, dans son objet comme dans sa d\u00e9marche, le recours \u00e0 telle m\u00e9taphore, telle insistance ou telle r\u00e9currence, tel type d&#8217;exemple, tel paradoxe, la pr\u00e9sence d&#8217;une d\u00e9finition, d&#8217;une objection, etc. L&#8217;effort d&#8217;analyse n&#8217;h\u00e9site pas, au besoin, \u00e0 convoquer les rep\u00e8res du programme. <\/em><\/p>\n<p><em>2) Le travail est par cons\u00e9quent du moment A au moment C constamment conduit en \u00e9troite relation avec le texte qu&#8217;il s&#8217;agit d&#8217;expliquer. La partie C comporte syst\u00e9matiquement deux moments : a. un moment d&#8217;\u00e9lucidation conceptuelle portant sur un \u00e9l\u00e9ment majeur du texte, b. une question-type demandant &#8220;le sens que ce texte permet de donner \u00e0 l&#8217;id\u00e9e xx&#8221; (dans le sujet z\u00e9ro 1, xx =&#8221;l&#8217;id\u00e9e de libert\u00e9 individuelle&#8221;, dans le sujet z\u00e9ro 2, xx = &#8220;l&#8217;id\u00e9e de R\u00e9publique&#8221;, traduite par &#8220;Etat en g\u00e9n\u00e9ral&#8221; dans une note de bas de page). Cette derni\u00e8re question tr\u00e8s g\u00e9n\u00e9rale porte sur une id\u00e9e bien identifi\u00e9e, en lien avec les notions du programme, et conduit le candidat questionn\u00e9 sur le &#8220;sens&#8221; que lui donne le texte, \u00e0 expliciter la port\u00e9e, les implications, les pr\u00e9suppos\u00e9s, le &#8220;co\u00fbt&#8221; de la position du texte, c&#8217;est-\u00e0-dire ses enjeux th\u00e9oriques et\/ou pratiques. On n&#8217;attend pas davantage du candidat de la voie technologique que de la voie g\u00e9n\u00e9rale une position de surplomb par laquelle il aurait \u00e0 donner son avis sur la position du texte ou pol\u00e9miquement confronterait ou comparerait la th\u00e8se \u00e0 celle d&#8217;autres auteurs. Bien saisir ce qu&#8217;implique un texte dans sa position comme dans sa d\u00e9marche singuli\u00e8re suffit \u00e0 le commenter tout en l&#8217;expliquant. <\/em><\/p>\n<p><em>L&#8217;intention et l&#8217;ambition de cette nouvelle pr\u00e9sentation de l&#8217;\u00e9preuve est de mieux \u00e9pouser le mouvement par lequel on s&#8217;efforce d&#8217;expliquer un texte, \u00e9galement de donner aux candidats occasion de pleinement utiliser les 4 heures dont ils disposent le jour de l&#8217;examen. <\/em><\/p>\n<p>La lecture des sujets z\u00e9ro ci-joints permettra d&#8217;\u00e9claircir ces points :<\/p>\n<ul>\n<li><a href=\"https:\/\/site.ac-martinique.fr\/philosophie\/wp-content\/uploads\/sites\/20\/2020\/11\/VTPhilosophie_Sujet0-n\u00b01.pdf\">Sujet 1<\/a><\/li>\n<li><a href=\"https:\/\/site.ac-martinique.fr\/philosophie\/wp-content\/uploads\/sites\/20\/2020\/11\/VTPhilosophie_Sujet0-n\u00b02.pdf\">Sujet 2<\/a><\/li>\n<\/ul>\n<p>&nbsp;<\/p>\n<p><strong>Sur la mobilisation pour la promotion des valeurs de la r\u00e9publique et la d\u00e9fense de la libert\u00e9 d\u2019expression suite au meurtre de Samuel Paty.<\/strong><\/p>\n<p>&nbsp;<\/p>\n<p>Comme je vous l\u2019ai indiqu\u00e9 dans un message pr\u00e9c\u00e9dent, des ressources p\u00e9dagogiques ont \u00e9t\u00e9 mises \u00e0 disposition sur le site acad\u00e9mique de Caen (elles seront r\u00e9pliqu\u00e9es sur les autres sites qui sont en voie de r\u00e9organisation\u00a0: Rouen et la Martinique et dont j\u2019ai la responsabilit\u00e9, j&#8217;en remercie leurs webmestres).<\/p>\n<p><a href=\"https:\/\/philosophie.discip.ac-caen.fr\/spip.php?rubrique73\">https:\/\/philosophie.discip.ac-caen.fr\/spip.php?rubrique73<\/a><\/p>\n<p><a href=\"https:\/\/philosophie.discip.ac-caen.fr\/spip.php?rubrique76\">https:\/\/philosophie.discip.ac-caen.fr\/spip.php?rubrique76<\/a><\/p>\n<p>Une partie de ces ressources consiste en courts textes agr\u00e9ment\u00e9es de deux ou trois paragraphe de commentaires. Je remercie les professeurs et coll\u00e8gues qui les ont g\u00e9n\u00e9reusement propos\u00e9es.<\/p>\n<p><strong>Je souhaite que ceux d\u2019entre vous qui le souhaitent veuillent bien poursuivre cette mise en partage sous ce format en direction des autres coll\u00e8gues, des autres disciplines et des visiteurs de nos sites : cadres de l&#8217;\u00e9ducation nationale, parents d\u2019\u00e9l\u00e8ves, lecteurs divers en m\u00e9tropole et au del\u00e0.<\/strong><\/p>\n<p>&nbsp;<\/p>\n<p>En ayant parfaitement conscience des difficult\u00e9s que vous traversez et de l&#8217;ampleur de ce qui vous est demand\u00e9, je vous remercie encore de votre engagement, de votre courage professionnel et de votre s\u00e9rieux.<\/p>\n<p>&nbsp;<\/p>\n<p>Tr\u00e8s cordialement \u00e0 toutes et tous,<br \/>\n&#8212; Franck Leli\u00e8vre IA-IPR de Philosophie Acad\u00e9mie de Normandie, extension pour l&#8217;acad\u00e9mie de la Martinique. 06 86 81 13 06<\/p>\n","protected":false},"excerpt":{"rendered":"<p>Ch\u00e8res et chers coll\u00e8gues, Les conditions particuli\u00e8rement difficiles dans lesquelles il nous faut travailler me conduisent \u00e0 m&#8217;adresser collectivement \u00e0 vous, en vous souhaitant individuellement meilleure sant\u00e9 et la plus grande satisfaction possible dans vos m\u00e9tiers eu \u00e9gard aux circonstances. &hellip; <a href=\"https:\/\/site.ac-martinique.fr\/philosophie\/?page_id=2432\">Continuer la lecture <span class=\"meta-nav\">&rarr;<\/span><\/a><\/p>\n","protected":false},"author":76,"featured_media":0,"parent":0,"menu_order":0,"comment_status":"closed","ping_status":"closed","template":"","meta":{"footnotes":""},"class_list":["post-2432","page","type-page","status-publish","hentry"],"_links":{"self":[{"href":"https:\/\/site.ac-martinique.fr\/philosophie\/index.php?rest_route=\/wp\/v2\/pages\/2432","targetHints":{"allow":["GET"]}}],"collection":[{"href":"https:\/\/site.ac-martinique.fr\/philosophie\/index.php?rest_route=\/wp\/v2\/pages"}],"about":[{"href":"https:\/\/site.ac-martinique.fr\/philosophie\/index.php?rest_route=\/wp\/v2\/types\/page"}],"author":[{"embeddable":true,"href":"https:\/\/site.ac-martinique.fr\/philosophie\/index.php?rest_route=\/wp\/v2\/users\/76"}],"replies":[{"embeddable":true,"href":"https:\/\/site.ac-martinique.fr\/philosophie\/index.php?rest_route=%2Fwp%2Fv2%2Fcomments&post=2432"}],"version-history":[{"count":5,"href":"https:\/\/site.ac-martinique.fr\/philosophie\/index.php?rest_route=\/wp\/v2\/pages\/2432\/revisions"}],"predecessor-version":[{"id":2443,"href":"https:\/\/site.ac-martinique.fr\/philosophie\/index.php?rest_route=\/wp\/v2\/pages\/2432\/revisions\/2443"}],"wp:attachment":[{"href":"https:\/\/site.ac-martinique.fr\/philosophie\/index.php?rest_route=%2Fwp%2Fv2%2Fmedia&parent=2432"}],"curies":[{"name":"wp","href":"https:\/\/api.w.org\/{rel}","templated":true}]}}