{"id":2452,"date":"2020-11-22T17:45:40","date_gmt":"2020-11-22T20:45:40","guid":{"rendered":"https:\/\/site.ac-martinique.fr\/philosophie\/?page_id=2452"},"modified":"2021-04-02T12:30:39","modified_gmt":"2021-04-02T15:30:39","slug":"infoprofesseurs-40","status":"publish","type":"page","link":"https:\/\/site.ac-martinique.fr\/philosophie\/?page_id=2452","title":{"rendered":"info@professeurs #40"},"content":{"rendered":"<table class=\"rtable\" border=\"0\" width=\"744\" cellspacing=\"0\" cellpadding=\"0\" align=\"center\">\n<tbody>\n<tr>\n<th class=\"contenttd\">\n<table cellspacing=\"0\" cellpadding=\"0\" align=\"left\">\n<tbody>\n<tr>\n<th class=\"contenttd\">\n<table class=\"imgtable\" border=\"0\" cellspacing=\"0\" cellpadding=\"0\">\n<tbody>\n<tr>\n<td align=\"center\">\n<table border=\"0\" cellspacing=\"0\" cellpadding=\"0\">\n<tbody>\n<tr>\n<td><img decoding=\"async\" src=\"https:\/\/mailchef.s3.amazonaws.com\/uploads\/mailstyler\/images\/23DFB4B9-DED5-ED96-4B2A-8FDAA325F638_Image_1_74332754-0060-4f5d-8e77-38bd144f1ec2.png\" alt=\"\" width=\"199\" hspace=\"0\" vspace=\"0\" \/><\/td>\n<\/tr>\n<\/tbody>\n<\/table>\n<\/td>\n<\/tr>\n<\/tbody>\n<\/table>\n<\/th>\n<\/tr>\n<\/tbody>\n<\/table>\n<\/th>\n<\/tr>\n<tr>\n<th class=\"contenttd\">\n<table cellspacing=\"0\" cellpadding=\"0\" align=\"left\">\n<tbody>\n<tr>\n<th class=\"contenttd\">\n<p align=\"center\"><strong>L&#8217;ACTUALIT\u00c9 DE L&#8217;\u00c9COLE, CHAQUE SEMAINE EN UN CLIN D&#8217;\u0152IL<\/strong><\/p>\n<table class=\"imgtable\" border=\"0\" cellspacing=\"0\" cellpadding=\"0\" align=\"center\">\n<tbody>\n<tr>\n<td align=\"center\">\n<table border=\"0\" cellspacing=\"0\" cellpadding=\"0\">\n<tbody>\n<tr>\n<td><img decoding=\"async\" src=\"https:\/\/mailchef.s3.amazonaws.com\/uploads\/mailstyler\/images\/418EB422-2CB2-EAB5-4D0A-EF531F9ADD2E_Image_2_04993c86-44cb-4a7b-8b76-96d08ab07055.png\" alt=\"\" width=\"600\" hspace=\"0\" vspace=\"0\" \/><\/td>\n<\/tr>\n<\/tbody>\n<\/table>\n<\/td>\n<\/tr>\n<\/tbody>\n<\/table>\n<\/th>\n<\/tr>\n<\/tbody>\n<\/table>\n<\/th>\n<\/tr>\n<tr>\n<th class=\"contenttd\">\n<table cellspacing=\"0\" cellpadding=\"0\" align=\"left\">\n<tbody>\n<tr>\n<th class=\"contenttd\">\n<p align=\"left\"><strong>\/ CONTINUIT\u00c9 P\u00c9DAGOGIQUE \/<\/strong><\/p>\n<table class=\"imgtable btnset\" border=\"0\" cellspacing=\"0\" cellpadding=\"0\">\n<tbody>\n<tr>\n<td class=\"contenttd\"><img decoding=\"async\" title=\"\" src=\"https:\/\/mailchef.s3.amazonaws.com\/uploads\/mailstyler\/images\/2B6E1B4A-1247-1422-6DA0-D1CD1E16CA31_Image_3_07636168-6bcd-4152-bbfe-e0f2f1e2ce74.png\" alt=\"\u00c9COLE, COLL\u00c8GE, LYC\u00c9E | RESSOURCES\" border=\"none\" \/><\/td>\n<\/tr>\n<\/tbody>\n<\/table>\n<\/th>\n<\/tr>\n<\/tbody>\n<\/table>\n<\/th>\n<\/tr>\n<tr>\n<th class=\"contenttd\">\n<table cellspacing=\"0\" cellpadding=\"0\" align=\"left\">\n<tbody>\n<tr>\n<th class=\"contenttd\">\n<p align=\"justify\">Depuis le 2 novembre, un protocole sanitaire renforc\u00e9 s&#8217;applique \u00e0 toutes les \u00e9coles, tous les coll\u00e8ges et lyc\u00e9es. Il consiste en la limitation des r\u00e8gles de brassage des \u00e9l\u00e8ves, l&#8217;obligation du port du masque, l\u2019a\u00e9ration et la d\u00e9sinfection plus fr\u00e9quentes des locaux, notamment. Ces mesures s\u2019imposent \u00e0 tous les niveaux mais sont plus difficiles \u00e0 appliquer au lyc\u00e9e, o\u00f9 les d\u00e9placements des \u00e9l\u00e8ves sont plus nombreux et plus fr\u00e9quents, et l\u2019organisation de la restauration scolaire plus complexe. Du fait de l\u2019\u00e2ge des \u00e9l\u00e8ves, de la taille des \u00e9tablissements et de leur organisation, les risques sont potentiellement plus importants.<\/p>\n<p align=\"justify\">Ainsi, au regard de l\u2019\u00e9volution du contexte \u00e9pid\u00e9mique, et apr\u00e8s concertation avec les organisations syndicales, chaque lyc\u00e9e met en place un plan de continuit\u00e9 p\u00e9dagogique qui garantisse au moins 50% d\u2019enseignement en pr\u00e9sentiel pour chaque \u00e9l\u00e8ve. Chaque \u00e9l\u00e8ve sera pr\u00e9sent en cours au moins la moiti\u00e9 du temps scolaire. Tous les \u00e9l\u00e8ves doivent travailler pendant la totalit\u00e9 du temps scolaire ordinaire, que ce soit en cours, en classes virtuelles ou en autonomie.<\/p>\n<p align=\"justify\">Les modalit\u00e9s d\u2019organisation sont laiss\u00e9es \u00e0 l&#8217;appr\u00e9ciation des chefs d&#8217;\u00e9tablissement : l\u2019accueil en demi-groupes ; l\u2019accueil par niveau ; le travail \u00e0 distance un ou deux jours par semaine.<br \/>\nVous pouvez <a title=\"\" href=\"https:\/\/www.education.gouv.fr\/bo\/20\/Hebdo43\/MENE2030573C.htm\" target=\"_blank\" rel=\"noopener noreferrer\">consulter la circulaire<\/a> relative aux modalit\u00e9s d\u2019organisation des lyc\u00e9es face \u00e0 la situation sanitaire.<br \/>\nDes ressources \u00e0 destination <a title=\"\" href=\"https:\/\/www.education.gouv.fr\/je-suis-professeur-comment-mettre-en-oeuvre-la-continuite-pedagogique-307146\" target=\"_blank\" rel=\"noopener noreferrer\">des professeurs<\/a>, <a title=\"\" href=\"https:\/\/www.education.gouv.fr\/je-suis-chef-d-etablissement-organiser-la-continuite-pedagogique-307154\" target=\"_blank\" rel=\"noopener noreferrer\">des chefs d&#8217;\u00e9tablissement<\/a>, <a title=\"\" href=\"https:\/\/www.education.gouv.fr\/je-suis-parent-comment-mon-enfant-continue-t-il-apprendre-en-cas-d-accueil-restreint-des-eleves-307095\" target=\"_blank\" rel=\"noopener noreferrer\">des familles<\/a> et <a title=\"\" href=\"https:\/\/www.education.gouv.fr\/je-suis-lyceen-comment-m-organiser-entre-cours-distance-et-presentiel-307214\" target=\"_blank\" rel=\"noopener noreferrer\">des lyc\u00e9ens<\/a> sont \u00e9galement mises \u00e0 disposition.<\/p>\n<table class=\"imgtable btnset\" border=\"0\" cellspacing=\"0\" cellpadding=\"0\">\n<tbody>\n<tr>\n<td class=\"contenttd\"><a href=\"https:\/\/www.education.gouv.fr\/je-suis-professeur-comment-mettre-en-oeuvre-la-continuite-pedagogique-307146\" target=\"_blank\" rel=\"noopener noreferrer\"><img decoding=\"async\" style=\"border: 0px;text-decoration: none\" title=\"\" src=\"https:\/\/mailchef.s3.amazonaws.com\/uploads\/mailstyler\/images\/DA551824-63B1-363F-476F-3D18485F8EA0_Image_4_7b0616c7-be16-450c-bb97-515f2823ca67.png\" alt=\"&gt; JE SUIS PROFESSEUR\" border=\"none\" \/><\/a><\/td>\n<td class=\"contenttd\"><a href=\"https:\/\/www.education.gouv.fr\/je-suis-chef-d-etablissement-organiser-la-continuite-pedagogique-307154\" target=\"_blank\" rel=\"noopener noreferrer\"><img decoding=\"async\" style=\"border: 0px;text-decoration: none\" title=\"\" src=\"https:\/\/mailchef.s3.amazonaws.com\/uploads\/mailstyler\/images\/69ABDDD8-9650-2B27-90C4-7650A72A181A_Image_5_182fb6ba-5369-499d-b235-921e0ff16b65.png\" alt=\"&gt; JE SUIS CHEF D'\u00c9TABLISSEMENT\" border=\"none\" \/><\/a><\/td>\n<\/tr>\n<\/tbody>\n<\/table>\n<table class=\"imgtable btnset\" border=\"0\" cellspacing=\"0\" cellpadding=\"0\">\n<tbody>\n<tr>\n<td class=\"contenttd\"><a href=\"https:\/\/www.education.gouv.fr\/je-suis-parent-comment-mon-enfant-continue-t-il-apprendre-en-cas-d-accueil-restreint-des-eleves-307095\" target=\"_blank\" rel=\"noopener noreferrer\"><img decoding=\"async\" style=\"border: 0px;text-decoration: none\" title=\"\" src=\"https:\/\/mailchef.s3.amazonaws.com\/uploads\/mailstyler\/images\/E4D817CD-2663-5E28-A078-363846EBD807_Image_6_a0b288a5-8cbf-4108-8542-513fa9e82b9b.png\" alt=\"&gt; JE SUIS PARENT\" border=\"none\" \/><\/a><\/td>\n<td class=\"contenttd\"><a href=\"https:\/\/www.education.gouv.fr\/je-suis-lyceen-comment-m-organiser-entre-cours-distance-et-presentiel-307214\" target=\"_blank\" rel=\"noopener noreferrer\"><img decoding=\"async\" style=\"border: 0px;text-decoration: none\" title=\"\" src=\"https:\/\/mailchef.s3.amazonaws.com\/uploads\/mailstyler\/images\/7DEAE3B5-A0F4-8584-6823-4BFF71E91DD4_Image_7_689fdf58-11cb-4059-ba32-a6e71edd1b57.png\" alt=\"&gt; JE SUIS LYC\u00c9EN\" border=\"none\" \/><\/a><\/td>\n<\/tr>\n<\/tbody>\n<\/table>\n<p align=\"justify\"><em><br \/>\n<\/em>Dans le cadre de la continuit\u00e9 p\u00e9dagogique, nous vous proposons <a title=\"\" href=\"https:\/\/www.youtube.com\/playlist?list=PLjcV9PGUll746CCb0gaaIQs8Y36FDOA3Y\" target=\"_blank\" rel=\"noopener noreferrer\">des t\u00e9moignages<\/a> dont vous pourrez vous inspirer dans vos propres pratiques.<\/p>\n<table class=\"imgtable btnset\" border=\"0\" cellspacing=\"0\" cellpadding=\"0\">\n<tbody>\n<tr>\n<td class=\"contenttd\"><a href=\"https:\/\/www.youtube.com\/watch?v=L_L9b841jFU&amp;feature=youtu.be\" target=\"_blank\" rel=\"noopener noreferrer\"><img decoding=\"async\" style=\"border: 0px;text-decoration: none\" title=\"\" src=\"https:\/\/mailchef.s3.amazonaws.com\/uploads\/mailstyler\/images\/0E7A2B77-1BB6-2882-01B2-14026B5D1170_Image_8_bf18222d-79bc-44a4-aefa-15744fa925d7.png\" alt=\"&gt; SE LANCER DANS L'ENSEIGNEMENT \u00c0 DISTANCE, PAR O\u00d9 COMMENCER ET QUELLE POSTURE ADOPTER ? \" border=\"none\" \/><\/a><\/td>\n<\/tr>\n<\/tbody>\n<\/table>\n<table class=\"imgtable btnset\" border=\"0\" cellspacing=\"0\" cellpadding=\"0\">\n<tbody>\n<tr>\n<td class=\"contenttd\"><a href=\"https:\/\/youtu.be\/rUx8FZbfzXg\" target=\"_blank\" rel=\"noopener noreferrer\"><img decoding=\"async\" style=\"border: 0px;text-decoration: none\" title=\"\" src=\"https:\/\/mailchef.s3.amazonaws.com\/uploads\/mailstyler\/images\/374DAF93-A842-E866-8E9C-6FE9FE062ED0_Image_9_441ccf27-9566-4999-a9a1-5ccd5e1092ea.png\" alt=\"&gt; COMMENT COMMUNIQUER \u00c0 DISTANCE AVEC SES \u00c9L\u00c8VES ? \" border=\"none\" \/><\/a><\/td>\n<\/tr>\n<\/tbody>\n<\/table>\n<\/th>\n<\/tr>\n<\/tbody>\n<\/table>\n<\/th>\n<\/tr>\n<tr>\n<th class=\"contenttd\">\n<table cellspacing=\"0\" cellpadding=\"0\" align=\"left\">\n<tbody>\n<tr>\n<th class=\"contenttd\">\n<p align=\"center\"><strong>&#8220;EN DIRECT DU GRENELLE DE L&#8217;\u00c9DUCATION&#8221;<\/strong><\/p>\n<\/th>\n<\/tr>\n<\/tbody>\n<\/table>\n<\/th>\n<\/tr>\n<tr>\n<th class=\"contenttd\">\n<table cellspacing=\"0\" cellpadding=\"0\" align=\"left\">\n<tbody>\n<tr>\n<th class=\"contenttd\">\n<table class=\"imgtable\" border=\"0\" cellspacing=\"0\" cellpadding=\"0\" align=\"right\">\n<tbody>\n<tr>\n<td align=\"center\">\n<table border=\"0\" cellspacing=\"0\" cellpadding=\"0\">\n<tbody>\n<tr>\n<td><a href=\"https:\/\/www.aefinfo.fr\/assets\/newsletter\/horsmedia\/grenelle2.html\" target=\"_blank\" rel=\"noopener noreferrer\"><img decoding=\"async\" src=\"https:\/\/mailchef.s3.amazonaws.com\/uploads\/mailstyler\/images\/3665802C-3E93-09D0-A0EE-27C5223FF036_Image_10_0fee0bad-92a3-4669-bac0-65e681e893db.png\" alt=\"\" width=\"200\" hspace=\"0\" vspace=\"0\" \/><\/a><\/td>\n<\/tr>\n<\/tbody>\n<\/table>\n<\/td>\n<\/tr>\n<\/tbody>\n<\/table>\n<p align=\"justify\"><strong>D\u00e9couvrez le\u00a0nouveau num\u00e9ro du\u00a0Journal du Grenelle de l&#8217;\u00e9ducation : les premiers t\u00e9moignages en direct de l\u2019incubateur<\/strong><br \/>\nR\u00e9alis\u00e9 en partenariat avec la R\u00e9daction d\u2019AEF info, le media professionnel sp\u00e9cialiste de l\u2019\u00e9ducation.<\/p>\n<p align=\"justify\">L&#8217;incubateur du Grenelle de l&#8217;\u00e9ducation entame sa deuxi\u00e8me semaine, les ateliers se poursuivent et se consolident.<\/p>\n<p><strong>Au programme du <a title=\"\" href=\"https:\/\/www.aefinfo.fr\/assets\/newsletter\/horsmedia\/grenelle2.html\" target=\"_blank\" rel=\"noopener noreferrer\">Journal #2<\/a><\/strong>, <strong>les \u00e9chos de deux ateliers qui se r\u00e9pondent : &#8220;Collectifs p\u00e9dagogiques&#8221; et &#8220;\u00c9coute et proximit\u00e9&#8221;<\/strong>, avec les retours d&#8217;exp\u00e9rience \u00e0 chaud des participants.<\/p>\n<p><strong>Sans oublier un zoom sur l&#8217;atelier num\u00e9rique et<\/strong> <strong>le point d&#8217;\u00e9tape sur la revalorisation salariale<\/strong>, dans le cadre de l&#8217;agenda social.<\/p>\n<p align=\"justify\"><strong>\u00c0 la Une :<\/strong><br \/>\n\u2022 L\u2019atelier &#8220;Collectifs p\u00e9dagogiques&#8221; : Philippe Culem, directeur d\u2019\u00e9cole, et Sophie Tardy, IGEN, t\u00e9moignent<br \/>\n\u2022 L\u2019atelier &#8220;Ecoute et proximit\u00e9&#8221; : les retours d\u2019Aziz Jellab, IGESR, l\u2019enseignante Catherine Anglade, et Cyrille Bourgery,\u00a0DRH de l\u2019acad\u00e9mie de Reims<br \/>\n\u2022 L\u2019atelier &#8220;Num\u00e9rique&#8221; : ce qu\u2019en dit Brigitte Hazard, IGESR et secr\u00e9taire g\u00e9n\u00e9rale de l\u2019atelier<br \/>\n\u2022 Et sur AEF info : &#8220;Revalorisation des enseignants : le MEN d\u00e9taille la r\u00e9partition des 400 millions d&#8217;euros en 2021&#8221;<\/p>\n<table class=\"imgtable btnset\" border=\"0\" cellspacing=\"0\" cellpadding=\"0\">\n<tbody>\n<tr>\n<td class=\"contenttd\"><a href=\"https:\/\/www.aefinfo.fr\/assets\/newsletter\/horsmedia\/grenelle2.html\" target=\"_blank\" rel=\"noopener noreferrer\"><img decoding=\"async\" style=\"border: 0px;text-decoration: none\" title=\"\" src=\"https:\/\/mailchef.s3.amazonaws.com\/uploads\/mailstyler\/images\/19253F2F-FF4F-9D55-7D82-7180ADA2FB6B_Image_11_da607e01-0ae5-4d92-bbff-83ccb8b2fd2c.png\" alt=\"&gt; ACC\u00c9DER AU JOURNAL DU GRENELLE DE L'\u00c9DUCATION AVEC AEF INFO\" border=\"none\" \/><\/a><\/td>\n<\/tr>\n<\/tbody>\n<\/table>\n<table class=\"imgtable\" border=\"0\" cellspacing=\"0\" cellpadding=\"0\" align=\"left\">\n<tbody>\n<tr>\n<td align=\"center\">\n<table border=\"0\" cellspacing=\"0\" cellpadding=\"0\">\n<tbody>\n<tr>\n<td><a href=\"https:\/\/www.youtube.com\/watch?v=kscMAW7l8H0\" target=\"_blank\" rel=\"noopener noreferrer\"><img decoding=\"async\" src=\"https:\/\/mailchef.s3.amazonaws.com\/uploads\/mailstyler\/images\/90E3AF5F-8A2E-1CB6-9393-AECBD64B8926_Image_12_b5659d28-2600-4c6a-b5e1-2353affced79.jpg\" alt=\"\" width=\"212\" hspace=\"0\" vspace=\"0\" \/><\/a><\/td>\n<\/tr>\n<\/tbody>\n<\/table>\n<\/td>\n<\/tr>\n<\/tbody>\n<\/table>\n<p align=\"justify\">Lanc\u00e9 le jeudi 22 octobre, <a title=\"\" href=\"https:\/\/www.education.gouv.fr\/grenelle-de-l-education-306837\" target=\"_blank\" rel=\"noopener noreferrer\">ce Grenelle de l&#8217;\u00e9ducation<\/a> se d\u00e9ploiera jusqu\u2019en f\u00e9vrier 2021. Il s\u2019appuie sur la contribution de toutes les parties prenantes : personnels, parents d\u2019\u00e9l\u00e8ve, syndicats et soci\u00e9t\u00e9 civile. Revalorisation, formation, parcours professionnels, num\u00e9rique \u00e9ducatif, RH de proximit\u00e9, sant\u00e9 au travail feront notamment partie des th\u00e9matiques abord\u00e9es lors des diff\u00e9rents rendez-vous qui s\u2019\u00e9chelonneront jusqu\u2019en f\u00e9vrier prochain.<\/p>\n<p align=\"justify\"><strong>Le planning des ateliers de l&#8217;incubateur du Grenelle de l&#8217;\u00e9ducation :<\/strong><\/p>\n<table class=\"imgtable\" border=\"0\" cellspacing=\"0\" cellpadding=\"0\" align=\"center\">\n<tbody>\n<tr>\n<td align=\"center\">\n<table border=\"0\" cellspacing=\"0\" cellpadding=\"0\">\n<tbody>\n<tr>\n<td><a href=\"https:\/\/education.gouv.fr\/media\/72978\/download\" target=\"_blank\" rel=\"noopener noreferrer\"><img decoding=\"async\" src=\"https:\/\/mailchef.s3.amazonaws.com\/uploads\/mailstyler\/images\/EFE9E579-ED01-0748-E6A3-2DA0C32BFC87_Image_13_5268bb28-7305-47ba-a378-9cd022dcba27.jpg\" alt=\"\" width=\"565\" hspace=\"0\" vspace=\"0\" \/><\/a><\/td>\n<\/tr>\n<\/tbody>\n<\/table>\n<\/td>\n<\/tr>\n<\/tbody>\n<\/table>\n<table class=\"imgtable btnset\" border=\"0\" cellspacing=\"0\" cellpadding=\"0\">\n<tbody>\n<tr>\n<td class=\"contenttd\"><a href=\"https:\/\/www.education.gouv.fr\/l-incubateur-du-grenelle-de-l-education-comptes-rendus-des-ateliers-307231\" target=\"_blank\" rel=\"noopener noreferrer\"><img decoding=\"async\" style=\"border: 0px;text-decoration: none\" title=\"\" src=\"https:\/\/mailchef.s3.amazonaws.com\/uploads\/mailstyler\/images\/65B3599A-450F-E039-9283-486F73A26E73_Image_14_d55d4c63-a7b3-4045-b1d1-479755a72244.png\" alt=\"&gt; ACC\u00c9DER AUX COMPTES-RENDUS DES ATELIERS\" border=\"none\" \/><\/a><\/td>\n<\/tr>\n<\/tbody>\n<\/table>\n<\/th>\n<\/tr>\n<\/tbody>\n<\/table>\n<\/th>\n<\/tr>\n<tr>\n<th class=\"contenttd\">\n<table cellspacing=\"0\" cellpadding=\"0\" align=\"left\">\n<tbody>\n<tr>\n<th class=\"contenttd\">\n<p align=\"left\"><strong>\/\u00a0UNE REVALORISATION DES PERSONNELS EN 2021 \/<\/strong><\/p>\n<table class=\"imgtable btnset\" border=\"0\" cellspacing=\"0\" cellpadding=\"0\">\n<tbody>\n<tr>\n<td class=\"contenttd\"><img decoding=\"async\" title=\"\" src=\"https:\/\/mailchef.s3.amazonaws.com\/uploads\/mailstyler\/images\/40F0A487-9499-C415-210A-9A9F3F8804A9_Image_15_e1c703bb-71c3-4700-b259-61edee5c1867.png\" alt=\"\u00c9COLE, COLL\u00c8GE, LYC\u00c9E | REVALORISATION\" border=\"none\" \/><\/td>\n<\/tr>\n<\/tbody>\n<\/table>\n<\/th>\n<\/tr>\n<\/tbody>\n<\/table>\n<\/th>\n<\/tr>\n<tr>\n<th class=\"contenttd\">\n<table cellspacing=\"0\" cellpadding=\"0\" align=\"left\">\n<tbody>\n<tr>\n<th class=\"contenttd\">\n<p align=\"justify\">D\u00e8s le d\u00e9but du quinquennat, le ministre de l\u2019\u00c9ducation nationale, de la Jeunesse et des Sports a pris l\u2019engagement de <a title=\"\" href=\"https:\/\/www.education.gouv.fr\/grenelle-de-l-education-une-revalorisation-des-personnels-en-2021-307263\" target=\"_blank\" rel=\"noopener noreferrer\">revaloriser les personnels<\/a> et particuli\u00e8rement les professeurs. En 2021, le minist\u00e8re dispose d\u2019une enveloppe de 400 M\u20ac pour revaloriser ses personnels et accompagner la transformation des m\u00e9tiers de l\u2019\u00e9ducation (500M\u20ac en ann\u00e9e pleine). Cette action prend place au sein d\u2019un travail global sur l\u2019am\u00e9lioration des conditions de travail des personnels et du syst\u00e8me \u00e9ducatif, dans le cadre du Grenelle de l\u2019\u00e9ducation. Elle se d\u00e9cline en plusieurs mesures :<\/p>\n<ul>\n<li>Une prime d\u2019attractivit\u00e9 qui repr\u00e9sente un peu plus de la moiti\u00e9 de l\u2019enveloppe (260 M\u20ac en ann\u00e9e pleine). Elle concerne les personnels en d\u00e9but et en milieu de carri\u00e8re et b\u00e9n\u00e9ficiera \u00e0 31% des titulaires d\u00e8s mai 2021 ;<\/li>\n<li>Une prime d\u2019\u00e9quipement informatique sera vers\u00e9e d\u00e8s le mois de janvier 2021. D\u2019un montant unique de 150 \u20ac nets, elle sera vers\u00e9e chaque ann\u00e9e aux enseignants et psychologues de l\u2019\u00e9ducation nationale ;<\/li>\n<li>Un taux de promotion \u00e0 la hors-classe des enseignants port\u00e9 \u00e0 18% ;<\/li>\n<li>Une enveloppe de 45 M\u20ac r\u00e9serv\u00e9e aux autres mesures cat\u00e9gorielles des personnels dans le cadre de l\u2019agenda social ;<\/li>\n<li>Pr\u00e8s de la moiti\u00e9 de l\u2019enveloppe cat\u00e9gorielle sera fl\u00e9ch\u00e9e sur la revalorisation des directeurs d\u2019\u00e9cole.<\/li>\n<\/ul>\n<table class=\"imgtable btnset\" border=\"0\" cellspacing=\"0\" cellpadding=\"0\">\n<tbody>\n<tr>\n<td class=\"contenttd\"><a href=\"https:\/\/www.education.gouv.fr\/grenelle-de-l-education-une-revalorisation-des-personnels-en-2021-307263\" target=\"_blank\" rel=\"noopener noreferrer\"><img decoding=\"async\" style=\"border: 0px;text-decoration: none\" title=\"\" src=\"https:\/\/mailchef.s3.amazonaws.com\/uploads\/mailstyler\/images\/922CE3E3-4CA2-6703-0C36-AC4EE130F47A_Image_16_fea46946-ca2e-43dd-97a2-4f48405328dc.png\" alt=\"&gt; EN SAVOIR PLUS SUR LA REVALORISATION DES PERSONNELS\" border=\"none\" \/><\/a><\/td>\n<\/tr>\n<\/tbody>\n<\/table>\n<blockquote><p>&nbsp;<\/p><\/blockquote>\n<\/th>\n<\/tr>\n<\/tbody>\n<\/table>\n<\/th>\n<\/tr>\n<tr>\n<th class=\"contenttd\">\n<table cellspacing=\"0\" cellpadding=\"0\" align=\"left\">\n<tbody>\n<tr>\n<th class=\"contenttd\">\n<p align=\"left\"><strong>\/\u00a0MUTATION 2021 : DES \u00c9QUIPES \u00c0 VOS C\u00d4T\u00c9S, DE NOUVEAUX OUTILS\u00a0\u00c0 VOTRE SERVICE \/<\/strong><\/p>\n<table class=\"imgtable btnset\" border=\"0\" cellspacing=\"0\" cellpadding=\"0\">\n<tbody>\n<tr>\n<td class=\"contenttd\"><img decoding=\"async\" title=\"\" src=\"https:\/\/mailchef.s3.amazonaws.com\/uploads\/mailstyler\/images\/0C192A2C-0C95-C73E-EB70-503EB837B007_Image_17_b8e6719d-4688-422d-a0b5-0e5f49ef55ca.png\" alt=\"\u00c9COLE, COLL\u00c8GE, LYC\u00c9E | MUTATION\" border=\"none\" \/><\/td>\n<\/tr>\n<\/tbody>\n<\/table>\n<\/th>\n<\/tr>\n<\/tbody>\n<\/table>\n<\/th>\n<\/tr>\n<tr>\n<th class=\"contenttd\">\n<table cellspacing=\"0\" cellpadding=\"0\" align=\"left\">\n<tbody>\n<tr>\n<th class=\"contenttd\">\n<p align=\"justify\">Vous\u00a0souhaitez ou vous devez participer aux mutations interd\u00e9partementale ou interacad\u00e9mique ?<br \/>\nLes \u00e9quipes de la DGRH, des rectorats et DSDEN vous accompagnent tout au long de ce processus.<br \/>\nPour les phases intra-d\u00e9partementale ou intra-acad\u00e9mique, ce sont les \u00e9quipes RH acad\u00e9miques et d\u00e9partementales de votre nouvelle acad\u00e9mie qui seront vos interlocuteurs.<\/p>\n<p>Pour retrouver toute l\u2019information sur les mutations, le calendrier des op\u00e9rations, les \u00e9l\u00e9ments du bar\u00e8me, les justificatifs \u00e0 fournir, vous pouvez :<\/p>\n<ul>\n<li>Obtenir des r\u00e9ponses \u00e0 vos questions, des conseils et une aide individualis\u00e9e jusqu\u2019au 8 d\u00e9cembre en contactant la plateforme t\u00e9l\u00e9phonique minist\u00e9rielle Info mobilit\u00e9 ;<\/li>\n<\/ul>\n<table class=\"imgtable\" border=\"0\" cellspacing=\"0\" cellpadding=\"0\" align=\"right\">\n<tbody>\n<tr>\n<td align=\"center\">\n<table border=\"0\" cellspacing=\"0\" cellpadding=\"0\">\n<tbody>\n<tr>\n<td><img decoding=\"async\" src=\"https:\/\/mailchef.s3.amazonaws.com\/uploads\/mailstyler\/images\/96FDFF8A-E6BA-1EE1-2663-0A2F4DA3D4B9_Image_18_94317815-22df-40aa-b1a3-f0122f912968.jpg\" alt=\"\" width=\"250\" hspace=\"0\" vspace=\"0\" \/><\/td>\n<\/tr>\n<\/tbody>\n<\/table>\n<\/td>\n<\/tr>\n<\/tbody>\n<\/table>\n<table class=\"imgtable\" border=\"0\" cellspacing=\"0\" cellpadding=\"0\" align=\"left\">\n<tbody>\n<tr>\n<td align=\"center\">\n<table border=\"0\" cellspacing=\"0\" cellpadding=\"0\">\n<tbody>\n<tr>\n<td><img decoding=\"async\" src=\"https:\/\/mailchef.s3.amazonaws.com\/uploads\/mailstyler\/images\/29590A54-6A9F-1E9F-EF30-7049BE87F78F_Image_19_6fe4a1e3-aa97-448c-8b5d-ce2cd82f5cb2.jpg\" alt=\"\" width=\"250\" hspace=\"0\" vspace=\"0\" \/><\/td>\n<\/tr>\n<\/tbody>\n<\/table>\n<\/td>\n<\/tr>\n<\/tbody>\n<\/table>\n<ul>\n<li>Consulter les principales \u00e9tapes des mouvements <a title=\"\" href=\"https:\/\/www.education.gouv.fr\/mutation-des-personnels-enseignants-du-premier-degre-5498\" target=\"_blank\" rel=\"noopener noreferrer\">interd\u00e9partemental<\/a> et <a title=\"\" href=\"https:\/\/www.education.gouv.fr\/mutation-des-personnels-du-second-degre-siam-phase-interacademique-3218\" target=\"_blank\" rel=\"noopener noreferrer\">interacad\u00e9mique<\/a> en vid\u00e9oanimation ;<\/li>\n<li>Saisir vos v\u0153ux sur SIAM, accessible par l\u2019application <a title=\"\" href=\"https:\/\/www.education.gouv.fr\/i-prof-l-assistant-carriere-12194\" target=\"_blank\" rel=\"noopener noreferrer\">SIAM-I-Prof<\/a> jusqu&#8217;au mardi 8 d\u00e9cembre 2020 \u00e0 12h (heure de Paris) ;<\/li>\n<li>Acc\u00e9der au nouveau service num\u00e9rique &#8220;<a title=\"\" href=\"https:\/\/www.education.gouv.fr\/le-portail-mobilite-des-enseignants-306316\" target=\"_blank\" rel=\"noopener noreferrer\">le comparateur de mobilit\u00e9<\/a>&#8221; pour mieux pr\u00e9parer et faciliter votre demande de mutation ;<\/li>\n<li>Retrouver les r\u00e8gles et proc\u00e9dures des mouvements interd\u00e9partemental et interacad\u00e9mique publi\u00e9es au <a title=\"\" href=\"https:\/\/www.education.gouv.fr\/pid285\/bulletin_officiel.html?pid_bo=40024\" target=\"_blank\" rel=\"noopener noreferrer\">BOEN sp\u00e9cial<\/a> du 16 novembre 2020.<\/li>\n<\/ul>\n<table class=\"imgtable btnset\" border=\"0\" cellspacing=\"0\" cellpadding=\"0\">\n<tbody>\n<tr>\n<td class=\"contenttd\"><a href=\"https:\/\/www.education.gouv.fr\/le-portail-mobilite-des-enseignants-306316\" target=\"_blank\" rel=\"noopener noreferrer\"><img decoding=\"async\" style=\"border: 0px;text-decoration: none\" title=\"\" src=\"https:\/\/mailchef.s3.amazonaws.com\/uploads\/mailstyler\/images\/F2848BB8-A065-EF3B-058A-81F47E5427AA_Image_20_52964e83-2b70-4aff-984a-a62844c2c3c2.png\" alt=\"&gt; ACC\u00c9DER AU PORTAIL MOBILIT\u00c9\" border=\"none\" \/><\/a><\/td>\n<\/tr>\n<\/tbody>\n<\/table>\n<\/th>\n<\/tr>\n<\/tbody>\n<\/table>\n<\/th>\n<\/tr>\n<tr>\n<th class=\"contenttd\">\n<table cellspacing=\"0\" cellpadding=\"0\" align=\"left\">\n<tbody>\n<tr>\n<th class=\"contenttd\">\n<p align=\"left\"><strong>\/ ADAPTATIONS DU BACCALAUR\u00c9AT POUR L&#8217;ANN\u00c9E 2020-2021 \/<\/strong><\/p>\n<table class=\"imgtable btnset\" border=\"0\" cellspacing=\"0\" cellpadding=\"0\">\n<tbody>\n<tr>\n<td class=\"contenttd\"><img decoding=\"async\" title=\"\" src=\"https:\/\/mailchef.s3.amazonaws.com\/uploads\/mailstyler\/images\/8D17EDE2-BA6E-4E40-F89E-B33F4603558D_Image_21_a6f7a9de-c640-4e00-895f-34997fcb0cbc.png\" alt=\"LYC\u00c9E | BACCALAUR\u00c9AT 2021\" border=\"none\" \/><\/td>\n<\/tr>\n<\/tbody>\n<\/table>\n<\/th>\n<\/tr>\n<\/tbody>\n<\/table>\n<\/th>\n<\/tr>\n<tr>\n<th class=\"contenttd\">\n<table cellspacing=\"0\" cellpadding=\"0\" align=\"left\">\n<tbody>\n<tr>\n<th class=\"contenttd\">\n<p align=\"justify\">Pour tenir compte des cons\u00e9quences de la crise sanitaire sur les conditions de pr\u00e9paration du baccalaur\u00e9at g\u00e9n\u00e9ral et technologique, et afin de privil\u00e9gier le temps d\u2019apprentissage des lyc\u00e9ens dans cette p\u00e9riode, plusieurs mesures sont mises en place, \u00e0 titre exceptionnel, pour l\u2019ann\u00e9e scolaire 2020-2021.<\/p>\n<p align=\"justify\">Ces mesures ont \u00e9t\u00e9 prises apr\u00e8s \u00e9changes au sein du comit\u00e9 de suivi de la r\u00e9forme et \u00e0 la suite d\u2019une large concertation avec les organisations syndicales repr\u00e9sentatives des personnels et les \u00e9lus des conseils acad\u00e9miques de la vie lyc\u00e9enne.<\/p>\n<p align=\"justify\"><strong>Les trois \u00e9valuations communes de premi\u00e8re et de terminale de l&#8217;ann\u00e9e 2020-2021 sont annul\u00e9es et remplac\u00e9es par les moyennes des bulletins scolaires<\/strong>. Les mati\u00e8res concern\u00e9es par l&#8217;annulation des \u00e9valuations communes sont l\u2019histoire-g\u00e9ographie, les langues vivantes, la sp\u00e9cialit\u00e9 qui n\u2019est pas poursuivie en terminale, ainsi que les math\u00e9matiques pour la voie technologique et l\u2019enseignement scientifique pour la voie g\u00e9n\u00e9rale. Cette adaptation concerne les \u00e9l\u00e8ves de terminale, qui passeront leur bac en 2021, et les \u00e9l\u00e8ves actuellement en premi\u00e8re.<\/p>\n<p align=\"justify\">La BNS est ouverte malgr\u00e9 l&#8217;annulation des \u00e9valuations communes et leur remplacement par les notes des bulletins. Les professeurs peuvent ainsi la consulter avec profit pour y trouver des exemples de sujets \u00e0 utiliser en classe.<\/p>\n<p align=\"justify\"><strong>Deux sujets au choix pour les \u00e9preuves terminales des enseignements de sp\u00e9cialit\u00e9<\/strong> : les \u00e9preuves des enseignements de sp\u00e9cialit\u00e9 se tiendront aux dates pr\u00e9vues du 15 au 17 mars 2021.<br \/>\nUn guide pour la mise en \u0153uvre du doublement des sujets pour les \u00e9preuves terminales de sp\u00e9cialit\u00e9 du baccalaur\u00e9at 2021 est disponible sur <a title=\"\" href=\"https:\/\/eduscol.education.fr\/2221\/bac-2021\" target=\"_blank\" rel=\"noopener noreferrer\">la page \u00e9duscol d\u00e9di\u00e9e au baccalaur\u00e9at 2021<\/a>.<\/p>\n<p align=\"justify\">Le site <a title=\"\" href=\"http:\/\/quandjepasselebac.education.fr\/eleves-de-terminale-tout-savoir-sur-le-bac-en-2021\/\" target=\"_blank\" rel=\"noopener noreferrer\">Quand je passe le bac<\/a> fournit aux \u00e9l\u00e8ves et \u00e0 leur famille, de mani\u00e8re concise et accessible, l&#8217;ensemble de l&#8217;information dont ils ont besoin sur le nouveau lyc\u00e9e.<\/p>\n<table class=\"imgtable btnset\" border=\"0\" cellspacing=\"0\" cellpadding=\"0\">\n<tbody>\n<tr>\n<td class=\"contenttd\"><a href=\"https:\/\/eduscol.education.fr\/media\/3129\/download\" target=\"_blank\" rel=\"noopener noreferrer\"><img decoding=\"async\" style=\"border: 0px;text-decoration: none\" title=\"\" src=\"https:\/\/mailchef.s3.amazonaws.com\/uploads\/mailstyler\/images\/8DE772A0-535B-E394-A0C6-A6F4826D25B6_Image_22_d6ea3db6-69b5-40a1-81f3-b8cb157025ab.png\" alt=\"&gt; GUIDE MISE EN \u0152UVRE DU DOUBLEMENT DES SUJETS\" border=\"none\" \/><\/a><\/td>\n<\/tr>\n<\/tbody>\n<\/table>\n<table class=\"imgtable btnset\" border=\"0\" cellspacing=\"0\" cellpadding=\"0\">\n<tbody>\n<tr>\n<td class=\"contenttd\"><a href=\"https:\/\/www.education.gouv.fr\/bo\/20\/Hebdo40\/MENE2026616N.htm\" target=\"_blank\" rel=\"noopener noreferrer\"><img decoding=\"async\" style=\"border: 0px;text-decoration: none\" title=\"\" src=\"https:\/\/mailchef.s3.amazonaws.com\/uploads\/mailstyler\/images\/BCB9EEE4-D046-DDD4-5698-5FDDF345992B_Image_23_c80a02c2-d9aa-4ed9-ba2d-310ccca02036.png\" alt=\"&gt; CALENDRIER DES \u00c9PREUVES DU BAC 2021 AU BO DU 12 NOVEMBRE \" border=\"none\" \/><\/a><\/td>\n<\/tr>\n<\/tbody>\n<\/table>\n<table class=\"imgtable btnset\" border=\"0\" cellspacing=\"0\" cellpadding=\"0\">\n<tbody>\n<tr>\n<td class=\"contenttd\"><a href=\"http:\/\/education.gouv.fr\/media\/73008\/download\" target=\"_blank\" rel=\"noopener noreferrer\"><img decoding=\"async\" style=\"border: 0px;text-decoration: none\" title=\"\" src=\"https:\/\/mailchef.s3.amazonaws.com\/uploads\/mailstyler\/images\/2B3E2A2C-28A0-E8A4-E725-B1FE01E7D119_Image_24_1adb219d-b9e2-45c9-bf13-dfc2bbf8b213.png\" alt=\"&gt; BROCHURE \u00c0 DESTINATION DES \u00c9L\u00c8VES DE TERMINALE\" border=\"none\" \/><\/a><\/td>\n<\/tr>\n<\/tbody>\n<\/table>\n<\/th>\n<\/tr>\n<\/tbody>\n<\/table>\n<\/th>\n<\/tr>\n<tr>\n<th class=\"contenttd\">\n<table cellspacing=\"0\" cellpadding=\"0\" align=\"left\">\n<tbody>\n<tr>\n<th class=\"contenttd\"><\/th>\n<\/tr>\n<\/tbody>\n<\/table>\n<\/th>\n<\/tr>\n<tr>\n<th class=\"contenttd\">\n<table cellspacing=\"0\" cellpadding=\"0\" align=\"left\">\n<tbody>\n<tr>\n<th class=\"contenttd\">\n<p align=\"left\"><strong>\/ AGENDA \/<\/strong><\/p>\n<\/th>\n<\/tr>\n<tr>\n<td><\/td>\n<\/tr>\n<tr>\n<td><\/td>\n<\/tr>\n<\/tbody>\n<\/table>\n<\/th>\n<\/tr>\n<tr>\n<th class=\"contenttd\">\n<table cellspacing=\"0\" cellpadding=\"0\" align=\"left\">\n<tbody>\n<tr>\n<th class=\"contenttd\" rowspan=\"3\">\n<div>\n<p align=\"left\"><strong><strong><strong><strong>\u25a0 16 NOVEMBRE 2020<\/strong><\/strong><\/strong><br \/>\nNOUVEAU SITE \u00c9DUSCOL<\/strong><\/p>\n<p align=\"justify\"><strong><strong><a title=\"\" href=\"https:\/\/eduscol.education.fr\/\" target=\"_blank\" rel=\"noopener noreferrer\">Le site \u00e9duscol<\/a>\u00a0qui informe et accompagne les professionnels de l&#8217;\u00e9ducation a fait peau neuve. Nous vous invitons \u00e0 visiter ce nouveau site pour y red\u00e9couvrir toutes les ressources p\u00e9dagogiques et\u00a0 les informations utiles dans votre quotidien de professeurs.<\/strong><\/strong><\/p>\n<p align=\"right\"><strong><strong><a title=\"\" href=\"https:\/\/eduscol.education.fr\/\" target=\"_blank\" rel=\"noopener noreferrer\">&gt; Acc\u00e9der au nouveau site \u00e9duscol<\/a><\/strong><\/strong><\/p>\n<\/div>\n<div><\/div>\n<\/th>\n<\/tr>\n<tr>\n<td><\/td>\n<\/tr>\n<tr>\n<td><\/td>\n<\/tr>\n<\/tbody>\n<\/table>\n<\/th>\n<\/tr>\n<tr>\n<th class=\"contenttd\">\n<table cellspacing=\"0\" cellpadding=\"0\" align=\"left\">\n<tbody>\n<tr>\n<th class=\"contenttd\" rowspan=\"3\">\n<div>\n<p align=\"left\"><strong><strong><strong><strong>\u25a0 DU 16 AU 22 NOVEMBRE 2020<\/strong><\/strong><\/strong><br \/>\nSEMAINE EUROP\u00c9ENNE POUR L&#8217;EMPLOI DES PERSONNES HANDICAP\u00c9ES<\/strong><\/p>\n<p align=\"justify\"><strong><strong>Le saviez-vous ? 80 % des handicaps ne sont pas imm\u00e9diatement visibles &#8211; 85 % des personnes handicap\u00e9es le sont du fait de maladies d\u00e9clar\u00e9es apr\u00e8s la naissance, d&#8217;accidents au cours de la vie ou du fait du vieillissement. La Reconnaissance de Qualit\u00e9 de Travailleur Handicap\u00e9 (RQTH) est une d\u00e9marche officielle, volontaire et confidentielle. Cependant, se d\u00e9clarer touche aussi au collectif. Parce que chaque nouvelle d\u00e9claration est un pas de plus pour changer les mentalit\u00e9s et faire avancer les choses\u2026 pour soi, et pour les autres.<br \/>\n<a title=\"\" href=\"https:\/\/www.education.gouv.fr\/handicap-tous-concernes-99935#edugouv-summary-item-9\" target=\"_blank\" rel=\"noopener noreferrer\">Des r\u00e9f\u00e9rents handicap<\/a> sont pr\u00e9sents dans les acad\u00e9mies, n&#8217;h\u00e9sitez pas \u00e0 les contacter.<\/strong><\/strong><\/p>\n<p align=\"right\"><strong><strong><a title=\"\" href=\"https:\/\/www.education.gouv.fr\/handicap-tous-concernes-99935\" target=\"_blank\" rel=\"noopener noreferrer\">&gt; Handicap, tous concern\u00e9s<\/a><br \/>\n<a title=\"\" href=\"https:\/\/www.education.gouv.fr\/le-recrutement-des-personnes-en-situation-de-handicap-2789\" target=\"_blank\" rel=\"noopener noreferrer\">&gt; Le recrutement des personnes en situation de handicap<\/a><br \/>\n<a title=\"\" href=\"https:\/\/www.education.gouv.fr\/emploi-et-handicap-mieux-accompagner-la-personne-en-situation-de-handicap-6521\" target=\"_blank\" rel=\"noopener noreferrer\">&gt; Emploi et handicap &#8220;mieux accompagner la personne en situation de handicap&#8221;<\/a><\/strong><\/strong><\/p>\n<\/div>\n<div><\/div>\n<\/th>\n<\/tr>\n<tr>\n<td><\/td>\n<\/tr>\n<tr>\n<td><\/td>\n<\/tr>\n<\/tbody>\n<\/table>\n<\/th>\n<\/tr>\n<tr>\n<th class=\"contenttd\">\n<table cellspacing=\"0\" cellpadding=\"0\" align=\"left\">\n<tbody>\n<tr>\n<th class=\"contenttd\" rowspan=\"3\">\n<div>\n<p align=\"left\"><strong><strong><strong><strong>\u25a0 \u00a017 NOVEMBRE 2020<\/strong><\/strong><\/strong><br \/>\nCONF\u00c9RENCE R\u00c9PUBLIQUE \u00c9COLE LA\u00cfCIT\u00c9\u00a0DU CNAM ET DU CONSEIL DES SAGES DE LA LA\u00cfCIT\u00c9<\/strong><\/p>\n<p align=\"justify\"><strong><strong>Face aux questionnements persistants autour du principe de la la\u00efcit\u00e9 dans les services publics, le Cnam et le Conseil des sages de la la\u00efcit\u00e9 ont d\u00e9cid\u00e9 d\u2019unir leurs comp\u00e9tences pour organiser un cycle de s\u00e9minaires de r\u00e9flexion. Vous pouvez assister \u00e0 ces conf\u00e9rences en direct vid\u00e9o\u00a0ou les revoir en streaming.<\/strong><\/strong><\/p>\n<p align=\"right\"><strong><strong><a title=\"\" href=\"https:\/\/www.education.gouv.fr\/cycle-de-conferences-republique-ecole-laicite-du-cnam-et-du-conseil-des-sages-de-la-laicite-9881\" target=\"_blank\" rel=\"noopener noreferrer\">&gt; En savoir plus sur ce cycle de conf\u00e9rences sur le th\u00e8me de la la\u00efcit\u00e9<\/a><\/strong><\/strong><\/p>\n<\/div>\n<div><\/div>\n<\/th>\n<\/tr>\n<tr>\n<td><\/td>\n<\/tr>\n<tr>\n<td><\/td>\n<\/tr>\n<\/tbody>\n<\/table>\n<\/th>\n<\/tr>\n<tr>\n<th class=\"contenttd\">\n<table cellspacing=\"0\" cellpadding=\"0\" align=\"left\">\n<tbody>\n<tr>\n<th class=\"contenttd\" rowspan=\"3\">\n<div>\n<p align=\"left\"><strong>\u25a0 \u00a018 NOVEMBRE 2020<br \/>\n<\/strong><strong>LANCEMENT DE LA PLATEFORME L@MAP DE LA FONDATION LA MAIN \u00c0<\/strong> <strong>LA\u00a0P\u00c2TE<\/strong><\/p>\n<p align=\"justify\"><strong><strong>La Fondation La main \u00e0 la p\u00e2te lance <a title=\"\" href=\"https:\/\/elearning-lamap.org\/\" target=\"_blank\" rel=\"noopener noreferrer\">L@map<\/a>, sa plateforme de formation \u00e0 distance. Destin\u00e9e aux professeurs du premier degr\u00e9 et du coll\u00e8ge, elle propose des tutoriels pour enseigner les sciences de mani\u00e8re attractive, en privil\u00e9giant la pratique de l\u2019exp\u00e9rimentation, la formation au raisonnement scientifique et l\u2019\u00e9veil de l\u2019esprit critique.<\/strong><\/strong><\/p>\n<p align=\"right\"><strong><strong><a title=\"\" href=\"https:\/\/elearning-lamap.org\/\" target=\"_blank\" rel=\"noopener noreferrer\">&gt; En savoir plus sur la plateforme L@map<\/a><\/strong><\/strong><\/p>\n<\/div>\n<div><\/div>\n<\/th>\n<\/tr>\n<tr>\n<td><\/td>\n<\/tr>\n<tr>\n<td><\/td>\n<\/tr>\n<\/tbody>\n<\/table>\n<\/th>\n<\/tr>\n<tr>\n<th class=\"contenttd\">\n<table cellspacing=\"0\" cellpadding=\"0\" align=\"left\">\n<tbody>\n<tr>\n<th class=\"contenttd\" rowspan=\"3\">\n<div>\n<p align=\"left\"><strong><strong><strong><strong>\u25a0 JUSQU&#8217;AU 27 NOVEMBRE 2020\u00a0<\/strong><\/strong><\/strong><br \/>\nINSCRIPTION AUX FORMATIONS CEFPEP<\/strong><\/p>\n<p align=\"justify\"><strong><strong>Le Cefpep, Centre d\u2019\u00c9tudes et de Formation en Partenariat avec les Entreprises et les Professions, offre aux enseignants de toutes les disciplines et \u00e0 tous les personnels de l\u2019\u00e9ducation nationale la possibilit\u00e9 de r\u00e9aliser des formations, des visites ou des stages de un \u00e0 cinq jours, en co-construction avec les entreprises, les associations, les organisations publiques. Vous pouvez encore vous inscrire, la proc\u00e9dure d\u2019inscription est prolong\u00e9e jusqu\u2019au vendredi 27 novembre 2020 inclus.<\/strong><\/strong><\/p>\n<p align=\"right\"><strong><strong><a title=\"\" href=\"https:\/\/eduscol.education.fr\/1518\/l-offre-de-formations-cefpep\" target=\"_blank\" rel=\"noopener noreferrer\">&gt; En savoir plus sur l&#8217;offre de formations Cefpep<\/a><\/strong><\/strong><\/p>\n<\/div>\n<div><\/div>\n<\/th>\n<\/tr>\n<tr>\n<td><\/td>\n<\/tr>\n<tr>\n<td><\/td>\n<\/tr>\n<\/tbody>\n<\/table>\n<\/th>\n<\/tr>\n<tr>\n<th class=\"contenttd\">\n<table cellspacing=\"0\" cellpadding=\"0\" align=\"left\">\n<tbody>\n<tr>\n<th class=\"contenttd\" rowspan=\"3\">\n<div>\n<p align=\"left\"><strong><strong><strong><strong>\u25a0 JUSQU&#8217;AU 30 NOVEMBRE<\/strong><\/strong><\/strong><br \/>\nINSCRIPTION AU CONCOURS DE LECTURE SI ON LISAIT \u00c0 VOIX HAUTE DE LA GRANDE LIBRAIRIE<\/strong><\/p>\n<p align=\"justify\"><strong><strong>Vous \u00eates professeur en coll\u00e8ge ou en lyc\u00e9e et vous souhaitez proposer \u00e0 vos \u00e9l\u00e8ves de participer \u00e0 la deuxi\u00e8me \u00e9dition du grand concours Si on lisait \u00e0 voix haute lanc\u00e9 par Fran\u00e7ois Busnel et La Grande Librairie, vous pouvez <a title=\"\" href=\"https:\/\/www.lumni.fr\/dossier\/la-grande-librairie-concours-de-lecture-a-voix-haute\" target=\"_blank\" rel=\"noopener noreferrer\">remplir le formulaire en ligne<\/a> pour inscrire une ou plusieurs de vos classes !<\/strong><\/strong><\/p>\n<p align=\"right\"><strong><strong><a title=\"\" href=\"https:\/\/www.lumni.fr\/dossier\/la-grande-librairie-concours-de-lecture-a-voix-haute\" target=\"_blank\" rel=\"noopener noreferrer\">&gt; En savoir plus sur le concours de lecture \u00e0 voix haute de La Grande Librairie<\/a><\/strong><\/strong><\/p>\n<\/div>\n<div><\/div>\n<\/th>\n<\/tr>\n<tr>\n<td><\/td>\n<\/tr>\n<tr>\n<td><\/td>\n<\/tr>\n<\/tbody>\n<\/table>\n<\/th>\n<\/tr>\n<tr>\n<th class=\"contenttd\">\n<table cellspacing=\"0\" cellpadding=\"0\" align=\"left\">\n<tbody>\n<tr>\n<th class=\"contenttd\">\n<p align=\"center\"><strong><br \/>\nNous vous invitons \u00e0 consulter\u00a0la page du minist\u00e8re d\u00e9di\u00e9e aux modalit\u00e9s pratiques et au protocole sanitaire :<br \/>\n<\/strong><\/p>\n<table class=\"imgtable btnset\" border=\"0\" cellspacing=\"0\" cellpadding=\"0\">\n<tbody>\n<tr>\n<td class=\"contenttd\"><a href=\"https:\/\/www.education.gouv.fr\/rentree-2020-modalites-pratiques-305467\" target=\"_blank\" rel=\"noopener noreferrer\"><img decoding=\"async\" title=\"\" src=\"https:\/\/mailchef.s3.amazonaws.com\/uploads\/mailstyler\/images\/8F91D318-75CB-25EE-13F1-3702C03D6976_Image_25_bb862cca-f365-4ff1-aa4f-ff4d55fef620.png\" alt=\"ACC\u00c9DER \u00c0 LA PAGE D\u00c9DI\u00c9E\" border=\"none\" \/><\/a><\/td>\n<\/tr>\n<\/tbody>\n<\/table>\n<\/th>\n<\/tr>\n<tr>\n<td><\/td>\n<\/tr>\n<\/tbody>\n<\/table>\n<\/th>\n<\/tr>\n<\/tbody>\n<\/table>\n<p>&nbsp;<\/p>\n","protected":false},"excerpt":{"rendered":"<p>L&#8217;ACTUALIT\u00c9 DE L&#8217;\u00c9COLE, CHAQUE SEMAINE EN UN CLIN D&#8217;\u0152IL \/ CONTINUIT\u00c9 P\u00c9DAGOGIQUE \/ Depuis le 2 novembre, un protocole sanitaire renforc\u00e9 s&#8217;applique \u00e0 toutes les \u00e9coles, tous les coll\u00e8ges et lyc\u00e9es. Il consiste en la limitation des r\u00e8gles de brassage &hellip; <a href=\"https:\/\/site.ac-martinique.fr\/philosophie\/?page_id=2452\">Continuer la lecture <span class=\"meta-nav\">&rarr;<\/span><\/a><\/p>\n","protected":false},"author":76,"featured_media":0,"parent":0,"menu_order":0,"comment_status":"closed","ping_status":"closed","template":"","meta":{"footnotes":""},"class_list":["post-2452","page","type-page","status-publish","hentry"],"_links":{"self":[{"href":"https:\/\/site.ac-martinique.fr\/philosophie\/index.php?rest_route=\/wp\/v2\/pages\/2452","targetHints":{"allow":["GET"]}}],"collection":[{"href":"https:\/\/site.ac-martinique.fr\/philosophie\/index.php?rest_route=\/wp\/v2\/pages"}],"about":[{"href":"https:\/\/site.ac-martinique.fr\/philosophie\/index.php?rest_route=\/wp\/v2\/types\/page"}],"author":[{"embeddable":true,"href":"https:\/\/site.ac-martinique.fr\/philosophie\/index.php?rest_route=\/wp\/v2\/users\/76"}],"replies":[{"embeddable":true,"href":"https:\/\/site.ac-martinique.fr\/philosophie\/index.php?rest_route=%2Fwp%2Fv2%2Fcomments&post=2452"}],"version-history":[{"count":4,"href":"https:\/\/site.ac-martinique.fr\/philosophie\/index.php?rest_route=\/wp\/v2\/pages\/2452\/revisions"}],"predecessor-version":[{"id":2606,"href":"https:\/\/site.ac-martinique.fr\/philosophie\/index.php?rest_route=\/wp\/v2\/pages\/2452\/revisions\/2606"}],"wp:attachment":[{"href":"https:\/\/site.ac-martinique.fr\/philosophie\/index.php?rest_route=%2Fwp%2Fv2%2Fmedia&parent=2452"}],"curies":[{"name":"wp","href":"https:\/\/api.w.org\/{rel}","templated":true}]}}