{"id":2583,"date":"2021-03-11T18:58:37","date_gmt":"2021-03-11T21:58:37","guid":{"rendered":"https:\/\/site.ac-martinique.fr\/philosophie\/?page_id=2583"},"modified":"2021-04-02T12:30:39","modified_gmt":"2021-04-02T15:30:39","slug":"infoprofesseurs-50","status":"publish","type":"page","link":"https:\/\/site.ac-martinique.fr\/philosophie\/?page_id=2583","title":{"rendered":"info@professeurs # 50"},"content":{"rendered":"<table class=\"rtable\" border=\"0\" width=\"637\" cellspacing=\"0\" cellpadding=\"0\" align=\"center\">\n<tbody>\n<tr>\n<th class=\"contenttd\">\n<table cellspacing=\"0\" cellpadding=\"0\" align=\"left\">\n<tbody>\n<tr>\n<th class=\"contenttd\">\n<table class=\"imgtable\" border=\"0\" cellspacing=\"0\" cellpadding=\"0\">\n<tbody>\n<tr>\n<td align=\"center\">\n<table border=\"0\" cellspacing=\"0\" cellpadding=\"0\">\n<tbody>\n<tr>\n<td><img decoding=\"async\" src=\"https:\/\/mailchef.s3.amazonaws.com\/uploads\/mailstyler\/images\/2017DCB5-2991-248E-9C7C-1E8C5AB2E900_Image_1_90e5590a855b4b90b6a5a771cc3ba429.png\" alt=\"\" width=\"199\" hspace=\"0\" vspace=\"0\" \/><\/td>\n<\/tr>\n<\/tbody>\n<\/table>\n<\/td>\n<\/tr>\n<\/tbody>\n<\/table>\n<\/th>\n<\/tr>\n<\/tbody>\n<\/table>\n<\/th>\n<\/tr>\n<tr>\n<th class=\"contenttd\">\n<table cellspacing=\"0\" cellpadding=\"0\" align=\"left\">\n<tbody>\n<tr>\n<th class=\"contenttd\">\n<p align=\"center\"><strong>L&#8217;ACTUALIT\u00c9 DE L&#8217;\u00c9COLE, CHAQUE SEMAINE EN UN CLIN D&#8217;\u0152IL<\/strong><\/p>\n<table class=\"imgtable\" border=\"0\" cellspacing=\"0\" cellpadding=\"0\" align=\"center\">\n<tbody>\n<tr>\n<td align=\"center\">\n<table border=\"0\" cellspacing=\"0\" cellpadding=\"0\">\n<tbody>\n<tr>\n<td><img decoding=\"async\" src=\"https:\/\/mailchef.s3.amazonaws.com\/uploads\/mailstyler\/images\/C66FB9B8-644A-3641-C8A5-30348C53B9C8_Image_2_151f6d599daa4e929495f5eeb9a29693.png\" alt=\"\" width=\"600\" hspace=\"0\" vspace=\"0\" \/><\/td>\n<\/tr>\n<\/tbody>\n<\/table>\n<\/td>\n<\/tr>\n<\/tbody>\n<\/table>\n<\/th>\n<\/tr>\n<\/tbody>\n<\/table>\n<\/th>\n<\/tr>\n<tr>\n<th class=\"contenttd\">\n<table cellspacing=\"0\" cellpadding=\"0\" align=\"left\">\n<tbody>\n<tr>\n<th class=\"contenttd\">\n<p align=\"left\"><strong>\/\u00a01 AN DE CONTINUIT\u00c9 P\u00c9DAGOGIQUE \/<\/strong><\/p>\n<table class=\"imgtable btnset\" border=\"0\" cellspacing=\"0\" cellpadding=\"0\">\n<tbody>\n<tr>\n<td class=\"contenttd\"><img decoding=\"async\" title=\"\" src=\"https:\/\/mailchef.s3.amazonaws.com\/uploads\/mailstyler\/images\/59858D55-4D5E-47C9-D975-E0997029E40A_Image_3_9ef9e23984f141e897e9f90ef3d54fcd.png\" alt=\"\u00c9COLE, COLL\u00c8GE, LYC\u00c9E | CONTINUIT\u00c9 P\u00c9DAGOGIQUE\" border=\"none\" \/><\/td>\n<\/tr>\n<\/tbody>\n<\/table>\n<\/th>\n<\/tr>\n<\/tbody>\n<\/table>\n<\/th>\n<\/tr>\n<tr>\n<th class=\"contenttd\">\n<table cellspacing=\"0\" cellpadding=\"0\" align=\"left\">\n<tbody>\n<tr>\n<th class=\"contenttd\">\n<p align=\"justify\">La crise sanitaire qui touche la France depuis un an a provoqu\u00e9 une mobilisation sans pr\u00e9c\u00e9dent de l\u2019ensemble de la communaut\u00e9 \u00e9ducative. Nous vous proposons de <a title=\"\" href=\"https:\/\/www.education.gouv.fr\/mars-2020-mars-2021-un-de-continuite-pedagogique-et-de-gestion-de-la-crise-sanitaire-dans-les-ecoles-322704\" target=\"_blank\" rel=\"noopener noreferrer\">retrouver l\u2019ensemble des initiatives minist\u00e9rielles et locales<\/a> mises en place pour assurer \u00e0 tous les \u00e9l\u00e8ves une poursuite de leurs apprentissages, puis leur retour dans les \u00e9coles et les \u00e9tablissements en toute s\u00e9curit\u00e9. Il permet aussi de mesurer toute la gratitude que nous devons \u00e0 l\u2019ensemble des acteurs de l\u2019\u00e9ducation qui, malgr\u00e9 les difficult\u00e9s, ont toujours gard\u00e9 pour objectif de garantir \u00e0 tous les \u00e9l\u00e8ves la continuit\u00e9 p\u00e9dagogique.<\/p>\n<p>Dans\u00a0une d\u00e9marche d&#8217;adaptation continue et d&#8217;accompagnement \u00e0 des nouveaux usages, une palette d&#8217;outils et de dispositifs a \u00e9t\u00e9 d\u00e9velopp\u00e9e afin de garantir \u00e0 tous les membres de la communaut\u00e9 \u00e9ducative, aux \u00e9l\u00e8ves et aux familles une continuit\u00e9 p\u00e9dagogique dans les meilleures conditions : la plateforme p\u00e9dagogique <a title=\"\" href=\"https:\/\/www.cned.fr\/maclassealamaison\" target=\"_blank\" rel=\"noopener noreferrer\">Ma Classe \u00e0 la maison<\/a> du <strong>CNED<\/strong>, les classes virtuelles, le r\u00e9seau <strong>Canop\u00e9<\/strong> avec <a title=\"\" href=\"https:\/\/www.reseau-canope.fr\/canotech.html\" target=\"_blank\" rel=\"noopener noreferrer\">CanoTech<\/a> plateforme\u00a0de ressources pratiques et de formations \u00e0 distance, les <strong>ENT<\/strong>, le partenariat pour l\u2019envoi des documents par <strong>La Poste<\/strong>pour les \u00e9l\u00e8ves en rupture num\u00e9rique, les <strong>2S2C<\/strong> (Sport-Sant\u00e9-Culture-Civisme), les <strong>vacances apprenantes<\/strong>, l&#8217;op\u00e9ration <strong>Nation apprenante\u00a0<\/strong> avec\u00a0les acteurs de la presse et de l\u2019audiovisuel public, dont les cours t\u00e9l\u00e9vis\u00e9s <strong>Lumni<\/strong>\u2026<\/p>\n<table class=\"imgtable btnset\" border=\"0\" cellspacing=\"0\" cellpadding=\"0\">\n<tbody>\n<tr>\n<td class=\"contenttd\"><a href=\"https:\/\/www.education.gouv.fr\/mars-2020-mars-2021-un-de-continuite-pedagogique-et-de-gestion-de-la-crise-sanitaire-dans-les-ecoles-322704\" target=\"_blank\" rel=\"noopener noreferrer\"><img decoding=\"async\" style=\"border: 0px;text-decoration: none\" title=\"\" src=\"https:\/\/mailchef.s3.amazonaws.com\/uploads\/mailstyler\/images\/A03BBD38-25ED-9444-5A5F-49E590312F8F_Image_4_39cf3de1d8fc43ccb1bef2c9ad4a2793.png\" alt=\"&gt; 1 AN AVEC LA COVID : TOUS LES CHIFFRES ET LA CHRONOLOGIE \" border=\"none\" \/><\/a><\/td>\n<\/tr>\n<\/tbody>\n<\/table>\n<\/th>\n<\/tr>\n<\/tbody>\n<\/table>\n<\/th>\n<\/tr>\n<tr>\n<th class=\"contenttd\">\n<table cellspacing=\"0\" cellpadding=\"0\" align=\"left\">\n<tbody>\n<tr>\n<th class=\"contenttd\">\n<p align=\"left\"><strong>\/\u00a0R\u00c9SULTATS DES \u00c9VALUATIONS DE MI-CP \/<\/strong><\/p>\n<table class=\"imgtable btnset\" border=\"0\" cellspacing=\"0\" cellpadding=\"0\">\n<tbody>\n<tr>\n<td class=\"contenttd\"><img decoding=\"async\" title=\"\" src=\"https:\/\/mailchef.s3.amazonaws.com\/uploads\/mailstyler\/images\/1D6C7066-A0C7-9377-847D-430ACA907B50_Image_5_08d448a8c20e4e17ba89d8bea0c75b2c.png\" alt=\"\u00c9COLE | P\u00c9DAGOGIE \" border=\"none\" \/><\/td>\n<\/tr>\n<\/tbody>\n<\/table>\n<\/th>\n<\/tr>\n<\/tbody>\n<\/table>\n<\/th>\n<\/tr>\n<tr>\n<th class=\"contenttd\">\n<table cellspacing=\"0\" cellpadding=\"0\" align=\"left\">\n<tbody>\n<tr>\n<th class=\"contenttd\">\n<p align=\"justify\">Les r\u00e9sultats des \u00e9valuations de mi-CP publi\u00e9s le 9 mars prouvent que tous les efforts fournis par les professeurs des \u00e9coles pour r\u00e9sorber les \u00e9carts et retisser les fils des apprentissages de leurs \u00e9l\u00e8ves ont port\u00e9 leurs fruits et\u00a0qu&#8217;ils ont pleinement relev\u00e9 le d\u00e9fi de la mobilisation pendant cette ann\u00e9e de CP, cruciale pour l\u2019acquisition des comp\u00e9tences fondamentales de lecture, d\u2019\u00e9criture et de math\u00e9matiques. L\u2019importance du travail fait en classe, en pr\u00e9sentiel pour les \u00e9l\u00e8ves, se confirme \u00e9galement.<br \/>\nQuelques \u00e9l\u00e9ments majeurs de ces \u00e9valuations de mi-CP et r\u00e9v\u00e9lateurs du travail significatif accompli par les professeurs :<\/p>\n<ul>\n<li>une am\u00e9lioration des r\u00e9sultats en math\u00e9matiques quel que soit le secteur d\u2019enseignement, par rapport \u00e0 l\u2019\u00e9valuation de la mi-CP 2020 ;<\/li>\n<li>pour le fran\u00e7ais, une am\u00e9lioration est constat\u00e9e dans l\u2019enseignement public hors \u00e9ducation prioritaire, dans les r\u00e9seaux d\u2019\u00e9ducation prioritaire (REP) et dans l\u2019enseignement priv\u00e9 ;<\/li>\n<li>dans les r\u00e9seaux d\u2019\u00e9ducation prioritaire renforc\u00e9s (REP+), si les r\u00e9sultats sont plus variables, on observe globalement une stabilisation des comp\u00e9tences test\u00e9es : les \u00e9l\u00e8ves ont retrouv\u00e9 le niveau de comp\u00e9tence de janvier 2020 ;<\/li>\n<li>en parall\u00e8le, depuis la rentr\u00e9e scolaire, les \u00e9carts entre \u00e9coles hors \u00e9ducation prioritaire et \u00e9coles en \u00e9ducation prioritaire diminuent, et ce de fa\u00e7on plus marqu\u00e9e que l\u2019an dernier ;<\/li>\n<li>pour autant on constate des \u00e9carts entre les \u00e9coles en \u00e9ducation prioritaire (REP et REP+) et les autres \u00e9coles sup\u00e9rieurs \u00e0 ceux constat\u00e9s \u00e0 la mi-CP en janvier 2020. Ce constat doit \u00eatre mis en regard de la hausse des \u00e9carts entre secteurs observ\u00e9e en d\u00e9but de CP \u00e0 la rentr\u00e9e 2020 par rapport \u00e0 la rentr\u00e9e 2019.<\/li>\n<\/ul>\n<p align=\"justify\"><a title=\"\" href=\"https:\/\/www.education.gouv.fr\/evaluations-2021-point-d-etape-cp-premiers-resultats-322673\" target=\"_blank\" rel=\"noopener noreferrer\">Ces r\u00e9sultats ont \u00e9t\u00e9 publi\u00e9s<\/a> par la direction de l\u2019\u00e9valuation, de la prospective et de la performance (Depp), et sont librement consultables.<\/p>\n<table class=\"imgtable btnset\" border=\"0\" cellspacing=\"0\" cellpadding=\"0\">\n<tbody>\n<tr>\n<td class=\"contenttd\"><a href=\"https:\/\/www.education.gouv.fr\/evaluations-2021-point-d-etape-cp-premiers-resultats-322673\" target=\"_blank\" rel=\"noopener noreferrer\"><img decoding=\"async\" style=\"border: 0px;text-decoration: none\" title=\"\" src=\"https:\/\/mailchef.s3.amazonaws.com\/uploads\/mailstyler\/images\/67CEE4B4-AB23-6BAC-7D03-7786255A749C_Image_6_37896ce6cf854bad92e47a896d1f3515.png\" alt=\"&gt; CONSULTER LES R\u00c9SULTATS DES \u00c9VALUATIONS DE MI-CP\" border=\"none\" \/><\/a><\/td>\n<\/tr>\n<\/tbody>\n<\/table>\n<\/th>\n<\/tr>\n<\/tbody>\n<\/table>\n<\/th>\n<\/tr>\n<tr>\n<th class=\"contenttd\">\n<table cellspacing=\"0\" cellpadding=\"0\" align=\"left\">\n<tbody>\n<tr>\n<th class=\"contenttd\">\n<p align=\"left\"><strong>\/\u00a0EV@LANG COLL\u00c8GE : UN TEST DE POSITIONNEMENT EN ANGLAIS POUR LES \u00c9L\u00c8VES DE 3E\u00a0\/<\/strong><\/p>\n<table class=\"imgtable btnset\" border=\"0\" cellspacing=\"0\" cellpadding=\"0\">\n<tbody>\n<tr>\n<td class=\"contenttd\"><img decoding=\"async\" title=\"\" src=\"https:\/\/mailchef.s3.amazonaws.com\/uploads\/mailstyler\/images\/93BD6A05-1966-F959-CB36-674FF8355BCD_Image_7_0ef746ac16bb458daf8b163903b5d280.png\" alt=\"COLL\u00c8GE | RESSOURCES\" border=\"none\" \/><\/td>\n<\/tr>\n<\/tbody>\n<\/table>\n<\/th>\n<\/tr>\n<\/tbody>\n<\/table>\n<\/th>\n<\/tr>\n<tr>\n<th class=\"contenttd\">\n<table cellspacing=\"0\" cellpadding=\"0\" align=\"left\">\n<tbody>\n<tr>\n<th class=\"contenttd\">\n<p align=\"justify\">Le test de positionnement ev@lang coll\u00e8ge est un test 100% en ligne, non \u00e9valuatif, qui permet aux \u00e9l\u00e8ves de 3e de situer leur niveau d\u2019anglais sur l\u2019\u00e9chelle du CECRL. Il porte sur les activit\u00e9s langagi\u00e8res de r\u00e9ception orale et \u00e9crite, ainsi que sur les connaissances linguistiques (lexique et grammaire). Le test ne couvre pas tout le champ des apprentissages du cours de langue vivante, il compl\u00e8te l\u2019\u00e9valuation des acquis effectu\u00e9e par le professeur en offrant aux \u00e9quipes p\u00e9dagogiques un outil de suivi des apprentissages.<br \/>\nLe calendrier des dates de passation est maintenant disponible. Vous trouverez des informations compl\u00e9mentaires et des outils de pr\u00e9sentation sur <a title=\"\" href=\"https:\/\/eduscol.education.fr\/2656\/evalang-college\" target=\"_blank\" rel=\"noopener noreferrer\">\u00e9duscol<\/a>.<\/p>\n<table class=\"imgtable btnset\" border=\"0\" cellspacing=\"0\" cellpadding=\"0\">\n<tbody>\n<tr>\n<td class=\"contenttd\"><a href=\"https:\/\/eduscol.education.fr\/2656\/evalang-college\" target=\"_blank\" rel=\"noopener noreferrer\"><img decoding=\"async\" style=\"border: 0px;text-decoration: none\" title=\"\" src=\"https:\/\/mailchef.s3.amazonaws.com\/uploads\/mailstyler\/images\/247C0B56-606B-87C5-0349-BE9299F69FFC_Image_8_d98e2e7a7b6f415a844a779298677ed4.png\" alt=\"&gt; EN SAVOIR PLUS SUR LE TEST EV@LANG\" border=\"none\" \/><\/a><\/td>\n<\/tr>\n<\/tbody>\n<\/table>\n<\/th>\n<\/tr>\n<\/tbody>\n<\/table>\n<\/th>\n<\/tr>\n<tr>\n<th class=\"contenttd\">\n<table cellspacing=\"0\" cellpadding=\"0\" align=\"left\">\n<tbody>\n<tr>\n<th class=\"contenttd\">\n<p align=\"left\"><strong>\/\u00a0COURS D&#8217;\u00c9CONOMIE EN VID\u00c9O AVEC LE COLL\u00c8GE DE FRANCE\u00a0\/<\/strong><\/p>\n<table class=\"imgtable btnset\" border=\"0\" cellspacing=\"0\" cellpadding=\"0\">\n<tbody>\n<tr>\n<td class=\"contenttd\"><img decoding=\"async\" title=\"\" src=\"https:\/\/mailchef.s3.amazonaws.com\/uploads\/mailstyler\/images\/B59695BB-0F5E-200A-91AF-FF344970285F_Image_9_88b9bce2ff8e45de8a77fb53f0bd6d18.png\" alt=\"LYC\u00c9E | RESSOURCES\" border=\"none\" \/><\/td>\n<\/tr>\n<\/tbody>\n<\/table>\n<\/th>\n<\/tr>\n<\/tbody>\n<\/table>\n<\/th>\n<\/tr>\n<tr>\n<th class=\"contenttd\">\n<table cellspacing=\"0\" cellpadding=\"0\" align=\"left\">\n<tbody>\n<tr>\n<th class=\"contenttd\">\n<p align=\"justify\">Le Coll\u00e8ge de France met \u00e0 disposition les captations des cours donn\u00e9s par les professeurs associ\u00e9s au programme &#8220;Campus de l&#8217;innovation pour les lyc\u00e9es&#8221; en \u00e9conomie dans divers lyc\u00e9es participant au programme.<br \/>\nDes vid\u00e9os sur les chapitres d\u2019\u00e9conomie des programmes de seconde et de premi\u00e8re de SES sont disponibles sur <a title=\"\" href=\"https:\/\/www.youtube.com\/channel\/UC6jWhYUqm80VejWV4NZ6jhA\" target=\"_blank\" rel=\"noopener noreferrer\">la cha\u00eene YouTube du Campus du Coll\u00e8ge de France<\/a>. Vous pouvez \u00e9galement <a title=\"\" href=\"https:\/\/www.college-de-france.fr\/site\/campus-innovation-lycees\/Nouveaux-programmes-de-SES.htm\" target=\"_blank\" rel=\"noopener noreferrer\">acc\u00e9der aux chapitres \u00e9crits<\/a>\u00a0des nouveaux programmes de SES.<br \/>\nToutes les ressources du Coll\u00e8ge de France, les programmes et autres\u00a0\u00e9l\u00e9ments d&#8217;accompagnement en sciences \u00e9conomiques et sociales &#8211; voie GT\u00a0sont r\u00e9pertori\u00e9s sur <a title=\"\" href=\"https:\/\/eduscol.education.fr\/1658\/programmes-et-ressources-en-sciences-economiques-et-sociales-voie-gt\" target=\"_blank\" rel=\"noopener noreferrer\">\u00e9duscol<\/a>.<\/p>\n<table class=\"imgtable btnset\" border=\"0\" cellspacing=\"0\" cellpadding=\"0\">\n<tbody>\n<tr>\n<td class=\"contenttd\"><a href=\"https:\/\/www.youtube.com\/channel\/UC6jWhYUqm80VejWV4NZ6jhA\" target=\"_blank\" rel=\"noopener noreferrer\"><img decoding=\"async\" style=\"border: 0px;text-decoration: none\" title=\"\" src=\"https:\/\/mailchef.s3.amazonaws.com\/uploads\/mailstyler\/images\/37BDD393-25E8-0816-13B6-7148ED7539AC_Image_10_1f4cb431eb0d4200ba5e53a40c061236.png\" alt=\"&gt; ACC\u00c9DER \u00c0 LA CHA\u00ceNE YOUTUBE DU COLL\u00c8GE DE FRANCE\" border=\"none\" \/><\/a><\/td>\n<\/tr>\n<\/tbody>\n<\/table>\n<\/th>\n<\/tr>\n<\/tbody>\n<\/table>\n<\/th>\n<\/tr>\n<tr>\n<th class=\"contenttd\">\n<table cellspacing=\"0\" cellpadding=\"0\" align=\"left\">\n<tbody>\n<tr>\n<th class=\"contenttd\">\n<p align=\"left\"><strong>\/\u00a0GRAND ORAL \/<\/strong><\/p>\n<table class=\"imgtable btnset\" border=\"0\" cellspacing=\"0\" cellpadding=\"0\">\n<tbody>\n<tr>\n<td class=\"contenttd\"><img decoding=\"async\" title=\"\" src=\"https:\/\/mailchef.s3.amazonaws.com\/uploads\/mailstyler\/images\/095B544B-3C31-3510-5945-BA821CB3611A_Image_11_1c9f06b2da0d4dbb9c577fc1f23c20c4.png\" alt=\"LYC\u00c9E | RESSOURCES\" border=\"none\" \/><\/td>\n<\/tr>\n<\/tbody>\n<\/table>\n<\/th>\n<\/tr>\n<\/tbody>\n<\/table>\n<\/th>\n<\/tr>\n<tr>\n<th class=\"contenttd\">\n<table cellspacing=\"0\" cellpadding=\"0\" align=\"left\">\n<tbody>\n<tr>\n<th class=\"contenttd\">\n<p align=\"justify\">Dans le cadre du Plan national de formation, des s\u00e9minaires d\u00e9di\u00e9s au Grand oral ont \u00e9t\u00e9 organis\u00e9s, en plus des\u00a0formations acad\u00e9miques\u00a0qui viennent compl\u00e9ter le parcours d&#8217;autoformation sur m@gist\u00e8re.<br \/>\nNous vous invitons \u00e0 consulter toutes ces ressources pour le Grand oral dont :<\/p>\n<ul>\n<li>le <a title=\"\" href=\"https:\/\/eduscol.education.fr\/1287\/plan-de-formation-grand-oral\" target=\"_blank\" rel=\"noopener noreferrer\">plan de formation Grand oral<\/a>\u00a0dont l&#8217;acc\u00e8s aux s\u00e9minaires et \u00e0 m@gist\u00e8re ;<\/li>\n<li>la <a title=\"\" href=\"https:\/\/eduscol.education.fr\/729\/presentation-du-grand-oral\" target=\"_blank\" rel=\"noopener noreferrer\">pr\u00e9sentation du Grand oral<\/a> ;<\/li>\n<li>la <a title=\"\" href=\"https:\/\/eduscol.education.fr\/media\/3420\/download\" target=\"_blank\" rel=\"noopener noreferrer\">Foire aux questions Grand oral pour les professeurs<\/a> ;<\/li>\n<li>le <a title=\"\" href=\"https:\/\/eduscol.education.fr\/media\/3896\/download\" target=\"_blank\" rel=\"noopener noreferrer\">document Grand oral \u00e9labor\u00e9 par l&#8217;Inspection g\u00e9n\u00e9rale<\/a> ;<\/li>\n<li>les <a title=\"\" href=\"https:\/\/eduscol.education.fr\/media\/5637\/download\" target=\"_blank\" rel=\"noopener noreferrer\">ressources Grand oral sur les sites et portails acad\u00e9miques<\/a>.<\/li>\n<\/ul>\n<table class=\"imgtable btnset\" border=\"0\" cellspacing=\"0\" cellpadding=\"0\">\n<tbody>\n<tr>\n<td class=\"contenttd\"><a href=\"https:\/\/eduscol.education.fr\/729\/presentation-du-grand-oral\" target=\"_blank\" rel=\"noopener noreferrer\"><img decoding=\"async\" style=\"border: 0px;text-decoration: none\" title=\"\" src=\"https:\/\/mailchef.s3.amazonaws.com\/uploads\/mailstyler\/images\/36B7FB72-0CCC-A054-D23F-A56051DEAE2A_Image_12_d7df34362d46480a95536825c11636a2.png\" alt=\"&gt; ACC\u00c9DER \u00c0 TOUTES LES RESSOURCES SUR LE GRAND ORAL\" border=\"none\" \/><\/a><\/td>\n<\/tr>\n<\/tbody>\n<\/table>\n<\/th>\n<\/tr>\n<\/tbody>\n<\/table>\n<\/th>\n<\/tr>\n<tr>\n<th class=\"contenttd\">\n<table cellspacing=\"0\" cellpadding=\"0\" align=\"left\">\n<tbody>\n<tr>\n<th class=\"contenttd\"><\/th>\n<\/tr>\n<\/tbody>\n<\/table>\n<\/th>\n<\/tr>\n<tr>\n<th class=\"contenttd\">\n<table cellspacing=\"0\" cellpadding=\"0\" align=\"left\">\n<tbody>\n<tr>\n<th class=\"contenttd\">\n<p align=\"left\"><strong>\/ AGENDA\u00a0\/<\/strong><\/p>\n<\/th>\n<\/tr>\n<tr>\n<td><\/td>\n<\/tr>\n<tr>\n<td><\/td>\n<\/tr>\n<\/tbody>\n<\/table>\n<\/th>\n<\/tr>\n<tr>\n<th class=\"contenttd\">\n<table cellspacing=\"0\" cellpadding=\"0\" align=\"left\">\n<tbody>\n<tr>\n<th class=\"contenttd\" rowspan=\"3\">\n<div>\n<p align=\"left\"><strong><strong><strong><strong>\u25a0 F\u00c9VRIER 2021<\/strong><\/strong><\/strong><\/strong><\/p>\n<p align=\"justify\"><strong><strong>1, 2, 3&#8230; LUMNI !<br \/>\nDiffus\u00e9e le samedi, <a title=\"\" href=\"https:\/\/www.francetelevisions.fr\/et-vous\/participer-a-une-emission\/123-lumni-5349\" target=\"_blank\" rel=\"noopener noreferrer\">&#8220;<u>1, 2, 3&#8230; Lumni<\/u> !&#8221;<\/a> est un nouveau\u00a0magazine pour le jeune public, qui a pour ambition de les aider \u00e0 s\u2019\u00e9panouir. Bien dans son corps, bien dans sa t\u00eate et bien avec les autres, tel est le credo de ce rendez-vous hebdomadaire qui se\u00a0d\u00e9coupe en trois parties distinctes : bien-\u00eatre, usages et coulisses des m\u00e9dias et culture.<\/strong><\/strong><\/p>\n<p align=\"right\"><strong><strong><a title=\"\" href=\"https:\/\/www.france.tv\/france-4\/le-jeu-lumni\/2302667-1-2-3-lumni.html\" target=\"_blank\" rel=\"noopener noreferrer\">&gt; Regarder en replay 1, 2, 3&#8230; Lumni !<\/a><\/strong><\/strong><\/p>\n<\/div>\n<div><\/div>\n<\/th>\n<\/tr>\n<tr>\n<td><\/td>\n<\/tr>\n<tr>\n<td><\/td>\n<\/tr>\n<\/tbody>\n<\/table>\n<\/th>\n<\/tr>\n<tr>\n<th class=\"contenttd\">\n<table cellspacing=\"0\" cellpadding=\"0\" align=\"left\">\n<tbody>\n<tr>\n<th class=\"contenttd\" rowspan=\"3\">\n<div>\n<p align=\"left\"><strong><strong><strong><strong>\u25a0 DU 13 AU 21 MARS 2021<\/strong><\/strong><\/strong><\/strong><\/p>\n<p align=\"justify\"><strong><strong>LA SEMAINE DE LANGUE FRAN\u00c7AISE ET DE LA FRANCOPHONIE<br \/>\n<a title=\"\" href=\"https:\/\/www.education.gouv.fr\/semaine-de-la-langue-francaise-et-de-la-francophonie-7643\" target=\"_blank\" rel=\"noopener noreferrer\">Cette semaine<\/a> qui est organis\u00e9e chaque ann\u00e9e autour du 20 mars, journ\u00e9e internationale de la francophonie,\u00a0permet de c\u00e9l\u00e9brer la langue fran\u00e7aise \u00e0 travers de nombreuses animations organis\u00e9es partout en France et \u00e0 l&#8217;\u00e9tranger.<br \/>\nEn parall\u00e8le, <a title=\"\" href=\"https:\/\/www.education.gouv.fr\/conference-des-ministres-de-l-education-de-la-francophonie-sur-l-apport-de-la-plateforme-322655\" target=\"_blank\" rel=\"noopener noreferrer\">la Conf\u00e9rence des ministres francophones de l\u2019\u00c9ducation<\/a> qui s&#8217;est tenue le 4 mars dernier, a \u00e9t\u00e9 l\u2019occasion d\u2019un \u00e9change sur les d\u00e9fis pos\u00e9s par la continuit\u00e9 p\u00e9dagogique et sur\u00a0la formation des enseignants ; ainsi l\u2019apport\u00a0de la plateforme collaborative de ressources pour la classe et la formation des professeurs, <a title=\"\" href=\"https:\/\/imaginecole.africa\/\" target=\"_blank\" rel=\"noopener noreferrer\">Imagin\u00e9cole<\/a>, lanc\u00e9e en d\u00e9cembre 2020 dans le contexte de la pand\u00e9mie de COVID-19, a \u00e9t\u00e9 reconnu.<\/strong><\/strong><\/p>\n<p align=\"right\"><strong><strong><a title=\"\" href=\"https:\/\/www.education.gouv.fr\/conference-des-ministres-de-l-education-de-la-francophonie-sur-l-apport-de-la-plateforme-322655\" target=\"_blank\" rel=\"noopener noreferrer\">&gt; En savoir plus sur Imagin\u00e9cole<\/a><\/strong><\/strong><\/p>\n<\/div>\n<div><\/div>\n<\/th>\n<\/tr>\n<tr>\n<td><\/td>\n<\/tr>\n<tr>\n<td><\/td>\n<\/tr>\n<\/tbody>\n<\/table>\n<\/th>\n<\/tr>\n<tr>\n<th class=\"contenttd\">\n<table cellspacing=\"0\" cellpadding=\"0\" align=\"left\">\n<tbody>\n<tr>\n<th class=\"contenttd\" rowspan=\"3\">\n<div>\n<p align=\"left\"><strong><strong><strong><strong>\u25a0 \u00a0DU 13\u00a0AU 29 MARS 2021<\/strong><\/strong><\/strong><\/strong><\/p>\n<p align=\"justify\"><strong><strong><strong><strong>LE PRINTEMPS DES PO\u00c8TES<br \/>\nCette 23e \u00e9dition du <a title=\"\" href=\"https:\/\/eduscol.education.fr\/1843\/le-printemps-des-poetes\" target=\"_blank\" rel=\"noopener noreferrer\">Printemps des po\u00e8tes<\/a> est plac\u00e9e\u00a0sous le signe du d\u00e9sir.\u00a0<\/strong><\/strong><\/strong><\/strong> <strong><strong>Cette op\u00e9ration s&#8217;inscrit dans les priorit\u00e9s conjointes des minist\u00e8res de la culture et de l&#8217;\u00e9ducation nationale d\u00e9velopp\u00e9es dans le plan &#8220;\u00c0 l&#8217;\u00e9cole des arts et de la culture&#8221;.<\/strong><\/strong><\/p>\n<p align=\"right\"><strong><strong><a title=\"\" href=\"https:\/\/eduscol.education.fr\/1843\/le-printemps-des-poetes\" target=\"_blank\" rel=\"noopener noreferrer\">&gt; En savoir plus sur le Printemps des po\u00e8tes<\/a><\/strong><\/strong><\/p>\n<\/div>\n<div><\/div>\n<\/th>\n<\/tr>\n<tr>\n<td><\/td>\n<\/tr>\n<tr>\n<td><\/td>\n<\/tr>\n<\/tbody>\n<\/table>\n<\/th>\n<\/tr>\n<tr>\n<th class=\"contenttd\">\n<table cellspacing=\"0\" cellpadding=\"0\" align=\"left\">\n<tbody>\n<tr>\n<th class=\"contenttd\" rowspan=\"3\">\n<div>\n<p align=\"left\"><strong><strong><strong><strong>\u25a0 \u00a0JUSQU&#8217;AU LE 15 MARS 2021<\/strong><\/strong><\/strong><\/strong><\/p>\n<p align=\"justify\"><strong><strong><strong><strong>D\u00c9P\u00d4T DES CANDIDATURES AU PRIX CHERCHEURS EN ACTES<br \/>\n<a title=\"\" href=\"https:\/\/www.reseau-canope.fr\/conseil-scientifique-de-leducation-nationale-site-officiel\/evenements\/le-prix-chercheurs-en-actes.html\/#bandeauPtf\" target=\"_blank\" rel=\"noopener noreferrer\">Le Prix Chercheurs en Actes<\/a>, lanc\u00e9 par le Conseil scientifique de l\u2019\u00e9ducation nationale, r\u00e9compense les \u00e9quipes p\u00e9dagogiques des \u00e9tablissements (enseignants et personnels de l\u2019\u00e9tablissement) publics ou priv\u00e9s sous contrat d\u2019association avec l\u2019\u00c9tat qui mettent en place des actions \u00e9ducatives s\u2019appuyant sur la recherche et l\u2019exp\u00e9rimentation ou qui s\u2019inspirent de la comparaison internationale.<\/strong><\/strong><\/strong><\/strong><\/p>\n<p align=\"right\"><strong><strong><strong><strong><a title=\"\" href=\"https:\/\/www.chercheursenactes.fr\/\" target=\"_blank\" rel=\"noopener noreferrer\">&gt; S&#8217;inscrire au Prix Chercheurs en Actes<\/a><\/strong><\/strong><\/strong><\/strong><\/p>\n<\/div>\n<div><\/div>\n<\/th>\n<\/tr>\n<tr>\n<td><\/td>\n<\/tr>\n<tr>\n<td><\/td>\n<\/tr>\n<\/tbody>\n<\/table>\n<\/th>\n<\/tr>\n<tr>\n<th class=\"contenttd\">\n<table cellspacing=\"0\" cellpadding=\"0\" align=\"left\">\n<tbody>\n<tr>\n<th class=\"contenttd\" rowspan=\"3\">\n<div>\n<p align=\"left\"><strong><strong><strong><strong>\u25a0 \u00a0DU 15 AU 21 MARS 2021<\/strong><\/strong><\/strong><\/strong><\/p>\n<p align=\"justify\"><strong><strong><strong><strong>LA SEMAINE DES MATH\u00c9MATIQUES<br \/>\n<a title=\"\" href=\"https:\/\/eduscol.education.fr\/1980\/semaine-des-mathematiques\" target=\"_blank\" rel=\"noopener noreferrer\">La 10e Semaine des math\u00e9matiques<\/a> porte sur le th\u00e8me &#8220;Math\u00e9matiques et soci\u00e9t\u00e9&#8221;. Comme chaque ann\u00e9e des actions seront conduites dans les \u00e9coles et les \u00e9tablissements.<\/strong><\/strong><\/strong><\/strong><\/p>\n<p align=\"right\"><strong><strong><strong><strong><a title=\"\" href=\"https:\/\/eduscol.education.fr\/1980\/semaine-des-mathematiques\" target=\"_blank\" rel=\"noopener noreferrer\">&gt; Acc\u00e9der au guide de la 10e \u00e9dition de la Semaine des math\u00e9matiques<\/a><\/strong><\/strong><\/strong><\/strong><\/p>\n<\/div>\n<div><\/div>\n<\/th>\n<\/tr>\n<tr>\n<td><\/td>\n<\/tr>\n<tr>\n<td><\/td>\n<\/tr>\n<\/tbody>\n<\/table>\n<\/th>\n<\/tr>\n<tr>\n<th class=\"contenttd\">\n<table cellspacing=\"0\" cellpadding=\"0\" align=\"left\">\n<tbody>\n<tr>\n<th class=\"contenttd\" rowspan=\"3\">\n<div>\n<p align=\"left\"><strong><strong><strong><strong>\u25a0 \u00a0DU 22 AU 27 MARS 2021<\/strong><\/strong><\/strong><\/strong><\/p>\n<p align=\"justify\"><strong><strong><strong><strong>LA SEMAINE DE LA PRESSE ET DES M\u00c9DIAS DANS L&#8217;\u00c9COLE\u00ae<br \/>\n<a title=\"\" href=\"https:\/\/eduscol.education.fr\/1587\/semaine-de-la-presse-et-des-medias\" target=\"_blank\" rel=\"noopener noreferrer\">La Semaine de la presse et des m\u00e9dias dans l&#8217;\u00c9cole\u00ae<\/a> est organis\u00e9e chaque ann\u00e9e par le Centre pour l&#8217;\u00e9ducation aux m\u00e9dias et \u00e0 l&#8217;information (CLEMI).\u00a0Le th\u00e8me de l&#8217;\u00e9dition 2021 est &#8220;S\u2019informer pour comprendre le monde&#8221;.<\/strong><\/strong><\/strong><\/strong><\/p>\n<p align=\"right\"><strong><strong><strong><strong><a title=\"\" href=\"https:\/\/eduscol.education.fr\/1587\/semaine-de-la-presse-et-des-medias\" target=\"_blank\" rel=\"noopener noreferrer\">&gt; En savoir plus sur la Semaine de la presse et des m\u00e9dias<\/a><\/strong><\/strong><\/strong><\/strong><\/p>\n<\/div>\n<div><\/div>\n<\/th>\n<\/tr>\n<tr>\n<td><\/td>\n<\/tr>\n<tr>\n<td><\/td>\n<\/tr>\n<\/tbody>\n<\/table>\n<\/th>\n<\/tr>\n<tr>\n<th class=\"contenttd\">\n<table cellspacing=\"0\" cellpadding=\"0\" align=\"left\">\n<tbody>\n<tr>\n<th class=\"contenttd\" rowspan=\"3\">\n<div>\n<p align=\"left\"><strong><strong><strong><strong>\u25a0 \u00a0JUSQU&#8217;AU 2 AVRIL\u00a02021<\/strong><\/strong><\/strong><\/strong><\/p>\n<p align=\"justify\"><strong><strong><strong><strong>INSCRIPTION AU CONCOURS CL\u00c9MENCEAU<br \/>\nLe minist\u00e8re de l&#8217;\u00c9ducation nationale, de la Jeunesse et des Sports\u00a0et le minist\u00e8re de l&#8217;Int\u00e9rieur organisent conjointement le <a title=\"\" href=\"https:\/\/eduscol.education.fr\/1556\/concours-clemenceau\" target=\"_blank\" rel=\"noopener noreferrer\">concours Cl\u00e9menceau<\/a> qui a pour objectif de rapprocher les jeunes et les forces de s\u00e9curit\u00e9 de l&#8217;\u00c9tat, \u0153uvrant chaque jour au service des citoyens et de la coh\u00e9sion nationale.<\/strong><\/strong><\/strong><\/strong><\/p>\n<p align=\"right\"><strong><strong><strong><strong><a title=\"\" href=\"https:\/\/eduscol.education.fr\/1556\/concours-clemenceau\" target=\"_blank\" rel=\"noopener noreferrer\">&gt; En savoir plus et s&#8217;inscrire au Concours Cl\u00e9menceau<\/a><\/strong><\/strong><\/strong><\/strong><\/p>\n<\/div>\n<div><\/div>\n<\/th>\n<\/tr>\n<tr>\n<td><\/td>\n<\/tr>\n<tr>\n<td><\/td>\n<\/tr>\n<\/tbody>\n<\/table>\n<\/th>\n<\/tr>\n<tr>\n<th class=\"contenttd\">\n<table cellspacing=\"0\" cellpadding=\"0\" align=\"left\">\n<tbody>\n<tr>\n<th class=\"contenttd\">\n<p align=\"center\"><strong>Nous vous invitons \u00e0 consulter r\u00e9guli\u00e8rement la page du minist\u00e8re d\u00e9di\u00e9e\u00a0au protocole sanitaire et aux modalit\u00e9s pratiques :<\/strong><br \/>\n<em>La FAQ a \u00e9t\u00e9 mise \u00e0 jour. Les principales modifications portent sur la dur\u00e9e d\u2019isolement, ces mises \u00e0 jour apparaissent en surlignement jaune dans le document PDF.<\/em><\/p>\n<table class=\"imgtable btnset\" border=\"0\" cellspacing=\"0\" cellpadding=\"0\">\n<tbody>\n<tr>\n<td class=\"contenttd\"><a href=\"https:\/\/www.education.gouv.fr\/covid19-ouverture-des-ecoles-modalites-pratiques-et-protocole-sanitaire-305467\" target=\"_blank\" rel=\"noopener noreferrer\"><img decoding=\"async\" style=\"border: 0px;text-decoration: none\" title=\"\" src=\"https:\/\/mailchef.s3.amazonaws.com\/uploads\/mailstyler\/images\/AB7CBD8D-9D65-1FBB-E4C4-A9A50C217673_Image_13_c92a18bab6fd4dbb9525e1ba81e00e40.png\" alt=\"&gt; ACC\u00c9DER \u00c0 LA PAGE D\u00c9DI\u00c9E\" border=\"none\" \/><\/a><\/td>\n<\/tr>\n<\/tbody>\n<\/table>\n<p align=\"center\">\n<\/th>\n<\/tr>\n<tr>\n<td><\/td>\n<\/tr>\n<tr>\n<td><\/td>\n<\/tr>\n<\/tbody>\n<\/table>\n<\/th>\n<\/tr>\n<\/tbody>\n<\/table>\n","protected":false},"excerpt":{"rendered":"<p>L&#8217;ACTUALIT\u00c9 DE L&#8217;\u00c9COLE, CHAQUE SEMAINE EN UN CLIN D&#8217;\u0152IL \/\u00a01 AN DE CONTINUIT\u00c9 P\u00c9DAGOGIQUE \/ La crise sanitaire qui touche la France depuis un an a provoqu\u00e9 une mobilisation sans pr\u00e9c\u00e9dent de l\u2019ensemble de la communaut\u00e9 \u00e9ducative. Nous vous proposons &hellip; <a href=\"https:\/\/site.ac-martinique.fr\/philosophie\/?page_id=2583\">Continuer la lecture <span class=\"meta-nav\">&rarr;<\/span><\/a><\/p>\n","protected":false},"author":76,"featured_media":0,"parent":2448,"menu_order":0,"comment_status":"closed","ping_status":"closed","template":"","meta":{"footnotes":""},"class_list":["post-2583","page","type-page","status-publish","hentry"],"_links":{"self":[{"href":"https:\/\/site.ac-martinique.fr\/philosophie\/index.php?rest_route=\/wp\/v2\/pages\/2583","targetHints":{"allow":["GET"]}}],"collection":[{"href":"https:\/\/site.ac-martinique.fr\/philosophie\/index.php?rest_route=\/wp\/v2\/pages"}],"about":[{"href":"https:\/\/site.ac-martinique.fr\/philosophie\/index.php?rest_route=\/wp\/v2\/types\/page"}],"author":[{"embeddable":true,"href":"https:\/\/site.ac-martinique.fr\/philosophie\/index.php?rest_route=\/wp\/v2\/users\/76"}],"replies":[{"embeddable":true,"href":"https:\/\/site.ac-martinique.fr\/philosophie\/index.php?rest_route=%2Fwp%2Fv2%2Fcomments&post=2583"}],"version-history":[{"count":3,"href":"https:\/\/site.ac-martinique.fr\/philosophie\/index.php?rest_route=\/wp\/v2\/pages\/2583\/revisions"}],"predecessor-version":[{"id":2603,"href":"https:\/\/site.ac-martinique.fr\/philosophie\/index.php?rest_route=\/wp\/v2\/pages\/2583\/revisions\/2603"}],"up":[{"embeddable":true,"href":"https:\/\/site.ac-martinique.fr\/philosophie\/index.php?rest_route=\/wp\/v2\/pages\/2448"}],"wp:attachment":[{"href":"https:\/\/site.ac-martinique.fr\/philosophie\/index.php?rest_route=%2Fwp%2Fv2%2Fmedia&parent=2583"}],"curies":[{"name":"wp","href":"https:\/\/api.w.org\/{rel}","templated":true}]}}